{"id":11100,"date":"2020-05-18T09:57:19","date_gmt":"2020-05-18T09:57:19","guid":{"rendered":"https:\/\/fotogasteiz.com\/blog\/?page_id=11100"},"modified":"2022-05-20T07:49:27","modified_gmt":"2022-05-20T07:49:27","slug":"raymond-depardon-vida-obra-biografia","status":"publish","type":"page","link":"https:\/\/fotogasteiz.com\/blog\/fotografos\/raymond-depardon-vida-obra-biografia\/","title":{"rendered":"Raymond Depardon"},"content":{"rendered":"<div  data-label=\"Intro\" data-id=\"about--1\" data-export-id=\"about-10\" data-category=\"about\" class=\"about-10 content-section content-section-spacing\" id=\"intro\" style=\"background-color: rgb(255, 255, 255);\"><div  class=\"gridContainer\"> <div  class=\"row middle-sm text-center\"><div  class=\"col-sm-5 space-bottom-xs content-column\" data-type=\"column\"> <h5  class=\"\"><span  style=\"color: rgb(255, 152, 0);\">Vida \u2013 Obra \u2013 Biograf\u00eda<\/span><\/h5> <p  class=\"lead\">GRANDES FOT\u00d3GRAFOS Y FOT\u00d3GRAFAS<\/p><h2  class=\"\"><span  style=\"font-family: &quot;Playfair Display&quot;, arial, helvetica, sans-serif; color: rgb(0, 0, 0);\">Raymond Depardon<\/span><\/h2> <p  class=\"\"><span  style=\"font-family: Muli, arial, helvetica, sans-serif; color: rgb(60, 66, 79);\"><span  style=\"font-weight: 700;\">Raymond Depardon<\/span>&nbsp;<span  style=\"font-weight: 900;\">(1942-)<\/span> es fotoperiodista y director de cine documental. Leyenda viva del mundo de la fotograf\u00eda y del cine documental en Francia, principal precursor de un estilo conocido como \u201cel cinema direct\u201d, con una visi\u00f3n \u00fanica y precisa, independientemente de d\u00f3nde ponga el foco: ya sea en el mundo rural, el funcionamiento de la justicia o la vida pol\u00edtica.<br >\n<br >Su proyecto fotogr\u00e1fico m\u00e1s extenso es el del muro de Berl\u00edn, que comenz\u00f3 en 1961 con la fotograf\u00eda de los primeros ladrillos de los que se convertir\u00eda en una pared que separ\u00f3 a los berlineses durante 28 a\u00f1os y que ha seguido fotografiando hasta la actualidad siendo testido de la peregrinaci\u00f3n del terror que hoy se ha convertido en un acontecimiento tur\u00edstico de primer nivel.\n<\/span><br ><br ><span  style=\"font-family: Muli, arial, helvetica, sans-serif; color: rgb(60, 66, 79);\">\nParafraseando el l\u00e9xico militar, pero totalmente alejado del mismo, Departon confiesa que su estilo \u00abse basa en la emboscada. Lo que hago es esperar a capturar el momento en que las personas se expresan y dicen algo \u00fanico\u00bb.<\/span><\/p> <p  class=\"\"><span  style=\"font-family: Muli, arial, helvetica, sans-serif; font-style: italic; font-weight: 700; color: rgb(255, 51, 105);\">\u00daltima actualizaci\u00f3n: mayo 2022<\/span><\/p><\/div> <div  class=\"col-sm-7 flexbox middle-xs center-xs space-bottom-xs\"><div  class=\"overlay-box middle-xs center-xs flexbox\"> <div  class=\"overlay-box-offset offset-border shadow-medium border-color1 hide-xs\"><\/div> <img decoding=\"async\"  class=\"shadow-large lazyload\" data-size=\"485x705\" data-src=\"https:\/\/i0.wp.com\/fotogasteiz.com\/blog\/wp-content\/uploads\/2020\/05\/11982.jpg?w=3840&amp;ssl=1\" alt=\"\" title=\"11982\" width=\"485\" height=\"629\" src=\"data:image\/svg+xml;base64,PHN2ZyB3aWR0aD0iMSIgaGVpZ2h0PSIxIiB4bWxucz0iaHR0cDovL3d3dy53My5vcmcvMjAwMC9zdmciPjwvc3ZnPg==\" style=\"--smush-placeholder-width: 485px; --smush-placeholder-aspect-ratio: 485\/629;\"><\/div> <\/div><\/div> <\/div><\/div><div  data-label=\"primeros anos\" data-id=\"content--1\" data-export-id=\"content-8\" data-category=\"content\" class=\"content-8 content-section content-section-spacing\" id=\"primeros-anos\" style=\"background-color: rgb(245, 250, 253);\"><div  class=\"gridContainer\"> <div  class=\"row middle-sm\"><div  class=\"col-sm-6 space-bottom-xs space-top-xs\" data-type=\"column\"> <img decoding=\"async\"  class=\"shadow-large lazyload\" data-src=\"https:\/\/i0.wp.com\/fotogasteiz.com\/blog\/wp-content\/uploads\/2020\/05\/cea0e3811aef1aba08a3011556eeae12.jpg?w=3840&amp;ssl=1\" alt=\"\" title=\"cea0e3811aef1aba08a3011556eeae12\" width=\"586\" height=\"768\" src=\"data:image\/svg+xml;base64,PHN2ZyB3aWR0aD0iMSIgaGVpZ2h0PSIxIiB4bWxucz0iaHR0cDovL3d3dy53My5vcmcvMjAwMC9zdmciPjwvc3ZnPg==\" style=\"--smush-placeholder-width: 586px; --smush-placeholder-aspect-ratio: 586\/768;\"><\/div> <div  class=\"col-sm-6\" data-type=\"column\"><p  class=\"lead\"><span  style=\"font-family: Muli, arial, helvetica, sans-serif; font-weight: 900; color: rgb(255, 152, 0);\">PRIMEROS A\u00d1OS<\/span><\/p><h2  class=\"\"><span  style=\"font-family: &quot;Playfair Display&quot;, arial, helvetica, sans-serif; color: rgb(0, 0, 0);\">Biograf\u00eda de Raymond Depardon<\/span><\/h2> <p  class=\"\"><span  style=\"font-family: Muli, arial, helvetica, sans-serif; color: rgb(52, 58, 64);\"><span  style=\"font-weight: 900;\">Raymond Depardon<\/span> naci\u00f3 el 6 de julio de 1942 en Villefranche-sur-Sa\u00f4ne, Francia, en el seno de una familia de agricultores que viv\u00eda en una granja autosuficiente en la que hab\u00eda vacas, cerdos, gallinas, se sembraba trigo, se recog\u00edan uvas\u2026 La granja garet.<br ><br >Fue el segundo hijo de la familia. Tuvo una infancia feliz en la granja familiar de Garet con su hermano Jean. Cuando ten\u00eda 12 a\u00f1os su padre le regal\u00f3 una c\u00e1mara de fotos 6\u00d76 de la marca <span  style=\"font-weight: 900;\">Lumiere<\/span> y aprendi\u00f3 a utilizarla con un curso de correspondencia. Sus primeras fotos muestran escenas de su vida en la granja familiar en la que instal\u00f3 un laboratorio de revelado. En aquella \u00e9poca, a la casa familiar llegaba la <a data-mce-href=\"https:\/\/www.bricabracbesalu.com\/Revista-Le-Miroir\" href=\"https:\/\/www.bricabracbesalu.com\/Revista-Le-Miroir\" target=\"_self\" data-mce-selected=\"inline-boundary\" data-cp-link=\"1\" rel=\"noopener\" class=\"\">revista gr\u00e1fica Le Miroir<\/a> a la que estaba suscrito su t\u00edo.<br ><br >Adem\u00e1s de hacer fotos por pasi\u00f3n en la granja familiar, hac\u00eda fotos de manera profesional, como aprendiz en una \u00f3ptica y ayudante&nbsp;de un fot\u00f3grafo local.\n<br ><br >Tal era su pasi\u00f3n que, pese a la oposici\u00f3n familiar, que no ve\u00eda futuro en la fotograf\u00eda, en octubre de 1958, a los&nbsp;<\/span><span  style=\"font-family: Muli, arial, helvetica, sans-serif; color: rgb(52, 58, 64);\">16 a\u00f1os de edad, se mud\u00f3 a Paris, a 400 kil\u00f3metros de su granja,&nbsp;para trabajar como asistente del fot\u00f3grafo Louis Foucherand, quien el a\u00f1o siguiente se uni\u00f3 al periodista <a data-mce-href=\"https:\/\/amzn.to\/3woXY2M\" href=\"https:\/\/amzn.to\/3woXY2M\" target=\"_self\" data-mce-selected=\"inline-boundary\" data-cp-link=\"1\" rel=\"noopener\" class=\"\">Louis Dalmas,<\/a> creador de la prestigiosa agencia Photo Dalmas. Raymond estaba en el lugar adecuado en el momento adecuado.<br >\n<\/span><\/p> <\/div> <\/div><\/div> <\/div><div  data-label=\"reportero gr\u00e1fico en dalmas\" data-id=\"content--6\" data-export-id=\"content-7\" data-category=\"content\" class=\"content-7 content-section content-section-spacing\" id=\"reportero-grafico-en-dalmas\" style=\"background-color: rgb(245, 250, 253); background-image: none;\"><div  class=\"gridContainer\"> <div  class=\"row middle-sm\"><div  class=\"col-sm-6 space-bottom-xs\" data-type=\"column\"> <p  class=\"lead\"><span  style=\"font-family: Muli, arial, helvetica, sans-serif; font-weight: 900; color: rgb(255, 152, 0);\">BIOGRAF\u00cdA DE RAYMOND DEPARDON<\/span><\/p><h2  class=\"\"><span  style=\"font-family: &quot;Playfair Display&quot;, arial, helvetica, sans-serif; color: rgb(0, 0, 0);\">Reportero gr\u00e1fico en la agencia Dalmas<\/span><\/h2> <p  class=\"\"><span  style=\"font-family: Muli, arial, helvetica, sans-serif; color: rgb(52, 58, 64);\">Corr\u00eda 1960, <span  style=\"font-weight: 900;\">Raymond<\/span> ten\u00eda apenas 18 a\u00f1os y recib\u00eda encargos como freelance de la reci\u00e9n creada agencia Dalmas, en la que trabajaba su exjefe <span  style=\"font-weight: 900;\">Louis Foucherand<\/span> consciente del talento -e insistencia- de su aprendiz.\n<\/span><br ><br ><span  style=\"font-family: Muli, arial, helvetica, sans-serif; color: rgb(52, 58, 64);\">\nEl periodista fundador de la agencia <span  style=\"font-style: italic;\">Dalmas<\/span>, <span  style=\"font-weight: 900;\">Louis Dalmas<\/span>, era un emprendedor. Un periodista desafiante contra la rutina, las ideas prefabricadas y los prejuicios, creador de la primera grabaci\u00f3n radiof\u00f3nica de un parto sin dolor, de la primera pel\u00edcula de saltos de paracaidismo fotografiados por otro paracaidista\u2026 Era un genio creando exclusivas y quer\u00eda contar con <span  style=\"font-weight: 900;\">Raymond<\/span> en sus filas en una \u00e9poca en que, como el fot\u00f3grafo <span  style=\"font-weight: 900;\">Louis Foucherand<\/span> publicar\u00eda el libro \u2018La vida de un reportero\u2019  los art\u00edculos de la prensa escrita dejaban de estar ilustrados por caricaturistas, para ser reemplazados por fot\u00f3grafos, alumbrando as\u00ed un nuevo g\u00e9nero de reportajes con potentes im\u00e1genes que eran m\u00e1s convincentes que una simple narraci\u00f3n.\n<\/span><br ><br ><span  style=\"font-family: Muli, arial, helvetica, sans-serif; color: rgb(52, 58, 64);\"> En aquella \u00e9poca se enviaba a los reporteros gr\u00e1ficos al fin del mundo, para eventos puntuales que llenaban p\u00e1ginas enteras de revistas y se les enviaba no como fot\u00f3grafo paparazzi con teleobjetivo sino como fot\u00f3grafos a todo riesgo. Y as\u00ed lo hicieron <span  style=\"font-weight: 900;\">Foucherand<\/span> y <span  style=\"font-weight: 900;\">Dalmas<\/span> enviando al freelance <span  style=\"font-weight: 900;\">Raymond<\/span> al S\u00e1hara. Tal fue el \u00e9xito de su trabajo que al regresar fue contratado como fot\u00f3grafo de plantilla.\n<\/span><br ><br ><span  style=\"font-family: Muli, arial, helvetica, sans-serif; color: rgb(52, 58, 64);\">\nPero, aun siendo un reportero, siempre se distanci\u00f3 de esta concepci\u00f3n. Para \u00e9l era m\u00e1s importante aquel momento en el que no ocurre nada. Consideraba que la banalidad era m\u00e1s importante que lo extraordinario y para \u00e9l \u00abviajar no es nada. Ni turista, ni reportero. No buscar ning\u00fan rendimiento. No intentar probar nada\u201d, escribir\u00eda d\u00e9cadas despu\u00e9s.<\/span><\/p> <\/div> <div  class=\"col-sm-6\" data-type=\"column\"> <img decoding=\"async\"  class=\"shadow-large lazyload\" data-src=\"https:\/\/i0.wp.com\/fotogasteiz.com\/blog\/wp-content\/uploads\/2022\/05\/cropped-29f87.jpeg?w=3840&amp;ssl=1\" title=\"cropped-29f87.jpeg\" alt=\"\" width=\"372\" height=\"534\" src=\"data:image\/svg+xml;base64,PHN2ZyB3aWR0aD0iMSIgaGVpZ2h0PSIxIiB4bWxucz0iaHR0cDovL3d3dy53My5vcmcvMjAwMC9zdmciPjwvc3ZnPg==\" style=\"--smush-placeholder-width: 372px; --smush-placeholder-aspect-ratio: 372\/534;\"><p  class=\"\"><span  style=\"font-family: Muli, arial, helvetica, sans-serif; color: rgb(52, 58, 64);\">Raymon Depardon con 22 a\u00f1os en Tokyo<\/span><\/p><\/div> <\/div><\/div> <\/div><div  data-label=\"muro berlin\" data-id=\"content--7\" data-export-id=\"content-8\" data-category=\"content\" class=\"content-8 content-section content-section-spacing\" id=\"muro-berlin\" style=\"background-color: rgb(245, 250, 253); background-image: none;\"><div  class=\"gridContainer\"> <div  class=\"row middle-sm\"><div  class=\"col-sm-6 space-bottom-xs space-top-xs\" data-type=\"column\"> <img decoding=\"async\"  class=\"shadow-large lazyload\" data-src=\"https:\/\/i0.wp.com\/fotogasteiz.com\/blog\/wp-content\/uploads\/2022\/05\/par57289-teaser-story-big.jpeg?w=3840&amp;ssl=1\" title=\"DER1989011W00024-15\" alt=\"\" width=\"586\" height=\"448\" src=\"data:image\/svg+xml;base64,PHN2ZyB3aWR0aD0iMSIgaGVpZ2h0PSIxIiB4bWxucz0iaHR0cDovL3d3dy53My5vcmcvMjAwMC9zdmciPjwvc3ZnPg==\" style=\"--smush-placeholder-width: 586px; --smush-placeholder-aspect-ratio: 586\/448;\"><p  class=\"\">&nbsp;<\/p><img decoding=\"async\"  class=\"custom-image lazyload\" data-src=\"https:\/\/i0.wp.com\/fotogasteiz.com\/blog\/wp-content\/uploads\/2020\/05\/ok-der1964xxxw0001-4460265.jpg?w=3840&amp;ssl=1\" title=\"ok-der1964xxxw0001-4460265\" alt=\"\" width=\"586\" height=\"577\" src=\"data:image\/svg+xml;base64,PHN2ZyB3aWR0aD0iMSIgaGVpZ2h0PSIxIiB4bWxucz0iaHR0cDovL3d3dy53My5vcmcvMjAwMC9zdmciPjwvc3ZnPg==\" style=\"--smush-placeholder-width: 586px; --smush-placeholder-aspect-ratio: 586\/577;\"><\/div> <div  class=\"col-sm-6\" data-type=\"column\"><p  class=\"lead\"><span  style=\"font-family: Muli, arial, helvetica, sans-serif; font-weight: 900; color: rgb(255, 152, 0);\">BIOGRAF\u00cdA DE RAYMOND DEPARDON<\/span><\/p><h2  class=\"\"><span  style=\"font-family: &quot;Playfair Display&quot;, arial, helvetica, sans-serif; color: rgb(0, 0, 0);\">El muro de Berl\u00edn: su obsesi\u00f3n para toda la vida<\/span><\/h2> <p  class=\"\"><span  style=\"font-family: Muli, arial, helvetica, sans-serif; color: rgb(52, 58, 64);\">Fotografi\u00f3 el muro de Berl\u00edn desde su construcci\u00f3n hasta su ca\u00edda.\n<\/span><br ><span  style=\"font-family: Muli, arial, helvetica, sans-serif; color: rgb(52, 58, 64);\">\nEl 13 de agosto de 1961 comenz\u00f3 la construcci\u00f3n del muro que dividi\u00f3 Berl\u00edn en dos partes durante 28 a\u00f1os.\n<\/span><br ><br ><span  style=\"font-family: Muli, arial, helvetica, sans-serif; color: rgb(52, 58, 64);\">\nDepardon fue enviado a Berl\u00edn para fotografiar la visita de <span  style=\"font-weight: 900;\">Robert Kennedy<\/span>, hijo de John Kennedy que dos a\u00f1os despu\u00e9s pronunciar\u00eda all\u00ed su famoso discurso \u00abLa libertad es indivisible y cuando un hombre es esclavizado \u00bfqui\u00e9n est\u00e1 libre?\u201d.\n<\/span><br ><br ><span  style=\"font-family: Muli, arial, helvetica, sans-serif; color: rgb(52, 58, 64);\">\nEl joven Depardon ten\u00eda 19 a\u00f1os cuando acudi\u00f3 a fotografiar la visita de Bobby Kenedy. Entonces s\u00f3lo hablaba franc\u00e9s. Como no sab\u00eda expresarse ni en ingl\u00e9s ni en alem\u00e1n, entr\u00f3 en el sector franc\u00e9s y se convirti\u00f3 en el \u00fanico fot\u00f3grafo de prensa testigo de una situaci\u00f3n \u00fanica: una calle dividida por el pavimento por el primer prototipo de estructura baja de ladrillo coronada con lonas para evitar que ambos lados se comunicaran. Fue testigo de la construcci\u00f3n del muro.\n<\/span><br ><br ><span  style=\"font-family: Muli, arial, helvetica, sans-serif; color: rgb(52, 58, 64);\">\nA partir de entonces seguir\u00eda viajando a Berl\u00edn como corresponsal para retratar la visita de la Reina Elisabeth, el congreso Tunix, la ca\u00edda del Muro\u2026\n<br ><br >A sus 24 a\u00f1os (1966) cofund\u00f3 la agencia fotogr\u00e1fica <span  style=\"font-weight: 900;\">Gamma<\/span> junto a <span  style=\"font-weight: 900;\">Hubert Henrotte, Jean Latt\u00e8s, L\u00e9onard de Raemy y Hugues Vassal<\/span>, famosa en todo el mundo por cubrir el Mayo franc\u00e9s del 68 o la guerra de Vietman.<\/span><\/p> <\/div> <\/div><\/div> <\/div><div  data-label=\"muro 1\" data-id=\"content--5\" data-export-id=\"content-12\" data-category=\"content\" class=\"content-12 content-section content-section-spacing\" id=\"muro-1\" style=\"background-color: rgb(52, 58, 64); background-image: none;\"><div  class=\"gridContainer\"> <div  class=\"row text-center\"><div  class=\"section-title-col\" data-type=\"column\"> <h2  class=\"\"><span  style=\"font-family: &quot;Playfair Display&quot;, arial, helvetica, sans-serif; color: rgb(255, 255, 255);\">La divisi\u00f3n<\/span><\/h2> <p  class=\"\"><span  style=\"font-family: Muli, arial, helvetica, sans-serif; color: rgb(255, 255, 255);\">\u00abEl d\u00eda despu\u00e9s de los primeros ataques contra el muro (en noviembre de 1989), tom\u00e9 esta foto de Occidente, de la polic\u00eda de Alemania Oriental, con sus uniformes \u00e1speros y feos, de pie en el muro para evitar que los berlineses occidentales treparan\u00bb.<\/span><\/p><\/div> <\/div> <div  class=\"row center-xs middle-xs\"> <div  class=\"col-sm-9\" data-type=\"column\"> <img decoding=\"async\"  class=\"shadow-large lazyload\" data-src=\"https:\/\/i1.wp.com\/fotogasteiz.com\/blog\/wp-content\/uploads\/2020\/05\/unnamed.png?w=3840&amp;ssl=1\" alt=\"\" title=\"unnamed\" width=\"805\" height=\"522\" src=\"data:image\/svg+xml;base64,PHN2ZyB3aWR0aD0iMSIgaGVpZ2h0PSIxIiB4bWxucz0iaHR0cDovL3d3dy53My5vcmcvMjAwMC9zdmciPjwvc3ZnPg==\" style=\"--smush-placeholder-width: 805px; --smush-placeholder-aspect-ratio: 805\/522;\"><p  class=\"\">&nbsp;<\/p><h2  class=\"\"><span  style=\"font-family: &quot;Playfair Display&quot;, arial, helvetica, sans-serif; color: rgb(255, 255, 255);\">Drive-through<\/span><\/h2><p  class=\"\"><span  style=\"font-family: Muli, arial, helvetica, sans-serif; color: rgb(255, 255, 255);\">\u00abDespu\u00e9s de la apertura de los check points, los primeros berlineses del este comenzaron a entrar al sector occidental s\u00f3lo para mirarlo. Sus coches viejos produc\u00edan gases debido a la \u00ednfima calidad de su gasolina. A veces eran aplaudidos por los berlineses occidentales, hab\u00eda escenas muy tiernas \u00ab.<\/span><\/p><img decoding=\"async\"  class=\"custom-image lazyload\" data-src=\"https:\/\/i2.wp.com\/fotogasteiz.com\/blog\/wp-content\/uploads\/2020\/05\/unnamed-1.png?w=3840&amp;ssl=1\" alt=\"\" title=\"unnamed (1)\" width=\"824\" height=\"525\" src=\"data:image\/svg+xml;base64,PHN2ZyB3aWR0aD0iMSIgaGVpZ2h0PSIxIiB4bWxucz0iaHR0cDovL3d3dy53My5vcmcvMjAwMC9zdmciPjwvc3ZnPg==\" style=\"--smush-placeholder-width: 824px; --smush-placeholder-aspect-ratio: 824\/525;\"><p  class=\"\">&nbsp;<\/p><h2  class=\"\"><span  style=\"font-family: &quot;Playfair Display&quot;, arial, helvetica, sans-serif; color: rgb(255, 255, 255);\">A trav\u00e9s de la brecha<\/span><\/h2><p  class=\"\"><span  style=\"font-family: Muli, arial, helvetica, sans-serif; color: rgb(255, 255, 255);\">\u00abLa gente hab\u00eda comenzado a hacer agujeros en el Muro desde el lado occidental, y encontr\u00e9 a esta joven mirando la gran extensi\u00f3n vac\u00eda de tierra de nadie que los alemanes orientales hab\u00edan creado en el centro de la ciudad a su lado del muro\u00bb.<\/span><\/p><img decoding=\"async\"  class=\"custom-image lazyload\" data-src=\"https:\/\/i1.wp.com\/fotogasteiz.com\/blog\/wp-content\/uploads\/2020\/05\/unnamed-2.png?w=3840&amp;ssl=1\" alt=\"\" title=\"unnamed (2)\" width=\"803\" height=\"523\" src=\"data:image\/svg+xml;base64,PHN2ZyB3aWR0aD0iMSIgaGVpZ2h0PSIxIiB4bWxucz0iaHR0cDovL3d3dy53My5vcmcvMjAwMC9zdmciPjwvc3ZnPg==\" style=\"--smush-placeholder-width: 803px; --smush-placeholder-aspect-ratio: 803\/523;\"><p  class=\"\">&nbsp;<\/p><h2  class=\"\"><span  style=\"font-family: &quot;Playfair Display&quot;, arial, helvetica, sans-serif; color: rgb(255, 255, 255);\">Hacia el oeste<\/span><\/h2><p  class=\"\"><span  style=\"font-family: Muli, arial, helvetica, sans-serif; color: rgb(255, 255, 255);\">\u00abLlegu\u00e9 a Berl\u00edn lo m\u00e1s r\u00e1pido que pude y llegu\u00e9 el d\u00eda 9, justo cuando la divisi\u00f3n de la ciudad finalmente terminaba. Esta escena tuvo lugar el d\u00eda 10 de la noche. Estos son berlineses occidentales. Los soldados hab\u00edan desaparecido, hab\u00eda silencio, casi un ambiente religioso\u00bb.<\/span><\/p><img decoding=\"async\"  class=\"custom-image lazyload\" data-src=\"https:\/\/i2.wp.com\/fotogasteiz.com\/blog\/wp-content\/uploads\/2020\/05\/unnamed-3.png?w=3840&amp;ssl=1\" alt=\"\" title=\"unnamed (3)\" width=\"783\" height=\"523\" src=\"data:image\/svg+xml;base64,PHN2ZyB3aWR0aD0iMSIgaGVpZ2h0PSIxIiB4bWxucz0iaHR0cDovL3d3dy53My5vcmcvMjAwMC9zdmciPjwvc3ZnPg==\" style=\"--smush-placeholder-width: 783px; --smush-placeholder-aspect-ratio: 783\/523;\"><p  class=\"\">&nbsp;<\/p><h2  class=\"\"><span  style=\"font-family: &quot;Playfair Display&quot;, arial, helvetica, sans-serif; color: rgb(255, 255, 255);\">Despu\u00e9s de la ca\u00edda<\/span><\/h2><p  class=\"\"><span  style=\"font-family: Muli, arial, helvetica, sans-serif; color: rgb(255, 255, 255);\">\u00abEsto es junio de 1990, seis meses despu\u00e9s de la ca\u00edda del muro, la antigua tierra de nadie en el lado oriental. Los grandes edificios sombr\u00edos albergaban instituciones estatales, tal vez incluso la Stasi, la polic\u00eda secreta\u00bb.<\/span><\/p><img decoding=\"async\"  class=\"custom-image lazyload\" data-src=\"https:\/\/i1.wp.com\/fotogasteiz.com\/blog\/wp-content\/uploads\/2020\/05\/unnamed-4.png?w=3840&amp;ssl=1\" alt=\"\" title=\"unnamed (4)\" width=\"656\" height=\"525\" src=\"data:image\/svg+xml;base64,PHN2ZyB3aWR0aD0iMSIgaGVpZ2h0PSIxIiB4bWxucz0iaHR0cDovL3d3dy53My5vcmcvMjAwMC9zdmciPjwvc3ZnPg==\" style=\"--smush-placeholder-width: 656px; --smush-placeholder-aspect-ratio: 656\/525;\"><img decoding=\"async\"  class=\"custom-image\" src=\"#\"><p  class=\"\">&nbsp;<\/p><h2  class=\"\"><span  style=\"font-family: &quot;Playfair Display&quot;, arial, helvetica, sans-serif; color: rgb(255, 255, 255);\">Ahora, entonces<\/span><\/h2><p  class=\"\"><span  style=\"font-family: Muli, arial, helvetica, sans-serif; color: rgb(255, 255, 255);\">\u00abUna foto de mi \u00faltima visita en 2013, la secci\u00f3n del antiguo muro entre Checkpoint Charlie y Potsdamer Platz. Ahora es parte del recorrido tur\u00edstico obligatorio de la topograf\u00eda de la violencia. Muchos j\u00f3venes hacen la peregrinaci\u00f3n, a quienes se les cuenta la historia de la divisi\u00f3n de Berl\u00edn es parte de la historia \u00ab.<\/span><\/p><img decoding=\"async\"  class=\"custom-image lazyload\" data-src=\"https:\/\/i2.wp.com\/fotogasteiz.com\/blog\/wp-content\/uploads\/2020\/05\/unnamed-5.png?w=3840&amp;ssl=1\" alt=\"\" title=\"unnamed (5)\" width=\"672\" height=\"526\" src=\"data:image\/svg+xml;base64,PHN2ZyB3aWR0aD0iMSIgaGVpZ2h0PSIxIiB4bWxucz0iaHR0cDovL3d3dy53My5vcmcvMjAwMC9zdmciPjwvc3ZnPg==\" style=\"--smush-placeholder-width: 672px; --smush-placeholder-aspect-ratio: 672\/526;\"><\/div> <\/div><\/div> <\/div><div  data-label=\"magnum\" data-id=\"content--3\" data-export-id=\"content-8\" data-category=\"content\" class=\"content-8 content-section content-section-spacing\" id=\"magnum\" style=\"background-color: rgb(245, 250, 253); background-image: none;\"><div  class=\"gridContainer\"> <div  class=\"row middle-sm\"><div  class=\"col-sm-6 space-bottom-xs space-top-xs\" data-type=\"column\"> <img decoding=\"async\"  class=\"shadow-large lazyload\" data-src=\"https:\/\/i0.wp.com\/fotogasteiz.com\/blog\/wp-content\/uploads\/2022\/05\/3982413.jpeg?w=3840&amp;ssl=1\" alt=\"\" title=\"3982413\" width=\"586\" height=\"379\" src=\"data:image\/svg+xml;base64,PHN2ZyB3aWR0aD0iMSIgaGVpZ2h0PSIxIiB4bWxucz0iaHR0cDovL3d3dy53My5vcmcvMjAwMC9zdmciPjwvc3ZnPg==\" style=\"--smush-placeholder-width: 586px; --smush-placeholder-aspect-ratio: 586\/379;\"><\/div> <div  class=\"col-sm-6\" data-type=\"column\"><p  class=\"lead\"><span  style=\"font-family: Muli, arial, helvetica, sans-serif; font-weight: 900; color: rgb(255, 152, 0);\">BIOGRAF\u00cdA DE RAYMOND DEPARDON<\/span><\/p><h2  class=\"\"><span  style=\"font-family: &quot;Playfair Display&quot;, arial, helvetica, sans-serif; color: rgb(0, 0, 0);\">De la fotograf\u00eda al cine documental y Magnum<\/span><\/h2> <p  class=\"\"><span  style=\"font-family: Muli, arial, helvetica, sans-serif; color: rgb(60, 66, 79);\">1974 empieza a rodar y registra la realidad logrando que la c\u00e1mara se convierta en invisible para las personas retratadas y pudiendo mostrar los acontecimientos tal cual ocurren.\n<\/span><br ><br ><span  style=\"font-family: Muli, arial, helvetica, sans-serif; color: rgb(60, 66, 79);\">\n\u00abYo coloco la c\u00e1mara sin gente, sin luces, sin t\u00e9cnicos y dejo que registre. Quien quiera cosas manipuladas y cliqu\u00e9s ah\u00ed tiene el cine de ficci\u00f3n\u00bb.\n<\/span><br ><br ><span  style=\"font-family: Muli, arial, helvetica, sans-serif; color: rgb(60, 66, 79);\">\nSu filmograf\u00eda est\u00e1 muy influenciada por su trabajo fotoperiod\u00edsitico.<br ><br >En 1978, a los 36 a\u00f1os de edad, entr\u00f3 a formar parte de la agencia <span  style=\"font-weight: 900;\">Magnum<\/span> (creada en 1947) y para ellos realiz\u00f3 reportajes durante un a\u00f1o: s\u00f3lo un a\u00f1o m\u00e1s, porque Depardon quer\u00eda dejar de ser un reportero. Llevaba varios a\u00f1os considerando la fotograf\u00eda como una forma de expresi\u00f3n o documentaci\u00f3n, pero no como una explicaci\u00f3n de un evento como cuando el trabajo es para la prensa.<br ><br >En 1979, con 37 a\u00f1os de edad, con las notas que escrib\u00eda en su diario por las noches en los hoteles de L\u00edbano y Afganist\u00e1n durante su \u00faltimo viaje public\u00f3 el libro Notes en el que cada foto iba acompa\u00f1ada de un texto destinado a la mujer&nbsp; a la que amaba sin ser correspondido. A simple vista este libro podr\u00eda parecer un libro de fotos de guerra, pero era una b\u00fasqueda de s\u00ed mismo, un reflejo de sus emociones. \n<br ><br >Para Depardon, el acto de la escritura ofrece una temporalidad distinta del acto de tomar una imagen. El escritor fundamentalmente se escucha a s\u00ed mismo e impone su ritmo, mientras que durante el acto de fotografiar el artista debe permanecer en silencio, escuchando una voz ajena, a la espera de un momento no decisivo sino esencial.<\/span><\/p> <\/div> <\/div><\/div> <\/div><div  data-label=\"caida muro berlin\" data-id=\"content--2\" data-export-id=\"content-7\" data-category=\"content\" class=\"content-7 content-section content-section-spacing\" id=\"caida-muro-berlin\" style=\"background-color: rgb(245, 250, 253); background-image: none;\"><div  class=\"gridContainer\"> <div  class=\"row middle-sm\"><div  class=\"col-sm-6 space-bottom-xs\" data-type=\"column\"> <p  class=\"lead\"><span  style=\"font-family: Muli, arial, helvetica, sans-serif; font-weight: 900; color: rgb(255, 152, 0);\">BIOGRAF\u00cdA DE RAYMOND DEPARDON<\/span><\/p><h2  class=\"\"><span  style=\"font-family: &quot;Playfair Display&quot;, arial, helvetica, sans-serif; color: rgb(0, 0, 0);\">La ca\u00edda del muro de Berl\u00edn<\/span><\/h2> <p  class=\"\"><span  style=\"font-family: Muli, arial, helvetica, sans-serif; color: rgb(52, 58, 64);\">Corr\u00eda 1989 y ya era miembro de la agencia <span  style=\"font-weight: 900;\">Magnum<\/span> cuando el peri\u00f3dico franc\u00e9s <span  style=\"font-style: italic;\">Lib\u00e9ration<\/span> le reclam\u00f3 en Berl\u00edn con urgencia.\n<\/span><br ><br ><span  style=\"font-family: Muli, arial, helvetica, sans-serif; color: rgb(52, 58, 64);\">\nComo en aquella jornada de 1961, deambulando por calles secundarias sin presencia de otros fot\u00f3grafos, fue testigo de una escena para la historia: una imagen de berlineses orientales vestidos paup\u00e9rrimamente caminando con pasos temerosos hacia el occidente que rompieron a llorar a recorrer esos 100 metros que llevaban 28 a\u00f1os sin poder pisar.\n<\/span><br ><br ><span  style=\"font-family: Muli, arial, helvetica, sans-serif; color: rgb(52, 58, 64);\">\nTras la ca\u00edda, sigui\u00f3 visitando Berl\u00edn para retratar la reconstrucci\u00f3n de estos dos lados que pese a no contar con el muro que les dividi\u00f3 durante tres d\u00e9cadas realmente nunca desapareci\u00f3.\n<\/span><br ><br ><span  style=\"font-family: Muli, arial, helvetica, sans-serif; color: rgb(52, 58, 64);\">\nFruto de su inmenso archivo berlin\u00e9s, que sigui\u00f3 completando con fotos del Berl\u00edn contempor\u00e1neo, una ciudad fracturada y fascinante de monumentos, eclecticismo y autorrealizaci\u00f3n public\u00f3 el libro \u2018Berl\u00edn\u2019, en el que tambi\u00e9n aparecen sus fotos de los turistas que visitan el muro.\n<\/span><br ><br ><span  style=\"font-family: Muli, arial, helvetica, sans-serif; color: rgb(52, 58, 64);\">\nDepardon ha apoyado al movimiento que luchaba para evitar la demolici\u00f3n del \u00faltimo kil\u00f3metro del muro y que as\u00ed nunca se olvide y repita la historia.\n<br ><br >\u00abUna foto de mi \u00faltima visita en 2013, la secci\u00f3n del antiguo muro entre Checkpoint Charlie y Potsdamer Platz. Ahora es parte del recorrido tur\u00edstico obligatorio de la topograf\u00eda de la violencia. Muchos j\u00f3venes hacen la peregrinaci\u00f3n, a quienes se les cuenta la historia de la divisi\u00f3n de Berl\u00edn es parte de la historia \u00ab.<\/span>\n<\/p> <\/div> <div  class=\"col-sm-6\" data-type=\"column\"> <img decoding=\"async\"  class=\"shadow-large lazyload\" data-src=\"https:\/\/i0.wp.com\/fotogasteiz.com\/blog\/wp-content\/uploads\/2022\/05\/000_sapa990620659420.jpeg?w=3840&amp;ssl=1\" alt=\"\" title=\"000_sapa990620659420\" width=\"586\" height=\"586\" src=\"data:image\/svg+xml;base64,PHN2ZyB3aWR0aD0iMSIgaGVpZ2h0PSIxIiB4bWxucz0iaHR0cDovL3d3dy53My5vcmcvMjAwMC9zdmciPjwvc3ZnPg==\" style=\"--smush-placeholder-width: 586px; --smush-placeholder-aspect-ratio: 586\/586;\"><\/div> <\/div><\/div> <\/div><div  data-label=\"Berlin\" data-id=\"gallery--1\" data-export-id=\"gallery-1\" data-category=\"gallery\" class=\"gallery-1 content-section content-section-spacing\" id=\"berlin\" style=\"background-color: rgb(52, 58, 64); background-image: none;\"><div  class=\"gridContainer\"> <div  class=\"row\"><div  class=\"section-title-col\" data-type=\"column\"> <h2  class=\"\"><span  style=\"font-family: &quot;Playfair Display&quot;, arial, helvetica, sans-serif; color: rgb(255, 255, 255);\">Berlin (2013)- Depardon<\/span><\/h2> <a data-cp-link=\"1\" href=\"https:\/\/amzn.to\/3cJkcjU\" class=\"\" target=\"_blank\" rel=\"noopener noreferrer\"><img decoding=\"async\"  class=\"custom-image lazyload\" data-src=\"https:\/\/i0.wp.com\/fotogasteiz.com\/blog\/wp-content\/uploads\/2020\/05\/91zpQ9Wp3UL.jpg?w=3840&amp;ssl=1\" alt=\"\" title=\"91zpQ9Wp3UL\" width=\"814\" height=\"616\" src=\"data:image\/svg+xml;base64,PHN2ZyB3aWR0aD0iMSIgaGVpZ2h0PSIxIiB4bWxucz0iaHR0cDovL3d3dy53My5vcmcvMjAwMC9zdmciPjwvc3ZnPg==\" style=\"--smush-placeholder-width: 814px; --smush-placeholder-aspect-ratio: 814\/616;\"><\/a><a class=\"button color1\" href=\"https:\/\/amzn.to\/3cJkcjU\" target=\"_blank\" data-cp-link=\"1\" data-icon=\"\" rel=\"noopener noreferrer\">Comprar libro<\/a><\/div> <\/div> <div  class=\"row text-center\"> <div  class=\"col-xs-12\" data-editable=\"true\" data-content-shortcode=\"mesmerize_gallery id=&quot;mesmerize-gallery-1&quot; columns=&quot;4&quot; ids=&quot;11119,11120,11121,11122,11123,11124,11125,11126,11127,11128,11129,11130&quot; lb=&quot;1&quot; masonry=&quot;1&quot; size=&quot;mesmerize-full-hd&quot; link=&quot;file&quot; \"><div id='mesmerize-gallery-1' class='gallery-wrapper'><style type=\"text\/css\">\n                    @media only screen and (min-width: 768px) {\n                    [data-unique-id='mesmerize-gallery-1-69f38c9d77fd2'] dl {\n                        float: left;\n                        width: 25% !important;\n                        max-width:  25% !important;\n                        min-width:  25% !important;\n                    }\n\n                    [data-unique-id='mesmerize-gallery-1-69f38c9d77fd2'] dl:nth-of-type(4n +1 ) {\n                      clear: both;\n                      }\n                    }\n                <\/style><div id='mesmerize-gallery-1' class='mesmerize-gallery-1-dls-wrapper gallery-items-wrapper materialis-gallery' data-unique-id='mesmerize-gallery-1-69f38c9d77fd2'><dl class='gallery-item'>\n\t\t\t<dt class='gallery-icon landscape'>\n\t\t\t\t<a data-fancybox=\"mesmerize-gallery-1-group\" href='https:\/\/fotogasteiz.com\/blog\/wp-content\/uploads\/2020\/05\/PAR463766.jpg'><img decoding=\"async\"  width=\"900\" height=\"704\" data-src=\"https:\/\/fotogasteiz.com\/blog\/wp-content\/uploads\/2020\/05\/PAR463766.jpg\"  class='mesmerize-gallery-1-image lazyload' alt=\"\" data-srcset=\"https:\/\/fotogasteiz.com\/blog\/wp-content\/uploads\/2020\/05\/PAR463766.jpg 900w, https:\/\/fotogasteiz.com\/blog\/wp-content\/smush-avif\/2020\/05\/PAR463766-300x235.jpg.avif 300w, https:\/\/fotogasteiz.com\/blog\/wp-content\/smush-avif\/2020\/05\/PAR463766-768x601.jpg.avif 768w\" data-sizes=\"(max-width: 900px) 100vw, 900px\" src=\"data:image\/svg+xml;base64,PHN2ZyB3aWR0aD0iMSIgaGVpZ2h0PSIxIiB4bWxucz0iaHR0cDovL3d3dy53My5vcmcvMjAwMC9zdmciPjwvc3ZnPg==\" style=\"--smush-placeholder-width: 900px; --smush-placeholder-aspect-ratio: 900\/704;\" \/><\/a>\n\t\t\t<\/dt><\/dl><dl class='gallery-item'>\n\t\t\t<dt class='gallery-icon landscape'>\n\t\t\t\t<a data-fancybox=\"mesmerize-gallery-1-group\" href='https:\/\/fotogasteiz.com\/blog\/wp-content\/uploads\/2020\/05\/PAR464226.jpg'><img decoding=\"async\"  width=\"896\" height=\"704\" data-src=\"https:\/\/fotogasteiz.com\/blog\/wp-content\/uploads\/2020\/05\/PAR464226.jpg\"  class='mesmerize-gallery-1-image lazyload' alt=\"\" data-srcset=\"https:\/\/fotogasteiz.com\/blog\/wp-content\/uploads\/2020\/05\/PAR464226.jpg 896w, https:\/\/fotogasteiz.com\/blog\/wp-content\/smush-avif\/2020\/05\/PAR464226-300x236.jpg.avif 300w, https:\/\/fotogasteiz.com\/blog\/wp-content\/smush-avif\/2020\/05\/PAR464226-768x603.jpg.avif 768w\" data-sizes=\"(max-width: 896px) 100vw, 896px\" src=\"data:image\/svg+xml;base64,PHN2ZyB3aWR0aD0iMSIgaGVpZ2h0PSIxIiB4bWxucz0iaHR0cDovL3d3dy53My5vcmcvMjAwMC9zdmciPjwvc3ZnPg==\" style=\"--smush-placeholder-width: 896px; --smush-placeholder-aspect-ratio: 896\/704;\" \/><\/a>\n\t\t\t<\/dt><\/dl><dl class='gallery-item'>\n\t\t\t<dt class='gallery-icon landscape'>\n\t\t\t\t<a data-fancybox=\"mesmerize-gallery-1-group\" href='https:\/\/fotogasteiz.com\/blog\/wp-content\/uploads\/2020\/05\/PAR464290.jpg'><img decoding=\"async\"  width=\"901\" height=\"704\" data-src=\"https:\/\/fotogasteiz.com\/blog\/wp-content\/uploads\/2020\/05\/PAR464290.jpg\"  class='mesmerize-gallery-1-image lazyload' alt=\"\" data-srcset=\"https:\/\/fotogasteiz.com\/blog\/wp-content\/uploads\/2020\/05\/PAR464290.jpg 901w, https:\/\/fotogasteiz.com\/blog\/wp-content\/smush-avif\/2020\/05\/PAR464290-300x234.jpg.avif 300w, https:\/\/fotogasteiz.com\/blog\/wp-content\/smush-avif\/2020\/05\/PAR464290-768x600.jpg.avif 768w\" data-sizes=\"(max-width: 901px) 100vw, 901px\" src=\"data:image\/svg+xml;base64,PHN2ZyB3aWR0aD0iMSIgaGVpZ2h0PSIxIiB4bWxucz0iaHR0cDovL3d3dy53My5vcmcvMjAwMC9zdmciPjwvc3ZnPg==\" style=\"--smush-placeholder-width: 901px; --smush-placeholder-aspect-ratio: 901\/704;\" \/><\/a>\n\t\t\t<\/dt><\/dl><dl class='gallery-item'>\n\t\t\t<dt class='gallery-icon landscape'>\n\t\t\t\t<a data-fancybox=\"mesmerize-gallery-1-group\" href='https:\/\/fotogasteiz.com\/blog\/wp-content\/uploads\/2020\/05\/PAR464287.jpg'><img decoding=\"async\"  width=\"878\" height=\"704\" data-src=\"https:\/\/fotogasteiz.com\/blog\/wp-content\/uploads\/2020\/05\/PAR464287.jpg\"  class='mesmerize-gallery-1-image lazyload' alt=\"\" data-srcset=\"https:\/\/fotogasteiz.com\/blog\/wp-content\/uploads\/2020\/05\/PAR464287.jpg 878w, https:\/\/fotogasteiz.com\/blog\/wp-content\/smush-avif\/2020\/05\/PAR464287-300x241.jpg.avif 300w, https:\/\/fotogasteiz.com\/blog\/wp-content\/smush-avif\/2020\/05\/PAR464287-768x616.jpg.avif 768w\" data-sizes=\"(max-width: 878px) 100vw, 878px\" src=\"data:image\/svg+xml;base64,PHN2ZyB3aWR0aD0iMSIgaGVpZ2h0PSIxIiB4bWxucz0iaHR0cDovL3d3dy53My5vcmcvMjAwMC9zdmciPjwvc3ZnPg==\" style=\"--smush-placeholder-width: 878px; --smush-placeholder-aspect-ratio: 878\/704;\" \/><\/a>\n\t\t\t<\/dt><\/dl><dl class='gallery-item'>\n\t\t\t<dt class='gallery-icon landscape'>\n\t\t\t\t<a data-fancybox=\"mesmerize-gallery-1-group\" href='https:\/\/fotogasteiz.com\/blog\/wp-content\/uploads\/2020\/05\/PAR464291.jpg'><img decoding=\"async\"  width=\"898\" height=\"704\" data-src=\"https:\/\/fotogasteiz.com\/blog\/wp-content\/uploads\/2020\/05\/PAR464291.jpg\"  class='mesmerize-gallery-1-image lazyload' alt=\"\" data-srcset=\"https:\/\/fotogasteiz.com\/blog\/wp-content\/uploads\/2020\/05\/PAR464291.jpg 898w, https:\/\/fotogasteiz.com\/blog\/wp-content\/smush-avif\/2020\/05\/PAR464291-300x235.jpg.avif 300w, https:\/\/fotogasteiz.com\/blog\/wp-content\/smush-avif\/2020\/05\/PAR464291-768x602.jpg.avif 768w\" data-sizes=\"(max-width: 898px) 100vw, 898px\" src=\"data:image\/svg+xml;base64,PHN2ZyB3aWR0aD0iMSIgaGVpZ2h0PSIxIiB4bWxucz0iaHR0cDovL3d3dy53My5vcmcvMjAwMC9zdmciPjwvc3ZnPg==\" style=\"--smush-placeholder-width: 898px; --smush-placeholder-aspect-ratio: 898\/704;\" \/><\/a>\n\t\t\t<\/dt><\/dl><dl class='gallery-item'>\n\t\t\t<dt class='gallery-icon landscape'>\n\t\t\t\t<a data-fancybox=\"mesmerize-gallery-1-group\" href='https:\/\/fotogasteiz.com\/blog\/wp-content\/uploads\/2020\/05\/PAR464289.jpg'><img decoding=\"async\"  width=\"901\" height=\"704\" data-src=\"https:\/\/fotogasteiz.com\/blog\/wp-content\/uploads\/2020\/05\/PAR464289.jpg\"  class='mesmerize-gallery-1-image lazyload' alt=\"\" data-srcset=\"https:\/\/fotogasteiz.com\/blog\/wp-content\/uploads\/2020\/05\/PAR464289.jpg 901w, https:\/\/fotogasteiz.com\/blog\/wp-content\/smush-avif\/2020\/05\/PAR464289-300x234.jpg.avif 300w, https:\/\/fotogasteiz.com\/blog\/wp-content\/smush-avif\/2020\/05\/PAR464289-768x600.jpg.avif 768w\" data-sizes=\"(max-width: 901px) 100vw, 901px\" src=\"data:image\/svg+xml;base64,PHN2ZyB3aWR0aD0iMSIgaGVpZ2h0PSIxIiB4bWxucz0iaHR0cDovL3d3dy53My5vcmcvMjAwMC9zdmciPjwvc3ZnPg==\" style=\"--smush-placeholder-width: 901px; --smush-placeholder-aspect-ratio: 901\/704;\" \/><\/a>\n\t\t\t<\/dt><\/dl><dl class='gallery-item'>\n\t\t\t<dt class='gallery-icon landscape'>\n\t\t\t\t<a data-fancybox=\"mesmerize-gallery-1-group\" href='https:\/\/fotogasteiz.com\/blog\/wp-content\/uploads\/2020\/05\/PAR464286.jpg'><img decoding=\"async\"  width=\"894\" height=\"704\" data-src=\"https:\/\/fotogasteiz.com\/blog\/wp-content\/uploads\/2020\/05\/PAR464286.jpg\"  class='mesmerize-gallery-1-image lazyload' alt=\"\" data-srcset=\"https:\/\/fotogasteiz.com\/blog\/wp-content\/uploads\/2020\/05\/PAR464286.jpg 894w, https:\/\/fotogasteiz.com\/blog\/wp-content\/smush-avif\/2020\/05\/PAR464286-300x236.jpg.avif 300w, https:\/\/fotogasteiz.com\/blog\/wp-content\/smush-avif\/2020\/05\/PAR464286-768x605.jpg.avif 768w\" data-sizes=\"(max-width: 894px) 100vw, 894px\" src=\"data:image\/svg+xml;base64,PHN2ZyB3aWR0aD0iMSIgaGVpZ2h0PSIxIiB4bWxucz0iaHR0cDovL3d3dy53My5vcmcvMjAwMC9zdmciPjwvc3ZnPg==\" style=\"--smush-placeholder-width: 894px; --smush-placeholder-aspect-ratio: 894\/704;\" \/><\/a>\n\t\t\t<\/dt><\/dl><dl class='gallery-item'>\n\t\t\t<dt class='gallery-icon landscape'>\n\t\t\t\t<a data-fancybox=\"mesmerize-gallery-1-group\" href='https:\/\/fotogasteiz.com\/blog\/wp-content\/uploads\/2020\/05\/PAR464285.jpg'><img decoding=\"async\"  width=\"913\" height=\"704\" data-src=\"https:\/\/fotogasteiz.com\/blog\/wp-content\/uploads\/2020\/05\/PAR464285.jpg\"  class='mesmerize-gallery-1-image lazyload' alt=\"\" data-srcset=\"https:\/\/fotogasteiz.com\/blog\/wp-content\/uploads\/2020\/05\/PAR464285.jpg 913w, https:\/\/fotogasteiz.com\/blog\/wp-content\/smush-avif\/2020\/05\/PAR464285-300x231.jpg.avif 300w, https:\/\/fotogasteiz.com\/blog\/wp-content\/smush-avif\/2020\/05\/PAR464285-768x592.jpg.avif 768w\" data-sizes=\"(max-width: 913px) 100vw, 913px\" src=\"data:image\/svg+xml;base64,PHN2ZyB3aWR0aD0iMSIgaGVpZ2h0PSIxIiB4bWxucz0iaHR0cDovL3d3dy53My5vcmcvMjAwMC9zdmciPjwvc3ZnPg==\" style=\"--smush-placeholder-width: 913px; --smush-placeholder-aspect-ratio: 913\/704;\" \/><\/a>\n\t\t\t<\/dt><\/dl><dl class='gallery-item'>\n\t\t\t<dt class='gallery-icon landscape'>\n\t\t\t\t<a data-fancybox=\"mesmerize-gallery-1-group\" href='https:\/\/fotogasteiz.com\/blog\/wp-content\/uploads\/2020\/05\/PAR464288.jpg'><img decoding=\"async\"  width=\"897\" height=\"704\" data-src=\"https:\/\/fotogasteiz.com\/blog\/wp-content\/uploads\/2020\/05\/PAR464288.jpg\"  class='mesmerize-gallery-1-image lazyload' alt=\"\" data-srcset=\"https:\/\/fotogasteiz.com\/blog\/wp-content\/uploads\/2020\/05\/PAR464288.jpg 897w, https:\/\/fotogasteiz.com\/blog\/wp-content\/smush-avif\/2020\/05\/PAR464288-300x235.jpg.avif 300w, https:\/\/fotogasteiz.com\/blog\/wp-content\/smush-avif\/2020\/05\/PAR464288-768x603.jpg.avif 768w\" data-sizes=\"(max-width: 897px) 100vw, 897px\" src=\"data:image\/svg+xml;base64,PHN2ZyB3aWR0aD0iMSIgaGVpZ2h0PSIxIiB4bWxucz0iaHR0cDovL3d3dy53My5vcmcvMjAwMC9zdmciPjwvc3ZnPg==\" style=\"--smush-placeholder-width: 897px; --smush-placeholder-aspect-ratio: 897\/704;\" \/><\/a>\n\t\t\t<\/dt><\/dl><dl class='gallery-item'>\n\t\t\t<dt class='gallery-icon landscape'>\n\t\t\t\t<a data-fancybox=\"mesmerize-gallery-1-group\" href='https:\/\/fotogasteiz.com\/blog\/wp-content\/uploads\/2020\/05\/PAR464284.jpg'><img decoding=\"async\"  width=\"903\" height=\"704\" data-src=\"https:\/\/fotogasteiz.com\/blog\/wp-content\/uploads\/2020\/05\/PAR464284.jpg\"  class='mesmerize-gallery-1-image lazyload' alt=\"\" data-srcset=\"https:\/\/fotogasteiz.com\/blog\/wp-content\/uploads\/2020\/05\/PAR464284.jpg 903w, https:\/\/fotogasteiz.com\/blog\/wp-content\/smush-avif\/2020\/05\/PAR464284-300x234.jpg.avif 300w, https:\/\/fotogasteiz.com\/blog\/wp-content\/smush-avif\/2020\/05\/PAR464284-768x599.jpg.avif 768w\" data-sizes=\"(max-width: 903px) 100vw, 903px\" src=\"data:image\/svg+xml;base64,PHN2ZyB3aWR0aD0iMSIgaGVpZ2h0PSIxIiB4bWxucz0iaHR0cDovL3d3dy53My5vcmcvMjAwMC9zdmciPjwvc3ZnPg==\" style=\"--smush-placeholder-width: 903px; --smush-placeholder-aspect-ratio: 903\/704;\" \/><\/a>\n\t\t\t<\/dt><\/dl><dl class='gallery-item'>\n\t\t\t<dt class='gallery-icon landscape'>\n\t\t\t\t<a data-fancybox=\"mesmerize-gallery-1-group\" href='https:\/\/fotogasteiz.com\/blog\/wp-content\/uploads\/2020\/05\/PAR464295.jpg'><img decoding=\"async\"  width=\"898\" height=\"704\" data-src=\"https:\/\/fotogasteiz.com\/blog\/wp-content\/uploads\/2020\/05\/PAR464295.jpg\"  class='mesmerize-gallery-1-image lazyload' alt=\"\" data-srcset=\"https:\/\/fotogasteiz.com\/blog\/wp-content\/uploads\/2020\/05\/PAR464295.jpg 898w, https:\/\/fotogasteiz.com\/blog\/wp-content\/smush-avif\/2020\/05\/PAR464295-300x235.jpg.avif 300w, https:\/\/fotogasteiz.com\/blog\/wp-content\/smush-avif\/2020\/05\/PAR464295-768x602.jpg.avif 768w\" data-sizes=\"(max-width: 898px) 100vw, 898px\" src=\"data:image\/svg+xml;base64,PHN2ZyB3aWR0aD0iMSIgaGVpZ2h0PSIxIiB4bWxucz0iaHR0cDovL3d3dy53My5vcmcvMjAwMC9zdmciPjwvc3ZnPg==\" style=\"--smush-placeholder-width: 898px; --smush-placeholder-aspect-ratio: 898\/704;\" \/><\/a>\n\t\t\t<\/dt><\/dl><dl class='gallery-item'>\n\t\t\t<dt class='gallery-icon landscape'>\n\t\t\t\t<a data-fancybox=\"mesmerize-gallery-1-group\" href='https:\/\/fotogasteiz.com\/blog\/wp-content\/uploads\/2020\/05\/PAR464228.jpg'><img decoding=\"async\"  width=\"906\" height=\"704\" data-src=\"https:\/\/fotogasteiz.com\/blog\/wp-content\/uploads\/2020\/05\/PAR464228.jpg\"  class='mesmerize-gallery-1-image lazyload' alt=\"\" data-srcset=\"https:\/\/fotogasteiz.com\/blog\/wp-content\/uploads\/2020\/05\/PAR464228.jpg 906w, https:\/\/fotogasteiz.com\/blog\/wp-content\/smush-avif\/2020\/05\/PAR464228-300x233.jpg.avif 300w, https:\/\/fotogasteiz.com\/blog\/wp-content\/smush-avif\/2020\/05\/PAR464228-768x597.jpg.avif 768w\" data-sizes=\"(max-width: 906px) 100vw, 906px\" src=\"data:image\/svg+xml;base64,PHN2ZyB3aWR0aD0iMSIgaGVpZ2h0PSIxIiB4bWxucz0iaHR0cDovL3d3dy53My5vcmcvMjAwMC9zdmciPjwvc3ZnPg==\" style=\"--smush-placeholder-width: 906px; --smush-placeholder-aspect-ratio: 906\/704;\" \/><\/a>\n\t\t\t<\/dt><\/dl>\n\t\t<\/div>\n<script>(function($){window.MaterialisCaptionsGallery && window.MaterialisCaptionsGallery($('[data-unique-id=\"mesmerize-gallery-1-69f38c9d77fd2\"]'))})(jQuery)<\/script><\/div><\/div><\/div> <\/div><\/div><div  data-label=\"Cta\" data-id=\"cta--1\" data-export-id=\"cta-centered-section-grid\" data-category=\"cta\" class=\"cta-centered-section-grid content-section content-section-spacing-medium bg-color1 white-text\" id=\"cta-1\" style=\"background-image: none; background-color: rgb(255, 152, 0);\"><div  class=\"\"> <div  class=\"row text-center\"><div  class=\"col-xs-12 col-sm-10 col-sm-offset-1 col-md-8 col-md-offset-2\" data-type=\"column\"> <h2  class=\"\"><span  style=\"font-family: &quot;Playfair Display&quot;, arial, helvetica, sans-serif; font-style: italic;\">\u201cUna fotograf\u00eda es el fruto de un pensamiento. Existe porque ya estaba all\u00ed, enterrada dentro de uno mismo. Es la afirmaci\u00f3n de un pensamiento\u201d<\/span><\/h2> <p  class=\"\">\u2013 Raymond Depardon<\/p> <\/div> <\/div><\/div> <\/div><div data-label=\"glasgow\" data-id=\"content--11\" data-export-id=\"content-8\" data-category=\"content\" class=\"content-8 content-section content-section-spacing\" id=\"glasgow\"  style=\"background-color: rgb(245, 250, 253); background-image: none;\"><div class=\"gridContainer\" > <div class=\"row middle-sm\" ><div class=\"col-sm-6 space-bottom-xs space-top-xs\" data-type=\"column\" > <img decoding=\"async\" class=\"shadow-large lazyload\" data-src=\"https:\/\/fotogasteiz.com\/blog\/wp-content\/uploads\/2022\/05\/par446375-overlay.jpeg\"  title=\"par446375-overlay\" alt=\"\" src=\"data:image\/svg+xml;base64,PHN2ZyB3aWR0aD0iMSIgaGVpZ2h0PSIxIiB4bWxucz0iaHR0cDovL3d3dy53My5vcmcvMjAwMC9zdmciPjwvc3ZnPg==\" style=\"--smush-placeholder-width: 1500px; --smush-placeholder-aspect-ratio: 1500\/1000;\"><p  class=\"\">&nbsp;<\/p><img decoding=\"async\"  class=\"custom-image lazyload\" data-src=\"https:\/\/fotogasteiz.com\/blog\/wp-content\/uploads\/2022\/05\/par446338-overlay.jpeg\" title=\"par446338-overlay\" alt=\"\" src=\"data:image\/svg+xml;base64,PHN2ZyB3aWR0aD0iMSIgaGVpZ2h0PSIxIiB4bWxucz0iaHR0cDovL3d3dy53My5vcmcvMjAwMC9zdmciPjwvc3ZnPg==\" style=\"--smush-placeholder-width: 1507px; --smush-placeholder-aspect-ratio: 1507\/1000;\"><\/div> <div class=\"col-sm-6\" data-type=\"column\" ><h2 class=\"\" ><span style=\"font-family: &quot;Playfair Display&quot;, arial, helvetica, sans-serif; color: rgb(0, 0, 0);\" >Glasgow, su trabajo en color m\u00e1s notable y atemporal<\/span><\/h2> <p class=\"\" ><span style=\"font-family: Muli, arial, helvetica, sans-serif; color: rgb(52, 58, 64);\" >En 1980, en plena era <span style=\"font-weight: 900;\" >Thatcher<\/span>, <span style=\"font-style: italic;\" >The Sunday Times Magazine<\/span> le encarg\u00f3 a <span style=\"font-weight: 900;\" >Raymond Depardon<\/span> hacer un reportaje gr\u00e1fico sobre la ciudad de Glasgow.\n<br ><br > Era la ciudad m\u00e1s grande de Escocia y la tercera del Reino Unido tras Londres y Birmingham. En el pasado, hab\u00eda sido una ciudad obrera poderosa y rica que sufri\u00f3 un importante giro econ\u00f3mico y cultural. En el momento en el que Depardon hizo el trabajo, contaba con barriadas muy pobres.\n<\/span><br ><br ><span style=\"font-family: Muli, arial, helvetica, sans-serif; color: rgb(52, 58, 64);\" >\nGlasgow conservaba su patrimonio arquitect\u00f3nico de la \u00e9poca victoriana (1837 &#8211; 1901) c\u00faspide de la Revoluci\u00f3n Industrial y del Imperio brit\u00e1nico: plazas magestuosas, f\u00e1bricas inmensas, kilom\u00e9tricas calles de bloques de viviendas del trabajadores&#8230; pero a Depardon le llamaron la atenci\u00f3n sus barrios marginales y zonas portuarias, as\u00ed como los vecinos que all\u00ed resist\u00edan al cambio. \n<br ><br >Aqu\u00e9l era el verdadero esp\u00edritu de la ciudad a ojos de Depardon.\n<\/span><br ><br ><span style=\"font-family: Muli, arial, helvetica, sans-serif; color: rgb(52, 58, 64);\" >\nAquel reportaje no lleg\u00f3 a publicarse y las fotos permanecieron guardadas cajas hasta que en 2013 se inaugur\u00f3 exposici\u00f3n &#8216;Un momento tan dulce&#8217; en el Grand Palais de Par\u00eds, con 160 fotograf\u00edas de Depardon, la mayor\u00eda in\u00e9ditas, entre ellas 68 impactantes fotos en color de la serie Glasgow.\n<br ><br >En ellas, Depardon capt\u00f3 como nunca la luz de Escocia y un paisaje urbano desaparecido, con cielos nublados y suelos mojados a los pies de los antiguos trabajadores que caminan junto antiguas f\u00e1bricas y por las aceras de los oscuros bloques de viviendas en ruinas. Coches solitarios de contrastados colores, ni\u00f1os que se asombran ante la presencia del fot\u00f3grafo y jubilados sin nada que hacer durante horas.\n<\/span><br ><br ><span style=\"font-family: Muli, arial, helvetica, sans-serif; color: rgb(52, 58, 64);\" >\nAquellas fotos formar\u00edan parte en 2016 del <a data-mce-href=\"https:\/\/amzn.to\/3yIoJ3X\" href=\"https:\/\/amzn.to\/3yIoJ3X\" target=\"_blank\" rel=\"noopener\" data-mce-selected=\"inline-boundary\" data-cp-link=\"1\">libro hom\u00f3nimo\ufeff<\/a> en el que Depardon traslada su visi\u00f3n grisalla (pintura realizada con diferentes tonos de gris, blanco y negro, que imita relieves escult\u00f3ricos o recrea espacios arquitect\u00f3nicos) sobre Glasgow. Su Glasgow no era rico, ni mercantil, ni burgu\u00e9s, ni florecientemente, ni pr\u00f3spero, como se ve en estas fotos.<\/span><\/p> <\/div> <\/div><\/div> <\/div><div data-label=\"Gallery\" data-id=\"gallery--3\" data-export-id=\"gallery-1\" data-category=\"gallery\" class=\"gallery-1 content-section content-section-spacing\" id=\"gallery-1\"  style=\"background-color: rgb(52, 58, 64); background-image: none;\"><div class=\"gridContainer\" > <div class=\"row\" ><div class=\"section-title-col\" data-type=\"column\" > <h2 class=\"\" ><span style=\"font-family: &quot;Playfair Display&quot;, arial, helvetica, sans-serif; color: rgb(255, 255, 255);\" >Glasgow &#8211; Depardon<\/span><\/h2> <a class=\"button color1\" href=\"https:\/\/amzn.to\/3yIoJ3X\" target=\"_blank\" data-cp-link=\"1\" data-icon=\"\" rel=\"noopener\">comprar libro<\/a><\/div> <\/div> <div class=\"row text-center\" > <div class=\"col-xs-12\" data-editable=\"true\" data-content-shortcode=\"mesmerize_gallery id=&quot;mesmerize-gallery-1&quot; columns=&quot;4&quot; ids=&quot;19140,19139,19138,19137,19136,19135,19134,19133,19132,19131,19130,19129,19128,19127,19141,19142&quot; lb=&quot;1&quot; masonry=&quot;1&quot; size=&quot;mesmerize-full-hd&quot; link=&quot;file&quot; \" ><div id='mesmerize-gallery-1' class='gallery-wrapper'><style type=\"text\/css\">\n                    @media only screen and (min-width: 768px) {\n                    [data-unique-id='mesmerize-gallery-1-69f38c9d79e50'] dl {\n                        float: left;\n                        width: 25% !important;\n                        max-width:  25% !important;\n                        min-width:  25% !important;\n                    }\n\n                    [data-unique-id='mesmerize-gallery-1-69f38c9d79e50'] dl:nth-of-type(4n +1 ) {\n                      clear: both;\n                      }\n                    }\n                <\/style><div id='mesmerize-gallery-1' class='mesmerize-gallery-1-dls-wrapper gallery-items-wrapper materialis-gallery' data-unique-id='mesmerize-gallery-1-69f38c9d79e50'><dl class='gallery-item'>\n\t\t\t<dt class='gallery-icon landscape'>\n\t\t\t\t<a data-fancybox=\"mesmerize-gallery-1-group\" href='https:\/\/fotogasteiz.com\/blog\/wp-content\/uploads\/2022\/05\/par446328-overlay.jpeg'><img decoding=\"async\"  width=\"1500\" height=\"1000\" data-src=\"https:\/\/fotogasteiz.com\/blog\/wp-content\/uploads\/2022\/05\/par446328-overlay.jpeg\"  class='mesmerize-gallery-1-image lazyload' alt=\"\" data-srcset=\"https:\/\/fotogasteiz.com\/blog\/wp-content\/uploads\/2022\/05\/par446328-overlay.jpeg 1500w, https:\/\/fotogasteiz.com\/blog\/wp-content\/smush-avif\/2022\/05\/par446328-overlay-300x200.jpeg.avif 300w, https:\/\/fotogasteiz.com\/blog\/wp-content\/smush-avif\/2022\/05\/par446328-overlay-1024x683.jpeg.avif 1024w, https:\/\/fotogasteiz.com\/blog\/wp-content\/smush-avif\/2022\/05\/par446328-overlay-768x512.jpeg.avif 768w\" data-sizes=\"(max-width: 1500px) 100vw, 1500px\" src=\"data:image\/svg+xml;base64,PHN2ZyB3aWR0aD0iMSIgaGVpZ2h0PSIxIiB4bWxucz0iaHR0cDovL3d3dy53My5vcmcvMjAwMC9zdmciPjwvc3ZnPg==\" style=\"--smush-placeholder-width: 1500px; --smush-placeholder-aspect-ratio: 1500\/1000;\" \/><\/a>\n\t\t\t<\/dt><\/dl><dl class='gallery-item'>\n\t\t\t<dt class='gallery-icon landscape'>\n\t\t\t\t<a data-fancybox=\"mesmerize-gallery-1-group\" href='https:\/\/fotogasteiz.com\/blog\/wp-content\/uploads\/2022\/05\/par446315-overlay.jpeg'><img decoding=\"async\"  width=\"1500\" height=\"1000\" data-src=\"https:\/\/fotogasteiz.com\/blog\/wp-content\/uploads\/2022\/05\/par446315-overlay.jpeg\"  class='mesmerize-gallery-1-image lazyload' alt=\"\" data-srcset=\"https:\/\/fotogasteiz.com\/blog\/wp-content\/uploads\/2022\/05\/par446315-overlay.jpeg 1500w, https:\/\/fotogasteiz.com\/blog\/wp-content\/smush-avif\/2022\/05\/par446315-overlay-300x200.jpeg.avif 300w, https:\/\/fotogasteiz.com\/blog\/wp-content\/smush-avif\/2022\/05\/par446315-overlay-1024x683.jpeg.avif 1024w, https:\/\/fotogasteiz.com\/blog\/wp-content\/smush-avif\/2022\/05\/par446315-overlay-768x512.jpeg.avif 768w\" data-sizes=\"(max-width: 1500px) 100vw, 1500px\" src=\"data:image\/svg+xml;base64,PHN2ZyB3aWR0aD0iMSIgaGVpZ2h0PSIxIiB4bWxucz0iaHR0cDovL3d3dy53My5vcmcvMjAwMC9zdmciPjwvc3ZnPg==\" style=\"--smush-placeholder-width: 1500px; --smush-placeholder-aspect-ratio: 1500\/1000;\" \/><\/a>\n\t\t\t<\/dt><\/dl><dl class='gallery-item'>\n\t\t\t<dt class='gallery-icon landscape'>\n\t\t\t\t<a data-fancybox=\"mesmerize-gallery-1-group\" href='https:\/\/fotogasteiz.com\/blog\/wp-content\/uploads\/2022\/05\/par446294-overlay.jpeg'><img decoding=\"async\"  width=\"1501\" height=\"1000\" data-src=\"https:\/\/fotogasteiz.com\/blog\/wp-content\/uploads\/2022\/05\/par446294-overlay.jpeg\"  class='mesmerize-gallery-1-image lazyload' alt=\"\" data-srcset=\"https:\/\/fotogasteiz.com\/blog\/wp-content\/uploads\/2022\/05\/par446294-overlay.jpeg 1501w, https:\/\/fotogasteiz.com\/blog\/wp-content\/smush-avif\/2022\/05\/par446294-overlay-300x200.jpeg.avif 300w, https:\/\/fotogasteiz.com\/blog\/wp-content\/smush-avif\/2022\/05\/par446294-overlay-1024x682.jpeg.avif 1024w, https:\/\/fotogasteiz.com\/blog\/wp-content\/smush-avif\/2022\/05\/par446294-overlay-768x512.jpeg.avif 768w\" data-sizes=\"(max-width: 1501px) 100vw, 1501px\" src=\"data:image\/svg+xml;base64,PHN2ZyB3aWR0aD0iMSIgaGVpZ2h0PSIxIiB4bWxucz0iaHR0cDovL3d3dy53My5vcmcvMjAwMC9zdmciPjwvc3ZnPg==\" style=\"--smush-placeholder-width: 1501px; --smush-placeholder-aspect-ratio: 1501\/1000;\" \/><\/a>\n\t\t\t<\/dt><\/dl><dl class='gallery-item'>\n\t\t\t<dt class='gallery-icon landscape'>\n\t\t\t\t<a data-fancybox=\"mesmerize-gallery-1-group\" href='https:\/\/fotogasteiz.com\/blog\/wp-content\/uploads\/2022\/05\/par446282-overlay.jpeg'><img decoding=\"async\"  width=\"1503\" height=\"1000\" data-src=\"https:\/\/fotogasteiz.com\/blog\/wp-content\/uploads\/2022\/05\/par446282-overlay.jpeg\"  class='mesmerize-gallery-1-image lazyload' alt=\"\" data-srcset=\"https:\/\/fotogasteiz.com\/blog\/wp-content\/uploads\/2022\/05\/par446282-overlay.jpeg 1503w, https:\/\/fotogasteiz.com\/blog\/wp-content\/smush-avif\/2022\/05\/par446282-overlay-300x200.jpeg.avif 300w, https:\/\/fotogasteiz.com\/blog\/wp-content\/smush-avif\/2022\/05\/par446282-overlay-1024x681.jpeg.avif 1024w, https:\/\/fotogasteiz.com\/blog\/wp-content\/smush-avif\/2022\/05\/par446282-overlay-768x511.jpeg.avif 768w\" data-sizes=\"(max-width: 1503px) 100vw, 1503px\" src=\"data:image\/svg+xml;base64,PHN2ZyB3aWR0aD0iMSIgaGVpZ2h0PSIxIiB4bWxucz0iaHR0cDovL3d3dy53My5vcmcvMjAwMC9zdmciPjwvc3ZnPg==\" style=\"--smush-placeholder-width: 1503px; --smush-placeholder-aspect-ratio: 1503\/1000;\" \/><\/a>\n\t\t\t<\/dt><\/dl><dl class='gallery-item'>\n\t\t\t<dt class='gallery-icon landscape'>\n\t\t\t\t<a data-fancybox=\"mesmerize-gallery-1-group\" href='https:\/\/fotogasteiz.com\/blog\/wp-content\/uploads\/2022\/05\/nn11455868-overlay.jpeg'><img decoding=\"async\"  width=\"1507\" height=\"1000\" data-src=\"https:\/\/fotogasteiz.com\/blog\/wp-content\/uploads\/2022\/05\/nn11455868-overlay.jpeg\"  class='mesmerize-gallery-1-image lazyload' alt=\"\" data-srcset=\"https:\/\/fotogasteiz.com\/blog\/wp-content\/uploads\/2022\/05\/nn11455868-overlay.jpeg 1507w, https:\/\/fotogasteiz.com\/blog\/wp-content\/smush-avif\/2022\/05\/nn11455868-overlay-300x199.jpeg.avif 300w, https:\/\/fotogasteiz.com\/blog\/wp-content\/smush-avif\/2022\/05\/nn11455868-overlay-1024x679.jpeg.avif 1024w, https:\/\/fotogasteiz.com\/blog\/wp-content\/smush-avif\/2022\/05\/nn11455868-overlay-768x510.jpeg.avif 768w\" data-sizes=\"(max-width: 1507px) 100vw, 1507px\" src=\"data:image\/svg+xml;base64,PHN2ZyB3aWR0aD0iMSIgaGVpZ2h0PSIxIiB4bWxucz0iaHR0cDovL3d3dy53My5vcmcvMjAwMC9zdmciPjwvc3ZnPg==\" style=\"--smush-placeholder-width: 1507px; --smush-placeholder-aspect-ratio: 1507\/1000;\" \/><\/a>\n\t\t\t<\/dt><\/dl><dl class='gallery-item'>\n\t\t\t<dt class='gallery-icon landscape'>\n\t\t\t\t<a data-fancybox=\"mesmerize-gallery-1-group\" href='https:\/\/fotogasteiz.com\/blog\/wp-content\/uploads\/2022\/05\/nn11455865-overlay.jpeg'><img decoding=\"async\"  width=\"1505\" height=\"1000\" data-src=\"https:\/\/fotogasteiz.com\/blog\/wp-content\/uploads\/2022\/05\/nn11455865-overlay.jpeg\"  class='mesmerize-gallery-1-image lazyload' alt=\"\" data-srcset=\"https:\/\/fotogasteiz.com\/blog\/wp-content\/uploads\/2022\/05\/nn11455865-overlay.jpeg 1505w, https:\/\/fotogasteiz.com\/blog\/wp-content\/smush-avif\/2022\/05\/nn11455865-overlay-300x199.jpeg.avif 300w, https:\/\/fotogasteiz.com\/blog\/wp-content\/smush-avif\/2022\/05\/nn11455865-overlay-1024x680.jpeg.avif 1024w, https:\/\/fotogasteiz.com\/blog\/wp-content\/smush-avif\/2022\/05\/nn11455865-overlay-768x510.jpeg.avif 768w\" data-sizes=\"(max-width: 1505px) 100vw, 1505px\" src=\"data:image\/svg+xml;base64,PHN2ZyB3aWR0aD0iMSIgaGVpZ2h0PSIxIiB4bWxucz0iaHR0cDovL3d3dy53My5vcmcvMjAwMC9zdmciPjwvc3ZnPg==\" style=\"--smush-placeholder-width: 1505px; --smush-placeholder-aspect-ratio: 1505\/1000;\" \/><\/a>\n\t\t\t<\/dt><\/dl><dl class='gallery-item'>\n\t\t\t<dt class='gallery-icon landscape'>\n\t\t\t\t<a data-fancybox=\"mesmerize-gallery-1-group\" href='https:\/\/fotogasteiz.com\/blog\/wp-content\/uploads\/2022\/05\/nn11455856-overlay.jpeg'><img decoding=\"async\"  width=\"1504\" height=\"1000\" data-src=\"https:\/\/fotogasteiz.com\/blog\/wp-content\/uploads\/2022\/05\/nn11455856-overlay.jpeg\"  class='mesmerize-gallery-1-image lazyload' alt=\"\" data-srcset=\"https:\/\/fotogasteiz.com\/blog\/wp-content\/uploads\/2022\/05\/nn11455856-overlay.jpeg 1504w, https:\/\/fotogasteiz.com\/blog\/wp-content\/smush-avif\/2022\/05\/nn11455856-overlay-300x199.jpeg.avif 300w, https:\/\/fotogasteiz.com\/blog\/wp-content\/smush-avif\/2022\/05\/nn11455856-overlay-1024x681.jpeg.avif 1024w, https:\/\/fotogasteiz.com\/blog\/wp-content\/smush-avif\/2022\/05\/nn11455856-overlay-768x511.jpeg.avif 768w\" data-sizes=\"(max-width: 1504px) 100vw, 1504px\" src=\"data:image\/svg+xml;base64,PHN2ZyB3aWR0aD0iMSIgaGVpZ2h0PSIxIiB4bWxucz0iaHR0cDovL3d3dy53My5vcmcvMjAwMC9zdmciPjwvc3ZnPg==\" style=\"--smush-placeholder-width: 1504px; --smush-placeholder-aspect-ratio: 1504\/1000;\" \/><\/a>\n\t\t\t<\/dt><\/dl><dl class='gallery-item'>\n\t\t\t<dt class='gallery-icon landscape'>\n\t\t\t\t<a data-fancybox=\"mesmerize-gallery-1-group\" href='https:\/\/fotogasteiz.com\/blog\/wp-content\/uploads\/2022\/05\/nn11455844-overlay.jpeg'><img decoding=\"async\"  width=\"1504\" height=\"1000\" data-src=\"https:\/\/fotogasteiz.com\/blog\/wp-content\/uploads\/2022\/05\/nn11455844-overlay.jpeg\"  class='mesmerize-gallery-1-image lazyload' alt=\"\" data-srcset=\"https:\/\/fotogasteiz.com\/blog\/wp-content\/uploads\/2022\/05\/nn11455844-overlay.jpeg 1504w, https:\/\/fotogasteiz.com\/blog\/wp-content\/smush-avif\/2022\/05\/nn11455844-overlay-300x199.jpeg.avif 300w, https:\/\/fotogasteiz.com\/blog\/wp-content\/smush-avif\/2022\/05\/nn11455844-overlay-1024x681.jpeg.avif 1024w, https:\/\/fotogasteiz.com\/blog\/wp-content\/smush-avif\/2022\/05\/nn11455844-overlay-768x511.jpeg.avif 768w\" data-sizes=\"(max-width: 1504px) 100vw, 1504px\" src=\"data:image\/svg+xml;base64,PHN2ZyB3aWR0aD0iMSIgaGVpZ2h0PSIxIiB4bWxucz0iaHR0cDovL3d3dy53My5vcmcvMjAwMC9zdmciPjwvc3ZnPg==\" style=\"--smush-placeholder-width: 1504px; --smush-placeholder-aspect-ratio: 1504\/1000;\" \/><\/a>\n\t\t\t<\/dt><\/dl><dl class='gallery-item'>\n\t\t\t<dt class='gallery-icon landscape'>\n\t\t\t\t<a data-fancybox=\"mesmerize-gallery-1-group\" href='https:\/\/fotogasteiz.com\/blog\/wp-content\/uploads\/2022\/05\/nn11455843-overlay.jpeg'><img decoding=\"async\"  width=\"1507\" height=\"1000\" data-src=\"https:\/\/fotogasteiz.com\/blog\/wp-content\/uploads\/2022\/05\/nn11455843-overlay.jpeg\"  class='mesmerize-gallery-1-image lazyload' alt=\"\" data-srcset=\"https:\/\/fotogasteiz.com\/blog\/wp-content\/uploads\/2022\/05\/nn11455843-overlay.jpeg 1507w, https:\/\/fotogasteiz.com\/blog\/wp-content\/smush-avif\/2022\/05\/nn11455843-overlay-300x199.jpeg.avif 300w, https:\/\/fotogasteiz.com\/blog\/wp-content\/smush-avif\/2022\/05\/nn11455843-overlay-1024x679.jpeg.avif 1024w, https:\/\/fotogasteiz.com\/blog\/wp-content\/smush-avif\/2022\/05\/nn11455843-overlay-768x510.jpeg.avif 768w\" data-sizes=\"(max-width: 1507px) 100vw, 1507px\" src=\"data:image\/svg+xml;base64,PHN2ZyB3aWR0aD0iMSIgaGVpZ2h0PSIxIiB4bWxucz0iaHR0cDovL3d3dy53My5vcmcvMjAwMC9zdmciPjwvc3ZnPg==\" style=\"--smush-placeholder-width: 1507px; --smush-placeholder-aspect-ratio: 1507\/1000;\" \/><\/a>\n\t\t\t<\/dt><\/dl><dl class='gallery-item'>\n\t\t\t<dt class='gallery-icon landscape'>\n\t\t\t\t<a data-fancybox=\"mesmerize-gallery-1-group\" href='https:\/\/fotogasteiz.com\/blog\/wp-content\/uploads\/2022\/05\/nn11455836-overlay.jpeg'><img decoding=\"async\"  width=\"1499\" height=\"1000\" data-src=\"https:\/\/fotogasteiz.com\/blog\/wp-content\/uploads\/2022\/05\/nn11455836-overlay.jpeg\"  class='mesmerize-gallery-1-image lazyload' alt=\"\" data-srcset=\"https:\/\/fotogasteiz.com\/blog\/wp-content\/uploads\/2022\/05\/nn11455836-overlay.jpeg 1499w, https:\/\/fotogasteiz.com\/blog\/wp-content\/smush-avif\/2022\/05\/nn11455836-overlay-300x200.jpeg.avif 300w, https:\/\/fotogasteiz.com\/blog\/wp-content\/smush-avif\/2022\/05\/nn11455836-overlay-1024x683.jpeg.avif 1024w, https:\/\/fotogasteiz.com\/blog\/wp-content\/smush-avif\/2022\/05\/nn11455836-overlay-768x512.jpeg.avif 768w\" data-sizes=\"(max-width: 1499px) 100vw, 1499px\" src=\"data:image\/svg+xml;base64,PHN2ZyB3aWR0aD0iMSIgaGVpZ2h0PSIxIiB4bWxucz0iaHR0cDovL3d3dy53My5vcmcvMjAwMC9zdmciPjwvc3ZnPg==\" style=\"--smush-placeholder-width: 1499px; --smush-placeholder-aspect-ratio: 1499\/1000;\" \/><\/a>\n\t\t\t<\/dt><\/dl><dl class='gallery-item'>\n\t\t\t<dt class='gallery-icon landscape'>\n\t\t\t\t<a data-fancybox=\"mesmerize-gallery-1-group\" href='https:\/\/fotogasteiz.com\/blog\/wp-content\/uploads\/2022\/05\/nn11455831-overlay.jpeg'><img decoding=\"async\"  width=\"1501\" height=\"1000\" data-src=\"https:\/\/fotogasteiz.com\/blog\/wp-content\/uploads\/2022\/05\/nn11455831-overlay.jpeg\"  class='mesmerize-gallery-1-image lazyload' alt=\"\" data-srcset=\"https:\/\/fotogasteiz.com\/blog\/wp-content\/uploads\/2022\/05\/nn11455831-overlay.jpeg 1501w, https:\/\/fotogasteiz.com\/blog\/wp-content\/smush-avif\/2022\/05\/nn11455831-overlay-300x200.jpeg.avif 300w, https:\/\/fotogasteiz.com\/blog\/wp-content\/smush-avif\/2022\/05\/nn11455831-overlay-1024x682.jpeg.avif 1024w, https:\/\/fotogasteiz.com\/blog\/wp-content\/smush-avif\/2022\/05\/nn11455831-overlay-768x512.jpeg.avif 768w\" data-sizes=\"(max-width: 1501px) 100vw, 1501px\" src=\"data:image\/svg+xml;base64,PHN2ZyB3aWR0aD0iMSIgaGVpZ2h0PSIxIiB4bWxucz0iaHR0cDovL3d3dy53My5vcmcvMjAwMC9zdmciPjwvc3ZnPg==\" style=\"--smush-placeholder-width: 1501px; --smush-placeholder-aspect-ratio: 1501\/1000;\" \/><\/a>\n\t\t\t<\/dt><\/dl><dl class='gallery-item'>\n\t\t\t<dt class='gallery-icon portrait'>\n\t\t\t\t<a data-fancybox=\"mesmerize-gallery-1-group\" href='https:\/\/fotogasteiz.com\/blog\/wp-content\/uploads\/2022\/05\/nn11455822-overlay.jpeg'><img decoding=\"async\"  width=\"667\" height=\"1000\" data-src=\"https:\/\/fotogasteiz.com\/blog\/wp-content\/uploads\/2022\/05\/nn11455822-overlay.jpeg\"  class='mesmerize-gallery-1-image lazyload' alt=\"\" data-srcset=\"https:\/\/fotogasteiz.com\/blog\/wp-content\/uploads\/2022\/05\/nn11455822-overlay.jpeg 667w, https:\/\/fotogasteiz.com\/blog\/wp-content\/smush-avif\/2022\/05\/nn11455822-overlay-200x300.jpeg.avif 200w\" data-sizes=\"(max-width: 667px) 100vw, 667px\" src=\"data:image\/svg+xml;base64,PHN2ZyB3aWR0aD0iMSIgaGVpZ2h0PSIxIiB4bWxucz0iaHR0cDovL3d3dy53My5vcmcvMjAwMC9zdmciPjwvc3ZnPg==\" style=\"--smush-placeholder-width: 667px; --smush-placeholder-aspect-ratio: 667\/1000;\" \/><\/a>\n\t\t\t<\/dt><\/dl><dl class='gallery-item'>\n\t\t\t<dt class='gallery-icon landscape'>\n\t\t\t\t<a data-fancybox=\"mesmerize-gallery-1-group\" href='https:\/\/fotogasteiz.com\/blog\/wp-content\/uploads\/2022\/05\/nn11455819-overlay.jpeg'><img decoding=\"async\"  width=\"1501\" height=\"1000\" data-src=\"https:\/\/fotogasteiz.com\/blog\/wp-content\/uploads\/2022\/05\/nn11455819-overlay.jpeg\"  class='mesmerize-gallery-1-image lazyload' alt=\"\" data-srcset=\"https:\/\/fotogasteiz.com\/blog\/wp-content\/uploads\/2022\/05\/nn11455819-overlay.jpeg 1501w, https:\/\/fotogasteiz.com\/blog\/wp-content\/smush-avif\/2022\/05\/nn11455819-overlay-300x200.jpeg.avif 300w, https:\/\/fotogasteiz.com\/blog\/wp-content\/smush-avif\/2022\/05\/nn11455819-overlay-1024x682.jpeg.avif 1024w, https:\/\/fotogasteiz.com\/blog\/wp-content\/smush-avif\/2022\/05\/nn11455819-overlay-768x512.jpeg.avif 768w\" data-sizes=\"(max-width: 1501px) 100vw, 1501px\" src=\"data:image\/svg+xml;base64,PHN2ZyB3aWR0aD0iMSIgaGVpZ2h0PSIxIiB4bWxucz0iaHR0cDovL3d3dy53My5vcmcvMjAwMC9zdmciPjwvc3ZnPg==\" style=\"--smush-placeholder-width: 1501px; --smush-placeholder-aspect-ratio: 1501\/1000;\" \/><\/a>\n\t\t\t<\/dt><\/dl><dl class='gallery-item'>\n\t\t\t<dt class='gallery-icon landscape'>\n\t\t\t\t<a data-fancybox=\"mesmerize-gallery-1-group\" href='https:\/\/fotogasteiz.com\/blog\/wp-content\/uploads\/2022\/05\/nn11455817-overlay.jpeg'><img decoding=\"async\"  width=\"1501\" height=\"1000\" data-src=\"https:\/\/fotogasteiz.com\/blog\/wp-content\/uploads\/2022\/05\/nn11455817-overlay.jpeg\"  class='mesmerize-gallery-1-image lazyload' alt=\"\" data-srcset=\"https:\/\/fotogasteiz.com\/blog\/wp-content\/uploads\/2022\/05\/nn11455817-overlay.jpeg 1501w, https:\/\/fotogasteiz.com\/blog\/wp-content\/smush-avif\/2022\/05\/nn11455817-overlay-300x200.jpeg.avif 300w, https:\/\/fotogasteiz.com\/blog\/wp-content\/smush-avif\/2022\/05\/nn11455817-overlay-1024x682.jpeg.avif 1024w, https:\/\/fotogasteiz.com\/blog\/wp-content\/smush-avif\/2022\/05\/nn11455817-overlay-768x512.jpeg.avif 768w\" data-sizes=\"(max-width: 1501px) 100vw, 1501px\" src=\"data:image\/svg+xml;base64,PHN2ZyB3aWR0aD0iMSIgaGVpZ2h0PSIxIiB4bWxucz0iaHR0cDovL3d3dy53My5vcmcvMjAwMC9zdmciPjwvc3ZnPg==\" style=\"--smush-placeholder-width: 1501px; --smush-placeholder-aspect-ratio: 1501\/1000;\" \/><\/a>\n\t\t\t<\/dt><\/dl><dl class='gallery-item'>\n\t\t\t<dt class='gallery-icon landscape'>\n\t\t\t\t<a data-fancybox=\"mesmerize-gallery-1-group\" href='https:\/\/fotogasteiz.com\/blog\/wp-content\/uploads\/2022\/05\/par446338-overlay.jpeg'><img decoding=\"async\"  width=\"1507\" height=\"1000\" data-src=\"https:\/\/fotogasteiz.com\/blog\/wp-content\/uploads\/2022\/05\/par446338-overlay.jpeg\"  class='mesmerize-gallery-1-image lazyload' alt=\"\" data-srcset=\"https:\/\/fotogasteiz.com\/blog\/wp-content\/uploads\/2022\/05\/par446338-overlay.jpeg 1507w, https:\/\/fotogasteiz.com\/blog\/wp-content\/smush-avif\/2022\/05\/par446338-overlay-300x199.jpeg.avif 300w, https:\/\/fotogasteiz.com\/blog\/wp-content\/smush-avif\/2022\/05\/par446338-overlay-1024x679.jpeg.avif 1024w, https:\/\/fotogasteiz.com\/blog\/wp-content\/smush-avif\/2022\/05\/par446338-overlay-768x510.jpeg.avif 768w\" data-sizes=\"(max-width: 1507px) 100vw, 1507px\" src=\"data:image\/svg+xml;base64,PHN2ZyB3aWR0aD0iMSIgaGVpZ2h0PSIxIiB4bWxucz0iaHR0cDovL3d3dy53My5vcmcvMjAwMC9zdmciPjwvc3ZnPg==\" style=\"--smush-placeholder-width: 1507px; --smush-placeholder-aspect-ratio: 1507\/1000;\" \/><\/a>\n\t\t\t<\/dt><\/dl><dl class='gallery-item'>\n\t\t\t<dt class='gallery-icon landscape'>\n\t\t\t\t<a data-fancybox=\"mesmerize-gallery-1-group\" href='https:\/\/fotogasteiz.com\/blog\/wp-content\/uploads\/2022\/05\/par446375-overlay.jpeg'><img decoding=\"async\"  width=\"1500\" height=\"1000\" data-src=\"https:\/\/fotogasteiz.com\/blog\/wp-content\/uploads\/2022\/05\/par446375-overlay.jpeg\"  class='mesmerize-gallery-1-image lazyload' alt=\"\" data-srcset=\"https:\/\/fotogasteiz.com\/blog\/wp-content\/uploads\/2022\/05\/par446375-overlay.jpeg 1500w, https:\/\/fotogasteiz.com\/blog\/wp-content\/smush-avif\/2022\/05\/par446375-overlay-300x200.jpeg.avif 300w, https:\/\/fotogasteiz.com\/blog\/wp-content\/smush-avif\/2022\/05\/par446375-overlay-1024x683.jpeg.avif 1024w, https:\/\/fotogasteiz.com\/blog\/wp-content\/smush-avif\/2022\/05\/par446375-overlay-768x512.jpeg.avif 768w\" data-sizes=\"(max-width: 1500px) 100vw, 1500px\" src=\"data:image\/svg+xml;base64,PHN2ZyB3aWR0aD0iMSIgaGVpZ2h0PSIxIiB4bWxucz0iaHR0cDovL3d3dy53My5vcmcvMjAwMC9zdmciPjwvc3ZnPg==\" style=\"--smush-placeholder-width: 1500px; --smush-placeholder-aspect-ratio: 1500\/1000;\" \/><\/a>\n\t\t\t<\/dt><\/dl>\n\t\t<\/div>\n<script>(function($){window.MaterialisCaptionsGallery && window.MaterialisCaptionsGallery($('[data-unique-id=\"mesmerize-gallery-1-69f38c9d79e50\"]'))})(jQuery)<\/script><\/div><\/div><\/div> <\/div><\/div><div  data-label=\"rural\" data-id=\"content--9\" data-export-id=\"content-7\" data-category=\"content\" class=\"content-7 content-section content-section-spacing\" id=\"rural\" style=\"background-color: rgb(245, 250, 253); background-image: none;\"><div  class=\"gridContainer\"> <div  class=\"row middle-sm\"><div  class=\"col-sm-6 space-bottom-xs\" data-type=\"column\"> <p  class=\"lead\"><span  style=\"font-family: Muli, arial, helvetica, sans-serif; font-weight: 900; color: rgb(255, 152, 0);\">BIOGRAF\u00cdA DE RAYMOND DEPARDON<\/span><\/p><h2  class=\"\"><span  style=\"font-family: &quot;Playfair Display&quot;, arial, helvetica, sans-serif; color: rgb(0, 0, 0);\">\u2018Rural\u2019, un regreso al origen de Raymond Depardon<\/span><\/h2> <p  class=\"\"><span  style=\"font-family: Muli, arial, helvetica, sans-serif; color: rgb(52, 58, 64);\">Durante dos d\u00e9cadas, desde los 90, <span  style=\"font-weight: 900;\">Raymond Depardon<\/span> recorri\u00f3 un mundo que vivi\u00f3 en primera persona de ni\u00f1o: la Francia rural con su c\u00e1mara de 6\u00d79. <span  style=\"font-style: italic;\">\u00abFotografiar y filmar a los agricultores significa entrar en su vida privada y crear relaciones de confianza a lo largo de muchos a\u00f1os\u00bb.\n<\/span><\/span><br ><br ><span  style=\"font-family: Muli, arial, helvetica, sans-serif; color: rgb(52, 58, 64);\">\nExplor\u00f3 el mundo agr\u00edcola y fotografi\u00f3 a sus protagonistas en sus granjas y campos con pel\u00edcula de blanco y negro; al ganado en su territorio; la propia tierra antes y despu\u00e9s de dar fruto; los pueblos de los ganaderos en d\u00edas de sol y esos mismos pueblos en d\u00edas de nieve; sus carreteras, sus caminos de parcelaria, el bar del pueblo\u2026 \n<br ><br >Fruto de esos a\u00f1os de trabajo en oto\u00f1o de 2020 public\u00f3 el libro <a data-mce-href=\"https:\/\/amzn.to\/3yQyEo3\" href=\"https:\/\/amzn.to\/3yQyEo3\" target=\"_blank\" rel=\"noopener\" data-mce-selected=\"inline-boundary\" data-cp-link=\"1\" class=\"\"><span  style=\"font-weight: 900;\">\u2018Rural\u2019<\/span><\/a> con la <span  style=\"font-weight: 900;\">Fundaci\u00f3n Cartier Bresson<\/span>, el que cuenta la historia de la tierra, la gente, el trabajo manual, el aislamiento y la fragilidad de las peque\u00f1as granjas, pero tambi\u00e9n la belleza de la campi\u00f1a francesa. \n<br ><br >Cada foto ocupa toda la p\u00e1gina, dejando un espacio bajo cada foto para explicar qui\u00e9n es la persona a la que vemos, d\u00f3nde se encuentra y en qu\u00e9 a\u00f1o tom\u00f3 la foto. En el caso de los paisajes: el lugar y el a\u00f1o. \n<br ><br >Se trata de escenas iluminadas por el sol, de ovejas en laderas solitarias y peque\u00f1os pueblos antiguos y espaciosos se yuxtaponen con las mismas escenas en invierno, donde esos mismos pueblos y laderas ofrecen nuevos contrastes, como entre la nieve intacta y la tierra oscura agitada por los granjeros y su ganado a solo unos metros de distancia. Este trabajo se public\u00f3 como un homenaje a las ra\u00edces de <span  style=\"font-weight: 900;\">Raymond Depardon.<\/span><\/span><\/p> <\/div> <div  class=\"col-sm-6\" data-type=\"column\"> <img decoding=\"async\"  class=\"shadow-large lazyload\" data-src=\"https:\/\/i0.wp.com\/fotogasteiz.com\/blog\/wp-content\/uploads\/2022\/05\/1-DER1982001W00046-26-2-scaled-1.jpeg?w=3840&amp;ssl=1\" title=\"1-DER1982001W00046-26-2-scaled\" alt=\"\" width=\"586\" height=\"400\" src=\"data:image\/svg+xml;base64,PHN2ZyB3aWR0aD0iMSIgaGVpZ2h0PSIxIiB4bWxucz0iaHR0cDovL3d3dy53My5vcmcvMjAwMC9zdmciPjwvc3ZnPg==\" style=\"--smush-placeholder-width: 586px; --smush-placeholder-aspect-ratio: 586\/400;\"><p  class=\"\">&nbsp;<\/p><img decoding=\"async\"  class=\"custom-image lazyload\" data-src=\"https:\/\/i0.wp.com\/fotogasteiz.com\/blog\/wp-content\/uploads\/2022\/05\/9-DER2002005W00017-11-scaled-1.jpeg?w=3840&amp;ssl=1\" title=\"9-DER2002005W00017-11-scaled\" alt=\"\" width=\"586\" height=\"396\" src=\"data:image\/svg+xml;base64,PHN2ZyB3aWR0aD0iMSIgaGVpZ2h0PSIxIiB4bWxucz0iaHR0cDovL3d3dy53My5vcmcvMjAwMC9zdmciPjwvc3ZnPg==\" style=\"--smush-placeholder-width: 586px; --smush-placeholder-aspect-ratio: 586\/396;\"><\/div> <\/div><\/div> <\/div><div  data-label=\"fotos rural\" data-id=\"gallery--2\" data-export-id=\"gallery-1\" data-category=\"gallery\" class=\"gallery-1 content-section content-section-spacing\" id=\"fotos-rural\" style=\"background-color: rgb(52, 58, 64); background-image: none;\"><div  class=\"gridContainer\"> <div  class=\"row\"><div  class=\"section-title-col\" data-type=\"column\"> <h2  class=\"\"><span  style=\"font-family: &quot;Playfair Display&quot;, arial, helvetica, sans-serif; color: rgb(255, 255, 255);\">Rural \u2013 Depardon<\/span><\/h2> <a class=\"button color1\" href=\"https:\/\/amzn.to\/3wt2wFu\" target=\"_blank\" data-cp-link=\"1\" data-icon=\"\" rel=\"noopener\">comprar libro<\/a><\/div> <\/div> <div  class=\"row text-center\"> <div  class=\"col-xs-12\" data-editable=\"true\" data-content-shortcode=\"mesmerize_gallery id=&quot;mesmerize-gallery-1&quot; columns=&quot;5&quot; ids=&quot;19110,19109,19108,19107,19106,19105,19104,19102,19111,19103&quot; lb=&quot;1&quot; masonry=&quot;1&quot; size=&quot;mesmerize-full-hd&quot; link=&quot;file&quot; \"><div id='mesmerize-gallery-1' class='gallery-wrapper'><style type=\"text\/css\">\n                    @media only screen and (min-width: 768px) {\n                    [data-unique-id='mesmerize-gallery-1-69f38c9d7bfd1'] dl {\n                        float: left;\n                        width: 20% !important;\n                        max-width:  20% !important;\n                        min-width:  20% !important;\n                    }\n\n                    [data-unique-id='mesmerize-gallery-1-69f38c9d7bfd1'] dl:nth-of-type(5n +1 ) {\n                      clear: both;\n                      }\n                    }\n                <\/style><div id='mesmerize-gallery-1' class='mesmerize-gallery-1-dls-wrapper gallery-items-wrapper materialis-gallery' data-unique-id='mesmerize-gallery-1-69f38c9d7bfd1'><dl class='gallery-item'>\n\t\t\t<dt class='gallery-icon landscape'>\n\t\t\t\t<a data-fancybox=\"mesmerize-gallery-1-group\" href='https:\/\/fotogasteiz.com\/blog\/wp-content\/uploads\/2022\/05\/2-DER1999003W00001-06-scaled-1.jpeg'><img decoding=\"async\"  width=\"1590\" height=\"1080\" data-src=\"https:\/\/fotogasteiz.com\/blog\/wp-content\/smush-avif\/2022\/05\/2-DER1999003W00001-06-scaled-1-1590x1080.jpeg.avif\"  class='mesmerize-gallery-1-image lazyload' alt=\"\" data-srcset=\"https:\/\/fotogasteiz.com\/blog\/wp-content\/smush-avif\/2022\/05\/2-DER1999003W00001-06-scaled-1-1590x1080.jpeg.avif 1590w, https:\/\/fotogasteiz.com\/blog\/wp-content\/smush-avif\/2022\/05\/2-DER1999003W00001-06-scaled-1-300x204.jpeg.avif 300w, https:\/\/fotogasteiz.com\/blog\/wp-content\/smush-avif\/2022\/05\/2-DER1999003W00001-06-scaled-1-1024x696.jpeg.avif 1024w, https:\/\/fotogasteiz.com\/blog\/wp-content\/smush-avif\/2022\/05\/2-DER1999003W00001-06-scaled-1-768x522.jpeg.avif 768w, https:\/\/fotogasteiz.com\/blog\/wp-content\/smush-avif\/2022\/05\/2-DER1999003W00001-06-scaled-1-1536x1043.jpeg.avif 1536w, https:\/\/fotogasteiz.com\/blog\/wp-content\/smush-avif\/2022\/05\/2-DER1999003W00001-06-scaled-1-2048x1391.jpeg.avif 2048w\" data-sizes=\"(max-width: 1590px) 100vw, 1590px\" src=\"data:image\/svg+xml;base64,PHN2ZyB3aWR0aD0iMSIgaGVpZ2h0PSIxIiB4bWxucz0iaHR0cDovL3d3dy53My5vcmcvMjAwMC9zdmciPjwvc3ZnPg==\" style=\"--smush-placeholder-width: 1590px; --smush-placeholder-aspect-ratio: 1590\/1080;\" \/><\/a>\n\t\t\t<\/dt><\/dl><dl class='gallery-item'>\n\t\t\t<dt class='gallery-icon landscape'>\n\t\t\t\t<a data-fancybox=\"mesmerize-gallery-1-group\" href='https:\/\/fotogasteiz.com\/blog\/wp-content\/uploads\/2022\/05\/3-DER1991025W00019-10.11-scaled-1.jpeg'><img decoding=\"async\"  width=\"1598\" height=\"1080\" data-src=\"https:\/\/fotogasteiz.com\/blog\/wp-content\/smush-avif\/2022\/05\/3-DER1991025W00019-10.11-scaled-1-1598x1080.jpeg.avif\"  class='mesmerize-gallery-1-image lazyload' alt=\"\" data-srcset=\"https:\/\/fotogasteiz.com\/blog\/wp-content\/smush-avif\/2022\/05\/3-DER1991025W00019-10.11-scaled-1-1598x1080.jpeg.avif 1598w, https:\/\/fotogasteiz.com\/blog\/wp-content\/smush-avif\/2022\/05\/3-DER1991025W00019-10.11-scaled-1-300x203.jpeg.avif 300w, https:\/\/fotogasteiz.com\/blog\/wp-content\/smush-avif\/2022\/05\/3-DER1991025W00019-10.11-scaled-1-1024x692.jpeg.avif 1024w, https:\/\/fotogasteiz.com\/blog\/wp-content\/smush-avif\/2022\/05\/3-DER1991025W00019-10.11-scaled-1-768x519.jpeg.avif 768w, https:\/\/fotogasteiz.com\/blog\/wp-content\/smush-avif\/2022\/05\/3-DER1991025W00019-10.11-scaled-1-1536x1038.jpeg.avif 1536w, https:\/\/fotogasteiz.com\/blog\/wp-content\/smush-avif\/2022\/05\/3-DER1991025W00019-10.11-scaled-1-2048x1384.jpeg.avif 2048w\" data-sizes=\"(max-width: 1598px) 100vw, 1598px\" src=\"data:image\/svg+xml;base64,PHN2ZyB3aWR0aD0iMSIgaGVpZ2h0PSIxIiB4bWxucz0iaHR0cDovL3d3dy53My5vcmcvMjAwMC9zdmciPjwvc3ZnPg==\" style=\"--smush-placeholder-width: 1598px; --smush-placeholder-aspect-ratio: 1598\/1080;\" \/><\/a>\n\t\t\t<\/dt><\/dl><dl class='gallery-item'>\n\t\t\t<dt class='gallery-icon landscape'>\n\t\t\t\t<a data-fancybox=\"mesmerize-gallery-1-group\" href='https:\/\/fotogasteiz.com\/blog\/wp-content\/uploads\/2022\/05\/4-DER1993002W00060-12-scaled-1.jpeg'><img decoding=\"async\"  width=\"1598\" height=\"1080\" data-src=\"https:\/\/fotogasteiz.com\/blog\/wp-content\/smush-avif\/2022\/05\/4-DER1993002W00060-12-scaled-1-1598x1080.jpeg.avif\"  class='mesmerize-gallery-1-image lazyload' alt=\"\" data-srcset=\"https:\/\/fotogasteiz.com\/blog\/wp-content\/smush-avif\/2022\/05\/4-DER1993002W00060-12-scaled-1-1598x1080.jpeg.avif 1598w, https:\/\/fotogasteiz.com\/blog\/wp-content\/smush-avif\/2022\/05\/4-DER1993002W00060-12-scaled-1-300x203.jpeg.avif 300w, https:\/\/fotogasteiz.com\/blog\/wp-content\/smush-avif\/2022\/05\/4-DER1993002W00060-12-scaled-1-1024x692.jpeg.avif 1024w, https:\/\/fotogasteiz.com\/blog\/wp-content\/smush-avif\/2022\/05\/4-DER1993002W00060-12-scaled-1-768x519.jpeg.avif 768w, https:\/\/fotogasteiz.com\/blog\/wp-content\/smush-avif\/2022\/05\/4-DER1993002W00060-12-scaled-1-1536x1038.jpeg.avif 1536w, https:\/\/fotogasteiz.com\/blog\/wp-content\/smush-avif\/2022\/05\/4-DER1993002W00060-12-scaled-1-2048x1384.jpeg.avif 2048w\" data-sizes=\"(max-width: 1598px) 100vw, 1598px\" src=\"data:image\/svg+xml;base64,PHN2ZyB3aWR0aD0iMSIgaGVpZ2h0PSIxIiB4bWxucz0iaHR0cDovL3d3dy53My5vcmcvMjAwMC9zdmciPjwvc3ZnPg==\" style=\"--smush-placeholder-width: 1598px; --smush-placeholder-aspect-ratio: 1598\/1080;\" \/><\/a>\n\t\t\t<\/dt><\/dl><dl class='gallery-item'>\n\t\t\t<dt class='gallery-icon landscape'>\n\t\t\t\t<a data-fancybox=\"mesmerize-gallery-1-group\" href='https:\/\/fotogasteiz.com\/blog\/wp-content\/uploads\/2022\/05\/5-DER1993002W00016-03-scaled-1.jpeg'><img decoding=\"async\"  width=\"1598\" height=\"1080\" data-src=\"https:\/\/fotogasteiz.com\/blog\/wp-content\/smush-avif\/2022\/05\/5-DER1993002W00016-03-scaled-1-1598x1080.jpeg.avif\"  class='mesmerize-gallery-1-image lazyload' alt=\"\" data-srcset=\"https:\/\/fotogasteiz.com\/blog\/wp-content\/smush-avif\/2022\/05\/5-DER1993002W00016-03-scaled-1-1598x1080.jpeg.avif 1598w, https:\/\/fotogasteiz.com\/blog\/wp-content\/smush-avif\/2022\/05\/5-DER1993002W00016-03-scaled-1-300x203.jpeg.avif 300w, https:\/\/fotogasteiz.com\/blog\/wp-content\/smush-avif\/2022\/05\/5-DER1993002W00016-03-scaled-1-1024x692.jpeg.avif 1024w, https:\/\/fotogasteiz.com\/blog\/wp-content\/smush-avif\/2022\/05\/5-DER1993002W00016-03-scaled-1-768x519.jpeg.avif 768w, https:\/\/fotogasteiz.com\/blog\/wp-content\/smush-avif\/2022\/05\/5-DER1993002W00016-03-scaled-1-1536x1038.jpeg.avif 1536w, https:\/\/fotogasteiz.com\/blog\/wp-content\/smush-avif\/2022\/05\/5-DER1993002W00016-03-scaled-1-2048x1384.jpeg.avif 2048w\" data-sizes=\"(max-width: 1598px) 100vw, 1598px\" src=\"data:image\/svg+xml;base64,PHN2ZyB3aWR0aD0iMSIgaGVpZ2h0PSIxIiB4bWxucz0iaHR0cDovL3d3dy53My5vcmcvMjAwMC9zdmciPjwvc3ZnPg==\" style=\"--smush-placeholder-width: 1598px; --smush-placeholder-aspect-ratio: 1598\/1080;\" \/><\/a>\n\t\t\t<\/dt><\/dl><dl class='gallery-item'>\n\t\t\t<dt class='gallery-icon landscape'>\n\t\t\t\t<a data-fancybox=\"mesmerize-gallery-1-group\" href='https:\/\/fotogasteiz.com\/blog\/wp-content\/uploads\/2022\/05\/6-DER1993002W00080-06-scaled-1.jpeg'><img decoding=\"async\"  width=\"1598\" height=\"1080\" data-src=\"https:\/\/fotogasteiz.com\/blog\/wp-content\/smush-avif\/2022\/05\/6-DER1993002W00080-06-scaled-1-1598x1080.jpeg.avif\"  class='mesmerize-gallery-1-image lazyload' alt=\"\" data-srcset=\"https:\/\/fotogasteiz.com\/blog\/wp-content\/smush-avif\/2022\/05\/6-DER1993002W00080-06-scaled-1-1598x1080.jpeg.avif 1598w, https:\/\/fotogasteiz.com\/blog\/wp-content\/smush-avif\/2022\/05\/6-DER1993002W00080-06-scaled-1-300x203.jpeg.avif 300w, https:\/\/fotogasteiz.com\/blog\/wp-content\/smush-avif\/2022\/05\/6-DER1993002W00080-06-scaled-1-1024x692.jpeg.avif 1024w, https:\/\/fotogasteiz.com\/blog\/wp-content\/smush-avif\/2022\/05\/6-DER1993002W00080-06-scaled-1-768x519.jpeg.avif 768w, https:\/\/fotogasteiz.com\/blog\/wp-content\/smush-avif\/2022\/05\/6-DER1993002W00080-06-scaled-1-1536x1038.jpeg.avif 1536w, https:\/\/fotogasteiz.com\/blog\/wp-content\/smush-avif\/2022\/05\/6-DER1993002W00080-06-scaled-1-2048x1384.jpeg.avif 2048w\" data-sizes=\"(max-width: 1598px) 100vw, 1598px\" src=\"data:image\/svg+xml;base64,PHN2ZyB3aWR0aD0iMSIgaGVpZ2h0PSIxIiB4bWxucz0iaHR0cDovL3d3dy53My5vcmcvMjAwMC9zdmciPjwvc3ZnPg==\" style=\"--smush-placeholder-width: 1598px; --smush-placeholder-aspect-ratio: 1598\/1080;\" \/><\/a>\n\t\t\t<\/dt><\/dl><dl class='gallery-item'>\n\t\t\t<dt class='gallery-icon landscape'>\n\t\t\t\t<a data-fancybox=\"mesmerize-gallery-1-group\" href='https:\/\/fotogasteiz.com\/blog\/wp-content\/uploads\/2022\/05\/7-DER1993002W00096-12-scaled-1.jpeg'><img decoding=\"async\"  width=\"1598\" height=\"1080\" data-src=\"https:\/\/fotogasteiz.com\/blog\/wp-content\/smush-avif\/2022\/05\/7-DER1993002W00096-12-scaled-1-1598x1080.jpeg.avif\"  class='mesmerize-gallery-1-image lazyload' alt=\"\" data-srcset=\"https:\/\/fotogasteiz.com\/blog\/wp-content\/smush-avif\/2022\/05\/7-DER1993002W00096-12-scaled-1-1598x1080.jpeg.avif 1598w, https:\/\/fotogasteiz.com\/blog\/wp-content\/smush-avif\/2022\/05\/7-DER1993002W00096-12-scaled-1-300x203.jpeg.avif 300w, https:\/\/fotogasteiz.com\/blog\/wp-content\/smush-avif\/2022\/05\/7-DER1993002W00096-12-scaled-1-1024x692.jpeg.avif 1024w, https:\/\/fotogasteiz.com\/blog\/wp-content\/smush-avif\/2022\/05\/7-DER1993002W00096-12-scaled-1-768x519.jpeg.avif 768w, https:\/\/fotogasteiz.com\/blog\/wp-content\/smush-avif\/2022\/05\/7-DER1993002W00096-12-scaled-1-1536x1038.jpeg.avif 1536w, https:\/\/fotogasteiz.com\/blog\/wp-content\/smush-avif\/2022\/05\/7-DER1993002W00096-12-scaled-1-2048x1384.jpeg.avif 2048w\" data-sizes=\"(max-width: 1598px) 100vw, 1598px\" src=\"data:image\/svg+xml;base64,PHN2ZyB3aWR0aD0iMSIgaGVpZ2h0PSIxIiB4bWxucz0iaHR0cDovL3d3dy53My5vcmcvMjAwMC9zdmciPjwvc3ZnPg==\" style=\"--smush-placeholder-width: 1598px; --smush-placeholder-aspect-ratio: 1598\/1080;\" \/><\/a>\n\t\t\t<\/dt><\/dl><dl class='gallery-item'>\n\t\t\t<dt class='gallery-icon landscape'>\n\t\t\t\t<a data-fancybox=\"mesmerize-gallery-1-group\" href='https:\/\/fotogasteiz.com\/blog\/wp-content\/uploads\/2022\/05\/8-DER1993002W00073-06-scaled-1.jpeg'><img decoding=\"async\"  width=\"1598\" height=\"1080\" data-src=\"https:\/\/fotogasteiz.com\/blog\/wp-content\/smush-avif\/2022\/05\/8-DER1993002W00073-06-scaled-1-1598x1080.jpeg.avif\"  class='mesmerize-gallery-1-image lazyload' alt=\"\" data-srcset=\"https:\/\/fotogasteiz.com\/blog\/wp-content\/smush-avif\/2022\/05\/8-DER1993002W00073-06-scaled-1-1598x1080.jpeg.avif 1598w, https:\/\/fotogasteiz.com\/blog\/wp-content\/smush-avif\/2022\/05\/8-DER1993002W00073-06-scaled-1-300x203.jpeg.avif 300w, https:\/\/fotogasteiz.com\/blog\/wp-content\/smush-avif\/2022\/05\/8-DER1993002W00073-06-scaled-1-1024x692.jpeg.avif 1024w, https:\/\/fotogasteiz.com\/blog\/wp-content\/smush-avif\/2022\/05\/8-DER1993002W00073-06-scaled-1-768x519.jpeg.avif 768w, https:\/\/fotogasteiz.com\/blog\/wp-content\/smush-avif\/2022\/05\/8-DER1993002W00073-06-scaled-1-1536x1038.jpeg.avif 1536w, https:\/\/fotogasteiz.com\/blog\/wp-content\/smush-avif\/2022\/05\/8-DER1993002W00073-06-scaled-1-2048x1384.jpeg.avif 2048w\" data-sizes=\"(max-width: 1598px) 100vw, 1598px\" src=\"data:image\/svg+xml;base64,PHN2ZyB3aWR0aD0iMSIgaGVpZ2h0PSIxIiB4bWxucz0iaHR0cDovL3d3dy53My5vcmcvMjAwMC9zdmciPjwvc3ZnPg==\" style=\"--smush-placeholder-width: 1598px; --smush-placeholder-aspect-ratio: 1598\/1080;\" \/><\/a>\n\t\t\t<\/dt><\/dl><dl class='gallery-item'>\n\t\t\t<dt class='gallery-icon landscape'>\n\t\t\t\t<a data-fancybox=\"mesmerize-gallery-1-group\" href='https:\/\/fotogasteiz.com\/blog\/wp-content\/uploads\/2022\/05\/10-DER1987002W00010-18-scaled-1.jpeg'><img decoding=\"async\"  width=\"1599\" height=\"1080\" data-src=\"https:\/\/fotogasteiz.com\/blog\/wp-content\/smush-avif\/2022\/05\/10-DER1987002W00010-18-scaled-1-1599x1080.jpeg.avif\"  class='mesmerize-gallery-1-image lazyload' alt=\"\" data-srcset=\"https:\/\/fotogasteiz.com\/blog\/wp-content\/smush-avif\/2022\/05\/10-DER1987002W00010-18-scaled-1-1599x1080.jpeg.avif 1599w, https:\/\/fotogasteiz.com\/blog\/wp-content\/smush-avif\/2022\/05\/10-DER1987002W00010-18-scaled-1-300x203.jpeg.avif 300w, https:\/\/fotogasteiz.com\/blog\/wp-content\/smush-avif\/2022\/05\/10-DER1987002W00010-18-scaled-1-1024x692.jpeg.avif 1024w, https:\/\/fotogasteiz.com\/blog\/wp-content\/smush-avif\/2022\/05\/10-DER1987002W00010-18-scaled-1-768x519.jpeg.avif 768w, https:\/\/fotogasteiz.com\/blog\/wp-content\/smush-avif\/2022\/05\/10-DER1987002W00010-18-scaled-1-1536x1037.jpeg.avif 1536w, https:\/\/fotogasteiz.com\/blog\/wp-content\/smush-avif\/2022\/05\/10-DER1987002W00010-18-scaled-1-2048x1383.jpeg.avif 2048w\" data-sizes=\"(max-width: 1599px) 100vw, 1599px\" src=\"data:image\/svg+xml;base64,PHN2ZyB3aWR0aD0iMSIgaGVpZ2h0PSIxIiB4bWxucz0iaHR0cDovL3d3dy53My5vcmcvMjAwMC9zdmciPjwvc3ZnPg==\" style=\"--smush-placeholder-width: 1599px; --smush-placeholder-aspect-ratio: 1599\/1080;\" \/><\/a>\n\t\t\t<\/dt><\/dl><dl class='gallery-item'>\n\t\t\t<dt class='gallery-icon landscape'>\n\t\t\t\t<a data-fancybox=\"mesmerize-gallery-1-group\" href='https:\/\/fotogasteiz.com\/blog\/wp-content\/uploads\/2022\/05\/1-DER1982001W00046-26-2-scaled-1.jpeg'><img decoding=\"async\"  width=\"1583\" height=\"1080\" data-src=\"https:\/\/fotogasteiz.com\/blog\/wp-content\/smush-avif\/2022\/05\/1-DER1982001W00046-26-2-scaled-1-1583x1080.jpeg.avif\"  class='mesmerize-gallery-1-image lazyload' alt=\"\" data-srcset=\"https:\/\/fotogasteiz.com\/blog\/wp-content\/smush-avif\/2022\/05\/1-DER1982001W00046-26-2-scaled-1-1583x1080.jpeg.avif 1583w, https:\/\/fotogasteiz.com\/blog\/wp-content\/smush-avif\/2022\/05\/1-DER1982001W00046-26-2-scaled-1-300x205.jpeg.avif 300w, https:\/\/fotogasteiz.com\/blog\/wp-content\/smush-avif\/2022\/05\/1-DER1982001W00046-26-2-scaled-1-1024x699.jpeg.avif 1024w, https:\/\/fotogasteiz.com\/blog\/wp-content\/smush-avif\/2022\/05\/1-DER1982001W00046-26-2-scaled-1-768x524.jpeg.avif 768w, https:\/\/fotogasteiz.com\/blog\/wp-content\/smush-avif\/2022\/05\/1-DER1982001W00046-26-2-scaled-1-1536x1048.jpeg.avif 1536w, https:\/\/fotogasteiz.com\/blog\/wp-content\/smush-avif\/2022\/05\/1-DER1982001W00046-26-2-scaled-1-2048x1398.jpeg.avif 2048w\" data-sizes=\"(max-width: 1583px) 100vw, 1583px\" src=\"data:image\/svg+xml;base64,PHN2ZyB3aWR0aD0iMSIgaGVpZ2h0PSIxIiB4bWxucz0iaHR0cDovL3d3dy53My5vcmcvMjAwMC9zdmciPjwvc3ZnPg==\" style=\"--smush-placeholder-width: 1583px; --smush-placeholder-aspect-ratio: 1583\/1080;\" \/><\/a>\n\t\t\t<\/dt><\/dl><dl class='gallery-item'>\n\t\t\t<dt class='gallery-icon landscape'>\n\t\t\t\t<a data-fancybox=\"mesmerize-gallery-1-group\" href='https:\/\/fotogasteiz.com\/blog\/wp-content\/uploads\/2022\/05\/9-DER2002005W00017-11-scaled-1.jpeg'><img decoding=\"async\"  width=\"1598\" height=\"1080\" data-src=\"https:\/\/fotogasteiz.com\/blog\/wp-content\/smush-avif\/2022\/05\/9-DER2002005W00017-11-scaled-1-1598x1080.jpeg.avif\"  class='mesmerize-gallery-1-image lazyload' alt=\"\" data-srcset=\"https:\/\/fotogasteiz.com\/blog\/wp-content\/smush-avif\/2022\/05\/9-DER2002005W00017-11-scaled-1-1598x1080.jpeg.avif 1598w, https:\/\/fotogasteiz.com\/blog\/wp-content\/smush-avif\/2022\/05\/9-DER2002005W00017-11-scaled-1-300x203.jpeg.avif 300w, https:\/\/fotogasteiz.com\/blog\/wp-content\/smush-avif\/2022\/05\/9-DER2002005W00017-11-scaled-1-1024x692.jpeg.avif 1024w, https:\/\/fotogasteiz.com\/blog\/wp-content\/smush-avif\/2022\/05\/9-DER2002005W00017-11-scaled-1-768x519.jpeg.avif 768w, https:\/\/fotogasteiz.com\/blog\/wp-content\/smush-avif\/2022\/05\/9-DER2002005W00017-11-scaled-1-1536x1038.jpeg.avif 1536w, https:\/\/fotogasteiz.com\/blog\/wp-content\/smush-avif\/2022\/05\/9-DER2002005W00017-11-scaled-1-2048x1384.jpeg.avif 2048w\" data-sizes=\"(max-width: 1598px) 100vw, 1598px\" src=\"data:image\/svg+xml;base64,PHN2ZyB3aWR0aD0iMSIgaGVpZ2h0PSIxIiB4bWxucz0iaHR0cDovL3d3dy53My5vcmcvMjAwMC9zdmciPjwvc3ZnPg==\" style=\"--smush-placeholder-width: 1598px; --smush-placeholder-aspect-ratio: 1598\/1080;\" \/><\/a>\n\t\t\t<\/dt><\/dl>\n\t\t<\/div>\n<script>(function($){window.MaterialisCaptionsGallery && window.MaterialisCaptionsGallery($('[data-unique-id=\"mesmerize-gallery-1-69f38c9d7bfd1\"]'))})(jQuery)<\/script><\/div><\/div><\/div> <\/div><\/div><div  data-label=\"rural video\" data-id=\"content--10\" data-export-id=\"content-11\" data-category=\"content\" class=\"content-11 content-section content-section-spacing\" id=\"rural-video\" style=\"background-color: rgb(52, 58, 64); background-image: none;\"><div  class=\"gridContainer\"> <div  class=\"row text-center\"><div  class=\"section-title-col\" data-type=\"column\">  <\/div> <\/div> <div  class=\"row center-xs middle-xs\"> <div  class=\"col-sm-9\"> <div  class=\"lightbox-video lightbox-video-tall dark-overlay shadow-large flexbox middle-xs center-xs lazyload\" data-type=\"group\" data-bg=\"image\" style=\"background-image:inherit;\" data-bg-image=\"url(&quot;https:\/\/fotogasteiz.com\/blog\/wp-content\/uploads\/2022\/05\/cropped-61x5iwHznRL.jpeg&quot;)\"> <a  data-fancybox=\"\" data-video-lightbox=\"true\" href=\"https:\/\/www.youtube.com\/watch?v=420Sbg-UZB4\" class=\"\"> <i  data-cp-fa=\"true\" class=\"fa video-icon fa-play-circle-o color-white\"><\/i><\/a> <\/div><\/div> <\/div><\/div> <\/div><div  data-label=\"traverser\" data-id=\"content--8\" data-export-id=\"content-7\" data-category=\"content\" class=\"content-7 content-section content-section-spacing\" id=\"traverser\" style=\"background-color: rgb(245, 250, 253); background-image: none;\"><div  class=\"gridContainer\"> <div  class=\"row middle-sm\"><div  class=\"col-sm-6 space-bottom-xs\" data-type=\"column\">  <p  class=\"lead\"><span  style=\"font-family: Muli, arial, helvetica, sans-serif; font-weight: 900; color: rgb(255, 152, 0);\">BIOGRAF\u00cdA DE RAYMOND DEPARDON<\/span><\/p><h2  class=\"\"><span  style=\"font-family: &quot;Playfair Display&quot;, arial, helvetica, sans-serif; color: rgb(0, 0, 0);\">\u2018Traverser\u2019: la antolog\u00eda m\u00e1s personal de Depardon<\/span><\/h2><p  class=\"\"><span  style=\"font-family: Muli, arial, helvetica, sans-serif; color: rgb(52, 58, 64);\">En 2017 la <span  style=\"font-weight: 900;\">Fundaci\u00f3n Cartier-Bresson<\/span> public\u00f3 el libro <a data-mce-href=\"https:\/\/exb.fr\/en\/catalogue\/316-traverser-9782365111423.html\" href=\"https:\/\/exb.fr\/en\/catalogue\/316-traverser-9782365111423.html\" target=\"_blank\" rel=\"noopener\" data-mce-selected=\"inline-boundary\" data-cp-link=\"1\" class=\"\"><span  style=\"font-style: italic; font-weight: 900;\">\u2018Traverser. Raymond\u2019<\/span><\/a>, que repasa su vida y gira en torno a cuatro temas principales: la terre natale [patria], les voyages [viajes] (el ir y venir de un n\u00f3mada que siempre retorna a sus or\u00edgenes: la granja de su infancia), la douleur [dolor], l\u2019enfermement [confinamiento] (destilan la angustia que como creador y como persona ha perfilado su trayectoria art\u00edstica) e incluye textos del propio autor : una reflexi\u00f3n sobre el acto de la fotograf\u00eda.\n<\/span><br ><br ><span  style=\"font-family: Muli, arial, helvetica, sans-serif; color: rgb(52, 58, 64);\"> A lo largo de las p\u00e1ginas de este libro <span  style=\"font-weight: 900;\">Raymond Depardon<\/span> cuenta c\u00f3mo se forj\u00f3 su identidad como fot\u00f3grafo; un punto de encuentro entre lo real y lo imaginario. \u201cIntento enmarcar el mundo real que tengo enfrente. En verdad, no suele ser muy interesante. \u00a1Tengo que so\u00f1ar!\u201d.\n<\/span><br ><br ><span  style=\"font-family: Muli, arial, helvetica, sans-serif; color: rgb(52, 58, 64);\"><a data-mce-href=\"https:\/\/amzn.to\/3wzTp4J\" href=\"https:\/\/amzn.to\/3wzTp4J\" target=\"_blank\" rel=\"noopener\" data-mce-selected=\"inline-boundary\" data-cp-link=\"1\" class=\"\">\nEl libro<\/a> acompa\u00f1aba a la exposici\u00f3n hom\u00f3nima y trata sobre la necesidad del artista de encontrar su inclinaci\u00f3n. De la b\u00fasqueda de Depardon de su propia voz. De ah\u00ed la importancia de los textos que acompa\u00f1an a cada fotograf\u00eda. Son las im\u00e1genes tomadas como fot\u00f3grafo de guerra, donde el artista se enfrenta tanto al dolor de los protagonistas de sus im\u00e1genes como al suyo propio. Y aquellas tomadas en los psiqui\u00e1tricos y en las c\u00e1rceles, que reflejan la obsesi\u00f3n del creador por los muros.<\/span><br ><br ><span  style=\"font-family: Muli, arial, helvetica, sans-serif; color: rgb(52, 58, 64);\">\nEn la actualidad, <span  style=\"font-weight: 900;\">Raymond Depardon<\/span> sigue protagonizando exposiciones como \u2018La vita moderna\u2019 en oto\u00f1o de 2021 en Mil\u00e1n, organizada por la fundaci\u00f3n Cartier Bresson. A la fecha de actualizaci\u00f3n de esta biograf\u00eda, (mayo de 2022) el artista tiene 80 a\u00f1os de edad, goza de buena salud y es habitual verle en exposiciones de fotograf\u00eda, como retrata y publica su esposa <a data-mce-href=\"https:\/\/www.instagram.com\/claudinenougaret\/\" href=\"https:\/\/www.instagram.com\/claudinenougaret\" target=\"_blank\" rel=\"noopener\" data-mce-selected=\"inline-boundary\" data-cp-link=\"1\" class=\"\"><span  style=\"font-weight: 900;\">Claudina Nougaret<\/span><\/a> en su perfil de Instagram.<\/span><\/p> <\/div> <div  class=\"col-sm-6\" data-type=\"column\"> <img decoding=\"async\"  class=\"shadow-large lazyload\" data-src=\"https:\/\/i0.wp.com\/fotogasteiz.com\/blog\/wp-content\/uploads\/2022\/05\/1136_maxmatinnews440623.jpeg?w=3840&amp;ssl=1\" title=\"1136_maxmatinnews440623\" alt=\"\" width=\"586\" height=\"390\" src=\"data:image\/svg+xml;base64,PHN2ZyB3aWR0aD0iMSIgaGVpZ2h0PSIxIiB4bWxucz0iaHR0cDovL3d3dy53My5vcmcvMjAwMC9zdmciPjwvc3ZnPg==\" style=\"--smush-placeholder-width: 586px; --smush-placeholder-aspect-ratio: 586\/390;\"><\/div> <\/div><\/div> <\/div><div  data-label=\"Cta\" data-id=\"cta--2\" data-export-id=\"cta-centered-section-grid\" data-category=\"cta\" class=\"cta-centered-section-grid content-section content-section-spacing-medium bg-color1 white-text\" id=\"cta-2\" style=\"background-image: none; background-color: rgb(255, 152, 0);\"><div  class=\"gridContainer\"> <div  class=\"row text-center\"><div  class=\"col-xs-12 col-sm-10 col-sm-offset-1 col-md-8 col-md-offset-2\" data-type=\"column\"> <h2  class=\"\"><span  style=\"font-family: &quot;Playfair Display&quot;, arial, helvetica, sans-serif; font-style: italic;\">\u201cHoy tomo venganza por los temores del periodista. He sufrido un estado permanente de voyeurismo, asalto, preocupaci\u00f3n, solicitud\u2026 era necesaria toda la fuerza de mis ra\u00edces campesinas para no ceder a la locura\u201d<\/span><\/h2> <p  class=\"\">\u2013 Raymond Depardon<\/p> <\/div> <\/div><\/div> <\/div><div  data-label=\"Cine\" data-id=\"content--4\" data-export-id=\"content-7\" data-category=\"content\" class=\"content-7 content-section content-section-spacing\" id=\"cine\" style=\"background-color: rgb(232, 219, 184); background-image: none;\"><div  class=\"gridContainer\"> <div  class=\"row middle-sm\"><div  class=\"col-sm-6 space-bottom-xs\" data-type=\"column\"> <p  class=\"lead\"><span  style=\"font-family: Muli, arial, helvetica, sans-serif; font-weight: 900; color: rgb(255, 152, 0);\">BIOGRAF\u00cdA DE RAYMOND DEPARDON<\/span><\/p><h2  class=\"\"><span  style=\"font-family: &quot;Playfair Display&quot;, arial, helvetica, sans-serif; color: rgb(0, 0, 0);\">Director de Cine directo<\/span><\/h2> <p  class=\"\"><span  style=\"font-family: Muli, arial, helvetica, sans-serif; color: rgb(52, 58, 64);\">En la actualidad, se dedica por entero al cine documental y es uno de los directores de cine documental m\u00e1s prestigiosos del mundo. Trabaja junto a su pareja desde hace m\u00e1s de dos d\u00e9cadas: su mujer, la productora y jefa de sonido de sus pel\u00edculas&nbsp;Claudine Nougaret.<br ><br >Para \u00e9l el sonido es fundamental.&nbsp;\u201cVengo de la fotograf\u00eda y muy pronto me di cuenta de que hay algo que diferencia al mundo de la foto del mundo del cine: las palabras y el sonido. Llegu\u00e9 al cine en los a\u00f1os 60 y en ese momento se produjo la revoluci\u00f3n del sonido sincr\u00f3nico. Se acabaron los cables que un\u00edan las c\u00e1maras con los magnet\u00f3fonos. Eso me posibilit\u00f3 hacer una pel\u00edcula como 1974, une partie de champagne y grabar las conversaciones con Val\u00e9ry Giscard d\u2019Estaing durante su campa\u00f1a de una manera libre. Sin el sonido sincr\u00f3nico nunca hubiera podido hacer esta pel\u00edcula\u201d.<br ><br >\u201cMi cine se basa en la emboscada. Ese es mi estilo. Y no me refiero a la emboscada en el sentido militar de la palabra, yo no pretendo matar a nadie (risas). Lo que hago es esperar a capturar el momento en que las personas se expresan y dicen algo \u00fanico\u201d.&nbsp;\n<br ><br >\u201cHay muchos estilos de documental, pero el m\u00edo se basa en rodar en el lugar de los hechos. Encontrar esa \u2018war room\u2019, un t\u00e9rmino que viene del cine directo, y que consiste en descubrir el lugar donde se va a producir el instante que quiero captar o la conversaci\u00f3n que debe quedar registrada. En mi cine siempre existe esa \u2018war room\u2019 que puede ser una sala y otras veces puede ser la cocina de una casa\u201d\n<br ><br >\u201cEn el cine no existe ese concepto puramente fotogr\u00e1fico que es el \u2018instante decisivo\u2019. Para que pase algo en pantalla hay que rodar lo de antes y lo despu\u00e9s de ese momento. En la foto puedes esperar, pero aqu\u00ed eso no funciona. Las personas hablan y se mueven y tu obligaci\u00f3n es rodar hasta que en un momento nace la secuencia por s\u00ed sola\u201d.\n<br ><br >\u00abEl cine est\u00e1 hecho de peque\u00f1os milagros que suceden frente a la c\u00e1mara\u00bb.<br ><br >En El Chad, en 1974 fotografi\u00f3 y rod\u00f3 el secuestro de la etn\u00f3loga francesa Fran\u00e7ois Claustre a manos de rebeldes a lo largo de los tres a\u00f1os que dur\u00f3.<\/span><br ><span  style=\"font-family: Muli, arial, helvetica, sans-serif; color: rgb(52, 58, 64);\">\nEn 1974 comenz\u00f3 a rodar documentales: 1974, Une Partie de Campagne y San Clemente.\n<\/span><br ><br ><span  style=\"font-family: Muli, arial, helvetica, sans-serif; color: rgb(52, 58, 64);\">\nEn 1981 rod\u00f3 el documental \u2018Reporters\u2019, en el que mostraba a los fotoperiodistas de Gamma trabajando durante la campa\u00f1a para la elecci\u00f3n presidencial francesa \n<br ><br >Rod\u00f3 \u2018San Clemente\u2019 en 1982 en un hospital Venecia y \u2018Urgencias\u2019 en 1988 en un hospital de Par\u00eds.<\/span><br ><br ><span  style=\"font-family: Muli, arial, helvetica, sans-serif; color: rgb(52, 58, 64);\">\nY en 1991 fue galardonado con el Gran Premio Nacional de la Fotograf\u00eda. Y en los a\u00f1os posteriores sus pel\u00edculas recibieron importantes premios como el C\u00e9sar al mejor documentalde D\u00e9lits Flagrants (1995) , en el sistema de justicia franc\u00e9s, recibi\u00f3 un Premio C\u00e9sar al mejor documental, y en 1998 recibi\u00f3 emprendi\u00f3 el primero de una serie de tres pel\u00edculas dedicadas al mundo rural franc\u00e9s.\n<\/span><br ><br ><span  style=\"font-family: Muli, arial, helvetica, sans-serif; color: rgb(52, 58, 64);\">\nLa Maison Europ\u00e9enne de la Photographie en Par\u00eds organiz\u00f3 una importante exposici\u00f3n de su obra en 2000.\n<\/span><br ><br ><span  style=\"font-family: Muli, arial, helvetica, sans-serif; color: rgb(52, 58, 64);\">\nLa secuela de su obra sobre la justicia francesa se mostr\u00f3 como parte de la selecci\u00f3n oficial en el Festival de Cine de Cannes en 2004.\n<\/span><br ><br ><span  style=\"font-family: Muli, arial, helvetica, sans-serif; color: rgb(52, 58, 64);\">\nY realiz\u00f3 una instalaci\u00f3n de pel\u00edculas en doce grandes ciudades, exhibidas en Par\u00eds, Tokio y Berl\u00edn entre 2004 y 2007.\n<\/span><br ><br ><span  style=\"font-family: Muli, arial, helvetica, sans-serif; color: rgb(52, 58, 64);\">\nEn 2006, fue invitado a ser director art\u00edstico de Rencontres Internationales d\u2019Arles. \n<br ><br >En 2016 estren\u00f3 el <a data-mce-href=\"https:\/\/www.filmaffinity.com\/es\/film919620.html\" href=\"https:\/\/www.filmaffinity.com\/es\/film919620.html\" target=\"_self\" data-mce-selected=\"inline-boundary\" data-cp-link=\"1\" rel=\"noopener\" class=\"\">documental \u2018Les habitantes\u2019<\/a>, una radiograf\u00eda del pueblo franc\u00e9s en el que Raymond Depardon filma a los franceses para mostrarnos c\u00f3mo hablan. De Charleville-M\u00e9zi\u00e8res a Niza, de S\u00e8te a Cherburgo invita a las personas que ve por la calle a conversar sin limitaciones y libremente. Y, con las fotos del rodaje en 2017 se organiz\u00f3 una exposici\u00f3n en Sevilla. \n<br ><br >En 2017 estren\u00f3 el documental \u201912 Jours\u2019, rodado en Lyon, as\u00ed llamado por por una ley del Gobierno franc\u00e9s que obliga a sentarse frente a un juez a todos aquellos pacientes ingresados en instituciones que no lo hayan hecho por su propia voluntad.&nbsp; Cada a\u00f1o en Francia 92.000 personas son ingresadas en centros psiqui\u00e1tricos sin su consentimiento. Seg\u00fan la ley, el hospital tiene 12 d\u00edas para llevar a cada paciente ante un juez. Sobre la base de los historiales m\u00e9dicos y las recomendaciones de un doctor, hay que tomar una decisi\u00f3n crucial: si el paciente debe irse o debe quedarse. Son doce d\u00edas despu\u00e9s de los cuales una vida puede cambiar para siempre. El prestigioso director y fot\u00f3grafo Raymond Depardon, que ha tenido acceso por primera vez a esas audiencias, recoge estos extraordinarios encuentros entre la justicia y la psiquiatr\u00eda.<\/span><span  id=\"_mce_caret\" data-mce-bogus=\"1\" data-mce-type=\"format-caret\"><\/span><\/p> <\/div> <div  class=\"col-sm-6\" data-type=\"column\"> <img decoding=\"async\"  class=\"custom-image lazyload\" data-src=\"https:\/\/i0.wp.com\/fotogasteiz.com\/blog\/wp-content\/uploads\/2022\/05\/depardon-1.jpeg?w=3840&amp;ssl=1\" title=\"depardon (1)\" alt=\"\" width=\"586\" height=\"440\" src=\"data:image\/svg+xml;base64,PHN2ZyB3aWR0aD0iMSIgaGVpZ2h0PSIxIiB4bWxucz0iaHR0cDovL3d3dy53My5vcmcvMjAwMC9zdmciPjwvc3ZnPg==\" style=\"--smush-placeholder-width: 586px; --smush-placeholder-aspect-ratio: 586\/440;\"><p  class=\"\">&nbsp;<\/p><img decoding=\"async\"  class=\"custom-image lazyload\" data-src=\"https:\/\/i0.wp.com\/fotogasteiz.com\/blog\/wp-content\/uploads\/2022\/05\/depardon-raymond-01-g.jpeg?w=3840&amp;ssl=1\" title=\"depardon-raymond-01-g\" alt=\"\" width=\"586\" height=\"469\" src=\"data:image\/svg+xml;base64,PHN2ZyB3aWR0aD0iMSIgaGVpZ2h0PSIxIiB4bWxucz0iaHR0cDovL3d3dy53My5vcmcvMjAwMC9zdmciPjwvc3ZnPg==\" style=\"--smush-placeholder-width: 586px; --smush-placeholder-aspect-ratio: 586\/469;\"><p  class=\"\">&nbsp;<\/p><img decoding=\"async\"  class=\"shadow-large lazyload\" data-src=\"https:\/\/i1.wp.com\/fotogasteiz.com\/blog\/wp-content\/uploads\/2020\/05\/La_vie_moderne_4.jpg?w=3840&amp;ssl=1\" alt=\"\" title=\"La_vie_moderne_4\" width=\"586\" height=\"391\" src=\"data:image\/svg+xml;base64,PHN2ZyB3aWR0aD0iMSIgaGVpZ2h0PSIxIiB4bWxucz0iaHR0cDovL3d3dy53My5vcmcvMjAwMC9zdmciPjwvc3ZnPg==\" style=\"--smush-placeholder-width: 586px; --smush-placeholder-aspect-ratio: 586\/391;\"><\/div> <\/div><\/div> <\/div>","protected":false},"excerpt":{"rendered":"<p>Vida \u2013 Obra \u2013 Biograf\u00eda GRANDES FOT\u00d3GRAFOS Y FOT\u00d3GRAFASRaymond Depardon Raymond Depardon&nbsp;(1942-) es fotoperiodista y director de cine documental. Leyenda viva del mundo de la fotograf\u00eda y del cine documental en Francia, principal precursor de un estilo conocido como \u201cel cinema direct\u201d, con una visi\u00f3n \u00fanica y precisa, independientemente de d\u00f3nde ponga el foco: ya&hellip; <br \/> <a class=\"read-more\" href=\"https:\/\/fotogasteiz.com\/blog\/fotografos\/raymond-depardon-vida-obra-biografia\/\">Read more<\/a><\/p>\n","protected":false},"author":1,"featured_media":11104,"parent":1689,"menu_order":0,"comment_status":"closed","ping_status":"closed","template":"pro\/page-templates\/full-width-page.php","meta":{"footnotes":""},"class_list":["post-11100","page","type-page","status-publish","has-post-thumbnail","hentry"],"yoast_head":"<!-- This site is optimized with the Yoast SEO Premium plugin v22.5 (Yoast SEO v27.5) - https:\/\/yoast.com\/product\/yoast-seo-premium-wordpress\/ -->\n<title>Raymond Depardon - Profesor de fotograf\u00eda<\/title>\n<meta name=\"robots\" content=\"index, follow, max-snippet:-1, max-image-preview:large, max-video-preview:-1\" \/>\n<link rel=\"canonical\" href=\"https:\/\/fotogasteiz.com\/blog\/fotografos\/raymond-depardon-vida-obra-biografia\/\" \/>\n<meta property=\"og:locale\" content=\"es_ES\" \/>\n<meta property=\"og:type\" content=\"article\" \/>\n<meta property=\"og:title\" content=\"Raymond Depardon\" \/>\n<meta property=\"og:description\" content=\"Vida \u2013 Obra \u2013 Biograf\u00eda GRANDES FOT\u00d3GRAFOS Y FOT\u00d3GRAFASRaymond Depardon Raymond Depardon&nbsp;(1942-) es fotoperiodista y director de cine documental. Leyenda viva del mundo de la fotograf\u00eda y del cine documental en Francia, principal precursor de un estilo conocido como \u201cel cinema direct\u201d, con una visi\u00f3n \u00fanica y precisa, independientemente de d\u00f3nde ponga el foco: ya&hellip; Read more\" \/>\n<meta property=\"og:url\" content=\"https:\/\/fotogasteiz.com\/blog\/fotografos\/raymond-depardon-vida-obra-biografia\/\" \/>\n<meta property=\"og:site_name\" content=\"Profesor de fotograf\u00eda\" \/>\n<meta property=\"article:modified_time\" content=\"2022-05-20T07:49:27+00:00\" \/>\n<meta property=\"og:image\" content=\"https:\/\/fotogasteiz.com\/blog\/wp-content\/uploads\/2020\/05\/11982.jpg\" \/>\n\t<meta property=\"og:image:width\" content=\"1400\" \/>\n\t<meta property=\"og:image:height\" content=\"1816\" \/>\n\t<meta property=\"og:image:type\" content=\"image\/jpeg\" \/>\n<meta name=\"twitter:card\" content=\"summary_large_image\" \/>\n<meta name=\"twitter:label1\" content=\"Tiempo de lectura\" \/>\n\t<meta name=\"twitter:data1\" content=\"19 minutos\" \/>\n<script type=\"application\/ld+json\" class=\"yoast-schema-graph\">{\"@context\":\"https:\\\/\\\/schema.org\",\"@graph\":[{\"@type\":\"WebPage\",\"@id\":\"https:\\\/\\\/fotogasteiz.com\\\/blog\\\/fotografos\\\/raymond-depardon-vida-obra-biografia\\\/\",\"url\":\"https:\\\/\\\/fotogasteiz.com\\\/blog\\\/fotografos\\\/raymond-depardon-vida-obra-biografia\\\/\",\"name\":\"Raymond Depardon - Profesor de fotograf\u00eda\",\"isPartOf\":{\"@id\":\"https:\\\/\\\/fotogasteiz.com\\\/blog\\\/#website\"},\"primaryImageOfPage\":{\"@id\":\"https:\\\/\\\/fotogasteiz.com\\\/blog\\\/fotografos\\\/raymond-depardon-vida-obra-biografia\\\/#primaryimage\"},\"image\":{\"@id\":\"https:\\\/\\\/fotogasteiz.com\\\/blog\\\/fotografos\\\/raymond-depardon-vida-obra-biografia\\\/#primaryimage\"},\"thumbnailUrl\":\"https:\\\/\\\/fotogasteiz.com\\\/blog\\\/wp-content\\\/uploads\\\/2020\\\/05\\\/11982.jpg\",\"datePublished\":\"2020-05-18T09:57:19+00:00\",\"dateModified\":\"2022-05-20T07:49:27+00:00\",\"breadcrumb\":{\"@id\":\"https:\\\/\\\/fotogasteiz.com\\\/blog\\\/fotografos\\\/raymond-depardon-vida-obra-biografia\\\/#breadcrumb\"},\"inLanguage\":\"es\",\"potentialAction\":[{\"@type\":\"ReadAction\",\"target\":[\"https:\\\/\\\/fotogasteiz.com\\\/blog\\\/fotografos\\\/raymond-depardon-vida-obra-biografia\\\/\"]}]},{\"@type\":\"ImageObject\",\"inLanguage\":\"es\",\"@id\":\"https:\\\/\\\/fotogasteiz.com\\\/blog\\\/fotografos\\\/raymond-depardon-vida-obra-biografia\\\/#primaryimage\",\"url\":\"https:\\\/\\\/fotogasteiz.com\\\/blog\\\/wp-content\\\/uploads\\\/2020\\\/05\\\/11982.jpg\",\"contentUrl\":\"https:\\\/\\\/fotogasteiz.com\\\/blog\\\/wp-content\\\/uploads\\\/2020\\\/05\\\/11982.jpg\",\"width\":1400,\"height\":1816},{\"@type\":\"BreadcrumbList\",\"@id\":\"https:\\\/\\\/fotogasteiz.com\\\/blog\\\/fotografos\\\/raymond-depardon-vida-obra-biografia\\\/#breadcrumb\",\"itemListElement\":[{\"@type\":\"ListItem\",\"position\":1,\"name\":\"Portada\",\"item\":\"https:\\\/\\\/fotogasteiz.com\\\/blog\\\/\"},{\"@type\":\"ListItem\",\"position\":2,\"name\":\"Fot\u00f3grafos y fot\u00f3grafas (biograf\u00edas)\",\"item\":\"https:\\\/\\\/fotogasteiz.com\\\/blog\\\/fotografos\\\/\"},{\"@type\":\"ListItem\",\"position\":3,\"name\":\"Raymond Depardon\"}]},{\"@type\":\"WebSite\",\"@id\":\"https:\\\/\\\/fotogasteiz.com\\\/blog\\\/#website\",\"url\":\"https:\\\/\\\/fotogasteiz.com\\\/blog\\\/\",\"name\":\"Profesor de fotograf\u00eda\",\"description\":\"por Gustavo Bravo\",\"potentialAction\":[{\"@type\":\"SearchAction\",\"target\":{\"@type\":\"EntryPoint\",\"urlTemplate\":\"https:\\\/\\\/fotogasteiz.com\\\/blog\\\/?s={search_term_string}\"},\"query-input\":{\"@type\":\"PropertyValueSpecification\",\"valueRequired\":true,\"valueName\":\"search_term_string\"}}],\"inLanguage\":\"es\"}]}<\/script>\n<!-- \/ Yoast SEO Premium plugin. -->","yoast_head_json":{"title":"Raymond Depardon - Profesor de fotograf\u00eda","robots":{"index":"index","follow":"follow","max-snippet":"max-snippet:-1","max-image-preview":"max-image-preview:large","max-video-preview":"max-video-preview:-1"},"canonical":"https:\/\/fotogasteiz.com\/blog\/fotografos\/raymond-depardon-vida-obra-biografia\/","og_locale":"es_ES","og_type":"article","og_title":"Raymond Depardon","og_description":"Vida \u2013 Obra \u2013 Biograf\u00eda GRANDES FOT\u00d3GRAFOS Y FOT\u00d3GRAFASRaymond Depardon Raymond Depardon&nbsp;(1942-) es fotoperiodista y director de cine documental. Leyenda viva del mundo de la fotograf\u00eda y del cine documental en Francia, principal precursor de un estilo conocido como \u201cel cinema direct\u201d, con una visi\u00f3n \u00fanica y precisa, independientemente de d\u00f3nde ponga el foco: ya&hellip; Read more","og_url":"https:\/\/fotogasteiz.com\/blog\/fotografos\/raymond-depardon-vida-obra-biografia\/","og_site_name":"Profesor de fotograf\u00eda","article_modified_time":"2022-05-20T07:49:27+00:00","og_image":[{"width":1400,"height":1816,"url":"https:\/\/fotogasteiz.com\/blog\/wp-content\/uploads\/2020\/05\/11982.jpg","type":"image\/jpeg"}],"twitter_card":"summary_large_image","twitter_misc":{"Tiempo de lectura":"19 minutos"},"schema":{"@context":"https:\/\/schema.org","@graph":[{"@type":"WebPage","@id":"https:\/\/fotogasteiz.com\/blog\/fotografos\/raymond-depardon-vida-obra-biografia\/","url":"https:\/\/fotogasteiz.com\/blog\/fotografos\/raymond-depardon-vida-obra-biografia\/","name":"Raymond Depardon - Profesor de fotograf\u00eda","isPartOf":{"@id":"https:\/\/fotogasteiz.com\/blog\/#website"},"primaryImageOfPage":{"@id":"https:\/\/fotogasteiz.com\/blog\/fotografos\/raymond-depardon-vida-obra-biografia\/#primaryimage"},"image":{"@id":"https:\/\/fotogasteiz.com\/blog\/fotografos\/raymond-depardon-vida-obra-biografia\/#primaryimage"},"thumbnailUrl":"https:\/\/fotogasteiz.com\/blog\/wp-content\/uploads\/2020\/05\/11982.jpg","datePublished":"2020-05-18T09:57:19+00:00","dateModified":"2022-05-20T07:49:27+00:00","breadcrumb":{"@id":"https:\/\/fotogasteiz.com\/blog\/fotografos\/raymond-depardon-vida-obra-biografia\/#breadcrumb"},"inLanguage":"es","potentialAction":[{"@type":"ReadAction","target":["https:\/\/fotogasteiz.com\/blog\/fotografos\/raymond-depardon-vida-obra-biografia\/"]}]},{"@type":"ImageObject","inLanguage":"es","@id":"https:\/\/fotogasteiz.com\/blog\/fotografos\/raymond-depardon-vida-obra-biografia\/#primaryimage","url":"https:\/\/fotogasteiz.com\/blog\/wp-content\/uploads\/2020\/05\/11982.jpg","contentUrl":"https:\/\/fotogasteiz.com\/blog\/wp-content\/uploads\/2020\/05\/11982.jpg","width":1400,"height":1816},{"@type":"BreadcrumbList","@id":"https:\/\/fotogasteiz.com\/blog\/fotografos\/raymond-depardon-vida-obra-biografia\/#breadcrumb","itemListElement":[{"@type":"ListItem","position":1,"name":"Portada","item":"https:\/\/fotogasteiz.com\/blog\/"},{"@type":"ListItem","position":2,"name":"Fot\u00f3grafos y fot\u00f3grafas (biograf\u00edas)","item":"https:\/\/fotogasteiz.com\/blog\/fotografos\/"},{"@type":"ListItem","position":3,"name":"Raymond Depardon"}]},{"@type":"WebSite","@id":"https:\/\/fotogasteiz.com\/blog\/#website","url":"https:\/\/fotogasteiz.com\/blog\/","name":"Profesor de fotograf\u00eda","description":"por Gustavo Bravo","potentialAction":[{"@type":"SearchAction","target":{"@type":"EntryPoint","urlTemplate":"https:\/\/fotogasteiz.com\/blog\/?s={search_term_string}"},"query-input":{"@type":"PropertyValueSpecification","valueRequired":true,"valueName":"search_term_string"}}],"inLanguage":"es"}]}},"_links":{"self":[{"href":"https:\/\/fotogasteiz.com\/blog\/wp-json\/wp\/v2\/pages\/11100","targetHints":{"allow":["GET"]}}],"collection":[{"href":"https:\/\/fotogasteiz.com\/blog\/wp-json\/wp\/v2\/pages"}],"about":[{"href":"https:\/\/fotogasteiz.com\/blog\/wp-json\/wp\/v2\/types\/page"}],"author":[{"embeddable":true,"href":"https:\/\/fotogasteiz.com\/blog\/wp-json\/wp\/v2\/users\/1"}],"replies":[{"embeddable":true,"href":"https:\/\/fotogasteiz.com\/blog\/wp-json\/wp\/v2\/comments?post=11100"}],"version-history":[{"count":62,"href":"https:\/\/fotogasteiz.com\/blog\/wp-json\/wp\/v2\/pages\/11100\/revisions"}],"predecessor-version":[{"id":19145,"href":"https:\/\/fotogasteiz.com\/blog\/wp-json\/wp\/v2\/pages\/11100\/revisions\/19145"}],"up":[{"embeddable":true,"href":"https:\/\/fotogasteiz.com\/blog\/wp-json\/wp\/v2\/pages\/1689"}],"wp:featuredmedia":[{"embeddable":true,"href":"https:\/\/fotogasteiz.com\/blog\/wp-json\/wp\/v2\/media\/11104"}],"wp:attachment":[{"href":"https:\/\/fotogasteiz.com\/blog\/wp-json\/wp\/v2\/media?parent=11100"}],"curies":[{"name":"wp","href":"https:\/\/api.w.org\/{rel}","templated":true}]}}