{"id":11429,"date":"2020-06-02T11:24:51","date_gmt":"2020-06-02T11:24:51","guid":{"rendered":"https:\/\/fotogasteiz.com\/blog\/?page_id=11429"},"modified":"2022-02-09T10:56:02","modified_gmt":"2022-02-09T10:56:02","slug":"rafa-badia-vida-obra-biografia","status":"publish","type":"page","link":"https:\/\/fotogasteiz.com\/blog\/fotografos\/rafa-badia-vida-obra-biografia\/","title":{"rendered":"Rafa Badia"},"content":{"rendered":"<div  data-label=\"Intro\" data-id=\"about--1\" data-export-id=\"about-10\" data-category=\"about\" class=\"about-10 content-section content-section-spacing\" id=\"intro\" style=\"background-color: rgb(255, 255, 255);\"><div  class=\"gridContainer\"> <div  class=\"row middle-sm text-center\"><div  class=\"col-sm-5 space-bottom-xs content-column\" data-type=\"column\"> <h5  class=\"\"><span  style=\"color: rgb(255, 152, 0);\">Vida \u2013 Obra \u2013 Biograf\u00eda<\/span><\/h5> <p  class=\"lead\"><span  style=\"font-family: Muli, arial, helvetica, sans-serif;\">GRANDES FOT\u00d3GRAFOS Y FOT\u00d3GRAFAS<\/span><\/p><h2  class=\"\"><span  style=\"font-family: &quot;Playfair Display&quot;, arial, helvetica, sans-serif; color: rgb(0, 0, 0);\">Rafa Badia<\/span><\/h2> <p  class=\"\"><span  style=\"font-family: Muli, arial, helvetica, sans-serif; color: rgb(52, 58, 64);\"><span  style=\"font-weight: 700;\">Rafa Badia<\/span> es un fot\u00f3grafo, editor gr\u00e1fico y profesor de fotograf\u00eda espa\u00f1ol, referente en narrativa fotogr\u00e1fica, fotograf\u00eda <span  id=\"_mce_caret\" data-mce-bogus=\"1\" data-mce-type=\"format-caret\"><span  style=\"font-family: Muli, arial, helvetica, sans-serif;\">\ufeff<\/span><\/span>documental y fotograf\u00eda urbana y de calle.\n<\/span><br ><br ><span  style=\"font-family: Muli, arial, helvetica, sans-serif; color: rgb(52, 58, 64);\">Ha dedicado gran parte de su obra a Barcelona, su ciudad de acogida, a la que ha homenajeado con dos libros de fotograf\u00eda.\n\n<br ><br >Fue uno de los fundadores del primer colectivo de fotograf\u00eda de calle en Espa\u00f1a: Calle 35<\/span><br ><br ><span  style=\"font-family: Muli, arial, helvetica, sans-serif; color: rgb(52, 58, 64);\">Su obra, busca la belleza de lo cotidiano en la luz, el color y las formas con una sensibilidad que ha influido a toda una generaci\u00f3n.<\/span><\/p> <\/div> <div  class=\"col-sm-7 flexbox middle-xs center-xs space-bottom-xs\"><div  class=\"overlay-box middle-xs center-xs flexbox\"> <div  class=\"overlay-box-offset offset-border shadow-medium border-color1 hide-xs\"><\/div> <img decoding=\"async\"  class=\"shadow-large lazyload\" data-size=\"485x705\" data-src=\"https:\/\/i0.wp.com\/fotogasteiz.com\/blog\/wp-content\/uploads\/2020\/06\/QF-entrevistas-rafa-badiaCopyright-Ivan-Sanzewski.jpg?w=3840&amp;ssl=1\" alt=\"\" title=\"QF-entrevistas-rafa-badiaCopyright-Ivan-Sanzewski\" width=\"485\" height=\"647\" src=\"data:image\/svg+xml;base64,PHN2ZyB3aWR0aD0iMSIgaGVpZ2h0PSIxIiB4bWxucz0iaHR0cDovL3d3dy53My5vcmcvMjAwMC9zdmciPjwvc3ZnPg==\" style=\"--smush-placeholder-width: 485px; --smush-placeholder-aspect-ratio: 485\/647;\"><\/div> <\/div><\/div> <\/div><\/div><div  data-label=\"Bio\" data-id=\"content--1\" data-export-id=\"content-8\" data-category=\"content\" class=\"content-8 content-section content-section-spacing\" id=\"bio\" style=\"background-color: rgb(245, 250, 253);\"><div  class=\"gridContainer\"> <div  class=\"row middle-sm\"><div  class=\"col-sm-6 space-bottom-xs space-top-xs\" data-type=\"column\"> <img decoding=\"async\"  class=\"custom-image lazyload\" data-src=\"https:\/\/i2.wp.com\/fotogasteiz.com\/blog\/wp-content\/uploads\/2020\/06\/Rafa-Badia.jpg?w=3840&amp;ssl=1\" alt=\"\" title=\"Rafa-Badia\" width=\"586\" height=\"389\" src=\"data:image\/svg+xml;base64,PHN2ZyB3aWR0aD0iMSIgaGVpZ2h0PSIxIiB4bWxucz0iaHR0cDovL3d3dy53My5vcmcvMjAwMC9zdmciPjwvc3ZnPg==\" style=\"--smush-placeholder-width: 586px; --smush-placeholder-aspect-ratio: 586\/389;\"><\/div> <div  class=\"col-sm-6\" data-type=\"column\"><p  class=\"lead\"><span  style=\"font-family: Muli, arial, helvetica, sans-serif; font-weight: 900; color: rgb(255, 152, 0);\">PRIMEROS A\u00d1OS<\/span><\/p><h2  class=\"\"><span  style=\"font-family: &quot;Playfair Display&quot;, arial, helvetica, sans-serif; color: rgb(0, 0, 0);\">Biograf\u00eda de Rafa Badia&nbsp;<\/span><\/h2> <p  class=\"\"><span  style=\"font-family: Muli, arial, helvetica, sans-serif; color: rgb(52, 58, 64);\"><span  style=\"font-weight: 700;\">Rafael Badia Fernaud<\/span> naci\u00f3 en Santa Cruz de Tenerife en 1964.\n<\/span><br ><br ><span  style=\"font-family: Muli, arial, helvetica, sans-serif; color: rgb(52, 58, 64);\">\nA los 6 a\u00f1os (1970) le regalaron su primera c\u00e1mara: una Instamatic con la que jugaba mientras su padre hac\u00eda fotos.\n<\/span><br ><br ><span  style=\"font-family: Muli, arial, helvetica, sans-serif; color: rgb(52, 58, 64);\">\nEn 1976, cuando Rafa ten\u00eda 12 a\u00f1os, su familia se mud\u00f3 a Madrid y fue all\u00ed donde empez\u00f3 a hacer fotograf\u00eda en serio.\n<\/span><br ><br ><span  style=\"font-family: Muli, arial, helvetica, sans-serif; color: rgb(52, 58, 64);\">\nSu padre era un abogado muy aficionado a la fotograf\u00eda y un fot\u00f3grafo de alto nivel.\n<\/span><br ><br ><span  style=\"font-family: Muli, arial, helvetica, sans-serif; color: rgb(52, 58, 64);\">\nCuando ten\u00eda 13 a\u00f1os, \u00abpara llamar su atenci\u00f3n de mi padre, le ped\u00ed que me encargara una c\u00e1mara con carrete\u00bb, confiesa a FotoKalea.\n<\/span><br ><br ><span  style=\"font-family: Muli, arial, helvetica, sans-serif; color: rgb(52, 58, 64);\">\nSu padre le regal\u00f3 su antigua Voigtlander de los a\u00f1os 50 que era retr\u00e1ctil en el objetivo. Y le fue pasando todas sus c\u00e1maras.\n<\/span><br ><br ><span  style=\"font-family: Muli, arial, helvetica, sans-serif; color: rgb(52, 58, 64);\">\nLa primera \u00abr\u00e9flex seria\u00bb que tuvo fue una Pentax Expomatic, que todav\u00eda echa de menos, y una Leica 1F, que a\u00fan conserva.\n<\/span><br ><br ><span  style=\"font-family: Muli, arial, helvetica, sans-serif; color: rgb(52, 58, 64);\">\nCompagin\u00f3 su pasi\u00f3n por la fotograf\u00eda, con su pasi\u00f3n por la m\u00fasica (empez\u00f3 a tocar la guitarra, que todav\u00eda disfruta) y por la escritura creativa (escribe poes\u00eda desde los 15 a\u00f1os y hasta hoy d\u00eda).\n<\/span><br ><br ><span  style=\"font-family: Muli, arial, helvetica, sans-serif; color: rgb(52, 58, 64);\">\nEn 1982, con 18 a\u00f1os, se matricul\u00f3 en la rama de \u2018Imagen\u2019 de la carrera de Ciencias de la Informaci\u00f3n (Periodismo) en la Universidad Complutense de Madrid, pues en aquella \u00e9poca no hab\u00eda estudios universitarios espec\u00edficos de fotograf\u00eda.\n<\/span><br ><br ><span  style=\"font-family: Muli, arial, helvetica, sans-serif; color: rgb(52, 58, 64);\">\nSe licenci\u00f3 en 1987 tras cinco a\u00f1os dedicados a estudiar la Imagen.<\/span><br ><span  style=\"font-family: Muli, arial, helvetica, sans-serif; color: rgb(52, 58, 64);\">\nSus compa\u00f1eros de clase quer\u00edan ser directores de cine y \u00e9l, \u00abcomo mucho quer\u00eda ser el director de fotograf\u00eda de los rodajes acad\u00e9micos\u00bb.\n<\/span><br ><br ><span  style=\"font-family: Muli, arial, helvetica, sans-serif; color: rgb(52, 58, 64);\">\nEn aquella \u00e9poca iba al cine, ve\u00eda exposiciones, consultaba libros de fotograf\u00eda en la biblioteca de la facultad con compa\u00f1eros de clase\u2026 Recuerda con cari\u00f1o aquellas tardes de estudio de fotograf\u00eda con el ahora importante artista <a data-mce-href=\"http:\/\/www.danielcanogar.com\/%20\" href=\"http:\/\/www.danielcanogar.com\/%20\" target=\"_blank\" rel=\"noopener noreferrer\" data-mce-selected=\"inline-boundary\" data-cp-link=\"1\" class=\"\"><span  style=\"font-weight: 700;\">Daniel Canogar<\/span><\/a>\u2026\n<\/span><br ><br ><span  style=\"font-family: Muli, arial, helvetica, sans-serif; color: rgb(52, 58, 64);\">\nEn 1988, un a\u00f1o despu\u00e9s de licenciarse, con 24 a\u00f1os, empez\u00f3 a colaborar en la secci\u00f3n \u2018Viajes\u2019 del peri\u00f3dico El Pa\u00eds.\n<\/span><br ><br ><span  style=\"font-family: Muli, arial, helvetica, sans-serif; color: rgb(52, 58, 64);\">\nEn 1991 empez\u00f3 a trabajar como editor gr\u00e1fico para reconocidas revistas de viajes como Viajes National Geographic, Alta\u00efr, Descubrir y Descobrir Catalunya), as\u00ed como para las Gu\u00edas de Viajes de El Pa\u00eds\/Aguilar, hasta 2006.<\/span><\/p> <\/div> <\/div><\/div> <\/div><div  data-label=\"BARCELONA\" data-id=\"content--2\" data-export-id=\"content-7\" data-category=\"content\" class=\"content-7 content-section content-section-spacing\" id=\"barcelona\" style=\"background-color: rgb(255, 255, 255);\"><div  class=\"gridContainer\"> <div  class=\"row middle-sm\"><div  class=\"col-sm-6 space-bottom-xs\" data-type=\"column\"> <p  class=\"lead\"><span  style=\"font-family: Muli, arial, helvetica, sans-serif; font-weight: 900; color: rgb(255, 152, 0);\">BIOGRAF\u00cdA DE RAFA BADIA<\/span><\/p><h2  class=\"\"><span  style=\"font-family: &quot;Playfair Display&quot;, arial, helvetica, sans-serif; color: rgb(0, 0, 0);\">Barcelona<\/span><\/h2> <p  class=\"\"><span  style=\"font-family: Muli, arial, helvetica, sans-serif; color: rgb(52, 58, 64);\">En 1994, con 30 a\u00f1os, se mud\u00f3 a Barcelona.\n<\/span><br ><br ><span  style=\"font-family: Muli, arial, helvetica, sans-serif; color: rgb(52, 58, 64);\">\nEn 1995, con 31 a\u00f1os, comenz\u00f3 a trabajar en su proyecto fotogr\u00e1fico \u2018En Barcelona\u2019: una aproximaci\u00f3n en color de la ciudad condal que ha tomado forma f\u00edsica en dos libros homenaje a la capital catalana publicados en 2009 (\u2018A Barcelona\u2019, todav\u00eda a la venta) y 2015 respectivamente (\u2018Barcelona Blues\u2019, agotado).\n<\/span><br ><br ><span  style=\"font-family: Muli, arial, helvetica, sans-serif; color: rgb(52, 58, 64);\">\nEse a\u00f1o 1995 realiz\u00f3 su primera exposici\u00f3n individual: \u2018El viaje, mirada abierta\u2019 en el Col\u00b7legi de Periodistes de Catalunya de Barcelona.\n<\/span><br ><br ><span  style=\"font-family: Muli, arial, helvetica, sans-serif; color: rgb(52, 58, 64);\">\nEn 1999 realiz\u00f3 su primera exposici\u00f3n individual, \u2018Cuesti\u00f3n de tiempo\u2019, en la Llibreria Tartessos de Barcelona.\n<\/span><br ><br ><span  style=\"font-family: Muli, arial, helvetica, sans-serif; color: rgb(52, 58, 64);\">\nEn el a\u00f1o 2000 comenz\u00f3 a realizar la edici\u00f3n gr\u00e1fica previa de reportajes y trabajos documentales orientados a prensa, fotolibros y p\u00e1ginas web. Cientos hasta la actualidad, ya que todav\u00eda sigue en ello.\n<\/span><br ><br ><span  style=\"font-family: Muli, arial, helvetica, sans-serif; color: rgb(52, 58, 64);\">\nEn 2000 naci\u00f3 su primera hija: Joana.\n<\/span><br ><br ><span  style=\"font-family: Muli, arial, helvetica, sans-serif; color: rgb(52, 58, 64);\">\nUn a\u00f1o despu\u00e9s, en 2002, a los 38 a\u00f1os de edad, comenz\u00f3 a impartir clases y conferencias como profesor y te\u00f3rico de la fotograf\u00eda.\n<\/span><br ><br ><span  style=\"font-family: Muli, arial, helvetica, sans-serif; color: rgb(52, 58, 64);\">\nEn 2004 naci\u00f3 su segundo hijo: Miquel.\n<\/span><br ><br ><span  style=\"font-family: Muli, arial, helvetica, sans-serif; color: rgb(52, 58, 64);\">\nEn 2008 expuso \u2018En Barcelona\u2019 en la Sala Caja Siete de su ciudad natal: Santa Cruz de Tenerife.\n<\/span><br ><br ><span  style=\"font-family: Muli, arial, helvetica, sans-serif; color: rgb(52, 58, 64);\">\nEn 2009 public\u00f3 \u2018A Barcelona\u2019 (Editorial Arola, 2009) https:\/\/amzn.to\/3gJA6gm<\/span><br ><span  style=\"font-family: Muli, arial, helvetica, sans-serif; color: rgb(52, 58, 64);\">\nEn 2010 comenz\u00f3 su proyecto \u2018Ventanas de Papel\u2019, en el que recopila las decenas de conferencias que ha impartido as\u00ed como los ensayos sobre fotograf\u00eda documental que ha escrito hasta 2020.\n<\/span><\/p> <\/div> <div  class=\"col-sm-6\" data-type=\"column\"> <img decoding=\"async\"  class=\"shadow-large lazyload\" data-src=\"https:\/\/i0.wp.com\/fotogasteiz.com\/blog\/wp-content\/uploads\/2020\/06\/unnamed.jpg?w=3840&amp;ssl=1\" alt=\"\" title=\"Rafa Bad\u00eda\" width=\"500\" height=\"333\" src=\"data:image\/svg+xml;base64,PHN2ZyB3aWR0aD0iMSIgaGVpZ2h0PSIxIiB4bWxucz0iaHR0cDovL3d3dy53My5vcmcvMjAwMC9zdmciPjwvc3ZnPg==\" style=\"--smush-placeholder-width: 500px; --smush-placeholder-aspect-ratio: 500\/333;\"><\/div> <\/div><\/div> <\/div><div  data-label=\"Calle 35\" data-id=\"content--3\" data-export-id=\"content-8\" data-category=\"content\" class=\"content-8 content-section content-section-spacing\" id=\"calle-35\" style=\"background-color: rgb(245, 250, 253);\"><div  class=\"gridContainer\"> <div  class=\"row middle-sm\"><div  class=\"col-sm-6 space-bottom-xs space-top-xs\" data-type=\"column\"> <img decoding=\"async\"  class=\"shadow-large lazyload\" data-src=\"https:\/\/i1.wp.com\/fotogasteiz.com\/blog\/wp-content\/uploads\/2020\/06\/maxresdefault.jpg?w=3840&amp;ssl=1\" alt=\"\" title=\"maxresdefault\" width=\"586\" height=\"330\" src=\"data:image\/svg+xml;base64,PHN2ZyB3aWR0aD0iMSIgaGVpZ2h0PSIxIiB4bWxucz0iaHR0cDovL3d3dy53My5vcmcvMjAwMC9zdmciPjwvc3ZnPg==\" style=\"--smush-placeholder-width: 586px; --smush-placeholder-aspect-ratio: 586\/330;\"><\/div> <div  class=\"col-sm-6\" data-type=\"column\"><h2  class=\"\"><span  style=\"font-family: &quot;Playfair Display&quot;, arial, helvetica, sans-serif; color: rgb(0, 0, 0);\">CALLE 35<\/span><\/h2> <p  class=\"\"><span  style=\"font-family: Muli, arial, helvetica, sans-serif; color: rgb(52, 58, 64);\">En 2011 cofund\u00f3 \u2018<a data-mce-href=\"https:\/\/calle35.com\/\" href=\"https:\/\/calle35.com\" target=\"_blank\" rel=\"noopener noreferrer\" data-mce-selected=\"inline-boundary\" data-cp-link=\"1\" class=\"\">Calle 35<\/a>\u2018 junto a los fot\u00f3grafos <span  style=\"font-weight: 700;\">Carlos Prieto<\/span>, <span  style=\"font-weight: 700;\">Rafa P\u00e9rez<\/span>, <span  style=\"font-weight: 700;\">Mingo Venero<\/span> y <span  style=\"font-weight: 700;\">Marcelo Caballero<\/span>.\n<\/span><br ><br ><span  style=\"font-family: Muli, arial, helvetica, sans-serif; color: rgb(52, 58, 64);\">\nCalle 35 fue un colectivo cuya finalidad era divulgar y disfrutar la fotograf\u00eda de calle.\n<\/span><br ><br ><span  style=\"font-family: Muli, arial, helvetica, sans-serif; color: rgb(52, 58, 64);\">\nEn 2012 naci\u00f3 su tercer hijo: Pablo.\n<\/span><br ><br ><span  style=\"font-family: Muli, arial, helvetica, sans-serif; color: rgb(52, 58, 64);\">\nEn 2015 public\u00f3 \u2018Barcelona Blues\u2019 (Editorial Grisartmedia, 2015), que se encuentra agotado. Las 200 copias que edit\u00f3 volaron.\n<\/span><br ><br ><span  style=\"font-family: Muli, arial, helvetica, sans-serif; color: rgb(52, 58, 64);\">\nEn 2018 realiz\u00f3 la exposici\u00f3n fotogr\u00e1fica individual \u2018Di\u00e1logos en Barcelona\u2019 en la Sala Memorial de la Cl\u00ednica Teknon de Barcelona.\n<\/span><br ><br ><span  style=\"font-family: Muli, arial, helvetica, sans-serif; color: rgb(52, 58, 64);\">\nActualmente es profesor titular de la escuela de fotograf\u00eda \u2018Grisart Escola Fotografia Barcelona\u2019 e imparte cursos y talleres por toda Espa\u00f1a. Desde febrero de 2022 Rafa Badia es profesor de la escuela online de fotograf\u00eda continua La Tercera de FotoKalea www.fotokalea.com, donde imparte ponencias que comenta en directo y se pueden seguir en diferido.<\/span><br ><br ><span  style=\"font-family: Muli, arial, helvetica, sans-serif; color: rgb(52, 58, 64);\">\nVive en Barcelona desde 1994. Se siente barcelon\u00e9s, pero Madrid tambi\u00e9n fue muy importante en su vida (\u00aball\u00ed hice el bachiller, la carrera, viv\u00ed la Transcici\u00f3n, la movida\u2026\u00bb) y c\u00f3mo no, le \u2018tira\u2019 su Tenerife natal, donde vive su hermana mayor y a la que visita cuando los compromisos fotogr\u00e1ficos le dan tregua.\n<\/span><br ><br ><span  style=\"font-family: Muli, arial, helvetica, sans-serif; color: rgb(52, 58, 64);\">\nCuando se retire, le gustar\u00eda pasar temporadas en una casita tradicional en La Laguna (Tenerife).<\/span><\/p> <\/div> <\/div><\/div> <\/div><div  data-label=\"referencias\" data-id=\"content--4\" data-export-id=\"content-7\" data-category=\"content\" class=\"content-7 content-section content-section-spacing\" id=\"referencias\" style=\"background-color: rgb(255, 255, 255);\"><div  class=\"gridContainer\"> <div  class=\"row middle-sm\"><div  class=\"col-sm-6 space-bottom-xs\" data-type=\"column\"> <p  class=\"lead\"><span  style=\"font-family: Muli, arial, helvetica, sans-serif; font-weight: 900; color: rgb(255, 152, 0);\">BIOGRAF\u00cdA DE RAFA BADIA<\/span><\/p><h2  class=\"\"><span  style=\"font-family: &quot;Playfair Display&quot;, arial, helvetica, sans-serif; color: rgb(0, 0, 0);\">Sus tres referencias&nbsp;<\/span><\/h2> <p  class=\"\"><span  style=\"font-family: Muli, arial, helvetica, sans-serif; color: rgb(52, 58, 64);\">Los fot\u00f3grafos que le hicieron amar la fotograf\u00eda, adem\u00e1s de su padre, fueron <span  style=\"font-weight: 700;\">Koldo Chamorro<\/span>, <span  style=\"font-weight: 700;\">Paco Onta\u00f1\u00f3n<\/span> y <span  style=\"font-weight: 700;\">Jos\u00e9 Manuel Navia<\/span>.\n<\/span><br ><br ><span  style=\"font-family: Muli, arial, helvetica, sans-serif; color: rgb(52, 58, 64);\">\nA Koldo Chamorro le conoci\u00f3 porque era amigo de mi padre, cuando su padre ocupaba el cargo pol\u00edtico de \u00abvocal de fotograf\u00eda\u00bb del C\u00edrculo de Bellas Artes, poco antes de que empezaran las series de PhotoEspa\u00f1a.\n<\/span><br ><br ><span  style=\"font-family: Muli, arial, helvetica, sans-serif; color: rgb(52, 58, 64);\">\n\u00abMe dio unos consejos que valoro mucho\u00bb, confiesa a FotoKalea.\n<\/span><br ><br ><span  style=\"font-family: Muli, arial, helvetica, sans-serif; color: rgb(52, 58, 64);\">\nA Francisco Onta\u00f1\u00f3n le conoci\u00f3 cuando era editor gr\u00e1fico en El Pa\u00eds \/ Aguilar, entre 1991 y 1994.\n<\/span><br ><br ><span  style=\"font-family: Muli, arial, helvetica, sans-serif; color: rgb(52, 58, 64);\">\n\u00abEstablec\u00ed muy buena amistad con Paco Onta\u00f1\u00f3n, que me adopt\u00f3 como una especie hijo adoptivo. De \u00e9l aprend\u00ed la actitud del fot\u00f3grafo\u00bb.\n<\/span><br ><br ><span  style=\"font-family: Muli, arial, helvetica, sans-serif; color: rgb(52, 58, 64);\">\nY con Jos\u00e9 Manuel Navia coincidi\u00f3 en Altair Viajes y en National Geographic.\n<\/span><br ><br ><span  style=\"font-family: Muli, arial, helvetica, sans-serif; color: rgb(52, 58, 64);\"><span  style=\"font-style: italic;\">\n\u00abFue mi tercera influencia, en el procedo de edici\u00f3n y selecci\u00f3n\u00bb<\/span>.<\/span><\/p> <\/div> <div  class=\"col-sm-6\" data-type=\"column\"> <img decoding=\"async\"  class=\"shadow-large lazyload\" data-src=\"https:\/\/i1.wp.com\/fotogasteiz.com\/blog\/wp-content\/uploads\/2020\/06\/Rafa-Badia-por-Taejay-Lee-761x1024-1.jpg?w=3840&amp;ssl=1\" alt=\"\" title=\"Rafa-Badia-por-Taejay-Lee-761x1024-1\" width=\"586\" height=\"789\" src=\"data:image\/svg+xml;base64,PHN2ZyB3aWR0aD0iMSIgaGVpZ2h0PSIxIiB4bWxucz0iaHR0cDovL3d3dy53My5vcmcvMjAwMC9zdmciPjwvc3ZnPg==\" style=\"--smush-placeholder-width: 586px; --smush-placeholder-aspect-ratio: 586\/789;\"><p  class=\"lead\" style=\"text-align: right;\"><span  style=\"font-family: Muli, arial, helvetica, sans-serif;\">Foto: Taejay Lee.<\/span><\/p><\/div> <\/div><\/div> <\/div><div  data-label=\"Content\" data-id=\"content--5\" data-export-id=\"content-10\" data-category=\"content\" class=\"content-10 content-section content-section-spacing\" id=\"content-1\" style=\"background-color: rgb(245, 250, 253);\"><div  class=\"gridContainer\"> <div  class=\"row middle-sm\"><div  class=\"col-sm-6 center-xs middle-xs space-bottom-xs\"> <div  class=\"lightbox-video lightbox-video-tall dark-overlay shadow-large flexbox middle-xs center-xs lazyload\" data-type=\"group\" data-bg=\"image\" style=\"background-image:inherit;\" data-bg-image=\"url(&quot;https:\/\/fotogasteiz.com\/blog\/wp-content\/uploads\/2020\/06\/Captura-de-pantalla-2020-06-02-a-las-14.02.39.png&quot;)\"> <a  data-fancybox=\"\" data-video-lightbox=\"true\" href=\"https:\/\/www.youtube.com\/watch?v=uumcFWvDtjQ\" class=\"\"> <i  data-cp-fa=\"true\" class=\"fa video-icon fa-play-circle-o color-white\"><\/i><\/a> <\/div><\/div> <div  class=\"col-sm-6 space-bottom-xs\" data-type=\"column\"><p  class=\"lead\"><span  style=\"font-family: Muli, arial, helvetica, sans-serif; font-weight: 900; color: rgb(255, 152, 0);\">RAFA BADIA<\/span><\/p><h2  class=\"\"><span  style=\"font-family: &quot;Playfair Display&quot;, arial, helvetica, sans-serif; color: rgb(0, 0, 0);\">Barcelona num\u00e9rica<\/span><\/h2> <p  class=\"\"><span  style=\"font-family: Muli, arial, helvetica, sans-serif; color: rgb(52, 58, 64);\">Fotograf\u00eda urbana y m\u00fasica se funden en los \u2018LibroClips\u2019, un proyecto dirigido por Gustavo Bravo que dar\u00e1 a conocer fotolibros in\u00e9ditos en forma de v\u00eddeo de las principales miradas del panorama nacional.\n<\/span><br ><br ><span  style=\"font-family: Muli, arial, helvetica, sans-serif; color: rgb(52, 58, 64);\">\n\u2018LibroClips\u2019 de FotoKalea n\u00ba2 \u2013 BARCELONA NUM\u00c9RICA (Rafa Badia)\n<\/span><br ><br ><span  style=\"font-family: Muli, arial, helvetica, sans-serif; color: rgb(52, 58, 64);\">\nFotografias: Rafa Badia<\/span><br ><span  style=\"font-family: Muli, arial, helvetica, sans-serif; color: rgb(52, 58, 64);\">\nMontaje: Gustavo Bravo<\/span><br ><span  style=\"font-family: Muli, arial, helvetica, sans-serif; color: rgb(52, 58, 64);\">\nM\u00fasica: Anton Dubrovin<\/span><br ><span  style=\"font-family: Muli, arial, helvetica, sans-serif; color: rgb(52, 58, 64);\">\nTema: Nocturno Op.9 n\u00ba2 (F. Chopin)<\/span><\/p> <\/div> <\/div><\/div> <\/div>","protected":false},"excerpt":{"rendered":"<p>Vida \u2013 Obra \u2013 Biograf\u00eda GRANDES FOT\u00d3GRAFOS Y FOT\u00d3GRAFASRafa Badia Rafa Badia es un fot\u00f3grafo, editor gr\u00e1fico y profesor de fotograf\u00eda espa\u00f1ol, referente en narrativa fotogr\u00e1fica, fotograf\u00eda \ufeffdocumental y fotograf\u00eda urbana y de calle. Ha dedicado gran parte de su obra a Barcelona, su ciudad de acogida, a la que ha homenajeado con dos libros&hellip; <br \/> <a class=\"read-more\" href=\"https:\/\/fotogasteiz.com\/blog\/fotografos\/rafa-badia-vida-obra-biografia\/\">Read more<\/a><\/p>\n","protected":false},"author":1,"featured_media":11434,"parent":1689,"menu_order":0,"comment_status":"closed","ping_status":"closed","template":"pro\/page-templates\/full-width-page.php","meta":{"footnotes":""},"class_list":["post-11429","page","type-page","status-publish","has-post-thumbnail","hentry"],"yoast_head":"<!-- This site is optimized with the Yoast SEO Premium plugin v22.5 (Yoast SEO v27.5) - https:\/\/yoast.com\/product\/yoast-seo-premium-wordpress\/ -->\n<title>Rafa Badia - Profesor de fotograf\u00eda<\/title>\n<meta name=\"robots\" content=\"index, follow, max-snippet:-1, max-image-preview:large, max-video-preview:-1\" \/>\n<link rel=\"canonical\" href=\"https:\/\/fotogasteiz.com\/blog\/fotografos\/rafa-badia-vida-obra-biografia\/\" \/>\n<meta property=\"og:locale\" content=\"es_ES\" \/>\n<meta property=\"og:type\" content=\"article\" \/>\n<meta property=\"og:title\" content=\"Rafa Badia\" \/>\n<meta property=\"og:description\" content=\"Vida \u2013 Obra \u2013 Biograf\u00eda GRANDES FOT\u00d3GRAFOS Y FOT\u00d3GRAFASRafa Badia Rafa Badia es un fot\u00f3grafo, editor gr\u00e1fico y profesor de fotograf\u00eda espa\u00f1ol, referente en narrativa fotogr\u00e1fica, fotograf\u00eda \ufeffdocumental y fotograf\u00eda urbana y de calle. Ha dedicado gran parte de su obra a Barcelona, su ciudad de acogida, a la que ha homenajeado con dos libros&hellip; Read more\" \/>\n<meta property=\"og:url\" content=\"https:\/\/fotogasteiz.com\/blog\/fotografos\/rafa-badia-vida-obra-biografia\/\" \/>\n<meta property=\"og:site_name\" content=\"Profesor de fotograf\u00eda\" \/>\n<meta property=\"article:modified_time\" content=\"2022-02-09T10:56:02+00:00\" \/>\n<meta property=\"og:image\" content=\"https:\/\/fotogasteiz.com\/blog\/wp-content\/uploads\/2020\/06\/unnamed.jpg\" \/>\n\t<meta property=\"og:image:width\" content=\"500\" \/>\n\t<meta property=\"og:image:height\" content=\"333\" \/>\n\t<meta property=\"og:image:type\" content=\"image\/jpeg\" \/>\n<meta name=\"twitter:card\" content=\"summary_large_image\" \/>\n<meta name=\"twitter:label1\" content=\"Tiempo de lectura\" \/>\n\t<meta name=\"twitter:data1\" content=\"6 minutos\" \/>\n<script type=\"application\/ld+json\" class=\"yoast-schema-graph\">{\"@context\":\"https:\\\/\\\/schema.org\",\"@graph\":[{\"@type\":\"WebPage\",\"@id\":\"https:\\\/\\\/fotogasteiz.com\\\/blog\\\/fotografos\\\/rafa-badia-vida-obra-biografia\\\/\",\"url\":\"https:\\\/\\\/fotogasteiz.com\\\/blog\\\/fotografos\\\/rafa-badia-vida-obra-biografia\\\/\",\"name\":\"Rafa Badia - Profesor de fotograf\u00eda\",\"isPartOf\":{\"@id\":\"https:\\\/\\\/fotogasteiz.com\\\/blog\\\/#website\"},\"primaryImageOfPage\":{\"@id\":\"https:\\\/\\\/fotogasteiz.com\\\/blog\\\/fotografos\\\/rafa-badia-vida-obra-biografia\\\/#primaryimage\"},\"image\":{\"@id\":\"https:\\\/\\\/fotogasteiz.com\\\/blog\\\/fotografos\\\/rafa-badia-vida-obra-biografia\\\/#primaryimage\"},\"thumbnailUrl\":\"https:\\\/\\\/fotogasteiz.com\\\/blog\\\/wp-content\\\/uploads\\\/2020\\\/06\\\/unnamed.jpg\",\"datePublished\":\"2020-06-02T11:24:51+00:00\",\"dateModified\":\"2022-02-09T10:56:02+00:00\",\"breadcrumb\":{\"@id\":\"https:\\\/\\\/fotogasteiz.com\\\/blog\\\/fotografos\\\/rafa-badia-vida-obra-biografia\\\/#breadcrumb\"},\"inLanguage\":\"es\",\"potentialAction\":[{\"@type\":\"ReadAction\",\"target\":[\"https:\\\/\\\/fotogasteiz.com\\\/blog\\\/fotografos\\\/rafa-badia-vida-obra-biografia\\\/\"]}]},{\"@type\":\"ImageObject\",\"inLanguage\":\"es\",\"@id\":\"https:\\\/\\\/fotogasteiz.com\\\/blog\\\/fotografos\\\/rafa-badia-vida-obra-biografia\\\/#primaryimage\",\"url\":\"https:\\\/\\\/fotogasteiz.com\\\/blog\\\/wp-content\\\/uploads\\\/2020\\\/06\\\/unnamed.jpg\",\"contentUrl\":\"https:\\\/\\\/fotogasteiz.com\\\/blog\\\/wp-content\\\/uploads\\\/2020\\\/06\\\/unnamed.jpg\",\"width\":500,\"height\":333,\"caption\":\"Rafa Bad\u00eda\"},{\"@type\":\"BreadcrumbList\",\"@id\":\"https:\\\/\\\/fotogasteiz.com\\\/blog\\\/fotografos\\\/rafa-badia-vida-obra-biografia\\\/#breadcrumb\",\"itemListElement\":[{\"@type\":\"ListItem\",\"position\":1,\"name\":\"Portada\",\"item\":\"https:\\\/\\\/fotogasteiz.com\\\/blog\\\/\"},{\"@type\":\"ListItem\",\"position\":2,\"name\":\"Fot\u00f3grafos y fot\u00f3grafas (biograf\u00edas)\",\"item\":\"https:\\\/\\\/fotogasteiz.com\\\/blog\\\/fotografos\\\/\"},{\"@type\":\"ListItem\",\"position\":3,\"name\":\"Rafa Badia\"}]},{\"@type\":\"WebSite\",\"@id\":\"https:\\\/\\\/fotogasteiz.com\\\/blog\\\/#website\",\"url\":\"https:\\\/\\\/fotogasteiz.com\\\/blog\\\/\",\"name\":\"Profesor de fotograf\u00eda\",\"description\":\"por Gustavo Bravo\",\"potentialAction\":[{\"@type\":\"SearchAction\",\"target\":{\"@type\":\"EntryPoint\",\"urlTemplate\":\"https:\\\/\\\/fotogasteiz.com\\\/blog\\\/?s={search_term_string}\"},\"query-input\":{\"@type\":\"PropertyValueSpecification\",\"valueRequired\":true,\"valueName\":\"search_term_string\"}}],\"inLanguage\":\"es\"}]}<\/script>\n<!-- \/ Yoast SEO Premium plugin. -->","yoast_head_json":{"title":"Rafa Badia - Profesor de fotograf\u00eda","robots":{"index":"index","follow":"follow","max-snippet":"max-snippet:-1","max-image-preview":"max-image-preview:large","max-video-preview":"max-video-preview:-1"},"canonical":"https:\/\/fotogasteiz.com\/blog\/fotografos\/rafa-badia-vida-obra-biografia\/","og_locale":"es_ES","og_type":"article","og_title":"Rafa Badia","og_description":"Vida \u2013 Obra \u2013 Biograf\u00eda GRANDES FOT\u00d3GRAFOS Y FOT\u00d3GRAFASRafa Badia Rafa Badia es un fot\u00f3grafo, editor gr\u00e1fico y profesor de fotograf\u00eda espa\u00f1ol, referente en narrativa fotogr\u00e1fica, fotograf\u00eda \ufeffdocumental y fotograf\u00eda urbana y de calle. Ha dedicado gran parte de su obra a Barcelona, su ciudad de acogida, a la que ha homenajeado con dos libros&hellip; Read more","og_url":"https:\/\/fotogasteiz.com\/blog\/fotografos\/rafa-badia-vida-obra-biografia\/","og_site_name":"Profesor de fotograf\u00eda","article_modified_time":"2022-02-09T10:56:02+00:00","og_image":[{"width":500,"height":333,"url":"https:\/\/fotogasteiz.com\/blog\/wp-content\/uploads\/2020\/06\/unnamed.jpg","type":"image\/jpeg"}],"twitter_card":"summary_large_image","twitter_misc":{"Tiempo de lectura":"6 minutos"},"schema":{"@context":"https:\/\/schema.org","@graph":[{"@type":"WebPage","@id":"https:\/\/fotogasteiz.com\/blog\/fotografos\/rafa-badia-vida-obra-biografia\/","url":"https:\/\/fotogasteiz.com\/blog\/fotografos\/rafa-badia-vida-obra-biografia\/","name":"Rafa Badia - Profesor de fotograf\u00eda","isPartOf":{"@id":"https:\/\/fotogasteiz.com\/blog\/#website"},"primaryImageOfPage":{"@id":"https:\/\/fotogasteiz.com\/blog\/fotografos\/rafa-badia-vida-obra-biografia\/#primaryimage"},"image":{"@id":"https:\/\/fotogasteiz.com\/blog\/fotografos\/rafa-badia-vida-obra-biografia\/#primaryimage"},"thumbnailUrl":"https:\/\/fotogasteiz.com\/blog\/wp-content\/uploads\/2020\/06\/unnamed.jpg","datePublished":"2020-06-02T11:24:51+00:00","dateModified":"2022-02-09T10:56:02+00:00","breadcrumb":{"@id":"https:\/\/fotogasteiz.com\/blog\/fotografos\/rafa-badia-vida-obra-biografia\/#breadcrumb"},"inLanguage":"es","potentialAction":[{"@type":"ReadAction","target":["https:\/\/fotogasteiz.com\/blog\/fotografos\/rafa-badia-vida-obra-biografia\/"]}]},{"@type":"ImageObject","inLanguage":"es","@id":"https:\/\/fotogasteiz.com\/blog\/fotografos\/rafa-badia-vida-obra-biografia\/#primaryimage","url":"https:\/\/fotogasteiz.com\/blog\/wp-content\/uploads\/2020\/06\/unnamed.jpg","contentUrl":"https:\/\/fotogasteiz.com\/blog\/wp-content\/uploads\/2020\/06\/unnamed.jpg","width":500,"height":333,"caption":"Rafa Bad\u00eda"},{"@type":"BreadcrumbList","@id":"https:\/\/fotogasteiz.com\/blog\/fotografos\/rafa-badia-vida-obra-biografia\/#breadcrumb","itemListElement":[{"@type":"ListItem","position":1,"name":"Portada","item":"https:\/\/fotogasteiz.com\/blog\/"},{"@type":"ListItem","position":2,"name":"Fot\u00f3grafos y fot\u00f3grafas (biograf\u00edas)","item":"https:\/\/fotogasteiz.com\/blog\/fotografos\/"},{"@type":"ListItem","position":3,"name":"Rafa Badia"}]},{"@type":"WebSite","@id":"https:\/\/fotogasteiz.com\/blog\/#website","url":"https:\/\/fotogasteiz.com\/blog\/","name":"Profesor de fotograf\u00eda","description":"por Gustavo Bravo","potentialAction":[{"@type":"SearchAction","target":{"@type":"EntryPoint","urlTemplate":"https:\/\/fotogasteiz.com\/blog\/?s={search_term_string}"},"query-input":{"@type":"PropertyValueSpecification","valueRequired":true,"valueName":"search_term_string"}}],"inLanguage":"es"}]}},"_links":{"self":[{"href":"https:\/\/fotogasteiz.com\/blog\/wp-json\/wp\/v2\/pages\/11429","targetHints":{"allow":["GET"]}}],"collection":[{"href":"https:\/\/fotogasteiz.com\/blog\/wp-json\/wp\/v2\/pages"}],"about":[{"href":"https:\/\/fotogasteiz.com\/blog\/wp-json\/wp\/v2\/types\/page"}],"author":[{"embeddable":true,"href":"https:\/\/fotogasteiz.com\/blog\/wp-json\/wp\/v2\/users\/1"}],"replies":[{"embeddable":true,"href":"https:\/\/fotogasteiz.com\/blog\/wp-json\/wp\/v2\/comments?post=11429"}],"version-history":[{"count":7,"href":"https:\/\/fotogasteiz.com\/blog\/wp-json\/wp\/v2\/pages\/11429\/revisions"}],"predecessor-version":[{"id":17938,"href":"https:\/\/fotogasteiz.com\/blog\/wp-json\/wp\/v2\/pages\/11429\/revisions\/17938"}],"up":[{"embeddable":true,"href":"https:\/\/fotogasteiz.com\/blog\/wp-json\/wp\/v2\/pages\/1689"}],"wp:featuredmedia":[{"embeddable":true,"href":"https:\/\/fotogasteiz.com\/blog\/wp-json\/wp\/v2\/media\/11434"}],"wp:attachment":[{"href":"https:\/\/fotogasteiz.com\/blog\/wp-json\/wp\/v2\/media?parent=11429"}],"curies":[{"name":"wp","href":"https:\/\/api.w.org\/{rel}","templated":true}]}}