{"id":11881,"date":"2020-07-13T09:24:37","date_gmt":"2020-07-13T09:24:37","guid":{"rendered":"https:\/\/fotogasteiz.com\/blog\/?page_id=11881"},"modified":"2021-09-15T17:18:09","modified_gmt":"2021-09-15T17:18:09","slug":"carlos-perez-siquier-vida-obra-biografia","status":"publish","type":"page","link":"https:\/\/fotogasteiz.com\/blog\/fotografos\/carlos-perez-siquier-vida-obra-biografia\/","title":{"rendered":"Carlos P\u00e9rez Siquier"},"content":{"rendered":"<div  data-label=\"Intro\" data-id=\"about--1\" data-export-id=\"about-10\" data-category=\"about\" class=\"about-10 content-section content-section-spacing\" id=\"intro\" style=\"background-color: rgb(255, 255, 255);\"><div  class=\"gridContainer\"> <div  class=\"row middle-sm text-center\"><div  class=\"col-sm-5 space-bottom-xs content-column\" data-type=\"column\"> <h5  class=\"\"><span  style=\"color: rgb(3, 169, 244);\">Vida \u2013 Obra \u2013 Biograf\u00eda<\/span><\/h5> <p  class=\"lead\">GRANDES FOT\u00d3GRAFOS Y FOT\u00d3GRAFAS<\/p><h2  class=\"\"><span  style=\"font-family: &quot;Playfair Display&quot;, arial, helvetica, sans-serif; color: rgb(0, 0, 0);\">Carlos P\u00e9rez Siquier<\/span><\/h2> <p  class=\"\"><span  style=\"font-family: Muli, arial, helvetica, sans-serif; color: rgb(0, 0, 0);\"><span  style=\"font-weight: 900;\">Carlos P\u00e9rez Siquier<\/span>&nbsp;(1939-2021) fue un fot\u00f3grafo documental espa\u00f1ol que revolucion\u00f3 la fotograf\u00eda espa\u00f1ola en la posguerra al acercarse al\nneorrealismo en sus primeras fotos en blanco y negro.\n<\/span><br ><br ><span  style=\"font-family: Muli, arial, helvetica, sans-serif; color: rgb(0, 0, 0);\">\nPionero en la fotograf\u00eda en color, su acercamiento al cubismo y a la fotograf\u00eda de fragmento le hizo destacar r\u00e1pidamente si bien el \u00e9xito en su pa\u00eds no le lleg\u00f3 hasta d\u00e9cadas despu\u00e9s.<\/span><br >\n\n<br ><span  style=\"font-family: Muli, arial, helvetica, sans-serif; color: rgb(0, 0, 0);\">Su mirada de ni\u00f1o, su intuici\u00f3n y su forma de mirar tan distinta al resto le coloca en la cima de la renovaci\u00f3n fotogr\u00e1fica espa\u00f1ola.\n<\/span><br ><br ><span  style=\"font-family: Muli, arial, helvetica, sans-serif; color: rgb(0, 0, 0);\">\nFot\u00f3grafo de calle de coraz\u00f3n, no sali\u00f3 de su Almer\u00eda natal. No le hac\u00eda falta. All\u00ed ve\u00eda un mundo original en la vida cotidiana y destacaba lo extraordinario de lo ordinario. Fotografiaba local, fotografiaba a los locales y cuando Espa\u00f1a se abri\u00f3 al turismo fotografiaba a los turistas en su tierra: fotografiaba carne, formas, piel tostada y vestidos de colores, cachos de una realidad que siempre ve\u00eda atractiva.<\/span><\/p> <p  class=\"\"><span  style=\"font-weight: 700; font-style: italic; color: rgb(255, 51, 105);\">\u00daltima actualizaci\u00f3n: septiembre de 2021<\/span><\/p><\/div> <div  class=\"col-sm-7 flexbox middle-xs center-xs space-bottom-xs\"><div  class=\"overlay-box middle-xs center-xs flexbox\"> <div  class=\"overlay-box-offset offset-border shadow-medium border-color1 hide-xs\"><\/div> <img decoding=\"async\"  class=\"shadow-large lazyload\" data-size=\"485x705\" data-src=\"https:\/\/i2.wp.com\/fotogasteiz.com\/blog\/wp-content\/uploads\/2020\/07\/cropped-buy-book-carlos-perez-siquier-1.jpg?w=3840&amp;ssl=1\" alt=\"\" title=\"cropped-buy-book-carlos-perez-siquier-1.jpg\" width=\"402\" height=\"584\" src=\"data:image\/svg+xml;base64,PHN2ZyB3aWR0aD0iMSIgaGVpZ2h0PSIxIiB4bWxucz0iaHR0cDovL3d3dy53My5vcmcvMjAwMC9zdmciPjwvc3ZnPg==\" style=\"--smush-placeholder-width: 402px; --smush-placeholder-aspect-ratio: 402\/584;\"><\/div> <\/div><\/div> <\/div><\/div><div  data-label=\"Cta\" data-id=\"cta--1\" data-export-id=\"cta-centered-section-grid\" data-category=\"cta\" class=\"cta-centered-section-grid content-section content-section-spacing-medium bg-color1 white-text\" id=\"cta-1\"><div  class=\"gridContainer\"> <div  class=\"row text-center\"><div  class=\"col-xs-12 col-sm-10 col-sm-offset-1 col-md-8 col-md-offset-2\" data-type=\"column\"> <h2  class=\"\"><span  style=\"font-family: &quot;Playfair Display&quot;, arial, helvetica, sans-serif;\">\u00abQuise hacer Almer\u00eda universal\u00bb<\/span><\/h2> <p  class=\"\"><span  style=\"font-family: Muli, arial, helvetica, sans-serif;\">Carlos P\u00e9rez-Siquier<\/span><\/p> <\/div> <\/div><\/div> <\/div><div  data-label=\"Content\" data-id=\"content--15\" data-export-id=\"content-11\" data-category=\"content\" class=\"content-11 content-section content-section-spacing\" id=\"content-1\" style=\"background-color: rgb(52, 58, 64); background-image: none;\"><div  class=\"gridContainer\"> <div  class=\"row text-center\"><div  class=\"section-title-col\" data-type=\"column\"> <h2  class=\"\"><span  style=\"font-family: &quot;Playfair Display&quot;, arial, helvetica, sans-serif; color: rgb(255, 255, 255);\">Entrevista a Carlos P\u00e9rez Siquier<\/span><\/h2> <p  class=\"lead\"><span  style=\"font-family: Muli, arial, helvetica, sans-serif; color: rgb(255, 255, 255);\"><span  style=\"font-weight: 900;\">Gustavo Bravo<\/span> charla en directo con el Premio Nacional de Fotograf\u00eda <span  style=\"font-weight: 900;\">Carlos P\u00e9rez Siquier<\/span> en la que fue la primera videoentrevista de su vida, concedida a \u2018<a data-mce-href=\"http:\/\/www.fotokalea.com\" href=\"http:\/\/www.fotokalea.com\" target=\"_blank\" rel=\"noopener\" data-mce-selected=\"inline-boundary\" data-cp-link=\"1\" class=\"\">La Tercera de Fotokalea<\/a>\u2018 el 13 de julio de 2020, cuando ten\u00eda 89 a\u00f1os.<\/span><br ><span  style=\"font-family: Muli, arial, helvetica, sans-serif; color: rgb(255, 255, 255);\"><span  style=\"font-weight: 900;\">\nP\u00e9rez Siquier<\/span> ha muerto este lunes 13 de septiembre de 2021 a los 91 a\u00f1os de edad.<\/span><\/p><\/div> <\/div> <div  class=\"row center-xs middle-xs\"> <div  class=\"col-sm-9\"> <div  class=\"lightbox-video lightbox-video-tall dark-overlay shadow-large flexbox middle-xs center-xs lazyload\" data-type=\"group\" data-bg=\"image\" style=\"background-image:inherit;\" data-bg-image=\"url(&quot;https:\/\/fotogasteiz.com\/blog\/wp-content\/uploads\/2021\/09\/perez-siquier.jpg&quot;)\"> <a  data-fancybox=\"\" data-video-lightbox=\"true\" href=\"https:\/\/youtu.be\/xLjFyPBR1-k\" class=\"\"> <i  data-cp-fa=\"true\" class=\"fa video-icon fa-play-circle-o color-white\"><\/i><\/a> <\/div><\/div> <\/div><\/div> <\/div><div  data-label=\"primeros anos\" data-id=\"content--1\" data-export-id=\"content-7\" data-category=\"content\" class=\"content-7 content-section content-section-spacing\" id=\"primeros-anos\" style=\"background-color: rgb(245, 250, 253);\"><div  class=\"gridContainer\"> <div  class=\"row middle-sm\"><div  class=\"col-sm-6 space-bottom-xs\" data-type=\"column\"> <p  class=\"lead\"><span  style=\"font-family: Muli, arial, helvetica, sans-serif; font-weight: 900; color: rgb(3, 169, 244);\">PRIMEROS A\u00d1OS<\/span><\/p><h2  class=\"\"><span  style=\"font-family: &quot;Playfair Display&quot;, arial, helvetica, sans-serif; color: rgb(0, 0, 0);\">Biograf\u00eda de Carlos P\u00e9rez Siquier&nbsp;<\/span><\/h2> <p  class=\"\"><span  style=\"font-family: Muli, arial, helvetica, sans-serif; color: rgb(0, 0, 0);\"><span  style=\"font-weight: 900;\">Carlos P\u00e9rez Siquier<\/span> naci\u00f3 en Almer\u00eda el 14 de diciembre de 1930, seis a\u00f1os antes de declararse la <span  style=\"font-weight: 900;\">Guerra Civil Espa\u00f1ola<\/span>.\n<\/span><br ><br ><span  style=\"font-family: Muli, arial, helvetica, sans-serif; color: rgb(0, 0, 0);\">\nSiendo adolescente, su padre puso un laboratorio fotogr\u00e1fico en el piso superior de su casa y<span  id=\"_mce_caret\" data-mce-bogus=\"1\" data-mce-type=\"format-caret\"><span  style=\"color: rgb(0, 0, 0);\">\ufeff<\/span><\/span> Carlos empez\u00f3 a dar sus primeros pasos art\u00edsticos en Fotograf\u00eda. Se pasaba a all\u00ed las horas, tras sus largos paseos haciendo fotos, que tambi\u00e9n le serv\u00edan para ligar confesar\u00eda d\u00e9cadas despu\u00e9s.&nbsp;\n<\/span><br ><br ><span  style=\"font-family: Muli, arial, helvetica, sans-serif; color: rgb(0, 0, 0);\">\nLa realidad que v\u00eda a trav\u00e9s de su objetivo era muy diferente a la que mostraba el noticiero del Franquismo y, a contracorriente, se puso a fotografiar dej\u00e1ndose llevar por su intuici\u00f3n y coraz\u00f3n. Su mirada no era convencional.\n<\/span><br ><br ><span  style=\"font-family: Muli, arial, helvetica, sans-serif; color: rgb(0, 0, 0);\">\nLo hac\u00eda en su tiempo libre, pues la mayor parte de la jornada la pasaba trabajando en un banco.\n<\/span><br ><br ><span  style=\"font-family: Muli, arial, helvetica, sans-serif; color: rgb(0, 0, 0);\">\nLe apasionaba la Fotograf\u00eda. Pese a que eran dif\u00edciles de conseguir, se las ingeniaba para acceder a <span  style=\"font-weight: 900;\">\u2018Los Cuadernos del Club fotogr\u00e1fica de Par\u00eds\u2019<\/span> y a ejemplares de la revista <span  style=\"font-weight: 900;\">\u2018LIFE\u2019<\/span>.\n<\/span><br ><br ><span  style=\"font-family: Muli, arial, helvetica, sans-serif; color: rgb(0, 0, 0);\">\nEsa prensa le abri\u00f3 los ojos. Le interesaba la fotograf\u00eda con factor humano y quiso hacer esa fotograf\u00eda en su entorno m\u00e1s cercano.<\/span><\/p> <\/div> <div  class=\"col-sm-6\" data-type=\"column\"> <img decoding=\"async\"  class=\"shadow-large lazyload\" data-src=\"https:\/\/i1.wp.com\/fotogasteiz.com\/blog\/wp-content\/uploads\/2020\/07\/769b49f57fe3f73ea793eb339a2e0ef1.jpg?w=3840&amp;ssl=1\" alt=\"\" title=\"769b49f57fe3f73ea793eb339a2e0ef1\" width=\"586\" height=\"600\" src=\"data:image\/svg+xml;base64,PHN2ZyB3aWR0aD0iMSIgaGVpZ2h0PSIxIiB4bWxucz0iaHR0cDovL3d3dy53My5vcmcvMjAwMC9zdmciPjwvc3ZnPg==\" style=\"--smush-placeholder-width: 586px; --smush-placeholder-aspect-ratio: 586\/600;\"><\/div> <\/div><\/div> <\/div><div  data-label=\"La Chanca\" data-id=\"content--2\" data-export-id=\"content-8\" data-category=\"content\" class=\"content-8 content-section content-section-spacing\" id=\"la-chanca\" style=\"background-color: rgb(245, 250, 253); background-image: none;\"><div  class=\"gridContainer\"> <div  class=\"row middle-sm\"><div  class=\"col-sm-6 space-bottom-xs space-top-xs\" data-type=\"column\"> <img decoding=\"async\"  class=\"shadow-large lazyload\" data-src=\"https:\/\/i1.wp.com\/fotogasteiz.com\/blog\/wp-content\/uploads\/2020\/07\/La-chanca-color-perez-siquier.png?w=3840&amp;ssl=1\" alt=\"\" title=\"La chanca color perez siquier\" width=\"586\" height=\"589\" src=\"data:image\/svg+xml;base64,PHN2ZyB3aWR0aD0iMSIgaGVpZ2h0PSIxIiB4bWxucz0iaHR0cDovL3d3dy53My5vcmcvMjAwMC9zdmciPjwvc3ZnPg==\" style=\"--smush-placeholder-width: 586px; --smush-placeholder-aspect-ratio: 586\/589;\"><\/div> <div  class=\"col-sm-6\" data-type=\"column\"><p  class=\"lead\"><span  style=\"font-family: Muli, arial, helvetica, sans-serif; font-weight: 900; color: rgb(3, 169, 244);\">BIOGRAF\u00cdA DE CARLOS P\u00c9REZ SIQUIER<\/span><\/p><h2  class=\"\"><span  style=\"font-family: &quot;Playfair Display&quot;, arial, helvetica, sans-serif; color: rgb(0, 0, 0);\">La Chanca<\/span><\/h2> <p  class=\"\"><span  style=\"font-family: Muli, arial, helvetica, sans-serif; color: rgb(52, 58, 64);\">A sus 26 a\u00f1os, en 1956 empez\u00f3 a fotografiar todos los fines de semana la paup\u00e9rrima barriada de <span  style=\"font-weight: 900;\">La Chanca<\/span>.\n<\/span><br ><br ><span  style=\"font-family: Muli, arial, helvetica, sans-serif; color: rgb(52, 58, 64);\">\nLo seguir\u00eda haciendo hasta 1965 convirti\u00e9ndose pionero tambi\u00e9n en eso: en trabajar un tema a lo largo de muchos a\u00f1os.\n<\/span><br ><br ><span  style=\"font-family: Muli, arial, helvetica, sans-serif; color: rgb(52, 58, 64);\">\nSu proyecto en La Chanca le encumbr\u00f3 como uno de los fot\u00f3grafos m\u00e1s vanguardistas de la \u00e9poca.\n<br ><br >Por dos a\u00f1os m\u00e1s, hasta 1965, seguir\u00eda visitando La Chanca, donde entraron las excavadoras para echar abajo las casas cuevas y reformar las edificiaciones. \n<br ><br >Las m\u00e1quinas dejaron a la vista los interiores de las casas, de colores. Y se enamor\u00f3 de aquel color, que fotografiaba a fragmentos, al estilo cubista.\n<br ><br >En julio de 2020, la <span  style=\"font-weight: 900;\">Fundaci\u00f3n de Arte Ib\u00e1\u00f1ez Cosentino y la Diputaci\u00f3n de Almer\u00eda<\/span> han publicado \u2018La Chanca, en color\u2019, el segundo volumen de la enciclopedia dedicada a su figura.\n<\/span><br ><br ><span  style=\"font-family: Muli, arial, helvetica, sans-serif; color: rgb(52, 58, 64);\">\nUna exposici\u00f3n llamada igual, <a data-mce-href=\"..\/..\/chanca-color-carlos-perez-siquier\/\" href=\"https:\/\/fotogasteiz.com\/blog\/chanca-color-carlos-perez-siquier\" target=\"_blank\" rel=\"noopener noreferrer\" data-mce-selected=\"inline-boundary\" data-cp-link=\"1\">\u2018La Chanca en color\u2019<\/a> est\u00e1 expuesta actualmente en el patio de luces de la Diputaci\u00f3n de Almer\u00eda.<\/span><\/p> <\/div> <\/div><\/div> <\/div><div  data-label=\"Chanca BN\" data-id=\"gallery--1\" data-export-id=\"gallery-1\" data-category=\"gallery\" class=\"gallery-1 content-section content-section-spacing\" id=\"chanca-bn\" style=\"background-color: rgb(52, 58, 64); background-image: none;\"><div  class=\"gridContainer\"> <div  class=\"row\"><div  class=\"section-title-col\" data-type=\"column\"> <h2  class=\"\"><span  style=\"font-family: &quot;Playfair Display&quot;, arial, helvetica, sans-serif; color: rgb(255, 255, 255);\">La Chanca en blanco y negro \u2013 Siquier<\/span><\/h2> <img decoding=\"async\"  class=\"custom-image lazyload\" data-src=\"https:\/\/i0.wp.com\/fotogasteiz.com\/blog\/wp-content\/uploads\/2020\/07\/charla-afal-reina-sofia-2-1024x682-1.jpg?w=3840&amp;ssl=1\" alt=\"\" title=\"charla-afal-reina-sofia-2-1024x682\" width=\"994\" height=\"662\" src=\"data:image\/svg+xml;base64,PHN2ZyB3aWR0aD0iMSIgaGVpZ2h0PSIxIiB4bWxucz0iaHR0cDovL3d3dy53My5vcmcvMjAwMC9zdmciPjwvc3ZnPg==\" style=\"--smush-placeholder-width: 994px; --smush-placeholder-aspect-ratio: 994\/662;\"><\/div> <\/div> <div  class=\"row text-center\"> <div  class=\"col-xs-12\" data-editable=\"true\" data-content-shortcode=\"mesmerize_gallery id=&quot;mesmerize-gallery-1&quot; columns=&quot;5&quot; ids=&quot;11916,11917,11918,11919,11920,11922,11923,11924,11925,11926,11927,11928,11929,11930,11931,11932,11934,11935,11936,11937,11938,11939,11940,11941,11942&quot; lb=&quot;1&quot; masonry=&quot;1&quot; size=&quot;medium&quot; link=&quot;file&quot; \"><div id='mesmerize-gallery-1' class='gallery-wrapper'><style type=\"text\/css\">\n                    @media only screen and (min-width: 768px) {\n                    [data-unique-id='mesmerize-gallery-1-69f2224d84673'] dl {\n                        float: left;\n                        width: 20% !important;\n                        max-width:  20% !important;\n                        min-width:  20% !important;\n                    }\n\n                    [data-unique-id='mesmerize-gallery-1-69f2224d84673'] dl:nth-of-type(5n +1 ) {\n                      clear: both;\n                      }\n                    }\n                <\/style><div id='mesmerize-gallery-1' class='mesmerize-gallery-1-dls-wrapper gallery-items-wrapper materialis-gallery' data-unique-id='mesmerize-gallery-1-69f2224d84673'><dl class='gallery-item'>\n\t\t\t<dt class='gallery-icon portrait'>\n\t\t\t\t<a data-fancybox=\"mesmerize-gallery-1-group\" href='https:\/\/fotogasteiz.com\/blog\/wp-content\/uploads\/2020\/07\/La-Chanca-Perez-Siquier-Blanco-negro-26.png'><img decoding=\"async\"  width=\"199\" height=\"300\" data-src=\"https:\/\/fotogasteiz.com\/blog\/wp-content\/smush-avif\/2020\/07\/La-Chanca-Perez-Siquier-Blanco-negro-26-199x300.png.avif\"  class='mesmerize-gallery-1-image lazyload' alt=\"\" data-srcset=\"https:\/\/fotogasteiz.com\/blog\/wp-content\/smush-avif\/2020\/07\/La-Chanca-Perez-Siquier-Blanco-negro-26-199x300.png.avif 199w, https:\/\/fotogasteiz.com\/blog\/wp-content\/smush-avif\/2020\/07\/La-Chanca-Perez-Siquier-Blanco-negro-26-678x1024.png.avif 678w, https:\/\/fotogasteiz.com\/blog\/wp-content\/uploads\/2020\/07\/La-Chanca-Perez-Siquier-Blanco-negro-26.png 693w\" data-sizes=\"(max-width: 199px) 100vw, 199px\" src=\"data:image\/svg+xml;base64,PHN2ZyB3aWR0aD0iMSIgaGVpZ2h0PSIxIiB4bWxucz0iaHR0cDovL3d3dy53My5vcmcvMjAwMC9zdmciPjwvc3ZnPg==\" style=\"--smush-placeholder-width: 199px; --smush-placeholder-aspect-ratio: 199\/300;\" \/><\/a>\n\t\t\t<\/dt><\/dl><dl class='gallery-item'>\n\t\t\t<dt class='gallery-icon portrait'>\n\t\t\t\t<a data-fancybox=\"mesmerize-gallery-1-group\" href='https:\/\/fotogasteiz.com\/blog\/wp-content\/uploads\/2020\/07\/La-Chanca-Perez-Siquier-Blanco-negro-25.png'><img decoding=\"async\"  width=\"197\" height=\"300\" data-src=\"https:\/\/fotogasteiz.com\/blog\/wp-content\/smush-avif\/2020\/07\/La-Chanca-Perez-Siquier-Blanco-negro-25-197x300.png.avif\"  class='mesmerize-gallery-1-image lazyload' alt=\"\" data-srcset=\"https:\/\/fotogasteiz.com\/blog\/wp-content\/smush-avif\/2020\/07\/La-Chanca-Perez-Siquier-Blanco-negro-25-197x300.png.avif 197w, https:\/\/fotogasteiz.com\/blog\/wp-content\/smush-avif\/2020\/07\/La-Chanca-Perez-Siquier-Blanco-negro-25-671x1024.png.avif 671w, https:\/\/fotogasteiz.com\/blog\/wp-content\/uploads\/2020\/07\/La-Chanca-Perez-Siquier-Blanco-negro-25.png 687w\" data-sizes=\"(max-width: 197px) 100vw, 197px\" src=\"data:image\/svg+xml;base64,PHN2ZyB3aWR0aD0iMSIgaGVpZ2h0PSIxIiB4bWxucz0iaHR0cDovL3d3dy53My5vcmcvMjAwMC9zdmciPjwvc3ZnPg==\" style=\"--smush-placeholder-width: 197px; --smush-placeholder-aspect-ratio: 197\/300;\" \/><\/a>\n\t\t\t<\/dt><\/dl><dl class='gallery-item'>\n\t\t\t<dt class='gallery-icon landscape'>\n\t\t\t\t<a data-fancybox=\"mesmerize-gallery-1-group\" href='https:\/\/fotogasteiz.com\/blog\/wp-content\/uploads\/2020\/07\/La-Chanca-Perez-Siquier-Blanco-negro-24.png'><img decoding=\"async\"  width=\"300\" height=\"199\" data-src=\"https:\/\/fotogasteiz.com\/blog\/wp-content\/smush-avif\/2020\/07\/La-Chanca-Perez-Siquier-Blanco-negro-24-300x199.png.avif\"  class='mesmerize-gallery-1-image lazyload' alt=\"\" data-srcset=\"https:\/\/fotogasteiz.com\/blog\/wp-content\/smush-avif\/2020\/07\/La-Chanca-Perez-Siquier-Blanco-negro-24-300x199.png.avif 300w, https:\/\/fotogasteiz.com\/blog\/wp-content\/smush-avif\/2020\/07\/La-Chanca-Perez-Siquier-Blanco-negro-24-768x509.png.avif 768w, https:\/\/fotogasteiz.com\/blog\/wp-content\/uploads\/2020\/07\/La-Chanca-Perez-Siquier-Blanco-negro-24.png 786w\" data-sizes=\"(max-width: 300px) 100vw, 300px\" src=\"data:image\/svg+xml;base64,PHN2ZyB3aWR0aD0iMSIgaGVpZ2h0PSIxIiB4bWxucz0iaHR0cDovL3d3dy53My5vcmcvMjAwMC9zdmciPjwvc3ZnPg==\" style=\"--smush-placeholder-width: 300px; --smush-placeholder-aspect-ratio: 300\/199;\" \/><\/a>\n\t\t\t<\/dt><\/dl><dl class='gallery-item'>\n\t\t\t<dt class='gallery-icon landscape'>\n\t\t\t\t<a data-fancybox=\"mesmerize-gallery-1-group\" href='https:\/\/fotogasteiz.com\/blog\/wp-content\/uploads\/2020\/07\/La-Chanca-Perez-Siquier-Blanco-negro-23.png'><img decoding=\"async\"  width=\"300\" height=\"199\" data-src=\"https:\/\/fotogasteiz.com\/blog\/wp-content\/smush-avif\/2020\/07\/La-Chanca-Perez-Siquier-Blanco-negro-23-300x199.png.avif\"  class='mesmerize-gallery-1-image lazyload' alt=\"\" data-srcset=\"https:\/\/fotogasteiz.com\/blog\/wp-content\/smush-avif\/2020\/07\/La-Chanca-Perez-Siquier-Blanco-negro-23-300x199.png.avif 300w, https:\/\/fotogasteiz.com\/blog\/wp-content\/smush-avif\/2020\/07\/La-Chanca-Perez-Siquier-Blanco-negro-23-768x509.png.avif 768w, https:\/\/fotogasteiz.com\/blog\/wp-content\/uploads\/2020\/07\/La-Chanca-Perez-Siquier-Blanco-negro-23.png 787w\" data-sizes=\"(max-width: 300px) 100vw, 300px\" src=\"data:image\/svg+xml;base64,PHN2ZyB3aWR0aD0iMSIgaGVpZ2h0PSIxIiB4bWxucz0iaHR0cDovL3d3dy53My5vcmcvMjAwMC9zdmciPjwvc3ZnPg==\" style=\"--smush-placeholder-width: 300px; --smush-placeholder-aspect-ratio: 300\/199;\" \/><\/a>\n\t\t\t<\/dt><\/dl><dl class='gallery-item'>\n\t\t\t<dt class='gallery-icon portrait'>\n\t\t\t\t<a data-fancybox=\"mesmerize-gallery-1-group\" href='https:\/\/fotogasteiz.com\/blog\/wp-content\/uploads\/2020\/07\/La-Chanca-Perez-Siquier-Blanco-negro-22.png'><img decoding=\"async\"  width=\"199\" height=\"300\" data-src=\"https:\/\/fotogasteiz.com\/blog\/wp-content\/smush-avif\/2020\/07\/La-Chanca-Perez-Siquier-Blanco-negro-22-199x300.png.avif\"  class='mesmerize-gallery-1-image lazyload' alt=\"\" data-srcset=\"https:\/\/fotogasteiz.com\/blog\/wp-content\/smush-avif\/2020\/07\/La-Chanca-Perez-Siquier-Blanco-negro-22-199x300.png.avif 199w, https:\/\/fotogasteiz.com\/blog\/wp-content\/smush-avif\/2020\/07\/La-Chanca-Perez-Siquier-Blanco-negro-22-680x1024.png.avif 680w, https:\/\/fotogasteiz.com\/blog\/wp-content\/uploads\/2020\/07\/La-Chanca-Perez-Siquier-Blanco-negro-22.png 695w\" data-sizes=\"(max-width: 199px) 100vw, 199px\" src=\"data:image\/svg+xml;base64,PHN2ZyB3aWR0aD0iMSIgaGVpZ2h0PSIxIiB4bWxucz0iaHR0cDovL3d3dy53My5vcmcvMjAwMC9zdmciPjwvc3ZnPg==\" style=\"--smush-placeholder-width: 199px; --smush-placeholder-aspect-ratio: 199\/300;\" \/><\/a>\n\t\t\t<\/dt><\/dl><dl class='gallery-item'>\n\t\t\t<dt class='gallery-icon portrait'>\n\t\t\t\t<a data-fancybox=\"mesmerize-gallery-1-group\" href='https:\/\/fotogasteiz.com\/blog\/wp-content\/uploads\/2020\/07\/La-Chanca-Perez-Siquier-Blanco-negro-21.png'><img decoding=\"async\"  width=\"199\" height=\"300\" data-src=\"https:\/\/fotogasteiz.com\/blog\/wp-content\/smush-avif\/2020\/07\/La-Chanca-Perez-Siquier-Blanco-negro-21-199x300.png.avif\"  class='mesmerize-gallery-1-image lazyload' alt=\"\" data-srcset=\"https:\/\/fotogasteiz.com\/blog\/wp-content\/smush-avif\/2020\/07\/La-Chanca-Perez-Siquier-Blanco-negro-21-199x300.png.avif 199w, https:\/\/fotogasteiz.com\/blog\/wp-content\/smush-avif\/2020\/07\/La-Chanca-Perez-Siquier-Blanco-negro-21-678x1024.png.avif 678w, https:\/\/fotogasteiz.com\/blog\/wp-content\/uploads\/2020\/07\/La-Chanca-Perez-Siquier-Blanco-negro-21.png 692w\" data-sizes=\"(max-width: 199px) 100vw, 199px\" src=\"data:image\/svg+xml;base64,PHN2ZyB3aWR0aD0iMSIgaGVpZ2h0PSIxIiB4bWxucz0iaHR0cDovL3d3dy53My5vcmcvMjAwMC9zdmciPjwvc3ZnPg==\" style=\"--smush-placeholder-width: 199px; --smush-placeholder-aspect-ratio: 199\/300;\" \/><\/a>\n\t\t\t<\/dt><\/dl><dl class='gallery-item'>\n\t\t\t<dt class='gallery-icon portrait'>\n\t\t\t\t<a data-fancybox=\"mesmerize-gallery-1-group\" href='https:\/\/fotogasteiz.com\/blog\/wp-content\/uploads\/2020\/07\/La-Chanca-Perez-Siquier-Blanco-negro-20.png'><img decoding=\"async\"  width=\"198\" height=\"300\" data-src=\"https:\/\/fotogasteiz.com\/blog\/wp-content\/smush-avif\/2020\/07\/La-Chanca-Perez-Siquier-Blanco-negro-20-198x300.png.avif\"  class='mesmerize-gallery-1-image lazyload' alt=\"\" data-srcset=\"https:\/\/fotogasteiz.com\/blog\/wp-content\/smush-avif\/2020\/07\/La-Chanca-Perez-Siquier-Blanco-negro-20-198x300.png.avif 198w, https:\/\/fotogasteiz.com\/blog\/wp-content\/smush-avif\/2020\/07\/La-Chanca-Perez-Siquier-Blanco-negro-20-677x1024.png.avif 677w, https:\/\/fotogasteiz.com\/blog\/wp-content\/uploads\/2020\/07\/La-Chanca-Perez-Siquier-Blanco-negro-20.png 692w\" data-sizes=\"(max-width: 198px) 100vw, 198px\" src=\"data:image\/svg+xml;base64,PHN2ZyB3aWR0aD0iMSIgaGVpZ2h0PSIxIiB4bWxucz0iaHR0cDovL3d3dy53My5vcmcvMjAwMC9zdmciPjwvc3ZnPg==\" style=\"--smush-placeholder-width: 198px; --smush-placeholder-aspect-ratio: 198\/300;\" \/><\/a>\n\t\t\t<\/dt><\/dl><dl class='gallery-item'>\n\t\t\t<dt class='gallery-icon portrait'>\n\t\t\t\t<a data-fancybox=\"mesmerize-gallery-1-group\" href='https:\/\/fotogasteiz.com\/blog\/wp-content\/uploads\/2020\/07\/La-Chanca-Perez-Siquier-Blanco-negro-19.png'><img decoding=\"async\"  width=\"200\" height=\"300\" data-src=\"https:\/\/fotogasteiz.com\/blog\/wp-content\/smush-avif\/2020\/07\/La-Chanca-Perez-Siquier-Blanco-negro-19-200x300.png.avif\"  class='mesmerize-gallery-1-image lazyload' alt=\"\" data-srcset=\"https:\/\/fotogasteiz.com\/blog\/wp-content\/smush-avif\/2020\/07\/La-Chanca-Perez-Siquier-Blanco-negro-19-200x300.png.avif 200w, https:\/\/fotogasteiz.com\/blog\/wp-content\/smush-avif\/2020\/07\/La-Chanca-Perez-Siquier-Blanco-negro-19-684x1024.png.avif 684w, https:\/\/fotogasteiz.com\/blog\/wp-content\/uploads\/2020\/07\/La-Chanca-Perez-Siquier-Blanco-negro-19.png 699w\" data-sizes=\"(max-width: 200px) 100vw, 200px\" src=\"data:image\/svg+xml;base64,PHN2ZyB3aWR0aD0iMSIgaGVpZ2h0PSIxIiB4bWxucz0iaHR0cDovL3d3dy53My5vcmcvMjAwMC9zdmciPjwvc3ZnPg==\" style=\"--smush-placeholder-width: 200px; --smush-placeholder-aspect-ratio: 200\/300;\" \/><\/a>\n\t\t\t<\/dt><\/dl><dl class='gallery-item'>\n\t\t\t<dt class='gallery-icon portrait'>\n\t\t\t\t<a data-fancybox=\"mesmerize-gallery-1-group\" href='https:\/\/fotogasteiz.com\/blog\/wp-content\/uploads\/2020\/07\/La-Chanca-Perez-Siquier-Blanco-negro-18.png'><img decoding=\"async\"  width=\"198\" height=\"300\" data-src=\"https:\/\/fotogasteiz.com\/blog\/wp-content\/smush-avif\/2020\/07\/La-Chanca-Perez-Siquier-Blanco-negro-18-198x300.png.avif\"  class='mesmerize-gallery-1-image lazyload' alt=\"\" data-srcset=\"https:\/\/fotogasteiz.com\/blog\/wp-content\/smush-avif\/2020\/07\/La-Chanca-Perez-Siquier-Blanco-negro-18-198x300.png.avif 198w, https:\/\/fotogasteiz.com\/blog\/wp-content\/smush-avif\/2020\/07\/La-Chanca-Perez-Siquier-Blanco-negro-18-676x1024.png.avif 676w, https:\/\/fotogasteiz.com\/blog\/wp-content\/uploads\/2020\/07\/La-Chanca-Perez-Siquier-Blanco-negro-18.png 691w\" data-sizes=\"(max-width: 198px) 100vw, 198px\" src=\"data:image\/svg+xml;base64,PHN2ZyB3aWR0aD0iMSIgaGVpZ2h0PSIxIiB4bWxucz0iaHR0cDovL3d3dy53My5vcmcvMjAwMC9zdmciPjwvc3ZnPg==\" style=\"--smush-placeholder-width: 198px; --smush-placeholder-aspect-ratio: 198\/300;\" \/><\/a>\n\t\t\t<\/dt><\/dl><dl class='gallery-item'>\n\t\t\t<dt class='gallery-icon portrait'>\n\t\t\t\t<a data-fancybox=\"mesmerize-gallery-1-group\" href='https:\/\/fotogasteiz.com\/blog\/wp-content\/uploads\/2020\/07\/La-Chanca-Perez-Siquier-Blanco-negro-17.png'><img decoding=\"async\"  width=\"200\" height=\"300\" data-src=\"https:\/\/fotogasteiz.com\/blog\/wp-content\/smush-avif\/2020\/07\/La-Chanca-Perez-Siquier-Blanco-negro-17-200x300.png.avif\"  class='mesmerize-gallery-1-image lazyload' alt=\"\" data-srcset=\"https:\/\/fotogasteiz.com\/blog\/wp-content\/smush-avif\/2020\/07\/La-Chanca-Perez-Siquier-Blanco-negro-17-200x300.png.avif 200w, https:\/\/fotogasteiz.com\/blog\/wp-content\/smush-avif\/2020\/07\/La-Chanca-Perez-Siquier-Blanco-negro-17-684x1024.png.avif 684w, https:\/\/fotogasteiz.com\/blog\/wp-content\/uploads\/2020\/07\/La-Chanca-Perez-Siquier-Blanco-negro-17.png 699w\" data-sizes=\"(max-width: 200px) 100vw, 200px\" src=\"data:image\/svg+xml;base64,PHN2ZyB3aWR0aD0iMSIgaGVpZ2h0PSIxIiB4bWxucz0iaHR0cDovL3d3dy53My5vcmcvMjAwMC9zdmciPjwvc3ZnPg==\" style=\"--smush-placeholder-width: 200px; --smush-placeholder-aspect-ratio: 200\/300;\" \/><\/a>\n\t\t\t<\/dt><\/dl><dl class='gallery-item'>\n\t\t\t<dt class='gallery-icon landscape'>\n\t\t\t\t<a data-fancybox=\"mesmerize-gallery-1-group\" href='https:\/\/fotogasteiz.com\/blog\/wp-content\/uploads\/2020\/07\/La-Chanca-Perez-Siquier-Blanco-negro-16.png'><img decoding=\"async\"  width=\"300\" height=\"188\" data-src=\"https:\/\/fotogasteiz.com\/blog\/wp-content\/smush-avif\/2020\/07\/La-Chanca-Perez-Siquier-Blanco-negro-16-300x188.png.avif\"  class='mesmerize-gallery-1-image lazyload' alt=\"\" data-srcset=\"https:\/\/fotogasteiz.com\/blog\/wp-content\/smush-avif\/2020\/07\/La-Chanca-Perez-Siquier-Blanco-negro-16-300x188.png.avif 300w, https:\/\/fotogasteiz.com\/blog\/wp-content\/smush-avif\/2020\/07\/La-Chanca-Perez-Siquier-Blanco-negro-16-768x481.png.avif 768w, https:\/\/fotogasteiz.com\/blog\/wp-content\/uploads\/2020\/07\/La-Chanca-Perez-Siquier-Blanco-negro-16.png 788w\" data-sizes=\"(max-width: 300px) 100vw, 300px\" src=\"data:image\/svg+xml;base64,PHN2ZyB3aWR0aD0iMSIgaGVpZ2h0PSIxIiB4bWxucz0iaHR0cDovL3d3dy53My5vcmcvMjAwMC9zdmciPjwvc3ZnPg==\" style=\"--smush-placeholder-width: 300px; --smush-placeholder-aspect-ratio: 300\/188;\" \/><\/a>\n\t\t\t<\/dt><\/dl><dl class='gallery-item'>\n\t\t\t<dt class='gallery-icon landscape'>\n\t\t\t\t<a data-fancybox=\"mesmerize-gallery-1-group\" href='https:\/\/fotogasteiz.com\/blog\/wp-content\/uploads\/2020\/07\/La-Chanca-Perez-Siquier-Blanco-negro-15.png'><img decoding=\"async\"  width=\"300\" height=\"188\" data-src=\"https:\/\/fotogasteiz.com\/blog\/wp-content\/smush-avif\/2020\/07\/La-Chanca-Perez-Siquier-Blanco-negro-15-300x188.png.avif\"  class='mesmerize-gallery-1-image lazyload' alt=\"\" data-srcset=\"https:\/\/fotogasteiz.com\/blog\/wp-content\/smush-avif\/2020\/07\/La-Chanca-Perez-Siquier-Blanco-negro-15-300x188.png.avif 300w, https:\/\/fotogasteiz.com\/blog\/wp-content\/smush-avif\/2020\/07\/La-Chanca-Perez-Siquier-Blanco-negro-15-768x480.png.avif 768w, https:\/\/fotogasteiz.com\/blog\/wp-content\/uploads\/2020\/07\/La-Chanca-Perez-Siquier-Blanco-negro-15.png 788w\" data-sizes=\"(max-width: 300px) 100vw, 300px\" src=\"data:image\/svg+xml;base64,PHN2ZyB3aWR0aD0iMSIgaGVpZ2h0PSIxIiB4bWxucz0iaHR0cDovL3d3dy53My5vcmcvMjAwMC9zdmciPjwvc3ZnPg==\" style=\"--smush-placeholder-width: 300px; --smush-placeholder-aspect-ratio: 300\/188;\" \/><\/a>\n\t\t\t<\/dt><\/dl><dl class='gallery-item'>\n\t\t\t<dt class='gallery-icon landscape'>\n\t\t\t\t<a data-fancybox=\"mesmerize-gallery-1-group\" href='https:\/\/fotogasteiz.com\/blog\/wp-content\/uploads\/2020\/07\/La-Chanca-Perez-Siquier-Blanco-negro-14.png'><img decoding=\"async\"  width=\"300\" height=\"188\" data-src=\"https:\/\/fotogasteiz.com\/blog\/wp-content\/smush-avif\/2020\/07\/La-Chanca-Perez-Siquier-Blanco-negro-14-300x188.png.avif\"  class='mesmerize-gallery-1-image lazyload' alt=\"\" data-srcset=\"https:\/\/fotogasteiz.com\/blog\/wp-content\/smush-avif\/2020\/07\/La-Chanca-Perez-Siquier-Blanco-negro-14-300x188.png.avif 300w, https:\/\/fotogasteiz.com\/blog\/wp-content\/smush-avif\/2020\/07\/La-Chanca-Perez-Siquier-Blanco-negro-14-768x480.png.avif 768w, https:\/\/fotogasteiz.com\/blog\/wp-content\/uploads\/2020\/07\/La-Chanca-Perez-Siquier-Blanco-negro-14.png 788w\" data-sizes=\"(max-width: 300px) 100vw, 300px\" src=\"data:image\/svg+xml;base64,PHN2ZyB3aWR0aD0iMSIgaGVpZ2h0PSIxIiB4bWxucz0iaHR0cDovL3d3dy53My5vcmcvMjAwMC9zdmciPjwvc3ZnPg==\" style=\"--smush-placeholder-width: 300px; --smush-placeholder-aspect-ratio: 300\/188;\" \/><\/a>\n\t\t\t<\/dt><\/dl><dl class='gallery-item'>\n\t\t\t<dt class='gallery-icon landscape'>\n\t\t\t\t<a data-fancybox=\"mesmerize-gallery-1-group\" href='https:\/\/fotogasteiz.com\/blog\/wp-content\/uploads\/2020\/07\/La-Chanca-Perez-Siquier-Blanco-negro-13.png'><img decoding=\"async\"  width=\"300\" height=\"188\" data-src=\"https:\/\/fotogasteiz.com\/blog\/wp-content\/smush-avif\/2020\/07\/La-Chanca-Perez-Siquier-Blanco-negro-13-300x188.png.avif\"  class='mesmerize-gallery-1-image lazyload' alt=\"\" data-srcset=\"https:\/\/fotogasteiz.com\/blog\/wp-content\/smush-avif\/2020\/07\/La-Chanca-Perez-Siquier-Blanco-negro-13-300x188.png.avif 300w, https:\/\/fotogasteiz.com\/blog\/wp-content\/smush-avif\/2020\/07\/La-Chanca-Perez-Siquier-Blanco-negro-13-768x481.png.avif 768w, https:\/\/fotogasteiz.com\/blog\/wp-content\/uploads\/2020\/07\/La-Chanca-Perez-Siquier-Blanco-negro-13.png 786w\" data-sizes=\"(max-width: 300px) 100vw, 300px\" src=\"data:image\/svg+xml;base64,PHN2ZyB3aWR0aD0iMSIgaGVpZ2h0PSIxIiB4bWxucz0iaHR0cDovL3d3dy53My5vcmcvMjAwMC9zdmciPjwvc3ZnPg==\" style=\"--smush-placeholder-width: 300px; --smush-placeholder-aspect-ratio: 300\/188;\" \/><\/a>\n\t\t\t<\/dt><\/dl><dl class='gallery-item'>\n\t\t\t<dt class='gallery-icon portrait'>\n\t\t\t\t<a data-fancybox=\"mesmerize-gallery-1-group\" href='https:\/\/fotogasteiz.com\/blog\/wp-content\/uploads\/2020\/07\/La-Chanca-Perez-Siquier-Blanco-negro-12.png'><img decoding=\"async\"  width=\"199\" height=\"300\" data-src=\"https:\/\/fotogasteiz.com\/blog\/wp-content\/smush-avif\/2020\/07\/La-Chanca-Perez-Siquier-Blanco-negro-12-199x300.png.avif\"  class='mesmerize-gallery-1-image lazyload' alt=\"\" data-srcset=\"https:\/\/fotogasteiz.com\/blog\/wp-content\/smush-avif\/2020\/07\/La-Chanca-Perez-Siquier-Blanco-negro-12-199x300.png.avif 199w, https:\/\/fotogasteiz.com\/blog\/wp-content\/smush-avif\/2020\/07\/La-Chanca-Perez-Siquier-Blanco-negro-12-680x1024.png.avif 680w, https:\/\/fotogasteiz.com\/blog\/wp-content\/uploads\/2020\/07\/La-Chanca-Perez-Siquier-Blanco-negro-12.png 695w\" data-sizes=\"(max-width: 199px) 100vw, 199px\" src=\"data:image\/svg+xml;base64,PHN2ZyB3aWR0aD0iMSIgaGVpZ2h0PSIxIiB4bWxucz0iaHR0cDovL3d3dy53My5vcmcvMjAwMC9zdmciPjwvc3ZnPg==\" style=\"--smush-placeholder-width: 199px; --smush-placeholder-aspect-ratio: 199\/300;\" \/><\/a>\n\t\t\t<\/dt><\/dl><dl class='gallery-item'>\n\t\t\t<dt class='gallery-icon portrait'>\n\t\t\t\t<a data-fancybox=\"mesmerize-gallery-1-group\" href='https:\/\/fotogasteiz.com\/blog\/wp-content\/uploads\/2020\/07\/La-Chanca-Perez-Siquier-Blanco-negro-11.png'><img decoding=\"async\"  width=\"201\" height=\"300\" data-src=\"https:\/\/fotogasteiz.com\/blog\/wp-content\/smush-avif\/2020\/07\/La-Chanca-Perez-Siquier-Blanco-negro-11-201x300.png.avif\"  class='mesmerize-gallery-1-image lazyload' alt=\"\" data-srcset=\"https:\/\/fotogasteiz.com\/blog\/wp-content\/smush-avif\/2020\/07\/La-Chanca-Perez-Siquier-Blanco-negro-11-201x300.png.avif 201w, https:\/\/fotogasteiz.com\/blog\/wp-content\/smush-avif\/2020\/07\/La-Chanca-Perez-Siquier-Blanco-negro-11-687x1024.png.avif 687w, https:\/\/fotogasteiz.com\/blog\/wp-content\/uploads\/2020\/07\/La-Chanca-Perez-Siquier-Blanco-negro-11.png 702w\" data-sizes=\"(max-width: 201px) 100vw, 201px\" src=\"data:image\/svg+xml;base64,PHN2ZyB3aWR0aD0iMSIgaGVpZ2h0PSIxIiB4bWxucz0iaHR0cDovL3d3dy53My5vcmcvMjAwMC9zdmciPjwvc3ZnPg==\" style=\"--smush-placeholder-width: 201px; --smush-placeholder-aspect-ratio: 201\/300;\" \/><\/a>\n\t\t\t<\/dt><\/dl><dl class='gallery-item'>\n\t\t\t<dt class='gallery-icon portrait'>\n\t\t\t\t<a data-fancybox=\"mesmerize-gallery-1-group\" href='https:\/\/fotogasteiz.com\/blog\/wp-content\/uploads\/2020\/07\/La-Chanca-Perez-Siquier-Blanco-negro-9.png'><img decoding=\"async\"  width=\"201\" height=\"300\" data-src=\"https:\/\/fotogasteiz.com\/blog\/wp-content\/smush-avif\/2020\/07\/La-Chanca-Perez-Siquier-Blanco-negro-9-201x300.png.avif\"  class='mesmerize-gallery-1-image lazyload' alt=\"\" data-srcset=\"https:\/\/fotogasteiz.com\/blog\/wp-content\/smush-avif\/2020\/07\/La-Chanca-Perez-Siquier-Blanco-negro-9-201x300.png.avif 201w, https:\/\/fotogasteiz.com\/blog\/wp-content\/smush-avif\/2020\/07\/La-Chanca-Perez-Siquier-Blanco-negro-9-686x1024.png.avif 686w, https:\/\/fotogasteiz.com\/blog\/wp-content\/uploads\/2020\/07\/La-Chanca-Perez-Siquier-Blanco-negro-9.png 701w\" data-sizes=\"(max-width: 201px) 100vw, 201px\" src=\"data:image\/svg+xml;base64,PHN2ZyB3aWR0aD0iMSIgaGVpZ2h0PSIxIiB4bWxucz0iaHR0cDovL3d3dy53My5vcmcvMjAwMC9zdmciPjwvc3ZnPg==\" style=\"--smush-placeholder-width: 201px; --smush-placeholder-aspect-ratio: 201\/300;\" \/><\/a>\n\t\t\t<\/dt><\/dl><dl class='gallery-item'>\n\t\t\t<dt class='gallery-icon portrait'>\n\t\t\t\t<a data-fancybox=\"mesmerize-gallery-1-group\" href='https:\/\/fotogasteiz.com\/blog\/wp-content\/uploads\/2020\/07\/La-Chanca-Perez-Siquier-Blanco-negro-8.png'><img decoding=\"async\"  width=\"202\" height=\"300\" data-src=\"https:\/\/fotogasteiz.com\/blog\/wp-content\/smush-avif\/2020\/07\/La-Chanca-Perez-Siquier-Blanco-negro-8-202x300.png.avif\"  class='mesmerize-gallery-1-image lazyload' alt=\"\" data-srcset=\"https:\/\/fotogasteiz.com\/blog\/wp-content\/smush-avif\/2020\/07\/La-Chanca-Perez-Siquier-Blanco-negro-8-202x300.png.avif 202w, https:\/\/fotogasteiz.com\/blog\/wp-content\/smush-avif\/2020\/07\/La-Chanca-Perez-Siquier-Blanco-negro-8-688x1024.png.avif 688w, https:\/\/fotogasteiz.com\/blog\/wp-content\/uploads\/2020\/07\/La-Chanca-Perez-Siquier-Blanco-negro-8.png 702w\" data-sizes=\"(max-width: 202px) 100vw, 202px\" src=\"data:image\/svg+xml;base64,PHN2ZyB3aWR0aD0iMSIgaGVpZ2h0PSIxIiB4bWxucz0iaHR0cDovL3d3dy53My5vcmcvMjAwMC9zdmciPjwvc3ZnPg==\" style=\"--smush-placeholder-width: 202px; --smush-placeholder-aspect-ratio: 202\/300;\" \/><\/a>\n\t\t\t<\/dt><\/dl><dl class='gallery-item'>\n\t\t\t<dt class='gallery-icon portrait'>\n\t\t\t\t<a data-fancybox=\"mesmerize-gallery-1-group\" href='https:\/\/fotogasteiz.com\/blog\/wp-content\/uploads\/2020\/07\/La-Chanca-Perez-Siquier-Blanco-negro-7.png'><img decoding=\"async\"  width=\"300\" height=\"300\" data-src=\"https:\/\/fotogasteiz.com\/blog\/wp-content\/smush-avif\/2020\/07\/La-Chanca-Perez-Siquier-Blanco-negro-7-300x300.png.avif\"  class='mesmerize-gallery-1-image lazyload' alt=\"\" data-srcset=\"https:\/\/fotogasteiz.com\/blog\/wp-content\/smush-avif\/2020\/07\/La-Chanca-Perez-Siquier-Blanco-negro-7-300x300.png.avif 300w, https:\/\/fotogasteiz.com\/blog\/wp-content\/smush-avif\/2020\/07\/La-Chanca-Perez-Siquier-Blanco-negro-7-150x150.png.avif 150w, https:\/\/fotogasteiz.com\/blog\/wp-content\/smush-avif\/2020\/07\/La-Chanca-Perez-Siquier-Blanco-negro-7-768x771.png.avif 768w, https:\/\/fotogasteiz.com\/blog\/wp-content\/uploads\/2020\/07\/La-Chanca-Perez-Siquier-Blanco-negro-7.png 787w\" data-sizes=\"(max-width: 300px) 100vw, 300px\" src=\"data:image\/svg+xml;base64,PHN2ZyB3aWR0aD0iMSIgaGVpZ2h0PSIxIiB4bWxucz0iaHR0cDovL3d3dy53My5vcmcvMjAwMC9zdmciPjwvc3ZnPg==\" style=\"--smush-placeholder-width: 300px; --smush-placeholder-aspect-ratio: 300\/300;\" \/><\/a>\n\t\t\t<\/dt><\/dl><dl class='gallery-item'>\n\t\t\t<dt class='gallery-icon portrait'>\n\t\t\t\t<a data-fancybox=\"mesmerize-gallery-1-group\" href='https:\/\/fotogasteiz.com\/blog\/wp-content\/uploads\/2020\/07\/La-Chanca-Perez-Siquier-Blanco-negro-6.png'><img decoding=\"async\"  width=\"298\" height=\"300\" data-src=\"https:\/\/fotogasteiz.com\/blog\/wp-content\/smush-avif\/2020\/07\/La-Chanca-Perez-Siquier-Blanco-negro-6-298x300.png.avif\"  class='mesmerize-gallery-1-image lazyload' alt=\"\" data-srcset=\"https:\/\/fotogasteiz.com\/blog\/wp-content\/smush-avif\/2020\/07\/La-Chanca-Perez-Siquier-Blanco-negro-6-298x300.png.avif 298w, https:\/\/fotogasteiz.com\/blog\/wp-content\/smush-avif\/2020\/07\/La-Chanca-Perez-Siquier-Blanco-negro-6-150x150.png.avif 150w, https:\/\/fotogasteiz.com\/blog\/wp-content\/smush-avif\/2020\/07\/La-Chanca-Perez-Siquier-Blanco-negro-6-768x772.png.avif 768w, https:\/\/fotogasteiz.com\/blog\/wp-content\/uploads\/2020\/07\/La-Chanca-Perez-Siquier-Blanco-negro-6.png 786w\" data-sizes=\"(max-width: 298px) 100vw, 298px\" src=\"data:image\/svg+xml;base64,PHN2ZyB3aWR0aD0iMSIgaGVpZ2h0PSIxIiB4bWxucz0iaHR0cDovL3d3dy53My5vcmcvMjAwMC9zdmciPjwvc3ZnPg==\" style=\"--smush-placeholder-width: 298px; --smush-placeholder-aspect-ratio: 298\/300;\" \/><\/a>\n\t\t\t<\/dt><\/dl><dl class='gallery-item'>\n\t\t\t<dt class='gallery-icon portrait'>\n\t\t\t\t<a data-fancybox=\"mesmerize-gallery-1-group\" href='https:\/\/fotogasteiz.com\/blog\/wp-content\/uploads\/2020\/07\/La-Chanca-Perez-Siquier-Blanco-negro-5.png'><img decoding=\"async\"  width=\"224\" height=\"300\" data-src=\"https:\/\/fotogasteiz.com\/blog\/wp-content\/smush-avif\/2020\/07\/La-Chanca-Perez-Siquier-Blanco-negro-5-224x300.png.avif\"  class='mesmerize-gallery-1-image lazyload' alt=\"\" data-srcset=\"https:\/\/fotogasteiz.com\/blog\/wp-content\/smush-avif\/2020\/07\/La-Chanca-Perez-Siquier-Blanco-negro-5-224x300.png.avif 224w, https:\/\/fotogasteiz.com\/blog\/wp-content\/smush-avif\/2020\/07\/La-Chanca-Perez-Siquier-Blanco-negro-5-766x1024.png.avif 766w, https:\/\/fotogasteiz.com\/blog\/wp-content\/smush-avif\/2020\/07\/La-Chanca-Perez-Siquier-Blanco-negro-5-768x1027.png.avif 768w, https:\/\/fotogasteiz.com\/blog\/wp-content\/uploads\/2020\/07\/La-Chanca-Perez-Siquier-Blanco-negro-5.png 782w\" data-sizes=\"(max-width: 224px) 100vw, 224px\" src=\"data:image\/svg+xml;base64,PHN2ZyB3aWR0aD0iMSIgaGVpZ2h0PSIxIiB4bWxucz0iaHR0cDovL3d3dy53My5vcmcvMjAwMC9zdmciPjwvc3ZnPg==\" style=\"--smush-placeholder-width: 224px; --smush-placeholder-aspect-ratio: 224\/300;\" \/><\/a>\n\t\t\t<\/dt><\/dl><dl class='gallery-item'>\n\t\t\t<dt class='gallery-icon portrait'>\n\t\t\t\t<a data-fancybox=\"mesmerize-gallery-1-group\" href='https:\/\/fotogasteiz.com\/blog\/wp-content\/uploads\/2020\/07\/La-Chanca-Perez-Siquier-Blanco-negro-4.png'><img decoding=\"async\"  width=\"206\" height=\"300\" data-src=\"https:\/\/fotogasteiz.com\/blog\/wp-content\/smush-avif\/2020\/07\/La-Chanca-Perez-Siquier-Blanco-negro-4-206x300.png.avif\"  class='mesmerize-gallery-1-image lazyload' alt=\"\" data-srcset=\"https:\/\/fotogasteiz.com\/blog\/wp-content\/smush-avif\/2020\/07\/La-Chanca-Perez-Siquier-Blanco-negro-4-206x300.png.avif 206w, https:\/\/fotogasteiz.com\/blog\/wp-content\/smush-avif\/2020\/07\/La-Chanca-Perez-Siquier-Blanco-negro-4-704x1024.png.avif 704w, https:\/\/fotogasteiz.com\/blog\/wp-content\/uploads\/2020\/07\/La-Chanca-Perez-Siquier-Blanco-negro-4.png 719w\" data-sizes=\"(max-width: 206px) 100vw, 206px\" src=\"data:image\/svg+xml;base64,PHN2ZyB3aWR0aD0iMSIgaGVpZ2h0PSIxIiB4bWxucz0iaHR0cDovL3d3dy53My5vcmcvMjAwMC9zdmciPjwvc3ZnPg==\" style=\"--smush-placeholder-width: 206px; --smush-placeholder-aspect-ratio: 206\/300;\" \/><\/a>\n\t\t\t<\/dt><\/dl><dl class='gallery-item'>\n\t\t\t<dt class='gallery-icon portrait'>\n\t\t\t\t<a data-fancybox=\"mesmerize-gallery-1-group\" href='https:\/\/fotogasteiz.com\/blog\/wp-content\/uploads\/2020\/07\/La-Chanca-Perez-Siquier-Blanco-negro-3.png'><img decoding=\"async\"  width=\"200\" height=\"300\" data-src=\"https:\/\/fotogasteiz.com\/blog\/wp-content\/smush-avif\/2020\/07\/La-Chanca-Perez-Siquier-Blanco-negro-3-200x300.png.avif\"  class='mesmerize-gallery-1-image lazyload' alt=\"\" data-srcset=\"https:\/\/fotogasteiz.com\/blog\/wp-content\/smush-avif\/2020\/07\/La-Chanca-Perez-Siquier-Blanco-negro-3-200x300.png.avif 200w, https:\/\/fotogasteiz.com\/blog\/wp-content\/smush-avif\/2020\/07\/La-Chanca-Perez-Siquier-Blanco-negro-3-682x1024.png.avif 682w, https:\/\/fotogasteiz.com\/blog\/wp-content\/uploads\/2020\/07\/La-Chanca-Perez-Siquier-Blanco-negro-3.png 697w\" data-sizes=\"(max-width: 200px) 100vw, 200px\" src=\"data:image\/svg+xml;base64,PHN2ZyB3aWR0aD0iMSIgaGVpZ2h0PSIxIiB4bWxucz0iaHR0cDovL3d3dy53My5vcmcvMjAwMC9zdmciPjwvc3ZnPg==\" style=\"--smush-placeholder-width: 200px; --smush-placeholder-aspect-ratio: 200\/300;\" \/><\/a>\n\t\t\t<\/dt><\/dl><dl class='gallery-item'>\n\t\t\t<dt class='gallery-icon portrait'>\n\t\t\t\t<a data-fancybox=\"mesmerize-gallery-1-group\" href='https:\/\/fotogasteiz.com\/blog\/wp-content\/uploads\/2020\/07\/La-Chanca-Perez-Siquier-Blanco-negro-2.png'><img decoding=\"async\"  width=\"200\" height=\"300\" data-src=\"https:\/\/fotogasteiz.com\/blog\/wp-content\/smush-avif\/2020\/07\/La-Chanca-Perez-Siquier-Blanco-negro-2-200x300.png.avif\"  class='mesmerize-gallery-1-image lazyload' alt=\"\" data-srcset=\"https:\/\/fotogasteiz.com\/blog\/wp-content\/smush-avif\/2020\/07\/La-Chanca-Perez-Siquier-Blanco-negro-2-200x300.png.avif 200w, https:\/\/fotogasteiz.com\/blog\/wp-content\/smush-avif\/2020\/07\/La-Chanca-Perez-Siquier-Blanco-negro-2-681x1024.png.avif 681w, https:\/\/fotogasteiz.com\/blog\/wp-content\/uploads\/2020\/07\/La-Chanca-Perez-Siquier-Blanco-negro-2.png 696w\" data-sizes=\"(max-width: 200px) 100vw, 200px\" src=\"data:image\/svg+xml;base64,PHN2ZyB3aWR0aD0iMSIgaGVpZ2h0PSIxIiB4bWxucz0iaHR0cDovL3d3dy53My5vcmcvMjAwMC9zdmciPjwvc3ZnPg==\" style=\"--smush-placeholder-width: 200px; --smush-placeholder-aspect-ratio: 200\/300;\" \/><\/a>\n\t\t\t<\/dt><\/dl><dl class='gallery-item'>\n\t\t\t<dt class='gallery-icon portrait'>\n\t\t\t\t<a data-fancybox=\"mesmerize-gallery-1-group\" href='https:\/\/fotogasteiz.com\/blog\/wp-content\/uploads\/2020\/07\/La-Chanca-Perez-Siquier-Blanco-negro.png'><img decoding=\"async\"  width=\"226\" height=\"300\" data-src=\"https:\/\/fotogasteiz.com\/blog\/wp-content\/smush-avif\/2020\/07\/La-Chanca-Perez-Siquier-Blanco-negro-226x300.png.avif\"  class='mesmerize-gallery-1-image lazyload' alt=\"\" data-srcset=\"https:\/\/fotogasteiz.com\/blog\/wp-content\/smush-avif\/2020\/07\/La-Chanca-Perez-Siquier-Blanco-negro-226x300.png.avif 226w, https:\/\/fotogasteiz.com\/blog\/wp-content\/smush-avif\/2020\/07\/La-Chanca-Perez-Siquier-Blanco-negro-771x1024.png.avif 771w, https:\/\/fotogasteiz.com\/blog\/wp-content\/smush-avif\/2020\/07\/La-Chanca-Perez-Siquier-Blanco-negro-768x1020.png.avif 768w, https:\/\/fotogasteiz.com\/blog\/wp-content\/uploads\/2020\/07\/La-Chanca-Perez-Siquier-Blanco-negro.png 788w\" data-sizes=\"(max-width: 226px) 100vw, 226px\" src=\"data:image\/svg+xml;base64,PHN2ZyB3aWR0aD0iMSIgaGVpZ2h0PSIxIiB4bWxucz0iaHR0cDovL3d3dy53My5vcmcvMjAwMC9zdmciPjwvc3ZnPg==\" style=\"--smush-placeholder-width: 226px; --smush-placeholder-aspect-ratio: 226\/300;\" \/><\/a>\n\t\t\t<\/dt><\/dl>\n\t\t<\/div>\n<script>(function($){window.MaterialisCaptionsGallery && window.MaterialisCaptionsGallery($('[data-unique-id=\"mesmerize-gallery-1-69f2224d84673\"]'))})(jQuery)<\/script><\/div><\/div><\/div> <\/div><\/div><div  data-label=\"Chanca color\" data-id=\"gallery--2\" data-export-id=\"gallery-1\" data-category=\"gallery\" class=\"gallery-1 content-section content-section-spacing\" id=\"chanca-color\" style=\"background-color: rgb(52, 58, 64); background-image: none;\"><div  class=\"gridContainer\"> <div  class=\"row\"><div  class=\"section-title-col\" data-type=\"column\"> <h2  class=\"\"><span  style=\"font-family: &quot;Playfair Display&quot;, arial, helvetica, sans-serif; color: rgb(255, 255, 255);\">La Chanca en color \u2013 Siquier<\/span><\/h2> <\/div> <\/div> <div  class=\"row text-center\"> <div  class=\"col-xs-12\" data-editable=\"true\" data-content-shortcode=\"mesmerize_gallery id=&quot;mesmerize-gallery-1&quot; columns=&quot;4&quot; ids=&quot;11960,11959,11958,11957,11956,11955,11954,11953,11952,11951,11950,11949,11948,11947,11946,11945&quot; lb=&quot;1&quot; masonry=&quot;1&quot; size=&quot;medium&quot; link=&quot;file&quot; \"><div id='mesmerize-gallery-1' class='gallery-wrapper'><style type=\"text\/css\">\n                    @media only screen and (min-width: 768px) {\n                    [data-unique-id='mesmerize-gallery-1-69f2224d887d7'] dl {\n                        float: left;\n                        width: 25% !important;\n                        max-width:  25% !important;\n                        min-width:  25% !important;\n                    }\n\n                    [data-unique-id='mesmerize-gallery-1-69f2224d887d7'] dl:nth-of-type(4n +1 ) {\n                      clear: both;\n                      }\n                    }\n                <\/style><div id='mesmerize-gallery-1' class='mesmerize-gallery-1-dls-wrapper gallery-items-wrapper materialis-gallery' data-unique-id='mesmerize-gallery-1-69f2224d887d7'><dl class='gallery-item'>\n\t\t\t<dt class='gallery-icon portrait'>\n\t\t\t\t<a data-fancybox=\"mesmerize-gallery-1-group\" href='https:\/\/fotogasteiz.com\/blog\/wp-content\/uploads\/2020\/07\/La-chanca-color-perez-siquier.png'><img decoding=\"async\"  width=\"298\" height=\"300\" data-src=\"https:\/\/fotogasteiz.com\/blog\/wp-content\/smush-avif\/2020\/07\/La-chanca-color-perez-siquier-298x300.png.avif\"  class='mesmerize-gallery-1-image lazyload' alt=\"\" data-srcset=\"https:\/\/fotogasteiz.com\/blog\/wp-content\/smush-avif\/2020\/07\/La-chanca-color-perez-siquier-298x300.png.avif 298w, https:\/\/fotogasteiz.com\/blog\/wp-content\/smush-avif\/2020\/07\/La-chanca-color-perez-siquier-150x150.png.avif 150w, https:\/\/fotogasteiz.com\/blog\/wp-content\/smush-avif\/2020\/07\/La-chanca-color-perez-siquier-768x772.png.avif 768w, https:\/\/fotogasteiz.com\/blog\/wp-content\/uploads\/2020\/07\/La-chanca-color-perez-siquier.png 787w\" data-sizes=\"(max-width: 298px) 100vw, 298px\" src=\"data:image\/svg+xml;base64,PHN2ZyB3aWR0aD0iMSIgaGVpZ2h0PSIxIiB4bWxucz0iaHR0cDovL3d3dy53My5vcmcvMjAwMC9zdmciPjwvc3ZnPg==\" style=\"--smush-placeholder-width: 298px; --smush-placeholder-aspect-ratio: 298\/300;\" \/><\/a>\n\t\t\t<\/dt><\/dl><dl class='gallery-item'>\n\t\t\t<dt class='gallery-icon portrait'>\n\t\t\t\t<a data-fancybox=\"mesmerize-gallery-1-group\" href='https:\/\/fotogasteiz.com\/blog\/wp-content\/uploads\/2020\/07\/La-chanca-color-perez-siquier-2.png'><img decoding=\"async\"  width=\"300\" height=\"300\" data-src=\"https:\/\/fotogasteiz.com\/blog\/wp-content\/smush-avif\/2020\/07\/La-chanca-color-perez-siquier-2-300x300.png.avif\"  class='mesmerize-gallery-1-image lazyload' alt=\"\" data-srcset=\"https:\/\/fotogasteiz.com\/blog\/wp-content\/smush-avif\/2020\/07\/La-chanca-color-perez-siquier-2-300x300.png.avif 300w, https:\/\/fotogasteiz.com\/blog\/wp-content\/smush-avif\/2020\/07\/La-chanca-color-perez-siquier-2-150x150.png.avif 150w, https:\/\/fotogasteiz.com\/blog\/wp-content\/smush-avif\/2020\/07\/La-chanca-color-perez-siquier-2-768x771.png.avif 768w, https:\/\/fotogasteiz.com\/blog\/wp-content\/uploads\/2020\/07\/La-chanca-color-perez-siquier-2.png 789w\" data-sizes=\"(max-width: 300px) 100vw, 300px\" src=\"data:image\/svg+xml;base64,PHN2ZyB3aWR0aD0iMSIgaGVpZ2h0PSIxIiB4bWxucz0iaHR0cDovL3d3dy53My5vcmcvMjAwMC9zdmciPjwvc3ZnPg==\" style=\"--smush-placeholder-width: 300px; --smush-placeholder-aspect-ratio: 300\/300;\" \/><\/a>\n\t\t\t<\/dt><\/dl><dl class='gallery-item'>\n\t\t\t<dt class='gallery-icon portrait'>\n\t\t\t\t<a data-fancybox=\"mesmerize-gallery-1-group\" href='https:\/\/fotogasteiz.com\/blog\/wp-content\/uploads\/2020\/07\/La-chanca-color-perez-siquier-3.png'><img decoding=\"async\"  width=\"298\" height=\"300\" data-src=\"https:\/\/fotogasteiz.com\/blog\/wp-content\/smush-avif\/2020\/07\/La-chanca-color-perez-siquier-3-298x300.png.avif\"  class='mesmerize-gallery-1-image lazyload' alt=\"\" data-srcset=\"https:\/\/fotogasteiz.com\/blog\/wp-content\/smush-avif\/2020\/07\/La-chanca-color-perez-siquier-3-298x300.png.avif 298w, https:\/\/fotogasteiz.com\/blog\/wp-content\/smush-avif\/2020\/07\/La-chanca-color-perez-siquier-3-150x150.png.avif 150w, https:\/\/fotogasteiz.com\/blog\/wp-content\/smush-avif\/2020\/07\/La-chanca-color-perez-siquier-3-768x773.png.avif 768w, https:\/\/fotogasteiz.com\/blog\/wp-content\/uploads\/2020\/07\/La-chanca-color-perez-siquier-3.png 788w\" data-sizes=\"(max-width: 298px) 100vw, 298px\" src=\"data:image\/svg+xml;base64,PHN2ZyB3aWR0aD0iMSIgaGVpZ2h0PSIxIiB4bWxucz0iaHR0cDovL3d3dy53My5vcmcvMjAwMC9zdmciPjwvc3ZnPg==\" style=\"--smush-placeholder-width: 298px; --smush-placeholder-aspect-ratio: 298\/300;\" \/><\/a>\n\t\t\t<\/dt><\/dl><dl class='gallery-item'>\n\t\t\t<dt class='gallery-icon portrait'>\n\t\t\t\t<a data-fancybox=\"mesmerize-gallery-1-group\" href='https:\/\/fotogasteiz.com\/blog\/wp-content\/uploads\/2020\/07\/La-chanca-color-perez-siquier-4.png'><img decoding=\"async\"  width=\"298\" height=\"300\" data-src=\"https:\/\/fotogasteiz.com\/blog\/wp-content\/smush-avif\/2020\/07\/La-chanca-color-perez-siquier-4-298x300.png.avif\"  class='mesmerize-gallery-1-image lazyload' alt=\"\" data-srcset=\"https:\/\/fotogasteiz.com\/blog\/wp-content\/smush-avif\/2020\/07\/La-chanca-color-perez-siquier-4-298x300.png.avif 298w, https:\/\/fotogasteiz.com\/blog\/wp-content\/smush-avif\/2020\/07\/La-chanca-color-perez-siquier-4-150x150.png.avif 150w, https:\/\/fotogasteiz.com\/blog\/wp-content\/smush-avif\/2020\/07\/La-chanca-color-perez-siquier-4-768x772.png.avif 768w, https:\/\/fotogasteiz.com\/blog\/wp-content\/uploads\/2020\/07\/La-chanca-color-perez-siquier-4.png 788w\" data-sizes=\"(max-width: 298px) 100vw, 298px\" src=\"data:image\/svg+xml;base64,PHN2ZyB3aWR0aD0iMSIgaGVpZ2h0PSIxIiB4bWxucz0iaHR0cDovL3d3dy53My5vcmcvMjAwMC9zdmciPjwvc3ZnPg==\" style=\"--smush-placeholder-width: 298px; --smush-placeholder-aspect-ratio: 298\/300;\" \/><\/a>\n\t\t\t<\/dt><\/dl><dl class='gallery-item'>\n\t\t\t<dt class='gallery-icon portrait'>\n\t\t\t\t<a data-fancybox=\"mesmerize-gallery-1-group\" href='https:\/\/fotogasteiz.com\/blog\/wp-content\/uploads\/2020\/07\/La-chanca-color-perez-siquier-5.png'><img decoding=\"async\"  width=\"298\" height=\"300\" data-src=\"https:\/\/fotogasteiz.com\/blog\/wp-content\/smush-avif\/2020\/07\/La-chanca-color-perez-siquier-5-298x300.png.avif\"  class='mesmerize-gallery-1-image lazyload' alt=\"\" data-srcset=\"https:\/\/fotogasteiz.com\/blog\/wp-content\/smush-avif\/2020\/07\/La-chanca-color-perez-siquier-5-298x300.png.avif 298w, https:\/\/fotogasteiz.com\/blog\/wp-content\/smush-avif\/2020\/07\/La-chanca-color-perez-siquier-5-150x150.png.avif 150w, https:\/\/fotogasteiz.com\/blog\/wp-content\/smush-avif\/2020\/07\/La-chanca-color-perez-siquier-5-768x772.png.avif 768w, https:\/\/fotogasteiz.com\/blog\/wp-content\/uploads\/2020\/07\/La-chanca-color-perez-siquier-5.png 786w\" data-sizes=\"(max-width: 298px) 100vw, 298px\" src=\"data:image\/svg+xml;base64,PHN2ZyB3aWR0aD0iMSIgaGVpZ2h0PSIxIiB4bWxucz0iaHR0cDovL3d3dy53My5vcmcvMjAwMC9zdmciPjwvc3ZnPg==\" style=\"--smush-placeholder-width: 298px; --smush-placeholder-aspect-ratio: 298\/300;\" \/><\/a>\n\t\t\t<\/dt><\/dl><dl class='gallery-item'>\n\t\t\t<dt class='gallery-icon portrait'>\n\t\t\t\t<a data-fancybox=\"mesmerize-gallery-1-group\" href='https:\/\/fotogasteiz.com\/blog\/wp-content\/uploads\/2020\/07\/La-chanca-color-perez-siquier-6.png'><img decoding=\"async\"  width=\"300\" height=\"300\" data-src=\"https:\/\/fotogasteiz.com\/blog\/wp-content\/smush-avif\/2020\/07\/La-chanca-color-perez-siquier-6-300x300.png.avif\"  class='mesmerize-gallery-1-image lazyload' alt=\"\" data-srcset=\"https:\/\/fotogasteiz.com\/blog\/wp-content\/smush-avif\/2020\/07\/La-chanca-color-perez-siquier-6-300x300.png.avif 300w, https:\/\/fotogasteiz.com\/blog\/wp-content\/smush-avif\/2020\/07\/La-chanca-color-perez-siquier-6-150x150.png.avif 150w, https:\/\/fotogasteiz.com\/blog\/wp-content\/smush-avif\/2020\/07\/La-chanca-color-perez-siquier-6-768x770.png.avif 768w, https:\/\/fotogasteiz.com\/blog\/wp-content\/uploads\/2020\/07\/La-chanca-color-perez-siquier-6.png 789w\" data-sizes=\"(max-width: 300px) 100vw, 300px\" src=\"data:image\/svg+xml;base64,PHN2ZyB3aWR0aD0iMSIgaGVpZ2h0PSIxIiB4bWxucz0iaHR0cDovL3d3dy53My5vcmcvMjAwMC9zdmciPjwvc3ZnPg==\" style=\"--smush-placeholder-width: 300px; --smush-placeholder-aspect-ratio: 300\/300;\" \/><\/a>\n\t\t\t<\/dt><\/dl><dl class='gallery-item'>\n\t\t\t<dt class='gallery-icon portrait'>\n\t\t\t\t<a data-fancybox=\"mesmerize-gallery-1-group\" href='https:\/\/fotogasteiz.com\/blog\/wp-content\/uploads\/2020\/07\/La-chanca-color-perez-siquier-7.png'><img decoding=\"async\"  width=\"298\" height=\"300\" data-src=\"https:\/\/fotogasteiz.com\/blog\/wp-content\/smush-avif\/2020\/07\/La-chanca-color-perez-siquier-7-298x300.png.avif\"  class='mesmerize-gallery-1-image lazyload' alt=\"\" data-srcset=\"https:\/\/fotogasteiz.com\/blog\/wp-content\/smush-avif\/2020\/07\/La-chanca-color-perez-siquier-7-298x300.png.avif 298w, https:\/\/fotogasteiz.com\/blog\/wp-content\/smush-avif\/2020\/07\/La-chanca-color-perez-siquier-7-150x150.png.avif 150w, https:\/\/fotogasteiz.com\/blog\/wp-content\/smush-avif\/2020\/07\/La-chanca-color-perez-siquier-7-768x772.png.avif 768w, https:\/\/fotogasteiz.com\/blog\/wp-content\/uploads\/2020\/07\/La-chanca-color-perez-siquier-7.png 787w\" data-sizes=\"(max-width: 298px) 100vw, 298px\" src=\"data:image\/svg+xml;base64,PHN2ZyB3aWR0aD0iMSIgaGVpZ2h0PSIxIiB4bWxucz0iaHR0cDovL3d3dy53My5vcmcvMjAwMC9zdmciPjwvc3ZnPg==\" style=\"--smush-placeholder-width: 298px; --smush-placeholder-aspect-ratio: 298\/300;\" \/><\/a>\n\t\t\t<\/dt><\/dl><dl class='gallery-item'>\n\t\t\t<dt class='gallery-icon portrait'>\n\t\t\t\t<a data-fancybox=\"mesmerize-gallery-1-group\" href='https:\/\/fotogasteiz.com\/blog\/wp-content\/uploads\/2020\/07\/La-chanca-color-perez-siquier-8.png'><img decoding=\"async\"  width=\"300\" height=\"300\" data-src=\"https:\/\/fotogasteiz.com\/blog\/wp-content\/smush-avif\/2020\/07\/La-chanca-color-perez-siquier-8-300x300.png.avif\"  class='mesmerize-gallery-1-image lazyload' alt=\"\" data-srcset=\"https:\/\/fotogasteiz.com\/blog\/wp-content\/smush-avif\/2020\/07\/La-chanca-color-perez-siquier-8-300x300.png.avif 300w, https:\/\/fotogasteiz.com\/blog\/wp-content\/smush-avif\/2020\/07\/La-chanca-color-perez-siquier-8-150x150.png.avif 150w, https:\/\/fotogasteiz.com\/blog\/wp-content\/smush-avif\/2020\/07\/La-chanca-color-perez-siquier-8-768x771.png.avif 768w, https:\/\/fotogasteiz.com\/blog\/wp-content\/uploads\/2020\/07\/La-chanca-color-perez-siquier-8.png 787w\" data-sizes=\"(max-width: 300px) 100vw, 300px\" src=\"data:image\/svg+xml;base64,PHN2ZyB3aWR0aD0iMSIgaGVpZ2h0PSIxIiB4bWxucz0iaHR0cDovL3d3dy53My5vcmcvMjAwMC9zdmciPjwvc3ZnPg==\" style=\"--smush-placeholder-width: 300px; --smush-placeholder-aspect-ratio: 300\/300;\" \/><\/a>\n\t\t\t<\/dt><\/dl><dl class='gallery-item'>\n\t\t\t<dt class='gallery-icon portrait'>\n\t\t\t\t<a data-fancybox=\"mesmerize-gallery-1-group\" href='https:\/\/fotogasteiz.com\/blog\/wp-content\/uploads\/2020\/07\/La-chanca-color-perez-siquier-9.png'><img decoding=\"async\"  width=\"300\" height=\"300\" data-src=\"https:\/\/fotogasteiz.com\/blog\/wp-content\/smush-avif\/2020\/07\/La-chanca-color-perez-siquier-9-300x300.png.avif\"  class='mesmerize-gallery-1-image lazyload' alt=\"\" data-srcset=\"https:\/\/fotogasteiz.com\/blog\/wp-content\/smush-avif\/2020\/07\/La-chanca-color-perez-siquier-9-300x300.png.avif 300w, https:\/\/fotogasteiz.com\/blog\/wp-content\/smush-avif\/2020\/07\/La-chanca-color-perez-siquier-9-150x150.png.avif 150w, https:\/\/fotogasteiz.com\/blog\/wp-content\/smush-avif\/2020\/07\/La-chanca-color-perez-siquier-9-768x770.png.avif 768w, https:\/\/fotogasteiz.com\/blog\/wp-content\/uploads\/2020\/07\/La-chanca-color-perez-siquier-9.png 788w\" data-sizes=\"(max-width: 300px) 100vw, 300px\" src=\"data:image\/svg+xml;base64,PHN2ZyB3aWR0aD0iMSIgaGVpZ2h0PSIxIiB4bWxucz0iaHR0cDovL3d3dy53My5vcmcvMjAwMC9zdmciPjwvc3ZnPg==\" style=\"--smush-placeholder-width: 300px; --smush-placeholder-aspect-ratio: 300\/300;\" \/><\/a>\n\t\t\t<\/dt><\/dl><dl class='gallery-item'>\n\t\t\t<dt class='gallery-icon portrait'>\n\t\t\t\t<a data-fancybox=\"mesmerize-gallery-1-group\" href='https:\/\/fotogasteiz.com\/blog\/wp-content\/uploads\/2020\/07\/La-chanca-color-perez-siquier-10.png'><img decoding=\"async\"  width=\"300\" height=\"300\" data-src=\"https:\/\/fotogasteiz.com\/blog\/wp-content\/smush-avif\/2020\/07\/La-chanca-color-perez-siquier-10-300x300.png.avif\"  class='mesmerize-gallery-1-image lazyload' alt=\"\" data-srcset=\"https:\/\/fotogasteiz.com\/blog\/wp-content\/smush-avif\/2020\/07\/La-chanca-color-perez-siquier-10-300x300.png.avif 300w, https:\/\/fotogasteiz.com\/blog\/wp-content\/smush-avif\/2020\/07\/La-chanca-color-perez-siquier-10-150x150.png.avif 150w, https:\/\/fotogasteiz.com\/blog\/wp-content\/smush-avif\/2020\/07\/La-chanca-color-perez-siquier-10-768x771.png.avif 768w, https:\/\/fotogasteiz.com\/blog\/wp-content\/uploads\/2020\/07\/La-chanca-color-perez-siquier-10.png 785w\" data-sizes=\"(max-width: 300px) 100vw, 300px\" src=\"data:image\/svg+xml;base64,PHN2ZyB3aWR0aD0iMSIgaGVpZ2h0PSIxIiB4bWxucz0iaHR0cDovL3d3dy53My5vcmcvMjAwMC9zdmciPjwvc3ZnPg==\" style=\"--smush-placeholder-width: 300px; --smush-placeholder-aspect-ratio: 300\/300;\" \/><\/a>\n\t\t\t<\/dt><\/dl><dl class='gallery-item'>\n\t\t\t<dt class='gallery-icon portrait'>\n\t\t\t\t<a data-fancybox=\"mesmerize-gallery-1-group\" href='https:\/\/fotogasteiz.com\/blog\/wp-content\/uploads\/2020\/07\/La-chanca-color-perez-siquier-11.png'><img decoding=\"async\"  width=\"298\" height=\"300\" data-src=\"https:\/\/fotogasteiz.com\/blog\/wp-content\/smush-avif\/2020\/07\/La-chanca-color-perez-siquier-11-298x300.png.avif\"  class='mesmerize-gallery-1-image lazyload' alt=\"\" data-srcset=\"https:\/\/fotogasteiz.com\/blog\/wp-content\/smush-avif\/2020\/07\/La-chanca-color-perez-siquier-11-298x300.png.avif 298w, https:\/\/fotogasteiz.com\/blog\/wp-content\/smush-avif\/2020\/07\/La-chanca-color-perez-siquier-11-150x150.png.avif 150w, https:\/\/fotogasteiz.com\/blog\/wp-content\/smush-avif\/2020\/07\/La-chanca-color-perez-siquier-11-768x773.png.avif 768w, https:\/\/fotogasteiz.com\/blog\/wp-content\/uploads\/2020\/07\/La-chanca-color-perez-siquier-11.png 786w\" data-sizes=\"(max-width: 298px) 100vw, 298px\" src=\"data:image\/svg+xml;base64,PHN2ZyB3aWR0aD0iMSIgaGVpZ2h0PSIxIiB4bWxucz0iaHR0cDovL3d3dy53My5vcmcvMjAwMC9zdmciPjwvc3ZnPg==\" style=\"--smush-placeholder-width: 298px; --smush-placeholder-aspect-ratio: 298\/300;\" \/><\/a>\n\t\t\t<\/dt><\/dl><dl class='gallery-item'>\n\t\t\t<dt class='gallery-icon portrait'>\n\t\t\t\t<a data-fancybox=\"mesmerize-gallery-1-group\" href='https:\/\/fotogasteiz.com\/blog\/wp-content\/uploads\/2020\/07\/La-chanca-color-perez-siquier-12.png'><img decoding=\"async\"  width=\"300\" height=\"300\" data-src=\"https:\/\/fotogasteiz.com\/blog\/wp-content\/smush-avif\/2020\/07\/La-chanca-color-perez-siquier-12-300x300.png.avif\"  class='mesmerize-gallery-1-image lazyload' alt=\"\" data-srcset=\"https:\/\/fotogasteiz.com\/blog\/wp-content\/smush-avif\/2020\/07\/La-chanca-color-perez-siquier-12-300x300.png.avif 300w, https:\/\/fotogasteiz.com\/blog\/wp-content\/smush-avif\/2020\/07\/La-chanca-color-perez-siquier-12-150x150.png.avif 150w, https:\/\/fotogasteiz.com\/blog\/wp-content\/smush-avif\/2020\/07\/La-chanca-color-perez-siquier-12-768x771.png.avif 768w, https:\/\/fotogasteiz.com\/blog\/wp-content\/uploads\/2020\/07\/La-chanca-color-perez-siquier-12.png 787w\" data-sizes=\"(max-width: 300px) 100vw, 300px\" src=\"data:image\/svg+xml;base64,PHN2ZyB3aWR0aD0iMSIgaGVpZ2h0PSIxIiB4bWxucz0iaHR0cDovL3d3dy53My5vcmcvMjAwMC9zdmciPjwvc3ZnPg==\" style=\"--smush-placeholder-width: 300px; --smush-placeholder-aspect-ratio: 300\/300;\" \/><\/a>\n\t\t\t<\/dt><\/dl><dl class='gallery-item'>\n\t\t\t<dt class='gallery-icon portrait'>\n\t\t\t\t<a data-fancybox=\"mesmerize-gallery-1-group\" href='https:\/\/fotogasteiz.com\/blog\/wp-content\/uploads\/2020\/07\/La-chanca-color-perez-siquier-13.png'><img decoding=\"async\"  width=\"298\" height=\"300\" data-src=\"https:\/\/fotogasteiz.com\/blog\/wp-content\/smush-avif\/2020\/07\/La-chanca-color-perez-siquier-13-298x300.png.avif\"  class='mesmerize-gallery-1-image lazyload' alt=\"\" data-srcset=\"https:\/\/fotogasteiz.com\/blog\/wp-content\/smush-avif\/2020\/07\/La-chanca-color-perez-siquier-13-298x300.png.avif 298w, https:\/\/fotogasteiz.com\/blog\/wp-content\/smush-avif\/2020\/07\/La-chanca-color-perez-siquier-13-150x150.png.avif 150w, https:\/\/fotogasteiz.com\/blog\/wp-content\/smush-avif\/2020\/07\/La-chanca-color-perez-siquier-13-768x772.png.avif 768w, https:\/\/fotogasteiz.com\/blog\/wp-content\/uploads\/2020\/07\/La-chanca-color-perez-siquier-13.png 787w\" data-sizes=\"(max-width: 298px) 100vw, 298px\" src=\"data:image\/svg+xml;base64,PHN2ZyB3aWR0aD0iMSIgaGVpZ2h0PSIxIiB4bWxucz0iaHR0cDovL3d3dy53My5vcmcvMjAwMC9zdmciPjwvc3ZnPg==\" style=\"--smush-placeholder-width: 298px; --smush-placeholder-aspect-ratio: 298\/300;\" \/><\/a>\n\t\t\t<\/dt><\/dl><dl class='gallery-item'>\n\t\t\t<dt class='gallery-icon portrait'>\n\t\t\t\t<a data-fancybox=\"mesmerize-gallery-1-group\" href='https:\/\/fotogasteiz.com\/blog\/wp-content\/uploads\/2020\/07\/La-chanca-color-perez-siquier-14.png'><img decoding=\"async\"  width=\"300\" height=\"300\" data-src=\"https:\/\/fotogasteiz.com\/blog\/wp-content\/smush-avif\/2020\/07\/La-chanca-color-perez-siquier-14-300x300.png.avif\"  class='mesmerize-gallery-1-image lazyload' alt=\"\" data-srcset=\"https:\/\/fotogasteiz.com\/blog\/wp-content\/smush-avif\/2020\/07\/La-chanca-color-perez-siquier-14-300x300.png.avif 300w, https:\/\/fotogasteiz.com\/blog\/wp-content\/smush-avif\/2020\/07\/La-chanca-color-perez-siquier-14-150x150.png.avif 150w, https:\/\/fotogasteiz.com\/blog\/wp-content\/smush-avif\/2020\/07\/La-chanca-color-perez-siquier-14-768x771.png.avif 768w, https:\/\/fotogasteiz.com\/blog\/wp-content\/uploads\/2020\/07\/La-chanca-color-perez-siquier-14.png 787w\" data-sizes=\"(max-width: 300px) 100vw, 300px\" src=\"data:image\/svg+xml;base64,PHN2ZyB3aWR0aD0iMSIgaGVpZ2h0PSIxIiB4bWxucz0iaHR0cDovL3d3dy53My5vcmcvMjAwMC9zdmciPjwvc3ZnPg==\" style=\"--smush-placeholder-width: 300px; --smush-placeholder-aspect-ratio: 300\/300;\" \/><\/a>\n\t\t\t<\/dt><\/dl><dl class='gallery-item'>\n\t\t\t<dt class='gallery-icon portrait'>\n\t\t\t\t<a data-fancybox=\"mesmerize-gallery-1-group\" href='https:\/\/fotogasteiz.com\/blog\/wp-content\/uploads\/2020\/07\/La-chanca-color-perez-siquier-15.png'><img decoding=\"async\"  width=\"300\" height=\"300\" data-src=\"https:\/\/fotogasteiz.com\/blog\/wp-content\/smush-avif\/2020\/07\/La-chanca-color-perez-siquier-15-300x300.png.avif\"  class='mesmerize-gallery-1-image lazyload' alt=\"\" data-srcset=\"https:\/\/fotogasteiz.com\/blog\/wp-content\/smush-avif\/2020\/07\/La-chanca-color-perez-siquier-15-300x300.png.avif 300w, https:\/\/fotogasteiz.com\/blog\/wp-content\/smush-avif\/2020\/07\/La-chanca-color-perez-siquier-15-150x150.png.avif 150w, https:\/\/fotogasteiz.com\/blog\/wp-content\/smush-avif\/2020\/07\/La-chanca-color-perez-siquier-15-768x771.png.avif 768w, https:\/\/fotogasteiz.com\/blog\/wp-content\/uploads\/2020\/07\/La-chanca-color-perez-siquier-15.png 787w\" data-sizes=\"(max-width: 300px) 100vw, 300px\" src=\"data:image\/svg+xml;base64,PHN2ZyB3aWR0aD0iMSIgaGVpZ2h0PSIxIiB4bWxucz0iaHR0cDovL3d3dy53My5vcmcvMjAwMC9zdmciPjwvc3ZnPg==\" style=\"--smush-placeholder-width: 300px; --smush-placeholder-aspect-ratio: 300\/300;\" \/><\/a>\n\t\t\t<\/dt><\/dl><dl class='gallery-item'>\n\t\t\t<dt class='gallery-icon portrait'>\n\t\t\t\t<a data-fancybox=\"mesmerize-gallery-1-group\" href='https:\/\/fotogasteiz.com\/blog\/wp-content\/uploads\/2020\/07\/La-chanca-color-perez-siquier-16.png'><img decoding=\"async\"  width=\"298\" height=\"300\" data-src=\"https:\/\/fotogasteiz.com\/blog\/wp-content\/smush-avif\/2020\/07\/La-chanca-color-perez-siquier-16-298x300.png.avif\"  class='mesmerize-gallery-1-image lazyload' alt=\"\" data-srcset=\"https:\/\/fotogasteiz.com\/blog\/wp-content\/smush-avif\/2020\/07\/La-chanca-color-perez-siquier-16-298x300.png.avif 298w, https:\/\/fotogasteiz.com\/blog\/wp-content\/smush-avif\/2020\/07\/La-chanca-color-perez-siquier-16-150x150.png.avif 150w, https:\/\/fotogasteiz.com\/blog\/wp-content\/smush-avif\/2020\/07\/La-chanca-color-perez-siquier-16-768x773.png.avif 768w, https:\/\/fotogasteiz.com\/blog\/wp-content\/uploads\/2020\/07\/La-chanca-color-perez-siquier-16.png 784w\" data-sizes=\"(max-width: 298px) 100vw, 298px\" src=\"data:image\/svg+xml;base64,PHN2ZyB3aWR0aD0iMSIgaGVpZ2h0PSIxIiB4bWxucz0iaHR0cDovL3d3dy53My5vcmcvMjAwMC9zdmciPjwvc3ZnPg==\" style=\"--smush-placeholder-width: 298px; --smush-placeholder-aspect-ratio: 298\/300;\" \/><\/a>\n\t\t\t<\/dt><\/dl>\n\t\t<\/div>\n<script>(function($){window.MaterialisCaptionsGallery && window.MaterialisCaptionsGallery($('[data-unique-id=\"mesmerize-gallery-1-69f2224d887d7\"]'))})(jQuery)<\/script><\/div><\/div><\/div> <\/div><\/div><div  data-label=\"Chanca Cartografia\" data-id=\"gallery--3\" data-export-id=\"gallery-1\" data-category=\"gallery\" class=\"gallery-1 content-section content-section-spacing\" id=\"chanca-cartografia\" style=\"background-color: rgb(52, 58, 64); background-image: none;\"><div  class=\"gridContainer\"> <div  class=\"row\"><div  class=\"section-title-col\" data-type=\"column\"> <h2  class=\"\"><span  style=\"font-family: &quot;Playfair Display&quot;, arial, helvetica, sans-serif; color: rgb(255, 255, 255);\">Cartograf\u00edas sobre la cal \u2013 Siquier<\/span><\/h2> <\/div> <\/div> <div  class=\"row text-center\"> <div  class=\"col-xs-12\" data-editable=\"true\" data-content-shortcode=\"mesmerize_gallery id=&quot;mesmerize-gallery-1&quot; columns=&quot;4&quot; ids=&quot;11964,11965,11966,11967,11968,11969,11970,11971,11972,11973,11974,11975&quot; lb=&quot;1&quot; masonry=&quot;1&quot; size=&quot;medium&quot; link=&quot;file&quot; \"><div id='mesmerize-gallery-1' class='gallery-wrapper'><style type=\"text\/css\">\n                    @media only screen and (min-width: 768px) {\n                    [data-unique-id='mesmerize-gallery-1-69f2224d8ae0a'] dl {\n                        float: left;\n                        width: 25% !important;\n                        max-width:  25% !important;\n                        min-width:  25% !important;\n                    }\n\n                    [data-unique-id='mesmerize-gallery-1-69f2224d8ae0a'] dl:nth-of-type(4n +1 ) {\n                      clear: both;\n                      }\n                    }\n                <\/style><div id='mesmerize-gallery-1' class='mesmerize-gallery-1-dls-wrapper gallery-items-wrapper materialis-gallery' data-unique-id='mesmerize-gallery-1-69f2224d8ae0a'><dl class='gallery-item'>\n\t\t\t<dt class='gallery-icon portrait'>\n\t\t\t\t<a data-fancybox=\"mesmerize-gallery-1-group\" href='https:\/\/fotogasteiz.com\/blog\/wp-content\/uploads\/2020\/07\/La-chanca-color-cartografias-cal-pared-siquier.png'><img decoding=\"async\"  width=\"298\" height=\"300\" data-src=\"https:\/\/fotogasteiz.com\/blog\/wp-content\/smush-avif\/2020\/07\/La-chanca-color-cartografias-cal-pared-siquier-298x300.png.avif\"  class='mesmerize-gallery-1-image lazyload' alt=\"\" data-srcset=\"https:\/\/fotogasteiz.com\/blog\/wp-content\/smush-avif\/2020\/07\/La-chanca-color-cartografias-cal-pared-siquier-298x300.png.avif 298w, https:\/\/fotogasteiz.com\/blog\/wp-content\/smush-avif\/2020\/07\/La-chanca-color-cartografias-cal-pared-siquier-150x150.png.avif 150w, https:\/\/fotogasteiz.com\/blog\/wp-content\/smush-avif\/2020\/07\/La-chanca-color-cartografias-cal-pared-siquier-768x772.png.avif 768w, https:\/\/fotogasteiz.com\/blog\/wp-content\/uploads\/2020\/07\/La-chanca-color-cartografias-cal-pared-siquier.png 787w\" data-sizes=\"(max-width: 298px) 100vw, 298px\" src=\"data:image\/svg+xml;base64,PHN2ZyB3aWR0aD0iMSIgaGVpZ2h0PSIxIiB4bWxucz0iaHR0cDovL3d3dy53My5vcmcvMjAwMC9zdmciPjwvc3ZnPg==\" style=\"--smush-placeholder-width: 298px; --smush-placeholder-aspect-ratio: 298\/300;\" \/><\/a>\n\t\t\t<\/dt><\/dl><dl class='gallery-item'>\n\t\t\t<dt class='gallery-icon portrait'>\n\t\t\t\t<a data-fancybox=\"mesmerize-gallery-1-group\" href='https:\/\/fotogasteiz.com\/blog\/wp-content\/uploads\/2020\/07\/La-chanca-color-cartografias-cal-pared-siquier-12.png'><img decoding=\"async\"  width=\"300\" height=\"300\" data-src=\"https:\/\/fotogasteiz.com\/blog\/wp-content\/smush-avif\/2020\/07\/La-chanca-color-cartografias-cal-pared-siquier-12-300x300.png.avif\"  class='mesmerize-gallery-1-image lazyload' alt=\"\" data-srcset=\"https:\/\/fotogasteiz.com\/blog\/wp-content\/smush-avif\/2020\/07\/La-chanca-color-cartografias-cal-pared-siquier-12-300x300.png.avif 300w, https:\/\/fotogasteiz.com\/blog\/wp-content\/smush-avif\/2020\/07\/La-chanca-color-cartografias-cal-pared-siquier-12-150x150.png.avif 150w, https:\/\/fotogasteiz.com\/blog\/wp-content\/smush-avif\/2020\/07\/La-chanca-color-cartografias-cal-pared-siquier-12-768x770.png.avif 768w, https:\/\/fotogasteiz.com\/blog\/wp-content\/uploads\/2020\/07\/La-chanca-color-cartografias-cal-pared-siquier-12.png 787w\" data-sizes=\"(max-width: 300px) 100vw, 300px\" src=\"data:image\/svg+xml;base64,PHN2ZyB3aWR0aD0iMSIgaGVpZ2h0PSIxIiB4bWxucz0iaHR0cDovL3d3dy53My5vcmcvMjAwMC9zdmciPjwvc3ZnPg==\" style=\"--smush-placeholder-width: 300px; --smush-placeholder-aspect-ratio: 300\/300;\" \/><\/a>\n\t\t\t<\/dt><\/dl><dl class='gallery-item'>\n\t\t\t<dt class='gallery-icon portrait'>\n\t\t\t\t<a data-fancybox=\"mesmerize-gallery-1-group\" href='https:\/\/fotogasteiz.com\/blog\/wp-content\/uploads\/2020\/07\/La-chanca-color-cartografias-cal-pared-siquier-11.png'><img decoding=\"async\"  width=\"298\" height=\"300\" data-src=\"https:\/\/fotogasteiz.com\/blog\/wp-content\/smush-avif\/2020\/07\/La-chanca-color-cartografias-cal-pared-siquier-11-298x300.png.avif\"  class='mesmerize-gallery-1-image lazyload' alt=\"\" data-srcset=\"https:\/\/fotogasteiz.com\/blog\/wp-content\/smush-avif\/2020\/07\/La-chanca-color-cartografias-cal-pared-siquier-11-298x300.png.avif 298w, https:\/\/fotogasteiz.com\/blog\/wp-content\/smush-avif\/2020\/07\/La-chanca-color-cartografias-cal-pared-siquier-11-150x150.png.avif 150w, https:\/\/fotogasteiz.com\/blog\/wp-content\/smush-avif\/2020\/07\/La-chanca-color-cartografias-cal-pared-siquier-11-768x772.png.avif 768w, https:\/\/fotogasteiz.com\/blog\/wp-content\/uploads\/2020\/07\/La-chanca-color-cartografias-cal-pared-siquier-11.png 787w\" data-sizes=\"(max-width: 298px) 100vw, 298px\" src=\"data:image\/svg+xml;base64,PHN2ZyB3aWR0aD0iMSIgaGVpZ2h0PSIxIiB4bWxucz0iaHR0cDovL3d3dy53My5vcmcvMjAwMC9zdmciPjwvc3ZnPg==\" style=\"--smush-placeholder-width: 298px; --smush-placeholder-aspect-ratio: 298\/300;\" \/><\/a>\n\t\t\t<\/dt><\/dl><dl class='gallery-item'>\n\t\t\t<dt class='gallery-icon portrait'>\n\t\t\t\t<a data-fancybox=\"mesmerize-gallery-1-group\" href='https:\/\/fotogasteiz.com\/blog\/wp-content\/uploads\/2020\/07\/La-chanca-color-cartografias-cal-pared-siquier-10.png'><img decoding=\"async\"  width=\"298\" height=\"300\" data-src=\"https:\/\/fotogasteiz.com\/blog\/wp-content\/smush-avif\/2020\/07\/La-chanca-color-cartografias-cal-pared-siquier-10-298x300.png.avif\"  class='mesmerize-gallery-1-image lazyload' alt=\"\" data-srcset=\"https:\/\/fotogasteiz.com\/blog\/wp-content\/smush-avif\/2020\/07\/La-chanca-color-cartografias-cal-pared-siquier-10-298x300.png.avif 298w, https:\/\/fotogasteiz.com\/blog\/wp-content\/smush-avif\/2020\/07\/La-chanca-color-cartografias-cal-pared-siquier-10-150x150.png.avif 150w, https:\/\/fotogasteiz.com\/blog\/wp-content\/smush-avif\/2020\/07\/La-chanca-color-cartografias-cal-pared-siquier-10-768x772.png.avif 768w, https:\/\/fotogasteiz.com\/blog\/wp-content\/uploads\/2020\/07\/La-chanca-color-cartografias-cal-pared-siquier-10.png 787w\" data-sizes=\"(max-width: 298px) 100vw, 298px\" src=\"data:image\/svg+xml;base64,PHN2ZyB3aWR0aD0iMSIgaGVpZ2h0PSIxIiB4bWxucz0iaHR0cDovL3d3dy53My5vcmcvMjAwMC9zdmciPjwvc3ZnPg==\" style=\"--smush-placeholder-width: 298px; --smush-placeholder-aspect-ratio: 298\/300;\" \/><\/a>\n\t\t\t<\/dt><\/dl><dl class='gallery-item'>\n\t\t\t<dt class='gallery-icon portrait'>\n\t\t\t\t<a data-fancybox=\"mesmerize-gallery-1-group\" href='https:\/\/fotogasteiz.com\/blog\/wp-content\/uploads\/2020\/07\/La-chanca-color-cartografias-cal-pared-siquier-9.png'><img decoding=\"async\"  width=\"298\" height=\"300\" data-src=\"https:\/\/fotogasteiz.com\/blog\/wp-content\/smush-avif\/2020\/07\/La-chanca-color-cartografias-cal-pared-siquier-9-298x300.png.avif\"  class='mesmerize-gallery-1-image lazyload' alt=\"\" data-srcset=\"https:\/\/fotogasteiz.com\/blog\/wp-content\/smush-avif\/2020\/07\/La-chanca-color-cartografias-cal-pared-siquier-9-298x300.png.avif 298w, https:\/\/fotogasteiz.com\/blog\/wp-content\/smush-avif\/2020\/07\/La-chanca-color-cartografias-cal-pared-siquier-9-150x150.png.avif 150w, https:\/\/fotogasteiz.com\/blog\/wp-content\/smush-avif\/2020\/07\/La-chanca-color-cartografias-cal-pared-siquier-9-768x772.png.avif 768w, https:\/\/fotogasteiz.com\/blog\/wp-content\/uploads\/2020\/07\/La-chanca-color-cartografias-cal-pared-siquier-9.png 786w\" data-sizes=\"(max-width: 298px) 100vw, 298px\" src=\"data:image\/svg+xml;base64,PHN2ZyB3aWR0aD0iMSIgaGVpZ2h0PSIxIiB4bWxucz0iaHR0cDovL3d3dy53My5vcmcvMjAwMC9zdmciPjwvc3ZnPg==\" style=\"--smush-placeholder-width: 298px; --smush-placeholder-aspect-ratio: 298\/300;\" \/><\/a>\n\t\t\t<\/dt><\/dl><dl class='gallery-item'>\n\t\t\t<dt class='gallery-icon portrait'>\n\t\t\t\t<a data-fancybox=\"mesmerize-gallery-1-group\" href='https:\/\/fotogasteiz.com\/blog\/wp-content\/uploads\/2020\/07\/La-chanca-color-cartografias-cal-pared-siquier-8.png'><img decoding=\"async\"  width=\"300\" height=\"300\" data-src=\"https:\/\/fotogasteiz.com\/blog\/wp-content\/smush-avif\/2020\/07\/La-chanca-color-cartografias-cal-pared-siquier-8-300x300.png.avif\"  class='mesmerize-gallery-1-image lazyload' alt=\"\" data-srcset=\"https:\/\/fotogasteiz.com\/blog\/wp-content\/smush-avif\/2020\/07\/La-chanca-color-cartografias-cal-pared-siquier-8-300x300.png.avif 300w, https:\/\/fotogasteiz.com\/blog\/wp-content\/smush-avif\/2020\/07\/La-chanca-color-cartografias-cal-pared-siquier-8-150x150.png.avif 150w, https:\/\/fotogasteiz.com\/blog\/wp-content\/smush-avif\/2020\/07\/La-chanca-color-cartografias-cal-pared-siquier-8-768x770.png.avif 768w, https:\/\/fotogasteiz.com\/blog\/wp-content\/uploads\/2020\/07\/La-chanca-color-cartografias-cal-pared-siquier-8.png 788w\" data-sizes=\"(max-width: 300px) 100vw, 300px\" src=\"data:image\/svg+xml;base64,PHN2ZyB3aWR0aD0iMSIgaGVpZ2h0PSIxIiB4bWxucz0iaHR0cDovL3d3dy53My5vcmcvMjAwMC9zdmciPjwvc3ZnPg==\" style=\"--smush-placeholder-width: 300px; --smush-placeholder-aspect-ratio: 300\/300;\" \/><\/a>\n\t\t\t<\/dt><\/dl><dl class='gallery-item'>\n\t\t\t<dt class='gallery-icon portrait'>\n\t\t\t\t<a data-fancybox=\"mesmerize-gallery-1-group\" href='https:\/\/fotogasteiz.com\/blog\/wp-content\/uploads\/2020\/07\/La-chanca-color-cartografias-cal-pared-siquier-7.png'><img decoding=\"async\"  width=\"300\" height=\"300\" data-src=\"https:\/\/fotogasteiz.com\/blog\/wp-content\/smush-avif\/2020\/07\/La-chanca-color-cartografias-cal-pared-siquier-7-300x300.png.avif\"  class='mesmerize-gallery-1-image lazyload' alt=\"\" data-srcset=\"https:\/\/fotogasteiz.com\/blog\/wp-content\/smush-avif\/2020\/07\/La-chanca-color-cartografias-cal-pared-siquier-7-300x300.png.avif 300w, https:\/\/fotogasteiz.com\/blog\/wp-content\/smush-avif\/2020\/07\/La-chanca-color-cartografias-cal-pared-siquier-7-150x150.png.avif 150w, https:\/\/fotogasteiz.com\/blog\/wp-content\/smush-avif\/2020\/07\/La-chanca-color-cartografias-cal-pared-siquier-7-768x771.png.avif 768w, https:\/\/fotogasteiz.com\/blog\/wp-content\/uploads\/2020\/07\/La-chanca-color-cartografias-cal-pared-siquier-7.png 788w\" data-sizes=\"(max-width: 300px) 100vw, 300px\" src=\"data:image\/svg+xml;base64,PHN2ZyB3aWR0aD0iMSIgaGVpZ2h0PSIxIiB4bWxucz0iaHR0cDovL3d3dy53My5vcmcvMjAwMC9zdmciPjwvc3ZnPg==\" style=\"--smush-placeholder-width: 300px; --smush-placeholder-aspect-ratio: 300\/300;\" \/><\/a>\n\t\t\t<\/dt><\/dl><dl class='gallery-item'>\n\t\t\t<dt class='gallery-icon portrait'>\n\t\t\t\t<a data-fancybox=\"mesmerize-gallery-1-group\" href='https:\/\/fotogasteiz.com\/blog\/wp-content\/uploads\/2020\/07\/La-chanca-color-cartografias-cal-pared-siquier-6.png'><img decoding=\"async\"  width=\"300\" height=\"300\" data-src=\"https:\/\/fotogasteiz.com\/blog\/wp-content\/smush-avif\/2020\/07\/La-chanca-color-cartografias-cal-pared-siquier-6-300x300.png.avif\"  class='mesmerize-gallery-1-image lazyload' alt=\"\" data-srcset=\"https:\/\/fotogasteiz.com\/blog\/wp-content\/smush-avif\/2020\/07\/La-chanca-color-cartografias-cal-pared-siquier-6-300x300.png.avif 300w, https:\/\/fotogasteiz.com\/blog\/wp-content\/smush-avif\/2020\/07\/La-chanca-color-cartografias-cal-pared-siquier-6-150x150.png.avif 150w, https:\/\/fotogasteiz.com\/blog\/wp-content\/smush-avif\/2020\/07\/La-chanca-color-cartografias-cal-pared-siquier-6-768x770.png.avif 768w, https:\/\/fotogasteiz.com\/blog\/wp-content\/uploads\/2020\/07\/La-chanca-color-cartografias-cal-pared-siquier-6.png 788w\" data-sizes=\"(max-width: 300px) 100vw, 300px\" src=\"data:image\/svg+xml;base64,PHN2ZyB3aWR0aD0iMSIgaGVpZ2h0PSIxIiB4bWxucz0iaHR0cDovL3d3dy53My5vcmcvMjAwMC9zdmciPjwvc3ZnPg==\" style=\"--smush-placeholder-width: 300px; --smush-placeholder-aspect-ratio: 300\/300;\" \/><\/a>\n\t\t\t<\/dt><\/dl><dl class='gallery-item'>\n\t\t\t<dt class='gallery-icon portrait'>\n\t\t\t\t<a data-fancybox=\"mesmerize-gallery-1-group\" href='https:\/\/fotogasteiz.com\/blog\/wp-content\/uploads\/2020\/07\/La-chanca-color-cartografias-cal-pared-siquier-5.png'><img decoding=\"async\"  width=\"300\" height=\"300\" data-src=\"https:\/\/fotogasteiz.com\/blog\/wp-content\/smush-avif\/2020\/07\/La-chanca-color-cartografias-cal-pared-siquier-5-300x300.png.avif\"  class='mesmerize-gallery-1-image lazyload' alt=\"\" data-srcset=\"https:\/\/fotogasteiz.com\/blog\/wp-content\/smush-avif\/2020\/07\/La-chanca-color-cartografias-cal-pared-siquier-5-300x300.png.avif 300w, https:\/\/fotogasteiz.com\/blog\/wp-content\/smush-avif\/2020\/07\/La-chanca-color-cartografias-cal-pared-siquier-5-150x150.png.avif 150w, https:\/\/fotogasteiz.com\/blog\/wp-content\/smush-avif\/2020\/07\/La-chanca-color-cartografias-cal-pared-siquier-5-768x771.png.avif 768w, https:\/\/fotogasteiz.com\/blog\/wp-content\/uploads\/2020\/07\/La-chanca-color-cartografias-cal-pared-siquier-5.png 787w\" data-sizes=\"(max-width: 300px) 100vw, 300px\" src=\"data:image\/svg+xml;base64,PHN2ZyB3aWR0aD0iMSIgaGVpZ2h0PSIxIiB4bWxucz0iaHR0cDovL3d3dy53My5vcmcvMjAwMC9zdmciPjwvc3ZnPg==\" style=\"--smush-placeholder-width: 300px; --smush-placeholder-aspect-ratio: 300\/300;\" \/><\/a>\n\t\t\t<\/dt><\/dl><dl class='gallery-item'>\n\t\t\t<dt class='gallery-icon portrait'>\n\t\t\t\t<a data-fancybox=\"mesmerize-gallery-1-group\" href='https:\/\/fotogasteiz.com\/blog\/wp-content\/uploads\/2020\/07\/La-chanca-color-cartografias-cal-pared-siquier-4.png'><img decoding=\"async\"  width=\"298\" height=\"300\" data-src=\"https:\/\/fotogasteiz.com\/blog\/wp-content\/smush-avif\/2020\/07\/La-chanca-color-cartografias-cal-pared-siquier-4-298x300.png.avif\"  class='mesmerize-gallery-1-image lazyload' alt=\"\" data-srcset=\"https:\/\/fotogasteiz.com\/blog\/wp-content\/smush-avif\/2020\/07\/La-chanca-color-cartografias-cal-pared-siquier-4-298x300.png.avif 298w, https:\/\/fotogasteiz.com\/blog\/wp-content\/smush-avif\/2020\/07\/La-chanca-color-cartografias-cal-pared-siquier-4-150x150.png.avif 150w, https:\/\/fotogasteiz.com\/blog\/wp-content\/smush-avif\/2020\/07\/La-chanca-color-cartografias-cal-pared-siquier-4-768x772.png.avif 768w, https:\/\/fotogasteiz.com\/blog\/wp-content\/uploads\/2020\/07\/La-chanca-color-cartografias-cal-pared-siquier-4.png 787w\" data-sizes=\"(max-width: 298px) 100vw, 298px\" src=\"data:image\/svg+xml;base64,PHN2ZyB3aWR0aD0iMSIgaGVpZ2h0PSIxIiB4bWxucz0iaHR0cDovL3d3dy53My5vcmcvMjAwMC9zdmciPjwvc3ZnPg==\" style=\"--smush-placeholder-width: 298px; --smush-placeholder-aspect-ratio: 298\/300;\" \/><\/a>\n\t\t\t<\/dt><\/dl><dl class='gallery-item'>\n\t\t\t<dt class='gallery-icon portrait'>\n\t\t\t\t<a data-fancybox=\"mesmerize-gallery-1-group\" href='https:\/\/fotogasteiz.com\/blog\/wp-content\/uploads\/2020\/07\/La-chanca-color-cartografias-cal-pared-siquier-3.png'><img decoding=\"async\"  width=\"300\" height=\"300\" data-src=\"https:\/\/fotogasteiz.com\/blog\/wp-content\/smush-avif\/2020\/07\/La-chanca-color-cartografias-cal-pared-siquier-3-300x300.png.avif\"  class='mesmerize-gallery-1-image lazyload' alt=\"\" data-srcset=\"https:\/\/fotogasteiz.com\/blog\/wp-content\/smush-avif\/2020\/07\/La-chanca-color-cartografias-cal-pared-siquier-3-300x300.png.avif 300w, https:\/\/fotogasteiz.com\/blog\/wp-content\/smush-avif\/2020\/07\/La-chanca-color-cartografias-cal-pared-siquier-3-150x150.png.avif 150w, https:\/\/fotogasteiz.com\/blog\/wp-content\/smush-avif\/2020\/07\/La-chanca-color-cartografias-cal-pared-siquier-3-768x770.png.avif 768w, https:\/\/fotogasteiz.com\/blog\/wp-content\/uploads\/2020\/07\/La-chanca-color-cartografias-cal-pared-siquier-3.png 787w\" data-sizes=\"(max-width: 300px) 100vw, 300px\" src=\"data:image\/svg+xml;base64,PHN2ZyB3aWR0aD0iMSIgaGVpZ2h0PSIxIiB4bWxucz0iaHR0cDovL3d3dy53My5vcmcvMjAwMC9zdmciPjwvc3ZnPg==\" style=\"--smush-placeholder-width: 300px; --smush-placeholder-aspect-ratio: 300\/300;\" \/><\/a>\n\t\t\t<\/dt><\/dl><dl class='gallery-item'>\n\t\t\t<dt class='gallery-icon portrait'>\n\t\t\t\t<a data-fancybox=\"mesmerize-gallery-1-group\" href='https:\/\/fotogasteiz.com\/blog\/wp-content\/uploads\/2020\/07\/La-chanca-color-cartografias-cal-pared-siquier-2.png'><img decoding=\"async\"  width=\"300\" height=\"300\" data-src=\"https:\/\/fotogasteiz.com\/blog\/wp-content\/smush-avif\/2020\/07\/La-chanca-color-cartografias-cal-pared-siquier-2-300x300.png.avif\"  class='mesmerize-gallery-1-image lazyload' alt=\"\" data-srcset=\"https:\/\/fotogasteiz.com\/blog\/wp-content\/smush-avif\/2020\/07\/La-chanca-color-cartografias-cal-pared-siquier-2-300x300.png.avif 300w, https:\/\/fotogasteiz.com\/blog\/wp-content\/smush-avif\/2020\/07\/La-chanca-color-cartografias-cal-pared-siquier-2-150x150.png.avif 150w, https:\/\/fotogasteiz.com\/blog\/wp-content\/smush-avif\/2020\/07\/La-chanca-color-cartografias-cal-pared-siquier-2-768x771.png.avif 768w, https:\/\/fotogasteiz.com\/blog\/wp-content\/uploads\/2020\/07\/La-chanca-color-cartografias-cal-pared-siquier-2.png 787w\" data-sizes=\"(max-width: 300px) 100vw, 300px\" src=\"data:image\/svg+xml;base64,PHN2ZyB3aWR0aD0iMSIgaGVpZ2h0PSIxIiB4bWxucz0iaHR0cDovL3d3dy53My5vcmcvMjAwMC9zdmciPjwvc3ZnPg==\" style=\"--smush-placeholder-width: 300px; --smush-placeholder-aspect-ratio: 300\/300;\" \/><\/a>\n\t\t\t<\/dt><\/dl>\n\t\t<\/div>\n<script>(function($){window.MaterialisCaptionsGallery && window.MaterialisCaptionsGallery($('[data-unique-id=\"mesmerize-gallery-1-69f2224d8ae0a\"]'))})(jQuery)<\/script><\/div><\/div><\/div> <\/div><\/div><div  data-label=\"AFAL\" data-id=\"content--3\" data-export-id=\"content-7\" data-category=\"content\" class=\"content-7 content-section content-section-spacing\" id=\"afal\" style=\"background-color: rgb(245, 250, 253);\"><div  class=\"gridContainer\"> <div  class=\"row middle-sm\"><div  class=\"col-sm-6 space-bottom-xs\" data-type=\"column\"> <p  class=\"lead\"><span  style=\"font-family: Muli, arial, helvetica, sans-serif; font-weight: 900;\"><span  style=\"color: rgb(3, 169, 244);\">BIOGRAF\u00cdA DE CARLOS P\u00c9REZ SIQUIER<\/span><\/span><\/p><h2  class=\"\"><span  style=\"font-family: &quot;Playfair Display&quot;, arial, helvetica, sans-serif; color: rgb(0, 0, 0);\">AFAL: la Asociaci\u00f3n de Fot\u00f3grafos de Almer\u00eda&nbsp;<\/span><\/h2> <p  class=\"\"><span  style=\"color: rgb(52, 58, 64); font-family: Muli, arial, helvetica, sans-serif;\">En esa \u00e9poca, junto con su amigo fot\u00f3grafo <span  style=\"font-weight: 900;\">Jos\u00e9 Mar\u00eda Artero<\/span> fund\u00f3 <span  style=\"font-weight: 900;\">AFAL<\/span>, revista bimestral que pronto se convirti\u00f3 en l\u00edder de la fotograf\u00eda espa\u00f1ola al romper la versi\u00f3n oficial del Franquismo.\n<\/span><br ><br ><span  style=\"color: rgb(52, 58, 64); font-family: Muli, arial, helvetica, sans-serif;\">\nDos a\u00f1os despu\u00e9s, en 1958, <span  style=\"font-weight: 900;\">AFAL<\/span> publicar\u00eda su anuario, con fotos de 50 fot\u00f3grafos contrarios al r\u00e9gimen que caus\u00f3 furor en el extranjero.\n<\/span><br ><br ><span  style=\"color: rgb(52, 58, 64); font-family: Muli, arial, helvetica, sans-serif;\">\nEl director de fotograf\u00eda del <span  style=\"font-weight: 900;\">MoMa<\/span> en la \u00e9poca qued\u00f3 impresionado con aquel movimiento tan interesante de fotograf\u00eda joven que hab\u00eda en Espa\u00f1a y expuso algunas fotos de aquellas fant\u00e1sticas fotograf\u00edas en el <span  style=\"font-weight: 900;\">MoMa<\/span>.\n<\/span><br ><br ><span  style=\"color: rgb(52, 58, 64); font-family: Muli, arial, helvetica, sans-serif;\">\nEran fotos sin barreras. Fotos con historia.\n<\/span><br ><br ><span  style=\"color: rgb(52, 58, 64); font-family: Muli, arial, helvetica, sans-serif;\">\nEn 1963, <span  style=\"font-weight: 900;\">P\u00e9rez Siquier<\/span> le practic\u00f3 la eutanasia a la revista <span  style=\"font-weight: 900;\">AFAL<\/span> para que no muriera de inanici\u00f3n.\n<\/span><br ><br ><span  style=\"color: rgb(52, 58, 64); font-family: Muli, arial, helvetica, sans-serif;\">\nFue un duro golpe pero una revista revolucionaria deb\u00eda morir con dignidad.\n<\/span><br ><br ><span  style=\"color: rgb(52, 58, 64); font-family: Muli, arial, helvetica, sans-serif;\">\n\u00abLo \u00fanico que he sabido hacer bien es AFAL\u00bb dice a sus casi 90 a\u00f1os.<\/span><\/p> <\/div> <div  class=\"col-sm-6\" data-type=\"column\"> <img decoding=\"async\"  class=\"shadow-large lazyload\" data-src=\"https:\/\/i0.wp.com\/fotogasteiz.com\/blog\/wp-content\/uploads\/2020\/07\/10-0.jpg?w=3840&amp;ssl=1\" alt=\"\" title=\"10-0\" width=\"586\" height=\"585\" src=\"data:image\/svg+xml;base64,PHN2ZyB3aWR0aD0iMSIgaGVpZ2h0PSIxIiB4bWxucz0iaHR0cDovL3d3dy53My5vcmcvMjAwMC9zdmciPjwvc3ZnPg==\" style=\"--smush-placeholder-width: 586px; --smush-placeholder-aspect-ratio: 586\/585;\"><\/div> <\/div><\/div> <\/div><div  data-label=\"La playa\" data-id=\"content--4\" data-export-id=\"content-8\" data-category=\"content\" class=\"content-8 content-section content-section-spacing\" id=\"la-playa\" style=\"background-color: rgb(245, 250, 253); background-image: none;\"><div  class=\"gridContainer\"> <div  class=\"row middle-sm\"><div  class=\"col-sm-6 space-bottom-xs space-top-xs\" data-type=\"column\"> <img decoding=\"async\"  class=\"shadow-large lazyload\" data-src=\"https:\/\/i2.wp.com\/fotogasteiz.com\/blog\/wp-content\/uploads\/2020\/07\/Carlos-Perez-Siquier-ayer-Playa_1337877028_96731810_1535x1024.jpg?w=3840&amp;ssl=1\" alt=\"\" title=\"Carlos-Perez-Siquier-ayer-Playa_1337877028_96731810_1535x1024\" width=\"586\" height=\"391\" src=\"data:image\/svg+xml;base64,PHN2ZyB3aWR0aD0iMSIgaGVpZ2h0PSIxIiB4bWxucz0iaHR0cDovL3d3dy53My5vcmcvMjAwMC9zdmciPjwvc3ZnPg==\" style=\"--smush-placeholder-width: 586px; --smush-placeholder-aspect-ratio: 586\/391;\"><\/div> <div  class=\"col-sm-6\" data-type=\"column\"><p  class=\"lead\"><span  style=\"font-family: Muli, arial, helvetica, sans-serif; font-weight: 900;\"><span  style=\"color: rgb(3, 169, 244);\">BIOGRAF\u00cdA DE CARLOS P\u00c9REZ SIQUIER<\/span><\/span><\/p><h2  class=\"\"><span  style=\"font-family: &quot;Playfair Display&quot;, arial, helvetica, sans-serif; color: rgb(0, 0, 0);\">La Playa<\/span><\/h2> <p  class=\"\"><span  style=\"font-family: Muli, arial, helvetica, sans-serif; color: rgb(52, 58, 64);\">En su siguiente proyecto, \u2018La playa\u2019, abandon\u00f3 definitivamente el blanco y negro. El color era primordial en la sociedad de consumo.\n<\/span><br ><br ><span  style=\"font-family: Muli, arial, helvetica, sans-serif; color: rgb(52, 58, 64);\">\nEn 1968, Almer\u00eda inaugur\u00f3 su aeropuerto y se abri\u00f3 al turismo internacional masivo gracias a los vuelos charter vacacionales y P\u00e9rez Siquier, completamente enamorado del color, se calzaba el ba\u00f1ador y la c\u00e1mara y acud\u00eda a diario a las playas buscando el fragmento, la fotograf\u00eda de la carne con los colores de los vestidos\u2026\n<\/span><br ><br ><span  style=\"font-family: Muli, arial, helvetica, sans-serif; color: rgb(52, 58, 64);\">\nLos turistas el primer d\u00eda que le ve\u00edan pensaban que era un \u00abfot\u00f3grafo de hotel\u00bb, pero al d\u00eda siguiente ya le ve\u00edan como un intruso y llegaron a tirarle arena. Hizo unas fotos bestiales, que fueron publicadas en una revista francesa y otra americana.\n<\/span><br ><br ><span  style=\"font-family: Muli, arial, helvetica, sans-serif; color: rgb(52, 58, 64);\">\nEn Espa\u00f1a segu\u00edan sin valorar su obra, que empez\u00f3 a tener \u00e9xito acabada la dictadura.\n<\/span><br ><br ><span  style=\"font-family: Muli, arial, helvetica, sans-serif; color: rgb(52, 58, 64);\">\nEn los a\u00f1os 90, sus fotos tomadas en las playas de Almer\u00eda causan sensaci\u00f3n.\n<br ><br >En 2019 protagoniza el primer volumen de la enciclopedia visual dedicada a su obra que, gracias a la colaboraci\u00f3n establecida entre la <span  style=\"font-weight: 900;\">Fundaci\u00f3n de Arte Ib\u00e1\u00f1ez Cosentino y la Diputaci\u00f3n de Almer\u00eda: \u2018La Playa\u2019<\/span>.\n<br ><br >\nEsta publicaci\u00f3n reproduce por primera vez la m\u00edtica serie de La playa de los a\u00f1os 70 de forma completa, con mas de un 80% de fotografias in\u00e9ditas.<\/span><\/p> <\/div> <\/div><\/div> <\/div><div  data-label=\"playa galeria\" data-id=\"gallery--4\" data-export-id=\"gallery-1\" data-category=\"gallery\" class=\"gallery-1 content-section content-section-spacing\" id=\"playa-galeria\" style=\"background-color: rgb(52, 58, 64); background-image: none;\"><div  class=\"gridContainer\"> <div  class=\"row\"><div  class=\"section-title-col\" data-type=\"column\"> <h2  class=\"\"><span  style=\"font-family: &quot;Playfair Display&quot;, arial, helvetica, sans-serif; color: rgb(255, 255, 255);\">La Playa \u2013 P\u00e9rez Siquier<\/span><\/h2> <\/div> <\/div> <div  class=\"row text-center\"> <div  class=\"col-xs-12\" data-editable=\"true\" data-content-shortcode=\"mesmerize_gallery id=&quot;mesmerize-gallery-1&quot; columns=&quot;6&quot; ids=&quot;11982,11983,11984,11985,11986,11987,11988,11989,11990,11991,11992,11993,11994,11995,11996,11997,11998,11999,12000,12002,12003,12004,12005,12006,12007,12009,12010,12013,12014,12015,12018,12023,12024,12025,12026,12027,12030,12032,12033,12034,12035,12020&quot; lb=&quot;1&quot; masonry=&quot;1&quot; size=&quot;medium&quot; link=&quot;file&quot; \"><div id='mesmerize-gallery-1' class='gallery-wrapper'><style type=\"text\/css\">\n                    @media only screen and (min-width: 768px) {\n                    [data-unique-id='mesmerize-gallery-1-69f2224d8d141'] dl {\n                        float: left;\n                        width: 16.666666666667% !important;\n                        max-width:  16.666666666667% !important;\n                        min-width:  16.666666666667% !important;\n                    }\n\n                    [data-unique-id='mesmerize-gallery-1-69f2224d8d141'] dl:nth-of-type(6n +1 ) {\n                      clear: both;\n                      }\n                    }\n                <\/style><div id='mesmerize-gallery-1' class='mesmerize-gallery-1-dls-wrapper gallery-items-wrapper materialis-gallery' data-unique-id='mesmerize-gallery-1-69f2224d8d141'><dl class='gallery-item'>\n\t\t\t<dt class='gallery-icon landscape'>\n\t\t\t\t<a data-fancybox=\"mesmerize-gallery-1-group\" href='https:\/\/fotogasteiz.com\/blog\/wp-content\/smush-avif\/2020\/07\/la-playa-perez-siquier-2-scaled.jpg.avif'><img decoding=\"async\"  width=\"300\" height=\"300\" data-src=\"https:\/\/fotogasteiz.com\/blog\/wp-content\/smush-avif\/2020\/07\/la-playa-perez-siquier-2-300x300.jpg.avif\"  class='mesmerize-gallery-1-image lazyload' alt=\"\" data-srcset=\"https:\/\/fotogasteiz.com\/blog\/wp-content\/smush-avif\/2020\/07\/la-playa-perez-siquier-2-300x300.jpg.avif 300w, https:\/\/fotogasteiz.com\/blog\/wp-content\/smush-avif\/2020\/07\/la-playa-perez-siquier-2-1024x1024.jpg.avif 1024w, https:\/\/fotogasteiz.com\/blog\/wp-content\/smush-avif\/2020\/07\/la-playa-perez-siquier-2-150x150.jpg.avif 150w, https:\/\/fotogasteiz.com\/blog\/wp-content\/smush-avif\/2020\/07\/la-playa-perez-siquier-2-768x768.jpg.avif 768w, https:\/\/fotogasteiz.com\/blog\/wp-content\/smush-avif\/2020\/07\/la-playa-perez-siquier-2-1536x1536.jpg.avif 1536w, https:\/\/fotogasteiz.com\/blog\/wp-content\/smush-avif\/2020\/07\/la-playa-perez-siquier-2-2048x2048.jpg.avif 2048w, https:\/\/fotogasteiz.com\/blog\/wp-content\/smush-avif\/2020\/07\/la-playa-perez-siquier-2-1080x1080.jpg.avif 1080w\" data-sizes=\"(max-width: 300px) 100vw, 300px\" src=\"data:image\/svg+xml;base64,PHN2ZyB3aWR0aD0iMSIgaGVpZ2h0PSIxIiB4bWxucz0iaHR0cDovL3d3dy53My5vcmcvMjAwMC9zdmciPjwvc3ZnPg==\" style=\"--smush-placeholder-width: 300px; --smush-placeholder-aspect-ratio: 300\/300;\" \/><\/a>\n\t\t\t<\/dt><\/dl><dl class='gallery-item'>\n\t\t\t<dt class='gallery-icon landscape'>\n\t\t\t\t<a data-fancybox=\"mesmerize-gallery-1-group\" href='https:\/\/fotogasteiz.com\/blog\/wp-content\/smush-avif\/2020\/07\/la-playa-perez-siquier-54-scaled.jpg.avif'><img decoding=\"async\"  width=\"300\" height=\"300\" data-src=\"https:\/\/fotogasteiz.com\/blog\/wp-content\/smush-avif\/2020\/07\/la-playa-perez-siquier-54-300x300.jpg.avif\"  class='mesmerize-gallery-1-image lazyload' alt=\"\" data-srcset=\"https:\/\/fotogasteiz.com\/blog\/wp-content\/smush-avif\/2020\/07\/la-playa-perez-siquier-54-300x300.jpg.avif 300w, https:\/\/fotogasteiz.com\/blog\/wp-content\/smush-avif\/2020\/07\/la-playa-perez-siquier-54-1024x1024.jpg.avif 1024w, https:\/\/fotogasteiz.com\/blog\/wp-content\/smush-avif\/2020\/07\/la-playa-perez-siquier-54-150x150.jpg.avif 150w, https:\/\/fotogasteiz.com\/blog\/wp-content\/smush-avif\/2020\/07\/la-playa-perez-siquier-54-768x768.jpg.avif 768w, https:\/\/fotogasteiz.com\/blog\/wp-content\/smush-avif\/2020\/07\/la-playa-perez-siquier-54-1536x1536.jpg.avif 1536w, https:\/\/fotogasteiz.com\/blog\/wp-content\/smush-avif\/2020\/07\/la-playa-perez-siquier-54-2048x2048.jpg.avif 2048w, https:\/\/fotogasteiz.com\/blog\/wp-content\/smush-avif\/2020\/07\/la-playa-perez-siquier-54-1080x1080.jpg.avif 1080w\" data-sizes=\"(max-width: 300px) 100vw, 300px\" src=\"data:image\/svg+xml;base64,PHN2ZyB3aWR0aD0iMSIgaGVpZ2h0PSIxIiB4bWxucz0iaHR0cDovL3d3dy53My5vcmcvMjAwMC9zdmciPjwvc3ZnPg==\" style=\"--smush-placeholder-width: 300px; --smush-placeholder-aspect-ratio: 300\/300;\" \/><\/a>\n\t\t\t<\/dt><\/dl><dl class='gallery-item'>\n\t\t\t<dt class='gallery-icon portrait'>\n\t\t\t\t<a data-fancybox=\"mesmerize-gallery-1-group\" href='https:\/\/fotogasteiz.com\/blog\/wp-content\/smush-avif\/2020\/07\/la-playa-perez-siquier-53-scaled.jpg.avif'><img decoding=\"async\"  width=\"295\" height=\"300\" data-src=\"https:\/\/fotogasteiz.com\/blog\/wp-content\/smush-avif\/2020\/07\/la-playa-perez-siquier-53-295x300.jpg.avif\"  class='mesmerize-gallery-1-image lazyload' alt=\"\" data-srcset=\"https:\/\/fotogasteiz.com\/blog\/wp-content\/smush-avif\/2020\/07\/la-playa-perez-siquier-53-295x300.jpg.avif 295w, https:\/\/fotogasteiz.com\/blog\/wp-content\/smush-avif\/2020\/07\/la-playa-perez-siquier-53-1006x1024.jpg.avif 1006w, https:\/\/fotogasteiz.com\/blog\/wp-content\/smush-avif\/2020\/07\/la-playa-perez-siquier-53-768x782.jpg.avif 768w, https:\/\/fotogasteiz.com\/blog\/wp-content\/smush-avif\/2020\/07\/la-playa-perez-siquier-53-1509x1536.jpg.avif 1509w, https:\/\/fotogasteiz.com\/blog\/wp-content\/smush-avif\/2020\/07\/la-playa-perez-siquier-53-2012x2048.jpg.avif 2012w, https:\/\/fotogasteiz.com\/blog\/wp-content\/smush-avif\/2020\/07\/la-playa-perez-siquier-53-1024x1042.jpg.avif 1024w, https:\/\/fotogasteiz.com\/blog\/wp-content\/smush-avif\/2020\/07\/la-playa-perez-siquier-53-1061x1080.jpg.avif 1061w\" data-sizes=\"(max-width: 295px) 100vw, 295px\" src=\"data:image\/svg+xml;base64,PHN2ZyB3aWR0aD0iMSIgaGVpZ2h0PSIxIiB4bWxucz0iaHR0cDovL3d3dy53My5vcmcvMjAwMC9zdmciPjwvc3ZnPg==\" style=\"--smush-placeholder-width: 295px; --smush-placeholder-aspect-ratio: 295\/300;\" \/><\/a>\n\t\t\t<\/dt><\/dl><dl class='gallery-item'>\n\t\t\t<dt class='gallery-icon landscape'>\n\t\t\t\t<a data-fancybox=\"mesmerize-gallery-1-group\" href='https:\/\/fotogasteiz.com\/blog\/wp-content\/smush-avif\/2020\/07\/la-playa-perez-siquier-52-scaled.jpg.avif'><img decoding=\"async\"  width=\"300\" height=\"300\" data-src=\"https:\/\/fotogasteiz.com\/blog\/wp-content\/smush-avif\/2020\/07\/la-playa-perez-siquier-52-300x300.jpg.avif\"  class='mesmerize-gallery-1-image lazyload' alt=\"\" data-srcset=\"https:\/\/fotogasteiz.com\/blog\/wp-content\/smush-avif\/2020\/07\/la-playa-perez-siquier-52-300x300.jpg.avif 300w, https:\/\/fotogasteiz.com\/blog\/wp-content\/smush-avif\/2020\/07\/la-playa-perez-siquier-52-1024x1024.jpg.avif 1024w, https:\/\/fotogasteiz.com\/blog\/wp-content\/smush-avif\/2020\/07\/la-playa-perez-siquier-52-150x150.jpg.avif 150w, https:\/\/fotogasteiz.com\/blog\/wp-content\/smush-avif\/2020\/07\/la-playa-perez-siquier-52-768x768.jpg.avif 768w, https:\/\/fotogasteiz.com\/blog\/wp-content\/smush-avif\/2020\/07\/la-playa-perez-siquier-52-1536x1536.jpg.avif 1536w, https:\/\/fotogasteiz.com\/blog\/wp-content\/smush-avif\/2020\/07\/la-playa-perez-siquier-52-2048x2048.jpg.avif 2048w, https:\/\/fotogasteiz.com\/blog\/wp-content\/smush-avif\/2020\/07\/la-playa-perez-siquier-52-1080x1080.jpg.avif 1080w\" data-sizes=\"(max-width: 300px) 100vw, 300px\" src=\"data:image\/svg+xml;base64,PHN2ZyB3aWR0aD0iMSIgaGVpZ2h0PSIxIiB4bWxucz0iaHR0cDovL3d3dy53My5vcmcvMjAwMC9zdmciPjwvc3ZnPg==\" style=\"--smush-placeholder-width: 300px; --smush-placeholder-aspect-ratio: 300\/300;\" \/><\/a>\n\t\t\t<\/dt><\/dl><dl class='gallery-item'>\n\t\t\t<dt class='gallery-icon landscape'>\n\t\t\t\t<a data-fancybox=\"mesmerize-gallery-1-group\" href='https:\/\/fotogasteiz.com\/blog\/wp-content\/smush-avif\/2020\/07\/la-playa-perez-siquier-51-scaled.jpg.avif'><img decoding=\"async\"  width=\"300\" height=\"300\" data-src=\"https:\/\/fotogasteiz.com\/blog\/wp-content\/smush-avif\/2020\/07\/la-playa-perez-siquier-51-300x300.jpg.avif\"  class='mesmerize-gallery-1-image lazyload' alt=\"\" data-srcset=\"https:\/\/fotogasteiz.com\/blog\/wp-content\/smush-avif\/2020\/07\/la-playa-perez-siquier-51-300x300.jpg.avif 300w, https:\/\/fotogasteiz.com\/blog\/wp-content\/smush-avif\/2020\/07\/la-playa-perez-siquier-51-1024x1024.jpg.avif 1024w, https:\/\/fotogasteiz.com\/blog\/wp-content\/smush-avif\/2020\/07\/la-playa-perez-siquier-51-150x150.jpg.avif 150w, https:\/\/fotogasteiz.com\/blog\/wp-content\/smush-avif\/2020\/07\/la-playa-perez-siquier-51-768x768.jpg.avif 768w, https:\/\/fotogasteiz.com\/blog\/wp-content\/smush-avif\/2020\/07\/la-playa-perez-siquier-51-1536x1536.jpg.avif 1536w, https:\/\/fotogasteiz.com\/blog\/wp-content\/smush-avif\/2020\/07\/la-playa-perez-siquier-51-2048x2048.jpg.avif 2048w, https:\/\/fotogasteiz.com\/blog\/wp-content\/smush-avif\/2020\/07\/la-playa-perez-siquier-51-1080x1080.jpg.avif 1080w\" data-sizes=\"(max-width: 300px) 100vw, 300px\" src=\"data:image\/svg+xml;base64,PHN2ZyB3aWR0aD0iMSIgaGVpZ2h0PSIxIiB4bWxucz0iaHR0cDovL3d3dy53My5vcmcvMjAwMC9zdmciPjwvc3ZnPg==\" style=\"--smush-placeholder-width: 300px; --smush-placeholder-aspect-ratio: 300\/300;\" \/><\/a>\n\t\t\t<\/dt><\/dl><dl class='gallery-item'>\n\t\t\t<dt class='gallery-icon landscape'>\n\t\t\t\t<a data-fancybox=\"mesmerize-gallery-1-group\" href='https:\/\/fotogasteiz.com\/blog\/wp-content\/smush-avif\/2020\/07\/la-playa-perez-siquier-50-scaled.jpg.avif'><img decoding=\"async\"  width=\"300\" height=\"300\" data-src=\"https:\/\/fotogasteiz.com\/blog\/wp-content\/smush-avif\/2020\/07\/la-playa-perez-siquier-50-300x300.jpg.avif\"  class='mesmerize-gallery-1-image lazyload' alt=\"\" data-srcset=\"https:\/\/fotogasteiz.com\/blog\/wp-content\/smush-avif\/2020\/07\/la-playa-perez-siquier-50-300x300.jpg.avif 300w, https:\/\/fotogasteiz.com\/blog\/wp-content\/smush-avif\/2020\/07\/la-playa-perez-siquier-50-1024x1024.jpg.avif 1024w, https:\/\/fotogasteiz.com\/blog\/wp-content\/smush-avif\/2020\/07\/la-playa-perez-siquier-50-150x150.jpg.avif 150w, https:\/\/fotogasteiz.com\/blog\/wp-content\/smush-avif\/2020\/07\/la-playa-perez-siquier-50-768x768.jpg.avif 768w, https:\/\/fotogasteiz.com\/blog\/wp-content\/smush-avif\/2020\/07\/la-playa-perez-siquier-50-1536x1536.jpg.avif 1536w, https:\/\/fotogasteiz.com\/blog\/wp-content\/smush-avif\/2020\/07\/la-playa-perez-siquier-50-2048x2048.jpg.avif 2048w, https:\/\/fotogasteiz.com\/blog\/wp-content\/smush-avif\/2020\/07\/la-playa-perez-siquier-50-1080x1080.jpg.avif 1080w\" data-sizes=\"(max-width: 300px) 100vw, 300px\" src=\"data:image\/svg+xml;base64,PHN2ZyB3aWR0aD0iMSIgaGVpZ2h0PSIxIiB4bWxucz0iaHR0cDovL3d3dy53My5vcmcvMjAwMC9zdmciPjwvc3ZnPg==\" style=\"--smush-placeholder-width: 300px; --smush-placeholder-aspect-ratio: 300\/300;\" \/><\/a>\n\t\t\t<\/dt><\/dl><dl class='gallery-item'>\n\t\t\t<dt class='gallery-icon landscape'>\n\t\t\t\t<a data-fancybox=\"mesmerize-gallery-1-group\" href='https:\/\/fotogasteiz.com\/blog\/wp-content\/smush-avif\/2020\/07\/la-playa-perez-siquier-47-scaled.jpg.avif'><img decoding=\"async\"  width=\"300\" height=\"300\" data-src=\"https:\/\/fotogasteiz.com\/blog\/wp-content\/smush-avif\/2020\/07\/la-playa-perez-siquier-47-300x300.jpg.avif\"  class='mesmerize-gallery-1-image lazyload' alt=\"\" data-srcset=\"https:\/\/fotogasteiz.com\/blog\/wp-content\/smush-avif\/2020\/07\/la-playa-perez-siquier-47-300x300.jpg.avif 300w, https:\/\/fotogasteiz.com\/blog\/wp-content\/smush-avif\/2020\/07\/la-playa-perez-siquier-47-1024x1024.jpg.avif 1024w, https:\/\/fotogasteiz.com\/blog\/wp-content\/smush-avif\/2020\/07\/la-playa-perez-siquier-47-150x150.jpg.avif 150w, https:\/\/fotogasteiz.com\/blog\/wp-content\/smush-avif\/2020\/07\/la-playa-perez-siquier-47-768x768.jpg.avif 768w, https:\/\/fotogasteiz.com\/blog\/wp-content\/smush-avif\/2020\/07\/la-playa-perez-siquier-47-1536x1536.jpg.avif 1536w, https:\/\/fotogasteiz.com\/blog\/wp-content\/smush-avif\/2020\/07\/la-playa-perez-siquier-47-2048x2048.jpg.avif 2048w, https:\/\/fotogasteiz.com\/blog\/wp-content\/smush-avif\/2020\/07\/la-playa-perez-siquier-47-1080x1080.jpg.avif 1080w\" data-sizes=\"(max-width: 300px) 100vw, 300px\" src=\"data:image\/svg+xml;base64,PHN2ZyB3aWR0aD0iMSIgaGVpZ2h0PSIxIiB4bWxucz0iaHR0cDovL3d3dy53My5vcmcvMjAwMC9zdmciPjwvc3ZnPg==\" style=\"--smush-placeholder-width: 300px; --smush-placeholder-aspect-ratio: 300\/300;\" \/><\/a>\n\t\t\t<\/dt><\/dl><dl class='gallery-item'>\n\t\t\t<dt class='gallery-icon landscape'>\n\t\t\t\t<a data-fancybox=\"mesmerize-gallery-1-group\" href='https:\/\/fotogasteiz.com\/blog\/wp-content\/smush-avif\/2020\/07\/la-playa-perez-siquier-48-scaled.jpg.avif'><img decoding=\"async\"  width=\"300\" height=\"300\" data-src=\"https:\/\/fotogasteiz.com\/blog\/wp-content\/smush-avif\/2020\/07\/la-playa-perez-siquier-48-300x300.jpg.avif\"  class='mesmerize-gallery-1-image lazyload' alt=\"\" data-srcset=\"https:\/\/fotogasteiz.com\/blog\/wp-content\/smush-avif\/2020\/07\/la-playa-perez-siquier-48-300x300.jpg.avif 300w, https:\/\/fotogasteiz.com\/blog\/wp-content\/smush-avif\/2020\/07\/la-playa-perez-siquier-48-1024x1024.jpg.avif 1024w, https:\/\/fotogasteiz.com\/blog\/wp-content\/smush-avif\/2020\/07\/la-playa-perez-siquier-48-150x150.jpg.avif 150w, https:\/\/fotogasteiz.com\/blog\/wp-content\/smush-avif\/2020\/07\/la-playa-perez-siquier-48-768x768.jpg.avif 768w, https:\/\/fotogasteiz.com\/blog\/wp-content\/smush-avif\/2020\/07\/la-playa-perez-siquier-48-1536x1536.jpg.avif 1536w, https:\/\/fotogasteiz.com\/blog\/wp-content\/smush-avif\/2020\/07\/la-playa-perez-siquier-48-2048x2048.jpg.avif 2048w, https:\/\/fotogasteiz.com\/blog\/wp-content\/smush-avif\/2020\/07\/la-playa-perez-siquier-48-1080x1080.jpg.avif 1080w\" data-sizes=\"(max-width: 300px) 100vw, 300px\" src=\"data:image\/svg+xml;base64,PHN2ZyB3aWR0aD0iMSIgaGVpZ2h0PSIxIiB4bWxucz0iaHR0cDovL3d3dy53My5vcmcvMjAwMC9zdmciPjwvc3ZnPg==\" style=\"--smush-placeholder-width: 300px; --smush-placeholder-aspect-ratio: 300\/300;\" \/><\/a>\n\t\t\t<\/dt><\/dl><dl class='gallery-item'>\n\t\t\t<dt class='gallery-icon landscape'>\n\t\t\t\t<a data-fancybox=\"mesmerize-gallery-1-group\" href='https:\/\/fotogasteiz.com\/blog\/wp-content\/smush-avif\/2020\/07\/la-playa-perez-siquier-49-scaled.jpg.avif'><img decoding=\"async\"  width=\"300\" height=\"300\" data-src=\"https:\/\/fotogasteiz.com\/blog\/wp-content\/smush-avif\/2020\/07\/la-playa-perez-siquier-49-300x300.jpg.avif\"  class='mesmerize-gallery-1-image lazyload' alt=\"\" data-srcset=\"https:\/\/fotogasteiz.com\/blog\/wp-content\/smush-avif\/2020\/07\/la-playa-perez-siquier-49-300x300.jpg.avif 300w, https:\/\/fotogasteiz.com\/blog\/wp-content\/smush-avif\/2020\/07\/la-playa-perez-siquier-49-1024x1024.jpg.avif 1024w, https:\/\/fotogasteiz.com\/blog\/wp-content\/smush-avif\/2020\/07\/la-playa-perez-siquier-49-150x150.jpg.avif 150w, https:\/\/fotogasteiz.com\/blog\/wp-content\/smush-avif\/2020\/07\/la-playa-perez-siquier-49-768x768.jpg.avif 768w, https:\/\/fotogasteiz.com\/blog\/wp-content\/smush-avif\/2020\/07\/la-playa-perez-siquier-49-1536x1536.jpg.avif 1536w, https:\/\/fotogasteiz.com\/blog\/wp-content\/smush-avif\/2020\/07\/la-playa-perez-siquier-49-2048x2048.jpg.avif 2048w, https:\/\/fotogasteiz.com\/blog\/wp-content\/smush-avif\/2020\/07\/la-playa-perez-siquier-49-1080x1080.jpg.avif 1080w\" data-sizes=\"(max-width: 300px) 100vw, 300px\" src=\"data:image\/svg+xml;base64,PHN2ZyB3aWR0aD0iMSIgaGVpZ2h0PSIxIiB4bWxucz0iaHR0cDovL3d3dy53My5vcmcvMjAwMC9zdmciPjwvc3ZnPg==\" style=\"--smush-placeholder-width: 300px; --smush-placeholder-aspect-ratio: 300\/300;\" \/><\/a>\n\t\t\t<\/dt><\/dl><dl class='gallery-item'>\n\t\t\t<dt class='gallery-icon landscape'>\n\t\t\t\t<a data-fancybox=\"mesmerize-gallery-1-group\" href='https:\/\/fotogasteiz.com\/blog\/wp-content\/smush-avif\/2020\/07\/la-playa-perez-siquier-46-scaled.jpg.avif'><img decoding=\"async\"  width=\"300\" height=\"300\" data-src=\"https:\/\/fotogasteiz.com\/blog\/wp-content\/smush-avif\/2020\/07\/la-playa-perez-siquier-46-300x300.jpg.avif\"  class='mesmerize-gallery-1-image lazyload' alt=\"\" data-srcset=\"https:\/\/fotogasteiz.com\/blog\/wp-content\/smush-avif\/2020\/07\/la-playa-perez-siquier-46-300x300.jpg.avif 300w, https:\/\/fotogasteiz.com\/blog\/wp-content\/smush-avif\/2020\/07\/la-playa-perez-siquier-46-1024x1024.jpg.avif 1024w, https:\/\/fotogasteiz.com\/blog\/wp-content\/smush-avif\/2020\/07\/la-playa-perez-siquier-46-150x150.jpg.avif 150w, https:\/\/fotogasteiz.com\/blog\/wp-content\/smush-avif\/2020\/07\/la-playa-perez-siquier-46-768x768.jpg.avif 768w, https:\/\/fotogasteiz.com\/blog\/wp-content\/smush-avif\/2020\/07\/la-playa-perez-siquier-46-1536x1536.jpg.avif 1536w, https:\/\/fotogasteiz.com\/blog\/wp-content\/smush-avif\/2020\/07\/la-playa-perez-siquier-46-2048x2048.jpg.avif 2048w, https:\/\/fotogasteiz.com\/blog\/wp-content\/smush-avif\/2020\/07\/la-playa-perez-siquier-46-1080x1080.jpg.avif 1080w\" data-sizes=\"(max-width: 300px) 100vw, 300px\" src=\"data:image\/svg+xml;base64,PHN2ZyB3aWR0aD0iMSIgaGVpZ2h0PSIxIiB4bWxucz0iaHR0cDovL3d3dy53My5vcmcvMjAwMC9zdmciPjwvc3ZnPg==\" style=\"--smush-placeholder-width: 300px; --smush-placeholder-aspect-ratio: 300\/300;\" \/><\/a>\n\t\t\t<\/dt><\/dl><dl class='gallery-item'>\n\t\t\t<dt class='gallery-icon landscape'>\n\t\t\t\t<a data-fancybox=\"mesmerize-gallery-1-group\" href='https:\/\/fotogasteiz.com\/blog\/wp-content\/smush-avif\/2020\/07\/la-playa-perez-siquier-45-scaled.jpg.avif'><img decoding=\"async\"  width=\"300\" height=\"300\" data-src=\"https:\/\/fotogasteiz.com\/blog\/wp-content\/smush-avif\/2020\/07\/la-playa-perez-siquier-45-300x300.jpg.avif\"  class='mesmerize-gallery-1-image lazyload' alt=\"\" data-srcset=\"https:\/\/fotogasteiz.com\/blog\/wp-content\/smush-avif\/2020\/07\/la-playa-perez-siquier-45-300x300.jpg.avif 300w, https:\/\/fotogasteiz.com\/blog\/wp-content\/smush-avif\/2020\/07\/la-playa-perez-siquier-45-1024x1024.jpg.avif 1024w, https:\/\/fotogasteiz.com\/blog\/wp-content\/smush-avif\/2020\/07\/la-playa-perez-siquier-45-150x150.jpg.avif 150w, https:\/\/fotogasteiz.com\/blog\/wp-content\/smush-avif\/2020\/07\/la-playa-perez-siquier-45-768x768.jpg.avif 768w, https:\/\/fotogasteiz.com\/blog\/wp-content\/smush-avif\/2020\/07\/la-playa-perez-siquier-45-1536x1536.jpg.avif 1536w, https:\/\/fotogasteiz.com\/blog\/wp-content\/smush-avif\/2020\/07\/la-playa-perez-siquier-45-2048x2048.jpg.avif 2048w, https:\/\/fotogasteiz.com\/blog\/wp-content\/smush-avif\/2020\/07\/la-playa-perez-siquier-45-1080x1080.jpg.avif 1080w\" data-sizes=\"(max-width: 300px) 100vw, 300px\" src=\"data:image\/svg+xml;base64,PHN2ZyB3aWR0aD0iMSIgaGVpZ2h0PSIxIiB4bWxucz0iaHR0cDovL3d3dy53My5vcmcvMjAwMC9zdmciPjwvc3ZnPg==\" style=\"--smush-placeholder-width: 300px; --smush-placeholder-aspect-ratio: 300\/300;\" \/><\/a>\n\t\t\t<\/dt><\/dl><dl class='gallery-item'>\n\t\t\t<dt class='gallery-icon landscape'>\n\t\t\t\t<a data-fancybox=\"mesmerize-gallery-1-group\" href='https:\/\/fotogasteiz.com\/blog\/wp-content\/smush-avif\/2020\/07\/la-playa-perez-siquier-42-scaled.jpg.avif'><img decoding=\"async\"  width=\"300\" height=\"300\" data-src=\"https:\/\/fotogasteiz.com\/blog\/wp-content\/smush-avif\/2020\/07\/la-playa-perez-siquier-42-300x300.jpg.avif\"  class='mesmerize-gallery-1-image lazyload' alt=\"\" data-srcset=\"https:\/\/fotogasteiz.com\/blog\/wp-content\/smush-avif\/2020\/07\/la-playa-perez-siquier-42-300x300.jpg.avif 300w, https:\/\/fotogasteiz.com\/blog\/wp-content\/smush-avif\/2020\/07\/la-playa-perez-siquier-42-1024x1024.jpg.avif 1024w, https:\/\/fotogasteiz.com\/blog\/wp-content\/smush-avif\/2020\/07\/la-playa-perez-siquier-42-150x150.jpg.avif 150w, https:\/\/fotogasteiz.com\/blog\/wp-content\/smush-avif\/2020\/07\/la-playa-perez-siquier-42-768x768.jpg.avif 768w, https:\/\/fotogasteiz.com\/blog\/wp-content\/smush-avif\/2020\/07\/la-playa-perez-siquier-42-1536x1536.jpg.avif 1536w, https:\/\/fotogasteiz.com\/blog\/wp-content\/smush-avif\/2020\/07\/la-playa-perez-siquier-42-2048x2048.jpg.avif 2048w, https:\/\/fotogasteiz.com\/blog\/wp-content\/smush-avif\/2020\/07\/la-playa-perez-siquier-42-1080x1080.jpg.avif 1080w\" data-sizes=\"(max-width: 300px) 100vw, 300px\" src=\"data:image\/svg+xml;base64,PHN2ZyB3aWR0aD0iMSIgaGVpZ2h0PSIxIiB4bWxucz0iaHR0cDovL3d3dy53My5vcmcvMjAwMC9zdmciPjwvc3ZnPg==\" style=\"--smush-placeholder-width: 300px; --smush-placeholder-aspect-ratio: 300\/300;\" \/><\/a>\n\t\t\t<\/dt><\/dl><dl class='gallery-item'>\n\t\t\t<dt class='gallery-icon landscape'>\n\t\t\t\t<a data-fancybox=\"mesmerize-gallery-1-group\" href='https:\/\/fotogasteiz.com\/blog\/wp-content\/smush-avif\/2020\/07\/la-playa-perez-siquier-43-scaled.jpg.avif'><img decoding=\"async\"  width=\"300\" height=\"300\" data-src=\"https:\/\/fotogasteiz.com\/blog\/wp-content\/smush-avif\/2020\/07\/la-playa-perez-siquier-43-300x300.jpg.avif\"  class='mesmerize-gallery-1-image lazyload' alt=\"\" data-srcset=\"https:\/\/fotogasteiz.com\/blog\/wp-content\/smush-avif\/2020\/07\/la-playa-perez-siquier-43-300x300.jpg.avif 300w, https:\/\/fotogasteiz.com\/blog\/wp-content\/smush-avif\/2020\/07\/la-playa-perez-siquier-43-1024x1024.jpg.avif 1024w, https:\/\/fotogasteiz.com\/blog\/wp-content\/smush-avif\/2020\/07\/la-playa-perez-siquier-43-150x150.jpg.avif 150w, https:\/\/fotogasteiz.com\/blog\/wp-content\/smush-avif\/2020\/07\/la-playa-perez-siquier-43-768x768.jpg.avif 768w, https:\/\/fotogasteiz.com\/blog\/wp-content\/smush-avif\/2020\/07\/la-playa-perez-siquier-43-1536x1536.jpg.avif 1536w, https:\/\/fotogasteiz.com\/blog\/wp-content\/smush-avif\/2020\/07\/la-playa-perez-siquier-43-2048x2048.jpg.avif 2048w, https:\/\/fotogasteiz.com\/blog\/wp-content\/smush-avif\/2020\/07\/la-playa-perez-siquier-43-1080x1080.jpg.avif 1080w\" data-sizes=\"(max-width: 300px) 100vw, 300px\" src=\"data:image\/svg+xml;base64,PHN2ZyB3aWR0aD0iMSIgaGVpZ2h0PSIxIiB4bWxucz0iaHR0cDovL3d3dy53My5vcmcvMjAwMC9zdmciPjwvc3ZnPg==\" style=\"--smush-placeholder-width: 300px; --smush-placeholder-aspect-ratio: 300\/300;\" \/><\/a>\n\t\t\t<\/dt><\/dl><dl class='gallery-item'>\n\t\t\t<dt class='gallery-icon landscape'>\n\t\t\t\t<a data-fancybox=\"mesmerize-gallery-1-group\" href='https:\/\/fotogasteiz.com\/blog\/wp-content\/smush-avif\/2020\/07\/la-playa-perez-siquier-44-scaled.jpg.avif'><img decoding=\"async\"  width=\"300\" height=\"300\" data-src=\"https:\/\/fotogasteiz.com\/blog\/wp-content\/smush-avif\/2020\/07\/la-playa-perez-siquier-44-300x300.jpg.avif\"  class='mesmerize-gallery-1-image lazyload' alt=\"\" data-srcset=\"https:\/\/fotogasteiz.com\/blog\/wp-content\/smush-avif\/2020\/07\/la-playa-perez-siquier-44-300x300.jpg.avif 300w, https:\/\/fotogasteiz.com\/blog\/wp-content\/smush-avif\/2020\/07\/la-playa-perez-siquier-44-1024x1024.jpg.avif 1024w, https:\/\/fotogasteiz.com\/blog\/wp-content\/smush-avif\/2020\/07\/la-playa-perez-siquier-44-150x150.jpg.avif 150w, https:\/\/fotogasteiz.com\/blog\/wp-content\/smush-avif\/2020\/07\/la-playa-perez-siquier-44-768x768.jpg.avif 768w, https:\/\/fotogasteiz.com\/blog\/wp-content\/smush-avif\/2020\/07\/la-playa-perez-siquier-44-1536x1536.jpg.avif 1536w, https:\/\/fotogasteiz.com\/blog\/wp-content\/smush-avif\/2020\/07\/la-playa-perez-siquier-44-2048x2048.jpg.avif 2048w, https:\/\/fotogasteiz.com\/blog\/wp-content\/smush-avif\/2020\/07\/la-playa-perez-siquier-44-1080x1080.jpg.avif 1080w\" data-sizes=\"(max-width: 300px) 100vw, 300px\" src=\"data:image\/svg+xml;base64,PHN2ZyB3aWR0aD0iMSIgaGVpZ2h0PSIxIiB4bWxucz0iaHR0cDovL3d3dy53My5vcmcvMjAwMC9zdmciPjwvc3ZnPg==\" style=\"--smush-placeholder-width: 300px; --smush-placeholder-aspect-ratio: 300\/300;\" \/><\/a>\n\t\t\t<\/dt><\/dl><dl class='gallery-item'>\n\t\t\t<dt class='gallery-icon landscape'>\n\t\t\t\t<a data-fancybox=\"mesmerize-gallery-1-group\" href='https:\/\/fotogasteiz.com\/blog\/wp-content\/smush-avif\/2020\/07\/la-playa-perez-siquier-41-scaled.jpg.avif'><img decoding=\"async\"  width=\"300\" height=\"300\" data-src=\"https:\/\/fotogasteiz.com\/blog\/wp-content\/smush-avif\/2020\/07\/la-playa-perez-siquier-41-300x300.jpg.avif\"  class='mesmerize-gallery-1-image lazyload' alt=\"\" data-srcset=\"https:\/\/fotogasteiz.com\/blog\/wp-content\/smush-avif\/2020\/07\/la-playa-perez-siquier-41-300x300.jpg.avif 300w, https:\/\/fotogasteiz.com\/blog\/wp-content\/smush-avif\/2020\/07\/la-playa-perez-siquier-41-1024x1024.jpg.avif 1024w, https:\/\/fotogasteiz.com\/blog\/wp-content\/smush-avif\/2020\/07\/la-playa-perez-siquier-41-150x150.jpg.avif 150w, https:\/\/fotogasteiz.com\/blog\/wp-content\/smush-avif\/2020\/07\/la-playa-perez-siquier-41-768x768.jpg.avif 768w, https:\/\/fotogasteiz.com\/blog\/wp-content\/smush-avif\/2020\/07\/la-playa-perez-siquier-41-1536x1536.jpg.avif 1536w, https:\/\/fotogasteiz.com\/blog\/wp-content\/smush-avif\/2020\/07\/la-playa-perez-siquier-41-2048x2048.jpg.avif 2048w, https:\/\/fotogasteiz.com\/blog\/wp-content\/smush-avif\/2020\/07\/la-playa-perez-siquier-41-1080x1080.jpg.avif 1080w\" data-sizes=\"(max-width: 300px) 100vw, 300px\" src=\"data:image\/svg+xml;base64,PHN2ZyB3aWR0aD0iMSIgaGVpZ2h0PSIxIiB4bWxucz0iaHR0cDovL3d3dy53My5vcmcvMjAwMC9zdmciPjwvc3ZnPg==\" style=\"--smush-placeholder-width: 300px; --smush-placeholder-aspect-ratio: 300\/300;\" \/><\/a>\n\t\t\t<\/dt><\/dl><dl class='gallery-item'>\n\t\t\t<dt class='gallery-icon landscape'>\n\t\t\t\t<a data-fancybox=\"mesmerize-gallery-1-group\" href='https:\/\/fotogasteiz.com\/blog\/wp-content\/smush-avif\/2020\/07\/la-playa-perez-siquier-39-scaled.jpg.avif'><img decoding=\"async\"  width=\"300\" height=\"300\" data-src=\"https:\/\/fotogasteiz.com\/blog\/wp-content\/smush-avif\/2020\/07\/la-playa-perez-siquier-39-300x300.jpg.avif\"  class='mesmerize-gallery-1-image lazyload' alt=\"\" data-srcset=\"https:\/\/fotogasteiz.com\/blog\/wp-content\/smush-avif\/2020\/07\/la-playa-perez-siquier-39-300x300.jpg.avif 300w, https:\/\/fotogasteiz.com\/blog\/wp-content\/smush-avif\/2020\/07\/la-playa-perez-siquier-39-1024x1024.jpg.avif 1024w, https:\/\/fotogasteiz.com\/blog\/wp-content\/smush-avif\/2020\/07\/la-playa-perez-siquier-39-150x150.jpg.avif 150w, https:\/\/fotogasteiz.com\/blog\/wp-content\/smush-avif\/2020\/07\/la-playa-perez-siquier-39-768x768.jpg.avif 768w, https:\/\/fotogasteiz.com\/blog\/wp-content\/smush-avif\/2020\/07\/la-playa-perez-siquier-39-1536x1536.jpg.avif 1536w, https:\/\/fotogasteiz.com\/blog\/wp-content\/smush-avif\/2020\/07\/la-playa-perez-siquier-39-2048x2048.jpg.avif 2048w, https:\/\/fotogasteiz.com\/blog\/wp-content\/smush-avif\/2020\/07\/la-playa-perez-siquier-39-1080x1080.jpg.avif 1080w\" data-sizes=\"(max-width: 300px) 100vw, 300px\" src=\"data:image\/svg+xml;base64,PHN2ZyB3aWR0aD0iMSIgaGVpZ2h0PSIxIiB4bWxucz0iaHR0cDovL3d3dy53My5vcmcvMjAwMC9zdmciPjwvc3ZnPg==\" style=\"--smush-placeholder-width: 300px; --smush-placeholder-aspect-ratio: 300\/300;\" \/><\/a>\n\t\t\t<\/dt><\/dl><dl class='gallery-item'>\n\t\t\t<dt class='gallery-icon landscape'>\n\t\t\t\t<a data-fancybox=\"mesmerize-gallery-1-group\" href='https:\/\/fotogasteiz.com\/blog\/wp-content\/smush-avif\/2020\/07\/la-playa-perez-siquier-38-scaled.jpg.avif'><img decoding=\"async\"  width=\"300\" height=\"300\" data-src=\"https:\/\/fotogasteiz.com\/blog\/wp-content\/smush-avif\/2020\/07\/la-playa-perez-siquier-38-300x300.jpg.avif\"  class='mesmerize-gallery-1-image lazyload' alt=\"\" data-srcset=\"https:\/\/fotogasteiz.com\/blog\/wp-content\/smush-avif\/2020\/07\/la-playa-perez-siquier-38-300x300.jpg.avif 300w, https:\/\/fotogasteiz.com\/blog\/wp-content\/smush-avif\/2020\/07\/la-playa-perez-siquier-38-1024x1024.jpg.avif 1024w, https:\/\/fotogasteiz.com\/blog\/wp-content\/smush-avif\/2020\/07\/la-playa-perez-siquier-38-150x150.jpg.avif 150w, https:\/\/fotogasteiz.com\/blog\/wp-content\/smush-avif\/2020\/07\/la-playa-perez-siquier-38-768x768.jpg.avif 768w, https:\/\/fotogasteiz.com\/blog\/wp-content\/smush-avif\/2020\/07\/la-playa-perez-siquier-38-1536x1536.jpg.avif 1536w, https:\/\/fotogasteiz.com\/blog\/wp-content\/smush-avif\/2020\/07\/la-playa-perez-siquier-38-2048x2048.jpg.avif 2048w, https:\/\/fotogasteiz.com\/blog\/wp-content\/smush-avif\/2020\/07\/la-playa-perez-siquier-38-1080x1080.jpg.avif 1080w\" data-sizes=\"(max-width: 300px) 100vw, 300px\" src=\"data:image\/svg+xml;base64,PHN2ZyB3aWR0aD0iMSIgaGVpZ2h0PSIxIiB4bWxucz0iaHR0cDovL3d3dy53My5vcmcvMjAwMC9zdmciPjwvc3ZnPg==\" style=\"--smush-placeholder-width: 300px; --smush-placeholder-aspect-ratio: 300\/300;\" \/><\/a>\n\t\t\t<\/dt><\/dl><dl class='gallery-item'>\n\t\t\t<dt class='gallery-icon landscape'>\n\t\t\t\t<a data-fancybox=\"mesmerize-gallery-1-group\" href='https:\/\/fotogasteiz.com\/blog\/wp-content\/smush-avif\/2020\/07\/la-playa-perez-siquier-40-scaled.jpg.avif'><img decoding=\"async\"  width=\"300\" height=\"300\" data-src=\"https:\/\/fotogasteiz.com\/blog\/wp-content\/smush-avif\/2020\/07\/la-playa-perez-siquier-40-300x300.jpg.avif\"  class='mesmerize-gallery-1-image lazyload' alt=\"\" data-srcset=\"https:\/\/fotogasteiz.com\/blog\/wp-content\/smush-avif\/2020\/07\/la-playa-perez-siquier-40-300x300.jpg.avif 300w, https:\/\/fotogasteiz.com\/blog\/wp-content\/smush-avif\/2020\/07\/la-playa-perez-siquier-40-1024x1024.jpg.avif 1024w, https:\/\/fotogasteiz.com\/blog\/wp-content\/smush-avif\/2020\/07\/la-playa-perez-siquier-40-150x150.jpg.avif 150w, https:\/\/fotogasteiz.com\/blog\/wp-content\/smush-avif\/2020\/07\/la-playa-perez-siquier-40-768x768.jpg.avif 768w, https:\/\/fotogasteiz.com\/blog\/wp-content\/smush-avif\/2020\/07\/la-playa-perez-siquier-40-1536x1536.jpg.avif 1536w, https:\/\/fotogasteiz.com\/blog\/wp-content\/smush-avif\/2020\/07\/la-playa-perez-siquier-40-2048x2048.jpg.avif 2048w, https:\/\/fotogasteiz.com\/blog\/wp-content\/smush-avif\/2020\/07\/la-playa-perez-siquier-40-1080x1080.jpg.avif 1080w\" data-sizes=\"(max-width: 300px) 100vw, 300px\" src=\"data:image\/svg+xml;base64,PHN2ZyB3aWR0aD0iMSIgaGVpZ2h0PSIxIiB4bWxucz0iaHR0cDovL3d3dy53My5vcmcvMjAwMC9zdmciPjwvc3ZnPg==\" style=\"--smush-placeholder-width: 300px; --smush-placeholder-aspect-ratio: 300\/300;\" \/><\/a>\n\t\t\t<\/dt><\/dl><dl class='gallery-item'>\n\t\t\t<dt class='gallery-icon landscape'>\n\t\t\t\t<a data-fancybox=\"mesmerize-gallery-1-group\" href='https:\/\/fotogasteiz.com\/blog\/wp-content\/smush-avif\/2020\/07\/la-playa-perez-siquier-37-scaled.jpg.avif'><img decoding=\"async\"  width=\"300\" height=\"300\" data-src=\"https:\/\/fotogasteiz.com\/blog\/wp-content\/smush-avif\/2020\/07\/la-playa-perez-siquier-37-300x300.jpg.avif\"  class='mesmerize-gallery-1-image lazyload' alt=\"\" data-srcset=\"https:\/\/fotogasteiz.com\/blog\/wp-content\/smush-avif\/2020\/07\/la-playa-perez-siquier-37-300x300.jpg.avif 300w, https:\/\/fotogasteiz.com\/blog\/wp-content\/smush-avif\/2020\/07\/la-playa-perez-siquier-37-1024x1024.jpg.avif 1024w, https:\/\/fotogasteiz.com\/blog\/wp-content\/smush-avif\/2020\/07\/la-playa-perez-siquier-37-150x150.jpg.avif 150w, https:\/\/fotogasteiz.com\/blog\/wp-content\/smush-avif\/2020\/07\/la-playa-perez-siquier-37-768x768.jpg.avif 768w, https:\/\/fotogasteiz.com\/blog\/wp-content\/smush-avif\/2020\/07\/la-playa-perez-siquier-37-1536x1536.jpg.avif 1536w, https:\/\/fotogasteiz.com\/blog\/wp-content\/smush-avif\/2020\/07\/la-playa-perez-siquier-37-2048x2048.jpg.avif 2048w, https:\/\/fotogasteiz.com\/blog\/wp-content\/smush-avif\/2020\/07\/la-playa-perez-siquier-37-1080x1080.jpg.avif 1080w\" data-sizes=\"(max-width: 300px) 100vw, 300px\" src=\"data:image\/svg+xml;base64,PHN2ZyB3aWR0aD0iMSIgaGVpZ2h0PSIxIiB4bWxucz0iaHR0cDovL3d3dy53My5vcmcvMjAwMC9zdmciPjwvc3ZnPg==\" style=\"--smush-placeholder-width: 300px; --smush-placeholder-aspect-ratio: 300\/300;\" \/><\/a>\n\t\t\t<\/dt><\/dl><dl class='gallery-item'>\n\t\t\t<dt class='gallery-icon landscape'>\n\t\t\t\t<a data-fancybox=\"mesmerize-gallery-1-group\" href='https:\/\/fotogasteiz.com\/blog\/wp-content\/smush-avif\/2020\/07\/la-playa-perez-siquier-35-scaled.jpg.avif'><img decoding=\"async\"  width=\"300\" height=\"300\" data-src=\"https:\/\/fotogasteiz.com\/blog\/wp-content\/smush-avif\/2020\/07\/la-playa-perez-siquier-35-300x300.jpg.avif\"  class='mesmerize-gallery-1-image lazyload' alt=\"\" data-srcset=\"https:\/\/fotogasteiz.com\/blog\/wp-content\/smush-avif\/2020\/07\/la-playa-perez-siquier-35-300x300.jpg.avif 300w, https:\/\/fotogasteiz.com\/blog\/wp-content\/smush-avif\/2020\/07\/la-playa-perez-siquier-35-1024x1024.jpg.avif 1024w, https:\/\/fotogasteiz.com\/blog\/wp-content\/smush-avif\/2020\/07\/la-playa-perez-siquier-35-150x150.jpg.avif 150w, https:\/\/fotogasteiz.com\/blog\/wp-content\/smush-avif\/2020\/07\/la-playa-perez-siquier-35-768x768.jpg.avif 768w, https:\/\/fotogasteiz.com\/blog\/wp-content\/smush-avif\/2020\/07\/la-playa-perez-siquier-35-1536x1536.jpg.avif 1536w, https:\/\/fotogasteiz.com\/blog\/wp-content\/smush-avif\/2020\/07\/la-playa-perez-siquier-35-2048x2048.jpg.avif 2048w, https:\/\/fotogasteiz.com\/blog\/wp-content\/smush-avif\/2020\/07\/la-playa-perez-siquier-35-1080x1080.jpg.avif 1080w\" data-sizes=\"(max-width: 300px) 100vw, 300px\" src=\"data:image\/svg+xml;base64,PHN2ZyB3aWR0aD0iMSIgaGVpZ2h0PSIxIiB4bWxucz0iaHR0cDovL3d3dy53My5vcmcvMjAwMC9zdmciPjwvc3ZnPg==\" style=\"--smush-placeholder-width: 300px; --smush-placeholder-aspect-ratio: 300\/300;\" \/><\/a>\n\t\t\t<\/dt><\/dl><dl class='gallery-item'>\n\t\t\t<dt class='gallery-icon landscape'>\n\t\t\t\t<a data-fancybox=\"mesmerize-gallery-1-group\" href='https:\/\/fotogasteiz.com\/blog\/wp-content\/smush-avif\/2020\/07\/la-playa-perez-siquier-33-scaled.jpg.avif'><img decoding=\"async\"  width=\"300\" height=\"300\" data-src=\"https:\/\/fotogasteiz.com\/blog\/wp-content\/smush-avif\/2020\/07\/la-playa-perez-siquier-33-300x300.jpg.avif\"  class='mesmerize-gallery-1-image lazyload' alt=\"\" data-srcset=\"https:\/\/fotogasteiz.com\/blog\/wp-content\/smush-avif\/2020\/07\/la-playa-perez-siquier-33-300x300.jpg.avif 300w, https:\/\/fotogasteiz.com\/blog\/wp-content\/smush-avif\/2020\/07\/la-playa-perez-siquier-33-1024x1024.jpg.avif 1024w, https:\/\/fotogasteiz.com\/blog\/wp-content\/smush-avif\/2020\/07\/la-playa-perez-siquier-33-150x150.jpg.avif 150w, https:\/\/fotogasteiz.com\/blog\/wp-content\/smush-avif\/2020\/07\/la-playa-perez-siquier-33-768x768.jpg.avif 768w, https:\/\/fotogasteiz.com\/blog\/wp-content\/smush-avif\/2020\/07\/la-playa-perez-siquier-33-1536x1536.jpg.avif 1536w, https:\/\/fotogasteiz.com\/blog\/wp-content\/smush-avif\/2020\/07\/la-playa-perez-siquier-33-2048x2048.jpg.avif 2048w, https:\/\/fotogasteiz.com\/blog\/wp-content\/smush-avif\/2020\/07\/la-playa-perez-siquier-33-1080x1080.jpg.avif 1080w\" data-sizes=\"(max-width: 300px) 100vw, 300px\" src=\"data:image\/svg+xml;base64,PHN2ZyB3aWR0aD0iMSIgaGVpZ2h0PSIxIiB4bWxucz0iaHR0cDovL3d3dy53My5vcmcvMjAwMC9zdmciPjwvc3ZnPg==\" style=\"--smush-placeholder-width: 300px; --smush-placeholder-aspect-ratio: 300\/300;\" \/><\/a>\n\t\t\t<\/dt><\/dl><dl class='gallery-item'>\n\t\t\t<dt class='gallery-icon landscape'>\n\t\t\t\t<a data-fancybox=\"mesmerize-gallery-1-group\" href='https:\/\/fotogasteiz.com\/blog\/wp-content\/smush-avif\/2020\/07\/la-playa-perez-siquier-34-scaled.jpg.avif'><img decoding=\"async\"  width=\"300\" height=\"300\" data-src=\"https:\/\/fotogasteiz.com\/blog\/wp-content\/smush-avif\/2020\/07\/la-playa-perez-siquier-34-300x300.jpg.avif\"  class='mesmerize-gallery-1-image lazyload' alt=\"\" data-srcset=\"https:\/\/fotogasteiz.com\/blog\/wp-content\/smush-avif\/2020\/07\/la-playa-perez-siquier-34-300x300.jpg.avif 300w, https:\/\/fotogasteiz.com\/blog\/wp-content\/smush-avif\/2020\/07\/la-playa-perez-siquier-34-1024x1024.jpg.avif 1024w, https:\/\/fotogasteiz.com\/blog\/wp-content\/smush-avif\/2020\/07\/la-playa-perez-siquier-34-150x150.jpg.avif 150w, https:\/\/fotogasteiz.com\/blog\/wp-content\/smush-avif\/2020\/07\/la-playa-perez-siquier-34-768x768.jpg.avif 768w, https:\/\/fotogasteiz.com\/blog\/wp-content\/smush-avif\/2020\/07\/la-playa-perez-siquier-34-1536x1536.jpg.avif 1536w, https:\/\/fotogasteiz.com\/blog\/wp-content\/smush-avif\/2020\/07\/la-playa-perez-siquier-34-2048x2048.jpg.avif 2048w, https:\/\/fotogasteiz.com\/blog\/wp-content\/smush-avif\/2020\/07\/la-playa-perez-siquier-34-1080x1080.jpg.avif 1080w\" data-sizes=\"(max-width: 300px) 100vw, 300px\" src=\"data:image\/svg+xml;base64,PHN2ZyB3aWR0aD0iMSIgaGVpZ2h0PSIxIiB4bWxucz0iaHR0cDovL3d3dy53My5vcmcvMjAwMC9zdmciPjwvc3ZnPg==\" style=\"--smush-placeholder-width: 300px; --smush-placeholder-aspect-ratio: 300\/300;\" \/><\/a>\n\t\t\t<\/dt><\/dl><dl class='gallery-item'>\n\t\t\t<dt class='gallery-icon landscape'>\n\t\t\t\t<a data-fancybox=\"mesmerize-gallery-1-group\" href='https:\/\/fotogasteiz.com\/blog\/wp-content\/smush-avif\/2020\/07\/la-playa-perez-siquier-32-scaled.jpg.avif'><img decoding=\"async\"  width=\"300\" height=\"300\" data-src=\"https:\/\/fotogasteiz.com\/blog\/wp-content\/smush-avif\/2020\/07\/la-playa-perez-siquier-32-300x300.jpg.avif\"  class='mesmerize-gallery-1-image lazyload' alt=\"\" data-srcset=\"https:\/\/fotogasteiz.com\/blog\/wp-content\/smush-avif\/2020\/07\/la-playa-perez-siquier-32-300x300.jpg.avif 300w, https:\/\/fotogasteiz.com\/blog\/wp-content\/smush-avif\/2020\/07\/la-playa-perez-siquier-32-1024x1024.jpg.avif 1024w, https:\/\/fotogasteiz.com\/blog\/wp-content\/smush-avif\/2020\/07\/la-playa-perez-siquier-32-150x150.jpg.avif 150w, https:\/\/fotogasteiz.com\/blog\/wp-content\/smush-avif\/2020\/07\/la-playa-perez-siquier-32-768x768.jpg.avif 768w, https:\/\/fotogasteiz.com\/blog\/wp-content\/smush-avif\/2020\/07\/la-playa-perez-siquier-32-1536x1536.jpg.avif 1536w, https:\/\/fotogasteiz.com\/blog\/wp-content\/smush-avif\/2020\/07\/la-playa-perez-siquier-32-2048x2048.jpg.avif 2048w, https:\/\/fotogasteiz.com\/blog\/wp-content\/smush-avif\/2020\/07\/la-playa-perez-siquier-32-1080x1080.jpg.avif 1080w\" data-sizes=\"(max-width: 300px) 100vw, 300px\" src=\"data:image\/svg+xml;base64,PHN2ZyB3aWR0aD0iMSIgaGVpZ2h0PSIxIiB4bWxucz0iaHR0cDovL3d3dy53My5vcmcvMjAwMC9zdmciPjwvc3ZnPg==\" style=\"--smush-placeholder-width: 300px; --smush-placeholder-aspect-ratio: 300\/300;\" \/><\/a>\n\t\t\t<\/dt><\/dl><dl class='gallery-item'>\n\t\t\t<dt class='gallery-icon landscape'>\n\t\t\t\t<a data-fancybox=\"mesmerize-gallery-1-group\" href='https:\/\/fotogasteiz.com\/blog\/wp-content\/smush-avif\/2020\/07\/la-playa-perez-siquier-31-scaled.jpg.avif'><img decoding=\"async\"  width=\"300\" height=\"300\" data-src=\"https:\/\/fotogasteiz.com\/blog\/wp-content\/smush-avif\/2020\/07\/la-playa-perez-siquier-31-300x300.jpg.avif\"  class='mesmerize-gallery-1-image lazyload' alt=\"\" data-srcset=\"https:\/\/fotogasteiz.com\/blog\/wp-content\/smush-avif\/2020\/07\/la-playa-perez-siquier-31-300x300.jpg.avif 300w, https:\/\/fotogasteiz.com\/blog\/wp-content\/smush-avif\/2020\/07\/la-playa-perez-siquier-31-1024x1024.jpg.avif 1024w, https:\/\/fotogasteiz.com\/blog\/wp-content\/smush-avif\/2020\/07\/la-playa-perez-siquier-31-150x150.jpg.avif 150w, https:\/\/fotogasteiz.com\/blog\/wp-content\/smush-avif\/2020\/07\/la-playa-perez-siquier-31-768x768.jpg.avif 768w, https:\/\/fotogasteiz.com\/blog\/wp-content\/smush-avif\/2020\/07\/la-playa-perez-siquier-31-1536x1536.jpg.avif 1536w, https:\/\/fotogasteiz.com\/blog\/wp-content\/smush-avif\/2020\/07\/la-playa-perez-siquier-31-2048x2048.jpg.avif 2048w, https:\/\/fotogasteiz.com\/blog\/wp-content\/smush-avif\/2020\/07\/la-playa-perez-siquier-31-1080x1080.jpg.avif 1080w\" data-sizes=\"(max-width: 300px) 100vw, 300px\" src=\"data:image\/svg+xml;base64,PHN2ZyB3aWR0aD0iMSIgaGVpZ2h0PSIxIiB4bWxucz0iaHR0cDovL3d3dy53My5vcmcvMjAwMC9zdmciPjwvc3ZnPg==\" style=\"--smush-placeholder-width: 300px; --smush-placeholder-aspect-ratio: 300\/300;\" \/><\/a>\n\t\t\t<\/dt><\/dl><dl class='gallery-item'>\n\t\t\t<dt class='gallery-icon landscape'>\n\t\t\t\t<a data-fancybox=\"mesmerize-gallery-1-group\" href='https:\/\/fotogasteiz.com\/blog\/wp-content\/smush-avif\/2020\/07\/la-playa-perez-siquier-28-scaled.jpg.avif'><img decoding=\"async\"  width=\"300\" height=\"300\" data-src=\"https:\/\/fotogasteiz.com\/blog\/wp-content\/smush-avif\/2020\/07\/la-playa-perez-siquier-28-300x300.jpg.avif\"  class='mesmerize-gallery-1-image lazyload' alt=\"\" data-srcset=\"https:\/\/fotogasteiz.com\/blog\/wp-content\/smush-avif\/2020\/07\/la-playa-perez-siquier-28-300x300.jpg.avif 300w, https:\/\/fotogasteiz.com\/blog\/wp-content\/smush-avif\/2020\/07\/la-playa-perez-siquier-28-1024x1024.jpg.avif 1024w, https:\/\/fotogasteiz.com\/blog\/wp-content\/smush-avif\/2020\/07\/la-playa-perez-siquier-28-150x150.jpg.avif 150w, https:\/\/fotogasteiz.com\/blog\/wp-content\/smush-avif\/2020\/07\/la-playa-perez-siquier-28-768x768.jpg.avif 768w, https:\/\/fotogasteiz.com\/blog\/wp-content\/smush-avif\/2020\/07\/la-playa-perez-siquier-28-1536x1536.jpg.avif 1536w, https:\/\/fotogasteiz.com\/blog\/wp-content\/smush-avif\/2020\/07\/la-playa-perez-siquier-28-2048x2048.jpg.avif 2048w, https:\/\/fotogasteiz.com\/blog\/wp-content\/smush-avif\/2020\/07\/la-playa-perez-siquier-28-1080x1080.jpg.avif 1080w\" data-sizes=\"(max-width: 300px) 100vw, 300px\" src=\"data:image\/svg+xml;base64,PHN2ZyB3aWR0aD0iMSIgaGVpZ2h0PSIxIiB4bWxucz0iaHR0cDovL3d3dy53My5vcmcvMjAwMC9zdmciPjwvc3ZnPg==\" style=\"--smush-placeholder-width: 300px; --smush-placeholder-aspect-ratio: 300\/300;\" \/><\/a>\n\t\t\t<\/dt><\/dl><dl class='gallery-item'>\n\t\t\t<dt class='gallery-icon landscape'>\n\t\t\t\t<a data-fancybox=\"mesmerize-gallery-1-group\" href='https:\/\/fotogasteiz.com\/blog\/wp-content\/smush-avif\/2020\/07\/la-playa-perez-siquier-29-scaled.jpg.avif'><img decoding=\"async\"  width=\"300\" height=\"300\" data-src=\"https:\/\/fotogasteiz.com\/blog\/wp-content\/smush-avif\/2020\/07\/la-playa-perez-siquier-29-300x300.jpg.avif\"  class='mesmerize-gallery-1-image lazyload' alt=\"\" data-srcset=\"https:\/\/fotogasteiz.com\/blog\/wp-content\/smush-avif\/2020\/07\/la-playa-perez-siquier-29-300x300.jpg.avif 300w, https:\/\/fotogasteiz.com\/blog\/wp-content\/smush-avif\/2020\/07\/la-playa-perez-siquier-29-1024x1024.jpg.avif 1024w, https:\/\/fotogasteiz.com\/blog\/wp-content\/smush-avif\/2020\/07\/la-playa-perez-siquier-29-150x150.jpg.avif 150w, https:\/\/fotogasteiz.com\/blog\/wp-content\/smush-avif\/2020\/07\/la-playa-perez-siquier-29-768x768.jpg.avif 768w, https:\/\/fotogasteiz.com\/blog\/wp-content\/smush-avif\/2020\/07\/la-playa-perez-siquier-29-1536x1536.jpg.avif 1536w, https:\/\/fotogasteiz.com\/blog\/wp-content\/smush-avif\/2020\/07\/la-playa-perez-siquier-29-2048x2048.jpg.avif 2048w, https:\/\/fotogasteiz.com\/blog\/wp-content\/smush-avif\/2020\/07\/la-playa-perez-siquier-29-1080x1080.jpg.avif 1080w\" data-sizes=\"(max-width: 300px) 100vw, 300px\" src=\"data:image\/svg+xml;base64,PHN2ZyB3aWR0aD0iMSIgaGVpZ2h0PSIxIiB4bWxucz0iaHR0cDovL3d3dy53My5vcmcvMjAwMC9zdmciPjwvc3ZnPg==\" style=\"--smush-placeholder-width: 300px; --smush-placeholder-aspect-ratio: 300\/300;\" \/><\/a>\n\t\t\t<\/dt><\/dl><dl class='gallery-item'>\n\t\t\t<dt class='gallery-icon landscape'>\n\t\t\t\t<a data-fancybox=\"mesmerize-gallery-1-group\" href='https:\/\/fotogasteiz.com\/blog\/wp-content\/smush-avif\/2020\/07\/la-playa-perez-siquier-27-scaled.jpg.avif'><img decoding=\"async\"  width=\"300\" height=\"300\" data-src=\"https:\/\/fotogasteiz.com\/blog\/wp-content\/smush-avif\/2020\/07\/la-playa-perez-siquier-27-300x300.jpg.avif\"  class='mesmerize-gallery-1-image lazyload' alt=\"\" data-srcset=\"https:\/\/fotogasteiz.com\/blog\/wp-content\/smush-avif\/2020\/07\/la-playa-perez-siquier-27-300x300.jpg.avif 300w, https:\/\/fotogasteiz.com\/blog\/wp-content\/smush-avif\/2020\/07\/la-playa-perez-siquier-27-1024x1024.jpg.avif 1024w, https:\/\/fotogasteiz.com\/blog\/wp-content\/smush-avif\/2020\/07\/la-playa-perez-siquier-27-150x150.jpg.avif 150w, https:\/\/fotogasteiz.com\/blog\/wp-content\/smush-avif\/2020\/07\/la-playa-perez-siquier-27-768x768.jpg.avif 768w, https:\/\/fotogasteiz.com\/blog\/wp-content\/smush-avif\/2020\/07\/la-playa-perez-siquier-27-1536x1536.jpg.avif 1536w, https:\/\/fotogasteiz.com\/blog\/wp-content\/smush-avif\/2020\/07\/la-playa-perez-siquier-27-2048x2048.jpg.avif 2048w, https:\/\/fotogasteiz.com\/blog\/wp-content\/smush-avif\/2020\/07\/la-playa-perez-siquier-27-1080x1080.jpg.avif 1080w\" data-sizes=\"(max-width: 300px) 100vw, 300px\" src=\"data:image\/svg+xml;base64,PHN2ZyB3aWR0aD0iMSIgaGVpZ2h0PSIxIiB4bWxucz0iaHR0cDovL3d3dy53My5vcmcvMjAwMC9zdmciPjwvc3ZnPg==\" style=\"--smush-placeholder-width: 300px; --smush-placeholder-aspect-ratio: 300\/300;\" \/><\/a>\n\t\t\t<\/dt><\/dl><dl class='gallery-item'>\n\t\t\t<dt class='gallery-icon landscape'>\n\t\t\t\t<a data-fancybox=\"mesmerize-gallery-1-group\" href='https:\/\/fotogasteiz.com\/blog\/wp-content\/smush-avif\/2020\/07\/la-playa-perez-siquier-23-scaled.jpg.avif'><img decoding=\"async\"  width=\"300\" height=\"300\" data-src=\"https:\/\/fotogasteiz.com\/blog\/wp-content\/smush-avif\/2020\/07\/la-playa-perez-siquier-23-300x300.jpg.avif\"  class='mesmerize-gallery-1-image lazyload' alt=\"\" data-srcset=\"https:\/\/fotogasteiz.com\/blog\/wp-content\/smush-avif\/2020\/07\/la-playa-perez-siquier-23-300x300.jpg.avif 300w, https:\/\/fotogasteiz.com\/blog\/wp-content\/smush-avif\/2020\/07\/la-playa-perez-siquier-23-1024x1024.jpg.avif 1024w, https:\/\/fotogasteiz.com\/blog\/wp-content\/smush-avif\/2020\/07\/la-playa-perez-siquier-23-150x150.jpg.avif 150w, https:\/\/fotogasteiz.com\/blog\/wp-content\/smush-avif\/2020\/07\/la-playa-perez-siquier-23-768x768.jpg.avif 768w, https:\/\/fotogasteiz.com\/blog\/wp-content\/smush-avif\/2020\/07\/la-playa-perez-siquier-23-1536x1536.jpg.avif 1536w, https:\/\/fotogasteiz.com\/blog\/wp-content\/smush-avif\/2020\/07\/la-playa-perez-siquier-23-2048x2048.jpg.avif 2048w, https:\/\/fotogasteiz.com\/blog\/wp-content\/smush-avif\/2020\/07\/la-playa-perez-siquier-23-1080x1080.jpg.avif 1080w\" data-sizes=\"(max-width: 300px) 100vw, 300px\" src=\"data:image\/svg+xml;base64,PHN2ZyB3aWR0aD0iMSIgaGVpZ2h0PSIxIiB4bWxucz0iaHR0cDovL3d3dy53My5vcmcvMjAwMC9zdmciPjwvc3ZnPg==\" style=\"--smush-placeholder-width: 300px; --smush-placeholder-aspect-ratio: 300\/300;\" \/><\/a>\n\t\t\t<\/dt><\/dl><dl class='gallery-item'>\n\t\t\t<dt class='gallery-icon landscape'>\n\t\t\t\t<a data-fancybox=\"mesmerize-gallery-1-group\" href='https:\/\/fotogasteiz.com\/blog\/wp-content\/smush-avif\/2020\/07\/la-playa-perez-siquier-25-scaled.jpg.avif'><img decoding=\"async\"  width=\"300\" height=\"300\" data-src=\"https:\/\/fotogasteiz.com\/blog\/wp-content\/smush-avif\/2020\/07\/la-playa-perez-siquier-25-300x300.jpg.avif\"  class='mesmerize-gallery-1-image lazyload' alt=\"\" data-srcset=\"https:\/\/fotogasteiz.com\/blog\/wp-content\/smush-avif\/2020\/07\/la-playa-perez-siquier-25-300x300.jpg.avif 300w, https:\/\/fotogasteiz.com\/blog\/wp-content\/smush-avif\/2020\/07\/la-playa-perez-siquier-25-1024x1024.jpg.avif 1024w, https:\/\/fotogasteiz.com\/blog\/wp-content\/smush-avif\/2020\/07\/la-playa-perez-siquier-25-150x150.jpg.avif 150w, https:\/\/fotogasteiz.com\/blog\/wp-content\/smush-avif\/2020\/07\/la-playa-perez-siquier-25-768x768.jpg.avif 768w, https:\/\/fotogasteiz.com\/blog\/wp-content\/smush-avif\/2020\/07\/la-playa-perez-siquier-25-1536x1536.jpg.avif 1536w, https:\/\/fotogasteiz.com\/blog\/wp-content\/smush-avif\/2020\/07\/la-playa-perez-siquier-25-2048x2048.jpg.avif 2048w, https:\/\/fotogasteiz.com\/blog\/wp-content\/smush-avif\/2020\/07\/la-playa-perez-siquier-25-1080x1080.jpg.avif 1080w\" data-sizes=\"(max-width: 300px) 100vw, 300px\" src=\"data:image\/svg+xml;base64,PHN2ZyB3aWR0aD0iMSIgaGVpZ2h0PSIxIiB4bWxucz0iaHR0cDovL3d3dy53My5vcmcvMjAwMC9zdmciPjwvc3ZnPg==\" style=\"--smush-placeholder-width: 300px; --smush-placeholder-aspect-ratio: 300\/300;\" \/><\/a>\n\t\t\t<\/dt><\/dl><dl class='gallery-item'>\n\t\t\t<dt class='gallery-icon landscape'>\n\t\t\t\t<a data-fancybox=\"mesmerize-gallery-1-group\" href='https:\/\/fotogasteiz.com\/blog\/wp-content\/smush-avif\/2020\/07\/la-playa-perez-siquier-22-scaled.jpg.avif'><img decoding=\"async\"  width=\"300\" height=\"300\" data-src=\"https:\/\/fotogasteiz.com\/blog\/wp-content\/smush-avif\/2020\/07\/la-playa-perez-siquier-22-300x300.jpg.avif\"  class='mesmerize-gallery-1-image lazyload' alt=\"\" data-srcset=\"https:\/\/fotogasteiz.com\/blog\/wp-content\/smush-avif\/2020\/07\/la-playa-perez-siquier-22-300x300.jpg.avif 300w, https:\/\/fotogasteiz.com\/blog\/wp-content\/smush-avif\/2020\/07\/la-playa-perez-siquier-22-1024x1024.jpg.avif 1024w, https:\/\/fotogasteiz.com\/blog\/wp-content\/smush-avif\/2020\/07\/la-playa-perez-siquier-22-150x150.jpg.avif 150w, https:\/\/fotogasteiz.com\/blog\/wp-content\/smush-avif\/2020\/07\/la-playa-perez-siquier-22-768x768.jpg.avif 768w, https:\/\/fotogasteiz.com\/blog\/wp-content\/smush-avif\/2020\/07\/la-playa-perez-siquier-22-1536x1536.jpg.avif 1536w, https:\/\/fotogasteiz.com\/blog\/wp-content\/smush-avif\/2020\/07\/la-playa-perez-siquier-22-2048x2048.jpg.avif 2048w, https:\/\/fotogasteiz.com\/blog\/wp-content\/smush-avif\/2020\/07\/la-playa-perez-siquier-22-1080x1080.jpg.avif 1080w\" data-sizes=\"(max-width: 300px) 100vw, 300px\" src=\"data:image\/svg+xml;base64,PHN2ZyB3aWR0aD0iMSIgaGVpZ2h0PSIxIiB4bWxucz0iaHR0cDovL3d3dy53My5vcmcvMjAwMC9zdmciPjwvc3ZnPg==\" style=\"--smush-placeholder-width: 300px; --smush-placeholder-aspect-ratio: 300\/300;\" \/><\/a>\n\t\t\t<\/dt><\/dl><dl class='gallery-item'>\n\t\t\t<dt class='gallery-icon landscape'>\n\t\t\t\t<a data-fancybox=\"mesmerize-gallery-1-group\" href='https:\/\/fotogasteiz.com\/blog\/wp-content\/smush-avif\/2020\/07\/la-playa-perez-siquier-19-scaled.jpg.avif'><img decoding=\"async\"  width=\"300\" height=\"300\" data-src=\"https:\/\/fotogasteiz.com\/blog\/wp-content\/smush-avif\/2020\/07\/la-playa-perez-siquier-19-300x300.jpg.avif\"  class='mesmerize-gallery-1-image lazyload' alt=\"\" data-srcset=\"https:\/\/fotogasteiz.com\/blog\/wp-content\/smush-avif\/2020\/07\/la-playa-perez-siquier-19-300x300.jpg.avif 300w, https:\/\/fotogasteiz.com\/blog\/wp-content\/smush-avif\/2020\/07\/la-playa-perez-siquier-19-1024x1024.jpg.avif 1024w, https:\/\/fotogasteiz.com\/blog\/wp-content\/smush-avif\/2020\/07\/la-playa-perez-siquier-19-150x150.jpg.avif 150w, https:\/\/fotogasteiz.com\/blog\/wp-content\/smush-avif\/2020\/07\/la-playa-perez-siquier-19-768x768.jpg.avif 768w, https:\/\/fotogasteiz.com\/blog\/wp-content\/smush-avif\/2020\/07\/la-playa-perez-siquier-19-1536x1536.jpg.avif 1536w, https:\/\/fotogasteiz.com\/blog\/wp-content\/smush-avif\/2020\/07\/la-playa-perez-siquier-19-2048x2048.jpg.avif 2048w, https:\/\/fotogasteiz.com\/blog\/wp-content\/smush-avif\/2020\/07\/la-playa-perez-siquier-19-1080x1080.jpg.avif 1080w\" data-sizes=\"(max-width: 300px) 100vw, 300px\" src=\"data:image\/svg+xml;base64,PHN2ZyB3aWR0aD0iMSIgaGVpZ2h0PSIxIiB4bWxucz0iaHR0cDovL3d3dy53My5vcmcvMjAwMC9zdmciPjwvc3ZnPg==\" style=\"--smush-placeholder-width: 300px; --smush-placeholder-aspect-ratio: 300\/300;\" \/><\/a>\n\t\t\t<\/dt><\/dl><dl class='gallery-item'>\n\t\t\t<dt class='gallery-icon landscape'>\n\t\t\t\t<a data-fancybox=\"mesmerize-gallery-1-group\" href='https:\/\/fotogasteiz.com\/blog\/wp-content\/smush-avif\/2020\/07\/la-playa-perez-siquier-14-scaled.jpg.avif'><img decoding=\"async\"  width=\"300\" height=\"300\" data-src=\"https:\/\/fotogasteiz.com\/blog\/wp-content\/smush-avif\/2020\/07\/la-playa-perez-siquier-14-300x300.jpg.avif\"  class='mesmerize-gallery-1-image lazyload' alt=\"\" data-srcset=\"https:\/\/fotogasteiz.com\/blog\/wp-content\/smush-avif\/2020\/07\/la-playa-perez-siquier-14-300x300.jpg.avif 300w, https:\/\/fotogasteiz.com\/blog\/wp-content\/smush-avif\/2020\/07\/la-playa-perez-siquier-14-1024x1024.jpg.avif 1024w, https:\/\/fotogasteiz.com\/blog\/wp-content\/smush-avif\/2020\/07\/la-playa-perez-siquier-14-150x150.jpg.avif 150w, https:\/\/fotogasteiz.com\/blog\/wp-content\/smush-avif\/2020\/07\/la-playa-perez-siquier-14-768x768.jpg.avif 768w, https:\/\/fotogasteiz.com\/blog\/wp-content\/smush-avif\/2020\/07\/la-playa-perez-siquier-14-1536x1536.jpg.avif 1536w, https:\/\/fotogasteiz.com\/blog\/wp-content\/smush-avif\/2020\/07\/la-playa-perez-siquier-14-2048x2048.jpg.avif 2048w, https:\/\/fotogasteiz.com\/blog\/wp-content\/smush-avif\/2020\/07\/la-playa-perez-siquier-14-1080x1080.jpg.avif 1080w\" data-sizes=\"(max-width: 300px) 100vw, 300px\" src=\"data:image\/svg+xml;base64,PHN2ZyB3aWR0aD0iMSIgaGVpZ2h0PSIxIiB4bWxucz0iaHR0cDovL3d3dy53My5vcmcvMjAwMC9zdmciPjwvc3ZnPg==\" style=\"--smush-placeholder-width: 300px; --smush-placeholder-aspect-ratio: 300\/300;\" \/><\/a>\n\t\t\t<\/dt><\/dl><dl class='gallery-item'>\n\t\t\t<dt class='gallery-icon landscape'>\n\t\t\t\t<a data-fancybox=\"mesmerize-gallery-1-group\" href='https:\/\/fotogasteiz.com\/blog\/wp-content\/smush-avif\/2020\/07\/la-playa-perez-siquier-11-scaled.jpg.avif'><img decoding=\"async\"  width=\"300\" height=\"300\" data-src=\"https:\/\/fotogasteiz.com\/blog\/wp-content\/smush-avif\/2020\/07\/la-playa-perez-siquier-11-300x300.jpg.avif\"  class='mesmerize-gallery-1-image lazyload' alt=\"\" data-srcset=\"https:\/\/fotogasteiz.com\/blog\/wp-content\/smush-avif\/2020\/07\/la-playa-perez-siquier-11-300x300.jpg.avif 300w, https:\/\/fotogasteiz.com\/blog\/wp-content\/smush-avif\/2020\/07\/la-playa-perez-siquier-11-1024x1024.jpg.avif 1024w, https:\/\/fotogasteiz.com\/blog\/wp-content\/smush-avif\/2020\/07\/la-playa-perez-siquier-11-150x150.jpg.avif 150w, https:\/\/fotogasteiz.com\/blog\/wp-content\/smush-avif\/2020\/07\/la-playa-perez-siquier-11-768x768.jpg.avif 768w, https:\/\/fotogasteiz.com\/blog\/wp-content\/smush-avif\/2020\/07\/la-playa-perez-siquier-11-1536x1536.jpg.avif 1536w, https:\/\/fotogasteiz.com\/blog\/wp-content\/smush-avif\/2020\/07\/la-playa-perez-siquier-11-2048x2048.jpg.avif 2048w, https:\/\/fotogasteiz.com\/blog\/wp-content\/smush-avif\/2020\/07\/la-playa-perez-siquier-11-1080x1080.jpg.avif 1080w\" data-sizes=\"(max-width: 300px) 100vw, 300px\" src=\"data:image\/svg+xml;base64,PHN2ZyB3aWR0aD0iMSIgaGVpZ2h0PSIxIiB4bWxucz0iaHR0cDovL3d3dy53My5vcmcvMjAwMC9zdmciPjwvc3ZnPg==\" style=\"--smush-placeholder-width: 300px; --smush-placeholder-aspect-ratio: 300\/300;\" \/><\/a>\n\t\t\t<\/dt><\/dl><dl class='gallery-item'>\n\t\t\t<dt class='gallery-icon landscape'>\n\t\t\t\t<a data-fancybox=\"mesmerize-gallery-1-group\" href='https:\/\/fotogasteiz.com\/blog\/wp-content\/smush-avif\/2020\/07\/la-playa-perez-siquier-13-scaled.jpg.avif'><img decoding=\"async\"  width=\"300\" height=\"300\" data-src=\"https:\/\/fotogasteiz.com\/blog\/wp-content\/smush-avif\/2020\/07\/la-playa-perez-siquier-13-300x300.jpg.avif\"  class='mesmerize-gallery-1-image lazyload' alt=\"\" data-srcset=\"https:\/\/fotogasteiz.com\/blog\/wp-content\/smush-avif\/2020\/07\/la-playa-perez-siquier-13-300x300.jpg.avif 300w, https:\/\/fotogasteiz.com\/blog\/wp-content\/smush-avif\/2020\/07\/la-playa-perez-siquier-13-1024x1024.jpg.avif 1024w, https:\/\/fotogasteiz.com\/blog\/wp-content\/smush-avif\/2020\/07\/la-playa-perez-siquier-13-150x150.jpg.avif 150w, https:\/\/fotogasteiz.com\/blog\/wp-content\/smush-avif\/2020\/07\/la-playa-perez-siquier-13-768x768.jpg.avif 768w, https:\/\/fotogasteiz.com\/blog\/wp-content\/smush-avif\/2020\/07\/la-playa-perez-siquier-13-1536x1536.jpg.avif 1536w, https:\/\/fotogasteiz.com\/blog\/wp-content\/smush-avif\/2020\/07\/la-playa-perez-siquier-13-2048x2048.jpg.avif 2048w, https:\/\/fotogasteiz.com\/blog\/wp-content\/smush-avif\/2020\/07\/la-playa-perez-siquier-13-1080x1080.jpg.avif 1080w\" data-sizes=\"(max-width: 300px) 100vw, 300px\" src=\"data:image\/svg+xml;base64,PHN2ZyB3aWR0aD0iMSIgaGVpZ2h0PSIxIiB4bWxucz0iaHR0cDovL3d3dy53My5vcmcvMjAwMC9zdmciPjwvc3ZnPg==\" style=\"--smush-placeholder-width: 300px; --smush-placeholder-aspect-ratio: 300\/300;\" \/><\/a>\n\t\t\t<\/dt><\/dl><dl class='gallery-item'>\n\t\t\t<dt class='gallery-icon landscape'>\n\t\t\t\t<a data-fancybox=\"mesmerize-gallery-1-group\" href='https:\/\/fotogasteiz.com\/blog\/wp-content\/smush-avif\/2020\/07\/la-playa-perez-siquier-12-scaled.jpg.avif'><img decoding=\"async\"  width=\"300\" height=\"300\" data-src=\"https:\/\/fotogasteiz.com\/blog\/wp-content\/smush-avif\/2020\/07\/la-playa-perez-siquier-12-300x300.jpg.avif\"  class='mesmerize-gallery-1-image lazyload' alt=\"\" data-srcset=\"https:\/\/fotogasteiz.com\/blog\/wp-content\/smush-avif\/2020\/07\/la-playa-perez-siquier-12-300x300.jpg.avif 300w, https:\/\/fotogasteiz.com\/blog\/wp-content\/smush-avif\/2020\/07\/la-playa-perez-siquier-12-1024x1024.jpg.avif 1024w, https:\/\/fotogasteiz.com\/blog\/wp-content\/smush-avif\/2020\/07\/la-playa-perez-siquier-12-150x150.jpg.avif 150w, https:\/\/fotogasteiz.com\/blog\/wp-content\/smush-avif\/2020\/07\/la-playa-perez-siquier-12-768x768.jpg.avif 768w, https:\/\/fotogasteiz.com\/blog\/wp-content\/smush-avif\/2020\/07\/la-playa-perez-siquier-12-1536x1536.jpg.avif 1536w, https:\/\/fotogasteiz.com\/blog\/wp-content\/smush-avif\/2020\/07\/la-playa-perez-siquier-12-2048x2048.jpg.avif 2048w, https:\/\/fotogasteiz.com\/blog\/wp-content\/smush-avif\/2020\/07\/la-playa-perez-siquier-12-1080x1080.jpg.avif 1080w\" data-sizes=\"(max-width: 300px) 100vw, 300px\" src=\"data:image\/svg+xml;base64,PHN2ZyB3aWR0aD0iMSIgaGVpZ2h0PSIxIiB4bWxucz0iaHR0cDovL3d3dy53My5vcmcvMjAwMC9zdmciPjwvc3ZnPg==\" style=\"--smush-placeholder-width: 300px; --smush-placeholder-aspect-ratio: 300\/300;\" \/><\/a>\n\t\t\t<\/dt><\/dl><dl class='gallery-item'>\n\t\t\t<dt class='gallery-icon landscape'>\n\t\t\t\t<a data-fancybox=\"mesmerize-gallery-1-group\" href='https:\/\/fotogasteiz.com\/blog\/wp-content\/smush-avif\/2020\/07\/la-playa-perez-siquier-10-scaled.jpg.avif'><img decoding=\"async\"  width=\"300\" height=\"300\" data-src=\"https:\/\/fotogasteiz.com\/blog\/wp-content\/smush-avif\/2020\/07\/la-playa-perez-siquier-10-300x300.jpg.avif\"  class='mesmerize-gallery-1-image lazyload' alt=\"\" data-srcset=\"https:\/\/fotogasteiz.com\/blog\/wp-content\/smush-avif\/2020\/07\/la-playa-perez-siquier-10-300x300.jpg.avif 300w, https:\/\/fotogasteiz.com\/blog\/wp-content\/smush-avif\/2020\/07\/la-playa-perez-siquier-10-1024x1024.jpg.avif 1024w, https:\/\/fotogasteiz.com\/blog\/wp-content\/smush-avif\/2020\/07\/la-playa-perez-siquier-10-150x150.jpg.avif 150w, https:\/\/fotogasteiz.com\/blog\/wp-content\/smush-avif\/2020\/07\/la-playa-perez-siquier-10-768x768.jpg.avif 768w, https:\/\/fotogasteiz.com\/blog\/wp-content\/smush-avif\/2020\/07\/la-playa-perez-siquier-10-1536x1536.jpg.avif 1536w, https:\/\/fotogasteiz.com\/blog\/wp-content\/smush-avif\/2020\/07\/la-playa-perez-siquier-10-2048x2048.jpg.avif 2048w, https:\/\/fotogasteiz.com\/blog\/wp-content\/smush-avif\/2020\/07\/la-playa-perez-siquier-10-1080x1080.jpg.avif 1080w\" data-sizes=\"(max-width: 300px) 100vw, 300px\" src=\"data:image\/svg+xml;base64,PHN2ZyB3aWR0aD0iMSIgaGVpZ2h0PSIxIiB4bWxucz0iaHR0cDovL3d3dy53My5vcmcvMjAwMC9zdmciPjwvc3ZnPg==\" style=\"--smush-placeholder-width: 300px; --smush-placeholder-aspect-ratio: 300\/300;\" \/><\/a>\n\t\t\t<\/dt><\/dl><dl class='gallery-item'>\n\t\t\t<dt class='gallery-icon landscape'>\n\t\t\t\t<a data-fancybox=\"mesmerize-gallery-1-group\" href='https:\/\/fotogasteiz.com\/blog\/wp-content\/smush-avif\/2020\/07\/la-playa-perez-siquier-9-scaled.jpg.avif'><img decoding=\"async\"  width=\"300\" height=\"300\" data-src=\"https:\/\/fotogasteiz.com\/blog\/wp-content\/smush-avif\/2020\/07\/la-playa-perez-siquier-9-300x300.jpg.avif\"  class='mesmerize-gallery-1-image lazyload' alt=\"\" data-srcset=\"https:\/\/fotogasteiz.com\/blog\/wp-content\/smush-avif\/2020\/07\/la-playa-perez-siquier-9-300x300.jpg.avif 300w, https:\/\/fotogasteiz.com\/blog\/wp-content\/smush-avif\/2020\/07\/la-playa-perez-siquier-9-1024x1024.jpg.avif 1024w, https:\/\/fotogasteiz.com\/blog\/wp-content\/smush-avif\/2020\/07\/la-playa-perez-siquier-9-150x150.jpg.avif 150w, https:\/\/fotogasteiz.com\/blog\/wp-content\/smush-avif\/2020\/07\/la-playa-perez-siquier-9-768x768.jpg.avif 768w, https:\/\/fotogasteiz.com\/blog\/wp-content\/smush-avif\/2020\/07\/la-playa-perez-siquier-9-1536x1536.jpg.avif 1536w, https:\/\/fotogasteiz.com\/blog\/wp-content\/smush-avif\/2020\/07\/la-playa-perez-siquier-9-2048x2048.jpg.avif 2048w, https:\/\/fotogasteiz.com\/blog\/wp-content\/smush-avif\/2020\/07\/la-playa-perez-siquier-9-1080x1080.jpg.avif 1080w\" data-sizes=\"(max-width: 300px) 100vw, 300px\" src=\"data:image\/svg+xml;base64,PHN2ZyB3aWR0aD0iMSIgaGVpZ2h0PSIxIiB4bWxucz0iaHR0cDovL3d3dy53My5vcmcvMjAwMC9zdmciPjwvc3ZnPg==\" style=\"--smush-placeholder-width: 300px; --smush-placeholder-aspect-ratio: 300\/300;\" \/><\/a>\n\t\t\t<\/dt><\/dl><dl class='gallery-item'>\n\t\t\t<dt class='gallery-icon landscape'>\n\t\t\t\t<a data-fancybox=\"mesmerize-gallery-1-group\" href='https:\/\/fotogasteiz.com\/blog\/wp-content\/smush-avif\/2020\/07\/la-playa-perez-siquier-4-scaled.jpg.avif'><img decoding=\"async\"  width=\"300\" height=\"300\" data-src=\"https:\/\/fotogasteiz.com\/blog\/wp-content\/smush-avif\/2020\/07\/la-playa-perez-siquier-4-300x300.jpg.avif\"  class='mesmerize-gallery-1-image lazyload' alt=\"\" data-srcset=\"https:\/\/fotogasteiz.com\/blog\/wp-content\/smush-avif\/2020\/07\/la-playa-perez-siquier-4-300x300.jpg.avif 300w, https:\/\/fotogasteiz.com\/blog\/wp-content\/smush-avif\/2020\/07\/la-playa-perez-siquier-4-1024x1024.jpg.avif 1024w, https:\/\/fotogasteiz.com\/blog\/wp-content\/smush-avif\/2020\/07\/la-playa-perez-siquier-4-150x150.jpg.avif 150w, https:\/\/fotogasteiz.com\/blog\/wp-content\/smush-avif\/2020\/07\/la-playa-perez-siquier-4-768x768.jpg.avif 768w, https:\/\/fotogasteiz.com\/blog\/wp-content\/smush-avif\/2020\/07\/la-playa-perez-siquier-4-1536x1536.jpg.avif 1536w, https:\/\/fotogasteiz.com\/blog\/wp-content\/smush-avif\/2020\/07\/la-playa-perez-siquier-4-2048x2048.jpg.avif 2048w, https:\/\/fotogasteiz.com\/blog\/wp-content\/smush-avif\/2020\/07\/la-playa-perez-siquier-4-1080x1080.jpg.avif 1080w\" data-sizes=\"(max-width: 300px) 100vw, 300px\" src=\"data:image\/svg+xml;base64,PHN2ZyB3aWR0aD0iMSIgaGVpZ2h0PSIxIiB4bWxucz0iaHR0cDovL3d3dy53My5vcmcvMjAwMC9zdmciPjwvc3ZnPg==\" style=\"--smush-placeholder-width: 300px; --smush-placeholder-aspect-ratio: 300\/300;\" \/><\/a>\n\t\t\t<\/dt><\/dl><dl class='gallery-item'>\n\t\t\t<dt class='gallery-icon landscape'>\n\t\t\t\t<a data-fancybox=\"mesmerize-gallery-1-group\" href='https:\/\/fotogasteiz.com\/blog\/wp-content\/smush-avif\/2020\/07\/la-playa-perez-siquier-5-scaled.jpg.avif'><img decoding=\"async\"  width=\"300\" height=\"300\" data-src=\"https:\/\/fotogasteiz.com\/blog\/wp-content\/smush-avif\/2020\/07\/la-playa-perez-siquier-5-300x300.jpg.avif\"  class='mesmerize-gallery-1-image lazyload' alt=\"\" data-srcset=\"https:\/\/fotogasteiz.com\/blog\/wp-content\/smush-avif\/2020\/07\/la-playa-perez-siquier-5-300x300.jpg.avif 300w, https:\/\/fotogasteiz.com\/blog\/wp-content\/smush-avif\/2020\/07\/la-playa-perez-siquier-5-1024x1024.jpg.avif 1024w, https:\/\/fotogasteiz.com\/blog\/wp-content\/smush-avif\/2020\/07\/la-playa-perez-siquier-5-150x150.jpg.avif 150w, https:\/\/fotogasteiz.com\/blog\/wp-content\/smush-avif\/2020\/07\/la-playa-perez-siquier-5-768x768.jpg.avif 768w, https:\/\/fotogasteiz.com\/blog\/wp-content\/smush-avif\/2020\/07\/la-playa-perez-siquier-5-1536x1536.jpg.avif 1536w, https:\/\/fotogasteiz.com\/blog\/wp-content\/smush-avif\/2020\/07\/la-playa-perez-siquier-5-2048x2048.jpg.avif 2048w, https:\/\/fotogasteiz.com\/blog\/wp-content\/smush-avif\/2020\/07\/la-playa-perez-siquier-5-1080x1080.jpg.avif 1080w\" data-sizes=\"(max-width: 300px) 100vw, 300px\" src=\"data:image\/svg+xml;base64,PHN2ZyB3aWR0aD0iMSIgaGVpZ2h0PSIxIiB4bWxucz0iaHR0cDovL3d3dy53My5vcmcvMjAwMC9zdmciPjwvc3ZnPg==\" style=\"--smush-placeholder-width: 300px; --smush-placeholder-aspect-ratio: 300\/300;\" \/><\/a>\n\t\t\t<\/dt><\/dl><dl class='gallery-item'>\n\t\t\t<dt class='gallery-icon landscape'>\n\t\t\t\t<a data-fancybox=\"mesmerize-gallery-1-group\" href='https:\/\/fotogasteiz.com\/blog\/wp-content\/smush-avif\/2020\/07\/la-playa-perez-siquier-3-scaled.jpg.avif'><img decoding=\"async\"  width=\"300\" height=\"300\" data-src=\"https:\/\/fotogasteiz.com\/blog\/wp-content\/smush-avif\/2020\/07\/la-playa-perez-siquier-3-300x300.jpg.avif\"  class='mesmerize-gallery-1-image lazyload' alt=\"\" data-srcset=\"https:\/\/fotogasteiz.com\/blog\/wp-content\/smush-avif\/2020\/07\/la-playa-perez-siquier-3-300x300.jpg.avif 300w, https:\/\/fotogasteiz.com\/blog\/wp-content\/smush-avif\/2020\/07\/la-playa-perez-siquier-3-1024x1024.jpg.avif 1024w, https:\/\/fotogasteiz.com\/blog\/wp-content\/smush-avif\/2020\/07\/la-playa-perez-siquier-3-150x150.jpg.avif 150w, https:\/\/fotogasteiz.com\/blog\/wp-content\/smush-avif\/2020\/07\/la-playa-perez-siquier-3-768x768.jpg.avif 768w, https:\/\/fotogasteiz.com\/blog\/wp-content\/smush-avif\/2020\/07\/la-playa-perez-siquier-3-1536x1536.jpg.avif 1536w, https:\/\/fotogasteiz.com\/blog\/wp-content\/smush-avif\/2020\/07\/la-playa-perez-siquier-3-2048x2048.jpg.avif 2048w, https:\/\/fotogasteiz.com\/blog\/wp-content\/smush-avif\/2020\/07\/la-playa-perez-siquier-3-1080x1080.jpg.avif 1080w\" data-sizes=\"(max-width: 300px) 100vw, 300px\" src=\"data:image\/svg+xml;base64,PHN2ZyB3aWR0aD0iMSIgaGVpZ2h0PSIxIiB4bWxucz0iaHR0cDovL3d3dy53My5vcmcvMjAwMC9zdmciPjwvc3ZnPg==\" style=\"--smush-placeholder-width: 300px; --smush-placeholder-aspect-ratio: 300\/300;\" \/><\/a>\n\t\t\t<\/dt><\/dl><dl class='gallery-item'>\n\t\t\t<dt class='gallery-icon landscape'>\n\t\t\t\t<a data-fancybox=\"mesmerize-gallery-1-group\" href='https:\/\/fotogasteiz.com\/blog\/wp-content\/smush-avif\/2020\/07\/la-playa-perez-siquier-1-scaled.jpg.avif'><img decoding=\"async\"  width=\"300\" height=\"300\" data-src=\"https:\/\/fotogasteiz.com\/blog\/wp-content\/smush-avif\/2020\/07\/la-playa-perez-siquier-1-300x300.jpg.avif\"  class='mesmerize-gallery-1-image lazyload' alt=\"\" data-srcset=\"https:\/\/fotogasteiz.com\/blog\/wp-content\/smush-avif\/2020\/07\/la-playa-perez-siquier-1-300x300.jpg.avif 300w, https:\/\/fotogasteiz.com\/blog\/wp-content\/smush-avif\/2020\/07\/la-playa-perez-siquier-1-1024x1024.jpg.avif 1024w, https:\/\/fotogasteiz.com\/blog\/wp-content\/smush-avif\/2020\/07\/la-playa-perez-siquier-1-150x150.jpg.avif 150w, https:\/\/fotogasteiz.com\/blog\/wp-content\/smush-avif\/2020\/07\/la-playa-perez-siquier-1-768x768.jpg.avif 768w, https:\/\/fotogasteiz.com\/blog\/wp-content\/smush-avif\/2020\/07\/la-playa-perez-siquier-1-1536x1536.jpg.avif 1536w, https:\/\/fotogasteiz.com\/blog\/wp-content\/smush-avif\/2020\/07\/la-playa-perez-siquier-1-2048x2048.jpg.avif 2048w, https:\/\/fotogasteiz.com\/blog\/wp-content\/smush-avif\/2020\/07\/la-playa-perez-siquier-1-1080x1080.jpg.avif 1080w\" data-sizes=\"(max-width: 300px) 100vw, 300px\" src=\"data:image\/svg+xml;base64,PHN2ZyB3aWR0aD0iMSIgaGVpZ2h0PSIxIiB4bWxucz0iaHR0cDovL3d3dy53My5vcmcvMjAwMC9zdmciPjwvc3ZnPg==\" style=\"--smush-placeholder-width: 300px; --smush-placeholder-aspect-ratio: 300\/300;\" \/><\/a>\n\t\t\t<\/dt><\/dl><dl class='gallery-item'>\n\t\t\t<dt class='gallery-icon landscape'>\n\t\t\t\t<a data-fancybox=\"mesmerize-gallery-1-group\" href='https:\/\/fotogasteiz.com\/blog\/wp-content\/smush-avif\/2020\/07\/la-playa-perez-siquier-18-scaled.jpg.avif'><img decoding=\"async\"  width=\"300\" height=\"300\" data-src=\"https:\/\/fotogasteiz.com\/blog\/wp-content\/smush-avif\/2020\/07\/la-playa-perez-siquier-18-300x300.jpg.avif\"  class='mesmerize-gallery-1-image lazyload' alt=\"\" data-srcset=\"https:\/\/fotogasteiz.com\/blog\/wp-content\/smush-avif\/2020\/07\/la-playa-perez-siquier-18-300x300.jpg.avif 300w, https:\/\/fotogasteiz.com\/blog\/wp-content\/smush-avif\/2020\/07\/la-playa-perez-siquier-18-1024x1024.jpg.avif 1024w, https:\/\/fotogasteiz.com\/blog\/wp-content\/smush-avif\/2020\/07\/la-playa-perez-siquier-18-150x150.jpg.avif 150w, https:\/\/fotogasteiz.com\/blog\/wp-content\/smush-avif\/2020\/07\/la-playa-perez-siquier-18-768x768.jpg.avif 768w, https:\/\/fotogasteiz.com\/blog\/wp-content\/smush-avif\/2020\/07\/la-playa-perez-siquier-18-1536x1536.jpg.avif 1536w, https:\/\/fotogasteiz.com\/blog\/wp-content\/smush-avif\/2020\/07\/la-playa-perez-siquier-18-2048x2048.jpg.avif 2048w, https:\/\/fotogasteiz.com\/blog\/wp-content\/smush-avif\/2020\/07\/la-playa-perez-siquier-18-1080x1080.jpg.avif 1080w\" data-sizes=\"(max-width: 300px) 100vw, 300px\" src=\"data:image\/svg+xml;base64,PHN2ZyB3aWR0aD0iMSIgaGVpZ2h0PSIxIiB4bWxucz0iaHR0cDovL3d3dy53My5vcmcvMjAwMC9zdmciPjwvc3ZnPg==\" style=\"--smush-placeholder-width: 300px; --smush-placeholder-aspect-ratio: 300\/300;\" \/><\/a>\n\t\t\t<\/dt><\/dl>\n\t\t<\/div>\n<script>(function($){window.MaterialisCaptionsGallery && window.MaterialisCaptionsGallery($('[data-unique-id=\"mesmerize-gallery-1-69f2224d8d141\"]'))})(jQuery)<\/script><\/div><\/div><\/div> <\/div><\/div><div  data-label=\"Reconocimientos\" data-id=\"content--5\" data-export-id=\"content-7\" data-category=\"content\" class=\"content-7 content-section content-section-spacing\" id=\"reconocimientos\" style=\"background-color: rgb(245, 250, 253);\"><div  class=\"gridContainer\"> <div  class=\"row middle-sm\"><div  class=\"col-sm-6 space-bottom-xs\" data-type=\"column\"> <p  class=\"lead\"><span  style=\"font-family: Muli, arial, helvetica, sans-serif; font-weight: 900; color: rgb(3, 169, 244);\">BIOGRAF\u00cdA DE CARLOS P\u00c9REZ SIQUIER<\/span><\/p><h2  class=\"\"><span  style=\"font-family: &quot;Playfair Display&quot;, arial, helvetica, sans-serif; color: rgb(0, 0, 0);\">Comienza el reconocimiento<\/span><\/h2> <p  class=\"\"><span  style=\"font-family: Muli, arial, helvetica, sans-serif; color: rgb(52, 58, 64);\">En 1996 <span  style=\"font-weight: 900;\">La Caixa<\/span> publica \u2018P\u00e9rez Siquier\u2019, que reproduce im\u00e1genes de toda la trayectoria del fot\u00f3grafo tanto en blanco y negro como en color.\n<\/span><br ><br ><span  style=\"font-family: Muli, arial, helvetica, sans-serif; color: rgb(52, 58, 64);\">\nEn 1998, el Instituto de estudios Almerienses publica <span  style=\"font-weight: 900;\">\u2018P\u00e9rez Siquier. Im\u00e1genes de im\u00e1genes\u2019<\/span>, una serie fotogr\u00e1fica de abstracciones informalistas captadas por el autor en el Parque Natural Cabo de Gata-Nijar.\n<\/span><br ><br ><span  style=\"font-family: Muli, arial, helvetica, sans-serif; color: rgb(52, 58, 64);\">\nEn 1999 La F\u00e1brica publica el <a data-mce-href=\"https:\/\/amzn.to\/3rUikfF\" href=\"https:\/\/amzn.to\/3rUikfF\" target=\"_blank\" rel=\"noopener\" data-mce-selected=\"inline-boundary\" data-cp-link=\"1\" class=\"\"><span  style=\"font-weight: 900;\">Photobolsillo<\/span> <span  style=\"font-weight: 900;\">\u2018Carlos P\u00e9rez Siquier\u2019<\/span><\/a>, que recoge 63 im\u00e1genes significativas de la trayectoria del fot\u00f3grafo, en blanco y negro y en color.\n<\/span><br ><br ><span  style=\"font-family: Muli, arial, helvetica, sans-serif; color: rgb(52, 58, 64);\">\nEn el a\u00f1o 2000 se publica <span  style=\"font-weight: 900;\">\u2018P\u00e9rez Siquier. Amor Animal\u2019<\/span>, una publicaci\u00f3n que re\u00fane en un conjunto de im\u00e1genes, no exentas de iron\u00eda, en las que aparecen perros en distintos lugares y situaciones.\n<\/span><br ><br ><span  style=\"font-family: Muli, arial, helvetica, sans-serif; color: rgb(52, 58, 64);\">\nY \u2018<span  style=\"font-weight: 900;\">P\u00e9rez Siquier. Colecci\u00f3n M\u00ednima 02\u2019<\/span>, publicaci\u00f3n conmemorativa realizada con motivo de la incorporaci\u00f3n en la colecci\u00f3n perramente del CAAC de cuatro fotograf\u00edas en color de P\u00e9rez Siquier.\n<\/span><br ><br ><span  style=\"font-family: Muli, arial, helvetica, sans-serif; color: rgb(52, 58, 64);\">\nEn el a\u00f1o 2001 se publica <a data-mce-href=\"https:\/\/amzn.to\/3cupQY4\" href=\"https:\/\/amzn.to\/3cupQY4\" target=\"_blank\" rel=\"noopener\" data-mce-selected=\"inline-boundary\" data-cp-link=\"1\" class=\"\"><span  style=\"font-weight: 900;\">\u2018P\u00e9rez Siquier, La Chanca\u2019<\/span><\/a>, un monogr\u00e1fico que abarc\u00f3 por primera vez la serie de La Chanca, tanto sus im\u00e1genes en blanco y negro como las de color, en una secuencia que va desde el documentalismo de mediados de los 50 hasta el informalismo abstracto de 1965.<\/span><\/p> <\/div> <div  class=\"col-sm-6\" data-type=\"column\"> <img decoding=\"async\"  class=\"shadow-large lazyload\" data-src=\"https:\/\/i0.wp.com\/fotogasteiz.com\/blog\/wp-content\/uploads\/2020\/07\/7_Carlos-Perez-Siquierb.jpg?w=3840&amp;ssl=1\" alt=\"\" title=\"7_Carlos-Perez-Siquierb\" width=\"586\" height=\"586\" src=\"data:image\/svg+xml;base64,PHN2ZyB3aWR0aD0iMSIgaGVpZ2h0PSIxIiB4bWxucz0iaHR0cDovL3d3dy53My5vcmcvMjAwMC9zdmciPjwvc3ZnPg==\" style=\"--smush-placeholder-width: 586px; --smush-placeholder-aspect-ratio: 586\/586;\"><\/div> <\/div><\/div> <\/div><div  data-label=\"Viaje fotogr\u00e1fico\" data-id=\"content--6\" data-export-id=\"content-8\" data-category=\"content\" class=\"content-8 content-section content-section-spacing\" id=\"viaje-fotografico\" style=\"background-color: rgb(245, 250, 253); background-image: none;\"><div  class=\"gridContainer\"> <div  class=\"row middle-sm\"><div  class=\"col-sm-6 space-bottom-xs space-top-xs\" data-type=\"column\"> <img decoding=\"async\"  class=\"shadow-large lazyload\" data-src=\"https:\/\/i1.wp.com\/fotogasteiz.com\/blog\/wp-content\/uploads\/2020\/07\/js040211_perezsiquier01.jpg?w=3840&amp;ssl=1\" alt=\"\" title=\"js040211_perezsiquier01\" width=\"586\" height=\"391\" src=\"data:image\/svg+xml;base64,PHN2ZyB3aWR0aD0iMSIgaGVpZ2h0PSIxIiB4bWxucz0iaHR0cDovL3d3dy53My5vcmcvMjAwMC9zdmciPjwvc3ZnPg==\" style=\"--smush-placeholder-width: 586px; --smush-placeholder-aspect-ratio: 586\/391;\"><\/div> <div  class=\"col-sm-6\" data-type=\"column\"><p  class=\"lead\"><span  style=\"font-family: Muli, arial, helvetica, sans-serif; font-weight: 900; color: rgb(3, 169, 244);\">BIOGRAF\u00cdA DE CARLOS P\u00c9REZ SIQUIER<\/span><\/p><h2  class=\"\"><span  style=\"font-family: &quot;Playfair Display&quot;, arial, helvetica, sans-serif; color: rgb(0, 0, 0);\">\u2018Almer\u00eda-Granada-Sevilla, un viaje fotogr\u00e1fico\u2019<\/span><\/h2> <p  class=\"\"><span  style=\"font-family: Muli, arial, helvetica, sans-serif; color: rgb(52, 58, 64);\">Entre los a\u00f1os 2001 y 2002 el fot\u00f3grafo tom\u00f3 el tren en numerosas ocasiones para su obra \u2018<a data-mce-href=\"https:\/\/amzn.to\/2Q8ZeEK\" href=\"https:\/\/amzn.to\/2Q8ZeEK\" target=\"_blank\" rel=\"noopener\" data-mce-selected=\"inline-boundary\" data-cp-link=\"1\" class=\"\"><span  style=\"font-weight: 900;\">Almer\u00eda-Granada-Sevilla, un viaje fotogr\u00e1fico<\/span><\/a> de Carlos P\u00e9rez Siquier\u2019, una colecci\u00f3n de fugaces instant\u00e1neas captadas por el fot\u00f3grafo en los a\u00f1os 2001-2002 durante sus viajes en la linea regular de Renfe entre Almer\u00eda y Sevilla.<\/span><\/p> <\/div> <\/div><\/div> <\/div><div  data-label=\"Almeriagrnadasevilla\" data-id=\"gallery--5\" data-export-id=\"gallery-1\" data-category=\"gallery\" class=\"gallery-1 content-section content-section-spacing\" id=\"almeriagrnadasevilla\" style=\"background-color: rgb(52, 58, 64); background-image: none;\"><div  class=\"gridContainer\"> <div  class=\"row\"><div  class=\"section-title-col\" data-type=\"column\"> <h2  class=\"\"><span  style=\"font-family: &quot;Playfair Display&quot;, arial, helvetica, sans-serif; color: rgb(255, 255, 255);\">Almer\u00eda-Granada-Sevilla: viaje fotogr\u00e1fico- Siquier<\/span><\/h2> <\/div> <\/div> <div  class=\"row text-center\"> <div  class=\"col-xs-12\" data-editable=\"true\" data-content-shortcode=\"mesmerize_gallery id=&quot;mesmerize-gallery-1&quot; columns=&quot;4&quot; ids=&quot;12039,12040,12041,12042,12043,12044,12045,12046,12047,12048,12049,12050,12051,12052,12053,12054,12055,12056,12057,12058,12059,12060,12061,12065&quot; lb=&quot;1&quot; masonry=&quot;1&quot; size=&quot;medium&quot; link=&quot;file&quot; \"><div id='mesmerize-gallery-1' class='gallery-wrapper'><style type=\"text\/css\">\n                    @media only screen and (min-width: 768px) {\n                    [data-unique-id='mesmerize-gallery-1-69f2224d93d4e'] dl {\n                        float: left;\n                        width: 25% !important;\n                        max-width:  25% !important;\n                        min-width:  25% !important;\n                    }\n\n                    [data-unique-id='mesmerize-gallery-1-69f2224d93d4e'] dl:nth-of-type(4n +1 ) {\n                      clear: both;\n                      }\n                    }\n                <\/style><div id='mesmerize-gallery-1' class='mesmerize-gallery-1-dls-wrapper gallery-items-wrapper materialis-gallery' data-unique-id='mesmerize-gallery-1-69f2224d93d4e'><dl class='gallery-item'>\n\t\t\t<dt class='gallery-icon landscape'>\n\t\t\t\t<a data-fancybox=\"mesmerize-gallery-1-group\" href='https:\/\/fotogasteiz.com\/blog\/wp-content\/smush-avif\/2020\/07\/almeria-granada-sevilla-perez-siquier-27-scaled.jpg.avif'><img decoding=\"async\"  width=\"300\" height=\"198\" data-src=\"https:\/\/fotogasteiz.com\/blog\/wp-content\/smush-avif\/2020\/07\/almeria-granada-sevilla-perez-siquier-27-300x198.jpg.avif\"  class='mesmerize-gallery-1-image lazyload' alt=\"\" data-srcset=\"https:\/\/fotogasteiz.com\/blog\/wp-content\/smush-avif\/2020\/07\/almeria-granada-sevilla-perez-siquier-27-300x198.jpg.avif 300w, https:\/\/fotogasteiz.com\/blog\/wp-content\/smush-avif\/2020\/07\/almeria-granada-sevilla-perez-siquier-27-1024x675.jpg.avif 1024w, https:\/\/fotogasteiz.com\/blog\/wp-content\/smush-avif\/2020\/07\/almeria-granada-sevilla-perez-siquier-27-768x506.jpg.avif 768w, https:\/\/fotogasteiz.com\/blog\/wp-content\/smush-avif\/2020\/07\/almeria-granada-sevilla-perez-siquier-27-1536x1013.jpg.avif 1536w, https:\/\/fotogasteiz.com\/blog\/wp-content\/smush-avif\/2020\/07\/almeria-granada-sevilla-perez-siquier-27-2048x1351.jpg.avif 2048w, https:\/\/fotogasteiz.com\/blog\/wp-content\/smush-avif\/2020\/07\/almeria-granada-sevilla-perez-siquier-27-1638x1080.jpg.avif 1638w\" data-sizes=\"(max-width: 300px) 100vw, 300px\" src=\"data:image\/svg+xml;base64,PHN2ZyB3aWR0aD0iMSIgaGVpZ2h0PSIxIiB4bWxucz0iaHR0cDovL3d3dy53My5vcmcvMjAwMC9zdmciPjwvc3ZnPg==\" style=\"--smush-placeholder-width: 300px; --smush-placeholder-aspect-ratio: 300\/198;\" \/><\/a>\n\t\t\t<\/dt><\/dl><dl class='gallery-item'>\n\t\t\t<dt class='gallery-icon landscape'>\n\t\t\t\t<a data-fancybox=\"mesmerize-gallery-1-group\" href='https:\/\/fotogasteiz.com\/blog\/wp-content\/smush-avif\/2020\/07\/almeria-granada-sevilla-perez-siquier-28-scaled.jpg.avif'><img decoding=\"async\"  width=\"300\" height=\"206\" data-src=\"https:\/\/fotogasteiz.com\/blog\/wp-content\/smush-avif\/2020\/07\/almeria-granada-sevilla-perez-siquier-28-300x206.jpg.avif\"  class='mesmerize-gallery-1-image lazyload' alt=\"\" data-srcset=\"https:\/\/fotogasteiz.com\/blog\/wp-content\/smush-avif\/2020\/07\/almeria-granada-sevilla-perez-siquier-28-300x206.jpg.avif 300w, https:\/\/fotogasteiz.com\/blog\/wp-content\/smush-avif\/2020\/07\/almeria-granada-sevilla-perez-siquier-28-1024x703.jpg.avif 1024w, https:\/\/fotogasteiz.com\/blog\/wp-content\/smush-avif\/2020\/07\/almeria-granada-sevilla-perez-siquier-28-768x527.jpg.avif 768w, https:\/\/fotogasteiz.com\/blog\/wp-content\/smush-avif\/2020\/07\/almeria-granada-sevilla-perez-siquier-28-1536x1054.jpg.avif 1536w, https:\/\/fotogasteiz.com\/blog\/wp-content\/smush-avif\/2020\/07\/almeria-granada-sevilla-perez-siquier-28-2048x1405.jpg.avif 2048w, https:\/\/fotogasteiz.com\/blog\/wp-content\/smush-avif\/2020\/07\/almeria-granada-sevilla-perez-siquier-28-1574x1080.jpg.avif 1574w\" data-sizes=\"(max-width: 300px) 100vw, 300px\" src=\"data:image\/svg+xml;base64,PHN2ZyB3aWR0aD0iMSIgaGVpZ2h0PSIxIiB4bWxucz0iaHR0cDovL3d3dy53My5vcmcvMjAwMC9zdmciPjwvc3ZnPg==\" style=\"--smush-placeholder-width: 300px; --smush-placeholder-aspect-ratio: 300\/206;\" \/><\/a>\n\t\t\t<\/dt><\/dl><dl class='gallery-item'>\n\t\t\t<dt class='gallery-icon landscape'>\n\t\t\t\t<a data-fancybox=\"mesmerize-gallery-1-group\" href='https:\/\/fotogasteiz.com\/blog\/wp-content\/smush-avif\/2020\/07\/almeria-granada-sevilla-perez-siquier-26-scaled.jpg.avif'><img decoding=\"async\"  width=\"300\" height=\"199\" data-src=\"https:\/\/fotogasteiz.com\/blog\/wp-content\/smush-avif\/2020\/07\/almeria-granada-sevilla-perez-siquier-26-300x199.jpg.avif\"  class='mesmerize-gallery-1-image lazyload' alt=\"\" data-srcset=\"https:\/\/fotogasteiz.com\/blog\/wp-content\/smush-avif\/2020\/07\/almeria-granada-sevilla-perez-siquier-26-300x199.jpg.avif 300w, https:\/\/fotogasteiz.com\/blog\/wp-content\/smush-avif\/2020\/07\/almeria-granada-sevilla-perez-siquier-26-1024x678.jpg.avif 1024w, https:\/\/fotogasteiz.com\/blog\/wp-content\/smush-avif\/2020\/07\/almeria-granada-sevilla-perez-siquier-26-768x509.jpg.avif 768w, https:\/\/fotogasteiz.com\/blog\/wp-content\/smush-avif\/2020\/07\/almeria-granada-sevilla-perez-siquier-26-1536x1018.jpg.avif 1536w, https:\/\/fotogasteiz.com\/blog\/wp-content\/smush-avif\/2020\/07\/almeria-granada-sevilla-perez-siquier-26-2048x1357.jpg.avif 2048w, https:\/\/fotogasteiz.com\/blog\/wp-content\/smush-avif\/2020\/07\/almeria-granada-sevilla-perez-siquier-26-1630x1080.jpg.avif 1630w\" data-sizes=\"(max-width: 300px) 100vw, 300px\" src=\"data:image\/svg+xml;base64,PHN2ZyB3aWR0aD0iMSIgaGVpZ2h0PSIxIiB4bWxucz0iaHR0cDovL3d3dy53My5vcmcvMjAwMC9zdmciPjwvc3ZnPg==\" style=\"--smush-placeholder-width: 300px; --smush-placeholder-aspect-ratio: 300\/199;\" \/><\/a>\n\t\t\t<\/dt><\/dl><dl class='gallery-item'>\n\t\t\t<dt class='gallery-icon landscape'>\n\t\t\t\t<a data-fancybox=\"mesmerize-gallery-1-group\" href='https:\/\/fotogasteiz.com\/blog\/wp-content\/smush-avif\/2020\/07\/almeria-granada-sevilla-perez-siquier-21-scaled.jpg.avif'><img decoding=\"async\"  width=\"300\" height=\"196\" data-src=\"https:\/\/fotogasteiz.com\/blog\/wp-content\/smush-avif\/2020\/07\/almeria-granada-sevilla-perez-siquier-21-300x196.jpg.avif\"  class='mesmerize-gallery-1-image lazyload' alt=\"\" data-srcset=\"https:\/\/fotogasteiz.com\/blog\/wp-content\/smush-avif\/2020\/07\/almeria-granada-sevilla-perez-siquier-21-300x196.jpg.avif 300w, https:\/\/fotogasteiz.com\/blog\/wp-content\/smush-avif\/2020\/07\/almeria-granada-sevilla-perez-siquier-21-1024x670.jpg.avif 1024w, https:\/\/fotogasteiz.com\/blog\/wp-content\/smush-avif\/2020\/07\/almeria-granada-sevilla-perez-siquier-21-768x502.jpg.avif 768w, https:\/\/fotogasteiz.com\/blog\/wp-content\/smush-avif\/2020\/07\/almeria-granada-sevilla-perez-siquier-21-1536x1005.jpg.avif 1536w, https:\/\/fotogasteiz.com\/blog\/wp-content\/smush-avif\/2020\/07\/almeria-granada-sevilla-perez-siquier-21-2048x1340.jpg.avif 2048w, https:\/\/fotogasteiz.com\/blog\/wp-content\/smush-avif\/2020\/07\/almeria-granada-sevilla-perez-siquier-21-1651x1080.jpg.avif 1651w\" data-sizes=\"(max-width: 300px) 100vw, 300px\" src=\"data:image\/svg+xml;base64,PHN2ZyB3aWR0aD0iMSIgaGVpZ2h0PSIxIiB4bWxucz0iaHR0cDovL3d3dy53My5vcmcvMjAwMC9zdmciPjwvc3ZnPg==\" style=\"--smush-placeholder-width: 300px; --smush-placeholder-aspect-ratio: 300\/196;\" \/><\/a>\n\t\t\t<\/dt><\/dl><dl class='gallery-item'>\n\t\t\t<dt class='gallery-icon landscape'>\n\t\t\t\t<a data-fancybox=\"mesmerize-gallery-1-group\" href='https:\/\/fotogasteiz.com\/blog\/wp-content\/smush-avif\/2020\/07\/almeria-granada-sevilla-perez-siquier-24-scaled.jpg.avif'><img decoding=\"async\"  width=\"300\" height=\"201\" data-src=\"https:\/\/fotogasteiz.com\/blog\/wp-content\/smush-avif\/2020\/07\/almeria-granada-sevilla-perez-siquier-24-300x201.jpg.avif\"  class='mesmerize-gallery-1-image lazyload' alt=\"\" data-srcset=\"https:\/\/fotogasteiz.com\/blog\/wp-content\/smush-avif\/2020\/07\/almeria-granada-sevilla-perez-siquier-24-300x201.jpg.avif 300w, https:\/\/fotogasteiz.com\/blog\/wp-content\/smush-avif\/2020\/07\/almeria-granada-sevilla-perez-siquier-24-1024x685.jpg.avif 1024w, https:\/\/fotogasteiz.com\/blog\/wp-content\/smush-avif\/2020\/07\/almeria-granada-sevilla-perez-siquier-24-768x514.jpg.avif 768w, https:\/\/fotogasteiz.com\/blog\/wp-content\/smush-avif\/2020\/07\/almeria-granada-sevilla-perez-siquier-24-1536x1028.jpg.avif 1536w, https:\/\/fotogasteiz.com\/blog\/wp-content\/smush-avif\/2020\/07\/almeria-granada-sevilla-perez-siquier-24-2048x1371.jpg.avif 2048w, https:\/\/fotogasteiz.com\/blog\/wp-content\/smush-avif\/2020\/07\/almeria-granada-sevilla-perez-siquier-24-1614x1080.jpg.avif 1614w\" data-sizes=\"(max-width: 300px) 100vw, 300px\" src=\"data:image\/svg+xml;base64,PHN2ZyB3aWR0aD0iMSIgaGVpZ2h0PSIxIiB4bWxucz0iaHR0cDovL3d3dy53My5vcmcvMjAwMC9zdmciPjwvc3ZnPg==\" style=\"--smush-placeholder-width: 300px; --smush-placeholder-aspect-ratio: 300\/201;\" \/><\/a>\n\t\t\t<\/dt><\/dl><dl class='gallery-item'>\n\t\t\t<dt class='gallery-icon landscape'>\n\t\t\t\t<a data-fancybox=\"mesmerize-gallery-1-group\" href='https:\/\/fotogasteiz.com\/blog\/wp-content\/smush-avif\/2020\/07\/almeria-granada-sevilla-perez-siquier-22-scaled.jpg.avif'><img decoding=\"async\"  width=\"300\" height=\"198\" data-src=\"https:\/\/fotogasteiz.com\/blog\/wp-content\/smush-avif\/2020\/07\/almeria-granada-sevilla-perez-siquier-22-300x198.jpg.avif\"  class='mesmerize-gallery-1-image lazyload' alt=\"\" data-srcset=\"https:\/\/fotogasteiz.com\/blog\/wp-content\/smush-avif\/2020\/07\/almeria-granada-sevilla-perez-siquier-22-300x198.jpg.avif 300w, https:\/\/fotogasteiz.com\/blog\/wp-content\/smush-avif\/2020\/07\/almeria-granada-sevilla-perez-siquier-22-1024x675.jpg.avif 1024w, https:\/\/fotogasteiz.com\/blog\/wp-content\/smush-avif\/2020\/07\/almeria-granada-sevilla-perez-siquier-22-768x506.jpg.avif 768w, https:\/\/fotogasteiz.com\/blog\/wp-content\/smush-avif\/2020\/07\/almeria-granada-sevilla-perez-siquier-22-1536x1012.jpg.avif 1536w, https:\/\/fotogasteiz.com\/blog\/wp-content\/smush-avif\/2020\/07\/almeria-granada-sevilla-perez-siquier-22-2048x1349.jpg.avif 2048w, https:\/\/fotogasteiz.com\/blog\/wp-content\/smush-avif\/2020\/07\/almeria-granada-sevilla-perez-siquier-22-1640x1080.jpg.avif 1640w\" data-sizes=\"(max-width: 300px) 100vw, 300px\" src=\"data:image\/svg+xml;base64,PHN2ZyB3aWR0aD0iMSIgaGVpZ2h0PSIxIiB4bWxucz0iaHR0cDovL3d3dy53My5vcmcvMjAwMC9zdmciPjwvc3ZnPg==\" style=\"--smush-placeholder-width: 300px; --smush-placeholder-aspect-ratio: 300\/198;\" \/><\/a>\n\t\t\t<\/dt><\/dl><dl class='gallery-item'>\n\t\t\t<dt class='gallery-icon landscape'>\n\t\t\t\t<a data-fancybox=\"mesmerize-gallery-1-group\" href='https:\/\/fotogasteiz.com\/blog\/wp-content\/smush-avif\/2020\/07\/almeria-granada-sevilla-perez-siquier-23-scaled.jpg.avif'><img decoding=\"async\"  width=\"300\" height=\"199\" data-src=\"https:\/\/fotogasteiz.com\/blog\/wp-content\/smush-avif\/2020\/07\/almeria-granada-sevilla-perez-siquier-23-300x199.jpg.avif\"  class='mesmerize-gallery-1-image lazyload' alt=\"\" data-srcset=\"https:\/\/fotogasteiz.com\/blog\/wp-content\/smush-avif\/2020\/07\/almeria-granada-sevilla-perez-siquier-23-300x199.jpg.avif 300w, https:\/\/fotogasteiz.com\/blog\/wp-content\/smush-avif\/2020\/07\/almeria-granada-sevilla-perez-siquier-23-1024x680.jpg.avif 1024w, https:\/\/fotogasteiz.com\/blog\/wp-content\/smush-avif\/2020\/07\/almeria-granada-sevilla-perez-siquier-23-768x510.jpg.avif 768w, https:\/\/fotogasteiz.com\/blog\/wp-content\/smush-avif\/2020\/07\/almeria-granada-sevilla-perez-siquier-23-1536x1020.jpg.avif 1536w, https:\/\/fotogasteiz.com\/blog\/wp-content\/smush-avif\/2020\/07\/almeria-granada-sevilla-perez-siquier-23-2048x1360.jpg.avif 2048w, https:\/\/fotogasteiz.com\/blog\/wp-content\/smush-avif\/2020\/07\/almeria-granada-sevilla-perez-siquier-23-1626x1080.jpg.avif 1626w\" data-sizes=\"(max-width: 300px) 100vw, 300px\" src=\"data:image\/svg+xml;base64,PHN2ZyB3aWR0aD0iMSIgaGVpZ2h0PSIxIiB4bWxucz0iaHR0cDovL3d3dy53My5vcmcvMjAwMC9zdmciPjwvc3ZnPg==\" style=\"--smush-placeholder-width: 300px; --smush-placeholder-aspect-ratio: 300\/199;\" \/><\/a>\n\t\t\t<\/dt><\/dl><dl class='gallery-item'>\n\t\t\t<dt class='gallery-icon landscape'>\n\t\t\t\t<a data-fancybox=\"mesmerize-gallery-1-group\" href='https:\/\/fotogasteiz.com\/blog\/wp-content\/smush-avif\/2020\/07\/almeria-granada-sevilla-perez-siquier-25-scaled.jpg.avif'><img decoding=\"async\"  width=\"300\" height=\"196\" data-src=\"https:\/\/fotogasteiz.com\/blog\/wp-content\/smush-avif\/2020\/07\/almeria-granada-sevilla-perez-siquier-25-300x196.jpg.avif\"  class='mesmerize-gallery-1-image lazyload' alt=\"\" data-srcset=\"https:\/\/fotogasteiz.com\/blog\/wp-content\/smush-avif\/2020\/07\/almeria-granada-sevilla-perez-siquier-25-300x196.jpg.avif 300w, https:\/\/fotogasteiz.com\/blog\/wp-content\/smush-avif\/2020\/07\/almeria-granada-sevilla-perez-siquier-25-1024x668.jpg.avif 1024w, https:\/\/fotogasteiz.com\/blog\/wp-content\/smush-avif\/2020\/07\/almeria-granada-sevilla-perez-siquier-25-768x501.jpg.avif 768w, https:\/\/fotogasteiz.com\/blog\/wp-content\/smush-avif\/2020\/07\/almeria-granada-sevilla-perez-siquier-25-1536x1002.jpg.avif 1536w, https:\/\/fotogasteiz.com\/blog\/wp-content\/smush-avif\/2020\/07\/almeria-granada-sevilla-perez-siquier-25-2048x1336.jpg.avif 2048w, https:\/\/fotogasteiz.com\/blog\/wp-content\/smush-avif\/2020\/07\/almeria-granada-sevilla-perez-siquier-25-1655x1080.jpg.avif 1655w\" data-sizes=\"(max-width: 300px) 100vw, 300px\" src=\"data:image\/svg+xml;base64,PHN2ZyB3aWR0aD0iMSIgaGVpZ2h0PSIxIiB4bWxucz0iaHR0cDovL3d3dy53My5vcmcvMjAwMC9zdmciPjwvc3ZnPg==\" style=\"--smush-placeholder-width: 300px; --smush-placeholder-aspect-ratio: 300\/196;\" \/><\/a>\n\t\t\t<\/dt><\/dl><dl class='gallery-item'>\n\t\t\t<dt class='gallery-icon landscape'>\n\t\t\t\t<a data-fancybox=\"mesmerize-gallery-1-group\" href='https:\/\/fotogasteiz.com\/blog\/wp-content\/smush-avif\/2020\/07\/almeria-granada-sevilla-perez-siquier-20-scaled.jpg.avif'><img decoding=\"async\"  width=\"300\" height=\"202\" data-src=\"https:\/\/fotogasteiz.com\/blog\/wp-content\/smush-avif\/2020\/07\/almeria-granada-sevilla-perez-siquier-20-300x202.jpg.avif\"  class='mesmerize-gallery-1-image lazyload' alt=\"\" data-srcset=\"https:\/\/fotogasteiz.com\/blog\/wp-content\/smush-avif\/2020\/07\/almeria-granada-sevilla-perez-siquier-20-300x202.jpg.avif 300w, https:\/\/fotogasteiz.com\/blog\/wp-content\/smush-avif\/2020\/07\/almeria-granada-sevilla-perez-siquier-20-1024x688.jpg.avif 1024w, https:\/\/fotogasteiz.com\/blog\/wp-content\/smush-avif\/2020\/07\/almeria-granada-sevilla-perez-siquier-20-768x516.jpg.avif 768w, https:\/\/fotogasteiz.com\/blog\/wp-content\/smush-avif\/2020\/07\/almeria-granada-sevilla-perez-siquier-20-1536x1033.jpg.avif 1536w, https:\/\/fotogasteiz.com\/blog\/wp-content\/smush-avif\/2020\/07\/almeria-granada-sevilla-perez-siquier-20-2048x1377.jpg.avif 2048w, https:\/\/fotogasteiz.com\/blog\/wp-content\/smush-avif\/2020\/07\/almeria-granada-sevilla-perez-siquier-20-1606x1080.jpg.avif 1606w\" data-sizes=\"(max-width: 300px) 100vw, 300px\" src=\"data:image\/svg+xml;base64,PHN2ZyB3aWR0aD0iMSIgaGVpZ2h0PSIxIiB4bWxucz0iaHR0cDovL3d3dy53My5vcmcvMjAwMC9zdmciPjwvc3ZnPg==\" style=\"--smush-placeholder-width: 300px; --smush-placeholder-aspect-ratio: 300\/202;\" \/><\/a>\n\t\t\t<\/dt><\/dl><dl class='gallery-item'>\n\t\t\t<dt class='gallery-icon landscape'>\n\t\t\t\t<a data-fancybox=\"mesmerize-gallery-1-group\" href='https:\/\/fotogasteiz.com\/blog\/wp-content\/smush-avif\/2020\/07\/almeria-granada-sevilla-perez-siquier-19-scaled.jpg.avif'><img decoding=\"async\"  width=\"300\" height=\"197\" data-src=\"https:\/\/fotogasteiz.com\/blog\/wp-content\/smush-avif\/2020\/07\/almeria-granada-sevilla-perez-siquier-19-300x197.jpg.avif\"  class='mesmerize-gallery-1-image lazyload' alt=\"\" data-srcset=\"https:\/\/fotogasteiz.com\/blog\/wp-content\/smush-avif\/2020\/07\/almeria-granada-sevilla-perez-siquier-19-300x197.jpg.avif 300w, https:\/\/fotogasteiz.com\/blog\/wp-content\/smush-avif\/2020\/07\/almeria-granada-sevilla-perez-siquier-19-1024x673.jpg.avif 1024w, https:\/\/fotogasteiz.com\/blog\/wp-content\/smush-avif\/2020\/07\/almeria-granada-sevilla-perez-siquier-19-768x505.jpg.avif 768w, https:\/\/fotogasteiz.com\/blog\/wp-content\/smush-avif\/2020\/07\/almeria-granada-sevilla-perez-siquier-19-1536x1010.jpg.avif 1536w, https:\/\/fotogasteiz.com\/blog\/wp-content\/smush-avif\/2020\/07\/almeria-granada-sevilla-perez-siquier-19-2048x1346.jpg.avif 2048w, https:\/\/fotogasteiz.com\/blog\/wp-content\/smush-avif\/2020\/07\/almeria-granada-sevilla-perez-siquier-19-1643x1080.jpg.avif 1643w\" data-sizes=\"(max-width: 300px) 100vw, 300px\" src=\"data:image\/svg+xml;base64,PHN2ZyB3aWR0aD0iMSIgaGVpZ2h0PSIxIiB4bWxucz0iaHR0cDovL3d3dy53My5vcmcvMjAwMC9zdmciPjwvc3ZnPg==\" style=\"--smush-placeholder-width: 300px; --smush-placeholder-aspect-ratio: 300\/197;\" \/><\/a>\n\t\t\t<\/dt><\/dl><dl class='gallery-item'>\n\t\t\t<dt class='gallery-icon landscape'>\n\t\t\t\t<a data-fancybox=\"mesmerize-gallery-1-group\" href='https:\/\/fotogasteiz.com\/blog\/wp-content\/smush-avif\/2020\/07\/almeria-granada-sevilla-perez-siquier-18-scaled.jpg.avif'><img decoding=\"async\"  width=\"300\" height=\"200\" data-src=\"https:\/\/fotogasteiz.com\/blog\/wp-content\/smush-avif\/2020\/07\/almeria-granada-sevilla-perez-siquier-18-300x200.jpg.avif\"  class='mesmerize-gallery-1-image lazyload' alt=\"\" data-srcset=\"https:\/\/fotogasteiz.com\/blog\/wp-content\/smush-avif\/2020\/07\/almeria-granada-sevilla-perez-siquier-18-300x200.jpg.avif 300w, https:\/\/fotogasteiz.com\/blog\/wp-content\/smush-avif\/2020\/07\/almeria-granada-sevilla-perez-siquier-18-1024x682.jpg.avif 1024w, https:\/\/fotogasteiz.com\/blog\/wp-content\/smush-avif\/2020\/07\/almeria-granada-sevilla-perez-siquier-18-768x512.jpg.avif 768w, https:\/\/fotogasteiz.com\/blog\/wp-content\/smush-avif\/2020\/07\/almeria-granada-sevilla-perez-siquier-18-1536x1023.jpg.avif 1536w, https:\/\/fotogasteiz.com\/blog\/wp-content\/smush-avif\/2020\/07\/almeria-granada-sevilla-perez-siquier-18-2048x1364.jpg.avif 2048w, https:\/\/fotogasteiz.com\/blog\/wp-content\/smush-avif\/2020\/07\/almeria-granada-sevilla-perez-siquier-18-1621x1080.jpg.avif 1621w\" data-sizes=\"(max-width: 300px) 100vw, 300px\" src=\"data:image\/svg+xml;base64,PHN2ZyB3aWR0aD0iMSIgaGVpZ2h0PSIxIiB4bWxucz0iaHR0cDovL3d3dy53My5vcmcvMjAwMC9zdmciPjwvc3ZnPg==\" style=\"--smush-placeholder-width: 300px; --smush-placeholder-aspect-ratio: 300\/200;\" \/><\/a>\n\t\t\t<\/dt><\/dl><dl class='gallery-item'>\n\t\t\t<dt class='gallery-icon landscape'>\n\t\t\t\t<a data-fancybox=\"mesmerize-gallery-1-group\" href='https:\/\/fotogasteiz.com\/blog\/wp-content\/smush-avif\/2020\/07\/almeria-granada-sevilla-perez-siquier-17-scaled.jpg.avif'><img decoding=\"async\"  width=\"300\" height=\"201\" data-src=\"https:\/\/fotogasteiz.com\/blog\/wp-content\/smush-avif\/2020\/07\/almeria-granada-sevilla-perez-siquier-17-300x201.jpg.avif\"  class='mesmerize-gallery-1-image lazyload' alt=\"\" data-srcset=\"https:\/\/fotogasteiz.com\/blog\/wp-content\/smush-avif\/2020\/07\/almeria-granada-sevilla-perez-siquier-17-300x201.jpg.avif 300w, https:\/\/fotogasteiz.com\/blog\/wp-content\/smush-avif\/2020\/07\/almeria-granada-sevilla-perez-siquier-17-1024x685.jpg.avif 1024w, https:\/\/fotogasteiz.com\/blog\/wp-content\/smush-avif\/2020\/07\/almeria-granada-sevilla-perez-siquier-17-768x514.jpg.avif 768w, https:\/\/fotogasteiz.com\/blog\/wp-content\/smush-avif\/2020\/07\/almeria-granada-sevilla-perez-siquier-17-1536x1027.jpg.avif 1536w, https:\/\/fotogasteiz.com\/blog\/wp-content\/smush-avif\/2020\/07\/almeria-granada-sevilla-perez-siquier-17-2048x1370.jpg.avif 2048w, https:\/\/fotogasteiz.com\/blog\/wp-content\/smush-avif\/2020\/07\/almeria-granada-sevilla-perez-siquier-17-1615x1080.jpg.avif 1615w\" data-sizes=\"(max-width: 300px) 100vw, 300px\" src=\"data:image\/svg+xml;base64,PHN2ZyB3aWR0aD0iMSIgaGVpZ2h0PSIxIiB4bWxucz0iaHR0cDovL3d3dy53My5vcmcvMjAwMC9zdmciPjwvc3ZnPg==\" style=\"--smush-placeholder-width: 300px; --smush-placeholder-aspect-ratio: 300\/201;\" \/><\/a>\n\t\t\t<\/dt><\/dl><dl class='gallery-item'>\n\t\t\t<dt class='gallery-icon landscape'>\n\t\t\t\t<a data-fancybox=\"mesmerize-gallery-1-group\" href='https:\/\/fotogasteiz.com\/blog\/wp-content\/smush-avif\/2020\/07\/almeria-granada-sevilla-perez-siquier-16-scaled.jpg.avif'><img decoding=\"async\"  width=\"300\" height=\"198\" data-src=\"https:\/\/fotogasteiz.com\/blog\/wp-content\/smush-avif\/2020\/07\/almeria-granada-sevilla-perez-siquier-16-300x198.jpg.avif\"  class='mesmerize-gallery-1-image lazyload' alt=\"\" data-srcset=\"https:\/\/fotogasteiz.com\/blog\/wp-content\/smush-avif\/2020\/07\/almeria-granada-sevilla-perez-siquier-16-300x198.jpg.avif 300w, https:\/\/fotogasteiz.com\/blog\/wp-content\/smush-avif\/2020\/07\/almeria-granada-sevilla-perez-siquier-16-1024x676.jpg.avif 1024w, https:\/\/fotogasteiz.com\/blog\/wp-content\/smush-avif\/2020\/07\/almeria-granada-sevilla-perez-siquier-16-768x507.jpg.avif 768w, https:\/\/fotogasteiz.com\/blog\/wp-content\/smush-avif\/2020\/07\/almeria-granada-sevilla-perez-siquier-16-1536x1014.jpg.avif 1536w, https:\/\/fotogasteiz.com\/blog\/wp-content\/smush-avif\/2020\/07\/almeria-granada-sevilla-perez-siquier-16-2048x1352.jpg.avif 2048w, https:\/\/fotogasteiz.com\/blog\/wp-content\/smush-avif\/2020\/07\/almeria-granada-sevilla-perez-siquier-16-1636x1080.jpg.avif 1636w\" data-sizes=\"(max-width: 300px) 100vw, 300px\" src=\"data:image\/svg+xml;base64,PHN2ZyB3aWR0aD0iMSIgaGVpZ2h0PSIxIiB4bWxucz0iaHR0cDovL3d3dy53My5vcmcvMjAwMC9zdmciPjwvc3ZnPg==\" style=\"--smush-placeholder-width: 300px; --smush-placeholder-aspect-ratio: 300\/198;\" \/><\/a>\n\t\t\t<\/dt><\/dl><dl class='gallery-item'>\n\t\t\t<dt class='gallery-icon landscape'>\n\t\t\t\t<a data-fancybox=\"mesmerize-gallery-1-group\" href='https:\/\/fotogasteiz.com\/blog\/wp-content\/smush-avif\/2020\/07\/almeria-granada-sevilla-perez-siquier-14-scaled.jpg.avif'><img decoding=\"async\"  width=\"300\" height=\"198\" data-src=\"https:\/\/fotogasteiz.com\/blog\/wp-content\/smush-avif\/2020\/07\/almeria-granada-sevilla-perez-siquier-14-300x198.jpg.avif\"  class='mesmerize-gallery-1-image lazyload' alt=\"\" data-srcset=\"https:\/\/fotogasteiz.com\/blog\/wp-content\/smush-avif\/2020\/07\/almeria-granada-sevilla-perez-siquier-14-300x198.jpg.avif 300w, https:\/\/fotogasteiz.com\/blog\/wp-content\/smush-avif\/2020\/07\/almeria-granada-sevilla-perez-siquier-14-1024x675.jpg.avif 1024w, https:\/\/fotogasteiz.com\/blog\/wp-content\/smush-avif\/2020\/07\/almeria-granada-sevilla-perez-siquier-14-768x506.jpg.avif 768w, https:\/\/fotogasteiz.com\/blog\/wp-content\/smush-avif\/2020\/07\/almeria-granada-sevilla-perez-siquier-14-1536x1013.jpg.avif 1536w, https:\/\/fotogasteiz.com\/blog\/wp-content\/smush-avif\/2020\/07\/almeria-granada-sevilla-perez-siquier-14-2048x1350.jpg.avif 2048w, https:\/\/fotogasteiz.com\/blog\/wp-content\/smush-avif\/2020\/07\/almeria-granada-sevilla-perez-siquier-14-1638x1080.jpg.avif 1638w\" data-sizes=\"(max-width: 300px) 100vw, 300px\" src=\"data:image\/svg+xml;base64,PHN2ZyB3aWR0aD0iMSIgaGVpZ2h0PSIxIiB4bWxucz0iaHR0cDovL3d3dy53My5vcmcvMjAwMC9zdmciPjwvc3ZnPg==\" style=\"--smush-placeholder-width: 300px; --smush-placeholder-aspect-ratio: 300\/198;\" \/><\/a>\n\t\t\t<\/dt><\/dl><dl class='gallery-item'>\n\t\t\t<dt class='gallery-icon landscape'>\n\t\t\t\t<a data-fancybox=\"mesmerize-gallery-1-group\" href='https:\/\/fotogasteiz.com\/blog\/wp-content\/smush-avif\/2020\/07\/almeria-granada-sevilla-perez-siquier-15-scaled.jpg.avif'><img decoding=\"async\"  width=\"300\" height=\"200\" data-src=\"https:\/\/fotogasteiz.com\/blog\/wp-content\/smush-avif\/2020\/07\/almeria-granada-sevilla-perez-siquier-15-300x200.jpg.avif\"  class='mesmerize-gallery-1-image lazyload' alt=\"\" data-srcset=\"https:\/\/fotogasteiz.com\/blog\/wp-content\/smush-avif\/2020\/07\/almeria-granada-sevilla-perez-siquier-15-300x200.jpg.avif 300w, https:\/\/fotogasteiz.com\/blog\/wp-content\/smush-avif\/2020\/07\/almeria-granada-sevilla-perez-siquier-15-1024x681.jpg.avif 1024w, https:\/\/fotogasteiz.com\/blog\/wp-content\/smush-avif\/2020\/07\/almeria-granada-sevilla-perez-siquier-15-768x511.jpg.avif 768w, https:\/\/fotogasteiz.com\/blog\/wp-content\/smush-avif\/2020\/07\/almeria-granada-sevilla-perez-siquier-15-1536x1022.jpg.avif 1536w, https:\/\/fotogasteiz.com\/blog\/wp-content\/smush-avif\/2020\/07\/almeria-granada-sevilla-perez-siquier-15-2048x1363.jpg.avif 2048w, https:\/\/fotogasteiz.com\/blog\/wp-content\/smush-avif\/2020\/07\/almeria-granada-sevilla-perez-siquier-15-1623x1080.jpg.avif 1623w\" data-sizes=\"(max-width: 300px) 100vw, 300px\" src=\"data:image\/svg+xml;base64,PHN2ZyB3aWR0aD0iMSIgaGVpZ2h0PSIxIiB4bWxucz0iaHR0cDovL3d3dy53My5vcmcvMjAwMC9zdmciPjwvc3ZnPg==\" style=\"--smush-placeholder-width: 300px; --smush-placeholder-aspect-ratio: 300\/200;\" \/><\/a>\n\t\t\t<\/dt><\/dl><dl class='gallery-item'>\n\t\t\t<dt class='gallery-icon landscape'>\n\t\t\t\t<a data-fancybox=\"mesmerize-gallery-1-group\" href='https:\/\/fotogasteiz.com\/blog\/wp-content\/smush-avif\/2020\/07\/almeria-granada-sevilla-perez-siquier-13-scaled.jpg.avif'><img decoding=\"async\"  width=\"300\" height=\"201\" data-src=\"https:\/\/fotogasteiz.com\/blog\/wp-content\/smush-avif\/2020\/07\/almeria-granada-sevilla-perez-siquier-13-300x201.jpg.avif\"  class='mesmerize-gallery-1-image lazyload' alt=\"\" data-srcset=\"https:\/\/fotogasteiz.com\/blog\/wp-content\/smush-avif\/2020\/07\/almeria-granada-sevilla-perez-siquier-13-300x201.jpg.avif 300w, https:\/\/fotogasteiz.com\/blog\/wp-content\/smush-avif\/2020\/07\/almeria-granada-sevilla-perez-siquier-13-1024x687.jpg.avif 1024w, https:\/\/fotogasteiz.com\/blog\/wp-content\/smush-avif\/2020\/07\/almeria-granada-sevilla-perez-siquier-13-768x515.jpg.avif 768w, https:\/\/fotogasteiz.com\/blog\/wp-content\/smush-avif\/2020\/07\/almeria-granada-sevilla-perez-siquier-13-1536x1030.jpg.avif 1536w, https:\/\/fotogasteiz.com\/blog\/wp-content\/smush-avif\/2020\/07\/almeria-granada-sevilla-perez-siquier-13-2048x1374.jpg.avif 2048w, https:\/\/fotogasteiz.com\/blog\/wp-content\/smush-avif\/2020\/07\/almeria-granada-sevilla-perez-siquier-13-1610x1080.jpg.avif 1610w\" data-sizes=\"(max-width: 300px) 100vw, 300px\" src=\"data:image\/svg+xml;base64,PHN2ZyB3aWR0aD0iMSIgaGVpZ2h0PSIxIiB4bWxucz0iaHR0cDovL3d3dy53My5vcmcvMjAwMC9zdmciPjwvc3ZnPg==\" style=\"--smush-placeholder-width: 300px; --smush-placeholder-aspect-ratio: 300\/201;\" \/><\/a>\n\t\t\t<\/dt><\/dl><dl class='gallery-item'>\n\t\t\t<dt class='gallery-icon landscape'>\n\t\t\t\t<a data-fancybox=\"mesmerize-gallery-1-group\" href='https:\/\/fotogasteiz.com\/blog\/wp-content\/smush-avif\/2020\/07\/almeria-granada-sevilla-perez-siquier-12-scaled.jpg.avif'><img decoding=\"async\"  width=\"300\" height=\"200\" data-src=\"https:\/\/fotogasteiz.com\/blog\/wp-content\/smush-avif\/2020\/07\/almeria-granada-sevilla-perez-siquier-12-300x200.jpg.avif\"  class='mesmerize-gallery-1-image lazyload' alt=\"\" data-srcset=\"https:\/\/fotogasteiz.com\/blog\/wp-content\/smush-avif\/2020\/07\/almeria-granada-sevilla-perez-siquier-12-300x200.jpg.avif 300w, https:\/\/fotogasteiz.com\/blog\/wp-content\/smush-avif\/2020\/07\/almeria-granada-sevilla-perez-siquier-12-1024x684.jpg.avif 1024w, https:\/\/fotogasteiz.com\/blog\/wp-content\/smush-avif\/2020\/07\/almeria-granada-sevilla-perez-siquier-12-768x513.jpg.avif 768w, https:\/\/fotogasteiz.com\/blog\/wp-content\/smush-avif\/2020\/07\/almeria-granada-sevilla-perez-siquier-12-1536x1026.jpg.avif 1536w, https:\/\/fotogasteiz.com\/blog\/wp-content\/smush-avif\/2020\/07\/almeria-granada-sevilla-perez-siquier-12-2048x1368.jpg.avif 2048w, https:\/\/fotogasteiz.com\/blog\/wp-content\/smush-avif\/2020\/07\/almeria-granada-sevilla-perez-siquier-12-1617x1080.jpg.avif 1617w\" data-sizes=\"(max-width: 300px) 100vw, 300px\" src=\"data:image\/svg+xml;base64,PHN2ZyB3aWR0aD0iMSIgaGVpZ2h0PSIxIiB4bWxucz0iaHR0cDovL3d3dy53My5vcmcvMjAwMC9zdmciPjwvc3ZnPg==\" style=\"--smush-placeholder-width: 300px; --smush-placeholder-aspect-ratio: 300\/200;\" \/><\/a>\n\t\t\t<\/dt><\/dl><dl class='gallery-item'>\n\t\t\t<dt class='gallery-icon landscape'>\n\t\t\t\t<a data-fancybox=\"mesmerize-gallery-1-group\" href='https:\/\/fotogasteiz.com\/blog\/wp-content\/smush-avif\/2020\/07\/almeria-granada-sevilla-perez-siquier-11-scaled.jpg.avif'><img decoding=\"async\"  width=\"300\" height=\"200\" data-src=\"https:\/\/fotogasteiz.com\/blog\/wp-content\/smush-avif\/2020\/07\/almeria-granada-sevilla-perez-siquier-11-300x200.jpg.avif\"  class='mesmerize-gallery-1-image lazyload' alt=\"\" data-srcset=\"https:\/\/fotogasteiz.com\/blog\/wp-content\/smush-avif\/2020\/07\/almeria-granada-sevilla-perez-siquier-11-300x200.jpg.avif 300w, https:\/\/fotogasteiz.com\/blog\/wp-content\/smush-avif\/2020\/07\/almeria-granada-sevilla-perez-siquier-11-1024x682.jpg.avif 1024w, https:\/\/fotogasteiz.com\/blog\/wp-content\/smush-avif\/2020\/07\/almeria-granada-sevilla-perez-siquier-11-768x511.jpg.avif 768w, https:\/\/fotogasteiz.com\/blog\/wp-content\/smush-avif\/2020\/07\/almeria-granada-sevilla-perez-siquier-11-1536x1022.jpg.avif 1536w, https:\/\/fotogasteiz.com\/blog\/wp-content\/smush-avif\/2020\/07\/almeria-granada-sevilla-perez-siquier-11-2048x1363.jpg.avif 2048w, https:\/\/fotogasteiz.com\/blog\/wp-content\/smush-avif\/2020\/07\/almeria-granada-sevilla-perez-siquier-11-1623x1080.jpg.avif 1623w\" data-sizes=\"(max-width: 300px) 100vw, 300px\" src=\"data:image\/svg+xml;base64,PHN2ZyB3aWR0aD0iMSIgaGVpZ2h0PSIxIiB4bWxucz0iaHR0cDovL3d3dy53My5vcmcvMjAwMC9zdmciPjwvc3ZnPg==\" style=\"--smush-placeholder-width: 300px; --smush-placeholder-aspect-ratio: 300\/200;\" \/><\/a>\n\t\t\t<\/dt><\/dl><dl class='gallery-item'>\n\t\t\t<dt class='gallery-icon landscape'>\n\t\t\t\t<a data-fancybox=\"mesmerize-gallery-1-group\" href='https:\/\/fotogasteiz.com\/blog\/wp-content\/smush-avif\/2020\/07\/almeria-granada-sevilla-perez-siquier-10-scaled.jpg.avif'><img decoding=\"async\"  width=\"300\" height=\"201\" data-src=\"https:\/\/fotogasteiz.com\/blog\/wp-content\/smush-avif\/2020\/07\/almeria-granada-sevilla-perez-siquier-10-300x201.jpg.avif\"  class='mesmerize-gallery-1-image lazyload' alt=\"\" data-srcset=\"https:\/\/fotogasteiz.com\/blog\/wp-content\/smush-avif\/2020\/07\/almeria-granada-sevilla-perez-siquier-10-300x201.jpg.avif 300w, https:\/\/fotogasteiz.com\/blog\/wp-content\/smush-avif\/2020\/07\/almeria-granada-sevilla-perez-siquier-10-1024x685.jpg.avif 1024w, https:\/\/fotogasteiz.com\/blog\/wp-content\/smush-avif\/2020\/07\/almeria-granada-sevilla-perez-siquier-10-768x514.jpg.avif 768w, https:\/\/fotogasteiz.com\/blog\/wp-content\/smush-avif\/2020\/07\/almeria-granada-sevilla-perez-siquier-10-1536x1028.jpg.avif 1536w, https:\/\/fotogasteiz.com\/blog\/wp-content\/smush-avif\/2020\/07\/almeria-granada-sevilla-perez-siquier-10-2048x1370.jpg.avif 2048w, https:\/\/fotogasteiz.com\/blog\/wp-content\/smush-avif\/2020\/07\/almeria-granada-sevilla-perez-siquier-10-1614x1080.jpg.avif 1614w\" data-sizes=\"(max-width: 300px) 100vw, 300px\" src=\"data:image\/svg+xml;base64,PHN2ZyB3aWR0aD0iMSIgaGVpZ2h0PSIxIiB4bWxucz0iaHR0cDovL3d3dy53My5vcmcvMjAwMC9zdmciPjwvc3ZnPg==\" style=\"--smush-placeholder-width: 300px; --smush-placeholder-aspect-ratio: 300\/201;\" \/><\/a>\n\t\t\t<\/dt><\/dl><dl class='gallery-item'>\n\t\t\t<dt class='gallery-icon landscape'>\n\t\t\t\t<a data-fancybox=\"mesmerize-gallery-1-group\" href='https:\/\/fotogasteiz.com\/blog\/wp-content\/smush-avif\/2020\/07\/almeria-granada-sevilla-perez-siquier-8-scaled.jpg.avif'><img decoding=\"async\"  width=\"300\" height=\"197\" data-src=\"https:\/\/fotogasteiz.com\/blog\/wp-content\/smush-avif\/2020\/07\/almeria-granada-sevilla-perez-siquier-8-300x197.jpg.avif\"  class='mesmerize-gallery-1-image lazyload' alt=\"\" data-srcset=\"https:\/\/fotogasteiz.com\/blog\/wp-content\/smush-avif\/2020\/07\/almeria-granada-sevilla-perez-siquier-8-300x197.jpg.avif 300w, https:\/\/fotogasteiz.com\/blog\/wp-content\/smush-avif\/2020\/07\/almeria-granada-sevilla-perez-siquier-8-1024x673.jpg.avif 1024w, https:\/\/fotogasteiz.com\/blog\/wp-content\/smush-avif\/2020\/07\/almeria-granada-sevilla-perez-siquier-8-768x505.jpg.avif 768w, https:\/\/fotogasteiz.com\/blog\/wp-content\/smush-avif\/2020\/07\/almeria-granada-sevilla-perez-siquier-8-1536x1009.jpg.avif 1536w, https:\/\/fotogasteiz.com\/blog\/wp-content\/smush-avif\/2020\/07\/almeria-granada-sevilla-perez-siquier-8-2048x1346.jpg.avif 2048w, https:\/\/fotogasteiz.com\/blog\/wp-content\/smush-avif\/2020\/07\/almeria-granada-sevilla-perez-siquier-8-1644x1080.jpg.avif 1644w\" data-sizes=\"(max-width: 300px) 100vw, 300px\" src=\"data:image\/svg+xml;base64,PHN2ZyB3aWR0aD0iMSIgaGVpZ2h0PSIxIiB4bWxucz0iaHR0cDovL3d3dy53My5vcmcvMjAwMC9zdmciPjwvc3ZnPg==\" style=\"--smush-placeholder-width: 300px; --smush-placeholder-aspect-ratio: 300\/197;\" \/><\/a>\n\t\t\t<\/dt><\/dl><dl class='gallery-item'>\n\t\t\t<dt class='gallery-icon landscape'>\n\t\t\t\t<a data-fancybox=\"mesmerize-gallery-1-group\" href='https:\/\/fotogasteiz.com\/blog\/wp-content\/smush-avif\/2020\/07\/almeria-granada-sevilla-perez-siquier-9-scaled.jpg.avif'><img decoding=\"async\"  width=\"300\" height=\"199\" data-src=\"https:\/\/fotogasteiz.com\/blog\/wp-content\/smush-avif\/2020\/07\/almeria-granada-sevilla-perez-siquier-9-300x199.jpg.avif\"  class='mesmerize-gallery-1-image lazyload' alt=\"\" data-srcset=\"https:\/\/fotogasteiz.com\/blog\/wp-content\/smush-avif\/2020\/07\/almeria-granada-sevilla-perez-siquier-9-300x199.jpg.avif 300w, https:\/\/fotogasteiz.com\/blog\/wp-content\/smush-avif\/2020\/07\/almeria-granada-sevilla-perez-siquier-9-1024x680.jpg.avif 1024w, https:\/\/fotogasteiz.com\/blog\/wp-content\/smush-avif\/2020\/07\/almeria-granada-sevilla-perez-siquier-9-768x510.jpg.avif 768w, https:\/\/fotogasteiz.com\/blog\/wp-content\/smush-avif\/2020\/07\/almeria-granada-sevilla-perez-siquier-9-1536x1020.jpg.avif 1536w, https:\/\/fotogasteiz.com\/blog\/wp-content\/smush-avif\/2020\/07\/almeria-granada-sevilla-perez-siquier-9-2048x1360.jpg.avif 2048w, https:\/\/fotogasteiz.com\/blog\/wp-content\/smush-avif\/2020\/07\/almeria-granada-sevilla-perez-siquier-9-1627x1080.jpg.avif 1627w\" data-sizes=\"(max-width: 300px) 100vw, 300px\" src=\"data:image\/svg+xml;base64,PHN2ZyB3aWR0aD0iMSIgaGVpZ2h0PSIxIiB4bWxucz0iaHR0cDovL3d3dy53My5vcmcvMjAwMC9zdmciPjwvc3ZnPg==\" style=\"--smush-placeholder-width: 300px; --smush-placeholder-aspect-ratio: 300\/199;\" \/><\/a>\n\t\t\t<\/dt><\/dl><dl class='gallery-item'>\n\t\t\t<dt class='gallery-icon landscape'>\n\t\t\t\t<a data-fancybox=\"mesmerize-gallery-1-group\" href='https:\/\/fotogasteiz.com\/blog\/wp-content\/smush-avif\/2020\/07\/almeria-granada-sevilla-perez-siquier-7-scaled.jpg.avif'><img decoding=\"async\"  width=\"300\" height=\"198\" data-src=\"https:\/\/fotogasteiz.com\/blog\/wp-content\/smush-avif\/2020\/07\/almeria-granada-sevilla-perez-siquier-7-300x198.jpg.avif\"  class='mesmerize-gallery-1-image lazyload' alt=\"\" data-srcset=\"https:\/\/fotogasteiz.com\/blog\/wp-content\/smush-avif\/2020\/07\/almeria-granada-sevilla-perez-siquier-7-300x198.jpg.avif 300w, https:\/\/fotogasteiz.com\/blog\/wp-content\/smush-avif\/2020\/07\/almeria-granada-sevilla-perez-siquier-7-1024x677.jpg.avif 1024w, https:\/\/fotogasteiz.com\/blog\/wp-content\/smush-avif\/2020\/07\/almeria-granada-sevilla-perez-siquier-7-768x508.jpg.avif 768w, https:\/\/fotogasteiz.com\/blog\/wp-content\/smush-avif\/2020\/07\/almeria-granada-sevilla-perez-siquier-7-1536x1016.jpg.avif 1536w, https:\/\/fotogasteiz.com\/blog\/wp-content\/smush-avif\/2020\/07\/almeria-granada-sevilla-perez-siquier-7-2048x1354.jpg.avif 2048w, https:\/\/fotogasteiz.com\/blog\/wp-content\/smush-avif\/2020\/07\/almeria-granada-sevilla-perez-siquier-7-1633x1080.jpg.avif 1633w\" data-sizes=\"(max-width: 300px) 100vw, 300px\" src=\"data:image\/svg+xml;base64,PHN2ZyB3aWR0aD0iMSIgaGVpZ2h0PSIxIiB4bWxucz0iaHR0cDovL3d3dy53My5vcmcvMjAwMC9zdmciPjwvc3ZnPg==\" style=\"--smush-placeholder-width: 300px; --smush-placeholder-aspect-ratio: 300\/198;\" \/><\/a>\n\t\t\t<\/dt><\/dl><dl class='gallery-item'>\n\t\t\t<dt class='gallery-icon landscape'>\n\t\t\t\t<a data-fancybox=\"mesmerize-gallery-1-group\" href='https:\/\/fotogasteiz.com\/blog\/wp-content\/smush-avif\/2020\/07\/almeria-granada-sevilla-perez-siquier-6-scaled.jpg.avif'><img decoding=\"async\"  width=\"300\" height=\"202\" data-src=\"https:\/\/fotogasteiz.com\/blog\/wp-content\/smush-avif\/2020\/07\/almeria-granada-sevilla-perez-siquier-6-300x202.jpg.avif\"  class='mesmerize-gallery-1-image lazyload' alt=\"\" data-srcset=\"https:\/\/fotogasteiz.com\/blog\/wp-content\/smush-avif\/2020\/07\/almeria-granada-sevilla-perez-siquier-6-300x202.jpg.avif 300w, https:\/\/fotogasteiz.com\/blog\/wp-content\/smush-avif\/2020\/07\/almeria-granada-sevilla-perez-siquier-6-1024x688.jpg.avif 1024w, https:\/\/fotogasteiz.com\/blog\/wp-content\/smush-avif\/2020\/07\/almeria-granada-sevilla-perez-siquier-6-768x516.jpg.avif 768w, https:\/\/fotogasteiz.com\/blog\/wp-content\/smush-avif\/2020\/07\/almeria-granada-sevilla-perez-siquier-6-1536x1032.jpg.avif 1536w, https:\/\/fotogasteiz.com\/blog\/wp-content\/smush-avif\/2020\/07\/almeria-granada-sevilla-perez-siquier-6-2048x1376.jpg.avif 2048w, https:\/\/fotogasteiz.com\/blog\/wp-content\/smush-avif\/2020\/07\/almeria-granada-sevilla-perez-siquier-6-1608x1080.jpg.avif 1608w\" data-sizes=\"(max-width: 300px) 100vw, 300px\" src=\"data:image\/svg+xml;base64,PHN2ZyB3aWR0aD0iMSIgaGVpZ2h0PSIxIiB4bWxucz0iaHR0cDovL3d3dy53My5vcmcvMjAwMC9zdmciPjwvc3ZnPg==\" style=\"--smush-placeholder-width: 300px; --smush-placeholder-aspect-ratio: 300\/202;\" \/><\/a>\n\t\t\t<\/dt><\/dl><dl class='gallery-item'>\n\t\t\t<dt class='gallery-icon landscape'>\n\t\t\t\t<a data-fancybox=\"mesmerize-gallery-1-group\" href='https:\/\/fotogasteiz.com\/blog\/wp-content\/smush-avif\/2020\/07\/almeria-granada-sevilla-perez-siquier-1-scaled.jpg.avif'><img decoding=\"async\"  width=\"300\" height=\"198\" data-src=\"https:\/\/fotogasteiz.com\/blog\/wp-content\/smush-avif\/2020\/07\/almeria-granada-sevilla-perez-siquier-1-300x198.jpg.avif\"  class='mesmerize-gallery-1-image lazyload' alt=\"\" data-srcset=\"https:\/\/fotogasteiz.com\/blog\/wp-content\/smush-avif\/2020\/07\/almeria-granada-sevilla-perez-siquier-1-300x198.jpg.avif 300w, https:\/\/fotogasteiz.com\/blog\/wp-content\/smush-avif\/2020\/07\/almeria-granada-sevilla-perez-siquier-1-1024x677.jpg.avif 1024w, https:\/\/fotogasteiz.com\/blog\/wp-content\/smush-avif\/2020\/07\/almeria-granada-sevilla-perez-siquier-1-768x508.jpg.avif 768w, https:\/\/fotogasteiz.com\/blog\/wp-content\/smush-avif\/2020\/07\/almeria-granada-sevilla-perez-siquier-1-1536x1016.jpg.avif 1536w, https:\/\/fotogasteiz.com\/blog\/wp-content\/smush-avif\/2020\/07\/almeria-granada-sevilla-perez-siquier-1-2048x1354.jpg.avif 2048w, https:\/\/fotogasteiz.com\/blog\/wp-content\/smush-avif\/2020\/07\/almeria-granada-sevilla-perez-siquier-1-1633x1080.jpg.avif 1633w\" data-sizes=\"(max-width: 300px) 100vw, 300px\" src=\"data:image\/svg+xml;base64,PHN2ZyB3aWR0aD0iMSIgaGVpZ2h0PSIxIiB4bWxucz0iaHR0cDovL3d3dy53My5vcmcvMjAwMC9zdmciPjwvc3ZnPg==\" style=\"--smush-placeholder-width: 300px; --smush-placeholder-aspect-ratio: 300\/198;\" \/><\/a>\n\t\t\t<\/dt><\/dl>\n\t\t<\/div>\n<script>(function($){window.MaterialisCaptionsGallery && window.MaterialisCaptionsGallery($('[data-unique-id=\"mesmerize-gallery-1-69f2224d93d4e\"]'))})(jQuery)<\/script><\/div><\/div><\/div> <\/div><\/div><div  data-label=\"Publicaciones\" data-id=\"content--7\" data-export-id=\"content-7\" data-category=\"content\" class=\"content-7 content-section content-section-spacing\" id=\"publicaciones\" style=\"background-color: rgb(245, 250, 253);\"><div  class=\"gridContainer\"> <div  class=\"row middle-sm\"><div  class=\"col-sm-6 space-bottom-xs\" data-type=\"column\"> <p  class=\"lead\"><span  style=\"font-family: Muli, arial, helvetica, sans-serif; font-weight: 900; color: rgb(3, 169, 244);\">BIOGRAF\u00cdA DE <span  id=\"_mce_caret\" data-mce-bogus=\"1\" data-mce-type=\"format-caret\">\ufeff<\/span>CARLOS P\u00c9REZ SIQUIER<\/span><\/p><h2  class=\"\"><span  style=\"font-family: &quot;Playfair Display&quot;, arial, helvetica, sans-serif; color: rgb(0, 0, 0);\">Publicaciones destacadas&nbsp;<\/span><\/h2> <p  class=\"\"><span  style=\"font-family: Muli, arial, helvetica, sans-serif; color: rgb(52, 58, 64);\">En 2002 se publica <a data-mce-href=\"https:\/\/amzn.to\/3tlOOjp\" href=\"https:\/\/amzn.to\/3tlOOjp\" target=\"_blank\" rel=\"noopener\" data-mce-selected=\"inline-boundary\" data-cp-link=\"1\" class=\"\"><span  style=\"font-weight: 900;\">\u2018P\u00e9rez Siquier. Medianeras\u2019<\/span><\/a>, publicaci\u00f3n que re\u00fane en un conjunto de im\u00e1genes en color, donde el fot\u00f3grafo descubre la belleza de medianeras y paredes exteriores de distintos edificios.\n<\/span><br ><br ><span  style=\"font-family: Muli, arial, helvetica, sans-serif; color: rgb(52, 58, 64);\">\nTambi\u00e9n en este a\u00f1o se publica <span  style=\"font-weight: 700;\">\u2018P\u00e9rez Siquier, la mirada c\u00f3mplice\u2019<\/span>, con motivo de la inauguraci\u00f3n de la nueva sede de la Real Sociedad Fotogr\u00e1fica. Presenta un conjunto de im\u00e1genes en color pertenecientes a la veta mas pop del autor.\n<\/span><br ><span  style=\"font-family: Muli, arial, helvetica, sans-serif; color: rgb(52, 58, 64);\">\nY <span  style=\"font-weight: 900;\">\u2018P\u00e9rez Siquier. La isleta del moro\u2019<\/span>, que re\u00fane las im\u00e1genes paisaj\u00edsticas en blanco y negro captadas por P\u00e9rez Siquier en La Isleta del Moro, Parque Natural Cabo de Gata-Nijar, en 1970.\n<\/span><br ><br ><span  style=\"font-family: Muli, arial, helvetica, sans-serif; color: rgb(52, 58, 64);\">\nEn el a\u00f1o 2003 se public\u00f3 <span  style=\"font-weight: 900;\">\u2018P\u00e9rez Siquier. El color del sur\u2019<\/span>, una publicaci\u00f3n editada con motivo de la exposici\u00f3n celebrada en 2003 en el Museo de Arte de Almer\u00eda.\n<\/span><br ><br ><span  style=\"font-family: Muli, arial, helvetica, sans-serif; color: rgb(52, 58, 64);\">\nRepasa el trabajo en color del fot\u00f3grafo a trav\u00e9s de im\u00e1genes pertenecientes a varias series, entre las que se encuentra La Playa.<\/span><\/p> <\/div> <div  class=\"col-sm-6\" data-type=\"column\"> <img decoding=\"async\"  class=\"shadow-large lazyload\" data-src=\"https:\/\/i2.wp.com\/fotogasteiz.com\/blog\/wp-content\/uploads\/2020\/07\/cab.jpg?w=3840&amp;ssl=1\" alt=\"\" title=\"cab\" width=\"586\" height=\"440\" src=\"data:image\/svg+xml;base64,PHN2ZyB3aWR0aD0iMSIgaGVpZ2h0PSIxIiB4bWxucz0iaHR0cDovL3d3dy53My5vcmcvMjAwMC9zdmciPjwvc3ZnPg==\" style=\"--smush-placeholder-width: 586px; --smush-placeholder-aspect-ratio: 586\/440;\"><\/div> <\/div><\/div> <\/div><div  data-label=\"Premio Nacional\" data-id=\"content--8\" data-export-id=\"content-8\" data-category=\"content\" class=\"content-8 content-section content-section-spacing\" id=\"premio-nacional\" style=\"background-color: rgb(245, 250, 253); background-image: none;\"><div  class=\"gridContainer\"> <div  class=\"row middle-sm\"><div  class=\"col-sm-6 space-bottom-xs space-top-xs\" data-type=\"column\"> <img decoding=\"async\"  class=\"shadow-large lazyload\" data-src=\"https:\/\/i2.wp.com\/fotogasteiz.com\/blog\/wp-content\/uploads\/2020\/07\/G7TUDVFCFZTNC4IDSUOUEMUUUY.jpg?w=3840&amp;ssl=1\" alt=\"\" title=\"G7TUDVFCFZTNC4IDSUOUEMUUUY\" width=\"586\" height=\"390\" src=\"data:image\/svg+xml;base64,PHN2ZyB3aWR0aD0iMSIgaGVpZ2h0PSIxIiB4bWxucz0iaHR0cDovL3d3dy53My5vcmcvMjAwMC9zdmciPjwvc3ZnPg==\" style=\"--smush-placeholder-width: 586px; --smush-placeholder-aspect-ratio: 586\/390;\"><\/div> <div  class=\"col-sm-6\" data-type=\"column\"><p  class=\"lead\"><span  style=\"font-family: Muli, arial, helvetica, sans-serif; font-weight: 900; color: rgb(3, 169, 244);\">BIOGRAF\u00cdA DE CARLOS P\u00c9REZ SIQUIER<\/span><\/p><h2  class=\"\"><span  style=\"font-family: &quot;Playfair Display&quot;, arial, helvetica, sans-serif; color: rgb(0, 0, 0);\">Premio Nacional de Fotograf\u00eda<\/span><\/h2> <p  class=\"\"><span  style=\"font-family: Muli, arial, helvetica, sans-serif; color: rgb(52, 58, 64);\">Y en 2003 \u00abpor fin\u00bb como escribir\u00eda Laura Terr\u00e9, fue galardonado con el <span  style=\"font-weight: 900;\">Premio Nacional de Fotograf\u00eda<\/span>.\n<br ><br >Y en 2005, con motivo de la exposici\u00f3n por su Premio Nacional de Fotograf\u00eda de 2003, la Editorial Lunwerg y el Ministerio de Cultura publicaron \u2018P\u00e9rez Siquier. La mirada\u2019, que repasa toda la trayectoria del fot\u00f3grafo hasta ese momento.<\/span><\/p> <\/div> <\/div><\/div> <\/div><div  data-label=\"Publicaciones recientes\" data-id=\"content--9\" data-export-id=\"content-7\" data-category=\"content\" class=\"content-7 content-section content-section-spacing\" id=\"publicaciones-recientes\" style=\"background-color: rgb(245, 250, 253);\"><div  class=\"gridContainer\"> <div  class=\"row middle-sm\"><div  class=\"col-sm-6 space-bottom-xs\" data-type=\"column\"> <p  class=\"lead\"><span  style=\"font-family: Muli, arial, helvetica, sans-serif; font-weight: 900; color: rgb(3, 169, 244);\">BIOGRAF\u00cdA DE CARLOS P\u00c9REZ SIQUIER<\/span><\/p><h2  class=\"\"><span  style=\"font-family: &quot;Playfair Display&quot;, arial, helvetica, sans-serif; color: rgb(0, 0, 0);\">Publicaciones m\u00e1s recientes<\/span><\/h2> <p  class=\"\"><span  style=\"font-family: Muli, arial, helvetica, sans-serif; color: rgb(52, 58, 64);\">Ese a\u00f1o 2005 tambi\u00e9n se publica \u2018P\u00e9rez Siquier. Almer\u00eda y el cine\u2019, con motivo de la exposici\u00f3n realizada en 2005 en el palacio de la Diputaci\u00f3n de Almer\u00eda en el marco del Festival de Cine \u00abAlmer\u00eda en Corto\u00bb, con im\u00e1genes tomadas por P\u00e9rez Siquier en el rodaje de varias pel\u00edculas en Almer\u00eda, entre los a\u00f1os 1956-1986.\n<\/span><br ><br ><span  style=\"font-family: Muli, arial, helvetica, sans-serif; color: rgb(52, 58, 64);\">\nEn 2008 se publica \u2018Goytisolo y P\u00e9rez Siquier. La Chanca\u2019, publicaci\u00f3n que re\u00fane en un mismo volumen la celebre novela de Juan Goytisolo y las fotograf\u00edas de P\u00e9rez Siquier sobre el barrio almeriense de La Chanca.<\/span><br ><span  style=\"font-family: Muli, arial, helvetica, sans-serif; color: rgb(52, 58, 64);\">\nEn 2009, el Centro Andaluz de la Fotograf\u00eda publica \u2018P\u00e9rez Siquier. Al fin y al cabo\u2019, una recopilaci\u00f3n de im\u00e1genes en color tomadas por P\u00e9rez Siquier durante d\u00e9cadas en el Parque Natural Cabo de Gata-Nijar.\n<\/span><br ><br ><span  style=\"font-family: Muli, arial, helvetica, sans-serif; color: rgb(52, 58, 64);\">\nEn 2014 se publica \u2018P\u00e9rez Siquier Esencial\u2019, que repasa de forma panor\u00e1mica toda la trayectoria del fot\u00f3grafo y reproduce a toda p\u00e1gina las fotograf\u00edas m\u00e1s importantes de sus series m\u00e1s significativas. Incluye una exhaustiva cronobiograf\u00eda y una aproximaci\u00f3n al pensamiento del autor.\n<\/span><br ><br ><span  style=\"font-family: Muli, arial, helvetica, sans-serif; color: rgb(52, 58, 64);\">\nEn 2015 publica \u2018Mi sombra y yo\u2019. Este fotolibro reproduce la primera serie fotografiada en sistema digital por P\u00e9rez Siquier. Se trata de un conjunto de im\u00e1genes cuyo denominador com\u00fan es la sombra del fot\u00f3grafo proyect\u00e1ndose sobre sus lugares cotidianos.\n<br >\n<br >En 2017 publica \u2018P\u00e9rez Siquier. La Brisie\u00f1a\u2019, una recopilaci\u00f3n de im\u00e1genes en color tomadas por P\u00e9rez Siquier en una casa de su propiedad situada en el municipio de Benahadux (Almer\u00eda).<\/span><\/p> <\/div> <div  class=\"col-sm-6\" data-type=\"column\"> <img decoding=\"async\"  class=\"shadow-large lazyload\" data-src=\"https:\/\/i2.wp.com\/fotogasteiz.com\/blog\/wp-content\/uploads\/2020\/07\/d11fda4e1b8fcb65dc12bb427d3277ae.jpg?w=3840&amp;ssl=1\" alt=\"\" title=\"d11fda4e1b8fcb65dc12bb427d3277ae\" width=\"586\" height=\"440\" src=\"data:image\/svg+xml;base64,PHN2ZyB3aWR0aD0iMSIgaGVpZ2h0PSIxIiB4bWxucz0iaHR0cDovL3d3dy53My5vcmcvMjAwMC9zdmciPjwvc3ZnPg==\" style=\"--smush-placeholder-width: 586px; --smush-placeholder-aspect-ratio: 586\/440;\"><\/div> <\/div><\/div> <\/div><div  data-label=\"Centro P\u00e9rez Siquier\" data-id=\"content--10\" data-export-id=\"content-8\" data-category=\"content\" class=\"content-8 content-section content-section-spacing\" id=\"centro-perez-siquier\" style=\"background-color: rgb(245, 250, 253); background-image: none;\"><div  class=\"gridContainer\"> <div  class=\"row middle-sm\"><div  class=\"col-sm-6 space-bottom-xs space-top-xs\" data-type=\"column\"> <img decoding=\"async\"  class=\"shadow-large lazyload\" data-src=\"https:\/\/i2.wp.com\/fotogasteiz.com\/blog\/wp-content\/uploads\/2020\/07\/unnamed-5.jpg?w=3840&amp;ssl=1\" alt=\"\" title=\"unnamed (5)\" width=\"512\" height=\"343\" src=\"data:image\/svg+xml;base64,PHN2ZyB3aWR0aD0iMSIgaGVpZ2h0PSIxIiB4bWxucz0iaHR0cDovL3d3dy53My5vcmcvMjAwMC9zdmciPjwvc3ZnPg==\" style=\"--smush-placeholder-width: 512px; --smush-placeholder-aspect-ratio: 512\/343;\"><\/div> <div  class=\"col-sm-6\" data-type=\"column\"><p  class=\"lead\"><span  style=\"font-family: Muli, arial, helvetica, sans-serif; font-weight: 900; color: rgb(3, 169, 244);\">BIOGRAF\u00cdA DE CARLOS P\u00c9REZ SIQUIER<\/span><\/p><h2  class=\"\"><span  style=\"font-family: &quot;Playfair Display&quot;, arial, helvetica, sans-serif; color: rgb(0, 0, 0);\">Centro P\u00e9rez Siquier<\/span><\/h2> <p  class=\"\"><span  style=\"font-family: Muli, arial, helvetica, sans-serif; color: rgb(52, 58, 64);\">En 2017, P\u00e9rez Siquier recibi\u00f3 la Medalla de Oro de la Provincia de Almer\u00eda la m\u00e1xima distinci\u00f3n que entrega la Diputaci\u00f3n.\n<\/span><br ><br ><span  style=\"font-family: Muli, arial, helvetica, sans-serif; color: rgb(52, 58, 64);\">\nEn 2017, para sorpresa de P\u00e9rez Siquier, el pintor \u00c1ndr\u00e9s Garc\u00eda Iba\u00f1ez crea el <a data-mce-href=\"https:\/\/www.centroperezsiquier.org\/\" href=\"https:\/\/www.centroperezsiquier.org\" target=\"_blank\" rel=\"noopener noreferrer\" data-mce-selected=\"inline-boundary\" data-cp-link=\"1\" class=\"\"><span  style=\"font-weight: 900;\">Centro P\u00e9rez Siquier<\/span><\/a><span  style=\"font-weight: 900;\">&nbsp;&nbsp;<\/span>en su honor en la localidad almeriense de Olula del R\u00edo.\n<br ><br >En 2018 recibi\u00f3 la Medalla de Oro de las Bellas Artes.<\/span>\n<\/p> <\/div> <\/div><\/div> <\/div><div  data-label=\"Dcomuentales\" data-id=\"content--11\" data-export-id=\"content-7\" data-category=\"content\" class=\"content-7 content-section content-section-spacing\" id=\"dcomuentales\" style=\"background-color: rgb(3, 169, 244); background-image: none;\"><div  class=\"gridContainer\"> <div  class=\"row middle-sm\"><div  class=\"col-sm-6 space-bottom-xs\" data-type=\"column\"> <p  class=\"lead\"><span  style=\"font-family: Muli, arial, helvetica, sans-serif; font-weight: 900; color: rgb(255, 255, 255);\">BIOGRAF\u00cdA DE CARLOS P\u00c9REZ SIQUIER<\/span><\/p><h2  class=\"\"><span  style=\"font-family: &quot;Playfair Display&quot;, arial, helvetica, sans-serif; color: rgb(255, 255, 255);\">Documentales: \u2018Detr\u00e1s del instante\u2019 y \u2018Azul Siquier\u2019<\/span><\/h2> <p  class=\"\"><span  style=\"font-family: Muli, arial, helvetica, sans-serif; color: rgb(255, 255, 255);\">En 2019 protagoniz\u00f3 el primer cap\u00edtulo de la primera dedicada \u00edntegramente a fot\u00f3grafos de la Televisi\u00f3n P\u00fablica Espa\u00f1ola \u2018Detr\u00e1s del Instante\u2019 en La2.<\/span><br ><span  style=\"font-family: Muli, arial, helvetica, sans-serif; color: rgb(255, 255, 255);\">\nTambi\u00e9n protagoniz\u00f3 el documental <a data-mce-href=\"..\/..\/documental-fotografo-azul-siquier\/\" href=\"https:\/\/fotogasteiz.com\/blog\/documental-fotografo-azul-siquier\" target=\"_blank\" rel=\"noopener noreferrer\" data-mce-selected=\"inline-boundary\" data-cp-link=\"1\">\u2018Azul Siquier\u2019<\/a>.<\/span><\/p> <\/div> <div  class=\"col-sm-6\" data-type=\"column\"> <img decoding=\"async\"  class=\"shadow-large lazyload\" data-src=\"https:\/\/i0.wp.com\/fotogasteiz.com\/blog\/wp-content\/uploads\/2020\/07\/1366_2000.jpg?w=3840&amp;ssl=1\" alt=\"\" title=\"1366_2000\" width=\"586\" height=\"330\" src=\"data:image\/svg+xml;base64,PHN2ZyB3aWR0aD0iMSIgaGVpZ2h0PSIxIiB4bWxucz0iaHR0cDovL3d3dy53My5vcmcvMjAwMC9zdmciPjwvc3ZnPg==\" style=\"--smush-placeholder-width: 586px; --smush-placeholder-aspect-ratio: 586\/330;\"><\/div> <\/div><\/div> <\/div><div  data-label=\"Mapfre\" data-id=\"content--14\" data-export-id=\"content-8\" data-category=\"content\" class=\"content-8 content-section content-section-spacing\" id=\"mapfre\" style=\"background-color: rgb(245, 250, 253); background-image: none;\"><div  class=\"gridContainer\"> <div  class=\"row middle-sm\"><div  class=\"col-sm-6 space-bottom-xs space-top-xs\" data-type=\"column\"> <img decoding=\"async\"  class=\"shadow-large lazyload\" data-src=\"https:\/\/i1.wp.com\/fotogasteiz.com\/blog\/wp-content\/uploads\/2020\/07\/carlos.jpg?w=3840&amp;ssl=1\" alt=\"\" title=\"carlos\" width=\"586\" height=\"413\" src=\"data:image\/svg+xml;base64,PHN2ZyB3aWR0aD0iMSIgaGVpZ2h0PSIxIiB4bWxucz0iaHR0cDovL3d3dy53My5vcmcvMjAwMC9zdmciPjwvc3ZnPg==\" style=\"--smush-placeholder-width: 586px; --smush-placeholder-aspect-ratio: 586\/413;\"><\/div> <div  class=\"col-sm-6\" data-type=\"column\"><p  class=\"lead\"><span  style=\"font-family: Muli, arial, helvetica, sans-serif; font-weight: 900; color: rgb(3, 169, 244);\">BIOGRAF\u00cdA DE CARLOS P\u00c9REZ SIQUIER<\/span><\/p><h2  class=\"\"><span  style=\"font-family: &quot;Playfair Display&quot;, arial, helvetica, sans-serif; color: rgb(0, 0, 0);\">Retrospectiva en Mapfre<\/span><\/h2> <p  class=\"\"><span  style=\"font-family: Muli, arial, helvetica, sans-serif; color: rgb(52, 58, 64);\">En 2020, la Fundaci\u00f3n Mapfre de Barcelona le ha dedicado <a data-mce-href=\"..\/..\/exposicion-fotografias-carlos-perez-siquier\/\" href=\"https:\/\/fotogasteiz.com\/blog\/exposicion-fotografias-carlos-perez-siquier\" target=\"_blank\" rel=\"noopener noreferrer\" data-mce-selected=\"inline-boundary\" data-cp-link=\"1\">una exposici\u00f3n retrospectiva<\/a>, cuya fecha de finalizaci\u00f3n precipit\u00f3 el Estado de Alarma declarado a ra\u00edz del Coronavirus.<\/span>\n<br ><br ><span  style=\"font-family: Muli, arial, helvetica, sans-serif; color: rgb(52, 58, 64);\">Y en 2021, a los 90 a\u00f1os de edad, ha presidido la ampliaci\u00f3n del museo que lleva su nombre en Olula del R\u00edo. \n<br ><br >Viv\u00eda en Almer\u00eda con salud y felizmente enamorado de su mujer Teresa.\n<\/span><br ><br ><span  style=\"font-family: Muli, arial, helvetica, sans-serif; color: rgb(52, 58, 64);\">\nSegu\u00eda fotografiando lo natural, lo cotidiano, y haciendo fotos por intuici\u00f3n.\n\n<br ><br >\u00abEl instante decisivo marca la poes\u00eda de la foto\u00bb, asegura Siquier, quien a sus 89 a\u00f1os sigue haciendo fotos con la mirada de ni\u00f1o que sigue conservando.\n<\/span><br ><br ><span  style=\"font-family: Muli, arial, helvetica, sans-serif; color: rgb(52, 58, 64);\">\nComo dec\u00eda Picasso, \u00abhacen falta muchos a\u00f1os para ser joven\u00bb, asegura a punto de cumplir 90 a\u00f1os. \u00abYa s\u00f3lo me queda la mirada\u00bb.<br >\n<br >Carlos P\u00e9rez Siquier ha muerto el 13 de septiembre de 2021 a los 91 a\u00f1os de edad,&nbsp;en el Hospital Torrec\u00e1rdenas tras haber sido intervenido de un aneurisma abdominal, apenas una semana despu\u00e9s de haber asistido por su propio pie a la inauguraci\u00f3n de la ampliaci\u00f3n del Centro P\u00e9rez Siquier en Olula del R\u00edo.<\/span><\/p> <\/div> <\/div><\/div> <\/div>","protected":false},"excerpt":{"rendered":"<p>Vida \u2013 Obra \u2013 Biograf\u00eda GRANDES FOT\u00d3GRAFOS Y FOT\u00d3GRAFASCarlos P\u00e9rez Siquier Carlos P\u00e9rez Siquier&nbsp;(1939-2021) fue un fot\u00f3grafo documental espa\u00f1ol que revolucion\u00f3 la fotograf\u00eda espa\u00f1ola en la posguerra al acercarse al neorrealismo en sus primeras fotos en blanco y negro. Pionero en la fotograf\u00eda en color, su acercamiento al cubismo y a la fotograf\u00eda de fragmento&hellip; <br \/> <a class=\"read-more\" href=\"https:\/\/fotogasteiz.com\/blog\/fotografos\/carlos-perez-siquier-vida-obra-biografia\/\">Read more<\/a><\/p>\n","protected":false},"author":1,"featured_media":11897,"parent":1689,"menu_order":0,"comment_status":"closed","ping_status":"closed","template":"pro\/page-templates\/full-width-page.php","meta":{"footnotes":""},"class_list":["post-11881","page","type-page","status-publish","has-post-thumbnail","hentry"],"yoast_head":"<!-- This site is optimized with the Yoast SEO Premium plugin v22.5 (Yoast SEO v27.5) - https:\/\/yoast.com\/product\/yoast-seo-premium-wordpress\/ -->\n<title>Carlos P\u00e9rez Siquier - Profesor de fotograf\u00eda<\/title>\n<meta name=\"robots\" content=\"index, follow, max-snippet:-1, max-image-preview:large, max-video-preview:-1\" \/>\n<link rel=\"canonical\" href=\"https:\/\/fotogasteiz.com\/blog\/fotografos\/carlos-perez-siquier-vida-obra-biografia\/\" \/>\n<meta property=\"og:locale\" content=\"es_ES\" \/>\n<meta property=\"og:type\" content=\"article\" \/>\n<meta property=\"og:title\" content=\"Carlos P\u00e9rez Siquier\" \/>\n<meta property=\"og:description\" content=\"Vida \u2013 Obra \u2013 Biograf\u00eda GRANDES FOT\u00d3GRAFOS Y FOT\u00d3GRAFASCarlos P\u00e9rez Siquier Carlos P\u00e9rez Siquier&nbsp;(1939-2021) fue un fot\u00f3grafo documental espa\u00f1ol que revolucion\u00f3 la fotograf\u00eda espa\u00f1ola en la posguerra al acercarse al neorrealismo en sus primeras fotos en blanco y negro. Pionero en la fotograf\u00eda en color, su acercamiento al cubismo y a la fotograf\u00eda de fragmento&hellip; Read more\" \/>\n<meta property=\"og:url\" content=\"https:\/\/fotogasteiz.com\/blog\/fotografos\/carlos-perez-siquier-vida-obra-biografia\/\" \/>\n<meta property=\"og:site_name\" content=\"Profesor de fotograf\u00eda\" \/>\n<meta property=\"article:modified_time\" content=\"2021-09-15T17:18:09+00:00\" \/>\n<meta property=\"og:image\" content=\"https:\/\/i2.wp.com\/fotogasteiz.com\/blog\/wp-content\/uploads\/2020\/07\/Carlos-Perez-Siquier.png?fit=650%2C488&ssl=1\" \/>\n\t<meta property=\"og:image:width\" content=\"650\" \/>\n\t<meta property=\"og:image:height\" content=\"488\" \/>\n\t<meta property=\"og:image:type\" content=\"image\/png\" \/>\n<meta name=\"twitter:card\" content=\"summary_large_image\" \/>\n<meta name=\"twitter:label1\" content=\"Tiempo de lectura\" \/>\n\t<meta name=\"twitter:data1\" content=\"12 minutos\" \/>\n<script type=\"application\/ld+json\" class=\"yoast-schema-graph\">{\"@context\":\"https:\\\/\\\/schema.org\",\"@graph\":[{\"@type\":\"WebPage\",\"@id\":\"https:\\\/\\\/fotogasteiz.com\\\/blog\\\/fotografos\\\/carlos-perez-siquier-vida-obra-biografia\\\/\",\"url\":\"https:\\\/\\\/fotogasteiz.com\\\/blog\\\/fotografos\\\/carlos-perez-siquier-vida-obra-biografia\\\/\",\"name\":\"Carlos P\u00e9rez Siquier - Profesor de fotograf\u00eda\",\"isPartOf\":{\"@id\":\"https:\\\/\\\/fotogasteiz.com\\\/blog\\\/#website\"},\"primaryImageOfPage\":{\"@id\":\"https:\\\/\\\/fotogasteiz.com\\\/blog\\\/fotografos\\\/carlos-perez-siquier-vida-obra-biografia\\\/#primaryimage\"},\"image\":{\"@id\":\"https:\\\/\\\/fotogasteiz.com\\\/blog\\\/fotografos\\\/carlos-perez-siquier-vida-obra-biografia\\\/#primaryimage\"},\"thumbnailUrl\":\"https:\\\/\\\/fotogasteiz.com\\\/blog\\\/wp-content\\\/uploads\\\/2020\\\/07\\\/Carlos-Perez-Siquier.jpg\",\"datePublished\":\"2020-07-13T09:24:37+00:00\",\"dateModified\":\"2021-09-15T17:18:09+00:00\",\"breadcrumb\":{\"@id\":\"https:\\\/\\\/fotogasteiz.com\\\/blog\\\/fotografos\\\/carlos-perez-siquier-vida-obra-biografia\\\/#breadcrumb\"},\"inLanguage\":\"es\",\"potentialAction\":[{\"@type\":\"ReadAction\",\"target\":[\"https:\\\/\\\/fotogasteiz.com\\\/blog\\\/fotografos\\\/carlos-perez-siquier-vida-obra-biografia\\\/\"]}]},{\"@type\":\"ImageObject\",\"inLanguage\":\"es\",\"@id\":\"https:\\\/\\\/fotogasteiz.com\\\/blog\\\/fotografos\\\/carlos-perez-siquier-vida-obra-biografia\\\/#primaryimage\",\"url\":\"https:\\\/\\\/fotogasteiz.com\\\/blog\\\/wp-content\\\/uploads\\\/2020\\\/07\\\/Carlos-Perez-Siquier.jpg\",\"contentUrl\":\"https:\\\/\\\/fotogasteiz.com\\\/blog\\\/wp-content\\\/uploads\\\/2020\\\/07\\\/Carlos-Perez-Siquier.jpg\",\"width\":650,\"height\":488},{\"@type\":\"BreadcrumbList\",\"@id\":\"https:\\\/\\\/fotogasteiz.com\\\/blog\\\/fotografos\\\/carlos-perez-siquier-vida-obra-biografia\\\/#breadcrumb\",\"itemListElement\":[{\"@type\":\"ListItem\",\"position\":1,\"name\":\"Portada\",\"item\":\"https:\\\/\\\/fotogasteiz.com\\\/blog\\\/\"},{\"@type\":\"ListItem\",\"position\":2,\"name\":\"Fot\u00f3grafos y fot\u00f3grafas (biograf\u00edas)\",\"item\":\"https:\\\/\\\/fotogasteiz.com\\\/blog\\\/fotografos\\\/\"},{\"@type\":\"ListItem\",\"position\":3,\"name\":\"Carlos P\u00e9rez Siquier\"}]},{\"@type\":\"WebSite\",\"@id\":\"https:\\\/\\\/fotogasteiz.com\\\/blog\\\/#website\",\"url\":\"https:\\\/\\\/fotogasteiz.com\\\/blog\\\/\",\"name\":\"Profesor de fotograf\u00eda\",\"description\":\"por Gustavo Bravo\",\"potentialAction\":[{\"@type\":\"SearchAction\",\"target\":{\"@type\":\"EntryPoint\",\"urlTemplate\":\"https:\\\/\\\/fotogasteiz.com\\\/blog\\\/?s={search_term_string}\"},\"query-input\":{\"@type\":\"PropertyValueSpecification\",\"valueRequired\":true,\"valueName\":\"search_term_string\"}}],\"inLanguage\":\"es\"}]}<\/script>\n<!-- \/ Yoast SEO Premium plugin. -->","yoast_head_json":{"title":"Carlos P\u00e9rez Siquier - Profesor de fotograf\u00eda","robots":{"index":"index","follow":"follow","max-snippet":"max-snippet:-1","max-image-preview":"max-image-preview:large","max-video-preview":"max-video-preview:-1"},"canonical":"https:\/\/fotogasteiz.com\/blog\/fotografos\/carlos-perez-siquier-vida-obra-biografia\/","og_locale":"es_ES","og_type":"article","og_title":"Carlos P\u00e9rez Siquier","og_description":"Vida \u2013 Obra \u2013 Biograf\u00eda GRANDES FOT\u00d3GRAFOS Y FOT\u00d3GRAFASCarlos P\u00e9rez Siquier Carlos P\u00e9rez Siquier&nbsp;(1939-2021) fue un fot\u00f3grafo documental espa\u00f1ol que revolucion\u00f3 la fotograf\u00eda espa\u00f1ola en la posguerra al acercarse al neorrealismo en sus primeras fotos en blanco y negro. Pionero en la fotograf\u00eda en color, su acercamiento al cubismo y a la fotograf\u00eda de fragmento&hellip; Read more","og_url":"https:\/\/fotogasteiz.com\/blog\/fotografos\/carlos-perez-siquier-vida-obra-biografia\/","og_site_name":"Profesor de fotograf\u00eda","article_modified_time":"2021-09-15T17:18:09+00:00","og_image":[{"width":650,"height":488,"url":"https:\/\/i2.wp.com\/fotogasteiz.com\/blog\/wp-content\/uploads\/2020\/07\/Carlos-Perez-Siquier.png?fit=650%2C488&ssl=1","type":"image\/png"}],"twitter_card":"summary_large_image","twitter_misc":{"Tiempo de lectura":"12 minutos"},"schema":{"@context":"https:\/\/schema.org","@graph":[{"@type":"WebPage","@id":"https:\/\/fotogasteiz.com\/blog\/fotografos\/carlos-perez-siquier-vida-obra-biografia\/","url":"https:\/\/fotogasteiz.com\/blog\/fotografos\/carlos-perez-siquier-vida-obra-biografia\/","name":"Carlos P\u00e9rez Siquier - Profesor de fotograf\u00eda","isPartOf":{"@id":"https:\/\/fotogasteiz.com\/blog\/#website"},"primaryImageOfPage":{"@id":"https:\/\/fotogasteiz.com\/blog\/fotografos\/carlos-perez-siquier-vida-obra-biografia\/#primaryimage"},"image":{"@id":"https:\/\/fotogasteiz.com\/blog\/fotografos\/carlos-perez-siquier-vida-obra-biografia\/#primaryimage"},"thumbnailUrl":"https:\/\/fotogasteiz.com\/blog\/wp-content\/uploads\/2020\/07\/Carlos-Perez-Siquier.jpg","datePublished":"2020-07-13T09:24:37+00:00","dateModified":"2021-09-15T17:18:09+00:00","breadcrumb":{"@id":"https:\/\/fotogasteiz.com\/blog\/fotografos\/carlos-perez-siquier-vida-obra-biografia\/#breadcrumb"},"inLanguage":"es","potentialAction":[{"@type":"ReadAction","target":["https:\/\/fotogasteiz.com\/blog\/fotografos\/carlos-perez-siquier-vida-obra-biografia\/"]}]},{"@type":"ImageObject","inLanguage":"es","@id":"https:\/\/fotogasteiz.com\/blog\/fotografos\/carlos-perez-siquier-vida-obra-biografia\/#primaryimage","url":"https:\/\/fotogasteiz.com\/blog\/wp-content\/uploads\/2020\/07\/Carlos-Perez-Siquier.jpg","contentUrl":"https:\/\/fotogasteiz.com\/blog\/wp-content\/uploads\/2020\/07\/Carlos-Perez-Siquier.jpg","width":650,"height":488},{"@type":"BreadcrumbList","@id":"https:\/\/fotogasteiz.com\/blog\/fotografos\/carlos-perez-siquier-vida-obra-biografia\/#breadcrumb","itemListElement":[{"@type":"ListItem","position":1,"name":"Portada","item":"https:\/\/fotogasteiz.com\/blog\/"},{"@type":"ListItem","position":2,"name":"Fot\u00f3grafos y fot\u00f3grafas (biograf\u00edas)","item":"https:\/\/fotogasteiz.com\/blog\/fotografos\/"},{"@type":"ListItem","position":3,"name":"Carlos P\u00e9rez Siquier"}]},{"@type":"WebSite","@id":"https:\/\/fotogasteiz.com\/blog\/#website","url":"https:\/\/fotogasteiz.com\/blog\/","name":"Profesor de fotograf\u00eda","description":"por Gustavo Bravo","potentialAction":[{"@type":"SearchAction","target":{"@type":"EntryPoint","urlTemplate":"https:\/\/fotogasteiz.com\/blog\/?s={search_term_string}"},"query-input":{"@type":"PropertyValueSpecification","valueRequired":true,"valueName":"search_term_string"}}],"inLanguage":"es"}]}},"_links":{"self":[{"href":"https:\/\/fotogasteiz.com\/blog\/wp-json\/wp\/v2\/pages\/11881","targetHints":{"allow":["GET"]}}],"collection":[{"href":"https:\/\/fotogasteiz.com\/blog\/wp-json\/wp\/v2\/pages"}],"about":[{"href":"https:\/\/fotogasteiz.com\/blog\/wp-json\/wp\/v2\/types\/page"}],"author":[{"embeddable":true,"href":"https:\/\/fotogasteiz.com\/blog\/wp-json\/wp\/v2\/users\/1"}],"replies":[{"embeddable":true,"href":"https:\/\/fotogasteiz.com\/blog\/wp-json\/wp\/v2\/comments?post=11881"}],"version-history":[{"count":27,"href":"https:\/\/fotogasteiz.com\/blog\/wp-json\/wp\/v2\/pages\/11881\/revisions"}],"predecessor-version":[{"id":15998,"href":"https:\/\/fotogasteiz.com\/blog\/wp-json\/wp\/v2\/pages\/11881\/revisions\/15998"}],"up":[{"embeddable":true,"href":"https:\/\/fotogasteiz.com\/blog\/wp-json\/wp\/v2\/pages\/1689"}],"wp:featuredmedia":[{"embeddable":true,"href":"https:\/\/fotogasteiz.com\/blog\/wp-json\/wp\/v2\/media\/11897"}],"wp:attachment":[{"href":"https:\/\/fotogasteiz.com\/blog\/wp-json\/wp\/v2\/media?parent=11881"}],"curies":[{"name":"wp","href":"https:\/\/api.w.org\/{rel}","templated":true}]}}