{"id":12200,"date":"2020-09-07T10:41:52","date_gmt":"2020-09-07T10:41:52","guid":{"rendered":"https:\/\/fotogasteiz.com\/blog\/?page_id=12200"},"modified":"2020-09-18T09:38:11","modified_gmt":"2020-09-18T09:38:11","slug":"koldo-chamorro-vida-obra-biografia","status":"publish","type":"page","link":"https:\/\/fotogasteiz.com\/blog\/fotografos\/koldo-chamorro-vida-obra-biografia\/","title":{"rendered":"Koldo Chamorro"},"content":{"rendered":"<div  data-label=\"intro\" data-id=\"about--1\" data-export-id=\"about-10\" data-category=\"about\" class=\"about-10 content-section content-section-spacing\" id=\"intro\" style=\"background-color: rgb(255, 255, 255);\"><div  class=\"gridContainer\"> <div  class=\"row middle-sm text-center\"><div  class=\"col-sm-5 space-bottom-xs content-column\" data-type=\"column\"> <h5  class=\"\"><span  style=\"color: rgb(3, 169, 244);\">Vida \u2013 Obra \u2013 Biograf\u00eda<\/span><\/h5> <p  class=\"lead\">GRANDES FOT\u00d3GRAFOS Y FOT\u00d3GRAFAS<\/p><h2  class=\"\"><span  style=\"font-family: &quot;Playfair Display&quot;, arial, helvetica, sans-serif; color: rgb(0, 0, 0);\">Koldo Chamorro<\/span><\/h2> <p  class=\"\"><span  style=\"font-family: Muli, arial, helvetica, sans-serif; color: rgb(52, 58, 64);\"><span  style=\"font-weight: 900;\">Koldo Chamorro<\/span> fue un fot\u00f3grafo documental espa\u00f1ol especializado en el reportaje pionero que retrat\u00f3 de forma m\u00e1gica y casi on\u00edrica la Espa\u00f1a de los a\u00f1os 70 que estaba a punto de desaparecer haciendo hincapi\u00e9 en el concepto y el mensaje. Su maestr\u00eda con la composici\u00f3n y el dominio del blanco y negro y las luces y las sombras y la profundidad del mensaje de sus fotos le situ\u00f3 como uno de los mejores fot\u00f3grafos espa\u00f1oles de la \u00e9poca. Fue uno de los \u00abcinco jinetes del Apocalipsis\u00bb junto a Cristina Garc\u00eda Rodero, Crist\u00f3bal Hara, Ram\u00f3n Zabalza y Fernando Herr\u00e1ez destacando por ser el m\u00e1s rotundo e ind\u00f3mito si bien su obra nunca fue reconocida como se merec\u00eda.\r\n<\/span><br ><br ><span  style=\"font-family: Muli, arial, helvetica, sans-serif; color: rgb(52, 58, 64);\">\r\n\u00abMientras otros fot\u00f3grafos de su generaci\u00f3n recorr\u00edan Espa\u00f1a en los \u00faltimos a\u00f1os de la dictadura de fiesta en fiesta y de procesi\u00f3n en procesi\u00f3n, en busca de un folclore superficial del que s\u00f3lo obtuvieron im\u00e1genes anecd\u00f3ticas, Koldo se afanaba en reflexionar sobre los mecanismos en los que descansaba el paso de la sociedad rural de la posguerra a la posible pero incierta nueva identidad del pa\u00eds. Trabajando en muchas ocasiones en los mismos territorios que aquellos, su mirada era diferente porque se clavaba bajo la l\u00ednea de flotaci\u00f3n del discurso cultural dominante, y porque nunca se aprovechaba de la energ\u00eda de lo que fotografiaba en su propio beneficio, sino que era \u00e9l mismo quien aportaba su energ\u00eda, su bagaje y su forma de entender la vida a cada uno de sus temas\u00bb, explica el fot\u00f3grafo que mejor conoce su obra y su figura: <span  style=\"font-weight: 700;\">Clemente Bernad<\/span>, comisario de sus exposiciones y amigo personal del artista.<\/span><\/p> <p  class=\"\"><span  style=\"font-style: italic; color: rgb(255, 51, 105); font-weight: 700;\">\u00daltima actualizaci\u00f3n: septiembre 2020<\/span><\/p><\/div> <div  class=\"col-sm-7 flexbox middle-xs center-xs space-bottom-xs\"><div  class=\"overlay-box middle-xs center-xs flexbox\"> <div  class=\"overlay-box-offset offset-border shadow-medium border-color1 hide-xs\"><\/div> <img decoding=\"async\"  class=\"shadow-large lazyload\" data-size=\"485x705\" data-src=\"https:\/\/i2.wp.com\/fotogasteiz.com\/blog\/wp-content\/uploads\/2020\/09\/1024px-Koldo_Chamorro_Jose\u0301_Antonio_Tejero_Lanzarote.jpg?w=3840&amp;ssl=1\" alt=\"\" title=\"1024px-Koldo_Chamorro_Jose\u0301_Antonio_Tejero_Lanzarote\" width=\"485\" height=\"485\" src=\"data:image\/svg+xml;base64,PHN2ZyB3aWR0aD0iMSIgaGVpZ2h0PSIxIiB4bWxucz0iaHR0cDovL3d3dy53My5vcmcvMjAwMC9zdmciPjwvc3ZnPg==\" style=\"--smush-placeholder-width: 485px; --smush-placeholder-aspect-ratio: 485\/485;\"><\/div> <\/div><\/div> <\/div><\/div><div  data-label=\"primeros anos\" data-id=\"content--1\" data-export-id=\"content-8\" data-category=\"content\" class=\"content-8 content-section content-section-spacing\" id=\"primeros-anos\" style=\"background-color: rgb(245, 250, 253);\"><div  class=\"gridContainer\"> <div  class=\"row middle-sm\"><div  class=\"col-sm-6 space-bottom-xs space-top-xs\" data-type=\"column\"> <img decoding=\"async\"  class=\"shadow-large lazyload\" data-src=\"https:\/\/i0.wp.com\/fotogasteiz.com\/blog\/wp-content\/uploads\/2020\/09\/foto_koldo_chamorro-1.jpg?w=3840&amp;ssl=1\" alt=\"\" title=\"foto_koldo_chamorro (1)\" width=\"586\" height=\"879\" src=\"data:image\/svg+xml;base64,PHN2ZyB3aWR0aD0iMSIgaGVpZ2h0PSIxIiB4bWxucz0iaHR0cDovL3d3dy53My5vcmcvMjAwMC9zdmciPjwvc3ZnPg==\" style=\"--smush-placeholder-width: 586px; --smush-placeholder-aspect-ratio: 586\/879;\"><\/div> <div  class=\"col-sm-6\" data-type=\"column\"><p  class=\"lead\"><span  style=\"font-family: Muli, arial, helvetica, sans-serif; font-weight: 900; color: rgb(3, 169, 244);\">PRIMEROS A\u00d1OS<\/span><\/p><h2  class=\"\"><span  style=\"font-family: &quot;Playfair Display&quot;, arial, helvetica, sans-serif; color: rgb(0, 0, 0);\">Biograf\u00eda de Koldo Chamorro<\/span><\/h2> <p  class=\"\"><span  style=\"font-family: Muli, arial, helvetica, sans-serif; color: rgb(52, 58, 64);\">Koldo Chamorro naci\u00f3 el 20 de agosto de l949 en Vitoria-Gasteiz y se fue con su familia a la Rep\u00fablica de Guinea Ecuatorial, donde vivi\u00f3 16 a\u00f1os.\r\n<\/span><br ><br ><span  style=\"font-family: Muli, arial, helvetica, sans-serif; color: rgb(52, 58, 64);\">\r\nDe regreso a Espa\u00f1a, no volvi\u00f3 a Vitoria, sino a Pamplona, donde estudi\u00f3 Ingenier\u00eda T\u00e9cnica Superior y dos diplomatura en Marketing y Econom\u00eda Empresarial por la Facultad de Derecho de la Universidad de Navarra, pero su gran pasi\u00f3n era la fotograf\u00eda.\r\n<\/span><br ><br ><span  style=\"font-family: Muli, arial, helvetica, sans-serif; color: rgb(52, 58, 64);\">\r\nViaj\u00f3 por toda Europa, \u00c1frica, Am\u00e9rica del Norte y Oriente y en Francia aprendi\u00f3 fotograf\u00eda de mano de los mejores fot\u00f3grafos del mundo, entre ellos Ansel Adams, de quien aprendi\u00f3 el sistema de zonas que ense\u00f1\u00f3 a los fot\u00f3grafos espa\u00f1oles de su generaci\u00f3n en talleres imprescindibles de los que todos los fot\u00f3grafos hablaban. Fue tambi\u00e9n alumno de Brassa\u00ef, Ernst Haas, Jean Dieuzaide, Lucien Clergue y un largo etc\u00e9tera de geniales autores antes que ning\u00fan otro fot\u00f3grafo espa\u00f1ol.\r\n<\/span><br ><br ><span  style=\"font-family: Muli, arial, helvetica, sans-serif; color: rgb(52, 58, 64);\">\r\nKoldo Chamorro ten\u00eda un ampl\u00edsimo bagaje intelectual, cultural, art\u00edstico y fotogr\u00e1fico que aplicaba a cada fotograf\u00eda.\r\n<\/span><br ><br ><span  style=\"font-family: Muli, arial, helvetica, sans-serif; color: rgb(52, 58, 64);\">\r\nTodos los fot\u00f3grafos de la \u00e9poca le conoc\u00edan bien como alumnos de sus talleres o bien por sus trabajos, que se publicaban en la prensa nacional y les dejaban con la boca abierta. Aplicaba a sus composiciones lo que aprend\u00eda de los grandes fot\u00f3grafos internacionales de los en Espa\u00f1a ni siquiera se o\u00eda hablar. Era el \u00fanico fot\u00f3grafo de su generaci\u00f3n que viv\u00eda \u00fanica y exclusivamente de sus fotos y sus cursos. Era un fot\u00f3grafo profesional.<\/span><\/p> <\/div> <\/div><\/div> <\/div><div  data-label=\"fotografo de culto\" data-id=\"content--3\" data-export-id=\"content-7\" data-category=\"content\" class=\"content-7 content-section content-section-spacing\" id=\"fotografo-de-culto\" style=\"background-color: rgb(245, 250, 253); background-image: none;\"><div  class=\"gridContainer\"> <div  class=\"row middle-sm\"><div  class=\"col-sm-6 space-bottom-xs\" data-type=\"column\"> <p  class=\"lead\"><span  style=\"font-family: Muli, arial, helvetica, sans-serif; font-weight: 900; color: rgb(3, 169, 244);\">BIOGRAF\u00cdA DE KOLDO CHAMORRO<\/span><\/p><h2  class=\"\"><span  style=\"font-family: &quot;Playfair Display&quot;, arial, helvetica, sans-serif; color: rgb(0, 0, 0);\">Fot\u00f3grafo de culto<\/span><\/h2> <p  class=\"\"><span  style=\"font-family: Muli, arial, helvetica, sans-serif; color: rgb(52, 58, 64);\">Sus coet\u00e1neos le recuerdan como un fot\u00f3grafo apasionado, que les ilustraba sobre todo lo que se mov\u00eda en fotograf\u00eda en otros pa\u00edses. Pon\u00eda sobre la mesa nombres de fot\u00f3grafos cuya obra les maravillaba y ten\u00eda un don especial para contar historias, tanto de viva voz como en sus fotos.\r\n<\/span><br ><br ><span  style=\"font-family: Muli, arial, helvetica, sans-serif; color: rgb(52, 58, 64);\">\r\nAdem\u00e1s en la composici\u00f3n y en generar fotos con cuento o moraleja a trav\u00e9s de las sombras que met\u00eda en el encuadre fue pionero en generar proyectos fotogr\u00e1ficos que le llevaba a\u00f1os completar. Prefer\u00eda el ensayo a la foto \u00fanica y dedicaba a\u00f1os a cada trabajo. Cientos de horas de carretera, de dormir en el coche por llegar a los lugares en los que sab\u00eda que encontrar\u00eda sus \u00abfotones\u00bb, que as\u00ed llamaba a las dos o tres fotos buenas que tra\u00eda de cada viaje en los que hac\u00eda cientos. Los fot\u00f3grafos de la \u00e9poca que tuvieron la suerte de verle fotografiar cuentan que con su desbordante personalidad se ganaba a los fotografiados y que disparaba sin pensar en el precio que aquello supon\u00eda en una \u00e9poca en la que el resto med\u00eda m\u00e1s los disparos por el coste econ\u00f3mico que supon\u00eda.\r\n<\/span><br ><br ><span  style=\"font-family: Muli, arial, helvetica, sans-serif; color: rgb(52, 58, 64);\">\r\nFue un fot\u00f3grafo \u00e9tico y muy obsesionado con el concepto que estudiaba sobre el concepto que buscaba fotografiar y ten\u00eda muy claro lo que pretend\u00eda conseguir antes de llegar al destino, en el que se mov\u00eda como pez en el agua. Quienes trabajaron a su lado le recuerdan con mucha energ\u00eda y velocidad y un ojo fotogr\u00e1fico \u00fanico. Fotografiando en un mismo espacio, \u00e9l ve\u00eda lo que al resto se le escapada y lo encuadraba de manera sobresaliente.\r\n<\/span><br ><br ><span  style=\"font-family: Muli, arial, helvetica, sans-serif; color: rgb(52, 58, 64);\">\r\nSus trabajos m\u00e1s conocidos son \u2018Fuentelencina: ciclo del sol\u2019, \u2018Los Hijos-Dalgo de Iturgoyen\u2019, <a data-mce-href=\"https:\/\/amzn.to\/2QYsJ9k\" href=\"https:\/\/amzn.to\/2QYsJ9k\" target=\"_blank\" rel=\"noopener noreferrer\" data-mce-selected=\"inline-boundary\" data-cp-link=\"1\" class=\"\">\u2018El Santo Christo Ib\u00e9rico\u2019<\/a>, \u2018Espa\u00f1a m\u00e1gica\u2019, \u2018Los sanfermines\u2019, \u2018Algo llueve sobre mi coraz\u00f3n\u2019, \u2018Pubis pro nobis\u2019, \u2018Los silencios de Dios\u2019, \u2018El nacimiento de una naci\u00f3n\u2019, \u2018La violaci\u00f3n c\u00f3smica\u2019, \u2018El sujetador\u2019, \u2018El kapote\u2019, <a data-mce-href=\"https:\/\/amzn.to\/339eEeQ\" href=\"https:\/\/amzn.to\/339eEeQ\" target=\"_blank\" rel=\"noopener noreferrer\" data-mce-selected=\"inline-boundary\" data-cp-link=\"1\" class=\"\">\u2018Filico\u2019<\/a> y <a data-mce-href=\"https:\/\/amzn.to\/3bzaYa1\" href=\"https:\/\/amzn.to\/3bzaYa1\" target=\"_blank\" rel=\"noopener noreferrer\" data-mce-selected=\"inline-boundary\" data-cp-link=\"1\" class=\"\">\u2018Ra\u00edces jud\u00edas en Espa\u00f1a\u2019<\/a>.<\/span><\/p> <\/div> <div  class=\"col-sm-6\" data-type=\"column\"> <img decoding=\"async\"  class=\"shadow-large lazyload\" data-src=\"https:\/\/i0.wp.com\/fotogasteiz.com\/blog\/wp-content\/uploads\/2020\/09\/Koldo-Chamorro.jpg?w=3840&amp;ssl=1\" alt=\"\" title=\"Koldo-Chamorro\" width=\"586\" height=\"377\" src=\"data:image\/svg+xml;base64,PHN2ZyB3aWR0aD0iMSIgaGVpZ2h0PSIxIiB4bWxucz0iaHR0cDovL3d3dy53My5vcmcvMjAwMC9zdmciPjwvc3ZnPg==\" style=\"--smush-placeholder-width: 586px; --smush-placeholder-aspect-ratio: 586\/377;\"><\/div> <\/div><\/div> <\/div><div  data-label=\"rescate postumo\" data-id=\"content--4\" data-export-id=\"content-8\" data-category=\"content\" class=\"content-8 content-section content-section-spacing\" id=\"rescate-postumo\" style=\"background-color: rgb(245, 250, 253); background-image: none;\"><div  class=\"gridContainer\"> <div  class=\"row middle-sm\"><div  class=\"col-sm-6 space-bottom-xs space-top-xs\" data-type=\"column\"><img decoding=\"async\"  class=\"custom-image lazyload\" data-src=\"https:\/\/i0.wp.com\/fotogasteiz.com\/blog\/wp-content\/uploads\/2020\/09\/koldochamorro.jpg?w=3840&amp;ssl=1\" alt=\"\" title=\"koldochamorro\" width=\"586\" height=\"1252\" src=\"data:image\/svg+xml;base64,PHN2ZyB3aWR0aD0iMSIgaGVpZ2h0PSIxIiB4bWxucz0iaHR0cDovL3d3dy53My5vcmcvMjAwMC9zdmciPjwvc3ZnPg==\" style=\"--smush-placeholder-width: 586px; --smush-placeholder-aspect-ratio: 586\/1252;\"> <\/div> <div  class=\"col-sm-6\" data-type=\"column\"><img decoding=\"async\"  class=\"custom-image lazyload\" data-src=\"https:\/\/i1.wp.com\/fotogasteiz.com\/blog\/wp-content\/uploads\/2020\/09\/KOLDO_1jpg1.jpg?w=3840&amp;ssl=1\" alt=\"\" title=\"KOLDO_1jpg1\" width=\"502\" height=\"366\" src=\"data:image\/svg+xml;base64,PHN2ZyB3aWR0aD0iMSIgaGVpZ2h0PSIxIiB4bWxucz0iaHR0cDovL3d3dy53My5vcmcvMjAwMC9zdmciPjwvc3ZnPg==\" style=\"--smush-placeholder-width: 502px; --smush-placeholder-aspect-ratio: 502\/366;\"><p  class=\"lead\"><span  style=\"font-family: Muli, arial, helvetica, sans-serif; font-weight: 900; color: rgb(3, 169, 244);\">BIOGRAF\u00cdA DE KOLDO CHAMORRO<\/span><\/p><h2  class=\"\"><span  style=\"font-family: &quot;Playfair Display&quot;, arial, helvetica, sans-serif; color: rgb(0, 0, 0);\">Rescate p\u00f3stumo<\/span><\/h2> <p  class=\"\"><span  style=\"font-family: Muli, arial, helvetica, sans-serif; color: rgb(52, 58, 64);\">Muri\u00f3 a los 60 a\u00f1os de edad en la m\u00e1s absoluta soledad tras la complicaci\u00f3n de una operaci\u00f3n m\u00e9dica. Le enterraron sin zapatos porque los \u00fanicos que se pudieron encontrar en aquellos momentos de confusi\u00f3n estaban llenos de barro. En la solapa portaba una bandera de Brasil, un San Ferm\u00edn, un busto de la diosa Minerva, un aspa de tela de una cofrad\u00eda de la semana santa sevillana, una insignia del diario franc\u00e9s Lib\u00e9ration.\r\n<\/span><br ><br ><span  style=\"font-family: Muli, arial, helvetica, sans-serif; color: rgb(52, 58, 64);\">\r\nNo existe ni un solo libro monogr\u00e1fico que recoja ni uno solo de sus ensayos de manera completa y digna.\r\n<\/span><br ><br ><span  style=\"font-family: Muli, arial, helvetica, sans-serif; color: rgb(52, 58, 64);\">\r\nSu <span  style=\"font-weight: 700;\"><span  style=\"font-weight: 400;\">hija<\/span> Oihane-Ikunde Chamorro P\u00e9rez<\/span> es la responsable de un desorganizado archivo formado por  miles y miles de fotograf\u00edas sin informaci\u00f3n que le hacen muy dif\u00edcil organizarlo. Ella estudi\u00f3 comisariado art\u00edstico consciente del trabajo del que ten\u00eda que hacerse cargo una vez faltara su padre.\r\n<\/span><br ><br ><span  style=\"font-family: Muli, arial, helvetica, sans-serif; color: rgb(52, 58, 64);\">\r\nLa exposici\u00f3n \u2018El Santo Christo Ib\u00e9rico\u2019 comisariado por <span  style=\"font-weight: 700;\">Clemente Bernard<\/span> le ha rescatado del olvido once a\u00f1os despu\u00e9s de su muerte.<\/span><\/p> <\/div> <\/div><\/div> <\/div><div  data-label=\"santo christo\" data-id=\"gallery--1\" data-export-id=\"gallery-1\" data-category=\"gallery\" class=\"gallery-1 content-section content-section-spacing\" id=\"santo-christo\" style=\"background-color: rgb(255, 255, 255);\"><div  class=\"gridContainer\"> <div  class=\"row\"><div  class=\"section-title-col\" data-type=\"column\"> <h2  class=\"\"><span  style=\"font-family: &quot;Playfair Display&quot;, arial, helvetica, sans-serif; color: rgb(0, 0, 0);\"><a data-mce-href=\"https:\/\/amzn.to\/2QYsJ9k\" href=\"https:\/\/amzn.to\/2QYsJ9k\" target=\"_blank\" rel=\"noopener noreferrer\" data-mce-selected=\"inline-boundary\" data-cp-link=\"1\" class=\"\">Santo Christo Ib\u00e9rico<\/a> \u2013 Chamorro<\/span><\/h2> <\/div> <\/div> <div  class=\"row text-center\"> <div  class=\"col-xs-12\" data-editable=\"true\" data-content-shortcode=\"mesmerize_gallery id=&quot;mesmerize-gallery-1&quot; columns=&quot;4&quot; ids=&quot;12212,12213,12214,12215,12216,12217,12218,12219,12220,12221,12222,12223&quot; lb=&quot;1&quot; masonry=&quot;1&quot; size=&quot;medium&quot; link=&quot;file&quot; \"><div id='mesmerize-gallery-1' class='gallery-wrapper'><style type=\"text\/css\">\n                    @media only screen and (min-width: 768px) {\n                    [data-unique-id='mesmerize-gallery-1-69f3d7c948061'] dl {\n                        float: left;\n                        width: 25% !important;\n                        max-width:  25% !important;\n                        min-width:  25% !important;\n                    }\n\n                    [data-unique-id='mesmerize-gallery-1-69f3d7c948061'] dl:nth-of-type(4n +1 ) {\n                      clear: both;\n                      }\n                    }\n                <\/style><div id='mesmerize-gallery-1' class='mesmerize-gallery-1-dls-wrapper gallery-items-wrapper materialis-gallery' data-unique-id='mesmerize-gallery-1-69f3d7c948061'><dl class='gallery-item'>\n\t\t\t<dt class='gallery-icon landscape'>\n\t\t\t\t<a data-fancybox=\"mesmerize-gallery-1-group\" href='https:\/\/fotogasteiz.com\/blog\/wp-content\/uploads\/2020\/09\/Koldo-Chamorro-KOLDO_007.jpg'><img decoding=\"async\"  width=\"300\" height=\"200\" data-src=\"https:\/\/fotogasteiz.com\/blog\/wp-content\/smush-avif\/2020\/09\/Koldo-Chamorro-KOLDO_007-300x200.jpg.avif\"  class='mesmerize-gallery-1-image lazyload' alt=\"\" data-srcset=\"https:\/\/fotogasteiz.com\/blog\/wp-content\/smush-avif\/2020\/09\/Koldo-Chamorro-KOLDO_007-300x200.jpg.avif 300w, https:\/\/fotogasteiz.com\/blog\/wp-content\/smush-avif\/2020\/09\/Koldo-Chamorro-KOLDO_007-1024x682.jpg.avif 1024w, https:\/\/fotogasteiz.com\/blog\/wp-content\/smush-avif\/2020\/09\/Koldo-Chamorro-KOLDO_007-768x512.jpg.avif 768w, https:\/\/fotogasteiz.com\/blog\/wp-content\/smush-avif\/2020\/09\/Koldo-Chamorro-KOLDO_007-1536x1023.jpg.avif 1536w, https:\/\/fotogasteiz.com\/blog\/wp-content\/uploads\/2020\/09\/Koldo-Chamorro-KOLDO_007.jpg 1600w\" data-sizes=\"(max-width: 300px) 100vw, 300px\" src=\"data:image\/svg+xml;base64,PHN2ZyB3aWR0aD0iMSIgaGVpZ2h0PSIxIiB4bWxucz0iaHR0cDovL3d3dy53My5vcmcvMjAwMC9zdmciPjwvc3ZnPg==\" style=\"--smush-placeholder-width: 300px; --smush-placeholder-aspect-ratio: 300\/200;\" \/><\/a>\n\t\t\t<\/dt><\/dl><dl class='gallery-item'>\n\t\t\t<dt class='gallery-icon landscape'>\n\t\t\t\t<a data-fancybox=\"mesmerize-gallery-1-group\" href='https:\/\/fotogasteiz.com\/blog\/wp-content\/uploads\/2020\/09\/Koldo-Chamorro-KOLDO_014.jpg'><img decoding=\"async\"  width=\"300\" height=\"200\" data-src=\"https:\/\/fotogasteiz.com\/blog\/wp-content\/smush-avif\/2020\/09\/Koldo-Chamorro-KOLDO_014-300x200.jpg.avif\"  class='mesmerize-gallery-1-image lazyload' alt=\"\" data-srcset=\"https:\/\/fotogasteiz.com\/blog\/wp-content\/smush-avif\/2020\/09\/Koldo-Chamorro-KOLDO_014-300x200.jpg.avif 300w, https:\/\/fotogasteiz.com\/blog\/wp-content\/smush-avif\/2020\/09\/Koldo-Chamorro-KOLDO_014-1024x682.jpg.avif 1024w, https:\/\/fotogasteiz.com\/blog\/wp-content\/smush-avif\/2020\/09\/Koldo-Chamorro-KOLDO_014-768x512.jpg.avif 768w, https:\/\/fotogasteiz.com\/blog\/wp-content\/smush-avif\/2020\/09\/Koldo-Chamorro-KOLDO_014-1536x1023.jpg.avif 1536w, https:\/\/fotogasteiz.com\/blog\/wp-content\/uploads\/2020\/09\/Koldo-Chamorro-KOLDO_014.jpg 1600w\" data-sizes=\"(max-width: 300px) 100vw, 300px\" src=\"data:image\/svg+xml;base64,PHN2ZyB3aWR0aD0iMSIgaGVpZ2h0PSIxIiB4bWxucz0iaHR0cDovL3d3dy53My5vcmcvMjAwMC9zdmciPjwvc3ZnPg==\" style=\"--smush-placeholder-width: 300px; --smush-placeholder-aspect-ratio: 300\/200;\" \/><\/a>\n\t\t\t<\/dt><\/dl><dl class='gallery-item'>\n\t\t\t<dt class='gallery-icon landscape'>\n\t\t\t\t<a data-fancybox=\"mesmerize-gallery-1-group\" href='https:\/\/fotogasteiz.com\/blog\/wp-content\/uploads\/2020\/09\/Koldo-Chamorro-KOLDO_018.jpg'><img decoding=\"async\"  width=\"300\" height=\"200\" data-src=\"https:\/\/fotogasteiz.com\/blog\/wp-content\/smush-avif\/2020\/09\/Koldo-Chamorro-KOLDO_018-300x200.jpg.avif\"  class='mesmerize-gallery-1-image lazyload' alt=\"\" data-srcset=\"https:\/\/fotogasteiz.com\/blog\/wp-content\/smush-avif\/2020\/09\/Koldo-Chamorro-KOLDO_018-300x200.jpg.avif 300w, https:\/\/fotogasteiz.com\/blog\/wp-content\/smush-avif\/2020\/09\/Koldo-Chamorro-KOLDO_018-1024x682.jpg.avif 1024w, https:\/\/fotogasteiz.com\/blog\/wp-content\/smush-avif\/2020\/09\/Koldo-Chamorro-KOLDO_018-768x512.jpg.avif 768w, https:\/\/fotogasteiz.com\/blog\/wp-content\/smush-avif\/2020\/09\/Koldo-Chamorro-KOLDO_018-1536x1023.jpg.avif 1536w, https:\/\/fotogasteiz.com\/blog\/wp-content\/uploads\/2020\/09\/Koldo-Chamorro-KOLDO_018.jpg 1600w\" data-sizes=\"(max-width: 300px) 100vw, 300px\" src=\"data:image\/svg+xml;base64,PHN2ZyB3aWR0aD0iMSIgaGVpZ2h0PSIxIiB4bWxucz0iaHR0cDovL3d3dy53My5vcmcvMjAwMC9zdmciPjwvc3ZnPg==\" style=\"--smush-placeholder-width: 300px; --smush-placeholder-aspect-ratio: 300\/200;\" \/><\/a>\n\t\t\t<\/dt><\/dl><dl class='gallery-item'>\n\t\t\t<dt class='gallery-icon landscape'>\n\t\t\t\t<a data-fancybox=\"mesmerize-gallery-1-group\" href='https:\/\/fotogasteiz.com\/blog\/wp-content\/uploads\/2020\/09\/Koldo-Chamorro-KOLDO_026.jpg'><img decoding=\"async\"  width=\"300\" height=\"200\" data-src=\"https:\/\/fotogasteiz.com\/blog\/wp-content\/smush-avif\/2020\/09\/Koldo-Chamorro-KOLDO_026-300x200.jpg.avif\"  class='mesmerize-gallery-1-image lazyload' alt=\"\" data-srcset=\"https:\/\/fotogasteiz.com\/blog\/wp-content\/smush-avif\/2020\/09\/Koldo-Chamorro-KOLDO_026-300x200.jpg.avif 300w, https:\/\/fotogasteiz.com\/blog\/wp-content\/smush-avif\/2020\/09\/Koldo-Chamorro-KOLDO_026-1024x682.jpg.avif 1024w, https:\/\/fotogasteiz.com\/blog\/wp-content\/smush-avif\/2020\/09\/Koldo-Chamorro-KOLDO_026-768x512.jpg.avif 768w, https:\/\/fotogasteiz.com\/blog\/wp-content\/smush-avif\/2020\/09\/Koldo-Chamorro-KOLDO_026-1536x1023.jpg.avif 1536w, https:\/\/fotogasteiz.com\/blog\/wp-content\/uploads\/2020\/09\/Koldo-Chamorro-KOLDO_026.jpg 1600w\" data-sizes=\"(max-width: 300px) 100vw, 300px\" src=\"data:image\/svg+xml;base64,PHN2ZyB3aWR0aD0iMSIgaGVpZ2h0PSIxIiB4bWxucz0iaHR0cDovL3d3dy53My5vcmcvMjAwMC9zdmciPjwvc3ZnPg==\" style=\"--smush-placeholder-width: 300px; --smush-placeholder-aspect-ratio: 300\/200;\" \/><\/a>\n\t\t\t<\/dt><\/dl><dl class='gallery-item'>\n\t\t\t<dt class='gallery-icon landscape'>\n\t\t\t\t<a data-fancybox=\"mesmerize-gallery-1-group\" href='https:\/\/fotogasteiz.com\/blog\/wp-content\/uploads\/2020\/09\/Koldo-Chamorro-KOLDO_027.jpg'><img decoding=\"async\"  width=\"300\" height=\"200\" data-src=\"https:\/\/fotogasteiz.com\/blog\/wp-content\/smush-avif\/2020\/09\/Koldo-Chamorro-KOLDO_027-300x200.jpg.avif\"  class='mesmerize-gallery-1-image lazyload' alt=\"\" data-srcset=\"https:\/\/fotogasteiz.com\/blog\/wp-content\/smush-avif\/2020\/09\/Koldo-Chamorro-KOLDO_027-300x200.jpg.avif 300w, https:\/\/fotogasteiz.com\/blog\/wp-content\/smush-avif\/2020\/09\/Koldo-Chamorro-KOLDO_027-1024x682.jpg.avif 1024w, https:\/\/fotogasteiz.com\/blog\/wp-content\/smush-avif\/2020\/09\/Koldo-Chamorro-KOLDO_027-768x512.jpg.avif 768w, https:\/\/fotogasteiz.com\/blog\/wp-content\/smush-avif\/2020\/09\/Koldo-Chamorro-KOLDO_027-1536x1023.jpg.avif 1536w, https:\/\/fotogasteiz.com\/blog\/wp-content\/uploads\/2020\/09\/Koldo-Chamorro-KOLDO_027.jpg 1600w\" data-sizes=\"(max-width: 300px) 100vw, 300px\" src=\"data:image\/svg+xml;base64,PHN2ZyB3aWR0aD0iMSIgaGVpZ2h0PSIxIiB4bWxucz0iaHR0cDovL3d3dy53My5vcmcvMjAwMC9zdmciPjwvc3ZnPg==\" style=\"--smush-placeholder-width: 300px; --smush-placeholder-aspect-ratio: 300\/200;\" \/><\/a>\n\t\t\t<\/dt><\/dl><dl class='gallery-item'>\n\t\t\t<dt class='gallery-icon landscape'>\n\t\t\t\t<a data-fancybox=\"mesmerize-gallery-1-group\" href='https:\/\/fotogasteiz.com\/blog\/wp-content\/uploads\/2020\/09\/Koldo-Chamorro-KOLDO_030.jpg'><img decoding=\"async\"  width=\"300\" height=\"200\" data-src=\"https:\/\/fotogasteiz.com\/blog\/wp-content\/smush-avif\/2020\/09\/Koldo-Chamorro-KOLDO_030-300x200.jpg.avif\"  class='mesmerize-gallery-1-image lazyload' alt=\"\" data-srcset=\"https:\/\/fotogasteiz.com\/blog\/wp-content\/smush-avif\/2020\/09\/Koldo-Chamorro-KOLDO_030-300x200.jpg.avif 300w, https:\/\/fotogasteiz.com\/blog\/wp-content\/smush-avif\/2020\/09\/Koldo-Chamorro-KOLDO_030-1024x682.jpg.avif 1024w, https:\/\/fotogasteiz.com\/blog\/wp-content\/smush-avif\/2020\/09\/Koldo-Chamorro-KOLDO_030-768x512.jpg.avif 768w, https:\/\/fotogasteiz.com\/blog\/wp-content\/smush-avif\/2020\/09\/Koldo-Chamorro-KOLDO_030-1536x1023.jpg.avif 1536w, https:\/\/fotogasteiz.com\/blog\/wp-content\/uploads\/2020\/09\/Koldo-Chamorro-KOLDO_030.jpg 1600w\" data-sizes=\"(max-width: 300px) 100vw, 300px\" src=\"data:image\/svg+xml;base64,PHN2ZyB3aWR0aD0iMSIgaGVpZ2h0PSIxIiB4bWxucz0iaHR0cDovL3d3dy53My5vcmcvMjAwMC9zdmciPjwvc3ZnPg==\" style=\"--smush-placeholder-width: 300px; --smush-placeholder-aspect-ratio: 300\/200;\" \/><\/a>\n\t\t\t<\/dt><\/dl><dl class='gallery-item'>\n\t\t\t<dt class='gallery-icon landscape'>\n\t\t\t\t<a data-fancybox=\"mesmerize-gallery-1-group\" href='https:\/\/fotogasteiz.com\/blog\/wp-content\/uploads\/2020\/09\/Koldo-Chamorro-KOLDO_036.jpg'><img decoding=\"async\"  width=\"300\" height=\"200\" data-src=\"https:\/\/fotogasteiz.com\/blog\/wp-content\/smush-avif\/2020\/09\/Koldo-Chamorro-KOLDO_036-300x200.jpg.avif\"  class='mesmerize-gallery-1-image lazyload' alt=\"\" data-srcset=\"https:\/\/fotogasteiz.com\/blog\/wp-content\/smush-avif\/2020\/09\/Koldo-Chamorro-KOLDO_036-300x200.jpg.avif 300w, https:\/\/fotogasteiz.com\/blog\/wp-content\/smush-avif\/2020\/09\/Koldo-Chamorro-KOLDO_036-1024x682.jpg.avif 1024w, https:\/\/fotogasteiz.com\/blog\/wp-content\/smush-avif\/2020\/09\/Koldo-Chamorro-KOLDO_036-768x512.jpg.avif 768w, https:\/\/fotogasteiz.com\/blog\/wp-content\/smush-avif\/2020\/09\/Koldo-Chamorro-KOLDO_036-1536x1023.jpg.avif 1536w, https:\/\/fotogasteiz.com\/blog\/wp-content\/uploads\/2020\/09\/Koldo-Chamorro-KOLDO_036.jpg 1600w\" data-sizes=\"(max-width: 300px) 100vw, 300px\" src=\"data:image\/svg+xml;base64,PHN2ZyB3aWR0aD0iMSIgaGVpZ2h0PSIxIiB4bWxucz0iaHR0cDovL3d3dy53My5vcmcvMjAwMC9zdmciPjwvc3ZnPg==\" style=\"--smush-placeholder-width: 300px; --smush-placeholder-aspect-ratio: 300\/200;\" \/><\/a>\n\t\t\t<\/dt><\/dl><dl class='gallery-item'>\n\t\t\t<dt class='gallery-icon landscape'>\n\t\t\t\t<a data-fancybox=\"mesmerize-gallery-1-group\" href='https:\/\/fotogasteiz.com\/blog\/wp-content\/uploads\/2020\/09\/Koldo-Chamorro-KOLDO_058.jpg'><img decoding=\"async\"  width=\"300\" height=\"200\" data-src=\"https:\/\/fotogasteiz.com\/blog\/wp-content\/smush-avif\/2020\/09\/Koldo-Chamorro-KOLDO_058-300x200.jpg.avif\"  class='mesmerize-gallery-1-image lazyload' alt=\"\" data-srcset=\"https:\/\/fotogasteiz.com\/blog\/wp-content\/smush-avif\/2020\/09\/Koldo-Chamorro-KOLDO_058-300x200.jpg.avif 300w, https:\/\/fotogasteiz.com\/blog\/wp-content\/smush-avif\/2020\/09\/Koldo-Chamorro-KOLDO_058-1024x683.jpg.avif 1024w, https:\/\/fotogasteiz.com\/blog\/wp-content\/smush-avif\/2020\/09\/Koldo-Chamorro-KOLDO_058-768x512.jpg.avif 768w, https:\/\/fotogasteiz.com\/blog\/wp-content\/smush-avif\/2020\/09\/Koldo-Chamorro-KOLDO_058-1536x1024.jpg.avif 1536w, https:\/\/fotogasteiz.com\/blog\/wp-content\/uploads\/2020\/09\/Koldo-Chamorro-KOLDO_058.jpg 1600w\" data-sizes=\"(max-width: 300px) 100vw, 300px\" src=\"data:image\/svg+xml;base64,PHN2ZyB3aWR0aD0iMSIgaGVpZ2h0PSIxIiB4bWxucz0iaHR0cDovL3d3dy53My5vcmcvMjAwMC9zdmciPjwvc3ZnPg==\" style=\"--smush-placeholder-width: 300px; --smush-placeholder-aspect-ratio: 300\/200;\" \/><\/a>\n\t\t\t<\/dt><\/dl><dl class='gallery-item'>\n\t\t\t<dt class='gallery-icon landscape'>\n\t\t\t\t<a data-fancybox=\"mesmerize-gallery-1-group\" href='https:\/\/fotogasteiz.com\/blog\/wp-content\/uploads\/2020\/09\/Koldo-Chamorro-KOLDO_063.jpg'><img decoding=\"async\"  width=\"300\" height=\"200\" data-src=\"https:\/\/fotogasteiz.com\/blog\/wp-content\/smush-avif\/2020\/09\/Koldo-Chamorro-KOLDO_063-300x200.jpg.avif\"  class='mesmerize-gallery-1-image lazyload' alt=\"\" data-srcset=\"https:\/\/fotogasteiz.com\/blog\/wp-content\/smush-avif\/2020\/09\/Koldo-Chamorro-KOLDO_063-300x200.jpg.avif 300w, https:\/\/fotogasteiz.com\/blog\/wp-content\/smush-avif\/2020\/09\/Koldo-Chamorro-KOLDO_063-1024x682.jpg.avif 1024w, https:\/\/fotogasteiz.com\/blog\/wp-content\/smush-avif\/2020\/09\/Koldo-Chamorro-KOLDO_063-768x512.jpg.avif 768w, https:\/\/fotogasteiz.com\/blog\/wp-content\/smush-avif\/2020\/09\/Koldo-Chamorro-KOLDO_063-1536x1023.jpg.avif 1536w, https:\/\/fotogasteiz.com\/blog\/wp-content\/uploads\/2020\/09\/Koldo-Chamorro-KOLDO_063.jpg 1600w\" data-sizes=\"(max-width: 300px) 100vw, 300px\" src=\"data:image\/svg+xml;base64,PHN2ZyB3aWR0aD0iMSIgaGVpZ2h0PSIxIiB4bWxucz0iaHR0cDovL3d3dy53My5vcmcvMjAwMC9zdmciPjwvc3ZnPg==\" style=\"--smush-placeholder-width: 300px; --smush-placeholder-aspect-ratio: 300\/200;\" \/><\/a>\n\t\t\t<\/dt><\/dl><dl class='gallery-item'>\n\t\t\t<dt class='gallery-icon landscape'>\n\t\t\t\t<a data-fancybox=\"mesmerize-gallery-1-group\" href='https:\/\/fotogasteiz.com\/blog\/wp-content\/uploads\/2020\/09\/Koldo-Chamorro-KOLDO_184.jpg'><img decoding=\"async\"  width=\"300\" height=\"200\" data-src=\"https:\/\/fotogasteiz.com\/blog\/wp-content\/smush-avif\/2020\/09\/Koldo-Chamorro-KOLDO_184-300x200.jpg.avif\"  class='mesmerize-gallery-1-image lazyload' alt=\"\" data-srcset=\"https:\/\/fotogasteiz.com\/blog\/wp-content\/smush-avif\/2020\/09\/Koldo-Chamorro-KOLDO_184-300x200.jpg.avif 300w, https:\/\/fotogasteiz.com\/blog\/wp-content\/smush-avif\/2020\/09\/Koldo-Chamorro-KOLDO_184-1024x682.jpg.avif 1024w, https:\/\/fotogasteiz.com\/blog\/wp-content\/smush-avif\/2020\/09\/Koldo-Chamorro-KOLDO_184-768x512.jpg.avif 768w, https:\/\/fotogasteiz.com\/blog\/wp-content\/smush-avif\/2020\/09\/Koldo-Chamorro-KOLDO_184-1536x1023.jpg.avif 1536w, https:\/\/fotogasteiz.com\/blog\/wp-content\/uploads\/2020\/09\/Koldo-Chamorro-KOLDO_184.jpg 1600w\" data-sizes=\"(max-width: 300px) 100vw, 300px\" src=\"data:image\/svg+xml;base64,PHN2ZyB3aWR0aD0iMSIgaGVpZ2h0PSIxIiB4bWxucz0iaHR0cDovL3d3dy53My5vcmcvMjAwMC9zdmciPjwvc3ZnPg==\" style=\"--smush-placeholder-width: 300px; --smush-placeholder-aspect-ratio: 300\/200;\" \/><\/a>\n\t\t\t<\/dt><\/dl><dl class='gallery-item'>\n\t\t\t<dt class='gallery-icon portrait'>\n\t\t\t\t<a data-fancybox=\"mesmerize-gallery-1-group\" href='https:\/\/fotogasteiz.com\/blog\/wp-content\/uploads\/2020\/09\/Koldo-Chamorro-KOLDO_238.jpg'><img decoding=\"async\"  width=\"200\" height=\"300\" data-src=\"https:\/\/fotogasteiz.com\/blog\/wp-content\/smush-avif\/2020\/09\/Koldo-Chamorro-KOLDO_238-200x300.jpg.avif\"  class='mesmerize-gallery-1-image lazyload' alt=\"\" data-srcset=\"https:\/\/fotogasteiz.com\/blog\/wp-content\/smush-avif\/2020\/09\/Koldo-Chamorro-KOLDO_238-200x300.jpg.avif 200w, https:\/\/fotogasteiz.com\/blog\/wp-content\/smush-avif\/2020\/09\/Koldo-Chamorro-KOLDO_238-683x1024.jpg.avif 683w, https:\/\/fotogasteiz.com\/blog\/wp-content\/smush-avif\/2020\/09\/Koldo-Chamorro-KOLDO_238-768x1152.jpg.avif 768w, https:\/\/fotogasteiz.com\/blog\/wp-content\/smush-avif\/2020\/09\/Koldo-Chamorro-KOLDO_238-1024x1536.jpg.avif 1024w, https:\/\/fotogasteiz.com\/blog\/wp-content\/smush-avif\/2020\/09\/Koldo-Chamorro-KOLDO_238-1365x2048.jpg.avif 1365w, https:\/\/fotogasteiz.com\/blog\/wp-content\/smush-avif\/2020\/09\/Koldo-Chamorro-KOLDO_238-720x1080.jpg.avif 720w, https:\/\/fotogasteiz.com\/blog\/wp-content\/uploads\/2020\/09\/Koldo-Chamorro-KOLDO_238.jpg 1600w\" data-sizes=\"(max-width: 200px) 100vw, 200px\" src=\"data:image\/svg+xml;base64,PHN2ZyB3aWR0aD0iMSIgaGVpZ2h0PSIxIiB4bWxucz0iaHR0cDovL3d3dy53My5vcmcvMjAwMC9zdmciPjwvc3ZnPg==\" style=\"--smush-placeholder-width: 200px; --smush-placeholder-aspect-ratio: 200\/300;\" \/><\/a>\n\t\t\t<\/dt><\/dl><dl class='gallery-item'>\n\t\t\t<dt class='gallery-icon portrait'>\n\t\t\t\t<a data-fancybox=\"mesmerize-gallery-1-group\" href='https:\/\/fotogasteiz.com\/blog\/wp-content\/uploads\/2020\/09\/KOLDO_033-scaled-1.jpg'><img decoding=\"async\"  width=\"200\" height=\"300\" data-src=\"https:\/\/fotogasteiz.com\/blog\/wp-content\/smush-avif\/2020\/09\/KOLDO_033-scaled-1-200x300.jpg.avif\"  class='mesmerize-gallery-1-image lazyload' alt=\"\" data-srcset=\"https:\/\/fotogasteiz.com\/blog\/wp-content\/smush-avif\/2020\/09\/KOLDO_033-scaled-1-200x300.jpg.avif 200w, https:\/\/fotogasteiz.com\/blog\/wp-content\/smush-avif\/2020\/09\/KOLDO_033-scaled-1-683x1024.jpg.avif 683w, https:\/\/fotogasteiz.com\/blog\/wp-content\/smush-avif\/2020\/09\/KOLDO_033-scaled-1-768x1152.jpg.avif 768w, https:\/\/fotogasteiz.com\/blog\/wp-content\/smush-avif\/2020\/09\/KOLDO_033-scaled-1-1024x1536.jpg.avif 1024w, https:\/\/fotogasteiz.com\/blog\/wp-content\/smush-avif\/2020\/09\/KOLDO_033-scaled-1-1366x2048.jpg.avif 1366w, https:\/\/fotogasteiz.com\/blog\/wp-content\/smush-avif\/2020\/09\/KOLDO_033-scaled-1-720x1080.jpg.avif 720w, https:\/\/fotogasteiz.com\/blog\/wp-content\/uploads\/2020\/09\/KOLDO_033-scaled-1.jpg 1707w\" data-sizes=\"(max-width: 200px) 100vw, 200px\" src=\"data:image\/svg+xml;base64,PHN2ZyB3aWR0aD0iMSIgaGVpZ2h0PSIxIiB4bWxucz0iaHR0cDovL3d3dy53My5vcmcvMjAwMC9zdmciPjwvc3ZnPg==\" style=\"--smush-placeholder-width: 200px; --smush-placeholder-aspect-ratio: 200\/300;\" \/><\/a>\n\t\t\t<\/dt><\/dl>\n\t\t<\/div>\n<script>(function($){window.MaterialisCaptionsGallery && window.MaterialisCaptionsGallery($('[data-unique-id=\"mesmerize-gallery-1-69f3d7c948061\"]'))})(jQuery)<\/script><\/div><\/div><\/div> <\/div><\/div><div  data-label=\"Gallery\" data-id=\"gallery--2\" data-export-id=\"gallery-1\" data-category=\"gallery\" class=\"gallery-1 content-section content-section-spacing\" id=\"gallery-1\" style=\"background-color: rgb(255, 255, 255);\"><div  class=\"gridContainer\"> <div  class=\"row\"><div  class=\"section-title-col\" data-type=\"column\"> <h2  class=\"\"><span  style=\"font-family: &quot;Playfair Display&quot;, arial, helvetica, sans-serif; color: rgb(0, 0, 0);\">Exposici\u00f3n en el Museo L\u00e1zaro Galdiano<\/span><\/h2> <p  class=\"lead\">Comisariada por Clemente Bernad<\/p><\/div> <\/div> <div  class=\"row text-center\"> <div  class=\"col-xs-12\" data-editable=\"true\" data-content-shortcode=\"mesmerize_gallery id=&quot;mesmerize-gallery-1&quot; columns=&quot;3&quot; ids=&quot;12227,12224,12225,12226,12228,12229&quot; lb=&quot;1&quot; masonry=&quot;1&quot; size=&quot;medium&quot; link=&quot;file&quot; \"><div id='mesmerize-gallery-1' class='gallery-wrapper'><style type=\"text\/css\">\n                    @media only screen and (min-width: 768px) {\n                    [data-unique-id='mesmerize-gallery-1-69f3d7c949f93'] dl {\n                        float: left;\n                        width: 33.333333333333% !important;\n                        max-width:  33.333333333333% !important;\n                        min-width:  33.333333333333% !important;\n                    }\n\n                    [data-unique-id='mesmerize-gallery-1-69f3d7c949f93'] dl:nth-of-type(3n +1 ) {\n                      clear: both;\n                      }\n                    }\n                <\/style><div id='mesmerize-gallery-1' class='mesmerize-gallery-1-dls-wrapper gallery-items-wrapper materialis-gallery' data-unique-id='mesmerize-gallery-1-69f3d7c949f93'><dl class='gallery-item'>\n\t\t\t<dt class='gallery-icon landscape'>\n\t\t\t\t<a data-fancybox=\"mesmerize-gallery-1-group\" href='https:\/\/fotogasteiz.com\/blog\/wp-content\/smush-avif\/2020\/09\/IMG_1973-scaled.jpg.avif'><img decoding=\"async\"  width=\"300\" height=\"225\" data-src=\"https:\/\/fotogasteiz.com\/blog\/wp-content\/smush-avif\/2020\/09\/IMG_1973-300x225.jpg.avif\"  class='mesmerize-gallery-1-image lazyload' alt=\"\" data-srcset=\"https:\/\/fotogasteiz.com\/blog\/wp-content\/smush-avif\/2020\/09\/IMG_1973-300x225.jpg.avif 300w, https:\/\/fotogasteiz.com\/blog\/wp-content\/smush-avif\/2020\/09\/IMG_1973-1024x768.jpg.avif 1024w, https:\/\/fotogasteiz.com\/blog\/wp-content\/smush-avif\/2020\/09\/IMG_1973-768x576.jpg.avif 768w, https:\/\/fotogasteiz.com\/blog\/wp-content\/smush-avif\/2020\/09\/IMG_1973-1536x1152.jpg.avif 1536w, https:\/\/fotogasteiz.com\/blog\/wp-content\/smush-avif\/2020\/09\/IMG_1973-2048x1536.jpg.avif 2048w, https:\/\/fotogasteiz.com\/blog\/wp-content\/smush-avif\/2020\/09\/IMG_1973-1440x1080.jpg.avif 1440w\" data-sizes=\"(max-width: 300px) 100vw, 300px\" src=\"data:image\/svg+xml;base64,PHN2ZyB3aWR0aD0iMSIgaGVpZ2h0PSIxIiB4bWxucz0iaHR0cDovL3d3dy53My5vcmcvMjAwMC9zdmciPjwvc3ZnPg==\" style=\"--smush-placeholder-width: 300px; --smush-placeholder-aspect-ratio: 300\/225;\" \/><\/a>\n\t\t\t<\/dt><\/dl><dl class='gallery-item'>\n\t\t\t<dt class='gallery-icon landscape'>\n\t\t\t\t<a data-fancybox=\"mesmerize-gallery-1-group\" href='https:\/\/fotogasteiz.com\/blog\/wp-content\/smush-avif\/2020\/09\/IMG_1982-scaled.jpg.avif'><img decoding=\"async\"  width=\"300\" height=\"225\" data-src=\"https:\/\/fotogasteiz.com\/blog\/wp-content\/smush-avif\/2020\/09\/IMG_1982-300x225.jpg.avif\"  class='mesmerize-gallery-1-image lazyload' alt=\"\" data-srcset=\"https:\/\/fotogasteiz.com\/blog\/wp-content\/smush-avif\/2020\/09\/IMG_1982-300x225.jpg.avif 300w, https:\/\/fotogasteiz.com\/blog\/wp-content\/smush-avif\/2020\/09\/IMG_1982-1024x768.jpg.avif 1024w, https:\/\/fotogasteiz.com\/blog\/wp-content\/smush-avif\/2020\/09\/IMG_1982-768x576.jpg.avif 768w, https:\/\/fotogasteiz.com\/blog\/wp-content\/smush-avif\/2020\/09\/IMG_1982-1536x1152.jpg.avif 1536w, https:\/\/fotogasteiz.com\/blog\/wp-content\/smush-avif\/2020\/09\/IMG_1982-2048x1536.jpg.avif 2048w, https:\/\/fotogasteiz.com\/blog\/wp-content\/smush-avif\/2020\/09\/IMG_1982-1440x1080.jpg.avif 1440w\" data-sizes=\"(max-width: 300px) 100vw, 300px\" src=\"data:image\/svg+xml;base64,PHN2ZyB3aWR0aD0iMSIgaGVpZ2h0PSIxIiB4bWxucz0iaHR0cDovL3d3dy53My5vcmcvMjAwMC9zdmciPjwvc3ZnPg==\" style=\"--smush-placeholder-width: 300px; --smush-placeholder-aspect-ratio: 300\/225;\" \/><\/a>\n\t\t\t<\/dt><\/dl><dl class='gallery-item'>\n\t\t\t<dt class='gallery-icon landscape'>\n\t\t\t\t<a data-fancybox=\"mesmerize-gallery-1-group\" href='https:\/\/fotogasteiz.com\/blog\/wp-content\/smush-avif\/2020\/09\/IMG_1975-scaled.jpg.avif'><img decoding=\"async\"  width=\"300\" height=\"225\" data-src=\"https:\/\/fotogasteiz.com\/blog\/wp-content\/smush-avif\/2020\/09\/IMG_1975-300x225.jpg.avif\"  class='mesmerize-gallery-1-image lazyload' alt=\"\" data-srcset=\"https:\/\/fotogasteiz.com\/blog\/wp-content\/smush-avif\/2020\/09\/IMG_1975-300x225.jpg.avif 300w, https:\/\/fotogasteiz.com\/blog\/wp-content\/smush-avif\/2020\/09\/IMG_1975-1024x768.jpg.avif 1024w, https:\/\/fotogasteiz.com\/blog\/wp-content\/smush-avif\/2020\/09\/IMG_1975-768x576.jpg.avif 768w, https:\/\/fotogasteiz.com\/blog\/wp-content\/smush-avif\/2020\/09\/IMG_1975-1536x1152.jpg.avif 1536w, https:\/\/fotogasteiz.com\/blog\/wp-content\/smush-avif\/2020\/09\/IMG_1975-2048x1536.jpg.avif 2048w, https:\/\/fotogasteiz.com\/blog\/wp-content\/smush-avif\/2020\/09\/IMG_1975-1440x1080.jpg.avif 1440w\" data-sizes=\"(max-width: 300px) 100vw, 300px\" src=\"data:image\/svg+xml;base64,PHN2ZyB3aWR0aD0iMSIgaGVpZ2h0PSIxIiB4bWxucz0iaHR0cDovL3d3dy53My5vcmcvMjAwMC9zdmciPjwvc3ZnPg==\" style=\"--smush-placeholder-width: 300px; --smush-placeholder-aspect-ratio: 300\/225;\" \/><\/a>\n\t\t\t<\/dt><\/dl><dl class='gallery-item'>\n\t\t\t<dt class='gallery-icon portrait'>\n\t\t\t\t<a data-fancybox=\"mesmerize-gallery-1-group\" href='https:\/\/fotogasteiz.com\/blog\/wp-content\/smush-avif\/2020\/09\/IMG_1981-scaled.jpg.avif'><img decoding=\"async\"  width=\"225\" height=\"300\" data-src=\"https:\/\/fotogasteiz.com\/blog\/wp-content\/smush-avif\/2020\/09\/IMG_1981-225x300.jpg.avif\"  class='mesmerize-gallery-1-image lazyload' alt=\"\" data-srcset=\"https:\/\/fotogasteiz.com\/blog\/wp-content\/smush-avif\/2020\/09\/IMG_1981-225x300.jpg.avif 225w, https:\/\/fotogasteiz.com\/blog\/wp-content\/smush-avif\/2020\/09\/IMG_1981-768x1024.jpg.avif 768w, https:\/\/fotogasteiz.com\/blog\/wp-content\/smush-avif\/2020\/09\/IMG_1981-1152x1536.jpg.avif 1152w, https:\/\/fotogasteiz.com\/blog\/wp-content\/smush-avif\/2020\/09\/IMG_1981-1536x2048.jpg.avif 1536w, https:\/\/fotogasteiz.com\/blog\/wp-content\/smush-avif\/2020\/09\/IMG_1981-1024x1365.jpg.avif 1024w, https:\/\/fotogasteiz.com\/blog\/wp-content\/smush-avif\/2020\/09\/IMG_1981-810x1080.jpg.avif 810w, https:\/\/fotogasteiz.com\/blog\/wp-content\/smush-avif\/2020\/09\/IMG_1981-scaled.jpg.avif 1920w\" data-sizes=\"(max-width: 225px) 100vw, 225px\" src=\"data:image\/svg+xml;base64,PHN2ZyB3aWR0aD0iMSIgaGVpZ2h0PSIxIiB4bWxucz0iaHR0cDovL3d3dy53My5vcmcvMjAwMC9zdmciPjwvc3ZnPg==\" style=\"--smush-placeholder-width: 225px; --smush-placeholder-aspect-ratio: 225\/300;\" \/><\/a>\n\t\t\t<\/dt><\/dl><dl class='gallery-item'>\n\t\t\t<dt class='gallery-icon landscape'>\n\t\t\t\t<a data-fancybox=\"mesmerize-gallery-1-group\" href='https:\/\/fotogasteiz.com\/blog\/wp-content\/smush-avif\/2020\/09\/IMG_1980-scaled.jpg.avif'><img decoding=\"async\"  width=\"300\" height=\"225\" data-src=\"https:\/\/fotogasteiz.com\/blog\/wp-content\/smush-avif\/2020\/09\/IMG_1980-300x225.jpg.avif\"  class='mesmerize-gallery-1-image lazyload' alt=\"\" data-srcset=\"https:\/\/fotogasteiz.com\/blog\/wp-content\/smush-avif\/2020\/09\/IMG_1980-300x225.jpg.avif 300w, https:\/\/fotogasteiz.com\/blog\/wp-content\/smush-avif\/2020\/09\/IMG_1980-1024x768.jpg.avif 1024w, https:\/\/fotogasteiz.com\/blog\/wp-content\/smush-avif\/2020\/09\/IMG_1980-768x576.jpg.avif 768w, https:\/\/fotogasteiz.com\/blog\/wp-content\/smush-avif\/2020\/09\/IMG_1980-1536x1152.jpg.avif 1536w, https:\/\/fotogasteiz.com\/blog\/wp-content\/smush-avif\/2020\/09\/IMG_1980-2048x1536.jpg.avif 2048w, https:\/\/fotogasteiz.com\/blog\/wp-content\/smush-avif\/2020\/09\/IMG_1980-1440x1080.jpg.avif 1440w\" data-sizes=\"(max-width: 300px) 100vw, 300px\" src=\"data:image\/svg+xml;base64,PHN2ZyB3aWR0aD0iMSIgaGVpZ2h0PSIxIiB4bWxucz0iaHR0cDovL3d3dy53My5vcmcvMjAwMC9zdmciPjwvc3ZnPg==\" style=\"--smush-placeholder-width: 300px; --smush-placeholder-aspect-ratio: 300\/225;\" \/><\/a>\n\t\t\t<\/dt><\/dl><dl class='gallery-item'>\n\t\t\t<dt class='gallery-icon landscape'>\n\t\t\t\t<a data-fancybox=\"mesmerize-gallery-1-group\" href='https:\/\/fotogasteiz.com\/blog\/wp-content\/smush-avif\/2020\/09\/IMG_1976-scaled.jpg.avif'><img decoding=\"async\"  width=\"300\" height=\"225\" data-src=\"https:\/\/fotogasteiz.com\/blog\/wp-content\/smush-avif\/2020\/09\/IMG_1976-300x225.jpg.avif\"  class='mesmerize-gallery-1-image lazyload' alt=\"\" data-srcset=\"https:\/\/fotogasteiz.com\/blog\/wp-content\/smush-avif\/2020\/09\/IMG_1976-300x225.jpg.avif 300w, https:\/\/fotogasteiz.com\/blog\/wp-content\/smush-avif\/2020\/09\/IMG_1976-1024x768.jpg.avif 1024w, https:\/\/fotogasteiz.com\/blog\/wp-content\/smush-avif\/2020\/09\/IMG_1976-768x576.jpg.avif 768w, https:\/\/fotogasteiz.com\/blog\/wp-content\/smush-avif\/2020\/09\/IMG_1976-1536x1152.jpg.avif 1536w, https:\/\/fotogasteiz.com\/blog\/wp-content\/smush-avif\/2020\/09\/IMG_1976-2048x1536.jpg.avif 2048w, https:\/\/fotogasteiz.com\/blog\/wp-content\/smush-avif\/2020\/09\/IMG_1976-1440x1080.jpg.avif 1440w\" data-sizes=\"(max-width: 300px) 100vw, 300px\" src=\"data:image\/svg+xml;base64,PHN2ZyB3aWR0aD0iMSIgaGVpZ2h0PSIxIiB4bWxucz0iaHR0cDovL3d3dy53My5vcmcvMjAwMC9zdmciPjwvc3ZnPg==\" style=\"--smush-placeholder-width: 300px; --smush-placeholder-aspect-ratio: 300\/225;\" \/><\/a>\n\t\t\t<\/dt><\/dl>\n\t\t<\/div>\n<script>(function($){window.MaterialisCaptionsGallery && window.MaterialisCaptionsGallery($('[data-unique-id=\"mesmerize-gallery-1-69f3d7c949f93\"]'))})(jQuery)<\/script><\/div><\/div><\/div> <\/div><\/div><div  data-label=\"Proxemicafotografica\" data-id=\"content--2\" data-export-id=\"content-7\" data-category=\"content\" class=\"content-7 content-section content-section-spacing content-relative\" id=\"proxemicafotografica\" style=\"background-color: rgb(255, 255, 255);\"><div class=\"section-separator-top\" >\r\n    <svg class=\"section-separator-top\" data-separator-name=\"triangle-asymmetrical-negative\" preserveAspectRatio=\"none\" viewBox=\"0 0 1000 100\" xmlns=\"http:\/\/www.w3.org\/2000\/svg\" >\r\n        <path class=\"svg-white-bg\" d=\"M737.9,94.7L0,0v100h1000V0L737.9,94.7z\" ><\/path>\r\n    <\/svg>\r\n<\/div><div  class=\"gridContainer\"> <div  class=\"row middle-sm\"><div  class=\"col-sm-6 space-bottom-xs\" data-type=\"column\"> <h2  class=\"\"><span  style=\"font-family: &quot;Playfair Display&quot;, arial, helvetica, sans-serif; color: rgb(0, 0, 0);\">\u2018Prox\u00e9mica fotogr\u00e1fica\u2019<\/span><\/h2> <p  class=\"\"><span  style=\"font-family: Muli, arial, helvetica, sans-serif; color: rgb(52, 58, 64);\">Koldo Chamorro invent\u00f3 la teor\u00eda del espacio social en fotograf\u00eda determinando qu\u00e9 distancia era la m\u00e1s adecuada para cada circunstancia e incluso qu\u00e9 material y qu\u00e9 distancia focal era la m\u00e1s pertinente para cada caso particular. La llam\u00f3 \u00abprox\u00e9mica fotogr\u00e1fica\u00bb. \r\n<\/span><br ><br ><span  style=\"font-family: Muli, arial, helvetica, sans-serif; color: rgb(52, 58, 64);\">https:\/\/riunet.upv.es\/handle\/10251\/63227<\/span><\/p> <\/div> <div  class=\"col-sm-6\" data-type=\"column\"> <img decoding=\"async\"  class=\"shadow-large lazyload\" data-src=\"https:\/\/i0.wp.com\/fotogasteiz.com\/blog\/wp-content\/uploads\/2020\/09\/Koldo-Chamorro-KOLDO_039.jpg?w=3840&amp;ssl=1\" alt=\"\" title=\"Koldo-Chamorro-KOLDO_039\" width=\"586\" height=\"879\" src=\"data:image\/svg+xml;base64,PHN2ZyB3aWR0aD0iMSIgaGVpZ2h0PSIxIiB4bWxucz0iaHR0cDovL3d3dy53My5vcmcvMjAwMC9zdmciPjwvc3ZnPg==\" style=\"--smush-placeholder-width: 586px; --smush-placeholder-aspect-ratio: 586\/879;\"><\/div> <\/div><\/div> <\/div><div  data-label=\"clemente bernad\" data-id=\"testimonials--1\" data-export-id=\"testimonials-3\" data-category=\"testimonials\" class=\"testimonials-3 content-section content-section-spacing\" id=\"clemente-bernad\" style=\"background-color: rgb(245, 250, 253);\"><div  class=\"\"> <div  class=\"row\"><div  data-type=\"column\" class=\"section-title-col\"> <h2  class=\"\"><span  style=\"font-family: &quot;Playfair Display&quot;, arial, helvetica, sans-serif; color: rgb(0, 0, 0);\">\u00abNuestro fot\u00f3grafo decisivo\u00bb<\/span><\/h2> <p  class=\"lead\"><span  style=\"font-family: Muli, arial, helvetica, sans-serif; color: rgb(255, 51, 105);\">por Clemente Bernad<\/span>\r\n<br >Publicado en \u00abDiario de Noticias de Navarra\u00bb el 25 de octubre de 2009.<\/p><\/div> <\/div> <div  class=\"row spaced-cols content-center-sm center-sm\" data-type=\"row\"> <div  class=\"col-xs-12 col-sm-4 col-md-6 \"> <div  class=\"card shadow\" data-type=\"column\"> <i  class=\"fa fa-quote-right icon color1 small quotation-icon\"><\/i> <p  class=\"\">Koldo Chamorro muri\u00f3 solo, como siempre dec\u00eda que iba a morir. Solo, como un perro callejero. Pero que nadie se lleve a enga\u00f1o. Aqu\u00ed, en estas tierras de ingratitudes viejas y envidias eternas, ser un perro callejero es un grado. Significa no haberse traicionado a uno mismo ni a los que con uno caminan, no haber frecuentado los pasillos del poder para obtener riquezas ni medallas manchadas de indignidad, no haber doblado la cerviz ante quienes no lo merecen. No, las medallas que Koldo llevaba prendidas en su vieja chaqueta el d\u00eda que lo enterramos eran s\u00f3lo unos peque\u00f1os pins baratos cuya importancia va mucho m\u00e1s all\u00e1 de cualquier fatuidad. Una bandera de Brasil, un San Ferm\u00edn, un busto de la diosa Minerva, un aspa de tela de una cofrad\u00eda de la semana santa sevillana, una insignia del diario franc\u00e9s Lib\u00e9ration. Nada m\u00e1s y nada menos. Ah\u00ed estaba, como una peque\u00f1a constelaci\u00f3n vital, todo lo suyo:  la preferencia por los desfavorecidos y el calor de las selvas ecuatoriales; los dioses y los santos cercanos que trazaban las l\u00edneas de su mano; la diosa romana de la sabidur\u00eda, de las artes y de las guerras; la pasi\u00f3n visceral del sur y la escarapela tricolor que dibuja las letras de la palabra libertad; y el amor, claro.<br >\r\n   Koldo era un contador de historias. Un curioso. Su patria era el reportaje fotogr\u00e1fico entendido como la forma m\u00e1s completa, arriesgada y pertinente para hablar de la vida de las personas.  Dentro de \u00e9l distingu\u00eda diversas soluciones, como el ensayo fotogr\u00e1fico, el reportaje monogr\u00e1fico o el poema visual, que le permit\u00edan utilizar unos recursos expresivos u otros. El ensayo fotogr\u00e1fico era su preferido porque es el espacio narrativo decisivo donde poner en juego todas las apuestas, todas las soluciones y todas las energ\u00edas. Para  elaborarlo incluso desarroll\u00f3 una interesante teor\u00eda que aplicaba la prox\u00e9mica a la pr\u00e1ctica de la fotograf\u00eda de reportaje, y que le permit\u00eda analizar las caracter\u00edsticas de los espacios sociales en los que trabajaba y determinar qu\u00e9 distancia era la m\u00e1s adecuada para cada circunstancia e incluso qu\u00e9 material y qu\u00e9 distancia focal era la m\u00e1s pertinente para cada caso particular.<br >\r\n   En estos tiempos en los que el simulacro lo ha empapado todo, es dif\u00edcil entender la actitud \u00e9tica, la energ\u00eda y la pasi\u00f3n de alguien como Koldo por construir una vida y una obra sin concesiones ni medias tintas, sin excusas. Se dice que nadie es profeta en su tierra y Koldo tampoco lo fue, desde luego. Era un viajero, aunque dedic\u00f3 a\u00f1os de ingente esfuerzo a fotografiar Navarra con cari\u00f1o pero sin pa\u00f1os calientes. Sin embargo, aqu\u00ed nunca recibi\u00f3 nada m\u00e1s que migajas, palmaditas en la espalda y palabras bienintencionadas. Pero de eso no vive un fot\u00f3grafo. Fotografi\u00f3 las fiestas de esta ingrata ciudad a tumba abierta durante m\u00e1s de 25 a\u00f1os, abord\u00e1ndolas en toda su complejidad, de una manera muy diferente a las correctas postales de la norteamericana Inge Morath o al ingenuo reportaje de Ram\u00f3n Masats. Pero sus fotograf\u00edas no forman parte del imaginario sanferminero, simplemente porque no se conocen. De hecho, quienes se lamentan estos d\u00edas como pla\u00f1ideras de que haya terminado siendo un incomprendido, quiz\u00e1s debieran preguntarse por qu\u00e9 no fueron capaces de comprender a un fot\u00f3grafo rotundo, ind\u00f3mito y fascinante que siempre estuvo al alcance de la mano; por qu\u00e9 siempre se le neg\u00f3 el pan y la sal, y su trabajo nunca mereci\u00f3 el reconocimiento ni los incentivos que necesitaba para que creciese, adquiriese visibilidad y fuese comprensible para muchos otros; por qu\u00e9 no existe ni un solo libro monogr\u00e1fico que recoja ni uno solo de sus ensayos de manera completa y digna. Sus imprescindibles fotograf\u00edas pueblan, injustamente, los cajones de un archivo ignoto que asusta por su magnitud.<br >\r\n   Al abordar sus trabajos Koldo prefer\u00eda hundir sus motivos y sus decisiones en la tradici\u00f3n sin preocuparse por lo venidero. Prefer\u00eda mirar hacia atr\u00e1s para saber qui\u00e9n era y de d\u00f3nde ven\u00eda, mientras avanzaba a toda velocidad hacia delante, sin miedo. Era caliente, cercano, muy cari\u00f1oso. Fue un luchador. Nada de im\u00e1genes pusil\u00e1nimes para consumo f\u00e1cil de la galer\u00eda. Nada de miraditas blandengues. Nada de comida r\u00e1pida visual para solaz de b\u00e1rbaros. Nada de atajos para alcanzar la fama, el dinero y el poder a costa de abaratar el discurso aunque sea del gusto de la mayor\u00eda. A Koldo no le interesaba la mayor\u00eda. Le interesaba lo que pod\u00eda tocar, acariciar, querer, mirar, oler, contar y sufrir en concreto, siempre en primera persona. A Koldo le interesabas t\u00fa.<br >\r\n   Tanto sus ensayos como las fotograf\u00edas que los componen son dif\u00edciles de digerir. Koldo conoc\u00eda perfectamente la evoluci\u00f3n del lenguaje fotogr\u00e1fico y sab\u00eda cu\u00e1les eran las exigencias conceptuales y estil\u00edsticas a las que deb\u00eda responder con sus fotograf\u00edas. Por eso su trabajo no es una mirada m\u00e1s en la cesta, sino que supone un verdadero aporte a la historia del medio. Es nuestro fot\u00f3grafo decisivo. Sus trabajos m\u00e1s conocidos son \u201cFuentelencina: ciclo del sol\u201d, \u201cLos Hijos-Dalgo de Iturgoyen\u201d, \u201cEl Santo Christo Ib\u00e9rico\u201d, \u201cEspa\u00f1a m\u00e1gica\u201d, \u201cLos sanfermines\u201d, \u201cAlgo llueve sobre mi coraz\u00f3n\u201d, \u201cPubis pro nobis\u201d, \u201cLos silencios de Dios\u201d, \u201cEl nacimiento de una naci\u00f3n\u201d, \u201cLa violaci\u00f3n c\u00f3smica\u201d, \u201cEl sujetador\u201d y \u201cEl kapote\u201d, s\u00f3lo una muestra de una ingente producci\u00f3n que habla a las claras de su capacidad de trabajo. En todos ellos, Koldo se ocup\u00f3 de m\u00faltiples cuestiones acerca de las estructuras sociales, la religi\u00f3n, las fiestas, los toros, el cuerpo, el sexo, etc\u2026 Sus im\u00e1genes son el resultado de un riguroso trabajo de an\u00e1lisis y estudio de cada uno de los temas hasta en sus m\u00e1s peque\u00f1os detalles. El azar trabaja despu\u00e9s, sobre una s\u00f3lida estructura compositiva y visual que huye de la evidencia como de la peste. Koldo era extremadamente exigente al analizar su propio trabajo, y no se lo pon\u00eda f\u00e1cil ni a s\u00ed mismo ni a sus lectores. Sus fotograf\u00edas no se agotan en una primera lectura, ni en una segunda, ni en una tercera\u2026, son peque\u00f1os laberintos donde cualquier camino es posible, donde reina la ambig\u00fcedad y el juego, donde todo son preguntas sin respuesta, y  donde \u2013como a \u00e9l tanto le gustaba recordar citando el Tao Te King- lo visible construye la forma, pero lo invisible le otorga el valor.<br >\r\nMientras otros fot\u00f3grafos de su generaci\u00f3n recorr\u00edan Espa\u00f1a en los \u00faltimos a\u00f1os de la dictadura de fiesta en fiesta y de procesi\u00f3n en procesi\u00f3n, en busca de un folclore superficial del que s\u00f3lo obtuvieron im\u00e1genes anecd\u00f3ticas, Koldo se afanaba en reflexionar sobre los mecanismos en los que descansaba el paso de la sociedad rural de la posguerra a la posible pero incierta nueva identidad del pa\u00eds. Trabajando en muchas ocasiones en los mismos territorios que aquellos, su mirada era diferente porque se clavaba bajo la l\u00ednea de flotaci\u00f3n del discurso cultural dominante, y porque nunca se aprovechaba de la energ\u00eda de lo que fotografiaba en su propio beneficio, sino que era \u00e9l mismo quien aportaba su energ\u00eda, su bagaje y su forma de entender la vida a cada uno de sus temas.<br >\r\n   El d\u00eda de su entierro Koldo estaba sin zapatos dentro del ata\u00fad. Los \u00fanicos que se pudieron encontrar en aquellos momentos de confusi\u00f3n estaban llenos de barro. Pero, \u00bfde qu\u00e9 lo iban a estar?. Barro de las calles, tierra de los caminos, de los campos. De las cunetas.<\/p> <img decoding=\"async\"  data-src=\"https:\/\/i2.wp.com\/fotogasteiz.com\/blog\/wp-content\/uploads\/2020\/09\/cropped-683679_1-2fupld6.jpg?w=3840&amp;ssl=1\" class=\"round icon lazyload\" alt=\"\" title=\"cropped-683679_1-2fupld6.jpg\" width=\"96\" height=\"96\" src=\"data:image\/svg+xml;base64,PHN2ZyB3aWR0aD0iMSIgaGVpZ2h0PSIxIiB4bWxucz0iaHR0cDovL3d3dy53My5vcmcvMjAwMC9zdmciPjwvc3ZnPg==\" style=\"--smush-placeholder-width: 96px; --smush-placeholder-aspect-ratio: 96\/96;\"> <h6  class=\"\">Clemente Bernad<\/h6> <p  class=\"small italic\">Ayudante de Koldo Chamorro, comisario, fot\u00f3grafo y experto en Fotograf\u00eda<\/p><\/div> <\/div>  <\/div> <\/div><\/div><div data-label=\"Content\" data-id=\"content--11\" data-export-id=\"content-12\" data-category=\"content\" class=\"content-12 content-section content-section-spacing content-relative\" id=\"content-7\"  style=\"background-color: rgb(255, 255, 255);\"><div class=\"section-separator-top\" >\r\n    <svg class=\"section-separator-top\" data-separator-name=\"triangle-asymmetrical-negative\" preserveAspectRatio=\"none\" viewBox=\"0 0 1000 100\" xmlns=\"http:\/\/www.w3.org\/2000\/svg\" >\r\n        <path class=\"svg-white-bg\" d=\"M737.9,94.7L0,0v100h1000V0L737.9,94.7z\" ><\/path>\r\n    <\/svg>\r\n<\/div><div class=\"gridContainer\" > <div class=\"row text-center\" ><div class=\"section-title-col\" data-type=\"column\" > <h2 class=\"\" ><span style=\"font-family: &quot;Playfair Display&quot;, arial, helvetica, sans-serif; color: rgb(0, 0, 0);\" >Documentales &#8216;Totum Revolutum&#8217;<\/span><\/h2> <p class=\"lead\" ><span style=\"font-family: Muli, arial, helvetica, sans-serif; color: rgb(52, 58, 64);\" ><span style=\"font-weight: 700;\" >Clemente Bernad<\/span> realiz\u00f3 m\u00e1s de 70 entrevistas a fot\u00f3grafos, comisarios, editores y amigos cercanos a la vida y obra de Koldo Chamorro.\r\n<br ><br >Dichos v\u00eddeos apoyan la exposici\u00f3n Santo Christo Ib\u00e9rica y ayudan a dibujar la personalidad del mito:<\/span><\/p><\/div> <\/div> <div class=\"row center-xs middle-xs\" > <div class=\"col-sm-9\" data-type=\"column\" > <\/div> <\/div><\/div> <\/div><div  data-label=\"Content\" data-id=\"content--5\" data-export-id=\"content-1\" data-category=\"content\" class=\"content-1 content-section content-section-spacing\" id=\"content-1\" style=\"background-color: rgb(255, 255, 255);\"><div  class=\"gridContainer\"> <div  class=\"row middle-sm\"><div  class=\"col-sm-6\" data-type=\"column\"> <h2  class=\"\"><span  style=\"font-family: &quot;Playfair Display&quot;, arial, helvetica, sans-serif; color: rgb(0, 0, 0);\">Totum Revolutum #1<\/span><\/h2> <p  class=\"\"><span  style=\"color: rgb(52, 58, 64);\">\u00bfCu\u00e1ndo conociste a Koldo Chamorro?<\/span><\/p> <a class=\"button color1\" href=\"https:\/\/www.youtube.com\/watch?v=CiQDpeAw-vA\" target=\"_blank\" data-cp-link=\"1\" data-icon=\"\" rel=\"noopener noreferrer\">Ver v\u00eddeo<\/a><\/div> <div  class=\"col-sm-6 flexbox-strech center-xs middle-xs\"><div  class=\"lightbox-video lightbox-video-tall dark-overlay shadow-large flexbox middle-xs center-xs lazyload\" data-bg=\"image\" data-type=\"group\" style=\"background-image:inherit;\" data-bg-image=\"url(&quot;https:\/\/fotogasteiz.com\/blog\/wp-content\/uploads\/2020\/09\/cropped-Koldo-Chamorro.jpg&quot;)\"> <a  data-fancybox=\"\" data-video-lightbox=\"true\" href=\"https:\/\/www.youtube.com\/watch?v=CiQDpeAw-vA\" class=\"\"> <i  class=\"fa video-icon fa-play-circle-o color-white\" data-cp-fa=\"true\"><\/i><\/a> <\/div><\/div> <\/div><\/div> <\/div><div  data-label=\"Content\" data-id=\"content--6\" data-export-id=\"content-10\" data-category=\"content\" class=\"content-10 content-section content-section-spacing\" id=\"content-2\" style=\"background-color: rgb(255, 255, 255); background-image: none;\"><div  class=\"gridContainer\"> <div  class=\"row middle-sm\"><div  class=\"col-sm-6 center-xs middle-xs space-bottom-xs\"> <div  class=\"lightbox-video lightbox-video-tall dark-overlay shadow-large flexbox middle-xs center-xs lazyload\" data-type=\"group\" data-bg=\"image\" style=\"background-image:inherit;\" data-bg-image=\"url(&quot;https:\/\/fotogasteiz.com\/blog\/wp-content\/uploads\/2020\/09\/cropped-1024px-Koldo_Chamorro_Jose\u0301_Antonio_Tejero_Lanzarote.jpg&quot;)\"> <a  data-fancybox=\"\" data-video-lightbox=\"true\" href=\"https:\/\/www.youtube.com\/watch?v=l0ILDTZpSyE\" class=\"\"> <i  data-cp-fa=\"true\" class=\"fa video-icon fa-play-circle-o color-white\"><\/i><\/a> <\/div><\/div> <div  class=\"col-sm-6 space-bottom-xs\" data-type=\"column\"><h2  class=\"\"><span  style=\"font-family: &quot;Playfair Display&quot;, arial, helvetica, sans-serif; color: rgb(0, 0, 0);\">Totum Revolutum #2<\/span><\/h2> <p  class=\"\"><span  style=\"font-family: Muli, arial, helvetica, sans-serif; color: rgb(52, 58, 64);\">\u00bfC\u00f3mo era Koldo?<\/span><\/p> <a class=\"button color1\" href=\"https:\/\/www.youtube.com\/watch?v=l0ILDTZpSyE\" target=\"_blank\" data-cp-link=\"1\" data-icon=\"\" rel=\"noopener noreferrer\">Ver v\u00eddeo<\/a><\/div> <\/div><\/div> <\/div><div data-label=\"Content\" data-id=\"content--7\" data-export-id=\"content-1\" data-category=\"content\" class=\"content-1 content-section content-section-spacing\" id=\"content-3\"  style=\"background-color: rgb(255, 255, 255);\"><div class=\"gridContainer\" > <div class=\"row middle-sm\" ><div class=\"col-sm-6\" data-type=\"column\" > <h2 class=\"\" ><span style=\"font-family: &quot;Playfair Display&quot;, arial, helvetica, sans-serif; color: rgb(0, 0, 0);\" >Totum Revolutum #3<\/span><\/h2> <p class=\"\" ><span style=\"color: rgb(52, 58, 64);\" >\u00bfQu\u00e9 opinas de su obra?<\/span><\/p> <a class=\"button color1\" href=\"https:\/\/www.youtube.com\/watch?v=C5F85q4axLg\" target=\"_blank\" data-cp-link=\"1\" data-icon=\"\" rel=\"noopener noreferrer\">Ver v\u00eddeo<\/a><\/div> <div class=\"col-sm-6 flexbox-strech center-xs middle-xs\" ><div class=\"lightbox-video lightbox-video-tall dark-overlay shadow-large flexbox middle-xs center-xs lazyload\" data-bg=\"image\" data-type=\"group\"  style=\"background-image:inherit;\" data-bg-image=\"url(&quot;https:\/\/fotogasteiz.com\/blog\/wp-content\/uploads\/2020\/09\/cropped-Koldo-Chamorro-KOLDO_036.jpg&quot;)\"> <a data-fancybox=\"\" data-video-lightbox=\"true\" href=\"https:\/\/www.youtube.com\/watch?v=C5F85q4axLg\" > <i class=\"fa video-icon fa-play-circle-o color-white\" data-cp-fa=\"true\" ><\/i><\/a> <\/div><\/div> <\/div><\/div> <\/div><div data-label=\"Content\" data-id=\"content--8\" data-export-id=\"content-10\" data-category=\"content\" class=\"content-10 content-section content-section-spacing\" id=\"content-4\"  style=\"background-color: rgb(255, 255, 255); background-image: none;\"><div class=\"gridContainer\" > <div class=\"row middle-sm\" ><div class=\"col-sm-6 center-xs middle-xs space-bottom-xs\" > <div class=\"lightbox-video lightbox-video-tall dark-overlay shadow-large flexbox middle-xs center-xs lazyload\" data-type=\"group\" data-bg=\"image\"  style=\"background-image:inherit;\" data-bg-image=\"url(&quot;https:\/\/fotogasteiz.com\/blog\/wp-content\/uploads\/2020\/09\/cropped-Koldo-Chamorro-KOLDO_026.jpg&quot;)\"> <a data-fancybox=\"\" data-video-lightbox=\"true\" href=\"https:\/\/www.youtube.com\/watch?v=5J06PXBNt4U\" > <i data-cp-fa=\"true\" class=\"fa video-icon fa-play-circle-o color-white\" ><\/i><\/a> <\/div><\/div> <div class=\"col-sm-6 space-bottom-xs\" data-type=\"column\" ><h2 class=\"\" ><span style=\"font-family: &quot;Playfair Display&quot;, arial, helvetica, sans-serif; color: rgb(0, 0, 0);\" >Totum Revolutum #4<\/span><\/h2> <p class=\"\" ><span style=\"font-family: Muli, arial, helvetica, sans-serif; color: rgb(52, 58, 64);\" >\u00bfCu\u00e1l era su contexto?<\/span><\/p> <a class=\"button color1\" href=\"https:\/\/www.youtube.com\/watch?v=5J06PXBNt4U\" target=\"_blank\" data-cp-link=\"1\" data-icon=\"\" rel=\"noopener noreferrer\">Ver v\u00eddeo<\/a><\/div> <\/div><\/div> <\/div><div data-label=\"Content\" data-id=\"content--9\" data-export-id=\"content-1\" data-category=\"content\" class=\"content-1 content-section content-section-spacing\" id=\"content-5\"  style=\"background-color: rgb(255, 255, 255);\"><div class=\"gridContainer\" > <div class=\"row middle-sm\" ><div class=\"col-sm-6\" data-type=\"column\" > <h2 class=\"\" ><span style=\"font-family: &quot;Playfair Display&quot;, arial, helvetica, sans-serif; color: rgb(0, 0, 0);\" >Totum Revolutum #5<\/span><\/h2> <p class=\"\" ><span style=\"font-family: Muli, arial, helvetica, sans-serif; color: rgb(52, 58, 64);\" >\u00bfRecuerdas alguna an\u00e9cdota de Koldo?<\/span><\/p> <a class=\"button color1\" href=\"https:\/\/www.youtube.com\/watch?v=q_UtzWxy2nw\" target=\"_blank\" data-cp-link=\"1\" data-icon=\"\" rel=\"noopener noreferrer\">Ver v\u00eddeo<\/a><\/div> <div class=\"col-sm-6 flexbox-strech center-xs middle-xs\" ><div class=\"lightbox-video lightbox-video-tall dark-overlay shadow-large flexbox middle-xs center-xs lazyload\" data-bg=\"image\" data-type=\"group\"  style=\"background-image:inherit;\" data-bg-image=\"url(&quot;https:\/\/fotogasteiz.com\/blog\/wp-content\/uploads\/2020\/09\/cropped-Koldo-Chamorro-KOLDO_184.jpg&quot;)\"> <a data-fancybox=\"\" data-video-lightbox=\"true\" href=\"https:\/\/www.youtube.com\/watch?v=q_UtzWxy2nw\" > <i class=\"fa video-icon fa-play-circle-o color-white\" data-cp-fa=\"true\" ><\/i><\/a> <\/div><\/div> <\/div><\/div> <\/div><div data-label=\"Content\" data-id=\"content--10\" data-export-id=\"content-10\" data-category=\"content\" class=\"content-10 content-section content-section-spacing\" id=\"content-6\"  style=\"background-color: rgb(255, 255, 255); background-image: none;\"><div class=\"gridContainer\" > <div class=\"row middle-sm\" ><div class=\"col-sm-6 center-xs middle-xs space-bottom-xs\" > <div class=\"lightbox-video lightbox-video-tall dark-overlay shadow-large flexbox middle-xs center-xs lazyload\" data-type=\"group\" data-bg=\"image\"  style=\"background-image:inherit;\" data-bg-image=\"url(&quot;https:\/\/fotogasteiz.com\/blog\/wp-content\/uploads\/2020\/09\/cropped-Koldo-Chamorro-KOLDO_058.jpg&quot;)\"> <a data-fancybox=\"\" data-video-lightbox=\"true\" href=\"https:\/\/www.youtube.com\/watch?v=HF9RtIewINA\" > <i data-cp-fa=\"true\" class=\"fa video-icon fa-play-circle-o color-white\" ><\/i><\/a> <\/div><\/div> <div class=\"col-sm-6 space-bottom-xs\" data-type=\"column\" ><h2 class=\"\" ><span style=\"font-family: &quot;Playfair Display&quot;, arial, helvetica, sans-serif; color: rgb(0, 0, 0);\" >Totum Revolutum #6<\/span><\/h2> <p class=\"\" ><span style=\"font-family: Muli, arial, helvetica, sans-serif; color: rgb(52, 58, 64);\" >\u00bfPuedes elegir alguna fotograf\u00eda suya?<\/span><\/p> <a class=\"button color1\" href=\"https:\/\/www.youtube.com\/watch?v=HF9RtIewINA\" target=\"_blank\" data-cp-link=\"1\" data-icon=\"\" rel=\"noopener noreferrer\">Ver v\u00eddeo<\/a><\/div> <\/div><\/div> <\/div>","protected":false},"excerpt":{"rendered":"<p>Vida \u2013 Obra \u2013 Biograf\u00eda GRANDES FOT\u00d3GRAFOS Y FOT\u00d3GRAFASKoldo Chamorro Koldo Chamorro fue un fot\u00f3grafo documental espa\u00f1ol especializado en el reportaje pionero que retrat\u00f3 de forma m\u00e1gica y casi on\u00edrica la Espa\u00f1a de los a\u00f1os 70 que estaba a punto de desaparecer haciendo hincapi\u00e9 en el concepto y el mensaje. Su maestr\u00eda con la composici\u00f3n&hellip; <br \/> <a class=\"read-more\" href=\"https:\/\/fotogasteiz.com\/blog\/fotografos\/koldo-chamorro-vida-obra-biografia\/\">Read more<\/a><\/p>\n","protected":false},"author":1,"featured_media":12204,"parent":1689,"menu_order":0,"comment_status":"closed","ping_status":"closed","template":"pro\/page-templates\/full-width-page.php","meta":{"footnotes":""},"class_list":["post-12200","page","type-page","status-publish","has-post-thumbnail","hentry"],"yoast_head":"<!-- This site is optimized with the Yoast SEO Premium plugin v22.5 (Yoast SEO v27.5) - https:\/\/yoast.com\/product\/yoast-seo-premium-wordpress\/ -->\n<title>Koldo Chamorro - Profesor de fotograf\u00eda<\/title>\n<meta name=\"robots\" content=\"index, follow, max-snippet:-1, max-image-preview:large, max-video-preview:-1\" \/>\n<link rel=\"canonical\" href=\"https:\/\/fotogasteiz.com\/blog\/fotografos\/koldo-chamorro-vida-obra-biografia\/\" \/>\n<meta property=\"og:locale\" content=\"es_ES\" \/>\n<meta property=\"og:type\" content=\"article\" \/>\n<meta property=\"og:title\" content=\"Koldo Chamorro\" \/>\n<meta property=\"og:description\" content=\"Vida \u2013 Obra \u2013 Biograf\u00eda GRANDES FOT\u00d3GRAFOS Y FOT\u00d3GRAFASKoldo Chamorro Koldo Chamorro fue un fot\u00f3grafo documental espa\u00f1ol especializado en el reportaje pionero que retrat\u00f3 de forma m\u00e1gica y casi on\u00edrica la Espa\u00f1a de los a\u00f1os 70 que estaba a punto de desaparecer haciendo hincapi\u00e9 en el concepto y el mensaje. Su maestr\u00eda con la composici\u00f3n&hellip; Read more\" \/>\n<meta property=\"og:url\" content=\"https:\/\/fotogasteiz.com\/blog\/fotografos\/koldo-chamorro-vida-obra-biografia\/\" \/>\n<meta property=\"og:site_name\" content=\"Profesor de fotograf\u00eda\" \/>\n<meta property=\"article:modified_time\" content=\"2020-09-18T09:38:11+00:00\" \/>\n<meta property=\"og:image\" content=\"https:\/\/i2.wp.com\/fotogasteiz.com\/blog\/wp-content\/uploads\/2020\/09\/1024px-Koldo_Chamorro_Jose\u0301_Antonio_Tejero_Lanzarote.jpg?fit=1024%2C1024&ssl=1\" \/>\n\t<meta property=\"og:image:width\" content=\"1024\" \/>\n\t<meta property=\"og:image:height\" content=\"1024\" \/>\n\t<meta property=\"og:image:type\" content=\"image\/jpeg\" \/>\n<meta name=\"twitter:card\" content=\"summary_large_image\" \/>\n<meta name=\"twitter:label1\" content=\"Tiempo de lectura\" \/>\n\t<meta name=\"twitter:data1\" content=\"14 minutos\" \/>\n<script type=\"application\/ld+json\" class=\"yoast-schema-graph\">{\"@context\":\"https:\\\/\\\/schema.org\",\"@graph\":[{\"@type\":\"WebPage\",\"@id\":\"https:\\\/\\\/fotogasteiz.com\\\/blog\\\/fotografos\\\/koldo-chamorro-vida-obra-biografia\\\/\",\"url\":\"https:\\\/\\\/fotogasteiz.com\\\/blog\\\/fotografos\\\/koldo-chamorro-vida-obra-biografia\\\/\",\"name\":\"Koldo Chamorro - Profesor de fotograf\u00eda\",\"isPartOf\":{\"@id\":\"https:\\\/\\\/fotogasteiz.com\\\/blog\\\/#website\"},\"primaryImageOfPage\":{\"@id\":\"https:\\\/\\\/fotogasteiz.com\\\/blog\\\/fotografos\\\/koldo-chamorro-vida-obra-biografia\\\/#primaryimage\"},\"image\":{\"@id\":\"https:\\\/\\\/fotogasteiz.com\\\/blog\\\/fotografos\\\/koldo-chamorro-vida-obra-biografia\\\/#primaryimage\"},\"thumbnailUrl\":\"https:\\\/\\\/fotogasteiz.com\\\/blog\\\/wp-content\\\/uploads\\\/2020\\\/09\\\/1024px-Koldo_Chamorro_Jose\u0301_Antonio_Tejero_Lanzarote.jpg\",\"datePublished\":\"2020-09-07T10:41:52+00:00\",\"dateModified\":\"2020-09-18T09:38:11+00:00\",\"breadcrumb\":{\"@id\":\"https:\\\/\\\/fotogasteiz.com\\\/blog\\\/fotografos\\\/koldo-chamorro-vida-obra-biografia\\\/#breadcrumb\"},\"inLanguage\":\"es\",\"potentialAction\":[{\"@type\":\"ReadAction\",\"target\":[\"https:\\\/\\\/fotogasteiz.com\\\/blog\\\/fotografos\\\/koldo-chamorro-vida-obra-biografia\\\/\"]}]},{\"@type\":\"ImageObject\",\"inLanguage\":\"es\",\"@id\":\"https:\\\/\\\/fotogasteiz.com\\\/blog\\\/fotografos\\\/koldo-chamorro-vida-obra-biografia\\\/#primaryimage\",\"url\":\"https:\\\/\\\/fotogasteiz.com\\\/blog\\\/wp-content\\\/uploads\\\/2020\\\/09\\\/1024px-Koldo_Chamorro_Jose\u0301_Antonio_Tejero_Lanzarote.jpg\",\"contentUrl\":\"https:\\\/\\\/fotogasteiz.com\\\/blog\\\/wp-content\\\/uploads\\\/2020\\\/09\\\/1024px-Koldo_Chamorro_Jose\u0301_Antonio_Tejero_Lanzarote.jpg\",\"width\":1024,\"height\":1024},{\"@type\":\"BreadcrumbList\",\"@id\":\"https:\\\/\\\/fotogasteiz.com\\\/blog\\\/fotografos\\\/koldo-chamorro-vida-obra-biografia\\\/#breadcrumb\",\"itemListElement\":[{\"@type\":\"ListItem\",\"position\":1,\"name\":\"Portada\",\"item\":\"https:\\\/\\\/fotogasteiz.com\\\/blog\\\/\"},{\"@type\":\"ListItem\",\"position\":2,\"name\":\"Fot\u00f3grafos y fot\u00f3grafas (biograf\u00edas)\",\"item\":\"https:\\\/\\\/fotogasteiz.com\\\/blog\\\/fotografos\\\/\"},{\"@type\":\"ListItem\",\"position\":3,\"name\":\"Koldo Chamorro\"}]},{\"@type\":\"WebSite\",\"@id\":\"https:\\\/\\\/fotogasteiz.com\\\/blog\\\/#website\",\"url\":\"https:\\\/\\\/fotogasteiz.com\\\/blog\\\/\",\"name\":\"Profesor de fotograf\u00eda\",\"description\":\"por Gustavo Bravo\",\"potentialAction\":[{\"@type\":\"SearchAction\",\"target\":{\"@type\":\"EntryPoint\",\"urlTemplate\":\"https:\\\/\\\/fotogasteiz.com\\\/blog\\\/?s={search_term_string}\"},\"query-input\":{\"@type\":\"PropertyValueSpecification\",\"valueRequired\":true,\"valueName\":\"search_term_string\"}}],\"inLanguage\":\"es\"}]}<\/script>\n<!-- \/ Yoast SEO Premium plugin. -->","yoast_head_json":{"title":"Koldo Chamorro - Profesor de fotograf\u00eda","robots":{"index":"index","follow":"follow","max-snippet":"max-snippet:-1","max-image-preview":"max-image-preview:large","max-video-preview":"max-video-preview:-1"},"canonical":"https:\/\/fotogasteiz.com\/blog\/fotografos\/koldo-chamorro-vida-obra-biografia\/","og_locale":"es_ES","og_type":"article","og_title":"Koldo Chamorro","og_description":"Vida \u2013 Obra \u2013 Biograf\u00eda GRANDES FOT\u00d3GRAFOS Y FOT\u00d3GRAFASKoldo Chamorro Koldo Chamorro fue un fot\u00f3grafo documental espa\u00f1ol especializado en el reportaje pionero que retrat\u00f3 de forma m\u00e1gica y casi on\u00edrica la Espa\u00f1a de los a\u00f1os 70 que estaba a punto de desaparecer haciendo hincapi\u00e9 en el concepto y el mensaje. Su maestr\u00eda con la composici\u00f3n&hellip; Read more","og_url":"https:\/\/fotogasteiz.com\/blog\/fotografos\/koldo-chamorro-vida-obra-biografia\/","og_site_name":"Profesor de fotograf\u00eda","article_modified_time":"2020-09-18T09:38:11+00:00","og_image":[{"width":1024,"height":1024,"url":"https:\/\/i2.wp.com\/fotogasteiz.com\/blog\/wp-content\/uploads\/2020\/09\/1024px-Koldo_Chamorro_Jose\u0301_Antonio_Tejero_Lanzarote.jpg?fit=1024%2C1024&ssl=1","type":"image\/jpeg"}],"twitter_card":"summary_large_image","twitter_misc":{"Tiempo de lectura":"14 minutos"},"schema":{"@context":"https:\/\/schema.org","@graph":[{"@type":"WebPage","@id":"https:\/\/fotogasteiz.com\/blog\/fotografos\/koldo-chamorro-vida-obra-biografia\/","url":"https:\/\/fotogasteiz.com\/blog\/fotografos\/koldo-chamorro-vida-obra-biografia\/","name":"Koldo Chamorro - Profesor de fotograf\u00eda","isPartOf":{"@id":"https:\/\/fotogasteiz.com\/blog\/#website"},"primaryImageOfPage":{"@id":"https:\/\/fotogasteiz.com\/blog\/fotografos\/koldo-chamorro-vida-obra-biografia\/#primaryimage"},"image":{"@id":"https:\/\/fotogasteiz.com\/blog\/fotografos\/koldo-chamorro-vida-obra-biografia\/#primaryimage"},"thumbnailUrl":"https:\/\/fotogasteiz.com\/blog\/wp-content\/uploads\/2020\/09\/1024px-Koldo_Chamorro_Jose\u0301_Antonio_Tejero_Lanzarote.jpg","datePublished":"2020-09-07T10:41:52+00:00","dateModified":"2020-09-18T09:38:11+00:00","breadcrumb":{"@id":"https:\/\/fotogasteiz.com\/blog\/fotografos\/koldo-chamorro-vida-obra-biografia\/#breadcrumb"},"inLanguage":"es","potentialAction":[{"@type":"ReadAction","target":["https:\/\/fotogasteiz.com\/blog\/fotografos\/koldo-chamorro-vida-obra-biografia\/"]}]},{"@type":"ImageObject","inLanguage":"es","@id":"https:\/\/fotogasteiz.com\/blog\/fotografos\/koldo-chamorro-vida-obra-biografia\/#primaryimage","url":"https:\/\/fotogasteiz.com\/blog\/wp-content\/uploads\/2020\/09\/1024px-Koldo_Chamorro_Jose\u0301_Antonio_Tejero_Lanzarote.jpg","contentUrl":"https:\/\/fotogasteiz.com\/blog\/wp-content\/uploads\/2020\/09\/1024px-Koldo_Chamorro_Jose\u0301_Antonio_Tejero_Lanzarote.jpg","width":1024,"height":1024},{"@type":"BreadcrumbList","@id":"https:\/\/fotogasteiz.com\/blog\/fotografos\/koldo-chamorro-vida-obra-biografia\/#breadcrumb","itemListElement":[{"@type":"ListItem","position":1,"name":"Portada","item":"https:\/\/fotogasteiz.com\/blog\/"},{"@type":"ListItem","position":2,"name":"Fot\u00f3grafos y fot\u00f3grafas (biograf\u00edas)","item":"https:\/\/fotogasteiz.com\/blog\/fotografos\/"},{"@type":"ListItem","position":3,"name":"Koldo Chamorro"}]},{"@type":"WebSite","@id":"https:\/\/fotogasteiz.com\/blog\/#website","url":"https:\/\/fotogasteiz.com\/blog\/","name":"Profesor de fotograf\u00eda","description":"por Gustavo Bravo","potentialAction":[{"@type":"SearchAction","target":{"@type":"EntryPoint","urlTemplate":"https:\/\/fotogasteiz.com\/blog\/?s={search_term_string}"},"query-input":{"@type":"PropertyValueSpecification","valueRequired":true,"valueName":"search_term_string"}}],"inLanguage":"es"}]}},"_links":{"self":[{"href":"https:\/\/fotogasteiz.com\/blog\/wp-json\/wp\/v2\/pages\/12200","targetHints":{"allow":["GET"]}}],"collection":[{"href":"https:\/\/fotogasteiz.com\/blog\/wp-json\/wp\/v2\/pages"}],"about":[{"href":"https:\/\/fotogasteiz.com\/blog\/wp-json\/wp\/v2\/types\/page"}],"author":[{"embeddable":true,"href":"https:\/\/fotogasteiz.com\/blog\/wp-json\/wp\/v2\/users\/1"}],"replies":[{"embeddable":true,"href":"https:\/\/fotogasteiz.com\/blog\/wp-json\/wp\/v2\/comments?post=12200"}],"version-history":[{"count":11,"href":"https:\/\/fotogasteiz.com\/blog\/wp-json\/wp\/v2\/pages\/12200\/revisions"}],"predecessor-version":[{"id":12254,"href":"https:\/\/fotogasteiz.com\/blog\/wp-json\/wp\/v2\/pages\/12200\/revisions\/12254"}],"up":[{"embeddable":true,"href":"https:\/\/fotogasteiz.com\/blog\/wp-json\/wp\/v2\/pages\/1689"}],"wp:featuredmedia":[{"embeddable":true,"href":"https:\/\/fotogasteiz.com\/blog\/wp-json\/wp\/v2\/media\/12204"}],"wp:attachment":[{"href":"https:\/\/fotogasteiz.com\/blog\/wp-json\/wp\/v2\/media?parent=12200"}],"curies":[{"name":"wp","href":"https:\/\/api.w.org\/{rel}","templated":true}]}}