{"id":12472,"date":"2020-09-28T15:50:14","date_gmt":"2020-09-28T15:50:14","guid":{"rendered":"https:\/\/fotogasteiz.com\/blog\/?page_id=12472"},"modified":"2022-01-11T12:01:26","modified_gmt":"2022-01-11T12:01:26","slug":"chema-conesa-vida-obra-biografia","status":"publish","type":"page","link":"https:\/\/fotogasteiz.com\/blog\/fotografos\/chema-conesa-vida-obra-biografia\/","title":{"rendered":"Chema Conesa"},"content":{"rendered":"<div  data-label=\"INTRO\" data-id=\"about--1\" data-export-id=\"about-10\" data-category=\"about\" class=\"about-10 content-section content-section-spacing\" id=\"intro\" style=\"background-color: rgb(255, 255, 255);\"><div  class=\"gridContainer\"> <div  class=\"row middle-sm text-center\"><div  class=\"col-sm-5 space-bottom-xs content-column\" data-type=\"column\"> <h5  class=\"\"><span  style=\"color: rgb(3, 169, 244);\">Vida \u2013 obra \u2013 biograf\u00eda<\/span><\/h5> <p  class=\"lead\">GRANDES FOT\u00d3GRAFOS Y FOT\u00d3GRAFAS<\/p><h2  class=\"\"><span  style=\"font-family: &quot;Playfair Display&quot;, arial, helvetica, sans-serif; color: rgb(0, 0, 0);\">Chema Conesa<\/span><\/h2> <p  class=\"\"><span  style=\"font-family: Muli, arial, helvetica, sans-serif; color: rgb(52, 58, 64);\"><span  style=\"font-weight: 900;\">Chema Conesa<\/span>&nbsp;(1952-) es un fot\u00f3grafo, editor y comisario cultural espa\u00f1ol que ha dedicado los \u00faltimos 40 a\u00f1os de su vida a popularizar la Fotograf\u00eda en Espa\u00f1a, dando a la misma el valor que merece en todas sus facetas profesionales.\n<\/span><br ><br ><span  style=\"font-family: Muli, arial, helvetica, sans-serif; color: rgb(52, 58, 64);\">Siendo director de los suplementos dominicales de los peri\u00f3dicos m\u00e1s importantes de Espa\u00f1a primaba la fotograf\u00eda y pon\u00eda en boga a los fot\u00f3grafos nacionales e internacionales y como editor ha puesto en las bibliotecas de los espa\u00f1oles las obras de los grandes fot\u00f3grafos en cuyos archivos ha buceado durante a\u00f1os.<\/span><\/p> <p  class=\"\"><span  style=\"font-style: italic; font-weight: 600; color: rgb(255, 51, 105);\">\u00daltima actualizaci\u00f3n: enero 2022<\/span><\/p><p  class=\"\"><span  style=\"font-family: Muli, arial, helvetica, sans-serif; font-weight: 700; color: rgb(0, 0, 0);\">Foto dcha: <a data-mce-href=\"https:\/\/www.jeosm.com\/\" href=\"https:\/\/www.jeosm.com\" target=\"_blank\" rel=\"noopener\" data-mce-selected=\"inline-boundary\" data-cp-link=\"1\" class=\"\">JEOSM<\/a><\/span><\/p><\/div> <div  class=\"col-sm-7 flexbox middle-xs center-xs space-bottom-xs\"><div  class=\"overlay-box middle-xs center-xs flexbox\"> <div  class=\"overlay-box-offset offset-border shadow-medium border-color1 hide-xs\"><\/div> <img decoding=\"async\"  class=\"shadow-large lazyload\" data-size=\"485x705\" data-src=\"https:\/\/i2.wp.com\/fotogasteiz.com\/blog\/wp-content\/uploads\/2020\/09\/maestro-de-fotografos.jpg?w=3840&amp;ssl=1\" alt=\"\" title=\"maestro-de-fotografos\" width=\"485\" height=\"647\" src=\"data:image\/svg+xml;base64,PHN2ZyB3aWR0aD0iMSIgaGVpZ2h0PSIxIiB4bWxucz0iaHR0cDovL3d3dy53My5vcmcvMjAwMC9zdmciPjwvc3ZnPg==\" style=\"--smush-placeholder-width: 485px; --smush-placeholder-aspect-ratio: 485\/647;\"><\/div> <\/div><\/div> <\/div><\/div><div  data-label=\"Cta\" data-id=\"cta--3\" data-export-id=\"cta-centered-section-grid\" data-category=\"cta\" class=\"cta-centered-section-grid content-section content-section-spacing-medium bg-color1 white-text content-relative\" id=\"cta-3\"><div  class=\"gridContainer\"> <div  class=\"row text-center\"><div  class=\"col-xs-12 col-sm-10 col-sm-offset-1 col-md-8 col-md-offset-2\" data-type=\"column\">   <p  class=\"lead\"><span  style=\"font-family: Muli, arial, helvetica, sans-serif; font-weight: 400;\">\u00abLa fotograf\u00eda para m\u00ed es un lenguaje de uso, por eso no hay una fotograf\u00eda buena o mala. Hay una fotograf\u00eda adecuada o menos adecuada, en funci\u00f3n de lo que quieres contar. Si la imagen constituye un discurso, entonces podemos decir que es una buena fotograf\u00eda. Y eso es a\u00fan m\u00e1s importante cuando editas una revista, un libro o montas una exposici\u00f3n. A las im\u00e1genes hay que darles un orden y una jerarqu\u00eda para poder construir una historia\u00bb.<\/span><\/p><p  class=\"\"><span  style=\"color: rgb(0, 0, 0);\">-Chema Conesa<\/span><\/p><\/div> <\/div><\/div> <div  class=\"section-separator-bottom\">\n    <svg  xmlns=\"http:\/\/www.w3.org\/2000\/svg\" viewBox=\"0 0 1000 100\" preserveAspectRatio=\"none\" data-separator-name=\"triangle-asymmetrical\" class=\"section-separator-bottom\">\n\t<path  class=\"svg-white-bg\" d=\"M738,99l262-93V0H0v5.6L738,99z\"><\/path>\n<\/svg>\n<\/div><\/div><div  data-label=\"bio\" data-id=\"content--1\" data-export-id=\"content-8\" data-category=\"content\" class=\"content-8 content-section content-section-spacing\" id=\"bio\" style=\"background-color: rgb(245, 250, 253);\"><div  class=\"gridContainer\"> <div  class=\"row middle-sm\"><div  class=\"col-sm-6 space-bottom-xs space-top-xs\" data-type=\"column\"> <img decoding=\"async\"  class=\"shadow-large lazyload\" data-src=\"https:\/\/i1.wp.com\/fotogasteiz.com\/blog\/wp-content\/uploads\/2020\/09\/23215832_124171781608961_6343903647626173814_o.jpg?w=3840&amp;ssl=1\" alt=\"\" title=\"23215832_124171781608961_6343903647626173814_o\" width=\"586\" height=\"586\" src=\"data:image\/svg+xml;base64,PHN2ZyB3aWR0aD0iMSIgaGVpZ2h0PSIxIiB4bWxucz0iaHR0cDovL3d3dy53My5vcmcvMjAwMC9zdmciPjwvc3ZnPg==\" style=\"--smush-placeholder-width: 586px; --smush-placeholder-aspect-ratio: 586\/586;\"><\/div> <div  class=\"col-sm-6\" data-type=\"column\"><p  class=\"lead\"><span  style=\"font-family: Muli, arial, helvetica, sans-serif; font-weight: 900; color: rgb(3, 169, 244);\">PRIMEROS A\u00d1OS<\/span><\/p><h2  class=\"\"><span  style=\"font-family: &quot;Playfair Display&quot;, arial, helvetica, sans-serif; color: rgb(0, 0, 0);\">Biograf\u00eda de Chema Conesa&nbsp;<\/span><\/h2> <p  class=\"\"><span  style=\"font-family: Muli, arial, helvetica, sans-serif; color: rgb(52, 58, 64);\"><span  style=\"font-weight: 700;\">Jos\u00e9 Mar\u00eda Garc\u00eda Conesa (Chema Conesa)<\/span> naci\u00f3 el a\u00f1o nuevo de 1952 en el popular barrio de Vistabella de Murcia. Hijo de una maestra y un funcionario que en su tiempo libre redactaba art\u00edculos deportivos en el peri\u00f3dico \u2018La Verdad\u2019, \u00abdesde peque\u00f1o fui un mir\u00f3n. Me encantaba observar\u00bb, confiesa.\n<\/span><br ><br ><span  style=\"font-family: Muli, arial, helvetica, sans-serif; color: rgb(52, 58, 64);\">\nEstudi\u00f3 en el colegio p\u00fablico en el que trabajaba su madre, sin recibir ning\u00fan trato de favor. \u00abYo era el que me llevaba los bofetones, como ejemplo para el resto de compa\u00f1eros\u00bb. Y en el tiempo de ocio jugaba a f\u00fatbol e iba a clases de viol\u00edn, instrumento que abandon\u00f3 a los dos a\u00f1os de empezar a tocarlo.\n<\/span><br ><br ><span  style=\"font-family: Muli, arial, helvetica, sans-serif; color: rgb(52, 58, 64);\">\nCon 12 a\u00f1os y fruto de su inter\u00e9s por salir de Murcia y conocer nuevos lugares, se fue con los Jesu\u00edtas a Tortosa (Tarragona) donde naci\u00f3 su pasi\u00f3n por la fotograf\u00eda. Pidi\u00f3 a los Reyes Magos una c\u00e1mara de fotos y de Oriente le lleg\u00f3 una Nerasport con pel\u00edcula de 127mm.\n<\/span><br ><br ><span  style=\"font-family: Muli, arial, helvetica, sans-serif; color: rgb(52, 58, 64);\">\nEn 1967, con 15 a\u00f1os tuvo su primer contacto con la fotograf\u00eda profesional sin saber el nivel de profesionalidad que estaba teniendo ante s\u00ed\u2026 Estando en su casa de Murcia, un fot\u00f3grafo le pidi\u00f3 permiso para subir a su casa y fotografiar desde su ventana la feria de conserva y alimentaci\u00f3n de Murcia que estaba teniendo lugar en aquel momento. El joven Chema disfrut\u00f3 viendo a aquel fot\u00f3grafo trabajando desde su casa embelesado con poder ser fot\u00f3grafo alg\u00fan d\u00eda sin saber a qui\u00e9n ten\u00eda delante. A\u00f1os despu\u00e9s vio aquella foto tomada desde su ventana en una gu\u00eda: estaba firmada por Francesc Catal\u00e1 Roca. \u00a1A\u00f1os atr\u00e1s hab\u00eda estado en su casa aquel fot\u00f3grafo a quien tanto admiraba y cuya monograf\u00eda acabar\u00eda editando d\u00e9cadas despu\u00e9s!\n<\/span><br ><br ><span  style=\"font-family: Muli, arial, helvetica, sans-serif; color: rgb(52, 58, 64);\">\nEn 1968, con 16 a\u00f1os, se mud\u00f3 a Salamanca a estudiar el bachillerato con los Jesu\u00edtas. Sigui\u00f3 disfrutando del f\u00fatbol, pero su vocaci\u00f3n religiosa se tambale\u00f3 y regres\u00f3 a Murcia a estudiar la carrera de Filosof\u00eda y Letras. En su tiempo libre, cantaba en el coro de la facultad y hac\u00eda teatro, actividad gracias a la cual pudo recorrer el pa\u00eds y conocer Marruecos. Cuando el grupo fue a actuar a T\u00e1nger, Chema aprovech\u00f3 para comprarse su primera c\u00e1mara de calidad: una Yashica Lynx 500. Sus primeras fotos fueron de la gira teatral.\n<\/span><br ><br ><span  style=\"font-family: Muli, arial, helvetica, sans-serif; color: rgb(52, 58, 64);\">\nEn aquellos primeros a\u00f1os de universidad tambi\u00e9n form\u00f3 parte de un grupo de m\u00fasica folk llamado \u2018Vino Tinto\u2019.<\/span><\/p> <\/div> <\/div><\/div> <\/div><div  data-label=\"Madrid\" data-id=\"content--2\" data-export-id=\"content-7\" data-category=\"content\" class=\"content-7 content-section content-section-spacing\" id=\"madrid\" style=\"background-color: rgb(245, 250, 253); background-image: none;\"><div  class=\"gridContainer\"> <div  class=\"row middle-sm\"><div  class=\"col-sm-6 space-bottom-xs\" data-type=\"column\"> <p  class=\"lead\"><span  style=\"font-family: Muli, arial, helvetica, sans-serif; font-weight: 900; color: rgb(255, 51, 105);\">BIOGRAF\u00cdA DE CHEMA CONESA<\/span><\/p><h2  class=\"\"><span  style=\"font-family: &quot;Playfair Display&quot;, arial, helvetica, sans-serif; color: rgb(0, 0, 0);\">Los a\u00f1os en Madrid: nace \u2018Chema Conesa\u2019<\/span><\/h2> <p  class=\"\"><span  style=\"font-family: Muli, arial, helvetica, sans-serif; color: rgb(52, 58, 64);\">En 1972, con 20 a\u00f1os, se mud\u00f3 a Madrid para estudiar la especialidad de Historia del Arte en la Universidad Complutense. Residi\u00f3 en el colegio mayor Chaminade y entr\u00f3 a formar parte de su Club de Fotograf\u00eda. All\u00ed aprendi\u00f3 a revelar en el laboratorio y empez\u00f3 a hacer fotos con asiduidad.\n<\/span><br ><br ><span  style=\"font-family: Muli, arial, helvetica, sans-serif; color: rgb(52, 58, 64);\">\nEn aquel a\u00f1o 1972, Televisi\u00f3n Espa\u00f1ola present\u00f3 un programa musical y su grupo de folk result\u00f3 finalista. La discogr\u00e1fica de los Beatles, EMI Ode\u00f3n, les grab\u00f3 su primer sencillo y ganaron el premio revelaci\u00f3n que otorga la Asociaci\u00f3n de la Prensa de Murcia. Gracias a aquel sencillo, conoci\u00f3 al fot\u00f3grafo que hab\u00eda hecho las fotos de los discos de Los Bravo o Julio Iglesias, entre otros, Pedro Antonio Mart\u00ednez Parra y se ofreci\u00f3 como ayudante. Pasaba las tardes revelando en la casa de Mart\u00ednez Parra y gracias a \u00e9l conoci\u00f3 a la pionera del fotoperiodismo en Espa\u00f1a <span  style=\"font-weight: 700;\">Joana Biarn\u00e9s<\/span>.\n<\/span><br ><br ><span  style=\"font-family: Muli, arial, helvetica, sans-serif; color: rgb(52, 58, 64);\">\nEn 1973 se matricul\u00f3 en Imagen y Periodismo y se fue a vivir a un piso compartido. Ofrec\u00eda conciertos por toda Espa\u00f1a y ya era independiente econ\u00f3micamente.\n<\/span><br ><br ><span  style=\"font-family: Muli, arial, helvetica, sans-serif; color: rgb(52, 58, 64);\">\nAdem\u00e1s de que su padre colaboraba escribiendo art\u00edculos para <span  style=\"font-style: italic;\">La Verdad<\/span>, sus t\u00edos paternos eran periodistas. Corr\u00eda 1976 y estos, que trabajan en los diarios \u2018Ya\u2019 e \u2018Informaciones\u2019, le adelantaron que estaba a punto de nacer un nuevo peri\u00f3dico llamado \u2018<span  style=\"font-style: italic;\">El Pa\u00eds<\/span>\u2018. Empez\u00f3 haciendo pr\u00e1cticas en el mes de julio escribiendo sobre deportes minoritarios y en septiembre ya estaba escribiendo cr\u00f3nicas futbol\u00edsticas y recibiendo encargos fotogr\u00e1ficos que acompa\u00f1aran sus textos. Sus primeros trabajos fotogr\u00e1ficos publicados en <span  style=\"font-style: italic;\">El Pa\u00eds<\/span> fueron veladas de boxeo y lucha libre.\n<\/span><br ><br ><span  style=\"font-family: Muli, arial, helvetica, sans-serif; color: rgb(52, 58, 64);\">\nEn octubre de ese a\u00f1o dej\u00f3 el grupo de folk y al dejarlo perdi\u00f3 la oportunidad de participar en la famos\u00edsima canci\u00f3n \u2018Habla, pueblo\u2019 cuyos derechos compr\u00f3 el gobierno de Espa\u00f1a para animar a los espa\u00f1oles a votar. \u00a1Una pena!<\/span><br ><span  style=\"font-family: Muli, arial, helvetica, sans-serif; color: rgb(52, 58, 64);\">\nEn 1977 dej\u00f3 de firmar sus cr\u00f3nicas deportivas como <span  style=\"font-weight: 700;\">Jos\u00e9 Mar\u00eda Garc\u00eda Conesa<\/span> para pasar a ser <span  style=\"font-weight: 700;\">Chema Conesa<\/span> ya que pod\u00eda llevar a error al ser Jos\u00e9 Mar\u00eda Garc\u00eda un famos\u00edsimo locutor deportivo de la \u00e9poca y empez\u00f3 a interesarse cada vez m\u00e1s y m\u00e1s en la fotograf\u00eda, por lo que pidi\u00f3 a sus jefes poder trabajar en el suplemento semanal de El Pa\u00eds.<\/span><\/p> <\/div> <div  class=\"col-sm-6\" data-type=\"column\"> <img decoding=\"async\"  class=\"shadow-large lazyload\" data-src=\"https:\/\/i2.wp.com\/fotogasteiz.com\/blog\/wp-content\/uploads\/2020\/09\/Chema-Conesa.jpg?w=3840&amp;ssl=1\" alt=\"\" title=\"Chema-Conesa\" width=\"564\" height=\"768\" src=\"data:image\/svg+xml;base64,PHN2ZyB3aWR0aD0iMSIgaGVpZ2h0PSIxIiB4bWxucz0iaHR0cDovL3d3dy53My5vcmcvMjAwMC9zdmciPjwvc3ZnPg==\" style=\"--smush-placeholder-width: 564px; --smush-placeholder-aspect-ratio: 564\/768;\"><\/div> <\/div><\/div> <\/div><div  data-label=\"Cta\" data-id=\"cta--1\" data-export-id=\"cta-centered-section-grid\" data-category=\"cta\" class=\"cta-centered-section-grid content-section content-section-spacing-medium bg-color1 white-text content-relative\" id=\"cta-1\"><div  class=\"section-separator-top\">\n    <svg  xmlns=\"http:\/\/www.w3.org\/2000\/svg\" viewBox=\"0 0 1000 100\" preserveAspectRatio=\"none\" data-separator-name=\"tilt\" class=\"section-separator-top\">\n\t<path  class=\"svg-white-bg\" d=\"M-0 0L1000 0 1000 100z\"><\/path>\n<\/svg>\n<\/div><div  class=\"gridContainer\"> <div  class=\"row text-center\"><div  class=\"col-xs-12 col-sm-10 col-sm-offset-1 col-md-8 col-md-offset-2\" data-type=\"column\"> <h2  class=\"\"><span  style=\"font-family: &quot;Playfair Display&quot;, arial, helvetica, sans-serif;\">\u00abLa fotograf\u00eda es como la literatura. Al ser un lenguaje, lo importante no es saber juntar palabras, sino que esas palabras te cuenten una historia y que esa historia sea interesante para alguien\u00bb.<\/span><\/h2>  <h3  class=\"\"><span  style=\"font-weight: 900; color: rgb(0, 0, 0);\">\u2013 Chema Conesa<\/span><\/h3><\/div> <\/div><\/div> <div  class=\"section-separator-bottom\">\n    <svg  xmlns=\"http:\/\/www.w3.org\/2000\/svg\" viewBox=\"0 0 1000 100\" preserveAspectRatio=\"none\" data-separator-name=\"tilt\" class=\"section-separator-top section-separator-bottom\">\n\t<path  class=\"svg-white-bg\" d=\"M-0 0L1000 0 1000 100z\"><\/path>\n<\/svg>\n<\/div><\/div><div  data-label=\"El Pa\u00eds\" data-id=\"content--3\" data-export-id=\"content-8\" data-category=\"content\" class=\"content-8 content-section content-section-spacing\" id=\"el-pais\" style=\"background-color: rgb(245, 250, 253);\"><div  class=\"gridContainer\"> <div  class=\"row middle-sm\"><div  class=\"col-sm-6 space-bottom-xs space-top-xs\" data-type=\"column\"> <img decoding=\"async\"  class=\"shadow-large lazyload\" data-src=\"https:\/\/i0.wp.com\/fotogasteiz.com\/blog\/wp-content\/uploads\/2020\/09\/la-biblioteca-de-chema-conesa.jpg?w=3840&amp;ssl=1\" alt=\"\" title=\"la-biblioteca-de-chema-conesa\" width=\"586\" height=\"440\" src=\"data:image\/svg+xml;base64,PHN2ZyB3aWR0aD0iMSIgaGVpZ2h0PSIxIiB4bWxucz0iaHR0cDovL3d3dy53My5vcmcvMjAwMC9zdmciPjwvc3ZnPg==\" style=\"--smush-placeholder-width: 586px; --smush-placeholder-aspect-ratio: 586\/440;\"><p  class=\"\"><span  style=\"font-family: Muli, arial, helvetica, sans-serif; color: rgb(52, 58, 64);\">Foto: JEOSM<\/span><\/p><\/div> <div  class=\"col-sm-6\" data-type=\"column\"><h2  class=\"\"><span  style=\"font-family: &quot;Playfair Display&quot;, arial, helvetica, sans-serif; color: rgb(0, 0, 0);\">La etapa en \u2018El Pa\u00eds\u2019<\/span><\/h2> <p  class=\"\"><span  style=\"font-family: Muli, arial, helvetica, sans-serif; color: rgb(52, 58, 64);\">En 1978 public\u00f3 su primer reportaje fotogr\u00e1fico en El Pa\u00eds Semanal, sobre un nuevo rascacielos que aprovechaba la energ\u00eda solar y el segundo reportaje naci\u00f3 tras haber pasado varios d\u00edas en un pesquero. A partir de aqu\u00ed, dejar\u00eda de escribir para pasar a dedicarse en exclusiva a realizar fotograf\u00edas y realiz\u00f3 importantes reportajes como el del seguimiento del refer\u00e9ndum de la Constituci\u00f3n Espa\u00f1ola. Cubr\u00eda manifestaciones, eventos deportivos, incendios, accidentes\u2026 siempre con gran angular para que no se le escapara nada, aunque asegura que \u00abno eran especialmente buenas, yo era fotogr\u00e1ficamente muy inexperto\u00bb.\n<\/span><br ><br ><span  style=\"font-family: Muli, arial, helvetica, sans-serif; color: rgb(52, 58, 64);\">\nEse a\u00f1o 1978 se cas\u00f3 con Mar\u00eda Dolores Ba\u00f1o \u2018Lola\u2019 si bien en una fecha posterior a la asignada, por tener que ir la v\u00edspera a cubrir un accidente fatal en el camping de Los Alfaques (Tarragona) en el que murieron 215 personas.\n<\/span><br ><span  style=\"font-family: Muli, arial, helvetica, sans-serif; color: rgb(52, 58, 64);\">\nEn 1979 fotografi\u00f3 su primer gran tema internacional, junto con Rosa Montero, en Ir\u00e1n, protagonizando la portada del semanal del 21 de enero: https:\/\/elpais.com\/hemeroteca\/el-pais-semanal\/portadas\/1979\/01\/21\/<\/span><br ><span  style=\"font-family: Muli, arial, helvetica, sans-serif; color: rgb(52, 58, 64);\">\nEse mismo a\u00f1o protagonizar\u00eda dos portadas m\u00e1s de temas desconocidos por los espa\u00f1oles de la \u00e9poca: j\u00f3venes que se fugaban de casa https:\/\/elpais.com\/hemeroteca\/el-pais-semanal\/portadas\/1979\/07\/29\/ y espa\u00f1oles que se travest\u00edan https:\/\/elpais.com\/hemeroteca\/el-pais-semanal\/portadas\/1979\/10\/07\/ Era muy feliz trabajando en el peri\u00f3dico de referencia y viviendo aquella gran \u00e9poca para el pa\u00eds y disfrutaba del gran compa\u00f1erismo que exist\u00eda entonces entre los reporteros.\n<\/span><br ><br ><span  style=\"font-family: Muli, arial, helvetica, sans-serif; color: rgb(52, 58, 64);\">\nAdem\u00e1s de los reportajes fotogr\u00e1ficos del suplemento, Chema hac\u00eda fotos para el peri\u00f3dico, como fue el caso de la manifestaci\u00f3n del 23-F. Este a\u00f1o 1981 naci\u00f3 su primer hijo, David.\n<\/span><br ><br ><span  style=\"font-family: Muli, arial, helvetica, sans-serif; color: rgb(52, 58, 64);\">\nEn 1982 fotografi\u00f3 la foto de portada de <span  style=\"font-style: italic;\">El Pa\u00eds<\/span> con motivo de la victoria del PSOE, pero \u00e9l segu\u00eda prefiriendo la foto pausada. Sus grandes referentes eran entonces <span  style=\"font-weight: 700;\">Irving Penn<\/span>, <span  style=\"font-weight: 700;\">Richard Avedon<\/span> y <a data-mce-href=\"..\/diane-arbus-vida-obra-biografia\/\" href=\"https:\/\/fotogasteiz.com\/blog\/fotografos\/diane-arbus-vida-obra-biografia\" target=\"_blank\" rel=\"noopener\" data-mce-selected=\"inline-boundary\" data-cp-link=\"1\"><span  style=\"font-weight: 700;\">Diane Arbus<\/span><\/a>.\n<\/span><br ><br ><span  style=\"font-family: Muli, arial, helvetica, sans-serif; color: rgb(52, 58, 64);\">\nEse a\u00f1o se convirti\u00f3 en docente al impartir un curso sobre reportaje fotogr\u00e1fico. Este a\u00f1o naci\u00f3 su segundo hijo, Marcos.\n<\/span><br ><br ><span  style=\"font-family: Muli, arial, helvetica, sans-serif; color: rgb(52, 58, 64);\">\nEn 1987, cuando ya llevaba once a\u00f1os trabajando en <span  style=\"font-style: italic;\">El Semanal de El Pa\u00eds<\/span> naci\u00f3 la secci\u00f3n \u2018Locas pasiones\u2019 en la que por fin ya no ten\u00eda la obligaci\u00f3n de ser tan formal y pod\u00eda hacer retratos m\u00e1s l\u00fadicos y ese a\u00f1o particip\u00f3 en el proyecto \u2018Galicia a pie de foto\u2019 en el que tambi\u00e9n trabajaron los geniales <a data-mce-href=\"..\/fotografos\/koldo-chamorro-vida-obra-biografia\/\" href=\"https:\/\/fotogasteiz.com\/blog\/fotografos\/fotografos\/koldo-chamorro-vida-obra-biografia\" target=\"_blank\" rel=\"noopener noreferrer\" data-mce-selected=\"inline-boundary\" data-cp-link=\"1\"><span  style=\"font-weight: 700;\">Koldo Chamorro<\/span><\/a> y <a data-mce-href=\"..\/fotografos\/cristina-garcia-rodero-vida-obra-biografia\/\" href=\"https:\/\/fotogasteiz.com\/blog\/fotografos\/fotografos\/cristina-garcia-rodero-vida-obra-biografia\" target=\"_blank\" rel=\"noopener noreferrer\" data-mce-selected=\"inline-boundary\" data-cp-link=\"1\"><span  style=\"font-weight: 700;\">Cristina Garc\u00eda Rodero<\/span><\/a>. Ese a\u00f1o el grupo editorial de <span  style=\"font-style: italic;\">El Pa\u00eds<\/span>, el grupo PRISA, cre\u00f3 el semanario \u2018El Globo\u2019 y le nombr\u00f3 editor gr\u00e1fico. Aquella revista de informaci\u00f3n pura y dura apenas tuvo uno meses de vida, as\u00ed que Chema regres\u00f3 feliz a <span  style=\"font-style: italic;\">El Pa\u00eds<\/span> como editor gr\u00e1fico de <span  style=\"font-style: italic;\">El Pa\u00eds Semanal<\/span>.\n<\/span><br ><br ><span  style=\"font-family: Muli, arial, helvetica, sans-serif; color: rgb(52, 58, 64);\">\nEn 1992 fue jurado del prestigioso certamen <span  style=\"font-weight: 700;\">World Press Photo<\/span> y desde entonces es asesor del mismo: es el delegado para el descubrimiento de j\u00f3venes fot\u00f3grafos en Espa\u00f1a.<\/span><\/p> <\/div> <\/div><\/div> <\/div><div  data-label=\"Cta\" data-id=\"cta--2\" data-export-id=\"cta-centered-section-grid\" data-category=\"cta\" class=\"cta-centered-section-grid content-section content-section-spacing-medium bg-color1 white-text content-relative\" id=\"cta-2\"><div  class=\"section-separator-top\">\n    <svg  xmlns=\"http:\/\/www.w3.org\/2000\/svg\" preserveAspectRatio=\"none\" viewBox=\"0 0 1000 100\" data-separator-name=\"tilt-flipped\" class=\"section-separator-top\">\n  <path  id=\"path2\" d=\"M 1000,0 H 0 v 100 z\" class=\"svg-white-bg\"><\/path>\n<\/svg>\n<\/div><div  class=\"gridContainer\"> <div  class=\"row text-center\"><div  class=\"col-xs-12 col-sm-10 col-sm-offset-1 col-md-8 col-md-offset-2\" data-type=\"column\"> <h2  class=\"\"><span  style=\"font-family: &quot;Playfair Display&quot;, arial, helvetica, sans-serif;\">\u00abMe gusta trabajar como fot\u00f3grafo ausente. La preparaci\u00f3n que hay en mis retratos surge de forma espont\u00e1nea. Me interesa el espacio en la fotograf\u00eda, tengo una mente un poco de arquitecto\u00bb.<\/span><\/h2>  <h3  class=\"\"><span  style=\"color: rgb(0, 0, 0);\">\u2013 Chema Conesa<\/span><\/h3><\/div> <\/div><\/div> <div  class=\"section-separator-bottom\">\n    <svg  xmlns=\"http:\/\/www.w3.org\/2000\/svg\" preserveAspectRatio=\"none\" viewBox=\"0 0 1000 100\" data-separator-name=\"tilt-flipped\" class=\"section-separator-top section-separator-bottom\">\n  <path  id=\"path2\" d=\"M 1000,0 H 0 v 100 z\" class=\"svg-white-bg\"><\/path>\n<\/svg>\n<\/div><\/div><div  data-label=\"El Mundo\" data-id=\"content--4\" data-export-id=\"content-7\" data-category=\"content\" class=\"content-7 content-section content-section-spacing\" id=\"el-mundo\" style=\"background-color: rgb(245, 250, 253); background-image: none;\"><div  class=\"gridContainer\"> <div  class=\"row middle-sm\"><div  class=\"col-sm-6 space-bottom-xs\" data-type=\"column\"> <p  class=\"lead\"><span  style=\"font-family: Muli, arial, helvetica, sans-serif; font-weight: 900; color: rgb(3, 169, 244);\">BIOGRAF\u00cdA DE CHEMA CONESA<\/span><\/p><h2  class=\"\"><span  style=\"font-family: &quot;Playfair Display&quot;, arial, helvetica, sans-serif; color: rgb(0, 0, 0);\">La etapa en \u2018El Mundo\u2019&nbsp;<\/span><\/h2> <p  class=\"\"><span  style=\"font-family: Muli, arial, helvetica, sans-serif; color: rgb(52, 58, 64);\">En 1995 fich\u00f3 por el peri\u00f3dico competencia de El Pa\u00eds El Mundo, que lanzaba un nuevo dominical llamado \u2018La Revista\u2019, como subdirector de fotograf\u00eda, dando gran importancia a los grandes fot\u00f3grafos para darlos a conocer al p\u00fablico general (<a data-mce-href=\"..\/fotografos\/cristina-garcia-rodero-vida-obra-biografia\/\" href=\"https:\/\/fotogasteiz.com\/blog\/fotografos\/fotografos\/cristina-garcia-rodero-vida-obra-biografia\" target=\"_blank\" rel=\"noopener noreferrer\" data-mce-selected=\"inline-boundary\" data-cp-link=\"1\"><span  style=\"font-weight: 700;\">Cristina Garc\u00eda Rodero<\/span><\/a>, <a data-mce-href=\"..\/fotografos\/robert-capa-vida-obra-biografia\/\" href=\"https:\/\/fotogasteiz.com\/blog\/fotografos\/fotografos\/robert-capa-vida-obra-biografia\" target=\"_blank\" rel=\"noopener noreferrer\" data-mce-selected=\"inline-boundary\" data-cp-link=\"1\"><span  style=\"font-weight: 700;\">Robert Capa<\/span><\/a>) y contando con grandes fot\u00f3grafos en los primeros n\u00fameros (<span  style=\"font-weight: 700;\">Ricky D\u00e1vila, Luis de las Alas<\/span>). Y ese a\u00f1o realiz\u00f3 su primer trabajo como editor de un libro de fotograf\u00eda: del libro <span  style=\"font-style: italic;\">Sol y Moscas<\/span> del fot\u00f3grafo vitoriano <span  style=\"font-weight: 700;\">Fede P\u00e9rex<\/span>. \n<\/span><br ><span  style=\"font-family: Muli, arial, helvetica, sans-serif; color: rgb(52, 58, 64);\">\nEn 1998 fue nombrado director de la Biblioteca de Fot\u00f3grafos Espa\u00f1oles para La F\u00e1brica, PHotoBolsillo.\n<\/span><br ><br ><span  style=\"font-family: Muli, arial, helvetica, sans-serif; color: rgb(52, 58, 64);\">\nEn 1999 \u2018La Revista\u2019 pasa a llamarse el \u2018Magazine\u2019 y Chema sigue al cargo de su fotograf\u00eda.\n<\/span><br ><br ><span  style=\"font-family: Muli, arial, helvetica, sans-serif; color: rgb(52, 58, 64);\">\nEn 2001 ampli\u00f3 su bagaje fotogr\u00e1fico convirti\u00e9ndose en comisario de exposiciones para PhotoEspa\u00f1a y para la Comunidad de Madrid de los fot\u00f3grafos <a data-mce-href=\"..\/fotografos\/jose-manuel-navia-vida-obra-biografia\/\" href=\"https:\/\/fotogasteiz.com\/blog\/fotografos\/fotografos\/jose-manuel-navia-vida-obra-biografia\" target=\"_blank\" rel=\"noopener noreferrer\" data-mce-selected=\"inline-boundary\" data-cp-link=\"1\"><span  style=\"font-weight: 700;\">Jos\u00e9 Manuel Navia<\/span><\/a> y <a data-mce-href=\"..\/fotografos\/ramon-masats-vida-obra-biografia\/\" href=\"https:\/\/fotogasteiz.com\/blog\/fotografos\/fotografos\/ramon-masats-vida-obra-biografia\" target=\"_blank\" rel=\"noopener noreferrer\" data-mce-selected=\"inline-boundary\" data-cp-link=\"1\"><span  style=\"font-weight: 700;\">Ram\u00f3n Masats<\/span><\/a> con quienes contin\u00faa trabajando hoy d\u00eda. Ese a\u00f1o edit\u00f3 el libro 300 a\u00f1os, 300 vidas de La F\u00e1brica con motivo del 300\u00aa aniversario de Caja Madrid.\n<\/span><br ><br ><span  style=\"font-family: Muli, arial, helvetica, sans-serif; color: rgb(52, 58, 64);\">\nEn 2002, a\u00f1o en que <span  style=\"font-weight: 700;\">Joan Colom<\/span> recibi\u00f3 el Premio Nacional de Fotograf\u00eda, Chema form\u00f3 parte del jurado.\n<\/span><br ><br ><span  style=\"font-family: Muli, arial, helvetica, sans-serif; color: rgb(52, 58, 64);\">\nEn 2004 El Mundo le nombr\u00f3 director de <span  style=\"font-style: italic;\">\u2018Yo Dona<\/span>\u2018 para la puesta en marcha de esta revista de moda que naci\u00f3 en 2005. Una vez en marcha, regres\u00f3 al Magazine.<\/span><\/p> <\/div> <div  class=\"col-sm-6\" data-type=\"column\"> <img decoding=\"async\"  class=\"shadow-large lazyload\" data-src=\"https:\/\/i1.wp.com\/fotogasteiz.com\/blog\/wp-content\/uploads\/2020\/09\/6192_1.jpg?w=3840&amp;ssl=1\" alt=\"\" title=\"6192_1\" width=\"510\" height=\"295\" src=\"data:image\/svg+xml;base64,PHN2ZyB3aWR0aD0iMSIgaGVpZ2h0PSIxIiB4bWxucz0iaHR0cDovL3d3dy53My5vcmcvMjAwMC9zdmciPjwvc3ZnPg==\" style=\"--smush-placeholder-width: 510px; --smush-placeholder-aspect-ratio: 510\/295;\"><\/div> <\/div><\/div> <\/div><div  data-label=\"ultimos anos\" data-id=\"content--5\" data-export-id=\"content-8\" data-category=\"content\" class=\"content-8 content-section content-section-spacing\" id=\"ultimos-anos\" style=\"background-color: rgb(245, 250, 253);\"><div  class=\"gridContainer\"> <div  class=\"row middle-sm\"><div  class=\"col-sm-6 space-bottom-xs space-top-xs\" data-type=\"column\"> <img decoding=\"async\"  class=\"shadow-large lazyload\" data-src=\"https:\/\/i2.wp.com\/fotogasteiz.com\/blog\/wp-content\/uploads\/2020\/09\/2150112.jpeg?w=3840&amp;ssl=1\" alt=\"\" title=\"2150112\" width=\"586\" height=\"330\" src=\"data:image\/svg+xml;base64,PHN2ZyB3aWR0aD0iMSIgaGVpZ2h0PSIxIiB4bWxucz0iaHR0cDovL3d3dy53My5vcmcvMjAwMC9zdmciPjwvc3ZnPg==\" style=\"--smush-placeholder-width: 586px; --smush-placeholder-aspect-ratio: 586\/330;\"><\/div> <div  class=\"col-sm-6\" data-type=\"column\"><p  class=\"lead\"><span  style=\"font-family: Muli, arial, helvetica, sans-serif; font-weight: 900; color: rgb(3, 169, 244);\">BIOGRAF\u00cdA DE CHEMA CONESA<\/span><\/p><h2  class=\"\"><span  style=\"font-family: &quot;Playfair Display&quot;, arial, helvetica, sans-serif;\">Fotograf\u00eda a tiempo completo<\/span><\/h2> <p  class=\"\"><span  style=\"color: rgb(52, 58, 64); font-family: Muli, arial, helvetica, sans-serif;\">En 2006 edit\u00f3 \u2018Do not disturb\u2019, \u2018Memoria de un viaje compartido\u2019 y \u2018Vivan los novios\u2019 del fot\u00f3grafo murciano <span  style=\"font-weight: 700;\">Juan de la Cruz Mej\u00edas<\/span>, para La F\u00e1brica.\n<\/span><br ><br ><span  style=\"color: rgb(52, 58, 64); font-family: Muli, arial, helvetica, sans-serif;\">\nEn 2007 empez\u00f3 a colaborar en el Archivo Fotogr\u00e1fico de la Comunidad de Madrid y repiti\u00f3 como miembro del jurado del Premio Nacional de Fotograf\u00eda, que ese a\u00f1o fue a parar a <span  style=\"font-weight: 700;\">Manuel Vilari\u00f1o<\/span>.\n<\/span><br ><br ><span  style=\"color: rgb(52, 58, 64); font-family: Muli, arial, helvetica, sans-serif;\">\nEn 2008 edit\u00f3 el libro \u2018<a data-mce-href=\"..\/fotografos\/w-eugene-smith-vida-obra-biografia\/\" href=\"https:\/\/fotogasteiz.com\/blog\/fotografos\/fotografos\/w-eugene-smith-vida-obra-biografia\" target=\"_blank\" rel=\"noopener noreferrer\" data-mce-selected=\"inline-boundary\" data-cp-link=\"1\"><span  style=\"font-weight: 700;\">W. Eugene Smith<\/span><\/a>. M\u00e1s real que la realidad\u2019.\n<\/span><br ><br ><span  style=\"color: rgb(52, 58, 64); font-family: Muli, arial, helvetica, sans-serif;\">\nEn 2009 comisari\u00f3 la muestra \u2018Madrile\u00f1os, un \u00e1lbum colectivo\u2019, edit\u00f3 el libro \u2018<a data-mce-href=\"https:\/\/amzn.to\/36bfDyo\" href=\"https:\/\/amzn.to\/36bfDyo\" target=\"_blank\" rel=\"noopener noreferrer\" data-mce-selected=\"inline-boundary\" data-cp-link=\"1\" class=\"\">Dorothea lange. los a\u00f1os decisivos<\/a>\u2018 y reedit\u00f3, 50 a\u00f1os despu\u00e9s, el especial de <a data-mce-href=\"https:\/\/amzn.to\/3j8ZWLS\" href=\"https:\/\/amzn.to\/3j8ZWLS\" target=\"_blank\" rel=\"noopener noreferrer\" data-mce-selected=\"inline-boundary\" data-cp-link=\"1\" class=\"\">San Fermines<\/a> de <a data-mce-href=\"..\/fotografos\/ramon-masats-vida-obra-biografia\/\" href=\"https:\/\/fotogasteiz.com\/blog\/fotografos\/fotografos\/ramon-masats-vida-obra-biografia\" target=\"_blank\" rel=\"noopener noreferrer\" data-mce-selected=\"inline-boundary\" data-cp-link=\"1\"><span  style=\"font-weight: 700;\">Ram\u00f3n Masats<\/span><\/a>. Este a\u00f1o, adem\u00e1s, nace la colecci\u00f3n \u2018Obras Maestras\u2019 de La F\u00e1brica, cuyo primer volumen dedic\u00f3 a su tocayo <a data-mce-href=\"..\/chema-madoz-vida-obra-biografia\/\" href=\"https:\/\/fotogasteiz.com\/blog\/fotografos\/chema-madoz-vida-obra-biografia\" target=\"_blank\" rel=\"noopener noreferrer\" data-mce-selected=\"inline-boundary\" data-cp-link=\"1\"><span  style=\"font-weight: 700;\">Chema Madoz<\/span><\/a>.&nbsp;<\/span><br ><span  style=\"color: rgb(52, 58, 64); font-family: Muli, arial, helvetica, sans-serif;\">\nEn 2010 edit\u00f3 <a data-mce-href=\"https:\/\/amzn.to\/344xioJ\" href=\"https:\/\/amzn.to\/344xioJ\" target=\"_blank\" rel=\"noopener noreferrer\" data-mce-selected=\"inline-boundary\" data-cp-link=\"1\" class=\"\">el libro<\/a> de <a data-mce-href=\"..\/fotografos\/isabel-munoz-vida-obra-biografia\/\" href=\"https:\/\/fotogasteiz.com\/blog\/fotografos\/fotografos\/isabel-munoz-vida-obra-biografia\" target=\"_blank\" rel=\"noopener noreferrer\" data-mce-selected=\"inline-boundary\" data-cp-link=\"1\">Isabel Mu\u00f1oz<\/a>&nbsp;y el <a data-mce-href=\"https:\/\/amzn.to\/3i5J0Et\" href=\"https:\/\/amzn.to\/3i5J0Et\" target=\"_blank\" rel=\"noopener noreferrer\" data-mce-selected=\"inline-boundary\" data-cp-link=\"1\" class=\"\">Obras Maestras<\/a> de <a data-mce-href=\"..\/francesc-catala-roca-biografia-vida-obra\/\" href=\"https:\/\/fotogasteiz.com\/blog\/fotografos\/francesc-catala-roca-biografia-vida-obra\" target=\"_blank\" rel=\"noopener noreferrer\" data-mce-selected=\"inline-boundary\" data-cp-link=\"1\"><span  style=\"font-weight: 700;\">Francesc Catal\u00e1 Roca<\/span><\/a>&nbsp;y recibi\u00f3 el premio Bartolom\u00e9 Ros a su trayectoria profesional.\n<\/span><br ><br ><span  style=\"color: rgb(52, 58, 64); font-family: Muli, arial, helvetica, sans-serif;\">\nEn 2011 edit\u00f3 el <a data-mce-href=\"https:\/\/amzn.to\/3i3RU5y\" href=\"https:\/\/amzn.to\/3i3RU5y\" target=\"_blank\" rel=\"noopener noreferrer\" data-mce-selected=\"inline-boundary\" data-cp-link=\"1\" class=\"\">Obras Maestras<\/a> de <a data-mce-href=\"..\/fotografos\/ricard-terre-vida-obra-biografia\/\" href=\"https:\/\/fotogasteiz.com\/blog\/fotografos\/fotografos\/ricard-terre-vida-obra-biografia\" target=\"_blank\" rel=\"noopener noreferrer\" data-mce-selected=\"inline-boundary\" data-cp-link=\"1\"><span  style=\"font-weight: 700;\">Ricard Terr\u00e9<\/span><\/a>.&nbsp;\n<\/span><br ><span  style=\"color: rgb(52, 58, 64); font-family: Muli, arial, helvetica, sans-serif;\">\nEn 2012 edit\u00f3 el <a data-mce-href=\"https:\/\/amzn.to\/3iaBDvN\" href=\"https:\/\/amzn.to\/3iaBDvN\" target=\"_blank\" rel=\"noopener noreferrer\" data-mce-selected=\"inline-boundary\" data-cp-link=\"1\" class=\"\">Obras Maestras<\/a> de <a data-mce-href=\"..\/fotografos\/alfonso-vida-obra-biografia\/\" href=\"https:\/\/fotogasteiz.com\/blog\/fotografos\/fotografos\/alfonso-vida-obra-biografia\" target=\"_blank\" rel=\"noopener noreferrer\" data-mce-selected=\"inline-boundary\" data-cp-link=\"1\">Alfonso<\/a> y recibi\u00f3 el Premio de Fotograf\u00eda de la Comunidad de Madrid. Este a\u00f1o dej\u00f3 <span  style=\"font-style: italic;\">El Mundo<\/span>, tras 36 a\u00f1os de periodismo, para centrarse en su labor de editor.\n<\/span><br ><span  style=\"color: rgb(52, 58, 64); font-family: Muli, arial, helvetica, sans-serif;\">\nEn 2013 edit\u00f3 el <a data-mce-href=\"https:\/\/amzn.to\/2GdQBUk\" href=\"https:\/\/amzn.to\/2GdQBUk\" target=\"_blank\" rel=\"noopener noreferrer\" data-mce-selected=\"inline-boundary\" data-cp-link=\"1\" class=\"\">Obras Maestras de <span  style=\"font-weight: 700;\">Nicol\u00e1s Muller<\/span>\ufeff<\/a> y la monograf\u00eda de <span  style=\"font-weight: 700;\">Enrique Meneses<\/span>.\n<\/span><br ><br ><span  style=\"color: rgb(52, 58, 64); font-family: Muli, arial, helvetica, sans-serif;\">\nY en 2014 se edit\u00f3 su propio libro \u2018<a data-mce-href=\"https:\/\/amzn.to\/3kVdxa8\" href=\"https:\/\/amzn.to\/3kVdxa8\" target=\"_blank\" rel=\"noopener noreferrer\" data-mce-selected=\"inline-boundary\" data-cp-link=\"1\" class=\"\">Chema Conesa. Obras Maestras<\/a>\u2018.&nbsp;<\/span><br ><span  style=\"color: rgb(52, 58, 64); font-family: Muli, arial, helvetica, sans-serif;\">\nDe ese a\u00f1o 2014 data la exposici\u00f3n \u2018Chema Conesa. Retratos de papel\u2019 organizada por la Comunidad de Madrid.\n<br ><br >Entre sus pr\u00f3ximos proyectos a comenzar este a\u00f1o 2021 est\u00e1 bucear en los tres millones y medio de fotos del archivo general de la administraci\u00f3n, que no est\u00e1 digitalizado, y en los cien rollos de fotos 6\u00d76 de Ram\u00f3n Masats que nadie ha visto a d\u00eda de hoy.<\/span>\n<\/p> <\/div> <\/div><\/div> <\/div><div  data-label=\"Gallery\" data-id=\"gallery--1\" data-export-id=\"gallery-1\" data-category=\"gallery\" class=\"gallery-1 content-section content-section-spacing\" id=\"gallery-1\" style=\"background-color: rgb(52, 58, 64); background-image: none;\"><div  class=\"gridContainer\"> <div  class=\"row\"><div  class=\"section-title-col\" data-type=\"column\"> <h2  class=\"\"><span  style=\"font-family: &quot;Playfair Display&quot;, arial, helvetica, sans-serif; color: rgb(255, 255, 255);\"><a data-mce-href=\"https:\/\/amzn.to\/345iLcp\" href=\"https:\/\/amzn.to\/345iLcp\" target=\"_blank\" rel=\"noopener noreferrer\" data-mce-selected=\"inline-boundary\" data-cp-link=\"1\" class=\"\">Obras Maestras<\/a> \u2013 Chema Conesa<\/span><\/h2><p  class=\"lead\"><span  style=\"color: rgb(255, 255, 255); font-family: Muli, arial, helvetica, sans-serif;\">\u2018Chema Conesa. Obras Maestras\u2019 ha estado editado por Alberto Anaut y Ram\u00f3n Masats porque \u00abcreo que el fot\u00f3grafo es quien m\u00e1s se equivoca con su propia obra. Yo particip\u00e9 reagrupando temas y diciendo qu\u00e9 me gustaba m\u00e1s y qu\u00e9 me gustaba menos, nada m\u00e1s. Es un libro sin pretensiones\u00bb.<\/span><\/p><p  class=\"\"><a data-mce-href=\"https:\/\/amzn.to\/345iLcp\" href=\"https:\/\/amzn.to\/345iLcp\" target=\"_blank\" rel=\"noopener noreferrer\" data-mce-selected=\"inline-boundary\" data-cp-link=\"1\" class=\"\"><span  style=\"font-family: Muli, arial, helvetica, sans-serif; color: rgb(255, 255, 255);\">\u00b7 Comprar libro<\/span><\/a><\/p> <a data-cp-link=\"1\" href=\"https:\/\/amzn.to\/345iLcp\" class=\"\" target=\"_blank\" rel=\"noopener noreferrer\"><img decoding=\"async\"  class=\"custom-image lazyload\" data-src=\"https:\/\/i0.wp.com\/fotogasteiz.com\/blog\/wp-content\/uploads\/2020\/09\/01.jpg?w=3840&amp;ssl=1\" alt=\"\" title=\"01\" width=\"787\" height=\"1033\" src=\"data:image\/svg+xml;base64,PHN2ZyB3aWR0aD0iMSIgaGVpZ2h0PSIxIiB4bWxucz0iaHR0cDovL3d3dy53My5vcmcvMjAwMC9zdmciPjwvc3ZnPg==\" style=\"--smush-placeholder-width: 787px; --smush-placeholder-aspect-ratio: 787\/1033;\"><\/a><\/div> <\/div> <div  class=\"row text-center\"> <div  class=\"col-xs-12\" data-editable=\"true\" data-content-shortcode=\"mesmerize_gallery id=&quot;mesmerize-gallery-1&quot; columns=&quot;5&quot; ids=&quot;12492,12493,12494,12495,12496,12497,12498,12499,12500,12501,12502,12503,12504,12505&quot; lb=&quot;1&quot; masonry=&quot;1&quot; size=&quot;medium&quot; link=&quot;file&quot; \"><div id='mesmerize-gallery-1' class='gallery-wrapper'><style type=\"text\/css\">\n                    @media only screen and (min-width: 768px) {\n                    [data-unique-id='mesmerize-gallery-1-69f2202ef0001'] dl {\n                        float: left;\n                        width: 20% !important;\n                        max-width:  20% !important;\n                        min-width:  20% !important;\n                    }\n\n                    [data-unique-id='mesmerize-gallery-1-69f2202ef0001'] dl:nth-of-type(5n +1 ) {\n                      clear: both;\n                      }\n                    }\n                <\/style><div id='mesmerize-gallery-1' class='mesmerize-gallery-1-dls-wrapper gallery-items-wrapper materialis-gallery' data-unique-id='mesmerize-gallery-1-69f2202ef0001'><dl class='gallery-item'>\n\t\t\t<dt class='gallery-icon landscape'>\n\t\t\t\t<a data-fancybox=\"mesmerize-gallery-1-group\" href='https:\/\/fotogasteiz.com\/blog\/wp-content\/uploads\/2020\/09\/Chema-Conesa_002-NIV.jpg'><img decoding=\"async\"  width=\"300\" height=\"200\" data-src=\"https:\/\/fotogasteiz.com\/blog\/wp-content\/smush-avif\/2020\/09\/Chema-Conesa_002-NIV-300x200.jpg.avif\"  class='mesmerize-gallery-1-image lazyload' alt=\"\" data-srcset=\"https:\/\/fotogasteiz.com\/blog\/wp-content\/smush-avif\/2020\/09\/Chema-Conesa_002-NIV-300x200.jpg.avif 300w, https:\/\/fotogasteiz.com\/blog\/wp-content\/smush-avif\/2020\/09\/Chema-Conesa_002-NIV-1024x683.jpg.avif 1024w, https:\/\/fotogasteiz.com\/blog\/wp-content\/smush-avif\/2020\/09\/Chema-Conesa_002-NIV-768x512.jpg.avif 768w, https:\/\/fotogasteiz.com\/blog\/wp-content\/uploads\/2020\/09\/Chema-Conesa_002-NIV.jpg 1500w\" data-sizes=\"(max-width: 300px) 100vw, 300px\" src=\"data:image\/svg+xml;base64,PHN2ZyB3aWR0aD0iMSIgaGVpZ2h0PSIxIiB4bWxucz0iaHR0cDovL3d3dy53My5vcmcvMjAwMC9zdmciPjwvc3ZnPg==\" style=\"--smush-placeholder-width: 300px; --smush-placeholder-aspect-ratio: 300\/200;\" \/><\/a>\n\t\t\t<\/dt><\/dl><dl class='gallery-item'>\n\t\t\t<dt class='gallery-icon landscape'>\n\t\t\t\t<a data-fancybox=\"mesmerize-gallery-1-group\" href='https:\/\/fotogasteiz.com\/blog\/wp-content\/uploads\/2020\/09\/Chema-Conesa_023-NIV.jpg'><img decoding=\"async\"  width=\"300\" height=\"300\" data-src=\"https:\/\/fotogasteiz.com\/blog\/wp-content\/smush-avif\/2020\/09\/Chema-Conesa_023-NIV-300x300.jpg.avif\"  class='mesmerize-gallery-1-image lazyload' alt=\"\" data-srcset=\"https:\/\/fotogasteiz.com\/blog\/wp-content\/smush-avif\/2020\/09\/Chema-Conesa_023-NIV-300x300.jpg.avif 300w, https:\/\/fotogasteiz.com\/blog\/wp-content\/smush-avif\/2020\/09\/Chema-Conesa_023-NIV-1024x1024.jpg.avif 1024w, https:\/\/fotogasteiz.com\/blog\/wp-content\/smush-avif\/2020\/09\/Chema-Conesa_023-NIV-150x150.jpg.avif 150w, https:\/\/fotogasteiz.com\/blog\/wp-content\/smush-avif\/2020\/09\/Chema-Conesa_023-NIV-768x768.jpg.avif 768w, https:\/\/fotogasteiz.com\/blog\/wp-content\/smush-avif\/2020\/09\/Chema-Conesa_023-NIV-1080x1080.jpg.avif 1080w, https:\/\/fotogasteiz.com\/blog\/wp-content\/uploads\/2020\/09\/Chema-Conesa_023-NIV.jpg 1500w\" data-sizes=\"(max-width: 300px) 100vw, 300px\" src=\"data:image\/svg+xml;base64,PHN2ZyB3aWR0aD0iMSIgaGVpZ2h0PSIxIiB4bWxucz0iaHR0cDovL3d3dy53My5vcmcvMjAwMC9zdmciPjwvc3ZnPg==\" style=\"--smush-placeholder-width: 300px; --smush-placeholder-aspect-ratio: 300\/300;\" \/><\/a>\n\t\t\t<\/dt><\/dl><dl class='gallery-item'>\n\t\t\t<dt class='gallery-icon landscape'>\n\t\t\t\t<a data-fancybox=\"mesmerize-gallery-1-group\" href='https:\/\/fotogasteiz.com\/blog\/wp-content\/uploads\/2020\/09\/Chema-Conesa_029-NIV.jpg'><img decoding=\"async\"  width=\"300\" height=\"300\" data-src=\"https:\/\/fotogasteiz.com\/blog\/wp-content\/smush-avif\/2020\/09\/Chema-Conesa_029-NIV-300x300.jpg.avif\"  class='mesmerize-gallery-1-image lazyload' alt=\"\" data-srcset=\"https:\/\/fotogasteiz.com\/blog\/wp-content\/smush-avif\/2020\/09\/Chema-Conesa_029-NIV-300x300.jpg.avif 300w, https:\/\/fotogasteiz.com\/blog\/wp-content\/smush-avif\/2020\/09\/Chema-Conesa_029-NIV-1024x1024.jpg.avif 1024w, https:\/\/fotogasteiz.com\/blog\/wp-content\/smush-avif\/2020\/09\/Chema-Conesa_029-NIV-150x150.jpg.avif 150w, https:\/\/fotogasteiz.com\/blog\/wp-content\/smush-avif\/2020\/09\/Chema-Conesa_029-NIV-768x768.jpg.avif 768w, https:\/\/fotogasteiz.com\/blog\/wp-content\/smush-avif\/2020\/09\/Chema-Conesa_029-NIV-1080x1080.jpg.avif 1080w, https:\/\/fotogasteiz.com\/blog\/wp-content\/uploads\/2020\/09\/Chema-Conesa_029-NIV.jpg 1500w\" data-sizes=\"(max-width: 300px) 100vw, 300px\" src=\"data:image\/svg+xml;base64,PHN2ZyB3aWR0aD0iMSIgaGVpZ2h0PSIxIiB4bWxucz0iaHR0cDovL3d3dy53My5vcmcvMjAwMC9zdmciPjwvc3ZnPg==\" style=\"--smush-placeholder-width: 300px; --smush-placeholder-aspect-ratio: 300\/300;\" \/><\/a>\n\t\t\t<\/dt><\/dl><dl class='gallery-item'>\n\t\t\t<dt class='gallery-icon landscape'>\n\t\t\t\t<a data-fancybox=\"mesmerize-gallery-1-group\" href='https:\/\/fotogasteiz.com\/blog\/wp-content\/uploads\/2020\/09\/Chema-Conesa_041-NIV.jpg'><img decoding=\"async\"  width=\"300\" height=\"300\" data-src=\"https:\/\/fotogasteiz.com\/blog\/wp-content\/smush-avif\/2020\/09\/Chema-Conesa_041-NIV-300x300.jpg.avif\"  class='mesmerize-gallery-1-image lazyload' alt=\"\" data-srcset=\"https:\/\/fotogasteiz.com\/blog\/wp-content\/smush-avif\/2020\/09\/Chema-Conesa_041-NIV-300x300.jpg.avif 300w, https:\/\/fotogasteiz.com\/blog\/wp-content\/smush-avif\/2020\/09\/Chema-Conesa_041-NIV-1024x1024.jpg.avif 1024w, https:\/\/fotogasteiz.com\/blog\/wp-content\/smush-avif\/2020\/09\/Chema-Conesa_041-NIV-150x150.jpg.avif 150w, https:\/\/fotogasteiz.com\/blog\/wp-content\/smush-avif\/2020\/09\/Chema-Conesa_041-NIV-768x768.jpg.avif 768w, https:\/\/fotogasteiz.com\/blog\/wp-content\/smush-avif\/2020\/09\/Chema-Conesa_041-NIV-1080x1080.jpg.avif 1080w, https:\/\/fotogasteiz.com\/blog\/wp-content\/uploads\/2020\/09\/Chema-Conesa_041-NIV.jpg 1500w\" data-sizes=\"(max-width: 300px) 100vw, 300px\" src=\"data:image\/svg+xml;base64,PHN2ZyB3aWR0aD0iMSIgaGVpZ2h0PSIxIiB4bWxucz0iaHR0cDovL3d3dy53My5vcmcvMjAwMC9zdmciPjwvc3ZnPg==\" style=\"--smush-placeholder-width: 300px; --smush-placeholder-aspect-ratio: 300\/300;\" \/><\/a>\n\t\t\t<\/dt><\/dl><dl class='gallery-item'>\n\t\t\t<dt class='gallery-icon landscape'>\n\t\t\t\t<a data-fancybox=\"mesmerize-gallery-1-group\" href='https:\/\/fotogasteiz.com\/blog\/wp-content\/uploads\/2020\/09\/Chema-Conesa_045-NIV.jpg'><img decoding=\"async\"  width=\"300\" height=\"300\" data-src=\"https:\/\/fotogasteiz.com\/blog\/wp-content\/smush-avif\/2020\/09\/Chema-Conesa_045-NIV-300x300.jpg.avif\"  class='mesmerize-gallery-1-image lazyload' alt=\"\" data-srcset=\"https:\/\/fotogasteiz.com\/blog\/wp-content\/smush-avif\/2020\/09\/Chema-Conesa_045-NIV-300x300.jpg.avif 300w, https:\/\/fotogasteiz.com\/blog\/wp-content\/smush-avif\/2020\/09\/Chema-Conesa_045-NIV-1024x1024.jpg.avif 1024w, https:\/\/fotogasteiz.com\/blog\/wp-content\/smush-avif\/2020\/09\/Chema-Conesa_045-NIV-150x150.jpg.avif 150w, https:\/\/fotogasteiz.com\/blog\/wp-content\/smush-avif\/2020\/09\/Chema-Conesa_045-NIV-768x768.jpg.avif 768w, https:\/\/fotogasteiz.com\/blog\/wp-content\/smush-avif\/2020\/09\/Chema-Conesa_045-NIV-1080x1080.jpg.avif 1080w, https:\/\/fotogasteiz.com\/blog\/wp-content\/uploads\/2020\/09\/Chema-Conesa_045-NIV.jpg 1500w\" data-sizes=\"(max-width: 300px) 100vw, 300px\" src=\"data:image\/svg+xml;base64,PHN2ZyB3aWR0aD0iMSIgaGVpZ2h0PSIxIiB4bWxucz0iaHR0cDovL3d3dy53My5vcmcvMjAwMC9zdmciPjwvc3ZnPg==\" style=\"--smush-placeholder-width: 300px; --smush-placeholder-aspect-ratio: 300\/300;\" \/><\/a>\n\t\t\t<\/dt><\/dl><dl class='gallery-item'>\n\t\t\t<dt class='gallery-icon landscape'>\n\t\t\t\t<a data-fancybox=\"mesmerize-gallery-1-group\" href='https:\/\/fotogasteiz.com\/blog\/wp-content\/uploads\/2020\/09\/Chema-Conesa_046-NIV.jpg'><img decoding=\"async\"  width=\"300\" height=\"300\" data-src=\"https:\/\/fotogasteiz.com\/blog\/wp-content\/smush-avif\/2020\/09\/Chema-Conesa_046-NIV-300x300.jpg.avif\"  class='mesmerize-gallery-1-image lazyload' alt=\"\" data-srcset=\"https:\/\/fotogasteiz.com\/blog\/wp-content\/smush-avif\/2020\/09\/Chema-Conesa_046-NIV-300x300.jpg.avif 300w, https:\/\/fotogasteiz.com\/blog\/wp-content\/smush-avif\/2020\/09\/Chema-Conesa_046-NIV-1024x1024.jpg.avif 1024w, https:\/\/fotogasteiz.com\/blog\/wp-content\/smush-avif\/2020\/09\/Chema-Conesa_046-NIV-150x150.jpg.avif 150w, https:\/\/fotogasteiz.com\/blog\/wp-content\/smush-avif\/2020\/09\/Chema-Conesa_046-NIV-768x768.jpg.avif 768w, https:\/\/fotogasteiz.com\/blog\/wp-content\/smush-avif\/2020\/09\/Chema-Conesa_046-NIV-1080x1080.jpg.avif 1080w, https:\/\/fotogasteiz.com\/blog\/wp-content\/uploads\/2020\/09\/Chema-Conesa_046-NIV.jpg 1500w\" data-sizes=\"(max-width: 300px) 100vw, 300px\" src=\"data:image\/svg+xml;base64,PHN2ZyB3aWR0aD0iMSIgaGVpZ2h0PSIxIiB4bWxucz0iaHR0cDovL3d3dy53My5vcmcvMjAwMC9zdmciPjwvc3ZnPg==\" style=\"--smush-placeholder-width: 300px; --smush-placeholder-aspect-ratio: 300\/300;\" \/><\/a>\n\t\t\t<\/dt><\/dl><dl class='gallery-item'>\n\t\t\t<dt class='gallery-icon landscape'>\n\t\t\t\t<a data-fancybox=\"mesmerize-gallery-1-group\" href='https:\/\/fotogasteiz.com\/blog\/wp-content\/uploads\/2020\/09\/Chema-Conesa_047-NIV_2.jpg'><img decoding=\"async\"  width=\"300\" height=\"300\" data-src=\"https:\/\/fotogasteiz.com\/blog\/wp-content\/smush-avif\/2020\/09\/Chema-Conesa_047-NIV_2-300x300.jpg.avif\"  class='mesmerize-gallery-1-image lazyload' alt=\"\" data-srcset=\"https:\/\/fotogasteiz.com\/blog\/wp-content\/smush-avif\/2020\/09\/Chema-Conesa_047-NIV_2-300x300.jpg.avif 300w, https:\/\/fotogasteiz.com\/blog\/wp-content\/smush-avif\/2020\/09\/Chema-Conesa_047-NIV_2-1024x1024.jpg.avif 1024w, https:\/\/fotogasteiz.com\/blog\/wp-content\/smush-avif\/2020\/09\/Chema-Conesa_047-NIV_2-150x150.jpg.avif 150w, https:\/\/fotogasteiz.com\/blog\/wp-content\/smush-avif\/2020\/09\/Chema-Conesa_047-NIV_2-768x768.jpg.avif 768w, https:\/\/fotogasteiz.com\/blog\/wp-content\/smush-avif\/2020\/09\/Chema-Conesa_047-NIV_2-1080x1080.jpg.avif 1080w, https:\/\/fotogasteiz.com\/blog\/wp-content\/uploads\/2020\/09\/Chema-Conesa_047-NIV_2.jpg 1500w\" data-sizes=\"(max-width: 300px) 100vw, 300px\" src=\"data:image\/svg+xml;base64,PHN2ZyB3aWR0aD0iMSIgaGVpZ2h0PSIxIiB4bWxucz0iaHR0cDovL3d3dy53My5vcmcvMjAwMC9zdmciPjwvc3ZnPg==\" style=\"--smush-placeholder-width: 300px; --smush-placeholder-aspect-ratio: 300\/300;\" \/><\/a>\n\t\t\t<\/dt><\/dl><dl class='gallery-item'>\n\t\t\t<dt class='gallery-icon landscape'>\n\t\t\t\t<a data-fancybox=\"mesmerize-gallery-1-group\" href='https:\/\/fotogasteiz.com\/blog\/wp-content\/uploads\/2020\/09\/Chema-Conesa_049-NIV_2.jpg'><img decoding=\"async\"  width=\"300\" height=\"300\" data-src=\"https:\/\/fotogasteiz.com\/blog\/wp-content\/smush-avif\/2020\/09\/Chema-Conesa_049-NIV_2-300x300.jpg.avif\"  class='mesmerize-gallery-1-image lazyload' alt=\"\" data-srcset=\"https:\/\/fotogasteiz.com\/blog\/wp-content\/smush-avif\/2020\/09\/Chema-Conesa_049-NIV_2-300x300.jpg.avif 300w, https:\/\/fotogasteiz.com\/blog\/wp-content\/smush-avif\/2020\/09\/Chema-Conesa_049-NIV_2-1024x1024.jpg.avif 1024w, https:\/\/fotogasteiz.com\/blog\/wp-content\/smush-avif\/2020\/09\/Chema-Conesa_049-NIV_2-150x150.jpg.avif 150w, https:\/\/fotogasteiz.com\/blog\/wp-content\/smush-avif\/2020\/09\/Chema-Conesa_049-NIV_2-768x768.jpg.avif 768w, https:\/\/fotogasteiz.com\/blog\/wp-content\/smush-avif\/2020\/09\/Chema-Conesa_049-NIV_2-1080x1080.jpg.avif 1080w, https:\/\/fotogasteiz.com\/blog\/wp-content\/uploads\/2020\/09\/Chema-Conesa_049-NIV_2.jpg 1500w\" data-sizes=\"(max-width: 300px) 100vw, 300px\" src=\"data:image\/svg+xml;base64,PHN2ZyB3aWR0aD0iMSIgaGVpZ2h0PSIxIiB4bWxucz0iaHR0cDovL3d3dy53My5vcmcvMjAwMC9zdmciPjwvc3ZnPg==\" style=\"--smush-placeholder-width: 300px; --smush-placeholder-aspect-ratio: 300\/300;\" \/><\/a>\n\t\t\t<\/dt><\/dl><dl class='gallery-item'>\n\t\t\t<dt class='gallery-icon landscape'>\n\t\t\t\t<a data-fancybox=\"mesmerize-gallery-1-group\" href='https:\/\/fotogasteiz.com\/blog\/wp-content\/uploads\/2020\/09\/Chema-Conesa_051-NIV_2.jpg'><img decoding=\"async\"  width=\"300\" height=\"300\" data-src=\"https:\/\/fotogasteiz.com\/blog\/wp-content\/smush-avif\/2020\/09\/Chema-Conesa_051-NIV_2-300x300.jpg.avif\"  class='mesmerize-gallery-1-image lazyload' alt=\"\" data-srcset=\"https:\/\/fotogasteiz.com\/blog\/wp-content\/smush-avif\/2020\/09\/Chema-Conesa_051-NIV_2-300x300.jpg.avif 300w, https:\/\/fotogasteiz.com\/blog\/wp-content\/smush-avif\/2020\/09\/Chema-Conesa_051-NIV_2-1024x1024.jpg.avif 1024w, https:\/\/fotogasteiz.com\/blog\/wp-content\/smush-avif\/2020\/09\/Chema-Conesa_051-NIV_2-150x150.jpg.avif 150w, https:\/\/fotogasteiz.com\/blog\/wp-content\/smush-avif\/2020\/09\/Chema-Conesa_051-NIV_2-768x768.jpg.avif 768w, https:\/\/fotogasteiz.com\/blog\/wp-content\/smush-avif\/2020\/09\/Chema-Conesa_051-NIV_2-1080x1080.jpg.avif 1080w, https:\/\/fotogasteiz.com\/blog\/wp-content\/uploads\/2020\/09\/Chema-Conesa_051-NIV_2.jpg 1500w\" data-sizes=\"(max-width: 300px) 100vw, 300px\" src=\"data:image\/svg+xml;base64,PHN2ZyB3aWR0aD0iMSIgaGVpZ2h0PSIxIiB4bWxucz0iaHR0cDovL3d3dy53My5vcmcvMjAwMC9zdmciPjwvc3ZnPg==\" style=\"--smush-placeholder-width: 300px; --smush-placeholder-aspect-ratio: 300\/300;\" \/><\/a>\n\t\t\t<\/dt><\/dl><dl class='gallery-item'>\n\t\t\t<dt class='gallery-icon landscape'>\n\t\t\t\t<a data-fancybox=\"mesmerize-gallery-1-group\" href='https:\/\/fotogasteiz.com\/blog\/wp-content\/uploads\/2020\/09\/Chema-Conesa_052-NIV_2.jpg'><img decoding=\"async\"  width=\"300\" height=\"300\" data-src=\"https:\/\/fotogasteiz.com\/blog\/wp-content\/smush-avif\/2020\/09\/Chema-Conesa_052-NIV_2-300x300.jpg.avif\"  class='mesmerize-gallery-1-image lazyload' alt=\"\" data-srcset=\"https:\/\/fotogasteiz.com\/blog\/wp-content\/smush-avif\/2020\/09\/Chema-Conesa_052-NIV_2-300x300.jpg.avif 300w, https:\/\/fotogasteiz.com\/blog\/wp-content\/smush-avif\/2020\/09\/Chema-Conesa_052-NIV_2-1024x1024.jpg.avif 1024w, https:\/\/fotogasteiz.com\/blog\/wp-content\/smush-avif\/2020\/09\/Chema-Conesa_052-NIV_2-150x150.jpg.avif 150w, https:\/\/fotogasteiz.com\/blog\/wp-content\/smush-avif\/2020\/09\/Chema-Conesa_052-NIV_2-768x768.jpg.avif 768w, https:\/\/fotogasteiz.com\/blog\/wp-content\/smush-avif\/2020\/09\/Chema-Conesa_052-NIV_2-1080x1080.jpg.avif 1080w, https:\/\/fotogasteiz.com\/blog\/wp-content\/uploads\/2020\/09\/Chema-Conesa_052-NIV_2.jpg 1500w\" data-sizes=\"(max-width: 300px) 100vw, 300px\" src=\"data:image\/svg+xml;base64,PHN2ZyB3aWR0aD0iMSIgaGVpZ2h0PSIxIiB4bWxucz0iaHR0cDovL3d3dy53My5vcmcvMjAwMC9zdmciPjwvc3ZnPg==\" style=\"--smush-placeholder-width: 300px; --smush-placeholder-aspect-ratio: 300\/300;\" \/><\/a>\n\t\t\t<\/dt><\/dl><dl class='gallery-item'>\n\t\t\t<dt class='gallery-icon portrait'>\n\t\t\t\t<a data-fancybox=\"mesmerize-gallery-1-group\" href='https:\/\/fotogasteiz.com\/blog\/wp-content\/uploads\/2020\/09\/Chema-Conesa_077-2-NIV.jpg'><img decoding=\"async\"  width=\"240\" height=\"300\" data-src=\"https:\/\/fotogasteiz.com\/blog\/wp-content\/smush-avif\/2020\/09\/Chema-Conesa_077-2-NIV-240x300.jpg.avif\"  class='mesmerize-gallery-1-image lazyload' alt=\"\" data-srcset=\"https:\/\/fotogasteiz.com\/blog\/wp-content\/smush-avif\/2020\/09\/Chema-Conesa_077-2-NIV-240x300.jpg.avif 240w, https:\/\/fotogasteiz.com\/blog\/wp-content\/smush-avif\/2020\/09\/Chema-Conesa_077-2-NIV-819x1024.jpg.avif 819w, https:\/\/fotogasteiz.com\/blog\/wp-content\/smush-avif\/2020\/09\/Chema-Conesa_077-2-NIV-768x960.jpg.avif 768w, https:\/\/fotogasteiz.com\/blog\/wp-content\/smush-avif\/2020\/09\/Chema-Conesa_077-2-NIV-1024x1280.jpg.avif 1024w, https:\/\/fotogasteiz.com\/blog\/wp-content\/smush-avif\/2020\/09\/Chema-Conesa_077-2-NIV-864x1080.jpg.avif 864w, https:\/\/fotogasteiz.com\/blog\/wp-content\/uploads\/2020\/09\/Chema-Conesa_077-2-NIV.jpg 1200w\" data-sizes=\"(max-width: 240px) 100vw, 240px\" src=\"data:image\/svg+xml;base64,PHN2ZyB3aWR0aD0iMSIgaGVpZ2h0PSIxIiB4bWxucz0iaHR0cDovL3d3dy53My5vcmcvMjAwMC9zdmciPjwvc3ZnPg==\" style=\"--smush-placeholder-width: 240px; --smush-placeholder-aspect-ratio: 240\/300;\" \/><\/a>\n\t\t\t<\/dt><\/dl><dl class='gallery-item'>\n\t\t\t<dt class='gallery-icon landscape'>\n\t\t\t\t<a data-fancybox=\"mesmerize-gallery-1-group\" href='https:\/\/fotogasteiz.com\/blog\/wp-content\/uploads\/2020\/09\/Chema-Conesa_078-NIV.jpg'><img decoding=\"async\"  width=\"300\" height=\"300\" data-src=\"https:\/\/fotogasteiz.com\/blog\/wp-content\/smush-avif\/2020\/09\/Chema-Conesa_078-NIV-300x300.jpg.avif\"  class='mesmerize-gallery-1-image lazyload' alt=\"\" data-srcset=\"https:\/\/fotogasteiz.com\/blog\/wp-content\/smush-avif\/2020\/09\/Chema-Conesa_078-NIV-300x300.jpg.avif 300w, https:\/\/fotogasteiz.com\/blog\/wp-content\/smush-avif\/2020\/09\/Chema-Conesa_078-NIV-1024x1024.jpg.avif 1024w, https:\/\/fotogasteiz.com\/blog\/wp-content\/smush-avif\/2020\/09\/Chema-Conesa_078-NIV-150x150.jpg.avif 150w, https:\/\/fotogasteiz.com\/blog\/wp-content\/smush-avif\/2020\/09\/Chema-Conesa_078-NIV-768x768.jpg.avif 768w, https:\/\/fotogasteiz.com\/blog\/wp-content\/smush-avif\/2020\/09\/Chema-Conesa_078-NIV-1080x1080.jpg.avif 1080w, https:\/\/fotogasteiz.com\/blog\/wp-content\/uploads\/2020\/09\/Chema-Conesa_078-NIV.jpg 1500w\" data-sizes=\"(max-width: 300px) 100vw, 300px\" src=\"data:image\/svg+xml;base64,PHN2ZyB3aWR0aD0iMSIgaGVpZ2h0PSIxIiB4bWxucz0iaHR0cDovL3d3dy53My5vcmcvMjAwMC9zdmciPjwvc3ZnPg==\" style=\"--smush-placeholder-width: 300px; --smush-placeholder-aspect-ratio: 300\/300;\" \/><\/a>\n\t\t\t<\/dt><\/dl><dl class='gallery-item'>\n\t\t\t<dt class='gallery-icon landscape'>\n\t\t\t\t<a data-fancybox=\"mesmerize-gallery-1-group\" href='https:\/\/fotogasteiz.com\/blog\/wp-content\/uploads\/2020\/09\/Chema-Conesa_080-NIV.jpg'><img decoding=\"async\"  width=\"300\" height=\"300\" data-src=\"https:\/\/fotogasteiz.com\/blog\/wp-content\/smush-avif\/2020\/09\/Chema-Conesa_080-NIV-300x300.jpg.avif\"  class='mesmerize-gallery-1-image lazyload' alt=\"\" data-srcset=\"https:\/\/fotogasteiz.com\/blog\/wp-content\/smush-avif\/2020\/09\/Chema-Conesa_080-NIV-300x300.jpg.avif 300w, https:\/\/fotogasteiz.com\/blog\/wp-content\/smush-avif\/2020\/09\/Chema-Conesa_080-NIV-1024x1024.jpg.avif 1024w, https:\/\/fotogasteiz.com\/blog\/wp-content\/smush-avif\/2020\/09\/Chema-Conesa_080-NIV-150x150.jpg.avif 150w, https:\/\/fotogasteiz.com\/blog\/wp-content\/smush-avif\/2020\/09\/Chema-Conesa_080-NIV-768x768.jpg.avif 768w, https:\/\/fotogasteiz.com\/blog\/wp-content\/smush-avif\/2020\/09\/Chema-Conesa_080-NIV-1080x1080.jpg.avif 1080w, https:\/\/fotogasteiz.com\/blog\/wp-content\/uploads\/2020\/09\/Chema-Conesa_080-NIV.jpg 1500w\" data-sizes=\"(max-width: 300px) 100vw, 300px\" src=\"data:image\/svg+xml;base64,PHN2ZyB3aWR0aD0iMSIgaGVpZ2h0PSIxIiB4bWxucz0iaHR0cDovL3d3dy53My5vcmcvMjAwMC9zdmciPjwvc3ZnPg==\" style=\"--smush-placeholder-width: 300px; --smush-placeholder-aspect-ratio: 300\/300;\" \/><\/a>\n\t\t\t<\/dt><\/dl><dl class='gallery-item'>\n\t\t\t<dt class='gallery-icon landscape'>\n\t\t\t\t<a data-fancybox=\"mesmerize-gallery-1-group\" href='https:\/\/fotogasteiz.com\/blog\/wp-content\/uploads\/2020\/09\/Chema-Conesa_081-NIV.jpg'><img decoding=\"async\"  width=\"300\" height=\"300\" data-src=\"https:\/\/fotogasteiz.com\/blog\/wp-content\/smush-avif\/2020\/09\/Chema-Conesa_081-NIV-300x300.jpg.avif\"  class='mesmerize-gallery-1-image lazyload' alt=\"\" data-srcset=\"https:\/\/fotogasteiz.com\/blog\/wp-content\/smush-avif\/2020\/09\/Chema-Conesa_081-NIV-300x300.jpg.avif 300w, https:\/\/fotogasteiz.com\/blog\/wp-content\/smush-avif\/2020\/09\/Chema-Conesa_081-NIV-1024x1024.jpg.avif 1024w, https:\/\/fotogasteiz.com\/blog\/wp-content\/smush-avif\/2020\/09\/Chema-Conesa_081-NIV-150x150.jpg.avif 150w, https:\/\/fotogasteiz.com\/blog\/wp-content\/smush-avif\/2020\/09\/Chema-Conesa_081-NIV-768x768.jpg.avif 768w, https:\/\/fotogasteiz.com\/blog\/wp-content\/smush-avif\/2020\/09\/Chema-Conesa_081-NIV-1080x1080.jpg.avif 1080w, https:\/\/fotogasteiz.com\/blog\/wp-content\/uploads\/2020\/09\/Chema-Conesa_081-NIV.jpg 1500w\" data-sizes=\"(max-width: 300px) 100vw, 300px\" src=\"data:image\/svg+xml;base64,PHN2ZyB3aWR0aD0iMSIgaGVpZ2h0PSIxIiB4bWxucz0iaHR0cDovL3d3dy53My5vcmcvMjAwMC9zdmciPjwvc3ZnPg==\" style=\"--smush-placeholder-width: 300px; --smush-placeholder-aspect-ratio: 300\/300;\" \/><\/a>\n\t\t\t<\/dt><\/dl>\n\t\t\t\n\t\t<\/div>\n<script>(function($){window.MaterialisCaptionsGallery && window.MaterialisCaptionsGallery($('[data-unique-id=\"mesmerize-gallery-1-69f2202ef0001\"]'))})(jQuery)<\/script><\/div><\/div><\/div> <\/div><\/div><div  data-label=\"Retratos de papel\" data-id=\"about--2\" data-export-id=\"about-5\" data-category=\"about\" class=\"about-5 content-section content-section-spacing\" id=\"retratos-de-papel\" style=\"background-color: rgb(255, 255, 255);\"><div  class=\"gridContainer\"> <div  class=\"row middle-sm text-center\"><div  class=\"col-sm-6 space-bottom-xs\" data-type=\"column\"> <h5  class=\"\"><span  style=\"color: rgb(3, 169, 244);\">EXPOSICI\u00d3N DE CHEMA CONESA<\/span><\/h5> <h2  class=\"\"><span  style=\"font-family: &quot;Playfair Display&quot;, arial, helvetica, sans-serif; color: rgb(0, 0, 0);\">Retratos de papel<\/span><\/h2> <p  class=\"\"><span  style=\"font-family: Muli, arial, helvetica, sans-serif; color: rgb(52, 58, 64);\">Durante las cuatro d\u00e9cadas en que Chema Conesa trabaj\u00f3 en la prensa de papel tuvo ocasi\u00f3n de retratar a decenas de personalidades nacionales e internacionales desde su prisma curioso e ingenioso. Fruto de aquellas curiosas sesiones de retrato de interiores tales como vagones de metro y de exteriores como campos a los que pon\u00eda puertas naci\u00f3 la exposici\u00f3n \u2018Retratos de papel\u2019.\n<\/span><br ><br ><span  style=\"font-family: Muli, arial, helvetica, sans-serif; color: rgb(52, 58, 64);\">\nEn sus fotos, los pol\u00edticos, los empresarios, los artistas, los escritores, los deportistas y los cantantes de la Transici\u00f3n posan como nunca antes lo hab\u00edan hecho.\n<\/span><\/p> <\/div> <div  class=\"col-sm-6 flexbox image-group-right-2 around-xs top-xs space-bottom-xs\"><div  class=\"left-el\"> <img decoding=\"async\"  class=\"shadow-large lazyload\" data-size=\"300x430\" data-src=\"https:\/\/i0.wp.com\/fotogasteiz.com\/blog\/wp-content\/uploads\/2020\/10\/cropped-Captura-de-pantalla-2020-10-05-a-las-17.48.09.png?w=3840&amp;ssl=1\" alt=\"\" title=\"cropped-Captura-de-pantalla-2020-10-05-a-las-17.48.09.png\" width=\"293\" height=\"420\" src=\"data:image\/svg+xml;base64,PHN2ZyB3aWR0aD0iMSIgaGVpZ2h0PSIxIiB4bWxucz0iaHR0cDovL3d3dy53My5vcmcvMjAwMC9zdmciPjwvc3ZnPg==\" style=\"--smush-placeholder-width: 293px; --smush-placeholder-aspect-ratio: 293\/420;\"><\/div> <div  class=\"right-el\"> <img decoding=\"async\"  class=\"shadow-large lazyload\" data-size=\"300x430\" data-src=\"https:\/\/i2.wp.com\/fotogasteiz.com\/blog\/wp-content\/uploads\/2020\/10\/cropped-Captura-de-pantalla-2020-10-05-a-las-17.48.09-1.png?w=3840&amp;ssl=1\" alt=\"\" title=\"cropped-Captura-de-pantalla-2020-10-05-a-las-17.48.09-1.png\" width=\"293\" height=\"420\" src=\"data:image\/svg+xml;base64,PHN2ZyB3aWR0aD0iMSIgaGVpZ2h0PSIxIiB4bWxucz0iaHR0cDovL3d3dy53My5vcmcvMjAwMC9zdmciPjwvc3ZnPg==\" style=\"--smush-placeholder-width: 293px; --smush-placeholder-aspect-ratio: 293\/420;\"><\/div> <div  class=\"center-overlay inner-shadow border-large\"><\/div><\/div> <\/div><\/div> <\/div><div  data-label=\"About\" data-id=\"about--3\" data-export-id=\"about-2\" data-category=\"about\" class=\"about-2 content-section content-section-spacing\" id=\"about-1\" style=\"background-color: rgb(245, 250, 253);\"><div  class=\"gridContainer\"> <div  class=\"row\"><div  class=\"col-sm-6 no-gutter-col flexbox-strech center-xs middle-xs\"> <div  class=\"lightbox-video dark-overlay shadow-large overlap-right-large flexbox middle-xs center-xs lazyload\" data-type=\"group\" data-bg=\"image\" style=\"background-image:inherit;\" data-bg-image=\"url(&quot;https:\/\/fotogasteiz.com\/blog\/wp-content\/uploads\/2020\/09\/cropped-Chema-Conesa_081-NIV.jpg&quot;)\"> <a  data-fancybox=\"\" data-video-lightbox=\"true\" href=\"https:\/\/youtu.be\/DTLuXFA8Fpo\" class=\"\"> <i  data-cp-fa=\"true\" class=\"fa video-icon fa-play-circle-o color-white\"><\/i><\/a> <\/div><\/div> <div  class=\"col-sm-6 space-bottom-xs col-padding-small-xs col-sm-padding-large white-text content-col bg-color5\" data-type=\"column\"> <p  class=\"lead\"><span  style=\"font-family: Muli, arial, helvetica, sans-serif; font-weight: 900;\">2020<\/span><\/p><h2  class=\"\"><span  style=\"font-family: &quot;Playfair Display&quot;, arial, helvetica, sans-serif;\">\u2018Retratos de papel\u2019 de Conesa en Le\u00f3n<\/span><\/h2> <\/div> <\/div><\/div> <\/div><div data-label=\"Content\" data-id=\"content--6\" data-export-id=\"content-7\" data-category=\"content\" class=\"content-7 content-section content-section-spacing\" id=\"content-1\"  style=\"background-color: rgb(255, 51, 105); background-image: none;\"><div class=\"gridContainer\" > <div class=\"row middle-sm\" ><div class=\"col-sm-6 space-bottom-xs\" data-type=\"column\" > <h2 class=\"\" ><a data-mce-href=\"https:\/\/fotokalea.com\/\" href=\"https:\/\/fotokalea.com\/\" target=\"_blank\" rel=\"noopener\" data-mce-selected=\"inline-boundary\" data-cp-link=\"1\"><span style=\"font-family: &quot;Playfair Display&quot;, arial, helvetica, sans-serif; color: rgb(253, 254, 255);\" >Chema Conesa en \n<\/span><\/a><br ><span style=\"font-family: &quot;Playfair Display&quot;, arial, helvetica, sans-serif; color: rgb(253, 254, 255);\" ><a data-mce-href=\"https:\/\/fotokalea.com\/\" href=\"https:\/\/fotokalea.com\/\" target=\"_blank\" rel=\"noopener\" data-cp-link=\"1\">La Terc3ra de Fotokalea<\/a>&nbsp;<\/span><\/h2> <p class=\"\" ><span style=\"font-family: Muli, arial, helvetica, sans-serif; color: rgb(253, 254, 255);\" ><span style=\"font-weight: 900;\" >Chema Conesa<\/span> fue uno de los primeros videoentrevistados del late night<a data-mce-href=\"https:\/\/fotokalea.com\/\" href=\"https:\/\/fotokalea.com\/\" target=\"_blank\" rel=\"noopener\" data-mce-selected=\"inline-boundary\" data-cp-link=\"1\"><span style=\"font-weight: 900;\" > La Tercera de FotoKalea<\/span><\/a> el 28 de septiembre de 2020, con motivo del comisariado de la genial exposici\u00f3n de <span style=\"font-weight: 900;\" >Ram\u00f3n Masats<\/span> <span style=\"font-weight: 900;\" >&#8216;Visit Spain&#8217;<\/span> en Tabacalera Promoci\u00f3n del Arte (02.07.2020 &#8211; 12.10.2020). Y ha repetido experiencia el 10 de enero de 2022, con motivo de la exposici\u00f3n <span style=\"font-weight: 900;\" >&#8216;ALFONSO. Cuidado con la memoria&#8217;<\/span> en la Sala Canal de Isabel II (05.11.2021 &#8211; 23.01-2022). <span style=\"font-weight: 900;\" >Chema Conesa<\/span> explica en ambos programas los trabajos de dise\u00f1o y puesta en pared de ambas muestras y analiza la obra de los autores, adem\u00e1s de descubrir los secretos de ambos proyectos.<\/span><\/p> <\/div> <div class=\"col-sm-6\" data-type=\"column\" > <a data-cp-link=\"1\" href=\"https:\/\/fotokalea.com\" class=\"\" target=\"_blank\" rel=\"noopener\"><img decoding=\"async\" class=\"shadow-large lazyload\" data-src=\"https:\/\/fotogasteiz.com\/blog\/wp-content\/uploads\/2022\/01\/WEB_Retratos_Gente_sala_033.jpg\"  title=\"guillermogumiel\" alt=\"\" src=\"data:image\/svg+xml;base64,PHN2ZyB3aWR0aD0iMSIgaGVpZ2h0PSIxIiB4bWxucz0iaHR0cDovL3d3dy53My5vcmcvMjAwMC9zdmciPjwvc3ZnPg==\" style=\"--smush-placeholder-width: 1920px; --smush-placeholder-aspect-ratio: 1920\/1280;\"><\/a><\/div> <\/div><\/div> <\/div>","protected":false},"excerpt":{"rendered":"<p>Vida \u2013 obra \u2013 biograf\u00eda GRANDES FOT\u00d3GRAFOS Y FOT\u00d3GRAFASChema Conesa Chema Conesa&nbsp;(1952-) es un fot\u00f3grafo, editor y comisario cultural espa\u00f1ol que ha dedicado los \u00faltimos 40 a\u00f1os de su vida a popularizar la Fotograf\u00eda en Espa\u00f1a, dando a la misma el valor que merece en todas sus facetas profesionales. Siendo director de los suplementos dominicales&hellip; <br \/> <a class=\"read-more\" href=\"https:\/\/fotogasteiz.com\/blog\/fotografos\/chema-conesa-vida-obra-biografia\/\">Read more<\/a><\/p>\n","protected":false},"author":1,"featured_media":12480,"parent":1689,"menu_order":0,"comment_status":"closed","ping_status":"closed","template":"pro\/page-templates\/full-width-page.php","meta":{"footnotes":""},"class_list":["post-12472","page","type-page","status-publish","has-post-thumbnail","hentry"],"yoast_head":"<!-- This site is optimized with the Yoast SEO Premium plugin v22.5 (Yoast SEO v27.5) - https:\/\/yoast.com\/product\/yoast-seo-premium-wordpress\/ -->\n<title>Chema Conesa - Profesor de fotograf\u00eda<\/title>\n<meta name=\"robots\" content=\"index, follow, max-snippet:-1, max-image-preview:large, max-video-preview:-1\" \/>\n<link rel=\"canonical\" href=\"https:\/\/fotogasteiz.com\/blog\/fotografos\/chema-conesa-vida-obra-biografia\/\" \/>\n<meta property=\"og:locale\" content=\"es_ES\" \/>\n<meta property=\"og:type\" content=\"article\" \/>\n<meta property=\"og:title\" content=\"Chema Conesa\" \/>\n<meta property=\"og:description\" content=\"Vida \u2013 obra \u2013 biograf\u00eda GRANDES FOT\u00d3GRAFOS Y FOT\u00d3GRAFASChema Conesa Chema Conesa&nbsp;(1952-) es un fot\u00f3grafo, editor y comisario cultural espa\u00f1ol que ha dedicado los \u00faltimos 40 a\u00f1os de su vida a popularizar la Fotograf\u00eda en Espa\u00f1a, dando a la misma el valor que merece en todas sus facetas profesionales. Siendo director de los suplementos dominicales&hellip; Read more\" \/>\n<meta property=\"og:url\" content=\"https:\/\/fotogasteiz.com\/blog\/fotografos\/chema-conesa-vida-obra-biografia\/\" \/>\n<meta property=\"og:site_name\" content=\"Profesor de fotograf\u00eda\" \/>\n<meta property=\"article:modified_time\" content=\"2022-01-11T12:01:26+00:00\" \/>\n<meta property=\"og:image\" content=\"https:\/\/fotogasteiz.com\/blog\/wp-content\/uploads\/2020\/09\/maestro-de-fotografos.jpg\" \/>\n\t<meta property=\"og:image:width\" content=\"1000\" \/>\n\t<meta property=\"og:image:height\" content=\"1333\" \/>\n\t<meta property=\"og:image:type\" content=\"image\/jpeg\" \/>\n<meta name=\"twitter:card\" content=\"summary_large_image\" \/>\n<meta name=\"twitter:label1\" content=\"Tiempo de lectura\" \/>\n\t<meta name=\"twitter:data1\" content=\"13 minutos\" \/>\n<script type=\"application\/ld+json\" class=\"yoast-schema-graph\">{\"@context\":\"https:\\\/\\\/schema.org\",\"@graph\":[{\"@type\":\"WebPage\",\"@id\":\"https:\\\/\\\/fotogasteiz.com\\\/blog\\\/fotografos\\\/chema-conesa-vida-obra-biografia\\\/\",\"url\":\"https:\\\/\\\/fotogasteiz.com\\\/blog\\\/fotografos\\\/chema-conesa-vida-obra-biografia\\\/\",\"name\":\"Chema Conesa - Profesor de fotograf\u00eda\",\"isPartOf\":{\"@id\":\"https:\\\/\\\/fotogasteiz.com\\\/blog\\\/#website\"},\"primaryImageOfPage\":{\"@id\":\"https:\\\/\\\/fotogasteiz.com\\\/blog\\\/fotografos\\\/chema-conesa-vida-obra-biografia\\\/#primaryimage\"},\"image\":{\"@id\":\"https:\\\/\\\/fotogasteiz.com\\\/blog\\\/fotografos\\\/chema-conesa-vida-obra-biografia\\\/#primaryimage\"},\"thumbnailUrl\":\"https:\\\/\\\/fotogasteiz.com\\\/blog\\\/wp-content\\\/uploads\\\/2020\\\/09\\\/maestro-de-fotografos.jpg\",\"datePublished\":\"2020-09-28T15:50:14+00:00\",\"dateModified\":\"2022-01-11T12:01:26+00:00\",\"breadcrumb\":{\"@id\":\"https:\\\/\\\/fotogasteiz.com\\\/blog\\\/fotografos\\\/chema-conesa-vida-obra-biografia\\\/#breadcrumb\"},\"inLanguage\":\"es\",\"potentialAction\":[{\"@type\":\"ReadAction\",\"target\":[\"https:\\\/\\\/fotogasteiz.com\\\/blog\\\/fotografos\\\/chema-conesa-vida-obra-biografia\\\/\"]}]},{\"@type\":\"ImageObject\",\"inLanguage\":\"es\",\"@id\":\"https:\\\/\\\/fotogasteiz.com\\\/blog\\\/fotografos\\\/chema-conesa-vida-obra-biografia\\\/#primaryimage\",\"url\":\"https:\\\/\\\/fotogasteiz.com\\\/blog\\\/wp-content\\\/uploads\\\/2020\\\/09\\\/maestro-de-fotografos.jpg\",\"contentUrl\":\"https:\\\/\\\/fotogasteiz.com\\\/blog\\\/wp-content\\\/uploads\\\/2020\\\/09\\\/maestro-de-fotografos.jpg\",\"width\":1000,\"height\":1333},{\"@type\":\"BreadcrumbList\",\"@id\":\"https:\\\/\\\/fotogasteiz.com\\\/blog\\\/fotografos\\\/chema-conesa-vida-obra-biografia\\\/#breadcrumb\",\"itemListElement\":[{\"@type\":\"ListItem\",\"position\":1,\"name\":\"Portada\",\"item\":\"https:\\\/\\\/fotogasteiz.com\\\/blog\\\/\"},{\"@type\":\"ListItem\",\"position\":2,\"name\":\"Fot\u00f3grafos y fot\u00f3grafas (biograf\u00edas)\",\"item\":\"https:\\\/\\\/fotogasteiz.com\\\/blog\\\/fotografos\\\/\"},{\"@type\":\"ListItem\",\"position\":3,\"name\":\"Chema Conesa\"}]},{\"@type\":\"WebSite\",\"@id\":\"https:\\\/\\\/fotogasteiz.com\\\/blog\\\/#website\",\"url\":\"https:\\\/\\\/fotogasteiz.com\\\/blog\\\/\",\"name\":\"Profesor de fotograf\u00eda\",\"description\":\"por Gustavo Bravo\",\"potentialAction\":[{\"@type\":\"SearchAction\",\"target\":{\"@type\":\"EntryPoint\",\"urlTemplate\":\"https:\\\/\\\/fotogasteiz.com\\\/blog\\\/?s={search_term_string}\"},\"query-input\":{\"@type\":\"PropertyValueSpecification\",\"valueRequired\":true,\"valueName\":\"search_term_string\"}}],\"inLanguage\":\"es\"}]}<\/script>\n<!-- \/ Yoast SEO Premium plugin. -->","yoast_head_json":{"title":"Chema Conesa - Profesor de fotograf\u00eda","robots":{"index":"index","follow":"follow","max-snippet":"max-snippet:-1","max-image-preview":"max-image-preview:large","max-video-preview":"max-video-preview:-1"},"canonical":"https:\/\/fotogasteiz.com\/blog\/fotografos\/chema-conesa-vida-obra-biografia\/","og_locale":"es_ES","og_type":"article","og_title":"Chema Conesa","og_description":"Vida \u2013 obra \u2013 biograf\u00eda GRANDES FOT\u00d3GRAFOS Y FOT\u00d3GRAFASChema Conesa Chema Conesa&nbsp;(1952-) es un fot\u00f3grafo, editor y comisario cultural espa\u00f1ol que ha dedicado los \u00faltimos 40 a\u00f1os de su vida a popularizar la Fotograf\u00eda en Espa\u00f1a, dando a la misma el valor que merece en todas sus facetas profesionales. Siendo director de los suplementos dominicales&hellip; Read more","og_url":"https:\/\/fotogasteiz.com\/blog\/fotografos\/chema-conesa-vida-obra-biografia\/","og_site_name":"Profesor de fotograf\u00eda","article_modified_time":"2022-01-11T12:01:26+00:00","og_image":[{"width":1000,"height":1333,"url":"https:\/\/fotogasteiz.com\/blog\/wp-content\/uploads\/2020\/09\/maestro-de-fotografos.jpg","type":"image\/jpeg"}],"twitter_card":"summary_large_image","twitter_misc":{"Tiempo de lectura":"13 minutos"},"schema":{"@context":"https:\/\/schema.org","@graph":[{"@type":"WebPage","@id":"https:\/\/fotogasteiz.com\/blog\/fotografos\/chema-conesa-vida-obra-biografia\/","url":"https:\/\/fotogasteiz.com\/blog\/fotografos\/chema-conesa-vida-obra-biografia\/","name":"Chema Conesa - Profesor de fotograf\u00eda","isPartOf":{"@id":"https:\/\/fotogasteiz.com\/blog\/#website"},"primaryImageOfPage":{"@id":"https:\/\/fotogasteiz.com\/blog\/fotografos\/chema-conesa-vida-obra-biografia\/#primaryimage"},"image":{"@id":"https:\/\/fotogasteiz.com\/blog\/fotografos\/chema-conesa-vida-obra-biografia\/#primaryimage"},"thumbnailUrl":"https:\/\/fotogasteiz.com\/blog\/wp-content\/uploads\/2020\/09\/maestro-de-fotografos.jpg","datePublished":"2020-09-28T15:50:14+00:00","dateModified":"2022-01-11T12:01:26+00:00","breadcrumb":{"@id":"https:\/\/fotogasteiz.com\/blog\/fotografos\/chema-conesa-vida-obra-biografia\/#breadcrumb"},"inLanguage":"es","potentialAction":[{"@type":"ReadAction","target":["https:\/\/fotogasteiz.com\/blog\/fotografos\/chema-conesa-vida-obra-biografia\/"]}]},{"@type":"ImageObject","inLanguage":"es","@id":"https:\/\/fotogasteiz.com\/blog\/fotografos\/chema-conesa-vida-obra-biografia\/#primaryimage","url":"https:\/\/fotogasteiz.com\/blog\/wp-content\/uploads\/2020\/09\/maestro-de-fotografos.jpg","contentUrl":"https:\/\/fotogasteiz.com\/blog\/wp-content\/uploads\/2020\/09\/maestro-de-fotografos.jpg","width":1000,"height":1333},{"@type":"BreadcrumbList","@id":"https:\/\/fotogasteiz.com\/blog\/fotografos\/chema-conesa-vida-obra-biografia\/#breadcrumb","itemListElement":[{"@type":"ListItem","position":1,"name":"Portada","item":"https:\/\/fotogasteiz.com\/blog\/"},{"@type":"ListItem","position":2,"name":"Fot\u00f3grafos y fot\u00f3grafas (biograf\u00edas)","item":"https:\/\/fotogasteiz.com\/blog\/fotografos\/"},{"@type":"ListItem","position":3,"name":"Chema Conesa"}]},{"@type":"WebSite","@id":"https:\/\/fotogasteiz.com\/blog\/#website","url":"https:\/\/fotogasteiz.com\/blog\/","name":"Profesor de fotograf\u00eda","description":"por Gustavo Bravo","potentialAction":[{"@type":"SearchAction","target":{"@type":"EntryPoint","urlTemplate":"https:\/\/fotogasteiz.com\/blog\/?s={search_term_string}"},"query-input":{"@type":"PropertyValueSpecification","valueRequired":true,"valueName":"search_term_string"}}],"inLanguage":"es"}]}},"_links":{"self":[{"href":"https:\/\/fotogasteiz.com\/blog\/wp-json\/wp\/v2\/pages\/12472","targetHints":{"allow":["GET"]}}],"collection":[{"href":"https:\/\/fotogasteiz.com\/blog\/wp-json\/wp\/v2\/pages"}],"about":[{"href":"https:\/\/fotogasteiz.com\/blog\/wp-json\/wp\/v2\/types\/page"}],"author":[{"embeddable":true,"href":"https:\/\/fotogasteiz.com\/blog\/wp-json\/wp\/v2\/users\/1"}],"replies":[{"embeddable":true,"href":"https:\/\/fotogasteiz.com\/blog\/wp-json\/wp\/v2\/comments?post=12472"}],"version-history":[{"count":12,"href":"https:\/\/fotogasteiz.com\/blog\/wp-json\/wp\/v2\/pages\/12472\/revisions"}],"predecessor-version":[{"id":17197,"href":"https:\/\/fotogasteiz.com\/blog\/wp-json\/wp\/v2\/pages\/12472\/revisions\/17197"}],"up":[{"embeddable":true,"href":"https:\/\/fotogasteiz.com\/blog\/wp-json\/wp\/v2\/pages\/1689"}],"wp:featuredmedia":[{"embeddable":true,"href":"https:\/\/fotogasteiz.com\/blog\/wp-json\/wp\/v2\/media\/12480"}],"wp:attachment":[{"href":"https:\/\/fotogasteiz.com\/blog\/wp-json\/wp\/v2\/media?parent=12472"}],"curies":[{"name":"wp","href":"https:\/\/api.w.org\/{rel}","templated":true}]}}