{"id":13664,"date":"2021-02-17T12:01:32","date_gmt":"2021-02-17T12:01:32","guid":{"rendered":"https:\/\/fotogasteiz.com\/blog\/?page_id=13664"},"modified":"2021-02-18T15:19:55","modified_gmt":"2021-02-18T15:19:55","slug":"david-jimenez-fotografo-vida-obra-biografia","status":"publish","type":"page","link":"https:\/\/fotogasteiz.com\/blog\/fotografos\/david-jimenez-fotografo-vida-obra-biografia\/","title":{"rendered":"David Jim\u00e9nez (fot\u00f3grafo)"},"content":{"rendered":"<div  data-label=\"intro\" data-id=\"about--1\" data-export-id=\"about-10\" data-category=\"about\" class=\"about-10 content-section content-section-spacing\" id=\"intro\" style=\"background-color: rgb(255, 255, 255);\"><div  class=\"gridContainer\"> <div  class=\"row middle-sm text-center\"><div  class=\"col-sm-5 space-bottom-xs content-column\" data-type=\"column\"> <h5  class=\"\"><span  style=\"color: rgb(255, 51, 105);\">Vida \u2013 Obra \u2013 Biograf\u00eda<\/span><span  id=\"_mce_caret\" data-mce-bogus=\"1\" data-mce-type=\"format-caret\"><span  style=\"font-style: italic; color: rgb(255, 51, 105);\">\ufeff<\/span><\/span><\/h5><p  class=\"lead\">GRANDES FOT\u00d3GRAFOS Y FOT\u00d3GRAFAS<\/p> <h2  class=\"\"><span  style=\"font-family: &quot;Playfair Display&quot;, arial, helvetica, sans-serif; color: rgb(0, 0, 0);\">David Jim\u00e9nez<\/span><\/h2> <p  class=\"\"><span  style=\"font-family: Muli, arial, helvetica, sans-serif; color: rgb(52, 58, 64);\"><span  style=\"font-weight: 900;\">David Jim\u00e9nez <span  style=\"font-weight: 400;\">(1970)<\/span><\/span> es un artista espa\u00f1ol pionero del nuevo fotolibro en Espa\u00f1a. Considerado un poeta de la imagen fotogr\u00e1fica que ha inspirado a una nueva generaci\u00f3n de artistas, su representaci\u00f3n on\u00edrica de la realidad lleva al lector de su fotograf\u00eda a so\u00f1ar con los ojos abiertos.\n<\/span><br ><br ><span  style=\"font-family: Muli, arial, helvetica, sans-serif; color: rgb(52, 58, 64); font-style: italic;\">\n\u201cLa realidad no es m\u00e1s que una construcci\u00f3n inventada\u201d.\n<\/span><br ><span  style=\"font-family: Muli, arial, helvetica, sans-serif; color: rgb(52, 58, 64); font-style: italic;\">\n\u201cMi trabajo es una especie de traducci\u00f3n po\u00e9tica de esta reflexi\u00f3n en torno a la interconexi\u00f3n de todos los fen\u00f3menos del mundo, la relaci\u00f3n entre los ecos y las resonancias que experimento\u201d.\n<\/span><br ><br ><span  style=\"font-family: Muli, arial, helvetica, sans-serif; color: rgb(52, 58, 64);\">\nPausado, reflexivo, perfeccionista, generoso y muy amable, <span  style=\"font-weight: 900;\">David Jim\u00e9nez<\/span> es un referente en lo art\u00edstico y lo personal, muy respetado por la profesi\u00f3n.<\/span><\/p> <p  class=\"\"><span  style=\"font-weight: 700; font-style: italic; color: rgb(255, 51, 105);\">\u00daltima actualizaci\u00f3n: febrero 2021<\/span><\/p><\/div> <div  class=\"col-sm-7 flexbox middle-xs center-xs space-bottom-xs\"><div  class=\"overlay-box middle-xs center-xs flexbox\"> <div  class=\"overlay-box-offset offset-border shadow-medium border-color1 hide-xs\"><\/div> <img decoding=\"async\"  class=\"shadow-large lazyload\" data-size=\"485x705\" data-src=\"https:\/\/i0.wp.com\/fotogasteiz.com\/blog\/wp-content\/uploads\/2021\/02\/taller_jimenez2-1.jpeg?w=3840&amp;ssl=1\" title=\"taller_jimenez2 (1)\" alt=\"\" width=\"485\" height=\"473\" src=\"data:image\/svg+xml;base64,PHN2ZyB3aWR0aD0iMSIgaGVpZ2h0PSIxIiB4bWxucz0iaHR0cDovL3d3dy53My5vcmcvMjAwMC9zdmciPjwvc3ZnPg==\" style=\"--smush-placeholder-width: 485px; --smush-placeholder-aspect-ratio: 485\/473;\"><\/div> <\/div><\/div> <\/div><\/div><div  data-label=\"primeros anos\" data-id=\"content--1\" data-export-id=\"content-8\" data-category=\"content\" class=\"content-8 content-section content-section-spacing\" id=\"primeros-anos\" style=\"background-color: rgb(245, 250, 253);\"><div  class=\"gridContainer\"> <div  class=\"row middle-sm\"><div  class=\"col-sm-6 space-bottom-xs space-top-xs\" data-type=\"column\"> <img decoding=\"async\"  class=\"shadow-large lazyload\" data-src=\"https:\/\/i2.wp.com\/fotogasteiz.com\/blog\/wp-content\/uploads\/2021\/02\/davidj-imenez-estela-de-castro.jpg?w=3840&amp;ssl=1\" title=\"davidj imenez estela de castro\" alt=\"\" width=\"586\" height=\"586\" src=\"data:image\/svg+xml;base64,PHN2ZyB3aWR0aD0iMSIgaGVpZ2h0PSIxIiB4bWxucz0iaHR0cDovL3d3dy53My5vcmcvMjAwMC9zdmciPjwvc3ZnPg==\" style=\"--smush-placeholder-width: 586px; --smush-placeholder-aspect-ratio: 586\/586;\"><p  class=\"\"><span  style=\"font-family: Muli, arial, helvetica, sans-serif; color: rgb(52, 58, 64);\">&nbsp;Foto: Estela de Castro (serie Fot\u00f3grafos)<\/span><\/p><h2  class=\"\"><span  style=\"font-family: &quot;Playfair Display&quot;, arial, helvetica, sans-serif; color: rgb(255, 51, 105); font-style: italic;\">\u00abPara m\u00ed es m\u00e1s importante el lenguaje que el tema\u00bb<\/span><\/h2><\/div> <div  class=\"col-sm-6\" data-type=\"column\"><p  class=\"lead\"><span  style=\"font-family: Muli, arial, helvetica, sans-serif; font-weight: 900; color: rgb(255, 51, 105);\">PRIMEROS A\u00d1OS<\/span><\/p><h2  class=\"\"><span  style=\"font-family: &quot;Playfair Display&quot;, arial, helvetica, sans-serif; color: rgb(0, 0, 0);\">Biograf\u00eda de David Jim\u00e9nez&nbsp;<\/span><\/h2> <p  class=\"\"><span  style=\"font-family: Muli, arial, helvetica, sans-serif; color: rgb(52, 58, 64);\"><span  style=\"font-weight: 900;\">David Jim\u00e9nez<\/span> naci\u00f3 en Alcal\u00e1 de Guadaira (Sevilla) en 1970.\n<\/span><br ><br ><span  style=\"font-family: Muli, arial, helvetica, sans-serif; color: rgb(52, 58, 64);\">\nDesde muy ni\u00f1o se interes\u00f3 por el Arte. A la tierna de ocho a\u00f1os ya escrib\u00eda poes\u00eda.\n<\/span><br ><br ><span  style=\"font-family: Muli, arial, helvetica, sans-serif; color: rgb(52, 58, 64);\">\nA los 13 se mud\u00f3 junto a su familia a Madrid y all\u00ed se matricul\u00f3 en Bellas Artes.<\/span><br ><span  style=\"font-family: Muli, arial, helvetica, sans-serif; color: rgb(52, 58, 64);\">\nLe apasionaba el dibujo abstracto pero fue la Fotograf\u00eda el arte a trav\u00e9s del cu\u00e1l supo canalizar mejor su pasi\u00f3n art\u00edstica.\n<\/span><br ><br ><span  style=\"font-family: Muli, arial, helvetica, sans-serif; color: rgb(52, 58, 64); font-style: italic;\">\n\u00abYo empec\u00e9 en la pintura y antes a\u00fan en la literatura cuando era ni\u00f1o. Partir de la base del arte pl\u00e1stico en lugar del propio medio fotogr\u00e1fico creo que ha tenido unas consecuencias\u00bb.\n<\/span><br ><br ><span  style=\"font-family: Muli, arial, helvetica, sans-serif; color: rgb(52, 58, 64);\">\nEn 1990 se matricul\u00f3 en el taller que el fot\u00f3grafo <a data-mce-href=\"..\/koldo-chamorro-vida-obra-biografia\/\" href=\"https:\/\/fotogasteiz.com\/blog\/fotografos\/koldo-chamorro-vida-obra-biografia\" target=\"_blank\" rel=\"noopener\" data-mce-selected=\"inline-boundary\" data-cp-link=\"1\"><span  style=\"font-weight: 900;\">Koldo Chamorro<\/span><\/a> imparti\u00f3 en el <span  style=\"font-weight: 900;\">C\u00edrculo de Bellas Artes de Madrid<\/span> y fue all\u00ed cuando qued\u00f3 claro que su futuro ir\u00eda de la mano de este arte. Dejar\u00eda de lado la pintura abstracta para centrarse en la Fotograf\u00eda y fotografiar la realidad como una construcci\u00f3n inventada.\n<\/span><br ><br ><span  style=\"font-family: Muli, arial, helvetica, sans-serif; color: rgb(52, 58, 64);\">\nA los 23 a\u00f1os, en 1993, se licenci\u00f3 en en Bellas Artes por la <span  style=\"font-weight: 900;\">Universidad Complutense de Madrid<\/span>. Desde entonces se dedica en exclusiva a la fotograf\u00eda por el proceso fotogr\u00e1fico del descubrimiento.<\/span><\/p> <\/div> <\/div><\/div> <\/div><div  data-label=\"Artista revelacion\" data-id=\"content--2\" data-export-id=\"content-7\" data-category=\"content\" class=\"content-7 content-section content-section-spacing\" id=\"artista-revelacion\" style=\"background-color: rgb(245, 250, 253); background-image: none;\"><div  class=\"gridContainer\"> <div  class=\"row middle-sm\"><div  class=\"col-sm-6 space-bottom-xs\" data-type=\"column\"> <p  class=\"lead\"><span  style=\"font-family: Muli, arial, helvetica, sans-serif; color: rgb(255, 51, 105); font-weight: 900;\">BIOGRAF\u00cdA DE DAVID JIM\u00c9NEZ<\/span><\/p><h2  class=\"\"><span  style=\"font-family: &quot;Playfair Display&quot;, arial, helvetica, sans-serif; color: rgb(0, 0, 0);\">Artista revelaci\u00f3n, pionero del fotolibro en Espa\u00f1a<\/span><\/h2> <p  class=\"\"><span  style=\"font-family: Muli, arial, helvetica, sans-serif; color: rgb(52, 58, 64);\">En 1998 hizo la maqueta del que ser\u00eda su primer libro, \u2018Infinito\u2019.\n<br ><\/span><br ><span  style=\"font-family: Muli, arial, helvetica, sans-serif; color: rgb(52, 58, 64);\">\nA los 29 a\u00f1os, en 1999, recibi\u00f3 el Premio Fot\u00f3grafo Revelaci\u00f3n en <span  style=\"font-weight: 900;\">PHotoEspa\u00f1a<\/span>, por la maqueta del fotolibro que publicar\u00eda al a\u00f1o siguiente y que ser\u00eda toda una revoluci\u00f3n.<\/span><br ><br ><span  style=\"font-family: Muli, arial, helvetica, sans-serif; color: rgb(52, 58, 64);\"><span  style=\"font-style: italic;\">\n\u201cEn aquel momento, yo ya llevaba diez a\u00f1os de trayectoria, que es lo que Koldo (su mentor, el fot\u00f3grafo <a data-mce-href=\"..\/koldo-chamorro-vida-obra-biografia\/\" href=\"https:\/\/fotogasteiz.com\/blog\/fotografos\/koldo-chamorro-vida-obra-biografia\" target=\"_blank\" rel=\"noopener\" data-mce-selected=\"inline-boundary\" data-cp-link=\"1\"><span  style=\"font-weight: 900;\">Koldo Chamorro<\/span><\/a>) dec\u00eda que se necesitaba, como m\u00ednimo, para formarse. Con el tiempo le he ido dando la raz\u00f3n. La fotograf\u00eda parece algo muy inmediato, muy f\u00e1cil\u2026 y de alguna manera lo es. Pero tambi\u00e9n es cierto que para llevar a cabo un trabajo serio y profundo diez a\u00f1os es el plazo m\u00ednimo m\u00e1s razonable\u201d.\n<br ><\/span><\/span><br ><span  style=\"font-family: Muli, arial, helvetica, sans-serif; color: rgb(52, 58, 64);\">\nDesde sus inicios y hasta la actualidad se ha dedicado al blanco y negro, dejando el color para su \u00faltima etapa: para experimentar. \u00bfPor qu\u00e9 raz\u00f3n?\n<\/span><br ><span  style=\"font-family: Muli, arial, helvetica, sans-serif; color: rgb(52, 58, 64);\"><span  style=\"font-style: italic;\">\n\u00abEl blanco y negro propicia la aparici\u00f3n de un universo m\u00e1s abstracto, hay un grado m\u00e1s de distancia con lo real respecto al color. Mi trabajo est\u00e1 en un cierto l\u00edmite entre lo real y lo imaginado (como la vida consciente, que creo que est\u00e1 ah\u00ed tambi\u00e9n) y este punto de abstracci\u00f3n ayuda a producir ese efecto. Tambi\u00e9n trabajo en color, pero esa parte del trabajo aun est\u00e1 en una fase m\u00e1s experimental\u00bb.<br >\n<\/span><\/span><br ><span  style=\"font-family: Muli, arial, helvetica, sans-serif; color: rgb(52, 58, 64);\">\nA los 30 a\u00f1os de edad, en el a\u00f1o 2000, vio la luz su primer libro, llamado <span  style=\"font-weight: 900;\">Infinito<\/span>, uno de los fotolibros m\u00e1s espectaculares de los \u00faltimos 20 a\u00f1os. Lo public\u00f3 con Photovisi\u00f3n.<br >\n<\/span><br ><span  style=\"font-family: Muli, arial, helvetica, sans-serif; color: rgb(52, 58, 64);\">\nEse a\u00f1o comenzar\u00eda a trabajar en su siguiente proyecto,<span  style=\"font-weight: 900;\"> \u2018Versus\u2019<\/span>, el que se embarcar\u00eda durante catorce a\u00f1os. \u2018Versus\u2019 se empez\u00f3 a maquetar en el a\u00f1o 2000 y no se publicar\u00eda hasta 2014.<br >\n<\/span><br ><span  style=\"font-family: Muli, arial, helvetica, sans-serif; color: rgb(52, 58, 64);\"><span  style=\"font-style: italic;\">\n\u00abTiendo a trabajar en plazos largos; algunos de mis proyectos llevan ocup\u00e1ndome m\u00e1s de quince a\u00f1os\u00bb.\n<br ><\/span><\/span><br ><span  style=\"font-family: Muli, arial, helvetica, sans-serif; color: rgb(52, 58, 64);\">\nMientras, el artista ejerce como docente, educando la mirada de otros artistas, y viaja. Viaja mucho. M\u00e1s que a ning\u00fan otro sitio a India, m\u00e1s concretamente a Benar\u00e9s (Varanasi), donde disfruta de largas estancias en soledad, acompa\u00f1ado de su c\u00e1mara de fotos.<\/span><\/p> <\/div> <div  class=\"col-sm-6\" data-type=\"column\"> <img decoding=\"async\"  class=\"shadow-large lazyload\" data-src=\"https:\/\/i0.wp.com\/fotogasteiz.com\/blog\/wp-content\/uploads\/2021\/02\/David-jimenez-infinito-fotolibro-scaled.jpg?w=3840&amp;ssl=1\" title=\"David jimenez infinito fotolibro\" alt=\"\" width=\"586\" height=\"781\" src=\"data:image\/svg+xml;base64,PHN2ZyB3aWR0aD0iMSIgaGVpZ2h0PSIxIiB4bWxucz0iaHR0cDovL3d3dy53My5vcmcvMjAwMC9zdmciPjwvc3ZnPg==\" style=\"--smush-placeholder-width: 586px; --smush-placeholder-aspect-ratio: 586\/781;\"><p  class=\"\"><span  style=\"font-family: Muli, arial, helvetica, sans-serif; color: rgb(52, 58, 64);\">Fotolibo \u2018Infinito\u2019<\/span><\/p><img decoding=\"async\"  class=\"custom-image lazyload\" data-src=\"https:\/\/i2.wp.com\/fotogasteiz.com\/blog\/wp-content\/uploads\/2021\/02\/2018_10_David-Jimenez_BLOG_07-1024x684-1.jpg?w=3840&amp;ssl=1\" title=\"2018_10_David-Jimenez_BLOG_07-1024x684\" alt=\"\" width=\"586\" height=\"391\" src=\"data:image\/svg+xml;base64,PHN2ZyB3aWR0aD0iMSIgaGVpZ2h0PSIxIiB4bWxucz0iaHR0cDovL3d3dy53My5vcmcvMjAwMC9zdmciPjwvc3ZnPg==\" style=\"--smush-placeholder-width: 586px; --smush-placeholder-aspect-ratio: 586\/391;\"><p  class=\"\"><span  style=\"font-family: Muli, arial, helvetica, sans-serif; color: rgb(52, 58, 64);\">David Jim\u00e9nez presentando la reedici\u00f3n de Infinito en la escuela Apertura<\/span><\/p><\/div> <\/div><\/div> <\/div><div  data-label=\"Infinito Galeria\" data-id=\"gallery--1\" data-export-id=\"gallery-1\" data-category=\"gallery\" class=\"gallery-1 content-section content-section-spacing content-relative\" id=\"infinito-galeria\" style=\"background-color: rgb(255, 51, 105); background-image: none;\"><div  class=\"section-separator-top\">\n    <svg  xmlns=\"http:\/\/www.w3.org\/2000\/svg\" viewBox=\"0 0 1000 100\" preserveAspectRatio=\"none\" data-separator-name=\"tilt\" class=\"section-separator-top\">\n\t<path  class=\"svg-white-bg\" d=\"M-0 0L1000 0 1000 100z\"><\/path>\n<\/svg>\n<\/div><div  class=\"gridContainer\"> <div  class=\"row\"><div  class=\"section-title-col\" data-type=\"column\"> <h2  class=\"\"><span  style=\"font-family: &quot;Playfair Display&quot;, arial, helvetica, sans-serif; color: rgb(255, 254, 254);\">INFINITO \u2013 David Jim\u00e9nez<\/span><\/h2> <\/div> <\/div> <div  class=\"row text-center\"> <div  class=\"col-xs-12\" data-editable=\"true\" data-content-shortcode=\"mesmerize_gallery id=&quot;mesmerize-gallery-1&quot; columns=&quot;5&quot; ids=&quot;13676,13677,13678,13679,13680,13681,13682,13683,13684,13685&quot; lb=&quot;1&quot; masonry=&quot;1&quot; size=&quot;medium&quot; link=&quot;file&quot; \"><div id='mesmerize-gallery-1' class='gallery-wrapper'><style type=\"text\/css\">\n                    @media only screen and (min-width: 768px) {\n                    [data-unique-id='mesmerize-gallery-1-69f3c768d6cdf'] dl {\n                        float: left;\n                        width: 20% !important;\n                        max-width:  20% !important;\n                        min-width:  20% !important;\n                    }\n\n                    [data-unique-id='mesmerize-gallery-1-69f3c768d6cdf'] dl:nth-of-type(5n +1 ) {\n                      clear: both;\n                      }\n                    }\n                <\/style><div id='mesmerize-gallery-1' class='mesmerize-gallery-1-dls-wrapper gallery-items-wrapper materialis-gallery' data-unique-id='mesmerize-gallery-1-69f3c768d6cdf'><dl class='gallery-item'>\n\t\t\t<dt class='gallery-icon landscape'>\n\t\t\t\t<a data-fancybox=\"mesmerize-gallery-1-group\" href='https:\/\/fotogasteiz.com\/blog\/wp-content\/smush-avif\/2021\/02\/David-jimenez-infinito-fotolibro-11-scaled.jpg.avif'><img decoding=\"async\"  width=\"300\" height=\"225\" data-src=\"https:\/\/fotogasteiz.com\/blog\/wp-content\/smush-avif\/2021\/02\/David-jimenez-infinito-fotolibro-11-300x225.jpg.avif\"  class='mesmerize-gallery-1-image lazyload' alt=\"\" data-srcset=\"https:\/\/fotogasteiz.com\/blog\/wp-content\/smush-avif\/2021\/02\/David-jimenez-infinito-fotolibro-11-300x225.jpg.avif 300w, https:\/\/fotogasteiz.com\/blog\/wp-content\/smush-avif\/2021\/02\/David-jimenez-infinito-fotolibro-11-1024x768.jpg.avif 1024w, https:\/\/fotogasteiz.com\/blog\/wp-content\/smush-avif\/2021\/02\/David-jimenez-infinito-fotolibro-11-768x576.jpg.avif 768w, https:\/\/fotogasteiz.com\/blog\/wp-content\/smush-avif\/2021\/02\/David-jimenez-infinito-fotolibro-11-1536x1152.jpg.avif 1536w, https:\/\/fotogasteiz.com\/blog\/wp-content\/smush-avif\/2021\/02\/David-jimenez-infinito-fotolibro-11-2048x1536.jpg.avif 2048w, https:\/\/fotogasteiz.com\/blog\/wp-content\/smush-avif\/2021\/02\/David-jimenez-infinito-fotolibro-11-1440x1080.jpg.avif 1440w\" data-sizes=\"(max-width: 300px) 100vw, 300px\" src=\"data:image\/svg+xml;base64,PHN2ZyB3aWR0aD0iMSIgaGVpZ2h0PSIxIiB4bWxucz0iaHR0cDovL3d3dy53My5vcmcvMjAwMC9zdmciPjwvc3ZnPg==\" style=\"--smush-placeholder-width: 300px; --smush-placeholder-aspect-ratio: 300\/225;\" \/><\/a>\n\t\t\t<\/dt><\/dl><dl class='gallery-item'>\n\t\t\t<dt class='gallery-icon landscape'>\n\t\t\t\t<a data-fancybox=\"mesmerize-gallery-1-group\" href='https:\/\/fotogasteiz.com\/blog\/wp-content\/smush-avif\/2021\/02\/David-jimenez-infinito-fotolibro-10-scaled.jpg.avif'><img decoding=\"async\"  width=\"300\" height=\"225\" data-src=\"https:\/\/fotogasteiz.com\/blog\/wp-content\/smush-avif\/2021\/02\/David-jimenez-infinito-fotolibro-10-300x225.jpg.avif\"  class='mesmerize-gallery-1-image lazyload' alt=\"\" data-srcset=\"https:\/\/fotogasteiz.com\/blog\/wp-content\/smush-avif\/2021\/02\/David-jimenez-infinito-fotolibro-10-300x225.jpg.avif 300w, https:\/\/fotogasteiz.com\/blog\/wp-content\/smush-avif\/2021\/02\/David-jimenez-infinito-fotolibro-10-1024x768.jpg.avif 1024w, https:\/\/fotogasteiz.com\/blog\/wp-content\/smush-avif\/2021\/02\/David-jimenez-infinito-fotolibro-10-768x576.jpg.avif 768w, https:\/\/fotogasteiz.com\/blog\/wp-content\/smush-avif\/2021\/02\/David-jimenez-infinito-fotolibro-10-1536x1152.jpg.avif 1536w, https:\/\/fotogasteiz.com\/blog\/wp-content\/smush-avif\/2021\/02\/David-jimenez-infinito-fotolibro-10-2048x1536.jpg.avif 2048w, https:\/\/fotogasteiz.com\/blog\/wp-content\/smush-avif\/2021\/02\/David-jimenez-infinito-fotolibro-10-1440x1080.jpg.avif 1440w\" data-sizes=\"(max-width: 300px) 100vw, 300px\" src=\"data:image\/svg+xml;base64,PHN2ZyB3aWR0aD0iMSIgaGVpZ2h0PSIxIiB4bWxucz0iaHR0cDovL3d3dy53My5vcmcvMjAwMC9zdmciPjwvc3ZnPg==\" style=\"--smush-placeholder-width: 300px; --smush-placeholder-aspect-ratio: 300\/225;\" \/><\/a>\n\t\t\t<\/dt><\/dl><dl class='gallery-item'>\n\t\t\t<dt class='gallery-icon landscape'>\n\t\t\t\t<a data-fancybox=\"mesmerize-gallery-1-group\" href='https:\/\/fotogasteiz.com\/blog\/wp-content\/smush-avif\/2021\/02\/David-jimenez-infinito-fotolibro-9-scaled.jpg.avif'><img decoding=\"async\"  width=\"300\" height=\"225\" data-src=\"https:\/\/fotogasteiz.com\/blog\/wp-content\/smush-avif\/2021\/02\/David-jimenez-infinito-fotolibro-9-300x225.jpg.avif\"  class='mesmerize-gallery-1-image lazyload' alt=\"\" data-srcset=\"https:\/\/fotogasteiz.com\/blog\/wp-content\/smush-avif\/2021\/02\/David-jimenez-infinito-fotolibro-9-300x225.jpg.avif 300w, https:\/\/fotogasteiz.com\/blog\/wp-content\/smush-avif\/2021\/02\/David-jimenez-infinito-fotolibro-9-1024x768.jpg.avif 1024w, https:\/\/fotogasteiz.com\/blog\/wp-content\/smush-avif\/2021\/02\/David-jimenez-infinito-fotolibro-9-768x576.jpg.avif 768w, https:\/\/fotogasteiz.com\/blog\/wp-content\/smush-avif\/2021\/02\/David-jimenez-infinito-fotolibro-9-1536x1152.jpg.avif 1536w, https:\/\/fotogasteiz.com\/blog\/wp-content\/smush-avif\/2021\/02\/David-jimenez-infinito-fotolibro-9-2048x1536.jpg.avif 2048w, https:\/\/fotogasteiz.com\/blog\/wp-content\/smush-avif\/2021\/02\/David-jimenez-infinito-fotolibro-9-1440x1080.jpg.avif 1440w\" data-sizes=\"(max-width: 300px) 100vw, 300px\" src=\"data:image\/svg+xml;base64,PHN2ZyB3aWR0aD0iMSIgaGVpZ2h0PSIxIiB4bWxucz0iaHR0cDovL3d3dy53My5vcmcvMjAwMC9zdmciPjwvc3ZnPg==\" style=\"--smush-placeholder-width: 300px; --smush-placeholder-aspect-ratio: 300\/225;\" \/><\/a>\n\t\t\t<\/dt><\/dl><dl class='gallery-item'>\n\t\t\t<dt class='gallery-icon landscape'>\n\t\t\t\t<a data-fancybox=\"mesmerize-gallery-1-group\" href='https:\/\/fotogasteiz.com\/blog\/wp-content\/smush-avif\/2021\/02\/David-jimenez-infinito-fotolibro-8-scaled.jpg.avif'><img decoding=\"async\"  width=\"300\" height=\"225\" data-src=\"https:\/\/fotogasteiz.com\/blog\/wp-content\/smush-avif\/2021\/02\/David-jimenez-infinito-fotolibro-8-300x225.jpg.avif\"  class='mesmerize-gallery-1-image lazyload' alt=\"\" data-srcset=\"https:\/\/fotogasteiz.com\/blog\/wp-content\/smush-avif\/2021\/02\/David-jimenez-infinito-fotolibro-8-300x225.jpg.avif 300w, https:\/\/fotogasteiz.com\/blog\/wp-content\/smush-avif\/2021\/02\/David-jimenez-infinito-fotolibro-8-1024x768.jpg.avif 1024w, https:\/\/fotogasteiz.com\/blog\/wp-content\/smush-avif\/2021\/02\/David-jimenez-infinito-fotolibro-8-768x576.jpg.avif 768w, https:\/\/fotogasteiz.com\/blog\/wp-content\/smush-avif\/2021\/02\/David-jimenez-infinito-fotolibro-8-1536x1152.jpg.avif 1536w, https:\/\/fotogasteiz.com\/blog\/wp-content\/smush-avif\/2021\/02\/David-jimenez-infinito-fotolibro-8-2048x1536.jpg.avif 2048w, https:\/\/fotogasteiz.com\/blog\/wp-content\/smush-avif\/2021\/02\/David-jimenez-infinito-fotolibro-8-1440x1080.jpg.avif 1440w\" data-sizes=\"(max-width: 300px) 100vw, 300px\" src=\"data:image\/svg+xml;base64,PHN2ZyB3aWR0aD0iMSIgaGVpZ2h0PSIxIiB4bWxucz0iaHR0cDovL3d3dy53My5vcmcvMjAwMC9zdmciPjwvc3ZnPg==\" style=\"--smush-placeholder-width: 300px; --smush-placeholder-aspect-ratio: 300\/225;\" \/><\/a>\n\t\t\t<\/dt><\/dl><dl class='gallery-item'>\n\t\t\t<dt class='gallery-icon landscape'>\n\t\t\t\t<a data-fancybox=\"mesmerize-gallery-1-group\" href='https:\/\/fotogasteiz.com\/blog\/wp-content\/smush-avif\/2021\/02\/David-jimenez-infinito-fotolibro-7-scaled.jpg.avif'><img decoding=\"async\"  width=\"300\" height=\"225\" data-src=\"https:\/\/fotogasteiz.com\/blog\/wp-content\/smush-avif\/2021\/02\/David-jimenez-infinito-fotolibro-7-300x225.jpg.avif\"  class='mesmerize-gallery-1-image lazyload' alt=\"\" data-srcset=\"https:\/\/fotogasteiz.com\/blog\/wp-content\/smush-avif\/2021\/02\/David-jimenez-infinito-fotolibro-7-300x225.jpg.avif 300w, https:\/\/fotogasteiz.com\/blog\/wp-content\/smush-avif\/2021\/02\/David-jimenez-infinito-fotolibro-7-1024x768.jpg.avif 1024w, https:\/\/fotogasteiz.com\/blog\/wp-content\/smush-avif\/2021\/02\/David-jimenez-infinito-fotolibro-7-768x576.jpg.avif 768w, https:\/\/fotogasteiz.com\/blog\/wp-content\/smush-avif\/2021\/02\/David-jimenez-infinito-fotolibro-7-1536x1152.jpg.avif 1536w, https:\/\/fotogasteiz.com\/blog\/wp-content\/smush-avif\/2021\/02\/David-jimenez-infinito-fotolibro-7-2048x1536.jpg.avif 2048w, https:\/\/fotogasteiz.com\/blog\/wp-content\/smush-avif\/2021\/02\/David-jimenez-infinito-fotolibro-7-1440x1080.jpg.avif 1440w\" data-sizes=\"(max-width: 300px) 100vw, 300px\" src=\"data:image\/svg+xml;base64,PHN2ZyB3aWR0aD0iMSIgaGVpZ2h0PSIxIiB4bWxucz0iaHR0cDovL3d3dy53My5vcmcvMjAwMC9zdmciPjwvc3ZnPg==\" style=\"--smush-placeholder-width: 300px; --smush-placeholder-aspect-ratio: 300\/225;\" \/><\/a>\n\t\t\t<\/dt><\/dl><dl class='gallery-item'>\n\t\t\t<dt class='gallery-icon landscape'>\n\t\t\t\t<a data-fancybox=\"mesmerize-gallery-1-group\" href='https:\/\/fotogasteiz.com\/blog\/wp-content\/smush-avif\/2021\/02\/David-jimenez-infinito-fotolibro-6-scaled.jpg.avif'><img decoding=\"async\"  width=\"300\" height=\"225\" data-src=\"https:\/\/fotogasteiz.com\/blog\/wp-content\/smush-avif\/2021\/02\/David-jimenez-infinito-fotolibro-6-300x225.jpg.avif\"  class='mesmerize-gallery-1-image lazyload' alt=\"\" data-srcset=\"https:\/\/fotogasteiz.com\/blog\/wp-content\/smush-avif\/2021\/02\/David-jimenez-infinito-fotolibro-6-300x225.jpg.avif 300w, https:\/\/fotogasteiz.com\/blog\/wp-content\/smush-avif\/2021\/02\/David-jimenez-infinito-fotolibro-6-1024x768.jpg.avif 1024w, https:\/\/fotogasteiz.com\/blog\/wp-content\/smush-avif\/2021\/02\/David-jimenez-infinito-fotolibro-6-768x576.jpg.avif 768w, https:\/\/fotogasteiz.com\/blog\/wp-content\/smush-avif\/2021\/02\/David-jimenez-infinito-fotolibro-6-1536x1152.jpg.avif 1536w, https:\/\/fotogasteiz.com\/blog\/wp-content\/smush-avif\/2021\/02\/David-jimenez-infinito-fotolibro-6-2048x1536.jpg.avif 2048w, https:\/\/fotogasteiz.com\/blog\/wp-content\/smush-avif\/2021\/02\/David-jimenez-infinito-fotolibro-6-1440x1080.jpg.avif 1440w\" data-sizes=\"(max-width: 300px) 100vw, 300px\" src=\"data:image\/svg+xml;base64,PHN2ZyB3aWR0aD0iMSIgaGVpZ2h0PSIxIiB4bWxucz0iaHR0cDovL3d3dy53My5vcmcvMjAwMC9zdmciPjwvc3ZnPg==\" style=\"--smush-placeholder-width: 300px; --smush-placeholder-aspect-ratio: 300\/225;\" \/><\/a>\n\t\t\t<\/dt><\/dl><dl class='gallery-item'>\n\t\t\t<dt class='gallery-icon landscape'>\n\t\t\t\t<a data-fancybox=\"mesmerize-gallery-1-group\" href='https:\/\/fotogasteiz.com\/blog\/wp-content\/smush-avif\/2021\/02\/David-jimenez-infinito-fotolibro-5-scaled.jpg.avif'><img decoding=\"async\"  width=\"300\" height=\"225\" data-src=\"https:\/\/fotogasteiz.com\/blog\/wp-content\/smush-avif\/2021\/02\/David-jimenez-infinito-fotolibro-5-300x225.jpg.avif\"  class='mesmerize-gallery-1-image lazyload' alt=\"\" data-srcset=\"https:\/\/fotogasteiz.com\/blog\/wp-content\/smush-avif\/2021\/02\/David-jimenez-infinito-fotolibro-5-300x225.jpg.avif 300w, https:\/\/fotogasteiz.com\/blog\/wp-content\/smush-avif\/2021\/02\/David-jimenez-infinito-fotolibro-5-1024x768.jpg.avif 1024w, https:\/\/fotogasteiz.com\/blog\/wp-content\/smush-avif\/2021\/02\/David-jimenez-infinito-fotolibro-5-768x576.jpg.avif 768w, https:\/\/fotogasteiz.com\/blog\/wp-content\/smush-avif\/2021\/02\/David-jimenez-infinito-fotolibro-5-1536x1152.jpg.avif 1536w, https:\/\/fotogasteiz.com\/blog\/wp-content\/smush-avif\/2021\/02\/David-jimenez-infinito-fotolibro-5-2048x1536.jpg.avif 2048w, https:\/\/fotogasteiz.com\/blog\/wp-content\/smush-avif\/2021\/02\/David-jimenez-infinito-fotolibro-5-1440x1080.jpg.avif 1440w\" data-sizes=\"(max-width: 300px) 100vw, 300px\" src=\"data:image\/svg+xml;base64,PHN2ZyB3aWR0aD0iMSIgaGVpZ2h0PSIxIiB4bWxucz0iaHR0cDovL3d3dy53My5vcmcvMjAwMC9zdmciPjwvc3ZnPg==\" style=\"--smush-placeholder-width: 300px; --smush-placeholder-aspect-ratio: 300\/225;\" \/><\/a>\n\t\t\t<\/dt><\/dl><dl class='gallery-item'>\n\t\t\t<dt class='gallery-icon landscape'>\n\t\t\t\t<a data-fancybox=\"mesmerize-gallery-1-group\" href='https:\/\/fotogasteiz.com\/blog\/wp-content\/smush-avif\/2021\/02\/David-jimenez-infinito-fotolibro-4-scaled.jpg.avif'><img decoding=\"async\"  width=\"300\" height=\"225\" data-src=\"https:\/\/fotogasteiz.com\/blog\/wp-content\/smush-avif\/2021\/02\/David-jimenez-infinito-fotolibro-4-300x225.jpg.avif\"  class='mesmerize-gallery-1-image lazyload' alt=\"\" data-srcset=\"https:\/\/fotogasteiz.com\/blog\/wp-content\/smush-avif\/2021\/02\/David-jimenez-infinito-fotolibro-4-300x225.jpg.avif 300w, https:\/\/fotogasteiz.com\/blog\/wp-content\/smush-avif\/2021\/02\/David-jimenez-infinito-fotolibro-4-1024x768.jpg.avif 1024w, https:\/\/fotogasteiz.com\/blog\/wp-content\/smush-avif\/2021\/02\/David-jimenez-infinito-fotolibro-4-768x576.jpg.avif 768w, https:\/\/fotogasteiz.com\/blog\/wp-content\/smush-avif\/2021\/02\/David-jimenez-infinito-fotolibro-4-1536x1152.jpg.avif 1536w, https:\/\/fotogasteiz.com\/blog\/wp-content\/smush-avif\/2021\/02\/David-jimenez-infinito-fotolibro-4-2048x1536.jpg.avif 2048w, https:\/\/fotogasteiz.com\/blog\/wp-content\/smush-avif\/2021\/02\/David-jimenez-infinito-fotolibro-4-1440x1080.jpg.avif 1440w\" data-sizes=\"(max-width: 300px) 100vw, 300px\" src=\"data:image\/svg+xml;base64,PHN2ZyB3aWR0aD0iMSIgaGVpZ2h0PSIxIiB4bWxucz0iaHR0cDovL3d3dy53My5vcmcvMjAwMC9zdmciPjwvc3ZnPg==\" style=\"--smush-placeholder-width: 300px; --smush-placeholder-aspect-ratio: 300\/225;\" \/><\/a>\n\t\t\t<\/dt><\/dl><dl class='gallery-item'>\n\t\t\t<dt class='gallery-icon landscape'>\n\t\t\t\t<a data-fancybox=\"mesmerize-gallery-1-group\" href='https:\/\/fotogasteiz.com\/blog\/wp-content\/smush-avif\/2021\/02\/David-jimenez-infinito-fotolibro-3-scaled.jpg.avif'><img decoding=\"async\"  width=\"300\" height=\"225\" data-src=\"https:\/\/fotogasteiz.com\/blog\/wp-content\/smush-avif\/2021\/02\/David-jimenez-infinito-fotolibro-3-300x225.jpg.avif\"  class='mesmerize-gallery-1-image lazyload' alt=\"\" data-srcset=\"https:\/\/fotogasteiz.com\/blog\/wp-content\/smush-avif\/2021\/02\/David-jimenez-infinito-fotolibro-3-300x225.jpg.avif 300w, https:\/\/fotogasteiz.com\/blog\/wp-content\/smush-avif\/2021\/02\/David-jimenez-infinito-fotolibro-3-1024x768.jpg.avif 1024w, https:\/\/fotogasteiz.com\/blog\/wp-content\/smush-avif\/2021\/02\/David-jimenez-infinito-fotolibro-3-768x576.jpg.avif 768w, https:\/\/fotogasteiz.com\/blog\/wp-content\/smush-avif\/2021\/02\/David-jimenez-infinito-fotolibro-3-1536x1152.jpg.avif 1536w, https:\/\/fotogasteiz.com\/blog\/wp-content\/smush-avif\/2021\/02\/David-jimenez-infinito-fotolibro-3-2048x1536.jpg.avif 2048w, https:\/\/fotogasteiz.com\/blog\/wp-content\/smush-avif\/2021\/02\/David-jimenez-infinito-fotolibro-3-1440x1080.jpg.avif 1440w\" data-sizes=\"(max-width: 300px) 100vw, 300px\" src=\"data:image\/svg+xml;base64,PHN2ZyB3aWR0aD0iMSIgaGVpZ2h0PSIxIiB4bWxucz0iaHR0cDovL3d3dy53My5vcmcvMjAwMC9zdmciPjwvc3ZnPg==\" style=\"--smush-placeholder-width: 300px; --smush-placeholder-aspect-ratio: 300\/225;\" \/><\/a>\n\t\t\t<\/dt><\/dl><dl class='gallery-item'>\n\t\t\t<dt class='gallery-icon landscape'>\n\t\t\t\t<a data-fancybox=\"mesmerize-gallery-1-group\" href='https:\/\/fotogasteiz.com\/blog\/wp-content\/smush-avif\/2021\/02\/David-jimenez-infinito-fotolibro-2-scaled.jpg.avif'><img decoding=\"async\"  width=\"300\" height=\"225\" data-src=\"https:\/\/fotogasteiz.com\/blog\/wp-content\/smush-avif\/2021\/02\/David-jimenez-infinito-fotolibro-2-300x225.jpg.avif\"  class='mesmerize-gallery-1-image lazyload' alt=\"\" data-srcset=\"https:\/\/fotogasteiz.com\/blog\/wp-content\/smush-avif\/2021\/02\/David-jimenez-infinito-fotolibro-2-300x225.jpg.avif 300w, https:\/\/fotogasteiz.com\/blog\/wp-content\/smush-avif\/2021\/02\/David-jimenez-infinito-fotolibro-2-1024x768.jpg.avif 1024w, https:\/\/fotogasteiz.com\/blog\/wp-content\/smush-avif\/2021\/02\/David-jimenez-infinito-fotolibro-2-768x576.jpg.avif 768w, https:\/\/fotogasteiz.com\/blog\/wp-content\/smush-avif\/2021\/02\/David-jimenez-infinito-fotolibro-2-1536x1152.jpg.avif 1536w, https:\/\/fotogasteiz.com\/blog\/wp-content\/smush-avif\/2021\/02\/David-jimenez-infinito-fotolibro-2-2048x1536.jpg.avif 2048w, https:\/\/fotogasteiz.com\/blog\/wp-content\/smush-avif\/2021\/02\/David-jimenez-infinito-fotolibro-2-1440x1080.jpg.avif 1440w\" data-sizes=\"(max-width: 300px) 100vw, 300px\" src=\"data:image\/svg+xml;base64,PHN2ZyB3aWR0aD0iMSIgaGVpZ2h0PSIxIiB4bWxucz0iaHR0cDovL3d3dy53My5vcmcvMjAwMC9zdmciPjwvc3ZnPg==\" style=\"--smush-placeholder-width: 300px; --smush-placeholder-aspect-ratio: 300\/225;\" \/><\/a>\n\t\t\t<\/dt><\/dl>\n\t\t<\/div>\n<script>(function($){window.MaterialisCaptionsGallery && window.MaterialisCaptionsGallery($('[data-unique-id=\"mesmerize-gallery-1-69f3c768d6cdf\"]'))})(jQuery)<\/script><\/div><\/div><\/div> <\/div><\/div><div  data-label=\"video infinito\" data-id=\"content--3\" data-export-id=\"content-10\" data-category=\"content\" class=\"content-10 content-section content-section-spacing\" id=\"video-infinito\" style=\"background-color: rgb(255, 51, 105); background-image: none;\"><div  class=\"gridContainer\"> <div  class=\"row middle-sm\"><div  class=\"col-sm-6 center-xs middle-xs space-bottom-xs\"> <div  class=\"lightbox-video lightbox-video-tall dark-overlay shadow-large flexbox middle-xs center-xs lazyload\" data-type=\"group\" data-bg=\"image\" style=\"background-image:inherit;\" data-bg-image=\"url(&quot;https:\/\/fotogasteiz.com\/blog\/wp-content\/uploads\/2021\/02\/DAVID-JIMENEZ-INFINITO.jpg&quot;)\"> <a  data-fancybox=\"\" data-video-lightbox=\"true\" href=\"https:\/\/www.youtube.com\/watch?v=RZef7iHzyPE\" class=\"\"> <i  data-cp-fa=\"true\" class=\"fa video-icon fa-play-circle-o color-white\"><\/i><\/a> <\/div><\/div> <div  class=\"col-sm-6 space-bottom-xs\" data-type=\"column\"><h2  class=\"\"><span  style=\"font-family: &quot;Playfair Display&quot;, arial, helvetica, sans-serif; color: rgb(255, 254, 254);\">Maqueta de INFINITO<\/span><\/h2> <p  class=\"\"><span  style=\"font-family: Muli, arial, helvetica, sans-serif; color: rgb(255, 254, 254);\"><span  style=\"font-weight: 900;\">David Jim\u00e9nez<\/span> explica el proceso creativo tras la maquetaci\u00f3n de su primer fotolibro <span  style=\"font-weight: 900;\">INFINITO<\/span><\/span><\/p> <\/div> <\/div><\/div> <\/div><div  data-label=\"Desarrollo\" data-id=\"content--4\" data-export-id=\"content-7\" data-category=\"content\" class=\"content-7 content-section content-section-spacing\" id=\"desarrollo\" style=\"background-color: rgb(245, 250, 253); background-image: none;\"><div  class=\"gridContainer\"> <div  class=\"row middle-sm\"><div  class=\"col-sm-6 space-bottom-xs\" data-type=\"column\"> <p  class=\"lead\"><span  style=\"font-family: Muli, arial, helvetica, sans-serif; font-weight: 900; color: rgb(255, 51, 105);\">BIOGRAF\u00cdA DE DAVID JIM\u00c9NEZ<\/span><\/p><h2  class=\"\"><span  style=\"font-family: &quot;Playfair Display&quot;, arial, helvetica, sans-serif; color: rgb(0, 0, 0);\">Desarrollo personal y art\u00edstico<\/span><\/h2> <p  class=\"\"><span  style=\"font-family: Muli, arial, helvetica, sans-serif; color: rgb(60, 66, 79);\">En el a\u00f1o 2008, a los 38 de edad, recibi\u00f3 el <span  style=\"font-weight: 900;\">Premio de las Artes Kaulak de la Villa de Madrid<\/span>.\n<\/span><br ><br ><span  style=\"font-family: Muli, arial, helvetica, sans-serif; color: rgb(60, 66, 79);\">\nEn 2014, a los 44 a\u00f1os de edad, publica su libro <span  style=\"font-weight: 900;\">\u2018Versus\u2019<\/span>, de la mano de RM. Un libro dual formado por dos vol\u00famenes.\n<\/span><br ><br ><span  style=\"font-family: Muli, arial, helvetica, sans-serif; color: rgb(60, 66, 79);\">\nEn los a\u00f1os 2016 y 2017, <span  style=\"font-weight: 900;\">David Jim\u00e9nez<\/span> ha sido artista residente en la Real Academia de Espa\u00f1a en Roma. \n<\/span><br ><br ><span  style=\"font-family: Muli, arial, helvetica, sans-serif; color: rgb(60, 66, 79);\"><span  style=\"font-style: italic;\">\u00abUna experiencia absolutamente incre\u00edble tanto en lo profesional como en lo personal\u00bb<\/span>.\n<\/span><br ><br ><span  style=\"font-family: Muli, arial, helvetica, sans-serif; color: rgb(60, 66, 79);\">\nEn el a\u00f1o 2018 public\u00f3 <span  style=\"font-weight: 900;\">\u2018Aura\u2019<\/span>, libro autoeditado que recoge su obra creada en India en la d\u00e9cada anterior.<\/span><\/p> <\/div> <div  class=\"col-sm-6\" data-type=\"column\"> <img decoding=\"async\"  class=\"custom-image lazyload\" data-src=\"https:\/\/i0.wp.com\/fotogasteiz.com\/blog\/wp-content\/uploads\/2021\/02\/david-jimenez-roma.png?w=3840&amp;ssl=1\" title=\"david jimenez roma\" alt=\"\" width=\"586\" height=\"390\" src=\"data:image\/svg+xml;base64,PHN2ZyB3aWR0aD0iMSIgaGVpZ2h0PSIxIiB4bWxucz0iaHR0cDovL3d3dy53My5vcmcvMjAwMC9zdmciPjwvc3ZnPg==\" style=\"--smush-placeholder-width: 586px; --smush-placeholder-aspect-ratio: 586\/390;\"><p  class=\"\"><span  style=\"font-family: Muli, arial, helvetica, sans-serif; color: rgb(60, 66, 79);\">Estudio de David Jim\u00e9nez en Roma<\/span><\/p><\/div> <\/div><\/div> <\/div><div  data-label=\"Universos\" data-id=\"content--5\" data-export-id=\"content-8\" data-category=\"content\" class=\"content-8 content-section content-section-spacing\" id=\"universos\" style=\"background-color: rgb(245, 250, 253); background-image: none;\"><div  class=\"gridContainer\"> <div  class=\"row middle-sm\"><div  class=\"col-sm-6 space-bottom-xs space-top-xs\" data-type=\"column\"> <img decoding=\"async\"  class=\"shadow-large lazyload\" data-src=\"https:\/\/i2.wp.com\/fotogasteiz.com\/blog\/wp-content\/uploads\/2021\/02\/DJimenez_Universos_Canal_01.jpg?w=3840&amp;ssl=1\" title=\"DJimenez_Universos_Canal_01\" alt=\"\" width=\"586\" height=\"391\" src=\"data:image\/svg+xml;base64,PHN2ZyB3aWR0aD0iMSIgaGVpZ2h0PSIxIiB4bWxucz0iaHR0cDovL3d3dy53My5vcmcvMjAwMC9zdmciPjwvc3ZnPg==\" style=\"--smush-placeholder-width: 586px; --smush-placeholder-aspect-ratio: 586\/391;\"><p  class=\"\"><span  style=\"font-family: Muli, arial, helvetica, sans-serif; color: rgb(60, 66, 79);\">&nbsp;Entrada a la exposici\u00f3n Universos en la Sala Canal de Isabel II de Madrid<\/span><\/p><img decoding=\"async\"  class=\"custom-image lazyload\" data-src=\"https:\/\/i1.wp.com\/fotogasteiz.com\/blog\/wp-content\/uploads\/2021\/02\/DJimenez_Universos_Canal_08.jpg?w=3840&amp;ssl=1\" title=\"DJimenez_Universos_Canal_08\" alt=\"\" width=\"586\" height=\"320\" src=\"data:image\/svg+xml;base64,PHN2ZyB3aWR0aD0iMSIgaGVpZ2h0PSIxIiB4bWxucz0iaHR0cDovL3d3dy53My5vcmcvMjAwMC9zdmciPjwvc3ZnPg==\" style=\"--smush-placeholder-width: 586px; --smush-placeholder-aspect-ratio: 586\/320;\"><p  class=\"\"><span  style=\"font-family: Muli, arial, helvetica, sans-serif; color: rgb(60, 66, 79);\">Planta de la exposici\u00f3n Universos en la Sala Canal de Isabel II de Madrid<\/span><\/p><p  class=\"lead\"><span  style=\"font-family: Muli, arial, helvetica, sans-serif; color: rgb(255, 51, 105); font-weight: 600;\"><span  style=\"font-weight: 900;\">\u2018ROMA\u2019<\/span> es un laboratorio impresionante sobre el tiempo. Es una alusi\u00f3n metaf\u00f3rica a la persona y a los elementos que son transformados por el tiempo, que los degrada y reconstruye en otra forma.\n<\/span><br ><br ><span  style=\"font-family: Muli, arial, helvetica, sans-serif; color: rgb(255, 51, 105); font-weight: 600;\"><span  style=\"font-weight: 900;\">\n\u2018Aura\u2019<\/span> es un proyecto realizado en India pero no refleja ninguna alusi\u00f3n al territorio. Habla de lo que hay debajo de lo real, captura im\u00e1genes con vocaci\u00f3n esencialista, desprovistas de referencias.\n<\/span><br ><br ><span  style=\"font-family: Muli, arial, helvetica, sans-serif; color: rgb(255, 51, 105); font-weight: 600;\"><span  style=\"font-weight: 900;\">\n\u2018Versus\u2019<\/span> muestra una complementariedad muy fuerte entre dos universos que parecen antag\u00f3nicos, pero que en el fondo son complementarios.<\/span><\/p><\/div> <div  class=\"col-sm-6\" data-type=\"column\"><p  class=\"lead\"><span  style=\"font-family: Muli, arial, helvetica, sans-serif; font-weight: 900; color: rgb(255, 51, 105);\">BIOGRAF\u00cdA DE DAVID JIM\u00c9NEZ<\/span><\/p><h2  class=\"\"><span  style=\"font-family: &quot;Playfair Display&quot;, arial, helvetica, sans-serif; color: rgb(0, 0, 0);\">\u2018Universos\u2019: antolog\u00eda, libro, exposici\u00f3n y reconocimiento&nbsp;<\/span><\/h2> <p  class=\"\"><span  style=\"font-family: Muli, arial, helvetica, sans-serif; color: rgb(60, 66, 79);\">En el a\u00f1o 2019 tuvo lugar la primera exposici\u00f3n antol\u00f3gica de su trabajo, titulada \u2018Universos\u2019 en <a data-mce-href=\"https:\/\/www.phe.es\/exposicion\/david-jimenez\/\" href=\"https:\/\/www.phe.es\/exposicion\/david-jimenez\" target=\"_blank\" rel=\"noopener\" data-mce-selected=\"inline-boundary\" data-cp-link=\"1\" class=\"\">la Sala del Canal de Isabel II en Madrid<\/a> en el marco de PhotoEspa\u00f1a 2019. La expo que recog\u00eda su obra de 25 a\u00f1os de carrera estuvo comisariada por Alejandro Castellote.&nbsp;\n<\/span><br ><br ><span  style=\"font-family: Muli, arial, helvetica, sans-serif; color: rgb(60, 66, 79);\">\nEn 2020, <span  style=\"font-weight: 900;\">David Jim\u00e9nez<\/span> ha cumplido 50 a\u00f1os y ha publicado \u2018Universos\u2019, con la obra de toda su carrera art\u00edstica, libro que ha sido premiado como <a data-mce-href=\"..\/..\/..\/libro-universos-david-jimenez\/\" href=\"..\/..\/..\/libro-universos-david-jimenez\" target=\"_blank\" rel=\"noopener\" data-mce-selected=\"inline-boundary\" data-cp-link=\"1\" class=\"\">el Mejor Fotolibro <span  style=\"font-weight: 900;\">PhotoEspa\u00f1a 2020<\/span><\/a> en la categor\u00eda nacional.&nbsp;\n<\/span><br ><span  style=\"font-family: Muli, arial, helvetica, sans-serif; color: rgb(60, 66, 79);\">\nEse a\u00f1o 2020 ha expuesto su muestra \u2018Universos\u2019 en el <span  style=\"font-weight: 900;\">Museo Universidad de Navarra<\/span>.\n<\/span><br ><br ><span  style=\"font-family: Muli, arial, helvetica, sans-serif; color: rgb(60, 66, 79);\">\nA la espera de conocer su nueva ubicaci\u00f3n, la exposici\u00f3n Universos de Pamplona se podr\u00e1 <a data-mce-href=\"..\/..\/..\/visita-virtual-exposicion-universos-david-jimenez\/\" href=\"..\/..\/..\/visita-virtual-exposicion-universos-david-jimenez\" target=\"_blank\" rel=\"noopener\" data-mce-selected=\"inline-boundary\" data-cp-link=\"1\" class=\"\">recorrer virtualmente<\/a> en todas partes y hasta el infinito.&nbsp;\n<\/span><br ><span  style=\"font-family: Muli, arial, helvetica, sans-serif; color: rgb(60, 66, 79);\">\nLa muestra \u2018Universos\u2019 explora los l\u00edmites de la representaci\u00f3n y la relaci\u00f3n entre im\u00e1genes, a trav\u00e9s de fotograf\u00edas, proyecciones e instalaciones<\/span><br ><span  style=\"font-family: Muli, arial, helvetica, sans-serif; color: rgb(60, 66, 79);\">\n\u2018Universos\u2019 est\u00e1 estructurada en tres \u00e1reas: \u2018Roma\u2019, \u2018Aura\u2019 y \u2018Versus\u2019.\n<br ><br >Su obra se encuentra representada en numerosas colecciones p\u00fablicas y privadas espa\u00f1olas, como la <span  style=\"font-weight: 900;\">Fundaci\u00f3n MAPFRE<\/span>, el <span  style=\"font-weight: 900;\">MACUF<\/span> y la colecci\u00f3n de <span  style=\"font-weight: 900;\">Arte DKV<\/span>, entre otras.<\/span><br ><br ><span  style=\"font-family: Muli, arial, helvetica, sans-serif; color: rgb(60, 66, 79);\">\nEn 2021, sigue creando obra nueva, labor que mientras compagina con su labor docente personal a trav\u00e9s de tutor\u00edas online y en la <span  style=\"font-weight: 900;\"><a data-mce-href=\"%20https:\/efti.es\/staff\/david-jimenez\" href=\"\/efti.es\/staff\/david-jimenez\" target=\"_blank\" rel=\"noopener\" data-mce-selected=\"inline-boundary\" data-cp-link=\"1\" class=\"\">escuela EFTI<\/a><\/span> de Madrid.<\/span><br ><br ><span  style=\"font-family: Muli, arial, helvetica, sans-serif; color: rgb(60, 66, 79);\">\nEn agosto de 2020 impartir\u00e1 un taller de una semana de duraci\u00f3n en <a data-mce-href=\"..\/..\/..\/taller-presencial-fotografo-david-jimenez-galicia-agosto-2021\/\" href=\"..\/..\/..\/taller-presencial-fotografo-david-jimenez-galicia-agosto-2021\" target=\"_blank\" rel=\"noopener\" data-mce-selected=\"inline-boundary\" data-cp-link=\"1\" class=\"\">La Plantaci\u00f3n<\/a>.&nbsp;<\/span><br ><br ><span  style=\"font-family: Muli, arial, helvetica, sans-serif; color: rgb(60, 66, 79); font-style: italic;\">\n\u201cMis preocupaciones creativas siguen siendo las mismas de antes y todas penden, l\u00f3gicamente, de mi visi\u00f3n del mundo, de mi filosof\u00eda. Tengo la sensaci\u00f3n, siempre la he tenido, de que el mundo que experimento es una especie de gran enso\u00f1aci\u00f3n en la que pasan cosas raras, il\u00f3gicas. Porque lo cierto es que la vida real, \u00e9sa en la que todo parece equilibrado y estable, es tambi\u00e9n una gran ilusi\u00f3n. \n<\/span><br ><br ><span  style=\"font-family: Muli, arial, helvetica, sans-serif; color: rgb(60, 66, 79); font-style: italic;\">Todo lo que creemos conocer no es m\u00e1s que una proyecci\u00f3n en nuestras cabezas, una proyecci\u00f3n llena de condicionantes. Todo es fruto de construcciones mentales. La vida nos da las razones que queremos obtener. Si tienes miedo a salir de casa, encontrar\u00e1s infinidad de argumentos que te servir\u00e1n para no hacerlo. Si tienes ganas de comerte el mundo, encontrar\u00e1s los refuerzos necesarios. \u00c9sa es mi m\u00e1xima preocupaci\u00f3n, reflejar que lo real es una gran construcci\u00f3n inventada\u201d.<\/span><\/p> <\/div> <\/div><\/div> <\/div><div  data-label=\"video universos\" data-id=\"content--7\" data-export-id=\"content-1\" data-category=\"content\" class=\"content-1 content-section content-section-spacing content-relative\" id=\"video-universos\" style=\"background-color: rgb(255, 51, 105); background-image: none;\"><div  class=\"section-separator-top\">\n    <svg  class=\"section-separator-top\" data-separator-name=\"triangle-asymmetrical-negative\" preserveAspectRatio=\"none\" viewBox=\"0 0 1000 100\" xmlns=\"http:\/\/www.w3.org\/2000\/svg\">\n        <path  class=\"svg-white-bg\" d=\"M737.9,94.7L0,0v100h1000V0L737.9,94.7z\"><\/path>\n    <\/svg>\n<\/div><div  class=\"gridContainer\"> <div  class=\"row middle-sm\"><div  class=\"col-sm-6\" data-type=\"column\"> <h2  class=\"\"><span  style=\"font-family: &quot;Playfair Display&quot;, arial, helvetica, sans-serif; color: rgb(255, 254, 254);\">\u2018Universos\u2019: David Jim\u00e9nez<\/span><\/h2> <p  class=\"\"><span  style=\"font-family: Muli, arial, helvetica, sans-serif; color: rgb(255, 254, 254);\">La Sala Canal de Isabel II presenta <span  style=\"font-weight: 900;\">\u201cUniversos\u201d<\/span>, de <span  style=\"font-weight: 900;\">David Jim\u00e9nez<\/span>, una exposici\u00f3n que revisa algunos de los proyectos que este fot\u00f3grafo ha desarrollado a lo largo de m\u00e1s de 25 a\u00f1os, mostrando la evoluci\u00f3n de los procesos creativos con los que ha configurado un estilo personal, que aspira a representar lo intangible, lo on\u00edrico y lo m\u00e1gico. \n<br >\n<br >Del 5 de junio al 28 de julio de 2019 en la Sala Canal de Isabel II de Madrid<\/span><\/p> <\/div> <div  class=\"col-sm-6 flexbox-strech center-xs middle-xs\"><div  class=\"lightbox-video lightbox-video-tall dark-overlay shadow-large flexbox middle-xs center-xs lazyload\" data-bg=\"image\" data-type=\"group\" style=\"background-image:inherit;\" data-bg-image=\"url(&quot;https:\/\/fotogasteiz.com\/blog\/wp-content\/uploads\/2021\/02\/DJimenez_Universos_Canal_16.jpg&quot;)\"> <a  data-fancybox=\"\" data-video-lightbox=\"true\" href=\"https:\/\/www.youtube.com\/watch?v=YBCW21Y-iKk\" class=\"\"> <i  class=\"fa video-icon fa-play-circle-o color-white\" data-cp-fa=\"true\"><\/i><\/a> <\/div><\/div> <\/div><\/div> <\/div><div  data-label=\"sala canal\" data-id=\"gallery--2\" data-export-id=\"gallery-1\" data-category=\"gallery\" class=\"gallery-1 content-section content-section-spacing\" id=\"sala-canal\" style=\"background-color: rgb(255, 51, 105); background-image: none;\"><div  class=\"gridContainer\"> <div  class=\"row\"><div  class=\"section-title-col\" data-type=\"column\"> <h2  class=\"\"><span  style=\"font-family: &quot;Playfair Display&quot;, arial, helvetica, sans-serif; color: rgb(255, 254, 254);\">\u2018Universos\u2019 Sala Canal \u2013 David Jim\u00e9nez<\/span><\/h2> <\/div> <\/div> <div  class=\"row text-center\"> <div  class=\"col-xs-12\" data-editable=\"true\" data-content-shortcode=\"mesmerize_gallery id=&quot;mesmerize-gallery-1&quot; columns=&quot;8&quot; ids=&quot;13706,13707,13708,13709,13710,13711,13713,13714,13715,13716,13717,13718,13719,13720,13721,13722&quot; lb=&quot;1&quot; masonry=&quot;1&quot; size=&quot;medium&quot; link=&quot;file&quot; \"><div id='mesmerize-gallery-1' class='gallery-wrapper'><style type=\"text\/css\">\n                    @media only screen and (min-width: 768px) {\n                    [data-unique-id='mesmerize-gallery-1-69f3c768d89a7'] dl {\n                        float: left;\n                        width: 12.5% !important;\n                        max-width:  12.5% !important;\n                        min-width:  12.5% !important;\n                    }\n\n                    [data-unique-id='mesmerize-gallery-1-69f3c768d89a7'] dl:nth-of-type(8n +1 ) {\n                      clear: both;\n                      }\n                    }\n                <\/style><div id='mesmerize-gallery-1' class='mesmerize-gallery-1-dls-wrapper gallery-items-wrapper materialis-gallery' data-unique-id='mesmerize-gallery-1-69f3c768d89a7'><dl class='gallery-item'>\n\t\t\t<dt class='gallery-icon landscape'>\n\t\t\t\t<a data-fancybox=\"mesmerize-gallery-1-group\" href='https:\/\/fotogasteiz.com\/blog\/wp-content\/uploads\/2021\/02\/DJimenez_Universos_Canal_01-1.jpg'><img decoding=\"async\"  width=\"300\" height=\"200\" data-src=\"https:\/\/fotogasteiz.com\/blog\/wp-content\/smush-avif\/2021\/02\/DJimenez_Universos_Canal_01-1-300x200.jpg.avif\"  class='mesmerize-gallery-1-image lazyload' alt=\"\" data-srcset=\"https:\/\/fotogasteiz.com\/blog\/wp-content\/smush-avif\/2021\/02\/DJimenez_Universos_Canal_01-1-300x200.jpg.avif 300w, https:\/\/fotogasteiz.com\/blog\/wp-content\/smush-avif\/2021\/02\/DJimenez_Universos_Canal_01-1-1024x683.jpg.avif 1024w, https:\/\/fotogasteiz.com\/blog\/wp-content\/smush-avif\/2021\/02\/DJimenez_Universos_Canal_01-1-768x512.jpg.avif 768w, https:\/\/fotogasteiz.com\/blog\/wp-content\/smush-avif\/2021\/02\/DJimenez_Universos_Canal_01-1-1536x1024.jpg.avif 1536w, https:\/\/fotogasteiz.com\/blog\/wp-content\/uploads\/2021\/02\/DJimenez_Universos_Canal_01-1.jpg 1620w\" data-sizes=\"(max-width: 300px) 100vw, 300px\" src=\"data:image\/svg+xml;base64,PHN2ZyB3aWR0aD0iMSIgaGVpZ2h0PSIxIiB4bWxucz0iaHR0cDovL3d3dy53My5vcmcvMjAwMC9zdmciPjwvc3ZnPg==\" style=\"--smush-placeholder-width: 300px; --smush-placeholder-aspect-ratio: 300\/200;\" \/><\/a>\n\t\t\t<\/dt><\/dl><dl class='gallery-item'>\n\t\t\t<dt class='gallery-icon landscape'>\n\t\t\t\t<a data-fancybox=\"mesmerize-gallery-1-group\" href='https:\/\/fotogasteiz.com\/blog\/wp-content\/uploads\/2021\/02\/DJimenez_Universos_Canal_16.jpg'><img decoding=\"async\"  width=\"300\" height=\"225\" data-src=\"https:\/\/fotogasteiz.com\/blog\/wp-content\/smush-avif\/2021\/02\/DJimenez_Universos_Canal_16-300x225.jpg.avif\"  class='mesmerize-gallery-1-image lazyload' alt=\"\" data-srcset=\"https:\/\/fotogasteiz.com\/blog\/wp-content\/smush-avif\/2021\/02\/DJimenez_Universos_Canal_16-300x225.jpg.avif 300w, https:\/\/fotogasteiz.com\/blog\/wp-content\/smush-avif\/2021\/02\/DJimenez_Universos_Canal_16-1024x768.jpg.avif 1024w, https:\/\/fotogasteiz.com\/blog\/wp-content\/smush-avif\/2021\/02\/DJimenez_Universos_Canal_16-768x576.jpg.avif 768w, https:\/\/fotogasteiz.com\/blog\/wp-content\/uploads\/2021\/02\/DJimenez_Universos_Canal_16.jpg 1440w\" data-sizes=\"(max-width: 300px) 100vw, 300px\" src=\"data:image\/svg+xml;base64,PHN2ZyB3aWR0aD0iMSIgaGVpZ2h0PSIxIiB4bWxucz0iaHR0cDovL3d3dy53My5vcmcvMjAwMC9zdmciPjwvc3ZnPg==\" style=\"--smush-placeholder-width: 300px; --smush-placeholder-aspect-ratio: 300\/225;\" \/><\/a>\n\t\t\t<\/dt><\/dl><dl class='gallery-item'>\n\t\t\t<dt class='gallery-icon landscape'>\n\t\t\t\t<a data-fancybox=\"mesmerize-gallery-1-group\" href='https:\/\/fotogasteiz.com\/blog\/wp-content\/uploads\/2021\/02\/DJimenez_Universos_Canal_15.jpg'><img decoding=\"async\"  width=\"300\" height=\"225\" data-src=\"https:\/\/fotogasteiz.com\/blog\/wp-content\/smush-avif\/2021\/02\/DJimenez_Universos_Canal_15-300x225.jpg.avif\"  class='mesmerize-gallery-1-image lazyload' alt=\"\" data-srcset=\"https:\/\/fotogasteiz.com\/blog\/wp-content\/smush-avif\/2021\/02\/DJimenez_Universos_Canal_15-300x225.jpg.avif 300w, https:\/\/fotogasteiz.com\/blog\/wp-content\/smush-avif\/2021\/02\/DJimenez_Universos_Canal_15-1024x768.jpg.avif 1024w, https:\/\/fotogasteiz.com\/blog\/wp-content\/smush-avif\/2021\/02\/DJimenez_Universos_Canal_15-768x576.jpg.avif 768w, https:\/\/fotogasteiz.com\/blog\/wp-content\/uploads\/2021\/02\/DJimenez_Universos_Canal_15.jpg 1440w\" data-sizes=\"(max-width: 300px) 100vw, 300px\" src=\"data:image\/svg+xml;base64,PHN2ZyB3aWR0aD0iMSIgaGVpZ2h0PSIxIiB4bWxucz0iaHR0cDovL3d3dy53My5vcmcvMjAwMC9zdmciPjwvc3ZnPg==\" style=\"--smush-placeholder-width: 300px; --smush-placeholder-aspect-ratio: 300\/225;\" \/><\/a>\n\t\t\t<\/dt><\/dl><dl class='gallery-item'>\n\t\t\t<dt class='gallery-icon landscape'>\n\t\t\t\t<a data-fancybox=\"mesmerize-gallery-1-group\" href='https:\/\/fotogasteiz.com\/blog\/wp-content\/uploads\/2021\/02\/DJimenez_Universos_Canal_14-1.jpg'><img decoding=\"async\"  width=\"300\" height=\"225\" data-src=\"https:\/\/fotogasteiz.com\/blog\/wp-content\/smush-avif\/2021\/02\/DJimenez_Universos_Canal_14-1-300x225.jpg.avif\"  class='mesmerize-gallery-1-image lazyload' alt=\"\" data-srcset=\"https:\/\/fotogasteiz.com\/blog\/wp-content\/smush-avif\/2021\/02\/DJimenez_Universos_Canal_14-1-300x225.jpg.avif 300w, https:\/\/fotogasteiz.com\/blog\/wp-content\/smush-avif\/2021\/02\/DJimenez_Universos_Canal_14-1-1024x768.jpg.avif 1024w, https:\/\/fotogasteiz.com\/blog\/wp-content\/smush-avif\/2021\/02\/DJimenez_Universos_Canal_14-1-768x576.jpg.avif 768w, https:\/\/fotogasteiz.com\/blog\/wp-content\/uploads\/2021\/02\/DJimenez_Universos_Canal_14-1.jpg 1440w\" data-sizes=\"(max-width: 300px) 100vw, 300px\" src=\"data:image\/svg+xml;base64,PHN2ZyB3aWR0aD0iMSIgaGVpZ2h0PSIxIiB4bWxucz0iaHR0cDovL3d3dy53My5vcmcvMjAwMC9zdmciPjwvc3ZnPg==\" style=\"--smush-placeholder-width: 300px; --smush-placeholder-aspect-ratio: 300\/225;\" \/><\/a>\n\t\t\t<\/dt><\/dl><dl class='gallery-item'>\n\t\t\t<dt class='gallery-icon landscape'>\n\t\t\t\t<a data-fancybox=\"mesmerize-gallery-1-group\" href='https:\/\/fotogasteiz.com\/blog\/wp-content\/uploads\/2021\/02\/DJimenez_Universos_Canal_13.jpg'><img decoding=\"async\"  width=\"300\" height=\"200\" data-src=\"https:\/\/fotogasteiz.com\/blog\/wp-content\/smush-avif\/2021\/02\/DJimenez_Universos_Canal_13-300x200.jpg.avif\"  class='mesmerize-gallery-1-image lazyload' alt=\"\" data-srcset=\"https:\/\/fotogasteiz.com\/blog\/wp-content\/smush-avif\/2021\/02\/DJimenez_Universos_Canal_13-300x200.jpg.avif 300w, https:\/\/fotogasteiz.com\/blog\/wp-content\/smush-avif\/2021\/02\/DJimenez_Universos_Canal_13-1024x683.jpg.avif 1024w, https:\/\/fotogasteiz.com\/blog\/wp-content\/smush-avif\/2021\/02\/DJimenez_Universos_Canal_13-768x512.jpg.avif 768w, https:\/\/fotogasteiz.com\/blog\/wp-content\/smush-avif\/2021\/02\/DJimenez_Universos_Canal_13-1536x1024.jpg.avif 1536w, https:\/\/fotogasteiz.com\/blog\/wp-content\/uploads\/2021\/02\/DJimenez_Universos_Canal_13.jpg 1620w\" data-sizes=\"(max-width: 300px) 100vw, 300px\" src=\"data:image\/svg+xml;base64,PHN2ZyB3aWR0aD0iMSIgaGVpZ2h0PSIxIiB4bWxucz0iaHR0cDovL3d3dy53My5vcmcvMjAwMC9zdmciPjwvc3ZnPg==\" style=\"--smush-placeholder-width: 300px; --smush-placeholder-aspect-ratio: 300\/200;\" \/><\/a>\n\t\t\t<\/dt><\/dl><dl class='gallery-item'>\n\t\t\t<dt class='gallery-icon landscape'>\n\t\t\t\t<a data-fancybox=\"mesmerize-gallery-1-group\" href='https:\/\/fotogasteiz.com\/blog\/wp-content\/uploads\/2021\/02\/DJimenez_Universos_Canal_12.jpg'><img decoding=\"async\"  width=\"300\" height=\"200\" data-src=\"https:\/\/fotogasteiz.com\/blog\/wp-content\/smush-avif\/2021\/02\/DJimenez_Universos_Canal_12-300x200.jpg.avif\"  class='mesmerize-gallery-1-image lazyload' alt=\"\" data-srcset=\"https:\/\/fotogasteiz.com\/blog\/wp-content\/smush-avif\/2021\/02\/DJimenez_Universos_Canal_12-300x200.jpg.avif 300w, https:\/\/fotogasteiz.com\/blog\/wp-content\/smush-avif\/2021\/02\/DJimenez_Universos_Canal_12-1024x683.jpg.avif 1024w, https:\/\/fotogasteiz.com\/blog\/wp-content\/smush-avif\/2021\/02\/DJimenez_Universos_Canal_12-768x512.jpg.avif 768w, https:\/\/fotogasteiz.com\/blog\/wp-content\/smush-avif\/2021\/02\/DJimenez_Universos_Canal_12-1536x1024.jpg.avif 1536w, https:\/\/fotogasteiz.com\/blog\/wp-content\/uploads\/2021\/02\/DJimenez_Universos_Canal_12.jpg 1620w\" data-sizes=\"(max-width: 300px) 100vw, 300px\" src=\"data:image\/svg+xml;base64,PHN2ZyB3aWR0aD0iMSIgaGVpZ2h0PSIxIiB4bWxucz0iaHR0cDovL3d3dy53My5vcmcvMjAwMC9zdmciPjwvc3ZnPg==\" style=\"--smush-placeholder-width: 300px; --smush-placeholder-aspect-ratio: 300\/200;\" \/><\/a>\n\t\t\t<\/dt><\/dl><dl class='gallery-item'>\n\t\t\t<dt class='gallery-icon landscape'>\n\t\t\t\t<a data-fancybox=\"mesmerize-gallery-1-group\" href='https:\/\/fotogasteiz.com\/blog\/wp-content\/uploads\/2021\/02\/DJimenez_Universos_Canal_11.jpg'><img decoding=\"async\"  width=\"300\" height=\"200\" data-src=\"https:\/\/fotogasteiz.com\/blog\/wp-content\/smush-avif\/2021\/02\/DJimenez_Universos_Canal_11-300x200.jpg.avif\"  class='mesmerize-gallery-1-image lazyload' alt=\"\" data-srcset=\"https:\/\/fotogasteiz.com\/blog\/wp-content\/smush-avif\/2021\/02\/DJimenez_Universos_Canal_11-300x200.jpg.avif 300w, https:\/\/fotogasteiz.com\/blog\/wp-content\/smush-avif\/2021\/02\/DJimenez_Universos_Canal_11-1024x683.jpg.avif 1024w, https:\/\/fotogasteiz.com\/blog\/wp-content\/smush-avif\/2021\/02\/DJimenez_Universos_Canal_11-768x512.jpg.avif 768w, https:\/\/fotogasteiz.com\/blog\/wp-content\/smush-avif\/2021\/02\/DJimenez_Universos_Canal_11-1536x1024.jpg.avif 1536w, https:\/\/fotogasteiz.com\/blog\/wp-content\/uploads\/2021\/02\/DJimenez_Universos_Canal_11.jpg 1620w\" data-sizes=\"(max-width: 300px) 100vw, 300px\" src=\"data:image\/svg+xml;base64,PHN2ZyB3aWR0aD0iMSIgaGVpZ2h0PSIxIiB4bWxucz0iaHR0cDovL3d3dy53My5vcmcvMjAwMC9zdmciPjwvc3ZnPg==\" style=\"--smush-placeholder-width: 300px; --smush-placeholder-aspect-ratio: 300\/200;\" \/><\/a>\n\t\t\t<\/dt><\/dl><dl class='gallery-item'>\n\t\t\t<dt class='gallery-icon landscape'>\n\t\t\t\t<a data-fancybox=\"mesmerize-gallery-1-group\" href='https:\/\/fotogasteiz.com\/blog\/wp-content\/uploads\/2021\/02\/DJimenez_Universos_Canal_10.jpg'><img decoding=\"async\"  width=\"300\" height=\"200\" data-src=\"https:\/\/fotogasteiz.com\/blog\/wp-content\/smush-avif\/2021\/02\/DJimenez_Universos_Canal_10-300x200.jpg.avif\"  class='mesmerize-gallery-1-image lazyload' alt=\"\" data-srcset=\"https:\/\/fotogasteiz.com\/blog\/wp-content\/smush-avif\/2021\/02\/DJimenez_Universos_Canal_10-300x200.jpg.avif 300w, https:\/\/fotogasteiz.com\/blog\/wp-content\/smush-avif\/2021\/02\/DJimenez_Universos_Canal_10-1024x683.jpg.avif 1024w, https:\/\/fotogasteiz.com\/blog\/wp-content\/smush-avif\/2021\/02\/DJimenez_Universos_Canal_10-768x512.jpg.avif 768w, https:\/\/fotogasteiz.com\/blog\/wp-content\/smush-avif\/2021\/02\/DJimenez_Universos_Canal_10-1536x1024.jpg.avif 1536w, https:\/\/fotogasteiz.com\/blog\/wp-content\/uploads\/2021\/02\/DJimenez_Universos_Canal_10.jpg 1620w\" data-sizes=\"(max-width: 300px) 100vw, 300px\" src=\"data:image\/svg+xml;base64,PHN2ZyB3aWR0aD0iMSIgaGVpZ2h0PSIxIiB4bWxucz0iaHR0cDovL3d3dy53My5vcmcvMjAwMC9zdmciPjwvc3ZnPg==\" style=\"--smush-placeholder-width: 300px; --smush-placeholder-aspect-ratio: 300\/200;\" \/><\/a>\n\t\t\t<\/dt><\/dl><dl class='gallery-item'>\n\t\t\t<dt class='gallery-icon landscape'>\n\t\t\t\t<a data-fancybox=\"mesmerize-gallery-1-group\" href='https:\/\/fotogasteiz.com\/blog\/wp-content\/uploads\/2021\/02\/DJimenez_Universos_Canal_09.jpg'><img decoding=\"async\"  width=\"300\" height=\"200\" data-src=\"https:\/\/fotogasteiz.com\/blog\/wp-content\/smush-avif\/2021\/02\/DJimenez_Universos_Canal_09-300x200.jpg.avif\"  class='mesmerize-gallery-1-image lazyload' alt=\"\" data-srcset=\"https:\/\/fotogasteiz.com\/blog\/wp-content\/smush-avif\/2021\/02\/DJimenez_Universos_Canal_09-300x200.jpg.avif 300w, https:\/\/fotogasteiz.com\/blog\/wp-content\/smush-avif\/2021\/02\/DJimenez_Universos_Canal_09-1024x683.jpg.avif 1024w, https:\/\/fotogasteiz.com\/blog\/wp-content\/smush-avif\/2021\/02\/DJimenez_Universos_Canal_09-768x512.jpg.avif 768w, https:\/\/fotogasteiz.com\/blog\/wp-content\/smush-avif\/2021\/02\/DJimenez_Universos_Canal_09-1536x1024.jpg.avif 1536w, https:\/\/fotogasteiz.com\/blog\/wp-content\/uploads\/2021\/02\/DJimenez_Universos_Canal_09.jpg 1620w\" data-sizes=\"(max-width: 300px) 100vw, 300px\" src=\"data:image\/svg+xml;base64,PHN2ZyB3aWR0aD0iMSIgaGVpZ2h0PSIxIiB4bWxucz0iaHR0cDovL3d3dy53My5vcmcvMjAwMC9zdmciPjwvc3ZnPg==\" style=\"--smush-placeholder-width: 300px; --smush-placeholder-aspect-ratio: 300\/200;\" \/><\/a>\n\t\t\t<\/dt><\/dl><dl class='gallery-item'>\n\t\t\t<dt class='gallery-icon landscape'>\n\t\t\t\t<a data-fancybox=\"mesmerize-gallery-1-group\" href='https:\/\/fotogasteiz.com\/blog\/wp-content\/uploads\/2021\/02\/DJimenez_Universos_Canal_08-1.jpg'><img decoding=\"async\"  width=\"300\" height=\"164\" data-src=\"https:\/\/fotogasteiz.com\/blog\/wp-content\/smush-avif\/2021\/02\/DJimenez_Universos_Canal_08-1-300x164.jpg.avif\"  class='mesmerize-gallery-1-image lazyload' alt=\"\" data-srcset=\"https:\/\/fotogasteiz.com\/blog\/wp-content\/smush-avif\/2021\/02\/DJimenez_Universos_Canal_08-1-300x164.jpg.avif 300w, https:\/\/fotogasteiz.com\/blog\/wp-content\/smush-avif\/2021\/02\/DJimenez_Universos_Canal_08-1-1024x559.jpg.avif 1024w, https:\/\/fotogasteiz.com\/blog\/wp-content\/smush-avif\/2021\/02\/DJimenez_Universos_Canal_08-1-768x420.jpg.avif 768w, https:\/\/fotogasteiz.com\/blog\/wp-content\/smush-avif\/2021\/02\/DJimenez_Universos_Canal_08-1-1536x839.jpg.avif 1536w, https:\/\/fotogasteiz.com\/blog\/wp-content\/smush-avif\/2021\/02\/DJimenez_Universos_Canal_08-1-1920x1049.jpg.avif 1920w, https:\/\/fotogasteiz.com\/blog\/wp-content\/uploads\/2021\/02\/DJimenez_Universos_Canal_08-1.jpg 1977w\" data-sizes=\"(max-width: 300px) 100vw, 300px\" src=\"data:image\/svg+xml;base64,PHN2ZyB3aWR0aD0iMSIgaGVpZ2h0PSIxIiB4bWxucz0iaHR0cDovL3d3dy53My5vcmcvMjAwMC9zdmciPjwvc3ZnPg==\" style=\"--smush-placeholder-width: 300px; --smush-placeholder-aspect-ratio: 300\/164;\" \/><\/a>\n\t\t\t<\/dt><\/dl><dl class='gallery-item'>\n\t\t\t<dt class='gallery-icon landscape'>\n\t\t\t\t<a data-fancybox=\"mesmerize-gallery-1-group\" href='https:\/\/fotogasteiz.com\/blog\/wp-content\/uploads\/2021\/02\/DJimenez_Universos_Canal_07.jpg'><img decoding=\"async\"  width=\"300\" height=\"200\" data-src=\"https:\/\/fotogasteiz.com\/blog\/wp-content\/smush-avif\/2021\/02\/DJimenez_Universos_Canal_07-300x200.jpg.avif\"  class='mesmerize-gallery-1-image lazyload' alt=\"\" data-srcset=\"https:\/\/fotogasteiz.com\/blog\/wp-content\/smush-avif\/2021\/02\/DJimenez_Universos_Canal_07-300x200.jpg.avif 300w, https:\/\/fotogasteiz.com\/blog\/wp-content\/smush-avif\/2021\/02\/DJimenez_Universos_Canal_07-1024x683.jpg.avif 1024w, https:\/\/fotogasteiz.com\/blog\/wp-content\/smush-avif\/2021\/02\/DJimenez_Universos_Canal_07-768x512.jpg.avif 768w, https:\/\/fotogasteiz.com\/blog\/wp-content\/smush-avif\/2021\/02\/DJimenez_Universos_Canal_07-1536x1025.jpg.avif 1536w, https:\/\/fotogasteiz.com\/blog\/wp-content\/uploads\/2021\/02\/DJimenez_Universos_Canal_07.jpg 1619w\" data-sizes=\"(max-width: 300px) 100vw, 300px\" src=\"data:image\/svg+xml;base64,PHN2ZyB3aWR0aD0iMSIgaGVpZ2h0PSIxIiB4bWxucz0iaHR0cDovL3d3dy53My5vcmcvMjAwMC9zdmciPjwvc3ZnPg==\" style=\"--smush-placeholder-width: 300px; --smush-placeholder-aspect-ratio: 300\/200;\" \/><\/a>\n\t\t\t<\/dt><\/dl><dl class='gallery-item'>\n\t\t\t<dt class='gallery-icon landscape'>\n\t\t\t\t<a data-fancybox=\"mesmerize-gallery-1-group\" href='https:\/\/fotogasteiz.com\/blog\/wp-content\/uploads\/2021\/02\/DJimenez_Universos_Canal_06.jpg'><img decoding=\"async\"  width=\"300\" height=\"200\" data-src=\"https:\/\/fotogasteiz.com\/blog\/wp-content\/smush-avif\/2021\/02\/DJimenez_Universos_Canal_06-300x200.jpg.avif\"  class='mesmerize-gallery-1-image lazyload' alt=\"\" data-srcset=\"https:\/\/fotogasteiz.com\/blog\/wp-content\/smush-avif\/2021\/02\/DJimenez_Universos_Canal_06-300x200.jpg.avif 300w, https:\/\/fotogasteiz.com\/blog\/wp-content\/smush-avif\/2021\/02\/DJimenez_Universos_Canal_06-1024x681.jpg.avif 1024w, https:\/\/fotogasteiz.com\/blog\/wp-content\/smush-avif\/2021\/02\/DJimenez_Universos_Canal_06-768x511.jpg.avif 768w, https:\/\/fotogasteiz.com\/blog\/wp-content\/smush-avif\/2021\/02\/DJimenez_Universos_Canal_06-1536x1022.jpg.avif 1536w, https:\/\/fotogasteiz.com\/blog\/wp-content\/uploads\/2021\/02\/DJimenez_Universos_Canal_06.jpg 1623w\" data-sizes=\"(max-width: 300px) 100vw, 300px\" src=\"data:image\/svg+xml;base64,PHN2ZyB3aWR0aD0iMSIgaGVpZ2h0PSIxIiB4bWxucz0iaHR0cDovL3d3dy53My5vcmcvMjAwMC9zdmciPjwvc3ZnPg==\" style=\"--smush-placeholder-width: 300px; --smush-placeholder-aspect-ratio: 300\/200;\" \/><\/a>\n\t\t\t<\/dt><\/dl><dl class='gallery-item'>\n\t\t\t<dt class='gallery-icon landscape'>\n\t\t\t\t<a data-fancybox=\"mesmerize-gallery-1-group\" href='https:\/\/fotogasteiz.com\/blog\/wp-content\/uploads\/2021\/02\/DJimenez_Universos_Canal_05.jpg'><img decoding=\"async\"  width=\"300\" height=\"198\" data-src=\"https:\/\/fotogasteiz.com\/blog\/wp-content\/smush-avif\/2021\/02\/DJimenez_Universos_Canal_05-300x198.jpg.avif\"  class='mesmerize-gallery-1-image lazyload' alt=\"\" data-srcset=\"https:\/\/fotogasteiz.com\/blog\/wp-content\/smush-avif\/2021\/02\/DJimenez_Universos_Canal_05-300x198.jpg.avif 300w, https:\/\/fotogasteiz.com\/blog\/wp-content\/smush-avif\/2021\/02\/DJimenez_Universos_Canal_05-1024x677.jpg.avif 1024w, https:\/\/fotogasteiz.com\/blog\/wp-content\/smush-avif\/2021\/02\/DJimenez_Universos_Canal_05-768x508.jpg.avif 768w, https:\/\/fotogasteiz.com\/blog\/wp-content\/smush-avif\/2021\/02\/DJimenez_Universos_Canal_05-1536x1016.jpg.avif 1536w, https:\/\/fotogasteiz.com\/blog\/wp-content\/uploads\/2021\/02\/DJimenez_Universos_Canal_05.jpg 1633w\" data-sizes=\"(max-width: 300px) 100vw, 300px\" src=\"data:image\/svg+xml;base64,PHN2ZyB3aWR0aD0iMSIgaGVpZ2h0PSIxIiB4bWxucz0iaHR0cDovL3d3dy53My5vcmcvMjAwMC9zdmciPjwvc3ZnPg==\" style=\"--smush-placeholder-width: 300px; --smush-placeholder-aspect-ratio: 300\/198;\" \/><\/a>\n\t\t\t<\/dt><\/dl><dl class='gallery-item'>\n\t\t\t<dt class='gallery-icon landscape'>\n\t\t\t\t<a data-fancybox=\"mesmerize-gallery-1-group\" href='https:\/\/fotogasteiz.com\/blog\/wp-content\/uploads\/2021\/02\/DJimenez_Universos_Canal_04.jpg'><img decoding=\"async\"  width=\"300\" height=\"200\" data-src=\"https:\/\/fotogasteiz.com\/blog\/wp-content\/smush-avif\/2021\/02\/DJimenez_Universos_Canal_04-300x200.jpg.avif\"  class='mesmerize-gallery-1-image lazyload' alt=\"\" data-srcset=\"https:\/\/fotogasteiz.com\/blog\/wp-content\/smush-avif\/2021\/02\/DJimenez_Universos_Canal_04-300x200.jpg.avif 300w, https:\/\/fotogasteiz.com\/blog\/wp-content\/smush-avif\/2021\/02\/DJimenez_Universos_Canal_04-1024x683.jpg.avif 1024w, https:\/\/fotogasteiz.com\/blog\/wp-content\/smush-avif\/2021\/02\/DJimenez_Universos_Canal_04-768x512.jpg.avif 768w, https:\/\/fotogasteiz.com\/blog\/wp-content\/smush-avif\/2021\/02\/DJimenez_Universos_Canal_04-1536x1024.jpg.avif 1536w, https:\/\/fotogasteiz.com\/blog\/wp-content\/uploads\/2021\/02\/DJimenez_Universos_Canal_04.jpg 1620w\" data-sizes=\"(max-width: 300px) 100vw, 300px\" src=\"data:image\/svg+xml;base64,PHN2ZyB3aWR0aD0iMSIgaGVpZ2h0PSIxIiB4bWxucz0iaHR0cDovL3d3dy53My5vcmcvMjAwMC9zdmciPjwvc3ZnPg==\" style=\"--smush-placeholder-width: 300px; --smush-placeholder-aspect-ratio: 300\/200;\" \/><\/a>\n\t\t\t<\/dt><\/dl><dl class='gallery-item'>\n\t\t\t<dt class='gallery-icon landscape'>\n\t\t\t\t<a data-fancybox=\"mesmerize-gallery-1-group\" href='https:\/\/fotogasteiz.com\/blog\/wp-content\/uploads\/2021\/02\/DJimenez_Universos_Canal_03.jpg'><img decoding=\"async\"  width=\"300\" height=\"200\" data-src=\"https:\/\/fotogasteiz.com\/blog\/wp-content\/smush-avif\/2021\/02\/DJimenez_Universos_Canal_03-300x200.jpg.avif\"  class='mesmerize-gallery-1-image lazyload' alt=\"\" data-srcset=\"https:\/\/fotogasteiz.com\/blog\/wp-content\/smush-avif\/2021\/02\/DJimenez_Universos_Canal_03-300x200.jpg.avif 300w, https:\/\/fotogasteiz.com\/blog\/wp-content\/smush-avif\/2021\/02\/DJimenez_Universos_Canal_03-1024x683.jpg.avif 1024w, https:\/\/fotogasteiz.com\/blog\/wp-content\/smush-avif\/2021\/02\/DJimenez_Universos_Canal_03-768x512.jpg.avif 768w, https:\/\/fotogasteiz.com\/blog\/wp-content\/smush-avif\/2021\/02\/DJimenez_Universos_Canal_03-1536x1024.jpg.avif 1536w, https:\/\/fotogasteiz.com\/blog\/wp-content\/uploads\/2021\/02\/DJimenez_Universos_Canal_03.jpg 1620w\" data-sizes=\"(max-width: 300px) 100vw, 300px\" src=\"data:image\/svg+xml;base64,PHN2ZyB3aWR0aD0iMSIgaGVpZ2h0PSIxIiB4bWxucz0iaHR0cDovL3d3dy53My5vcmcvMjAwMC9zdmciPjwvc3ZnPg==\" style=\"--smush-placeholder-width: 300px; --smush-placeholder-aspect-ratio: 300\/200;\" \/><\/a>\n\t\t\t<\/dt><\/dl><dl class='gallery-item'>\n\t\t\t<dt class='gallery-icon landscape'>\n\t\t\t\t<a data-fancybox=\"mesmerize-gallery-1-group\" href='https:\/\/fotogasteiz.com\/blog\/wp-content\/uploads\/2021\/02\/DJimenez_Universos_Canal_02.jpg'><img decoding=\"async\"  width=\"300\" height=\"200\" data-src=\"https:\/\/fotogasteiz.com\/blog\/wp-content\/smush-avif\/2021\/02\/DJimenez_Universos_Canal_02-300x200.jpg.avif\"  class='mesmerize-gallery-1-image lazyload' alt=\"\" data-srcset=\"https:\/\/fotogasteiz.com\/blog\/wp-content\/smush-avif\/2021\/02\/DJimenez_Universos_Canal_02-300x200.jpg.avif 300w, https:\/\/fotogasteiz.com\/blog\/wp-content\/smush-avif\/2021\/02\/DJimenez_Universos_Canal_02-1024x683.jpg.avif 1024w, https:\/\/fotogasteiz.com\/blog\/wp-content\/smush-avif\/2021\/02\/DJimenez_Universos_Canal_02-768x512.jpg.avif 768w, https:\/\/fotogasteiz.com\/blog\/wp-content\/smush-avif\/2021\/02\/DJimenez_Universos_Canal_02-1536x1024.jpg.avif 1536w, https:\/\/fotogasteiz.com\/blog\/wp-content\/uploads\/2021\/02\/DJimenez_Universos_Canal_02.jpg 1620w\" data-sizes=\"(max-width: 300px) 100vw, 300px\" src=\"data:image\/svg+xml;base64,PHN2ZyB3aWR0aD0iMSIgaGVpZ2h0PSIxIiB4bWxucz0iaHR0cDovL3d3dy53My5vcmcvMjAwMC9zdmciPjwvc3ZnPg==\" style=\"--smush-placeholder-width: 300px; --smush-placeholder-aspect-ratio: 300\/200;\" \/><\/a>\n\t\t\t<\/dt><\/dl>\n\t\t<\/div>\n<script>(function($){window.MaterialisCaptionsGallery && window.MaterialisCaptionsGallery($('[data-unique-id=\"mesmerize-gallery-1-69f3c768d89a7\"]'))})(jQuery)<\/script><\/div><\/div><\/div> <\/div><\/div><div  data-label=\"Universos catalogo\" data-id=\"content--8\" data-export-id=\"content-8\" data-category=\"content\" class=\"content-8 content-section content-section-spacing\" id=\"universos-catalogo\" style=\"background-color: rgb(255, 51, 105); background-image: none;\"><div  class=\"gridContainer\"> <div  class=\"row middle-sm\"><div  class=\"col-sm-6 space-bottom-xs space-top-xs\" data-type=\"column\"> <a data-cp-link=\"1\" href=\"https:\/\/amzn.to\/37n9izP\" class=\"\" target=\"_blank\" rel=\"noopener\"><img decoding=\"async\"  class=\"shadow-large lazyload\" data-src=\"https:\/\/i0.wp.com\/fotogasteiz.com\/blog\/wp-content\/uploads\/2021\/02\/universos-libro-david-jiemenz.jpg?w=3840&amp;ssl=1\" title=\"universos libro david jiemenz\" alt=\"\" width=\"586\" height=\"760\" src=\"data:image\/svg+xml;base64,PHN2ZyB3aWR0aD0iMSIgaGVpZ2h0PSIxIiB4bWxucz0iaHR0cDovL3d3dy53My5vcmcvMjAwMC9zdmciPjwvc3ZnPg==\" style=\"--smush-placeholder-width: 586px; --smush-placeholder-aspect-ratio: 586\/760;\"><\/a><\/div> <div  class=\"col-sm-6\" data-type=\"column\"><p  class=\"lead\"><span  style=\"font-family: Muli, arial, helvetica, sans-serif; font-weight: 900; color: rgb(0, 0, 0);\">MEJOR LIBRO DE FOTOGRAF\u00cdA NACIONAL 2020<\/span><\/p><h2  class=\"\"><span  style=\"font-weight: 900; font-family: &quot;Playfair Display&quot;, arial, helvetica, sans-serif; color: rgb(255, 254, 254);\">\u2018Universos\u2019: cat\u00e1logo de la exposici\u00f3n<\/span><\/h2> <p  class=\"\"><span  style=\"font-family: Muli, arial, helvetica, sans-serif; color: rgb(0, 0, 0);\">En 2020, David Jim\u00e9nez ha cumplido 50 a\u00f1os y ha publicado \u2018Universos\u2019, con la obra de toda su carrera art\u00edstica, libro que ha sido premiado como el Mejor Fotolibro PhotoEspa\u00f1a 2020 en la categor\u00eda nacional.<\/span><\/p> <a class=\"button color-white dark-text\" href=\"https:\/\/amzn.to\/37n9izP\" target=\"_self\" data-cp-link=\"1\" data-icon=\"\" rel=\"noopener\">Comprar<\/a><\/div> <\/div><\/div> <\/div><div  data-label=\"X100\" data-id=\"content--6\" data-export-id=\"content-1\" data-category=\"content\" class=\"content-1 content-section content-section-spacing\" id=\"x100\" style=\"background-color: rgb(52, 58, 64); background-image: none;\"><div  class=\"gridContainer\"> <div  class=\"row middle-sm\"><div  class=\"col-sm-6\" data-type=\"column\"> <h2  class=\"\"><span  style=\"font-weight: 900; font-family: &quot;Playfair Display&quot;, arial, helvetica, sans-serif; color: rgb(255, 254, 254);\">David Jim\u00e9nez: \u2018Fot\u00f3grafo Fujifilm X100\u2019<\/span><\/h2> <p  class=\"\"><span  style=\"font-family: Muli, arial, helvetica, sans-serif; color: rgb(255, 254, 254);\">En esta entrevista concedida en 2020 a <a data-mce-href=\"https:\/\/amzn.to\/3s0fJAz\" href=\"https:\/\/amzn.to\/3s0fJAz\" target=\"_blank\" rel=\"noopener\" data-mce-selected=\"inline-boundary\" data-cp-link=\"1\" class=\"\">Fujifilm<\/a>, <span  style=\"font-weight: 900;\">David Jim\u00e9nez<\/span> hace un r\u00e1pido repaso a toda su carrera. Desde el inicio de su trabajo en formato digital, <span  style=\"font-weight: 900;\">David Jim\u00e9nez<\/span> fotograf\u00eda con una c\u00e1mara X100. Sigui\u00f3 con la X100S, despu\u00e9s con la X100T y ahora est\u00e1 probando la X100F.<\/span><\/p> <a class=\"button color5\" href=\"https:\/\/www.youtube.com\/watch?v=9xHzwQ3qoy0\" target=\"_blank\" data-cp-link=\"1\" data-icon=\"\" rel=\"noopener\">Ver v\u00eddeo<\/a><\/div> <div  class=\"col-sm-6 flexbox-strech center-xs middle-xs\"><div  class=\"lightbox-video lightbox-video-tall dark-overlay shadow-large flexbox middle-xs center-xs lazyload\" data-bg=\"image\" data-type=\"group\" style=\"background-image:inherit;\" data-bg-image=\"url(&quot;https:\/\/fotogasteiz.com\/blog\/wp-content\/uploads\/2021\/02\/B4hSLBVCAAEH_HA.jpg&quot;)\"> <a  data-fancybox=\"\" data-video-lightbox=\"true\" href=\"https:\/\/www.youtube.com\/watch?v=9xHzwQ3qoy0\" class=\"\"> <i  class=\"fa video-icon fa-play-circle-o color-white\" data-cp-fa=\"true\"><\/i><\/a> <\/div><\/div> <\/div><\/div> <\/div><div  data-label=\"About\" data-id=\"about--2\" data-export-id=\"about-image-text\" data-category=\"about\" class=\"about-image-text content-section content-section-spacing\" id=\"about-1\" style=\"background-color: rgb(255, 255, 255);\"><div  class=\"gridContainer\"> <div  class=\"row\"><div  class=\"col-sm-6 flexbox-strech center-xs middle-xs no-gutter-col\"> <div  class=\"shadow-large overlap-right-large flexbox middle-xs center-xs left-img lazyload\" data-bg=\"image\" style=\"background-image:inherit;\" data-bg-image=\"url(&quot;https:\/\/fotogasteiz.com\/blog\/wp-content\/uploads\/2021\/02\/cropped-Captura-de-pantalla-2021-02-15-a-las-11.44.29.png&quot;)\"><\/div><\/div> <div  class=\"col-sm-6 space-bottom-xs col-padding-small-xs col-sm-padding-large bg-color5 white-text content-col\" data-type=\"column\"><h5  class=\"\">ENTREVISTA \u00daNICA<\/h5> <h2  class=\"\"><span  style=\"font-family: &quot;Playfair Display&quot;, arial, helvetica, sans-serif;\">David Jim\u00e9nez en La Terc3ra \n<br >de Fotokalea<\/span><\/h2> <p  class=\"\">El 15 de febrero de 2021, David Jim\u00e9nez ofreci\u00f3 una videoentrevista en directo a Gustavo Bravo en \u2018La Tercera de FotoKalea\u2019 en la que, durante m\u00e1s de dos horas y de manera distendida, comparti\u00f3 las claves de su obra de los \u00faltimos 25 a\u00f1os.<\/p><a class=\"button color1\" href=\"https:\/\/fotokalea.com\" target=\"_blank\" data-cp-link=\"1\" data-icon=\"\" rel=\"noopener\">\u00a1ME INTERESA!<\/a><\/div> <\/div><\/div> <\/div>","protected":false},"excerpt":{"rendered":"<p>Vida \u2013 Obra \u2013 Biograf\u00eda\ufeffGRANDES FOT\u00d3GRAFOS Y FOT\u00d3GRAFAS David Jim\u00e9nez David Jim\u00e9nez (1970) es un artista espa\u00f1ol pionero del nuevo fotolibro en Espa\u00f1a. Considerado un poeta de la imagen fotogr\u00e1fica que ha inspirado a una nueva generaci\u00f3n de artistas, su representaci\u00f3n on\u00edrica de la realidad lleva al lector de su fotograf\u00eda a so\u00f1ar con los&hellip; <br \/> <a class=\"read-more\" href=\"https:\/\/fotogasteiz.com\/blog\/fotografos\/david-jimenez-fotografo-vida-obra-biografia\/\">Read more<\/a><\/p>\n","protected":false},"author":1,"featured_media":13668,"parent":1689,"menu_order":0,"comment_status":"closed","ping_status":"closed","template":"pro\/page-templates\/full-width-page.php","meta":{"footnotes":""},"class_list":["post-13664","page","type-page","status-publish","has-post-thumbnail","hentry"],"yoast_head":"<!-- This site is optimized with the Yoast SEO Premium plugin v22.5 (Yoast SEO v27.5) - https:\/\/yoast.com\/product\/yoast-seo-premium-wordpress\/ -->\n<title>David Jim\u00e9nez (fot\u00f3grafo) - Profesor de fotograf\u00eda<\/title>\n<meta name=\"description\" content=\"David Jim\u00e9nez es un fotografo espa\u00f1ol pionero del nuevo fotolibro en Espa\u00f1a. Considerado un poeta de la imagen fotogr\u00e1fica que ha inspirado a una nueva generaci\u00f3n de artistas, su representaci\u00f3n on\u00edrica de la realidad lleva al lector de su fotograf\u00eda a so\u00f1ar con los ojos abiertos.\" \/>\n<meta name=\"robots\" content=\"index, follow, max-snippet:-1, max-image-preview:large, max-video-preview:-1\" \/>\n<link rel=\"canonical\" href=\"https:\/\/fotogasteiz.com\/blog\/fotografos\/david-jimenez-fotografo-vida-obra-biografia\/\" \/>\n<meta property=\"og:locale\" content=\"es_ES\" \/>\n<meta property=\"og:type\" content=\"article\" \/>\n<meta property=\"og:title\" content=\"David Jim\u00e9nez (fot\u00f3grafo)\" \/>\n<meta property=\"og:description\" content=\"David Jim\u00e9nez es un fotografo espa\u00f1ol pionero del nuevo fotolibro en Espa\u00f1a. Considerado un poeta de la imagen fotogr\u00e1fica que ha inspirado a una nueva generaci\u00f3n de artistas, su representaci\u00f3n on\u00edrica de la realidad lleva al lector de su fotograf\u00eda a so\u00f1ar con los ojos abiertos.\" \/>\n<meta property=\"og:url\" content=\"https:\/\/fotogasteiz.com\/blog\/fotografos\/david-jimenez-fotografo-vida-obra-biografia\/\" \/>\n<meta property=\"og:site_name\" content=\"Profesor de fotograf\u00eda\" \/>\n<meta property=\"article:modified_time\" content=\"2021-02-18T15:19:55+00:00\" \/>\n<meta property=\"og:image\" content=\"https:\/\/i0.wp.com\/fotogasteiz.com\/blog\/wp-content\/uploads\/2021\/02\/taller_jimenez2-1.jpeg?fit=1024%2C999&ssl=1\" \/>\n\t<meta property=\"og:image:width\" content=\"1024\" \/>\n\t<meta property=\"og:image:height\" content=\"999\" \/>\n\t<meta property=\"og:image:type\" content=\"image\/jpeg\" \/>\n<meta name=\"twitter:card\" content=\"summary_large_image\" \/>\n<meta name=\"twitter:label1\" content=\"Tiempo de lectura\" \/>\n\t<meta name=\"twitter:data1\" content=\"9 minutos\" \/>\n<script type=\"application\/ld+json\" class=\"yoast-schema-graph\">{\"@context\":\"https:\\\/\\\/schema.org\",\"@graph\":[{\"@type\":\"WebPage\",\"@id\":\"https:\\\/\\\/fotogasteiz.com\\\/blog\\\/fotografos\\\/david-jimenez-fotografo-vida-obra-biografia\\\/\",\"url\":\"https:\\\/\\\/fotogasteiz.com\\\/blog\\\/fotografos\\\/david-jimenez-fotografo-vida-obra-biografia\\\/\",\"name\":\"David Jim\u00e9nez (fot\u00f3grafo) - Profesor de fotograf\u00eda\",\"isPartOf\":{\"@id\":\"https:\\\/\\\/fotogasteiz.com\\\/blog\\\/#website\"},\"primaryImageOfPage\":{\"@id\":\"https:\\\/\\\/fotogasteiz.com\\\/blog\\\/fotografos\\\/david-jimenez-fotografo-vida-obra-biografia\\\/#primaryimage\"},\"image\":{\"@id\":\"https:\\\/\\\/fotogasteiz.com\\\/blog\\\/fotografos\\\/david-jimenez-fotografo-vida-obra-biografia\\\/#primaryimage\"},\"thumbnailUrl\":\"https:\\\/\\\/fotogasteiz.com\\\/blog\\\/wp-content\\\/uploads\\\/2021\\\/02\\\/taller_jimenez2-1.jpeg\",\"datePublished\":\"2021-02-17T12:01:32+00:00\",\"dateModified\":\"2021-02-18T15:19:55+00:00\",\"description\":\"David Jim\u00e9nez es un fotografo espa\u00f1ol pionero del nuevo fotolibro en Espa\u00f1a. Considerado un poeta de la imagen fotogr\u00e1fica que ha inspirado a una nueva generaci\u00f3n de artistas, su representaci\u00f3n on\u00edrica de la realidad lleva al lector de su fotograf\u00eda a so\u00f1ar con los ojos abiertos.\",\"breadcrumb\":{\"@id\":\"https:\\\/\\\/fotogasteiz.com\\\/blog\\\/fotografos\\\/david-jimenez-fotografo-vida-obra-biografia\\\/#breadcrumb\"},\"inLanguage\":\"es\",\"potentialAction\":[{\"@type\":\"ReadAction\",\"target\":[\"https:\\\/\\\/fotogasteiz.com\\\/blog\\\/fotografos\\\/david-jimenez-fotografo-vida-obra-biografia\\\/\"]}]},{\"@type\":\"ImageObject\",\"inLanguage\":\"es\",\"@id\":\"https:\\\/\\\/fotogasteiz.com\\\/blog\\\/fotografos\\\/david-jimenez-fotografo-vida-obra-biografia\\\/#primaryimage\",\"url\":\"https:\\\/\\\/fotogasteiz.com\\\/blog\\\/wp-content\\\/uploads\\\/2021\\\/02\\\/taller_jimenez2-1.jpeg\",\"contentUrl\":\"https:\\\/\\\/fotogasteiz.com\\\/blog\\\/wp-content\\\/uploads\\\/2021\\\/02\\\/taller_jimenez2-1.jpeg\",\"width\":1024,\"height\":999},{\"@type\":\"BreadcrumbList\",\"@id\":\"https:\\\/\\\/fotogasteiz.com\\\/blog\\\/fotografos\\\/david-jimenez-fotografo-vida-obra-biografia\\\/#breadcrumb\",\"itemListElement\":[{\"@type\":\"ListItem\",\"position\":1,\"name\":\"Portada\",\"item\":\"https:\\\/\\\/fotogasteiz.com\\\/blog\\\/\"},{\"@type\":\"ListItem\",\"position\":2,\"name\":\"Fot\u00f3grafos y fot\u00f3grafas (biograf\u00edas)\",\"item\":\"https:\\\/\\\/fotogasteiz.com\\\/blog\\\/fotografos\\\/\"},{\"@type\":\"ListItem\",\"position\":3,\"name\":\"David Jim\u00e9nez (fot\u00f3grafo)\"}]},{\"@type\":\"WebSite\",\"@id\":\"https:\\\/\\\/fotogasteiz.com\\\/blog\\\/#website\",\"url\":\"https:\\\/\\\/fotogasteiz.com\\\/blog\\\/\",\"name\":\"Profesor de fotograf\u00eda\",\"description\":\"por Gustavo Bravo\",\"potentialAction\":[{\"@type\":\"SearchAction\",\"target\":{\"@type\":\"EntryPoint\",\"urlTemplate\":\"https:\\\/\\\/fotogasteiz.com\\\/blog\\\/?s={search_term_string}\"},\"query-input\":{\"@type\":\"PropertyValueSpecification\",\"valueRequired\":true,\"valueName\":\"search_term_string\"}}],\"inLanguage\":\"es\"}]}<\/script>\n<!-- \/ Yoast SEO Premium plugin. -->","yoast_head_json":{"title":"David Jim\u00e9nez (fot\u00f3grafo) - Profesor de fotograf\u00eda","description":"David Jim\u00e9nez es un fotografo espa\u00f1ol pionero del nuevo fotolibro en Espa\u00f1a. Considerado un poeta de la imagen fotogr\u00e1fica que ha inspirado a una nueva generaci\u00f3n de artistas, su representaci\u00f3n on\u00edrica de la realidad lleva al lector de su fotograf\u00eda a so\u00f1ar con los ojos abiertos.","robots":{"index":"index","follow":"follow","max-snippet":"max-snippet:-1","max-image-preview":"max-image-preview:large","max-video-preview":"max-video-preview:-1"},"canonical":"https:\/\/fotogasteiz.com\/blog\/fotografos\/david-jimenez-fotografo-vida-obra-biografia\/","og_locale":"es_ES","og_type":"article","og_title":"David Jim\u00e9nez (fot\u00f3grafo)","og_description":"David Jim\u00e9nez es un fotografo espa\u00f1ol pionero del nuevo fotolibro en Espa\u00f1a. Considerado un poeta de la imagen fotogr\u00e1fica que ha inspirado a una nueva generaci\u00f3n de artistas, su representaci\u00f3n on\u00edrica de la realidad lleva al lector de su fotograf\u00eda a so\u00f1ar con los ojos abiertos.","og_url":"https:\/\/fotogasteiz.com\/blog\/fotografos\/david-jimenez-fotografo-vida-obra-biografia\/","og_site_name":"Profesor de fotograf\u00eda","article_modified_time":"2021-02-18T15:19:55+00:00","og_image":[{"width":1024,"height":999,"url":"https:\/\/i0.wp.com\/fotogasteiz.com\/blog\/wp-content\/uploads\/2021\/02\/taller_jimenez2-1.jpeg?fit=1024%2C999&ssl=1","type":"image\/jpeg"}],"twitter_card":"summary_large_image","twitter_misc":{"Tiempo de lectura":"9 minutos"},"schema":{"@context":"https:\/\/schema.org","@graph":[{"@type":"WebPage","@id":"https:\/\/fotogasteiz.com\/blog\/fotografos\/david-jimenez-fotografo-vida-obra-biografia\/","url":"https:\/\/fotogasteiz.com\/blog\/fotografos\/david-jimenez-fotografo-vida-obra-biografia\/","name":"David Jim\u00e9nez (fot\u00f3grafo) - Profesor de fotograf\u00eda","isPartOf":{"@id":"https:\/\/fotogasteiz.com\/blog\/#website"},"primaryImageOfPage":{"@id":"https:\/\/fotogasteiz.com\/blog\/fotografos\/david-jimenez-fotografo-vida-obra-biografia\/#primaryimage"},"image":{"@id":"https:\/\/fotogasteiz.com\/blog\/fotografos\/david-jimenez-fotografo-vida-obra-biografia\/#primaryimage"},"thumbnailUrl":"https:\/\/fotogasteiz.com\/blog\/wp-content\/uploads\/2021\/02\/taller_jimenez2-1.jpeg","datePublished":"2021-02-17T12:01:32+00:00","dateModified":"2021-02-18T15:19:55+00:00","description":"David Jim\u00e9nez es un fotografo espa\u00f1ol pionero del nuevo fotolibro en Espa\u00f1a. Considerado un poeta de la imagen fotogr\u00e1fica que ha inspirado a una nueva generaci\u00f3n de artistas, su representaci\u00f3n on\u00edrica de la realidad lleva al lector de su fotograf\u00eda a so\u00f1ar con los ojos abiertos.","breadcrumb":{"@id":"https:\/\/fotogasteiz.com\/blog\/fotografos\/david-jimenez-fotografo-vida-obra-biografia\/#breadcrumb"},"inLanguage":"es","potentialAction":[{"@type":"ReadAction","target":["https:\/\/fotogasteiz.com\/blog\/fotografos\/david-jimenez-fotografo-vida-obra-biografia\/"]}]},{"@type":"ImageObject","inLanguage":"es","@id":"https:\/\/fotogasteiz.com\/blog\/fotografos\/david-jimenez-fotografo-vida-obra-biografia\/#primaryimage","url":"https:\/\/fotogasteiz.com\/blog\/wp-content\/uploads\/2021\/02\/taller_jimenez2-1.jpeg","contentUrl":"https:\/\/fotogasteiz.com\/blog\/wp-content\/uploads\/2021\/02\/taller_jimenez2-1.jpeg","width":1024,"height":999},{"@type":"BreadcrumbList","@id":"https:\/\/fotogasteiz.com\/blog\/fotografos\/david-jimenez-fotografo-vida-obra-biografia\/#breadcrumb","itemListElement":[{"@type":"ListItem","position":1,"name":"Portada","item":"https:\/\/fotogasteiz.com\/blog\/"},{"@type":"ListItem","position":2,"name":"Fot\u00f3grafos y fot\u00f3grafas (biograf\u00edas)","item":"https:\/\/fotogasteiz.com\/blog\/fotografos\/"},{"@type":"ListItem","position":3,"name":"David Jim\u00e9nez (fot\u00f3grafo)"}]},{"@type":"WebSite","@id":"https:\/\/fotogasteiz.com\/blog\/#website","url":"https:\/\/fotogasteiz.com\/blog\/","name":"Profesor de fotograf\u00eda","description":"por Gustavo Bravo","potentialAction":[{"@type":"SearchAction","target":{"@type":"EntryPoint","urlTemplate":"https:\/\/fotogasteiz.com\/blog\/?s={search_term_string}"},"query-input":{"@type":"PropertyValueSpecification","valueRequired":true,"valueName":"search_term_string"}}],"inLanguage":"es"}]}},"_links":{"self":[{"href":"https:\/\/fotogasteiz.com\/blog\/wp-json\/wp\/v2\/pages\/13664","targetHints":{"allow":["GET"]}}],"collection":[{"href":"https:\/\/fotogasteiz.com\/blog\/wp-json\/wp\/v2\/pages"}],"about":[{"href":"https:\/\/fotogasteiz.com\/blog\/wp-json\/wp\/v2\/types\/page"}],"author":[{"embeddable":true,"href":"https:\/\/fotogasteiz.com\/blog\/wp-json\/wp\/v2\/users\/1"}],"replies":[{"embeddable":true,"href":"https:\/\/fotogasteiz.com\/blog\/wp-json\/wp\/v2\/comments?post=13664"}],"version-history":[{"count":24,"href":"https:\/\/fotogasteiz.com\/blog\/wp-json\/wp\/v2\/pages\/13664\/revisions"}],"predecessor-version":[{"id":13780,"href":"https:\/\/fotogasteiz.com\/blog\/wp-json\/wp\/v2\/pages\/13664\/revisions\/13780"}],"up":[{"embeddable":true,"href":"https:\/\/fotogasteiz.com\/blog\/wp-json\/wp\/v2\/pages\/1689"}],"wp:featuredmedia":[{"embeddable":true,"href":"https:\/\/fotogasteiz.com\/blog\/wp-json\/wp\/v2\/media\/13668"}],"wp:attachment":[{"href":"https:\/\/fotogasteiz.com\/blog\/wp-json\/wp\/v2\/media?parent=13664"}],"curies":[{"name":"wp","href":"https:\/\/api.w.org\/{rel}","templated":true}]}}