{"id":14503,"date":"2021-04-02T09:16:17","date_gmt":"2021-04-02T09:16:17","guid":{"rendered":"https:\/\/fotogasteiz.com\/blog\/?page_id=14503"},"modified":"2021-04-10T11:06:21","modified_gmt":"2021-04-10T11:06:21","slug":"samuel-fosso-vida-obra-biografia","status":"publish","type":"page","link":"https:\/\/fotogasteiz.com\/blog\/fotografos\/samuel-fosso-vida-obra-biografia\/","title":{"rendered":"Samuel Fosso"},"content":{"rendered":"<div  data-label=\"intro\" data-id=\"about--1\" data-export-id=\"about-10\" data-category=\"about\" class=\"about-10 content-section content-section-spacing\" id=\"intro\" style=\"background-color: rgb(255, 255, 255);\"><div  class=\"gridContainer\"> <div  class=\"row middle-sm text-center\"><div  class=\"col-sm-5 space-bottom-xs content-column\" data-type=\"column\"> <h5  class=\"\"><span  style=\"color: rgb(255, 152, 0);\">VIDA \u2013 OBRA \u2013 BIOGRAFIA<\/span><\/h5> <p  class=\"lead\">GRANDES FOT\u00d3GRAFOS Y FOT\u00d3GRAFAS<\/p><h2  class=\"\"><span  style=\"font-family: &quot;Playfair Display&quot;, arial, helvetica, sans-serif; color: rgb(0, 0, 0);\">Samuel Fosso<\/span><\/h2> <p  class=\"\"><span  style=\"font-family: Muli, arial, helvetica, sans-serif; color: rgb(52, 58, 64);\"><span  style=\"font-weight: 900;\">Samuel Fosso<\/span> es uno de los artistas contempor\u00e1neos m\u00e1s importantes de \u00c1frica, que utiliza el autorretrato para contar la Historia del \u00c1frica negra.\n<\/span><br ><br ><span  style=\"font-family: Muli, arial, helvetica, sans-serif; color: rgb(52, 58, 64);\">\nExperimenta a trav\u00e9s de la fotograf\u00eda de autorretrato los roles y arquetipos del continente africano con toques de iron\u00eda y humor.\n<\/span><br ><br ><span  style=\"font-family: Muli, arial, helvetica, sans-serif; color: rgb(52, 58, 64);\">\nSe viste, se disfraza, se maquilla, se transforma para reflejar dramas de identidad, exilio, migraci\u00f3n, religi\u00f3n, colonialismo\u2026 y se fotograf\u00eda. Pero cuando se mira al espejo, se ve a s\u00ed mismo.\n<\/span><br ><br ><span  style=\"font-family: Muli, arial, helvetica, sans-serif; color: rgb(52, 58, 64); font-style: italic;\">\n\u201cEl autorretrato me facilita contar la Historia\u00bb<\/span><br ><br ><span  style=\"font-family: Muli, arial, helvetica, sans-serif; color: rgb(52, 58, 64); font-style: italic;\">\n\u00abPara contar una historia de alguien me tengo que vestir como \u00e9l, identificarme y sentirme como \u00e9l se sentir\u00eda\u00bb<\/span><\/p> <p  class=\"\"><span  style=\"font-weight: 700; font-style: italic; color: rgb(255, 51, 105);\">\u00daltima actualizaci\u00f3n: abril 2021<\/span><\/p><\/div> <div  class=\"col-sm-7 flexbox middle-xs center-xs space-bottom-xs\"><div  class=\"overlay-box middle-xs center-xs flexbox\"> <div  class=\"overlay-box-offset offset-border shadow-medium border-color1 hide-xs\"><\/div> <img decoding=\"async\"  class=\"shadow-large lazyload\" data-size=\"485x705\" data-src=\"https:\/\/i1.wp.com\/fotogasteiz.com\/blog\/wp-content\/uploads\/2021\/03\/samuel-fosso-autorretrato-3.jpeg?w=3840&amp;ssl=1\" title=\"samuel fosso autorretrato 3\" alt=\"\" width=\"485\" height=\"653\" src=\"data:image\/svg+xml;base64,PHN2ZyB3aWR0aD0iMSIgaGVpZ2h0PSIxIiB4bWxucz0iaHR0cDovL3d3dy53My5vcmcvMjAwMC9zdmciPjwvc3ZnPg==\" style=\"--smush-placeholder-width: 485px; --smush-placeholder-aspect-ratio: 485\/653;\"><\/div> <\/div><\/div> <\/div><\/div><div  data-label=\"Cta\" data-id=\"cta--1\" data-export-id=\"cta-centered-section-grid\" data-category=\"cta\" class=\"cta-centered-section-grid content-section content-section-spacing-medium bg-color1 white-text\" id=\"cta-1\" style=\"background-image: none; background-color: rgb(255, 152, 0);\"><div  class=\"gridContainer\"> <div  class=\"row text-center\"><div  class=\"col-xs-12 col-sm-10 col-sm-offset-1 col-md-8 col-md-offset-2\" data-type=\"column\"> <h2  class=\"\"><span  style=\"font-family: &quot;Playfair Display&quot;, arial, helvetica, sans-serif;\">\u00abEl poder del autorretrato es muy grande. La diferencia entre los que se hacen selfies y yo est\u00e1 en que aquellos se muestran pero no se explican a s\u00ed mismos lo que son. Conservan sus secretos pretendiendo que son ellos; yo no soy as\u00ed, cuento lo que veo\u201d<\/span><\/h2> <p  class=\"\">\u2013 Samuel Fosso<\/p> <\/div> <\/div><\/div> <\/div><div  data-label=\"primeros anos\" data-id=\"content--1\" data-export-id=\"content-8\" data-category=\"content\" class=\"content-8 content-section content-section-spacing content-relative\" id=\"primeros-anos\" style=\"background-color: rgb(245, 250, 253); background-image: none;\"><div  class=\"section-separator-top\">\n    <svg  xmlns=\"http:\/\/www.w3.org\/2000\/svg\" preserveAspectRatio=\"none\" viewBox=\"0 0 1000 100\" data-separator-name=\"tilt-flipped\" class=\"section-separator-top\">\n  <path  id=\"path2\" d=\"M 1000,0 H 0 v 100 z\" class=\"svg-white-bg\"><\/path>\n<\/svg>\n<\/div><div  class=\"gridContainer\"> <div  class=\"row middle-sm\"><div  class=\"col-sm-6 space-bottom-xs space-top-xs\" data-type=\"column\"> <img decoding=\"async\"  class=\"shadow-large lazyload\" data-src=\"https:\/\/i0.wp.com\/fotogasteiz.com\/blog\/wp-content\/uploads\/2021\/04\/samuel-fosso.jpeg?w=3840&amp;ssl=1\" title=\"samuel fosso\" alt=\"\" data-recalc-dims=\"1\" src=\"data:image\/svg+xml;base64,PHN2ZyB3aWR0aD0iMSIgaGVpZ2h0PSIxIiB4bWxucz0iaHR0cDovL3d3dy53My5vcmcvMjAwMC9zdmciPjwvc3ZnPg==\"><p  class=\"\"><span  style=\"font-family: Muli, arial, helvetica, sans-serif; color: rgb(52, 58, 64);\">Autorretrato de Samuel Fosso<\/span><\/p><img decoding=\"async\"  class=\"custom-image lazyload\" data-src=\"https:\/\/i1.wp.com\/fotogasteiz.com\/blog\/wp-content\/uploads\/2021\/04\/samuel-fosso-autoportrait-1975-78-10.jpeg?w=3840&amp;ssl=1\" title=\"samuel-fosso-autoportrait-1975-78-10\" alt=\"\" data-recalc-dims=\"1\" src=\"data:image\/svg+xml;base64,PHN2ZyB3aWR0aD0iMSIgaGVpZ2h0PSIxIiB4bWxucz0iaHR0cDovL3d3dy53My5vcmcvMjAwMC9zdmciPjwvc3ZnPg==\"><p  class=\"\"><span  style=\"font-family: Muli, arial, helvetica, sans-serif; color: rgb(52, 58, 64);\">Autorretrato de Samuel Fosso<\/span><\/p><\/div> <div  class=\"col-sm-6\" data-type=\"column\"><p  class=\"lead\"><span  style=\"font-family: Muli, arial, helvetica, sans-serif; font-weight: 900; color: rgb(255, 152, 0);\">PRIMEROS A\u00d1OS<\/span><\/p><h2  class=\"\"><span  style=\"font-family: &quot;Playfair Display&quot;, arial, helvetica, sans-serif; color: rgb(0, 0, 0);\">Biograf\u00eda de Samuel Fosso<\/span><\/h2> <p  class=\"\"><span  style=\"font-family: Muli, arial, helvetica, sans-serif; color: rgb(52, 58, 64);\"><span  style=\"font-weight: 900;\">Samuel Fosso<\/span> naci\u00f3 en Kumba, Camer\u00fan, en 1962.\n<\/span><br ><br ><span  style=\"font-family: Muli, arial, helvetica, sans-serif; color: rgb(52, 58, 64);\">\nPas\u00f3 la mayor parte de su infancia en el sureste de Nigeria formando parte de la tribu de los igbo, una de las tribus m\u00e1s grandes e influyentes de \u00c1frica, conocida por su labor de comerciantes, que cuenta con alrededor de 40 millones de miembros.\n<\/span><br ><br ><span  style=\"font-family: Muli, arial, helvetica, sans-serif; color: rgb(52, 58, 64);\">\n\u00c9l cuenta que fue paral\u00edtico hasta los tres a\u00f1os, cuando cay\u00f3 desde un tejado a los brazos de su abuelo, curandero y jefe de su aldea.\n<\/span><br ><br ><span  style=\"font-family: Muli, arial, helvetica, sans-serif; color: rgb(52, 58, 64);\"><span  style=\"font-style: italic;\">\n\u201cNac\u00ed paralizado y la medicina occidental no me pod\u00eda curar. Para los africanos la enfermedad puede venir del cielo o del hombre. Si proviene de Dios es imposible curarla, pero mi abuelo parti\u00f3 de la premisa que ven\u00eda del hombre\u201d.<\/span>\n<\/span><br ><span  style=\"font-family: Muli, arial, helvetica, sans-serif; color: rgb(52, 58, 64);\">\nEn agradecimiento a su abuelo, que le san\u00f3 y gracias al cual pudo andar, realizar\u00eda en 2003 el proyecto fotogr\u00e1fico \u2018Le reve de mon grandpere\u2019, en el que se representa como un jefe sanador. Pero no vayamos tan a prisa.\n<\/span><br ><br ><span  style=\"font-family: Muli, arial, helvetica, sans-serif; color: rgb(52, 58, 64);\">\nEn 1967, cuando ten\u00eda cinco a\u00f1os, estall\u00f3 la guerra civil de Biafra en Nigeria y comenz\u00f3 su vida como refugiado, vagando de un lado a otro con sus padres, que perdieron la vida, dej\u00e1ndole hu\u00e9rfano tan peque\u00f1o.\n<\/span><br ><br ><span  style=\"font-family: Muli, arial, helvetica, sans-serif; color: rgb(52, 58, 64);\">\nEn 1972, con 10 a\u00f1os, el peque\u00f1o refugiado se mud\u00f3 a Bangui, capital de la Rep\u00fablica Centroafricana, para trabajar en la f\u00e1brica de zapatos de su t\u00edo, dejando a su abuela en Nigeria.\n<\/span><br ><br ><span  style=\"font-family: Muli, arial, helvetica, sans-serif; color: rgb(52, 58, 64);\">\nSe interes\u00f3 por la fotograf\u00eda y dej\u00f3 la f\u00e1brica para ser aprendiz de fot\u00f3grafo y, una vez aprendido el oficio, abri\u00f3 su propio estudio de fotograf\u00eda en Bangui. Era 1975 y \u00e9l ten\u00eda s\u00f3lo 13 a\u00f1os. Retrataba a los ciudadanos de Bangui en su mejor momento, coloc\u00e1ndoles tras de s\u00ed fondos muy elaborados y bonitos atuendos.\n<\/span><br ><br ><span  style=\"font-family: Muli, arial, helvetica, sans-serif; color: rgb(52, 58, 64); font-style: italic;\">\n\u201cLa fotograf\u00eda me cautiv\u00f3 porque es un trabajo que me result\u00f3 f\u00e1cil. Tambi\u00e9n me serv\u00eda para enviar im\u00e1genes m\u00edas a mi abuela, para que supiera que estaba vivo\u201d.\n<\/span><br ><br ><span  style=\"font-family: Muli, arial, helvetica, sans-serif; color: rgb(52, 58, 64);\">\nTras fotografiar a sus clientes (hac\u00eda fotos de pasaporte, de bautizo, de boda\u2026), con las fotos que sobraban en el carrete, experimentaba autorretrat\u00e1ndose y le enviaba aquellas fotos a su abuela, que segu\u00eda en Nigeria, para que supiera que segu\u00eda vivo.\n<\/span><br ><br ><span  style=\"font-family: Muli, arial, helvetica, sans-serif; color: rgb(52, 58, 64);\">\nLe maravillaba su propia transformaci\u00f3n y el cambio de su cuerpo de ni\u00f1o a adolescente. Tambi\u00e9n el cambio de su aspecto, al vestir ropa occidental: camisas ajustadas, pantalones de campana, botas de plataforma\u2026 Le gustaba fotografiarse imitando las portadas de los discos que se publicaban en la \u00e9poca, como los del m\u00fasico nigeriano Prince Nico Mbarga. \u00a1Se gustaba a s\u00ed mismo!\n<\/span><br ><br ><span  style=\"font-family: Muli, arial, helvetica, sans-serif; color: rgb(52, 58, 64);\">\n\u00ab\u00bfQuieres alcanzar el cielo, chico?\u00bb, le dijo un cura al verle as\u00ed vestido. \u00ab\u00a1Pareces un astronauta!\u00bb.<\/span><\/p> <\/div> <\/div><\/div> <\/div><div  data-label=\"autorretratos\" data-id=\"content--2\" data-export-id=\"content-7\" data-category=\"content\" class=\"content-7 content-section content-section-spacing\" id=\"autorretratos\" style=\"background-color: rgb(245, 250, 253);\"><div  class=\"gridContainer\"> <div  class=\"row middle-sm\"><div  class=\"col-sm-6 space-bottom-xs\" data-type=\"column\"> <p  class=\"lead\"><span  style=\"font-family: Muli, arial, helvetica, sans-serif; color: rgb(255, 152, 0); font-weight: 900;\">BIOGRAF\u00cdA DE SAMUEL FOSSO<\/span><\/p><h2  class=\"\"><span  style=\"font-family: &quot;Playfair Display&quot;, arial, helvetica, sans-serif; color: rgb(0, 0, 0);\">Los autorretratos de Fosso<\/span><\/h2> <p  class=\"\"><span  style=\"font-style: italic; font-family: Muli, arial, helvetica, sans-serif; color: rgb(60, 66, 79);\">\u201cNo me di cuenta de que mis fotograf\u00edas eran arte hasta que, en 1994 en Les Rencontres de la photographie africaine en Bamako, obtuve el primer premio\u201d<\/span><br ><br ><span  style=\"font-family: Muli, arial, helvetica, sans-serif; color: rgb(60, 66, 79);\">\nHasta 1994, con 32 a\u00f1os, sigui\u00f3 siendo un fot\u00f3grafo currante y an\u00f3nimo, pero ese a\u00f1o el fot\u00f3grafo franc\u00e9s <span  style=\"font-weight: 900;\">Bernard Deschamps<\/span> descubri\u00f3 su trabajo mientras organizaba una exposici\u00f3n de fotograf\u00eda africana \u00a1y le hizo famoso\n<\/span><br ><span  style=\"font-family: Muli, arial, helvetica, sans-serif; color: rgb(60, 66, 79);\">\nEn 1997, con 35 a\u00f1os, ya trabajaba para una cadena francesa de grandes almanecenes. Aquellas fotos (en color) las titul\u00f3 \u2018TATI\u2019: aparec\u00eda disfrazado de proxeneta, pirata, golfista, jefe africano\u2026 Le encantaba jugar con los roles de g\u00e9nero y belleza.\n<\/span><br ><br ><span  style=\"font-family: Muli, arial, helvetica, sans-serif; color: rgb(60, 66, 79);\">\nPero el paso al color de la \u00e9poca no le hizo abandonar el blanco y negro, que usaba cuando fotografiaba asuntos m\u00e1s serios, como hizo en la serie \u2018Memoire d\u2019un ami&#8217; (2000), para hablar del miedo y la vulnerabilidad a ra\u00edz de que un agente de polic\u00eda asesinara a un amigo suyo en las puertas de su estudio de foto.\n<\/span><br ><br ><span  style=\"font-family: Muli, arial, helvetica, sans-serif; color: rgb(60, 66, 79);\">\nEn 2014, durante la guerra de la Rep\u00fablica Centroafricana, su estudio fue saqueado. Sus archivos fueron los \u00fanicos objetos de valor que se salvaron. Fueron descubiertos entre el caos del saqueo, por los fot\u00f3grafos Jerome Delay y Marcus Bleasdale.\n<\/span><br ><br ><span  style=\"font-family: Muli, arial, helvetica, sans-serif; color: rgb(60, 66, 79);\">\nSu serie \u2018African Spirits\u2019 es una colecci\u00f3n de 14 autorretratos en los que reinterpreta iconos de monumentos culturales del movimiento de derechos civiles estadounidense y los estados africanos independientes.<\/span><br ><span  style=\"font-family: Muli, arial, helvetica, sans-serif; color: rgb(60, 66, 79);\">\nEn su serie \u2018El papa negro\u2019 (2018) refleja la identidad cambiante, la colonializaci\u00f3n, la pertenencia, el exilio y la migraci\u00f3n.\n<\/span><br ><br ><span  style=\"font-family: Muli, arial, helvetica, sans-serif; color: rgb(60, 66, 79);\">\nEn 2018, a los 56 a\u00f1os, Fosso ha recibido el Premio PHotoESPA\u00d1A en su vig\u00e9sima edici\u00f3n, que destaca \u201csu aproximaci\u00f3n experimental a la fotograf\u00eda y su personal uso del autorretrato como herramienta para denunciar los grandes problemas del continente africano\u201d.\n<\/span><br ><br ><span  style=\"font-family: Muli, arial, helvetica, sans-serif; color: rgb(60, 66, 79);\">\nFosso es reconocido como uno de los artistas contempor\u00e1neos m\u00e1s importantes de \u00c1frica.\n<\/span><br ><br ><span  style=\"font-family: Muli, arial, helvetica, sans-serif; color: rgb(60, 66, 79);\">\nContin\u00faa viviendo y trabajando en Bangui.\n<\/span><br ><br ><span  style=\"font-family: Muli, arial, helvetica, sans-serif; color: rgb(60, 66, 79);\">\nNo se considera un activista.<\/span><\/p> <\/div> <div  class=\"col-sm-6\" data-type=\"column\"> <img decoding=\"async\"  class=\"shadow-large lazyload\" data-src=\"https:\/\/i0.wp.com\/fotogasteiz.com\/blog\/wp-content\/uploads\/2021\/03\/samuel-fosso-autorretrato.jpeg?w=3840&amp;ssl=1\" title=\"samuel fosso autorretrato\" alt=\"\" data-recalc-dims=\"1\" src=\"data:image\/svg+xml;base64,PHN2ZyB3aWR0aD0iMSIgaGVpZ2h0PSIxIiB4bWxucz0iaHR0cDovL3d3dy53My5vcmcvMjAwMC9zdmciPjwvc3ZnPg==\"><\/div> <\/div><\/div> <\/div><div  data-label=\"Cta\" data-id=\"cta--2\" data-export-id=\"cta-centered-section-grid\" data-category=\"cta\" class=\"cta-centered-section-grid content-section content-section-spacing-medium bg-color1 white-text\" id=\"cta-2\" style=\"background-image: none; background-color: rgb(255, 152, 0);\"><div  class=\"\"> <div  class=\"row text-center\"><div  class=\"col-xs-12 col-sm-10 col-sm-offset-1 col-md-8 col-md-offset-2\" data-type=\"column\"> <h2  class=\"\"><span  style=\"font-family: &quot;Playfair Display&quot;, arial, helvetica, sans-serif;\">\u201cTrato de defender los derechos c\u00edvicos, defender la independencia y la posibilidad de gozar de las libertades de la poblaci\u00f3n negra\u201d<\/span><\/h2> <p  class=\"\">\u2013 Samuel Fossi<\/p> <\/div> <\/div><\/div> <\/div><div  data-label=\"Gallery\" data-id=\"gallery--1\" data-export-id=\"gallery-1\" data-category=\"gallery\" class=\"gallery-1 content-section content-section-spacing content-relative\" id=\"gallery-1\" style=\"background-color: rgb(52, 58, 64); background-image: none;\"><div  class=\"section-separator-top\">\n    <svg  class=\"section-separator-top\" data-separator-name=\"triangle-asymmetrical-negative\" preserveAspectRatio=\"none\" viewBox=\"0 0 1000 100\" xmlns=\"http:\/\/www.w3.org\/2000\/svg\">\n        <path  class=\"svg-white-bg\" d=\"M737.9,94.7L0,0v100h1000V0L737.9,94.7z\"><\/path>\n    <\/svg>\n<\/div><div  class=\"gridContainer\"> <div  class=\"row\"><div  class=\"section-title-col\" data-type=\"column\"> <h2  class=\"\"><span  style=\"font-family: &quot;Playfair Display&quot;, arial, helvetica, sans-serif; color: rgb(255, 255, 255);\">Autorretratos \u2013 Fosso<\/span><\/h2> <\/div> <\/div> <div  class=\"row text-center\"> <div  class=\"col-xs-12\" data-editable=\"true\" data-content-shortcode=\"mesmerize_gallery id=&quot;mesmerize-gallery-1&quot; columns=&quot;4&quot; ids=&quot;14210,14209,14208,14207,14206,14205,14204,14203,14202,14201,14200,14199&quot; lb=&quot;1&quot; masonry=&quot;1&quot; size=&quot;medium&quot; link=&quot;file&quot; \"><div id='mesmerize-gallery-1' class='gallery-wrapper'><style type=\"text\/css\">\n                    @media only screen and (min-width: 768px) {\n                    [data-unique-id='mesmerize-gallery-1-69f76fc1963e8'] dl {\n                        float: left;\n                        width: 25% !important;\n                        max-width:  25% !important;\n                        min-width:  25% !important;\n                    }\n\n                    [data-unique-id='mesmerize-gallery-1-69f76fc1963e8'] dl:nth-of-type(4n +1 ) {\n                      clear: both;\n                      }\n                    }\n                <\/style><div id='mesmerize-gallery-1' class='mesmerize-gallery-1-dls-wrapper gallery-items-wrapper materialis-gallery' data-unique-id='mesmerize-gallery-1-69f76fc1963e8'><dl class='gallery-item'>\n\t\t\t<dt class='gallery-icon portrait'>\n\t\t\t\t<a data-fancybox=\"mesmerize-gallery-1-group\" href='https:\/\/fotogasteiz.com\/blog\/wp-content\/uploads\/2021\/03\/samuel-fosso-autorretrato-12.jpeg'><img decoding=\"async\"  width=\"225\" height=\"300\" data-src=\"https:\/\/fotogasteiz.com\/blog\/wp-content\/smush-avif\/2021\/03\/samuel-fosso-autorretrato-12-225x300.jpeg.avif\"  class='mesmerize-gallery-1-image lazyload' alt=\"\" data-srcset=\"https:\/\/fotogasteiz.com\/blog\/wp-content\/smush-avif\/2021\/03\/samuel-fosso-autorretrato-12-225x300.jpeg.avif 225w, https:\/\/fotogasteiz.com\/blog\/wp-content\/smush-avif\/2021\/03\/samuel-fosso-autorretrato-12-767x1024.jpeg.avif 767w, https:\/\/fotogasteiz.com\/blog\/wp-content\/smush-avif\/2021\/03\/samuel-fosso-autorretrato-12-768x1026.jpeg.avif 768w, https:\/\/fotogasteiz.com\/blog\/wp-content\/smush-avif\/2021\/03\/samuel-fosso-autorretrato-12-1150x1536.jpeg.avif 1150w, https:\/\/fotogasteiz.com\/blog\/wp-content\/smush-avif\/2021\/03\/samuel-fosso-autorretrato-12-1024x1367.jpeg.avif 1024w, https:\/\/fotogasteiz.com\/blog\/wp-content\/smush-avif\/2021\/03\/samuel-fosso-autorretrato-12-809x1080.jpeg.avif 809w, https:\/\/fotogasteiz.com\/blog\/wp-content\/uploads\/2021\/03\/samuel-fosso-autorretrato-12.jpeg 1300w\" data-sizes=\"(max-width: 225px) 100vw, 225px\" src=\"data:image\/svg+xml;base64,PHN2ZyB3aWR0aD0iMSIgaGVpZ2h0PSIxIiB4bWxucz0iaHR0cDovL3d3dy53My5vcmcvMjAwMC9zdmciPjwvc3ZnPg==\" style=\"--smush-placeholder-width: 225px; --smush-placeholder-aspect-ratio: 225\/300;\" \/><\/a>\n\t\t\t<\/dt><\/dl><dl class='gallery-item'>\n\t\t\t<dt class='gallery-icon portrait'>\n\t\t\t\t<a data-fancybox=\"mesmerize-gallery-1-group\" href='https:\/\/fotogasteiz.com\/blog\/wp-content\/uploads\/2021\/03\/samuel-fosso-autorretrato-13.jpeg'><img decoding=\"async\"  width=\"224\" height=\"300\" data-src=\"https:\/\/fotogasteiz.com\/blog\/wp-content\/smush-avif\/2021\/03\/samuel-fosso-autorretrato-13-224x300.jpeg.avif\"  class='mesmerize-gallery-1-image lazyload' alt=\"\" data-srcset=\"https:\/\/fotogasteiz.com\/blog\/wp-content\/smush-avif\/2021\/03\/samuel-fosso-autorretrato-13-224x300.jpeg.avif 224w, https:\/\/fotogasteiz.com\/blog\/wp-content\/smush-avif\/2021\/03\/samuel-fosso-autorretrato-13-766x1024.jpeg.avif 766w, https:\/\/fotogasteiz.com\/blog\/wp-content\/smush-avif\/2021\/03\/samuel-fosso-autorretrato-13-768x1026.jpeg.avif 768w, https:\/\/fotogasteiz.com\/blog\/wp-content\/smush-avif\/2021\/03\/samuel-fosso-autorretrato-13-808x1080.jpeg.avif 808w, https:\/\/fotogasteiz.com\/blog\/wp-content\/uploads\/2021\/03\/samuel-fosso-autorretrato-13.jpeg 850w\" data-sizes=\"(max-width: 224px) 100vw, 224px\" src=\"data:image\/svg+xml;base64,PHN2ZyB3aWR0aD0iMSIgaGVpZ2h0PSIxIiB4bWxucz0iaHR0cDovL3d3dy53My5vcmcvMjAwMC9zdmciPjwvc3ZnPg==\" style=\"--smush-placeholder-width: 224px; --smush-placeholder-aspect-ratio: 224\/300;\" \/><\/a>\n\t\t\t<\/dt><\/dl><dl class='gallery-item'>\n\t\t\t<dt class='gallery-icon portrait'>\n\t\t\t\t<a data-fancybox=\"mesmerize-gallery-1-group\" href='https:\/\/fotogasteiz.com\/blog\/wp-content\/uploads\/2021\/03\/samuel-fosso-autorretrato-2.jpeg'><img decoding=\"async\"  width=\"225\" height=\"300\" data-src=\"https:\/\/fotogasteiz.com\/blog\/wp-content\/smush-avif\/2021\/03\/samuel-fosso-autorretrato-2-225x300.jpeg.avif\"  class='mesmerize-gallery-1-image lazyload' alt=\"\" data-srcset=\"https:\/\/fotogasteiz.com\/blog\/wp-content\/smush-avif\/2021\/03\/samuel-fosso-autorretrato-2-225x300.jpeg.avif 225w, https:\/\/fotogasteiz.com\/blog\/wp-content\/smush-avif\/2021\/03\/samuel-fosso-autorretrato-2-767x1024.jpeg.avif 767w, https:\/\/fotogasteiz.com\/blog\/wp-content\/smush-avif\/2021\/03\/samuel-fosso-autorretrato-2-768x1026.jpeg.avif 768w, https:\/\/fotogasteiz.com\/blog\/wp-content\/uploads\/2021\/03\/samuel-fosso-autorretrato-2.jpeg 771w\" data-sizes=\"(max-width: 225px) 100vw, 225px\" src=\"data:image\/svg+xml;base64,PHN2ZyB3aWR0aD0iMSIgaGVpZ2h0PSIxIiB4bWxucz0iaHR0cDovL3d3dy53My5vcmcvMjAwMC9zdmciPjwvc3ZnPg==\" style=\"--smush-placeholder-width: 225px; --smush-placeholder-aspect-ratio: 225\/300;\" \/><\/a>\n\t\t\t<\/dt><\/dl><dl class='gallery-item'>\n\t\t\t<dt class='gallery-icon portrait'>\n\t\t\t\t<a data-fancybox=\"mesmerize-gallery-1-group\" href='https:\/\/fotogasteiz.com\/blog\/wp-content\/uploads\/2021\/03\/samuel-fosso-autorretrato-3.jpeg'><img decoding=\"async\"  width=\"223\" height=\"300\" data-src=\"https:\/\/fotogasteiz.com\/blog\/wp-content\/smush-avif\/2021\/03\/samuel-fosso-autorretrato-3-223x300.jpeg.avif\"  class='mesmerize-gallery-1-image lazyload' alt=\"\" data-srcset=\"https:\/\/fotogasteiz.com\/blog\/wp-content\/smush-avif\/2021\/03\/samuel-fosso-autorretrato-3-223x300.jpeg.avif 223w, https:\/\/fotogasteiz.com\/blog\/wp-content\/smush-avif\/2021\/03\/samuel-fosso-autorretrato-3-761x1024.jpeg.avif 761w, https:\/\/fotogasteiz.com\/blog\/wp-content\/uploads\/2021\/03\/samuel-fosso-autorretrato-3.jpeg 765w\" data-sizes=\"(max-width: 223px) 100vw, 223px\" src=\"data:image\/svg+xml;base64,PHN2ZyB3aWR0aD0iMSIgaGVpZ2h0PSIxIiB4bWxucz0iaHR0cDovL3d3dy53My5vcmcvMjAwMC9zdmciPjwvc3ZnPg==\" style=\"--smush-placeholder-width: 223px; --smush-placeholder-aspect-ratio: 223\/300;\" \/><\/a>\n\t\t\t<\/dt><\/dl><dl class='gallery-item'>\n\t\t\t<dt class='gallery-icon portrait'>\n\t\t\t\t<a data-fancybox=\"mesmerize-gallery-1-group\" href='https:\/\/fotogasteiz.com\/blog\/wp-content\/uploads\/2021\/03\/samuel-fosso-autorretrato-4.jpeg'><img decoding=\"async\"  width=\"225\" height=\"300\" data-src=\"https:\/\/fotogasteiz.com\/blog\/wp-content\/smush-avif\/2021\/03\/samuel-fosso-autorretrato-4-225x300.jpeg.avif\"  class='mesmerize-gallery-1-image lazyload' alt=\"\" data-srcset=\"https:\/\/fotogasteiz.com\/blog\/wp-content\/smush-avif\/2021\/03\/samuel-fosso-autorretrato-4-225x300.jpeg.avif 225w, https:\/\/fotogasteiz.com\/blog\/wp-content\/smush-avif\/2021\/03\/samuel-fosso-autorretrato-4-767x1024.jpeg.avif 767w, https:\/\/fotogasteiz.com\/blog\/wp-content\/smush-avif\/2021\/03\/samuel-fosso-autorretrato-4-768x1026.jpeg.avif 768w, https:\/\/fotogasteiz.com\/blog\/wp-content\/uploads\/2021\/03\/samuel-fosso-autorretrato-4.jpeg 771w\" data-sizes=\"(max-width: 225px) 100vw, 225px\" src=\"data:image\/svg+xml;base64,PHN2ZyB3aWR0aD0iMSIgaGVpZ2h0PSIxIiB4bWxucz0iaHR0cDovL3d3dy53My5vcmcvMjAwMC9zdmciPjwvc3ZnPg==\" style=\"--smush-placeholder-width: 225px; --smush-placeholder-aspect-ratio: 225\/300;\" \/><\/a>\n\t\t\t<\/dt><\/dl><dl class='gallery-item'>\n\t\t\t<dt class='gallery-icon landscape'>\n\t\t\t\t<a data-fancybox=\"mesmerize-gallery-1-group\" href='https:\/\/fotogasteiz.com\/blog\/wp-content\/uploads\/2021\/03\/samuel-fosso-autorretrato-5.jpeg'><img decoding=\"async\"  width=\"300\" height=\"300\" data-src=\"https:\/\/fotogasteiz.com\/blog\/wp-content\/smush-avif\/2021\/03\/samuel-fosso-autorretrato-5-300x300.jpeg.avif\"  class='mesmerize-gallery-1-image lazyload' alt=\"\" data-srcset=\"https:\/\/fotogasteiz.com\/blog\/wp-content\/smush-avif\/2021\/03\/samuel-fosso-autorretrato-5-300x300.jpeg.avif 300w, https:\/\/fotogasteiz.com\/blog\/wp-content\/smush-avif\/2021\/03\/samuel-fosso-autorretrato-5-1024x1024.jpeg.avif 1024w, https:\/\/fotogasteiz.com\/blog\/wp-content\/smush-avif\/2021\/03\/samuel-fosso-autorretrato-5-150x150.jpeg.avif 150w, https:\/\/fotogasteiz.com\/blog\/wp-content\/smush-avif\/2021\/03\/samuel-fosso-autorretrato-5-768x768.jpeg.avif 768w, https:\/\/fotogasteiz.com\/blog\/wp-content\/smush-avif\/2021\/03\/samuel-fosso-autorretrato-5-1080x1080.jpeg.avif 1080w, https:\/\/fotogasteiz.com\/blog\/wp-content\/uploads\/2021\/03\/samuel-fosso-autorretrato-5.jpeg 1500w\" data-sizes=\"(max-width: 300px) 100vw, 300px\" src=\"data:image\/svg+xml;base64,PHN2ZyB3aWR0aD0iMSIgaGVpZ2h0PSIxIiB4bWxucz0iaHR0cDovL3d3dy53My5vcmcvMjAwMC9zdmciPjwvc3ZnPg==\" style=\"--smush-placeholder-width: 300px; --smush-placeholder-aspect-ratio: 300\/300;\" \/><\/a>\n\t\t\t<\/dt><\/dl><dl class='gallery-item'>\n\t\t\t<dt class='gallery-icon portrait'>\n\t\t\t\t<a data-fancybox=\"mesmerize-gallery-1-group\" href='https:\/\/fotogasteiz.com\/blog\/wp-content\/uploads\/2021\/03\/samuel-fosso-autorretrato-6.jpeg'><img decoding=\"async\"  width=\"215\" height=\"300\" data-src=\"https:\/\/fotogasteiz.com\/blog\/wp-content\/smush-avif\/2021\/03\/samuel-fosso-autorretrato-6-215x300.jpeg.avif\"  class='mesmerize-gallery-1-image lazyload' alt=\"\" data-srcset=\"https:\/\/fotogasteiz.com\/blog\/wp-content\/smush-avif\/2021\/03\/samuel-fosso-autorretrato-6-215x300.jpeg.avif 215w, https:\/\/fotogasteiz.com\/blog\/wp-content\/smush-avif\/2021\/03\/samuel-fosso-autorretrato-6-733x1024.jpeg.avif 733w, https:\/\/fotogasteiz.com\/blog\/wp-content\/smush-avif\/2021\/03\/samuel-fosso-autorretrato-6-768x1073.jpeg.avif 768w, https:\/\/fotogasteiz.com\/blog\/wp-content\/smush-avif\/2021\/03\/samuel-fosso-autorretrato-6-773x1080.jpeg.avif 773w, https:\/\/fotogasteiz.com\/blog\/wp-content\/uploads\/2021\/03\/samuel-fosso-autorretrato-6.jpeg 859w\" data-sizes=\"(max-width: 215px) 100vw, 215px\" src=\"data:image\/svg+xml;base64,PHN2ZyB3aWR0aD0iMSIgaGVpZ2h0PSIxIiB4bWxucz0iaHR0cDovL3d3dy53My5vcmcvMjAwMC9zdmciPjwvc3ZnPg==\" style=\"--smush-placeholder-width: 215px; --smush-placeholder-aspect-ratio: 215\/300;\" \/><\/a>\n\t\t\t<\/dt><\/dl><dl class='gallery-item'>\n\t\t\t<dt class='gallery-icon landscape'>\n\t\t\t\t<a data-fancybox=\"mesmerize-gallery-1-group\" href='https:\/\/fotogasteiz.com\/blog\/wp-content\/uploads\/2021\/03\/samuel-fosso-autorretrato-7.jpeg'><img decoding=\"async\"  width=\"300\" height=\"300\" data-src=\"https:\/\/fotogasteiz.com\/blog\/wp-content\/smush-avif\/2021\/03\/samuel-fosso-autorretrato-7-300x300.jpeg.avif\"  class='mesmerize-gallery-1-image lazyload' alt=\"\" data-srcset=\"https:\/\/fotogasteiz.com\/blog\/wp-content\/smush-avif\/2021\/03\/samuel-fosso-autorretrato-7-300x300.jpeg.avif 300w, https:\/\/fotogasteiz.com\/blog\/wp-content\/smush-avif\/2021\/03\/samuel-fosso-autorretrato-7-150x150.jpeg.avif 150w, https:\/\/fotogasteiz.com\/blog\/wp-content\/smush-avif\/2021\/03\/samuel-fosso-autorretrato-7-768x768.jpeg.avif 768w, https:\/\/fotogasteiz.com\/blog\/wp-content\/uploads\/2021\/03\/samuel-fosso-autorretrato-7.jpeg 990w\" data-sizes=\"(max-width: 300px) 100vw, 300px\" src=\"data:image\/svg+xml;base64,PHN2ZyB3aWR0aD0iMSIgaGVpZ2h0PSIxIiB4bWxucz0iaHR0cDovL3d3dy53My5vcmcvMjAwMC9zdmciPjwvc3ZnPg==\" style=\"--smush-placeholder-width: 300px; --smush-placeholder-aspect-ratio: 300\/300;\" \/><\/a>\n\t\t\t<\/dt><\/dl><dl class='gallery-item'>\n\t\t\t<dt class='gallery-icon landscape'>\n\t\t\t\t<a data-fancybox=\"mesmerize-gallery-1-group\" href='https:\/\/fotogasteiz.com\/blog\/wp-content\/uploads\/2021\/03\/samuel-fosso-autorretrato-8.jpeg'><img decoding=\"async\"  width=\"300\" height=\"297\" data-src=\"https:\/\/fotogasteiz.com\/blog\/wp-content\/smush-avif\/2021\/03\/samuel-fosso-autorretrato-8-300x297.jpeg.avif\"  class='mesmerize-gallery-1-image lazyload' alt=\"\" data-srcset=\"https:\/\/fotogasteiz.com\/blog\/wp-content\/smush-avif\/2021\/03\/samuel-fosso-autorretrato-8-300x297.jpeg.avif 300w, https:\/\/fotogasteiz.com\/blog\/wp-content\/smush-avif\/2021\/03\/samuel-fosso-autorretrato-8-1024x1013.jpeg.avif 1024w, https:\/\/fotogasteiz.com\/blog\/wp-content\/smush-avif\/2021\/03\/samuel-fosso-autorretrato-8-150x150.jpeg.avif 150w, https:\/\/fotogasteiz.com\/blog\/wp-content\/smush-avif\/2021\/03\/samuel-fosso-autorretrato-8-768x760.jpeg.avif 768w, https:\/\/fotogasteiz.com\/blog\/wp-content\/uploads\/2021\/03\/samuel-fosso-autorretrato-8.jpeg 1030w\" data-sizes=\"(max-width: 300px) 100vw, 300px\" src=\"data:image\/svg+xml;base64,PHN2ZyB3aWR0aD0iMSIgaGVpZ2h0PSIxIiB4bWxucz0iaHR0cDovL3d3dy53My5vcmcvMjAwMC9zdmciPjwvc3ZnPg==\" style=\"--smush-placeholder-width: 300px; --smush-placeholder-aspect-ratio: 300\/297;\" \/><\/a>\n\t\t\t<\/dt><\/dl><dl class='gallery-item'>\n\t\t\t<dt class='gallery-icon portrait'>\n\t\t\t\t<a data-fancybox=\"mesmerize-gallery-1-group\" href='https:\/\/fotogasteiz.com\/blog\/wp-content\/uploads\/2021\/03\/samuel-fosso-autorretrato-9.jpeg'><img decoding=\"async\"  width=\"223\" height=\"300\" data-src=\"https:\/\/fotogasteiz.com\/blog\/wp-content\/smush-avif\/2021\/03\/samuel-fosso-autorretrato-9-223x300.jpeg.avif\"  class='mesmerize-gallery-1-image lazyload' alt=\"\" data-srcset=\"https:\/\/fotogasteiz.com\/blog\/wp-content\/smush-avif\/2021\/03\/samuel-fosso-autorretrato-9-223x300.jpeg.avif 223w, https:\/\/fotogasteiz.com\/blog\/wp-content\/smush-avif\/2021\/03\/samuel-fosso-autorretrato-9-762x1024.jpeg.avif 762w, https:\/\/fotogasteiz.com\/blog\/wp-content\/smush-avif\/2021\/03\/samuel-fosso-autorretrato-9-768x1032.jpeg.avif 768w, https:\/\/fotogasteiz.com\/blog\/wp-content\/smush-avif\/2021\/03\/samuel-fosso-autorretrato-9-1024x1376.jpeg.avif 1024w, https:\/\/fotogasteiz.com\/blog\/wp-content\/smush-avif\/2021\/03\/samuel-fosso-autorretrato-9-804x1080.jpeg.avif 804w, https:\/\/fotogasteiz.com\/blog\/wp-content\/uploads\/2021\/03\/samuel-fosso-autorretrato-9.jpeg 1143w\" data-sizes=\"(max-width: 223px) 100vw, 223px\" src=\"data:image\/svg+xml;base64,PHN2ZyB3aWR0aD0iMSIgaGVpZ2h0PSIxIiB4bWxucz0iaHR0cDovL3d3dy53My5vcmcvMjAwMC9zdmciPjwvc3ZnPg==\" style=\"--smush-placeholder-width: 223px; --smush-placeholder-aspect-ratio: 223\/300;\" \/><\/a>\n\t\t\t<\/dt><\/dl><dl class='gallery-item'>\n\t\t\t<dt class='gallery-icon portrait'>\n\t\t\t\t<a data-fancybox=\"mesmerize-gallery-1-group\" href='https:\/\/fotogasteiz.com\/blog\/wp-content\/uploads\/2021\/03\/samuel-fosso-autorretrato-10.jpeg'><img decoding=\"async\"  width=\"225\" height=\"300\" data-src=\"https:\/\/fotogasteiz.com\/blog\/wp-content\/smush-avif\/2021\/03\/samuel-fosso-autorretrato-10-225x300.jpeg.avif\"  class='mesmerize-gallery-1-image lazyload' alt=\"\" data-srcset=\"https:\/\/fotogasteiz.com\/blog\/wp-content\/smush-avif\/2021\/03\/samuel-fosso-autorretrato-10-225x300.jpeg.avif 225w, https:\/\/fotogasteiz.com\/blog\/wp-content\/smush-avif\/2021\/03\/samuel-fosso-autorretrato-10-768x1024.jpeg.avif 768w, https:\/\/fotogasteiz.com\/blog\/wp-content\/smush-avif\/2021\/03\/samuel-fosso-autorretrato-10-1152x1536.jpeg.avif 1152w, https:\/\/fotogasteiz.com\/blog\/wp-content\/smush-avif\/2021\/03\/samuel-fosso-autorretrato-10-1024x1365.jpeg.avif 1024w, https:\/\/fotogasteiz.com\/blog\/wp-content\/smush-avif\/2021\/03\/samuel-fosso-autorretrato-10-810x1080.jpeg.avif 810w, https:\/\/fotogasteiz.com\/blog\/wp-content\/uploads\/2021\/03\/samuel-fosso-autorretrato-10.jpeg 1536w\" data-sizes=\"(max-width: 225px) 100vw, 225px\" src=\"data:image\/svg+xml;base64,PHN2ZyB3aWR0aD0iMSIgaGVpZ2h0PSIxIiB4bWxucz0iaHR0cDovL3d3dy53My5vcmcvMjAwMC9zdmciPjwvc3ZnPg==\" style=\"--smush-placeholder-width: 225px; --smush-placeholder-aspect-ratio: 225\/300;\" \/><\/a>\n\t\t\t<\/dt><\/dl><dl class='gallery-item'>\n\t\t\t<dt class='gallery-icon landscape'>\n\t\t\t\t<a data-fancybox=\"mesmerize-gallery-1-group\" href='https:\/\/fotogasteiz.com\/blog\/wp-content\/uploads\/2021\/03\/samuel-fosso-autorretrato-11.jpeg'><img decoding=\"async\"  width=\"300\" height=\"300\" data-src=\"https:\/\/fotogasteiz.com\/blog\/wp-content\/smush-avif\/2021\/03\/samuel-fosso-autorretrato-11-300x300.jpeg.avif\"  class='mesmerize-gallery-1-image lazyload' alt=\"\" data-srcset=\"https:\/\/fotogasteiz.com\/blog\/wp-content\/smush-avif\/2021\/03\/samuel-fosso-autorretrato-11-300x300.jpeg.avif 300w, https:\/\/fotogasteiz.com\/blog\/wp-content\/smush-avif\/2021\/03\/samuel-fosso-autorretrato-11-1024x1024.jpeg.avif 1024w, https:\/\/fotogasteiz.com\/blog\/wp-content\/smush-avif\/2021\/03\/samuel-fosso-autorretrato-11-150x150.jpeg.avif 150w, https:\/\/fotogasteiz.com\/blog\/wp-content\/smush-avif\/2021\/03\/samuel-fosso-autorretrato-11-768x768.jpeg.avif 768w, https:\/\/fotogasteiz.com\/blog\/wp-content\/uploads\/2021\/03\/samuel-fosso-autorretrato-11.jpeg 1030w\" data-sizes=\"(max-width: 300px) 100vw, 300px\" src=\"data:image\/svg+xml;base64,PHN2ZyB3aWR0aD0iMSIgaGVpZ2h0PSIxIiB4bWxucz0iaHR0cDovL3d3dy53My5vcmcvMjAwMC9zdmciPjwvc3ZnPg==\" style=\"--smush-placeholder-width: 300px; --smush-placeholder-aspect-ratio: 300\/300;\" \/><\/a>\n\t\t\t<\/dt><\/dl>\n\t\t<\/div>\n<script>(function($){window.MaterialisCaptionsGallery && window.MaterialisCaptionsGallery($('[data-unique-id=\"mesmerize-gallery-1-69f76fc1963e8\"]'))})(jQuery)<\/script><\/div><\/div><\/div> <\/div><\/div>","protected":false},"excerpt":{"rendered":"<p>VIDA \u2013 OBRA \u2013 BIOGRAFIA GRANDES FOT\u00d3GRAFOS Y FOT\u00d3GRAFASSamuel Fosso Samuel Fosso es uno de los artistas contempor\u00e1neos m\u00e1s importantes de \u00c1frica, que utiliza el autorretrato para contar la Historia del \u00c1frica negra. Experimenta a trav\u00e9s de la fotograf\u00eda de autorretrato los roles y arquetipos del continente africano con toques de iron\u00eda y humor. Se&hellip; <br \/> <a class=\"read-more\" href=\"https:\/\/fotogasteiz.com\/blog\/fotografos\/samuel-fosso-vida-obra-biografia\/\">Read more<\/a><\/p>\n","protected":false},"author":1,"featured_media":0,"parent":1689,"menu_order":0,"comment_status":"closed","ping_status":"closed","template":"pro\/page-templates\/full-width-page.php","meta":{"footnotes":""},"class_list":["post-14503","page","type-page","status-publish","hentry"],"yoast_head":"<!-- This site is optimized with the Yoast SEO Premium plugin v22.5 (Yoast SEO v27.5) - https:\/\/yoast.com\/product\/yoast-seo-premium-wordpress\/ -->\n<title>Samuel Fosso - Profesor de fotograf\u00eda<\/title>\n<meta name=\"robots\" content=\"index, follow, max-snippet:-1, max-image-preview:large, max-video-preview:-1\" \/>\n<link rel=\"canonical\" href=\"https:\/\/fotogasteiz.com\/blog\/fotografos\/samuel-fosso-vida-obra-biografia\/\" \/>\n<meta property=\"og:locale\" content=\"es_ES\" \/>\n<meta property=\"og:type\" content=\"article\" \/>\n<meta property=\"og:title\" content=\"Samuel Fosso\" \/>\n<meta property=\"og:description\" content=\"VIDA \u2013 OBRA \u2013 BIOGRAFIA GRANDES FOT\u00d3GRAFOS Y FOT\u00d3GRAFASSamuel Fosso Samuel Fosso es uno de los artistas contempor\u00e1neos m\u00e1s importantes de \u00c1frica, que utiliza el autorretrato para contar la Historia del \u00c1frica negra. Experimenta a trav\u00e9s de la fotograf\u00eda de autorretrato los roles y arquetipos del continente africano con toques de iron\u00eda y humor. Se&hellip; Read more\" \/>\n<meta property=\"og:url\" content=\"https:\/\/fotogasteiz.com\/blog\/fotografos\/samuel-fosso-vida-obra-biografia\/\" \/>\n<meta property=\"og:site_name\" content=\"Profesor de fotograf\u00eda\" \/>\n<meta property=\"article:modified_time\" content=\"2021-04-10T11:06:21+00:00\" \/>\n<meta property=\"og:image\" content=\"https:\/\/i1.wp.com\/fotogasteiz.com\/blog\/wp-content\/uploads\/2021\/03\/samuel-fosso-autorretrato-3.jpeg?w=3840&amp;ssl=1\" \/>\n<meta name=\"twitter:card\" content=\"summary_large_image\" \/>\n<meta name=\"twitter:label1\" content=\"Tiempo de lectura\" \/>\n\t<meta name=\"twitter:data1\" content=\"5 minutos\" \/>\n<script type=\"application\/ld+json\" class=\"yoast-schema-graph\">{\"@context\":\"https:\\\/\\\/schema.org\",\"@graph\":[{\"@type\":\"WebPage\",\"@id\":\"https:\\\/\\\/fotogasteiz.com\\\/blog\\\/fotografos\\\/samuel-fosso-vida-obra-biografia\\\/\",\"url\":\"https:\\\/\\\/fotogasteiz.com\\\/blog\\\/fotografos\\\/samuel-fosso-vida-obra-biografia\\\/\",\"name\":\"Samuel Fosso - Profesor de fotograf\u00eda\",\"isPartOf\":{\"@id\":\"https:\\\/\\\/fotogasteiz.com\\\/blog\\\/#website\"},\"primaryImageOfPage\":{\"@id\":\"https:\\\/\\\/fotogasteiz.com\\\/blog\\\/fotografos\\\/samuel-fosso-vida-obra-biografia\\\/#primaryimage\"},\"image\":{\"@id\":\"https:\\\/\\\/fotogasteiz.com\\\/blog\\\/fotografos\\\/samuel-fosso-vida-obra-biografia\\\/#primaryimage\"},\"thumbnailUrl\":\"https:\\\/\\\/i1.wp.com\\\/fotogasteiz.com\\\/blog\\\/wp-content\\\/uploads\\\/2021\\\/03\\\/samuel-fosso-autorretrato-3.jpeg?w=3840&amp;ssl=1\",\"datePublished\":\"2021-04-02T09:16:17+00:00\",\"dateModified\":\"2021-04-10T11:06:21+00:00\",\"breadcrumb\":{\"@id\":\"https:\\\/\\\/fotogasteiz.com\\\/blog\\\/fotografos\\\/samuel-fosso-vida-obra-biografia\\\/#breadcrumb\"},\"inLanguage\":\"es\",\"potentialAction\":[{\"@type\":\"ReadAction\",\"target\":[\"https:\\\/\\\/fotogasteiz.com\\\/blog\\\/fotografos\\\/samuel-fosso-vida-obra-biografia\\\/\"]}]},{\"@type\":\"ImageObject\",\"inLanguage\":\"es\",\"@id\":\"https:\\\/\\\/fotogasteiz.com\\\/blog\\\/fotografos\\\/samuel-fosso-vida-obra-biografia\\\/#primaryimage\",\"url\":\"https:\\\/\\\/i1.wp.com\\\/fotogasteiz.com\\\/blog\\\/wp-content\\\/uploads\\\/2021\\\/03\\\/samuel-fosso-autorretrato-3.jpeg?w=3840&amp;ssl=1\",\"contentUrl\":\"https:\\\/\\\/i1.wp.com\\\/fotogasteiz.com\\\/blog\\\/wp-content\\\/uploads\\\/2021\\\/03\\\/samuel-fosso-autorretrato-3.jpeg?w=3840&amp;ssl=1\"},{\"@type\":\"BreadcrumbList\",\"@id\":\"https:\\\/\\\/fotogasteiz.com\\\/blog\\\/fotografos\\\/samuel-fosso-vida-obra-biografia\\\/#breadcrumb\",\"itemListElement\":[{\"@type\":\"ListItem\",\"position\":1,\"name\":\"Portada\",\"item\":\"https:\\\/\\\/fotogasteiz.com\\\/blog\\\/\"},{\"@type\":\"ListItem\",\"position\":2,\"name\":\"Fot\u00f3grafos y fot\u00f3grafas (biograf\u00edas)\",\"item\":\"https:\\\/\\\/fotogasteiz.com\\\/blog\\\/fotografos\\\/\"},{\"@type\":\"ListItem\",\"position\":3,\"name\":\"Samuel Fosso\"}]},{\"@type\":\"WebSite\",\"@id\":\"https:\\\/\\\/fotogasteiz.com\\\/blog\\\/#website\",\"url\":\"https:\\\/\\\/fotogasteiz.com\\\/blog\\\/\",\"name\":\"Profesor de fotograf\u00eda\",\"description\":\"por Gustavo Bravo\",\"potentialAction\":[{\"@type\":\"SearchAction\",\"target\":{\"@type\":\"EntryPoint\",\"urlTemplate\":\"https:\\\/\\\/fotogasteiz.com\\\/blog\\\/?s={search_term_string}\"},\"query-input\":{\"@type\":\"PropertyValueSpecification\",\"valueRequired\":true,\"valueName\":\"search_term_string\"}}],\"inLanguage\":\"es\"}]}<\/script>\n<!-- \/ Yoast SEO Premium plugin. -->","yoast_head_json":{"title":"Samuel Fosso - Profesor de fotograf\u00eda","robots":{"index":"index","follow":"follow","max-snippet":"max-snippet:-1","max-image-preview":"max-image-preview:large","max-video-preview":"max-video-preview:-1"},"canonical":"https:\/\/fotogasteiz.com\/blog\/fotografos\/samuel-fosso-vida-obra-biografia\/","og_locale":"es_ES","og_type":"article","og_title":"Samuel Fosso","og_description":"VIDA \u2013 OBRA \u2013 BIOGRAFIA GRANDES FOT\u00d3GRAFOS Y FOT\u00d3GRAFASSamuel Fosso Samuel Fosso es uno de los artistas contempor\u00e1neos m\u00e1s importantes de \u00c1frica, que utiliza el autorretrato para contar la Historia del \u00c1frica negra. Experimenta a trav\u00e9s de la fotograf\u00eda de autorretrato los roles y arquetipos del continente africano con toques de iron\u00eda y humor. Se&hellip; Read more","og_url":"https:\/\/fotogasteiz.com\/blog\/fotografos\/samuel-fosso-vida-obra-biografia\/","og_site_name":"Profesor de fotograf\u00eda","article_modified_time":"2021-04-10T11:06:21+00:00","og_image":[{"url":"https:\/\/i1.wp.com\/fotogasteiz.com\/blog\/wp-content\/uploads\/2021\/03\/samuel-fosso-autorretrato-3.jpeg?w=3840&amp;ssl=1","type":"","width":"","height":""}],"twitter_card":"summary_large_image","twitter_misc":{"Tiempo de lectura":"5 minutos"},"schema":{"@context":"https:\/\/schema.org","@graph":[{"@type":"WebPage","@id":"https:\/\/fotogasteiz.com\/blog\/fotografos\/samuel-fosso-vida-obra-biografia\/","url":"https:\/\/fotogasteiz.com\/blog\/fotografos\/samuel-fosso-vida-obra-biografia\/","name":"Samuel Fosso - Profesor de fotograf\u00eda","isPartOf":{"@id":"https:\/\/fotogasteiz.com\/blog\/#website"},"primaryImageOfPage":{"@id":"https:\/\/fotogasteiz.com\/blog\/fotografos\/samuel-fosso-vida-obra-biografia\/#primaryimage"},"image":{"@id":"https:\/\/fotogasteiz.com\/blog\/fotografos\/samuel-fosso-vida-obra-biografia\/#primaryimage"},"thumbnailUrl":"https:\/\/i1.wp.com\/fotogasteiz.com\/blog\/wp-content\/uploads\/2021\/03\/samuel-fosso-autorretrato-3.jpeg?w=3840&amp;ssl=1","datePublished":"2021-04-02T09:16:17+00:00","dateModified":"2021-04-10T11:06:21+00:00","breadcrumb":{"@id":"https:\/\/fotogasteiz.com\/blog\/fotografos\/samuel-fosso-vida-obra-biografia\/#breadcrumb"},"inLanguage":"es","potentialAction":[{"@type":"ReadAction","target":["https:\/\/fotogasteiz.com\/blog\/fotografos\/samuel-fosso-vida-obra-biografia\/"]}]},{"@type":"ImageObject","inLanguage":"es","@id":"https:\/\/fotogasteiz.com\/blog\/fotografos\/samuel-fosso-vida-obra-biografia\/#primaryimage","url":"https:\/\/i1.wp.com\/fotogasteiz.com\/blog\/wp-content\/uploads\/2021\/03\/samuel-fosso-autorretrato-3.jpeg?w=3840&amp;ssl=1","contentUrl":"https:\/\/i1.wp.com\/fotogasteiz.com\/blog\/wp-content\/uploads\/2021\/03\/samuel-fosso-autorretrato-3.jpeg?w=3840&amp;ssl=1"},{"@type":"BreadcrumbList","@id":"https:\/\/fotogasteiz.com\/blog\/fotografos\/samuel-fosso-vida-obra-biografia\/#breadcrumb","itemListElement":[{"@type":"ListItem","position":1,"name":"Portada","item":"https:\/\/fotogasteiz.com\/blog\/"},{"@type":"ListItem","position":2,"name":"Fot\u00f3grafos y fot\u00f3grafas (biograf\u00edas)","item":"https:\/\/fotogasteiz.com\/blog\/fotografos\/"},{"@type":"ListItem","position":3,"name":"Samuel Fosso"}]},{"@type":"WebSite","@id":"https:\/\/fotogasteiz.com\/blog\/#website","url":"https:\/\/fotogasteiz.com\/blog\/","name":"Profesor de fotograf\u00eda","description":"por Gustavo Bravo","potentialAction":[{"@type":"SearchAction","target":{"@type":"EntryPoint","urlTemplate":"https:\/\/fotogasteiz.com\/blog\/?s={search_term_string}"},"query-input":{"@type":"PropertyValueSpecification","valueRequired":true,"valueName":"search_term_string"}}],"inLanguage":"es"}]}},"_links":{"self":[{"href":"https:\/\/fotogasteiz.com\/blog\/wp-json\/wp\/v2\/pages\/14503","targetHints":{"allow":["GET"]}}],"collection":[{"href":"https:\/\/fotogasteiz.com\/blog\/wp-json\/wp\/v2\/pages"}],"about":[{"href":"https:\/\/fotogasteiz.com\/blog\/wp-json\/wp\/v2\/types\/page"}],"author":[{"embeddable":true,"href":"https:\/\/fotogasteiz.com\/blog\/wp-json\/wp\/v2\/users\/1"}],"replies":[{"embeddable":true,"href":"https:\/\/fotogasteiz.com\/blog\/wp-json\/wp\/v2\/comments?post=14503"}],"version-history":[{"count":13,"href":"https:\/\/fotogasteiz.com\/blog\/wp-json\/wp\/v2\/pages\/14503\/revisions"}],"predecessor-version":[{"id":14541,"href":"https:\/\/fotogasteiz.com\/blog\/wp-json\/wp\/v2\/pages\/14503\/revisions\/14541"}],"up":[{"embeddable":true,"href":"https:\/\/fotogasteiz.com\/blog\/wp-json\/wp\/v2\/pages\/1689"}],"wp:attachment":[{"href":"https:\/\/fotogasteiz.com\/blog\/wp-json\/wp\/v2\/media?parent=14503"}],"curies":[{"name":"wp","href":"https:\/\/api.w.org\/{rel}","templated":true}]}}