{"id":17847,"date":"2022-02-07T18:12:23","date_gmt":"2022-02-07T18:12:23","guid":{"rendered":"https:\/\/fotogasteiz.com\/blog\/?page_id=17847"},"modified":"2022-04-20T11:03:01","modified_gmt":"2022-04-20T11:03:01","slug":"gustavo-gomes-minas-vida-obra-biografia","status":"publish","type":"page","link":"https:\/\/fotogasteiz.com\/blog\/fotografos\/gustavo-gomes-minas-vida-obra-biografia\/","title":{"rendered":"Gustavo Minas"},"content":{"rendered":"<div  data-label=\"intro\" data-id=\"about--1\" data-export-id=\"about-10\" data-category=\"about\" class=\"about-10 content-section content-section-spacing\" id=\"intro\" style=\"background-color: rgb(255, 255, 255);\"><div  class=\"gridContainer\"> <div  class=\"row middle-sm text-center\"><div  class=\"col-sm-5 space-bottom-xs content-column\" data-type=\"column\"> <h5  class=\"\"><span  style=\"color: rgb(255, 152, 0);\">Vida \u2013 Obra \u2013 Biograf\u00eda<\/span><\/h5>  <p  class=\"lead\">GRANDES FOT\u00d3GRAFOS Y FOT\u00d3GRAFAS<\/p><h2  class=\"\"><span  style=\"font-family: &quot;Playfair Display&quot;, arial, helvetica, sans-serif; color: rgb(0, 0, 0);\">Gustavo Minas<\/span><\/h2><p  class=\"lead\">(Gustavo Gomes)<\/p><p  class=\"\"><span  style=\"font-family: Muli, arial, helvetica, sans-serif; color: rgb(52, 58, 64);\"><span  style=\"font-weight: 900;\">Gustavo \u2018Minas\u2019&nbsp;Gomes<\/span> <span  style=\"font-weight: 900;\">(1981-)<\/span> es un periodista y fot\u00f3grafo conocido principalmente por su trabajo de calle, donde destaca por jugar con las yuxtaposiciones, los reflejos y las luces crepusculares de su Brasil natal. \n<\/span><br ><br ><span  style=\"font-family: Muli, arial, helvetica, sans-serif; color: rgb(52, 58, 64);\">En su obra, Minas pone especial hincapi\u00e9 en transformar la condici\u00f3n humana del d\u00eda a d\u00eda en instant\u00e1neas con una gran fricci\u00f3n cognitiva en las que se todo parece volverse extraordinario.<\/span><\/p> <p  class=\"\"><span  style=\"font-weight: 700; font-style: italic; color: rgb(255, 51, 105);\">\u00daltima actualizaci\u00f3n: febrero 2022<\/span><\/p><\/div> <div  class=\"col-sm-7 flexbox middle-xs center-xs space-bottom-xs\"><div  class=\"overlay-box middle-xs center-xs flexbox\"> <div  class=\"overlay-box-offset offset-border shadow-medium border-color1 hide-xs\"><\/div> <img decoding=\"async\"  class=\"shadow-large lazyload\" data-size=\"485x705\" data-src=\"https:\/\/i0.wp.com\/fotogasteiz.com\/blog\/wp-content\/uploads\/2022\/02\/cropped-gustavo-minas-adobe-kendall-7.jpeg?w=3840&amp;ssl=1\" title=\"cropped-gustavo-minas-adobe-kendall-7.jpeg\" alt=\"\" width=\"294\" height=\"426\" src=\"data:image\/svg+xml;base64,PHN2ZyB3aWR0aD0iMSIgaGVpZ2h0PSIxIiB4bWxucz0iaHR0cDovL3d3dy53My5vcmcvMjAwMC9zdmciPjwvc3ZnPg==\" style=\"--smush-placeholder-width: 294px; --smush-placeholder-aspect-ratio: 294\/426;\"><\/div> <\/div><\/div> <\/div><\/div><div  data-label=\"Cta\" data-id=\"cta--1\" data-export-id=\"cta-centered-section-grid\" data-category=\"cta\" class=\"cta-centered-section-grid content-section content-section-spacing-medium bg-color1 white-text\" id=\"cta-1\" style=\"background-image: none; background-color: rgb(255, 152, 0);\"><div  class=\"\"> <div  class=\"row text-center\"><div  class=\"col-xs-12 col-sm-10 col-sm-offset-1 col-md-8 col-md-offset-2\" data-type=\"column\"> <h2  class=\"\"><span  style=\"font-family: &quot;Playfair Display&quot;, arial, helvetica, sans-serif;\">\u00abSaber que la fotograf\u00eda es ficci\u00f3n fue liberador: dej\u00e9 de buscar s\u00f3lo momentos interesantes en las calles, ya que aprend\u00ed que pod\u00eda transformar la realidad banal en algo extraordinario a trav\u00e9s del uso de la luz, las sombras y los reflejos\u00bb<\/span><\/h2> <p  class=\"\">\u2013 Gustavo Minas<\/p> <\/div> <\/div><\/div> <\/div><div  data-label=\"primeros anos\" data-id=\"content--1\" data-export-id=\"content-7\" data-category=\"content\" class=\"content-7 content-section content-section-spacing\" id=\"primeros-anos\" style=\"background-color: rgb(245, 250, 253); background-image: none;\"><div  class=\"gridContainer\"> <div  class=\"row middle-sm\"><div  class=\"col-sm-6 space-bottom-xs\" data-type=\"column\"> <h2  class=\"\"><span  style=\"font-family: &quot;Playfair Display&quot;, arial, helvetica, sans-serif; color: rgb(0, 0, 0);\">Biograf\u00eda de Gustavo Minas&nbsp;<\/span><\/h2> <p  class=\"\"><span  style=\"font-family: Muli, arial, helvetica, sans-serif; color: rgb(52, 58, 64);\"><span  style=\"font-weight: 900;\">Gustavo \u2018Minas\u2019 Gomes<\/span> naci\u00f3 el 11 de abril de 1981 en C\u00e1ssia, un municipio brasile\u00f1o ubicado en el centro del estado de Minas Gerais. Su padre era dentista y su madre regentaba una tienda.<\/span><br ><br ><span  style=\"font-family: Muli, arial, helvetica, sans-serif; color: rgb(52, 58, 64);\">\nEstudi\u00f3 Periodismo en la Universidad Estadual de Londrina.<br ><br >Y en 2009, a los 28 a\u00f1os de edad, estudi\u00f3 Lenguaje e Historia de la Fotograf\u00eda con el fot\u00f3grafo brasile\u00f1o <span  style=\"font-weight: 900;\">Carlos Moreira<\/span> (1936-2020) en S\u00e3o Paulo. Aquella formaci\u00f3n le cambi\u00f3 la vida. Desde entonces, no ha dejado de fotografiar a diario y durante horas.<\/span><br ><br ><span  style=\"font-family: Muli, arial, helvetica, sans-serif; color: rgb(52, 58, 64); font-style: italic;\">\n\u00abAprender de Carlos Moreira fue un hito para m\u00ed. Antes sab\u00eda c\u00f3mo hacer una imagen correcta, pero hasta este momento no sab\u00eda nada sobre el lenguaje fotogr\u00e1fico y la historia del medio\u00bb.\n<\/span><br ><br ><span  style=\"font-family: Muli, arial, helvetica, sans-serif; color: rgb(52, 58, 64);\">\n\u00abMis primeras fotos eran formales, frontales y bidimensionales\u00bb<br ><br >\u00abYo cuando salgo a la calle veo en color\u00bb<br ><br >En Sau Paulo fotografiaba en la Avenida Paulista. All\u00ed, en sus \u00faltimos a\u00f1os en esta ciudad, empez\u00f3 a interesarse por los reflejos. Y posteriormente -y en la actualidad- fotograf\u00eda en Brasilia. Es asiduo a su estaci\u00f3n de autobuses -su rodovi\u00e1ria- porque es el lugar m\u00e1s transitado de esta ciudad.<\/span><span  style=\"font-family: Muli, arial, helvetica, sans-serif; color: rgb(52, 58, 64); font-style: italic;\"><br ><br >Pero no fotograf\u00eda la realidad tal y como es \u00abNo me importa mucho la verdad de las calles, me gusta manipularla\u00bb\n<br ><br >Y aunque le gusta descubrir nuevos lugares: \u00abSoy una persona curiosa y me gusta explorar nuevas zonas de las ciudades a trav\u00e9s de la fotograf\u00eda\u00bb<\/span><span  style=\"font-family: Muli, arial, helvetica, sans-serif; color: rgb(52, 58, 64);\"><br ><br >Siempre regresa a los lugares en los que ha hecho sus mejores fotograf\u00edas.\n<\/span><br ><br ><span  style=\"font-family: Muli, arial, helvetica, sans-serif; color: rgb(52, 58, 64);\">\n\u00abMe gusta regresar a los mismos lugares todos los d\u00edas, como lo he estado haciendo con mi proyecto de la Estaci\u00f3n de Autobuses en Brasilia\u00bb.<br >\n<br >Hacer fotograf\u00eda le apasiona -sobre todo en la estaci\u00f3n seca, entre mayo y septiembre, cuando brilla el sol y no hay nubes ni lluvia-.&nbsp;Le divierte pasar horas fotografiando en la calle vuelva o no a casa con una buena fotograf\u00eda. Y espera seis meses antes de publicar las fotos.\n<\/span><\/p> <\/div> <div  class=\"col-sm-6\" data-type=\"column\"> <img decoding=\"async\"  class=\"shadow-large lazyload\" data-src=\"https:\/\/i0.wp.com\/fotogasteiz.com\/blog\/wp-content\/uploads\/2022\/02\/gustavo-minas-adobe-kendall-8.jpeg?w=3840&amp;ssl=1\" title=\"gustavo minas - adobe kendall 8\" alt=\"\" width=\"586\" height=\"391\" src=\"data:image\/svg+xml;base64,PHN2ZyB3aWR0aD0iMSIgaGVpZ2h0PSIxIiB4bWxucz0iaHR0cDovL3d3dy53My5vcmcvMjAwMC9zdmciPjwvc3ZnPg==\" style=\"--smush-placeholder-width: 586px; --smush-placeholder-aspect-ratio: 586\/391;\"><p  class=\"\">&nbsp;<\/p><h3  class=\"\" style=\"text-align: right;\"><span  style=\"font-family: &quot;Playfair Display&quot;, arial, helvetica, sans-serif; font-style: italic; color: rgb(255, 152, 0);\">\u00abLa experiencia de estar en la calle al final importa m\u00e1s que las fotos que tomo. Esto evita que me sienta frustrado cuando no tomo buenas fotograf\u00edas\u00bb<\/span><br ><span  style=\"font-weight: 400; color: rgb(255, 152, 0);\">\u2013 Gustavo Minas<\/span><\/h3><\/div> <\/div><\/div> <\/div><div  data-label=\"Cta\" data-id=\"cta--3\" data-export-id=\"cta-centered-section-grid\" data-category=\"cta\" class=\"cta-centered-section-grid content-section content-section-spacing-medium bg-color1 white-text\" id=\"cta-3\" style=\"background-image: none; background-color: rgb(255, 152, 0);\"><div  class=\"gridContainer\"> <div  class=\"row text-center\"><div  class=\"col-xs-12 col-sm-10 col-sm-offset-1 col-md-8 col-md-offset-2\" data-type=\"column\"> <h2  class=\"\"><span  style=\"font-family: &quot;Playfair Display&quot;, arial, helvetica, sans-serif; font-style: italic;\">\u00abMi sue\u00f1o es jubilarme para tener todo el d\u00eda para fotografiar\u00bb<\/span><\/h2> <p  class=\"\">\u2013 Gustavo Minas<\/p> <\/div> <\/div><\/div> <\/div><div  data-label=\"estacion de autobuses\" data-id=\"content--2\" data-export-id=\"content-8\" data-category=\"content\" class=\"content-8 content-section content-section-spacing\" id=\"estacion-de-autobuses\" style=\"background-color: rgb(245, 250, 253);\"><div  class=\"gridContainer\"> <div  class=\"row middle-sm\"><div  class=\"col-sm-6 space-bottom-xs space-top-xs\" data-type=\"column\"> <img decoding=\"async\"  class=\"shadow-large lazyload\" data-src=\"https:\/\/i0.wp.com\/fotogasteiz.com\/blog\/wp-content\/uploads\/2022\/02\/gustavo-minas-adobe-kendall-plant-3.jpeg?w=3840&amp;ssl=1\" title=\"gustavo minas - adobe kendall plant 3\" alt=\"\" width=\"586\" height=\"391\" src=\"data:image\/svg+xml;base64,PHN2ZyB3aWR0aD0iMSIgaGVpZ2h0PSIxIiB4bWxucz0iaHR0cDovL3d3dy53My5vcmcvMjAwMC9zdmciPjwvc3ZnPg==\" style=\"--smush-placeholder-width: 586px; --smush-placeholder-aspect-ratio: 586\/391;\"><p  class=\"\">&nbsp;<\/p><img decoding=\"async\"  class=\"custom-image lazyload\" data-src=\"https:\/\/i0.wp.com\/fotogasteiz.com\/blog\/wp-content\/uploads\/2022\/02\/rodoviaria_01_1198.jpg?w=3840&amp;ssl=1\" title=\"rodoviaria_01_1198\" alt=\"\" width=\"586\" height=\"391\" src=\"data:image\/svg+xml;base64,PHN2ZyB3aWR0aD0iMSIgaGVpZ2h0PSIxIiB4bWxucz0iaHR0cDovL3d3dy53My5vcmcvMjAwMC9zdmciPjwvc3ZnPg==\" style=\"--smush-placeholder-width: 586px; --smush-placeholder-aspect-ratio: 586\/391;\"><p  class=\"\"><span  style=\"font-family: Muli, arial, helvetica, sans-serif; color: rgb(52, 58, 64);\">&nbsp;Estaci\u00f3n de autobuses de Brasilia Foto: Gustavo Minas<\/span><\/p><img decoding=\"async\"  class=\"custom-image lazyload\" data-src=\"https:\/\/i0.wp.com\/fotogasteiz.com\/blog\/wp-content\/uploads\/2022\/02\/gustavo-retrato-adobe-kendall.jpeg?w=3840&amp;ssl=1\" title=\"gustavo retrato adobe kendall\" alt=\"\" width=\"586\" height=\"391\" src=\"data:image\/svg+xml;base64,PHN2ZyB3aWR0aD0iMSIgaGVpZ2h0PSIxIiB4bWxucz0iaHR0cDovL3d3dy53My5vcmcvMjAwMC9zdmciPjwvc3ZnPg==\" style=\"--smush-placeholder-width: 586px; --smush-placeholder-aspect-ratio: 586\/391;\"><h3  class=\"\"><span  style=\"font-family: &quot;Playfair Display&quot;, arial, helvetica, sans-serif; font-style: italic; color: rgb(255, 152, 0);\">\u00abTodas mis fotograf\u00edas son espont\u00e1neas. Soy muy malo para posar personas y mi imaginaci\u00f3n no es tan amplia como la cantidad de posibilidades que ofrecen las calles\u00bb\n<\/span><br ><span  style=\"color: rgb(255, 152, 0); font-weight: 400;\">\u2013 Gustavo Minas<\/span><\/h3><\/div> <div  class=\"col-sm-6\" data-type=\"column\"><p  class=\"lead\"><span  style=\"font-family: Muli, arial, helvetica, sans-serif; color: rgb(255, 152, 0); font-weight: 900;\">BIOGRAF\u00cdA DE GUSTAVO MINAS<\/span><\/p><h2  class=\"\"><span  style=\"font-family: &quot;Playfair Display&quot;, arial, helvetica, sans-serif; color: rgb(0, 0, 0);\">La estaci\u00f3n de autobuses: la \u2018mina\u2019 de Gustavo Gomes<\/span><\/h2> <p  class=\"\"><span  style=\"font-family: Muli, arial, helvetica, sans-serif; color: rgb(52, 58, 64);\">La estaci\u00f3n de autobuses de Brasilia es una mina fotogr\u00e1fica para <span  style=\"font-weight: 900;\">Gustavo Minas<\/span>. All\u00ed hizo la foto semilla de su gran proyecto fotogr\u00e1fico vital. Y all\u00ed vuelve una y otra vez.\n<\/span><br ><br ><span  style=\"font-family: Muli, arial, helvetica, sans-serif; color: rgb(52, 58, 64);\">Gustavo Minas se mud\u00f3 de Sau Paulo a Brasilia en 2014, a los 33 a\u00f1os de edad, por trabajo -un puesto fijo como periodista- y por amor -su entonces novia, ahora mujer, viv\u00eda all\u00ed-, y comenz\u00f3 a fotografiar en la estaci\u00f3n de autobuses de esta ciudad brasile\u00f1a en 2015, porque era el lugar m\u00e1s concurrido de esta \u00abciudad maqueta\u00bb, porque pasaba por all\u00ed en su ruta a su trabajo como periodista y porque viajaba mucho en autob\u00fas a las ciudades lim\u00edtrofes de Brasilia, que visitaba para hacer foto de calle -fotografia de rua-.<\/span><br ><br ><span  style=\"font-family: Muli, arial, helvetica, sans-serif; color: rgb(52, 58, 64); font-style: italic;\">\n\u00abAl principio, hac\u00eda im\u00e1genes muy descriptivas del lugar, pero a medida que pasaban los meses, mis fotos se volv\u00edan m\u00e1s y m\u00e1s sofisticadas en t\u00e9rminos de estructura y composici\u00f3n, y a menudo inclu\u00edan muchas capas e historias paralelas\u00bb.\n<\/span><br ><br ><span  style=\"font-family: Muli, arial, helvetica, sans-serif; color: rgb(52, 58, 64);\">\nHac\u00eda sus fotos en el tiempo libre que le dejaba su trabajo:<\/span><br ><span  style=\"font-family: Muli, arial, helvetica, sans-serif; color: rgb(52, 58, 64);\">\n\u00abTrabajaba de 14.00 a 22.00 horas, as\u00ed que me levantaba temprano para poder hacer fotos durante 2 \u00f3 3 horas. Y en el descanso que hac\u00eda a las 17.00 horas volv\u00eda a disparar de nuevo\u00bb.\n<\/span><br ><br ><span  style=\"font-family: Muli, arial, helvetica, sans-serif; color: rgb(52, 58, 64); font-style: italic;\">\n\u00abConozco muy bien cada rinc\u00f3n, pero como es el \u00fanico lugar concurrido en Brasilia, sigo viniendo y algunos d\u00edas estoy harto de ver las mismas situaciones 2 \u00f3 3 veces por semana. Pero no me puedo quejar, ha sido un lugar muy importante para m\u00ed\u00bb.\n<\/span><br ><br ><span  style=\"font-family: Muli, arial, helvetica, sans-serif; color: rgb(52, 58, 64);\">\nLa de la izquierda es una de sus fotograf\u00edas favoritas, una foto algo diferente a lo que suele hacer. \u00abEl hecho de que fuera totalmente inesperado y no planificado tambi\u00e9n me gusta\u00bb.\n<\/span><br ><br ><span  style=\"font-family: Muli, arial, helvetica, sans-serif; color: rgb(52, 58, 64); font-style: italic;\">\n\u00abComo de costumbre, me levant\u00e9 temprano para fotografiar en la Estaci\u00f3n de Autobuses de Brasilia. Mientras me acercaba a la estaci\u00f3n, llegaron algunas nubes y oscurecieron el sol, lo que normalmente me har\u00eda regresar a casa. Decid\u00ed quedarme y darle una oportunidad. Al entrar en la estaci\u00f3n, vi, en el cristal de un autob\u00fas, este bonito reflejo de una fila de personas de pie en el and\u00e9n superior del edificio y decid\u00ed fotografiarlo. En la segunda toma, el chofer del autob\u00fas se levant\u00f3 y parte de su rostro resalt\u00f3 contra el reflejo de las nubes, d\u00e1ndole un aspecto misterioso\u00bb.<\/span><br ><br ><span  style=\"font-family: Muli, arial, helvetica, sans-serif; color: rgb(52, 58, 64);\">\nLa hizo con su Nikon D600, objetivo Voigtlander de 40 mm f2, f5.6, 1\/200 e ISO 125 y sin flash. Como el d\u00eda estaba nublado, aument\u00f3 el contraste para que la cara del conductor fuera m\u00e1s visible y agreg\u00f3 algo de claridad y granulado para mejorar la textura de las nubes en Lightroom.\n<\/span><br ><br ><span  style=\"font-family: Muli, arial, helvetica, sans-serif; color: rgb(52, 58, 64);\">\n\u00abEl hermoso potencial de un d\u00eda nublado me hizo prestar m\u00e1s atenci\u00f3n a los reflejos, que en aquel momento estaba explorando mucho. Me di cuenta de que pod\u00eda tener vistas de 360 grados en mis im\u00e1genes, mostrando tanto lo que tengo delante como lo que tengo detr\u00e1s\u00bb.\n<\/span><span  style=\"font-family: Muli, arial, helvetica, sans-serif; color: rgb(52, 58, 64);\">Se confiesa admirador de <span  style=\"font-weight: 900;\">Gueorgui Pinkhassov<\/span>&nbsp;y le gusta mucho que las fotos de <span  style=\"font-weight: 900;\">Stuart Paton<\/span> le hagan plantearse c\u00f3mo las hizo.<\/span><br ><span  style=\"font-family: Muli, arial, helvetica, sans-serif; color: rgb(52, 58, 64);\">\n\u00abMe atrae mucho la luz dram\u00e1tica, las sombras y los reflejos, pero la presencia humana tambi\u00e9n es muy importante en mi trabajo\u00bb.<\/span><br ><br ><span  style=\"font-family: Muli, arial, helvetica, sans-serif; color: rgb(52, 58, 64);\">\nEn 2015 naci\u00f3 su hija <span  style=\"font-weight: 900;\">Violeta.&nbsp;<\/span>Fue un parto de m\u00e1s de 20 horas que tuvo lugar en su casa, con una preciosa luz de invierno entrando por la ventana y Gustavo Minas retrat\u00f3 este momento tan especial en su proyecto \u2018O Parto\u2019, compuesto por los \u00faltimos meses de embarazo de su mujer y el primer d\u00eda de vida de Violeta.<\/span><\/p> <\/div> <\/div><\/div> <\/div><div  data-label=\"Cta\" data-id=\"cta--2\" data-export-id=\"cta-centered-section-grid\" data-category=\"cta\" class=\"cta-centered-section-grid content-section content-section-spacing-medium bg-color1 white-text\" id=\"cta-2\" style=\"background-image: none; background-color: rgb(255, 152, 0);\"><div  class=\"\"> <div  class=\"row text-center\"><div  class=\"col-xs-12 col-sm-10 col-sm-offset-1 col-md-8 col-md-offset-2\" data-type=\"column\"> <h2  class=\"\"><span  style=\"font-family: &quot;Playfair Display&quot;, arial, helvetica, sans-serif;\">\u00abSoy muy disciplinado y met\u00f3dico. Los meses de la estaci\u00f3n seca (mayo \u2013 septiembre) madrugo y 2\/3 veces por semana salgo con las primeras luces del d\u00eda. Es una urgencia y una necesidad\u00bb<\/span><\/h2> <p  class=\"\">\u2013 Gustavo Minas<\/p> <\/div> <\/div><\/div> <\/div><div  data-label=\"libro\" data-id=\"content--3\" data-export-id=\"content-7\" data-category=\"content\" class=\"content-7 content-section content-section-spacing\" id=\"libro\" style=\"background-color: rgb(245, 250, 253); background-image: none;\"><div  class=\"gridContainer\"> <div  class=\"row middle-sm\"><div  class=\"col-sm-6 space-bottom-xs\" data-type=\"column\"> <p  class=\"lead\"><span  style=\"font-family: Muli, arial, helvetica, sans-serif; font-weight: 900; color: rgb(255, 152, 0);\">BIOGRAF\u00cdA DE GUSTAVO MINAS<\/span><\/p><h2  class=\"\"><span  style=\"font-family: &quot;Playfair Display&quot;, arial, helvetica, sans-serif; color: rgb(0, 0, 0);\">Su primer libro: ocho a\u00f1os de luces y sombras m\u00e1ximas<\/span><\/h2> <p  class=\"\"><span  style=\"font-family: Muli, arial, helvetica, sans-serif; color: rgb(52, 58, 64); font-style: italic;\">En 2017, a los 36 a\u00f1os de edad, su serie \u2018Estaci\u00f3n de Autobuses\u2019 gan\u00f3 el premio POY LATAM en la categor\u00eda \u2018El Futuro de las Ciudades\u2019, fue exhibida en el Centro de Fotograf\u00eda de Montevideo y la prensa se hizo eco.<br ><br >\u00abMi proyecto Bus Station se public\u00f3 la web de la revista Atlantic, y por casualidad el editor Lois Lammerhuber, que resid\u00eda en Austria pero hab\u00eda vivido en Brasil, lo vio, visit\u00f3 mi sitio web y me invit\u00f3 a hacer un libro. \u00c9l se encargaba de todo. Fui a Austria en el verano de 2017 (a los 37 a\u00f1os de edad) para editarlo, llev\u00e9 900 fotos de 8 a\u00f1os de trabajo. Los calificamos en 5 rondas hasta llegar a los 95 finales. Es mucho para un fotolibro, por lo que la secuencia intenta romper las expectativas del espectador hasta el final: una imagen tiene que ser diferente a la anterior, y as\u00ed sucesivamente\u00bb.\n<\/span><br ><br ><span  style=\"font-family: Muli, arial, helvetica, sans-serif; color: rgb(52, 58, 64);\">El trabajo de Bus Station se materializ\u00f3 dos a\u00f1os despu\u00e9s, en mayo de 2019 -cuando Gustavo Minas ten\u00eda 39 a\u00f1os de edad- en un libro llamado \u2018<span  style=\"font-weight: 900;\">Maximum Shadow Minimal Light<\/span>\u2018. Era su primer libro, as\u00ed titulado en honor a un fragmento del poema del poeta brasile\u00f1o Paulo Leminski (1944 Curitiba -1989 Curitiba)\u2019A lei do quao\u2019 (\u2018La ley de c\u00f3mo) que dice: \u00abDeve ocorrer em breve uma brisa que leve um jeito de chuva \u00e0 \u00faltima branca de neve.  At\u00e9 l\u00e1, observe-se a mais estrita disciplina. A sombra m\u00e1xima pode vir da luz m\u00ednima\u00bb (traducido, \u2018La ley de c\u00f3mo\u2019 versa: \u00abDeber\u00eda suceder pronto una brisa que se lleva un camino de lluvia hasta la \u00faltima nieve blanca.  Hasta entonces, cu\u00eddate la m\u00e1s estricta disciplina. la sombra m\u00e1xima puede provenir de una luz m\u00ednima\u00bb.\n<br ><br >El libro, publicado por la editorial austriaca Lammerhuber, re\u00fane 95 fotos de diferentes \u00e9pocas y lugares, tomadas en diez a\u00f1os de viaje por ciudades como Brasilia, S\u00e3o Paulo y C\u00e1ssia (MG), ciudad natal del fot\u00f3grafo. Las fotograf\u00edas presentan situaciones cotidianas espont\u00e1neas, en las que la realidad se transforma en peque\u00f1as ficciones visuales a trav\u00e9s de la observaci\u00f3n, el uso de luces dram\u00e1ticas, reflejos y una intensa paleta de colores..<\/span><br ><br ><span  style=\"font-family: Muli, arial, helvetica, sans-serif; color: rgb(52, 58, 64);\">\nEn 2020, durante la pandemia, aprovech\u00f3 para leer literatura y disfrutar del cine.\n<\/span><br ><br ><span  style=\"font-family: Muli, arial, helvetica, sans-serif; color: rgb(52, 58, 64); font-style: italic;\">\n\u00abLa literatura puede afectar a tu trabajo. Una curadora me dijo que mi obra le recuerda a la del escritor japon\u00e9s Haruki Murakami (\u2026) La pel\u00edcula \u2018El espejo y la nostalgia\u2019, de Andrei Tarkovsky, influy\u00f3 mucho en uno de mis fot\u00f3grafos favoritos: Gueorgui Pinkhassov. Me gustan mucho porque no tienen mucho que ver con la narrativa, las maravillosas im\u00e1genes en movimiento que crea juegan un papel muy importante en las pel\u00edculas\u00bb. Entre sus referentes est\u00e1n&nbsp;Win Wenders, Harry Gruyaert, Lee Friedlander, Saul Leiter, Alex Webb, Boris Savelev, Gueorgui Pinkhassov, Luis Braga, Miguel R\u00edo Branco, Tiago Santana y Sally Mann.<\/span><br ><br ><span  style=\"font-family: Muli, arial, helvetica, sans-serif; color: rgb(52, 58, 64);\">\nEn 2021, a los 40 a\u00f1os de edad, su trabajo se present\u00f3 en la muestra <span  style=\"font-weight: 900;\">\u2018Common Life Utopias\u2019<\/span>, en el Pabell\u00f3n de Brasil en la 17\u00aa Exposici\u00f3n Internacional de Arquitectura (La Biennale di Venezia ).\n<\/span><br ><br ><span  style=\"font-family: Muli, arial, helvetica, sans-serif; color: rgb(52, 58, 64);\">\nActualmente imparte cursos online de street photography en Domestika en portugu\u00e9s, subtitulados en varios idiomas, entre ellos el espa\u00f1ol. El taller se llama \u2018<a data-mce-href=\"https:\/\/www.domestika.org\/pt\/courses\/1209-introducao-a-fotografia-de-rua\/gustavominas\" href=\"https:\/\/www.domestika.org\/pt\/courses\/1209-introducao-a-fotografia-de-rua\/gustavominas\" target=\"_blank\" rel=\"noopener\" data-mce-selected=\"inline-boundary\" data-cp-link=\"1\" class=\"\"><span  style=\"font-weight: 900;\">Introducci\u00f3n a la fotograf\u00eda callejera<\/span><\/a>\u2018,<\/span><span  style=\"font-family: Muli, arial, helvetica, sans-serif; color: rgb(52, 58, 64);\">&nbsp;e imparte talleres presencial junto a&nbsp;Gabriel Cabral, fot\u00f3grafo y editor, autor de dos fanzines que ha publicado Gustavo Minas,&nbsp;si bien sigue trabajando como periodista.&nbsp;<\/span><br ><br ><span  style=\"font-family: Muli, arial, helvetica, sans-serif; color: rgb(52, 58, 64); font-style: italic;\">\n\u00abEs bueno no preocuparme por pagar mis cuentas con la fotograf\u00eda, me siento muy libre para tomar lo que quiera y tengo mucha energ\u00eda para hacer fotograf\u00eda\u00bb.\n<\/span><br ><br ><span  style=\"font-family: Muli, arial, helvetica, sans-serif; color: rgb(52, 58, 64);\">\nActualmente tiene 41 a\u00f1os y vive con su mujer y su hija Violeta en Brasilia.\n<\/span><br ><br ><span  style=\"font-family: Muli, arial, helvetica, sans-serif; color: rgb(52, 58, 64);\"><span  style=\"font-style: italic;\">\n\u00abProbablemente seguir\u00e9 fotografiando en la estaci\u00f3n de Brasilia mientras viva (\u2026) y tengo una serie en curso sobre Brasilia fuera de la estaci\u00f3n de autobuses que supongo que solo terminar\u00e9 cuando deje la ciudad para siempre\u00bb.<\/span>\n<\/span><br ><span  style=\"font-family: Muli, arial, helvetica, sans-serif; color: rgb(52, 58, 64);\">\nAconseja a los amantes de la foto de calle que siguen sus pasos que no se rindan sin intentarlo a fondo.\n<\/span><br ><br ><span  style=\"font-family: Muli, arial, helvetica, sans-serif; color: rgb(52, 58, 64); font-style: italic;\">\n\u00abNo te rindas demasiado pronto. Prueba a ver tu ciudad con mentalidad tur\u00edstica. Disfruta de tus paseos y date un premio al final del d\u00eda, ya sea una cerveza o un helado. No pongas todo el peso de la experiencia en las fotograf\u00edas que tomes.\n<br ><br >Los d\u00edas 30 y 31 de agosto y 1 de septiembre de 2022 <a data-mce-href=\"https:\/\/fotokalea.com\/taller-de-fotografia\/\" href=\"https:\/\/fotokalea.com\/taller-de-fotografia\/\" target=\"_self\" data-mce-selected=\"inline-boundary\" data-cp-link=\"1\" rel=\"noopener\">Gustavo Minas impartir\u00e1 un taller de foto de calle en Madrid<\/a>, de la mano de Gustavo Bravo (FotoGasteiz, FotoKalea).\n<br ><br >* <a data-mce-href=\"https:\/\/zonaretiro.com\/eventos\/gustavo-minas-madrid\/\" href=\"https:\/\/zonaretiro.com\/eventos\/gustavo-minas-madrid\/\" target=\"_self\" data-mce-selected=\"inline-boundary\" data-cp-link=\"1\" rel=\"noopener\">Taller de foto de calle de Gustavo Minas en Madrid<\/a>&nbsp;<br ><\/span><\/p> <\/div> <div  class=\"col-sm-6\" data-type=\"column\"> <img decoding=\"async\"  class=\"shadow-large lazyload\" data-src=\"https:\/\/i0.wp.com\/fotogasteiz.com\/blog\/wp-content\/uploads\/2022\/02\/livro-maximum-shadow-01-scaled-1.jpeg?w=3840&amp;ssl=1\" title=\"livro-maximum-shadow-01-scaled\" alt=\"\" width=\"476\" height=\"318\" src=\"data:image\/svg+xml;base64,PHN2ZyB3aWR0aD0iMSIgaGVpZ2h0PSIxIiB4bWxucz0iaHR0cDovL3d3dy53My5vcmcvMjAwMC9zdmciPjwvc3ZnPg==\" style=\"--smush-placeholder-width: 476px; --smush-placeholder-aspect-ratio: 476\/318;\"><p  class=\"\">&nbsp;<\/p><img decoding=\"async\"  class=\"custom-image lazyload\" data-src=\"https:\/\/i0.wp.com\/fotogasteiz.com\/blog\/wp-content\/uploads\/2022\/02\/livro-maximum-shadow-04-scaled-1.jpeg?w=3840&amp;ssl=1\" title=\"livro-maximum-shadow-04-scaled\" alt=\"\" width=\"476\" height=\"318\" src=\"data:image\/svg+xml;base64,PHN2ZyB3aWR0aD0iMSIgaGVpZ2h0PSIxIiB4bWxucz0iaHR0cDovL3d3dy53My5vcmcvMjAwMC9zdmciPjwvc3ZnPg==\" style=\"--smush-placeholder-width: 476px; --smush-placeholder-aspect-ratio: 476\/318;\"><p  class=\"\">&nbsp;<\/p><img decoding=\"async\"  class=\"custom-image lazyload\" data-src=\"https:\/\/i0.wp.com\/fotogasteiz.com\/blog\/wp-content\/uploads\/2022\/02\/livro-maximum-shadow-06-scaled-1.jpeg?w=3840&amp;ssl=1\" title=\"livro-maximum-shadow-06-scaled\" alt=\"\" width=\"476\" height=\"318\" src=\"data:image\/svg+xml;base64,PHN2ZyB3aWR0aD0iMSIgaGVpZ2h0PSIxIiB4bWxucz0iaHR0cDovL3d3dy53My5vcmcvMjAwMC9zdmciPjwvc3ZnPg==\" style=\"--smush-placeholder-width: 476px; --smush-placeholder-aspect-ratio: 476\/318;\"><\/div> <\/div><\/div> <\/div>","protected":false},"excerpt":{"rendered":"<p>Vida \u2013 Obra \u2013 Biograf\u00eda GRANDES FOT\u00d3GRAFOS Y FOT\u00d3GRAFASGustavo Minas(Gustavo Gomes)Gustavo \u2018Minas\u2019&nbsp;Gomes (1981-) es un periodista y fot\u00f3grafo conocido principalmente por su trabajo de calle, donde destaca por jugar con las yuxtaposiciones, los reflejos y las luces crepusculares de su Brasil natal. En su obra, Minas pone especial hincapi\u00e9 en transformar la condici\u00f3n humana del&hellip; <br \/> <a class=\"read-more\" href=\"https:\/\/fotogasteiz.com\/blog\/fotografos\/gustavo-gomes-minas-vida-obra-biografia\/\">Read more<\/a><\/p>\n","protected":false},"author":1,"featured_media":17849,"parent":1689,"menu_order":0,"comment_status":"closed","ping_status":"closed","template":"pro\/page-templates\/full-width-page.php","meta":{"footnotes":""},"class_list":["post-17847","page","type-page","status-publish","has-post-thumbnail","hentry"],"yoast_head":"<!-- This site is optimized with the Yoast SEO Premium plugin v22.5 (Yoast SEO v27.5) - https:\/\/yoast.com\/product\/yoast-seo-premium-wordpress\/ -->\n<title>Gustavo Minas - Profesor de fotograf\u00eda<\/title>\n<meta name=\"robots\" content=\"index, follow, max-snippet:-1, max-image-preview:large, max-video-preview:-1\" \/>\n<link rel=\"canonical\" href=\"https:\/\/fotogasteiz.com\/blog\/fotografos\/gustavo-gomes-minas-vida-obra-biografia\/\" \/>\n<meta property=\"og:locale\" content=\"es_ES\" \/>\n<meta property=\"og:type\" content=\"article\" \/>\n<meta property=\"og:title\" content=\"Gustavo Minas\" \/>\n<meta property=\"og:description\" content=\"Vida \u2013 Obra \u2013 Biograf\u00eda GRANDES FOT\u00d3GRAFOS Y FOT\u00d3GRAFASGustavo Minas(Gustavo Gomes)Gustavo \u2018Minas\u2019&nbsp;Gomes (1981-) es un periodista y fot\u00f3grafo conocido principalmente por su trabajo de calle, donde destaca por jugar con las yuxtaposiciones, los reflejos y las luces crepusculares de su Brasil natal. En su obra, Minas pone especial hincapi\u00e9 en transformar la condici\u00f3n humana del&hellip; Read more\" \/>\n<meta property=\"og:url\" content=\"https:\/\/fotogasteiz.com\/blog\/fotografos\/gustavo-gomes-minas-vida-obra-biografia\/\" \/>\n<meta property=\"og:site_name\" content=\"Profesor de fotograf\u00eda\" \/>\n<meta property=\"article:modified_time\" content=\"2022-04-20T11:03:01+00:00\" \/>\n<meta property=\"og:image\" content=\"https:\/\/fotogasteiz.com\/blog\/wp-content\/uploads\/2022\/02\/gustavo-minas-adobe-kendall-7.jpeg\" \/>\n\t<meta property=\"og:image:width\" content=\"640\" \/>\n\t<meta property=\"og:image:height\" content=\"426\" \/>\n\t<meta property=\"og:image:type\" content=\"image\/jpeg\" \/>\n<meta name=\"twitter:card\" content=\"summary_large_image\" \/>\n<script type=\"application\/ld+json\" class=\"yoast-schema-graph\">{\"@context\":\"https:\\\/\\\/schema.org\",\"@graph\":[{\"@type\":\"WebPage\",\"@id\":\"https:\\\/\\\/fotogasteiz.com\\\/blog\\\/fotografos\\\/gustavo-gomes-minas-vida-obra-biografia\\\/\",\"url\":\"https:\\\/\\\/fotogasteiz.com\\\/blog\\\/fotografos\\\/gustavo-gomes-minas-vida-obra-biografia\\\/\",\"name\":\"Gustavo Minas - Profesor de fotograf\u00eda\",\"isPartOf\":{\"@id\":\"https:\\\/\\\/fotogasteiz.com\\\/blog\\\/#website\"},\"primaryImageOfPage\":{\"@id\":\"https:\\\/\\\/fotogasteiz.com\\\/blog\\\/fotografos\\\/gustavo-gomes-minas-vida-obra-biografia\\\/#primaryimage\"},\"image\":{\"@id\":\"https:\\\/\\\/fotogasteiz.com\\\/blog\\\/fotografos\\\/gustavo-gomes-minas-vida-obra-biografia\\\/#primaryimage\"},\"thumbnailUrl\":\"https:\\\/\\\/fotogasteiz.com\\\/blog\\\/wp-content\\\/uploads\\\/2022\\\/02\\\/gustavo-minas-adobe-kendall-7.jpeg\",\"datePublished\":\"2022-02-07T18:12:23+00:00\",\"dateModified\":\"2022-04-20T11:03:01+00:00\",\"breadcrumb\":{\"@id\":\"https:\\\/\\\/fotogasteiz.com\\\/blog\\\/fotografos\\\/gustavo-gomes-minas-vida-obra-biografia\\\/#breadcrumb\"},\"inLanguage\":\"es\",\"potentialAction\":[{\"@type\":\"ReadAction\",\"target\":[\"https:\\\/\\\/fotogasteiz.com\\\/blog\\\/fotografos\\\/gustavo-gomes-minas-vida-obra-biografia\\\/\"]}]},{\"@type\":\"ImageObject\",\"inLanguage\":\"es\",\"@id\":\"https:\\\/\\\/fotogasteiz.com\\\/blog\\\/fotografos\\\/gustavo-gomes-minas-vida-obra-biografia\\\/#primaryimage\",\"url\":\"https:\\\/\\\/fotogasteiz.com\\\/blog\\\/wp-content\\\/uploads\\\/2022\\\/02\\\/gustavo-minas-adobe-kendall-7.jpeg\",\"contentUrl\":\"https:\\\/\\\/fotogasteiz.com\\\/blog\\\/wp-content\\\/uploads\\\/2022\\\/02\\\/gustavo-minas-adobe-kendall-7.jpeg\",\"width\":640,\"height\":426},{\"@type\":\"BreadcrumbList\",\"@id\":\"https:\\\/\\\/fotogasteiz.com\\\/blog\\\/fotografos\\\/gustavo-gomes-minas-vida-obra-biografia\\\/#breadcrumb\",\"itemListElement\":[{\"@type\":\"ListItem\",\"position\":1,\"name\":\"Portada\",\"item\":\"https:\\\/\\\/fotogasteiz.com\\\/blog\\\/\"},{\"@type\":\"ListItem\",\"position\":2,\"name\":\"Fot\u00f3grafos y fot\u00f3grafas (biograf\u00edas)\",\"item\":\"https:\\\/\\\/fotogasteiz.com\\\/blog\\\/fotografos\\\/\"},{\"@type\":\"ListItem\",\"position\":3,\"name\":\"Gustavo Minas\"}]},{\"@type\":\"WebSite\",\"@id\":\"https:\\\/\\\/fotogasteiz.com\\\/blog\\\/#website\",\"url\":\"https:\\\/\\\/fotogasteiz.com\\\/blog\\\/\",\"name\":\"Profesor de fotograf\u00eda\",\"description\":\"por Gustavo Bravo\",\"potentialAction\":[{\"@type\":\"SearchAction\",\"target\":{\"@type\":\"EntryPoint\",\"urlTemplate\":\"https:\\\/\\\/fotogasteiz.com\\\/blog\\\/?s={search_term_string}\"},\"query-input\":{\"@type\":\"PropertyValueSpecification\",\"valueRequired\":true,\"valueName\":\"search_term_string\"}}],\"inLanguage\":\"es\"}]}<\/script>\n<!-- \/ Yoast SEO Premium plugin. -->","yoast_head_json":{"title":"Gustavo Minas - Profesor de fotograf\u00eda","robots":{"index":"index","follow":"follow","max-snippet":"max-snippet:-1","max-image-preview":"max-image-preview:large","max-video-preview":"max-video-preview:-1"},"canonical":"https:\/\/fotogasteiz.com\/blog\/fotografos\/gustavo-gomes-minas-vida-obra-biografia\/","og_locale":"es_ES","og_type":"article","og_title":"Gustavo Minas","og_description":"Vida \u2013 Obra \u2013 Biograf\u00eda GRANDES FOT\u00d3GRAFOS Y FOT\u00d3GRAFASGustavo Minas(Gustavo Gomes)Gustavo \u2018Minas\u2019&nbsp;Gomes (1981-) es un periodista y fot\u00f3grafo conocido principalmente por su trabajo de calle, donde destaca por jugar con las yuxtaposiciones, los reflejos y las luces crepusculares de su Brasil natal. En su obra, Minas pone especial hincapi\u00e9 en transformar la condici\u00f3n humana del&hellip; Read more","og_url":"https:\/\/fotogasteiz.com\/blog\/fotografos\/gustavo-gomes-minas-vida-obra-biografia\/","og_site_name":"Profesor de fotograf\u00eda","article_modified_time":"2022-04-20T11:03:01+00:00","og_image":[{"width":640,"height":426,"url":"https:\/\/fotogasteiz.com\/blog\/wp-content\/uploads\/2022\/02\/gustavo-minas-adobe-kendall-7.jpeg","type":"image\/jpeg"}],"twitter_card":"summary_large_image","schema":{"@context":"https:\/\/schema.org","@graph":[{"@type":"WebPage","@id":"https:\/\/fotogasteiz.com\/blog\/fotografos\/gustavo-gomes-minas-vida-obra-biografia\/","url":"https:\/\/fotogasteiz.com\/blog\/fotografos\/gustavo-gomes-minas-vida-obra-biografia\/","name":"Gustavo Minas - Profesor de fotograf\u00eda","isPartOf":{"@id":"https:\/\/fotogasteiz.com\/blog\/#website"},"primaryImageOfPage":{"@id":"https:\/\/fotogasteiz.com\/blog\/fotografos\/gustavo-gomes-minas-vida-obra-biografia\/#primaryimage"},"image":{"@id":"https:\/\/fotogasteiz.com\/blog\/fotografos\/gustavo-gomes-minas-vida-obra-biografia\/#primaryimage"},"thumbnailUrl":"https:\/\/fotogasteiz.com\/blog\/wp-content\/uploads\/2022\/02\/gustavo-minas-adobe-kendall-7.jpeg","datePublished":"2022-02-07T18:12:23+00:00","dateModified":"2022-04-20T11:03:01+00:00","breadcrumb":{"@id":"https:\/\/fotogasteiz.com\/blog\/fotografos\/gustavo-gomes-minas-vida-obra-biografia\/#breadcrumb"},"inLanguage":"es","potentialAction":[{"@type":"ReadAction","target":["https:\/\/fotogasteiz.com\/blog\/fotografos\/gustavo-gomes-minas-vida-obra-biografia\/"]}]},{"@type":"ImageObject","inLanguage":"es","@id":"https:\/\/fotogasteiz.com\/blog\/fotografos\/gustavo-gomes-minas-vida-obra-biografia\/#primaryimage","url":"https:\/\/fotogasteiz.com\/blog\/wp-content\/uploads\/2022\/02\/gustavo-minas-adobe-kendall-7.jpeg","contentUrl":"https:\/\/fotogasteiz.com\/blog\/wp-content\/uploads\/2022\/02\/gustavo-minas-adobe-kendall-7.jpeg","width":640,"height":426},{"@type":"BreadcrumbList","@id":"https:\/\/fotogasteiz.com\/blog\/fotografos\/gustavo-gomes-minas-vida-obra-biografia\/#breadcrumb","itemListElement":[{"@type":"ListItem","position":1,"name":"Portada","item":"https:\/\/fotogasteiz.com\/blog\/"},{"@type":"ListItem","position":2,"name":"Fot\u00f3grafos y fot\u00f3grafas (biograf\u00edas)","item":"https:\/\/fotogasteiz.com\/blog\/fotografos\/"},{"@type":"ListItem","position":3,"name":"Gustavo Minas"}]},{"@type":"WebSite","@id":"https:\/\/fotogasteiz.com\/blog\/#website","url":"https:\/\/fotogasteiz.com\/blog\/","name":"Profesor de fotograf\u00eda","description":"por Gustavo Bravo","potentialAction":[{"@type":"SearchAction","target":{"@type":"EntryPoint","urlTemplate":"https:\/\/fotogasteiz.com\/blog\/?s={search_term_string}"},"query-input":{"@type":"PropertyValueSpecification","valueRequired":true,"valueName":"search_term_string"}}],"inLanguage":"es"}]}},"_links":{"self":[{"href":"https:\/\/fotogasteiz.com\/blog\/wp-json\/wp\/v2\/pages\/17847","targetHints":{"allow":["GET"]}}],"collection":[{"href":"https:\/\/fotogasteiz.com\/blog\/wp-json\/wp\/v2\/pages"}],"about":[{"href":"https:\/\/fotogasteiz.com\/blog\/wp-json\/wp\/v2\/types\/page"}],"author":[{"embeddable":true,"href":"https:\/\/fotogasteiz.com\/blog\/wp-json\/wp\/v2\/users\/1"}],"replies":[{"embeddable":true,"href":"https:\/\/fotogasteiz.com\/blog\/wp-json\/wp\/v2\/comments?post=17847"}],"version-history":[{"count":40,"href":"https:\/\/fotogasteiz.com\/blog\/wp-json\/wp\/v2\/pages\/17847\/revisions"}],"predecessor-version":[{"id":18793,"href":"https:\/\/fotogasteiz.com\/blog\/wp-json\/wp\/v2\/pages\/17847\/revisions\/18793"}],"up":[{"embeddable":true,"href":"https:\/\/fotogasteiz.com\/blog\/wp-json\/wp\/v2\/pages\/1689"}],"wp:featuredmedia":[{"embeddable":true,"href":"https:\/\/fotogasteiz.com\/blog\/wp-json\/wp\/v2\/media\/17849"}],"wp:attachment":[{"href":"https:\/\/fotogasteiz.com\/blog\/wp-json\/wp\/v2\/media?parent=17847"}],"curies":[{"name":"wp","href":"https:\/\/api.w.org\/{rel}","templated":true}]}}