{"id":3590,"date":"2017-11-30T11:38:27","date_gmt":"2017-11-30T11:38:27","guid":{"rendered":"http:\/\/fotogasteiz.com\/blog\/?page_id=3590"},"modified":"2021-01-25T17:03:24","modified_gmt":"2021-01-25T17:03:24","slug":"vivian-maier-vida-obra-biografia","status":"publish","type":"page","link":"https:\/\/fotogasteiz.com\/blog\/fotografos\/vivian-maier-vida-obra-biografia\/","title":{"rendered":"Vivian Maier"},"content":{"rendered":"<div  data-label=\"Intro\" data-id=\"about--1\" data-export-id=\"about-10\" data-category=\"about\" class=\"about-10 content-section content-section-spacing\" id=\"intro\" style=\"background-color: rgb(255, 255, 255); background-image: none;\"><div  class=\"gridContainer\"> <div  class=\"row middle-sm text-center\"><div  class=\"col-sm-5 space-bottom-xs content-column\" data-type=\"column\"> <h5  class=\"\"><span  style=\"color: rgb(255, 152, 0);\">Vida \u2013 obra \u2013 Biograf\u00eda<\/span><\/h5> <p  class=\"lead\">GRANDES FOT\u00d3GRAFOS Y FOT\u00d3GRAFAS<\/p><h2  class=\"\"><span  style=\"font-family: &quot;Playfair Display&quot;, arial, helvetica, sans-serif; color: rgb(0, 0, 0);\">Vivian Maier<\/span><\/h2> <p  class=\"\"><span  style=\"font-family: Muli, arial, helvetica, sans-serif; color: rgb(52, 58, 64);\">Vivian Maier es una de las fot\u00f3grafas m\u00e1s influyentes de nuestro tiempo tras pasar toda una vida tomando fotograf\u00edas desde el m\u00e1s absoluto anonimato.\r\n<\/span><br ><br ><span  style=\"font-family: Muli, arial, helvetica, sans-serif; color: rgb(52, 58, 64);\">\r\nNi\u00f1era y empleada del hogar interna de profesi\u00f3n, llev\u00f3 una vida errante, de casa en casa, a las que acud\u00eda cargando decenas de maletas abarrotadas de rollos de negativos por revelar, con fotograf\u00edas que tomaba de forma impulsiva mientras desempe\u00f1aba su labor de cuidadora.\r\n<\/span><br ><br ><span  style=\"font-family: Muli, arial, helvetica, sans-serif; color: rgb(52, 58, 64);\">\r\nSus empleadores jam\u00e1s supieron del contenido de las maletas ni mucho menos que fuera tan buena fot\u00f3grafa, si bien recuerdan que siempre llevaba una c\u00e1mara de fotos consigo.<\/span><\/p> <p  class=\"\"><span  style=\"font-weight: 700; font-style: italic; color: rgb(255, 51, 105);\">\u00daltima actualizaci\u00f3n: noviembre 2020<\/span><\/p><\/div> <div  class=\"col-sm-7 flexbox middle-xs center-xs space-bottom-xs\"><div  class=\"overlay-box middle-xs center-xs flexbox\"> <div  class=\"overlay-box-offset offset-border shadow-medium border-color1 hide-xs\"><\/div> <img decoding=\"async\"  class=\"shadow-large lazyload\" data-size=\"485x705\" data-src=\"https:\/\/i1.wp.com\/fotogasteiz.com\/blog\/wp-content\/uploads\/2017\/11\/vivian-maier-autoretrato.png?w=3840&amp;ssl=1\" alt=\"\" title=\"vivian maier autoretrato\" width=\"485\" height=\"485\" src=\"data:image\/svg+xml;base64,PHN2ZyB3aWR0aD0iMSIgaGVpZ2h0PSIxIiB4bWxucz0iaHR0cDovL3d3dy53My5vcmcvMjAwMC9zdmciPjwvc3ZnPg==\" style=\"--smush-placeholder-width: 485px; --smush-placeholder-aspect-ratio: 485\/485;\"><\/div> <\/div><\/div> <\/div><\/div><div  data-label=\"Fotografa encontrada\" data-id=\"about--2\" data-export-id=\"about-images-right-section\" data-category=\"about\" class=\"about-images-right-section content-section content-section-spacing\" id=\"fotografa-encontrada\" style=\"background-color: rgb(52, 58, 64); background-image: none;\"><div  class=\"gridContainer\"> <div  class=\"row middle-sm text-center\"><div  class=\"col-sm-5 content-left-sm\" data-type=\"column\"> <h5  class=\"\"><span  style=\"color: rgb(255, 152, 0);\">LA HISTORIA M\u00c1S INCREIBLE<\/span><\/h5> <h2  class=\"\"><span  style=\"font-family: &quot;Playfair Display&quot;, arial, helvetica, sans-serif; color: rgb(255, 255, 255);\">Fot\u00f3grafa encontrada<\/span><\/h2> <p  class=\"\"><span  style=\"font-family: Muli, arial, helvetica, sans-serif; color: rgb(255, 255, 255);\">Su obra fue descubierta en 2007 por casualidad por el joven John Maloof, un aficionado a la fotograf\u00eda que desde ni\u00f1o acud\u00eda a mercadillos y subastas y que, buscando fotos de Michigan para un trabajo en el que se hallaba inmerso, dio con sus fotograf\u00edas en la casa de subastas sita frente a su casa.\r\n<\/span><br ><br ><span  style=\"font-family: Muli, arial, helvetica, sans-serif; color: rgb(255, 255, 255);\">\r\nAl descubrir las bellas fotograf\u00edas que se hallaban en aquellos negativos, busc\u00f3 en Internet su nombre, pero no encontr\u00f3 ning\u00fan resultado.\r\n<\/span><br ><br ><span  style=\"font-family: Muli, arial, helvetica, sans-serif; color: rgb(255, 255, 255);\">\r\nComenz\u00f3 a digitalizar sus negativos y cada vez encontraba fotos m\u00e1s y m\u00e1s maravillosas.\r\n<\/span><br ><br ><span  style=\"font-family: Muli, arial, helvetica, sans-serif; color: rgb(255, 255, 255);\">\r\nConsciente de que s\u00f3lo no pod\u00eda, contact\u00f3 con el Museo de Arte Moderno de Nueva York para ver si le ayudaban, pero no tuvo suerte.\r\n<\/span><br ><br ><span  style=\"font-family: Muli, arial, helvetica, sans-serif; color: rgb(255, 255, 255);\">\r\nDecidi\u00f3 compartirlas en Internet. Y la respuesta de los internautas fue inmediata: todos se asombraron con la calidad y estilo de las mismas.\r\n<\/span><br ><br ><span  style=\"font-family: Muli, arial, helvetica, sans-serif; color: rgb(255, 255, 255);\">\r\nPasados dos a\u00f1os, continuando su inter\u00e9s en la fot\u00f3grafa cuya espectacular obras estaba descubriendo en cada nueva tira de negativos que digitalizaba, realiz\u00f3 una segunda b\u00fasqueda en Internet y \u00e9sta vez si encontr\u00f3 algo: su obituario. Era 2009 y Vivian acababa de fallecer.\r\n<\/span><br ><br ><span  style=\"font-family: Muli, arial, helvetica, sans-serif; color: rgb(255, 255, 255);\">\r\nSu descubridor hab\u00eda tenido una peque\u00f1a posibilidad de conocerla, pues cuando descubri\u00f3 su obra, ella a\u00fan viv\u00eda. pero no desisti\u00f3. Aunque no podr\u00eda decirle que hab\u00eda encontrado sus fotos, necesitaba saber m\u00e1s de ella.\r\n<\/span><br ><br ><span  style=\"color: rgb(255, 255, 255);\"><span  style=\"font-family: Muli, arial, helvetica, sans-serif;\">\r\nComenz\u00f3 un arduo trabajo de investigaci\u00f3n para intentar saber d\u00f3nde vivi\u00f3, si ten\u00eda familiares que pudieran contarle cosas sobre ella\u2026 y, tirando del hilo de algunos recibos que aparecieron entre los negativos y detectando algunas direcciones postales as\u00ed como la direcci\u00f3n del estudio fotogr\u00e1fico en el que a veces la fot\u00f3grafa revelaba sus instant\u00e1neas, fue cuando lleg\u00f3 la sorpresa.\r\n<\/span><span  style=\"font-family: Muli, arial, helvetica, sans-serif;\">Descubri\u00f3 que no se trataba de ninguna periodista ni fot\u00f3grafa profesional: aquella mujer de gran talento para la narrativa visual era una ni\u00f1era.\r\n<\/span><\/span><br ><br ><span  style=\"font-family: Muli, arial, helvetica, sans-serif; color: rgb(255, 255, 255);\">\r\nUna ni\u00f1era de profesi\u00f3n, fot\u00f3grafa aficionada, que aprovechaba su trabajo -cuidar ni\u00f1os- para pasar el m\u00e1ximo n\u00famero de horas posible en la calle haciendo fotos.\r\n<\/span><br ><br ><span  style=\"font-family: Muli, arial, helvetica, sans-serif; color: rgb(255, 255, 255);\">\r\nVivian Maier falleci\u00f3 sin ser reconocida. El gran reconocimiento de su obra lleg\u00f3 gracias a este joven inquieto, que vio el poder de su fotograf\u00eda y quiso darlo a conocer al mundo. \r\n<\/span><br ><br >\r\n<br ><span  style=\"font-family: Muli, arial, helvetica, sans-serif; color: rgb(255, 255, 255);\">Con todo, Vivian Maier es hoy d\u00eda uno de los m\u00e1ximos exponentes en fotograf\u00eda urbana, con exposiciones p\u00f3stumas por todo el mundo, varios libros editados e impulsados por el joven Maloof y una pel\u00edcula documental que recoge su historia, con entrevistas a los ni\u00f1os que hace d\u00e9cadas cuid\u00f3 (ya adultos), a los padres de estos ni\u00f1os que en aquel entonces la contrataron, a los empleados de los laboratorios donde revel\u00f3 algunos carretes de fotos, y al \u00fanico familiar lejano que a\u00fan vive, que jam\u00e1s supo de las geniales fotograf\u00edas que hac\u00eda, si bien cuenta que siendo adolescente, cuando en su pueblo s\u00f3lo se ve\u00edan c\u00e1maras en comuniones y bodas, ella iba por el campo con su c\u00e1mara retratando a trabajadores rural. Algo muy poco habitual en aquella \u00e9poca.\r\n<\/span><br ><br ><span  style=\"font-family: Muli, arial, helvetica, sans-serif; color: rgb(255, 255, 255);\">\r\nGracias a John Maloof, esta gran desconocida est\u00e1 en todos los libros de historia de la fotograf\u00eda.<\/span><\/p> <\/div> <div  class=\"col-sm-7 space-bottom-xs\"><div  class=\"image-group-side-3-img\"> <img decoding=\"async\"  class=\"topimg shadow-large lazyload\" data-src=\"https:\/\/i0.wp.com\/fotogasteiz.com\/blog\/wp-content\/uploads\/2020\/11\/finding-vivian-maier-set-john-maloof-6-rcm0x1920u.jpg?w=3840&amp;ssl=1\" alt=\"\" title=\"finding-vivian-maier-set-john-maloof-6-rcm0x1920u\" width=\"551\" height=\"689\" src=\"data:image\/svg+xml;base64,PHN2ZyB3aWR0aD0iMSIgaGVpZ2h0PSIxIiB4bWxucz0iaHR0cDovL3d3dy53My5vcmcvMjAwMC9zdmciPjwvc3ZnPg==\" style=\"--smush-placeholder-width: 551px; --smush-placeholder-aspect-ratio: 551\/689;\"> <img decoding=\"async\"  class=\"rightimg shadow-large lazyload\" data-src=\"https:\/\/i1.wp.com\/fotogasteiz.com\/blog\/wp-content\/uploads\/2017\/11\/hoja-de-contactos-vivian-maier.png?w=3840&amp;ssl=1\" alt=\"\" title=\"Hoja de contactos de Vivian Maier. Chicago. 1970\" width=\"551\" height=\"407\" src=\"data:image\/svg+xml;base64,PHN2ZyB3aWR0aD0iMSIgaGVpZ2h0PSIxIiB4bWxucz0iaHR0cDovL3d3dy53My5vcmcvMjAwMC9zdmciPjwvc3ZnPg==\" style=\"--smush-placeholder-width: 551px; --smush-placeholder-aspect-ratio: 551\/407;\"> <div  class=\"leftimg\"> <img decoding=\"async\"  class=\"shadow-large lazyload\" data-src=\"https:\/\/i0.wp.com\/fotogasteiz.com\/blog\/wp-content\/uploads\/2020\/11\/image.jpeg?w=3840&amp;ssl=1\" alt=\"\" title=\"image\" width=\"413\" height=\"413\" src=\"data:image\/svg+xml;base64,PHN2ZyB3aWR0aD0iMSIgaGVpZ2h0PSIxIiB4bWxucz0iaHR0cDovL3d3dy53My5vcmcvMjAwMC9zdmciPjwvc3ZnPg==\" style=\"--smush-placeholder-width: 413px; --smush-placeholder-aspect-ratio: 413\/413;\"><\/div> <\/div><\/div> <\/div><\/div> <\/div><div  data-label=\"documental\" data-id=\"content--8\" data-export-id=\"content-11\" data-category=\"content\" class=\"content-11 content-section content-section-spacing\" id=\"documental\" style=\"background-color: rgb(52, 58, 64); background-image: none;\"><div  class=\"gridContainer\"> <div  class=\"row text-center\"><div  class=\"section-title-col\" data-type=\"column\"> <h2  class=\"\"><span  style=\"font-family: &quot;Playfair Display&quot;, arial, helvetica, sans-serif; color: rgb(255, 255, 255);\">Documental \u2013 Encontrado a Vivian Maier<\/span><\/h2> <p  class=\"lead\"><span  style=\"font-family: Muli, arial, helvetica, sans-serif; color: rgb(255, 255, 255);\">Buscando a Vivian Maier es una pel\u00edcula \u2013 documental americana   sobre la fot\u00f3grafa Vivian Maier , escrita , dirigida y producida por John Maloof y Charlie Siskel.<\/span><\/p><\/div> <\/div> <div  class=\"row center-xs middle-xs\"> <div  class=\"col-sm-9\"> <div  class=\"lightbox-video lightbox-video-tall dark-overlay shadow-large flexbox middle-xs center-xs lazyload\" data-type=\"group\" data-bg=\"image\" style=\"background-image:inherit;\" data-bg-image=\"url(&quot;https:\/\/fotogasteiz.com\/blog\/wp-content\/uploads\/2017\/11\/autoretrato-vivian-maier-1984.png&quot;)\"> <a  data-fancybox=\"\" data-video-lightbox=\"true\" href=\"https:\/\/www.youtube.com\/watch?v=MGPYJ_EXRQ0\" class=\"\"> <i  data-cp-fa=\"true\" class=\"fa video-icon fa-play-circle-o color-white\"><\/i><\/a> <\/div><\/div> <\/div><\/div> <\/div><div  data-label=\"primeros anos\" data-id=\"content--1\" data-export-id=\"content-8\" data-category=\"content\" class=\"content-8 content-section content-section-spacing\" id=\"primeros-anos\" style=\"background-color: rgb(245, 250, 253);\"><div  class=\"gridContainer\"> <div  class=\"row middle-sm\"><div  class=\"col-sm-6 space-bottom-xs space-top-xs\" data-type=\"column\"> <img decoding=\"async\"  class=\"shadow-large lazyload\" data-src=\"https:\/\/i1.wp.com\/fotogasteiz.com\/blog\/wp-content\/uploads\/2017\/11\/vivian-maier-de-pequen\u0303a-.png?w=3840&amp;ssl=1\" alt=\"\" title=\"Vivian Maier (dcha) junto con su madre, a los siete a\u00f1os (1933)\" width=\"586\" height=\"876\" src=\"data:image\/svg+xml;base64,PHN2ZyB3aWR0aD0iMSIgaGVpZ2h0PSIxIiB4bWxucz0iaHR0cDovL3d3dy53My5vcmcvMjAwMC9zdmciPjwvc3ZnPg==\" style=\"--smush-placeholder-width: 586px; --smush-placeholder-aspect-ratio: 586\/876;\"><p  class=\"\"><span  style=\"font-family: Muli, arial, helvetica, sans-serif; color: rgb(52, 58, 64);\">Vivian Maier (dcha) junto con su madre, a los siete a\u00f1os (1933)<\/span><\/p><\/div> <div  class=\"col-sm-6\" data-type=\"column\"><p  class=\"lead\"><span  style=\"font-family: Muli, arial, helvetica, sans-serif; font-weight: 900; color: rgb(255, 152, 0);\">PRIMEROS A\u00d1OS<\/span><\/p><h2  class=\"\"><span  style=\"font-family: &quot;Playfair Display&quot;, arial, helvetica, sans-serif; color: rgb(0, 0, 0);\">Biograf\u00eda de Vivian Maier&nbsp;<\/span><\/h2> <p  class=\"\"><span  style=\"font-family: Muli, arial, helvetica, sans-serif; color: rgb(52, 58, 64);\">Naci\u00f3 el 1 de febrero de 1926 en Nueva York. Hija de madre francesa y padre austriaco. (Aunque siempre ocult\u00f3 estos datos. Estos y todos los referentes a su vida. Cuentan quienes la conocieron que siempre pensaron que era europea y ten\u00eda un falso acento franc\u00e9s).\r\n<\/span><br ><br ><span  style=\"font-family: Muli, arial, helvetica, sans-serif; color: rgb(52, 58, 64);\">\r\nViv\u00eda con sus padres en Nueva York.\r\n<\/span><br ><br ><span  style=\"font-family: Muli, arial, helvetica, sans-serif; color: rgb(52, 58, 64);\">\r\nEn 1930, cuando ten\u00eda s\u00f3lo 4 a\u00f1os, su padre las abandon\u00f3 y la madre se encarg\u00f3 de su crianza.\r\n<\/span><br ><br ><span  style=\"font-family: Muli, arial, helvetica, sans-serif; color: rgb(52, 58, 64);\">\r\nSu madre ten\u00eda entonces 32 a\u00f1os y trabajaba como enfermera privada para la familia de una fot\u00f3grafa que trabajaba en un estudio de Nueva Jersey: Jeanne Bertrand.\r\n<\/span><br ><br ><span  style=\"font-family: Muli, arial, helvetica, sans-serif; color: rgb(52, 58, 64);\">\r\nPuede entenderse que Vivian pudo haber tenido su primer contacto con una c\u00e1mara a los cuatro a\u00f1os, pero son s\u00f3lo conjeturas.\r\n<br ><br >A los siete a\u00f1os viaj\u00f3 por primera vez a Francia, al pueblo de su madre, Saint-Bonnet-e-Champsaur, donde hoy vive su \u00fanico familiar conocido y se la recuerda como \u00abuna ni\u00f1a de seis a\u00f1os t\u00edmida, que siempre estaba con su madre y que no hablaba franc\u00e9s\u00bb.\r\n<\/span><br ><br ><span  style=\"font-family: Muli, arial, helvetica, sans-serif; color: rgb(52, 58, 64);\">\r\nViajar\u00eda con su madre dos veces m\u00e1s en los a\u00f1os siguientes. De adolescente, ya sin separarse de su c\u00e1mara, algo m\u00e1s que extraordinario en la \u00e9poca.<\/span><br ><span  style=\"font-family: Muli, arial, helvetica, sans-serif; color: rgb(52, 58, 64);\">\r\nAquel primo a\u00fan conserva la c\u00e1mara de fotos de la madre de Vivian, que podr\u00eda haber adquirido su gusto por la fotograf\u00eda trabajando como enfermera para la aquella fot\u00f3grafa.\r\n<\/span><br ><br ><span  style=\"font-family: Muli, arial, helvetica, sans-serif; color: rgb(52, 58, 64);\">\r\nApenas hay informaci\u00f3n de la ni\u00f1ez de Vivian, entre los 6 y los 12 a\u00f1os. S\u00ed se sabe que volvi\u00f3 a viajar a Francia con su madre en el reci\u00e9n inaugurado transatl\u00e1ntico SS Normandy y que sus padres se reconciliaron y volvieron a vivir los 3 juntos en un piso de alquiler en el Upper East Side de Manhatan.\r\n<\/span><br ><span  style=\"font-family: Muli, arial, helvetica, sans-serif; color: rgb(52, 58, 64);\">\r\nNo hay dato alguno de su adolescencia.<\/span><\/p> <\/div> <\/div><\/div> <\/div><div  data-label=\"Nuev york\" data-id=\"content--2\" data-export-id=\"content-7\" data-category=\"content\" class=\"content-7 content-section content-section-spacing\" id=\"nuev-york\" style=\"background-color: rgb(245, 250, 253);\"><div  class=\"gridContainer\"> <div  class=\"row middle-sm\"><div  class=\"col-sm-6 space-bottom-xs\" data-type=\"column\"> <p  class=\"lead\"><span  style=\"font-family: Muli, arial, helvetica, sans-serif; font-weight: 900; color: rgb(255, 152, 0);\">BIOGRAF\u00cdA DE VIVIAN MAIER<\/span><\/p><h2  class=\"\"><span  style=\"font-family: &quot;Playfair Display&quot;, arial, helvetica, sans-serif; color: rgb(0, 0, 0);\">Nueva York: Primeros contactos con la fotograf\u00eda<\/span><\/h2> <p  class=\"\"><span  style=\"font-family: Muli, arial, helvetica, sans-serif; color: rgb(52, 58, 64);\">En su juventud (1949), con 23 a\u00f1os, regres\u00f3 sola a Francia para ayudar a vender una gran propiedad de su tioabuelo, ca\u00eddo en Segunda Guerra Mundial, y adquirir su parte de la herencia, y aprovech\u00f3 para conocer el pa\u00eds y fotografiarlo todo con una c\u00e1mara Kodak Brownie.\r\n<\/span><br ><br ><span  style=\"font-family: Muli, arial, helvetica, sans-serif; color: rgb(52, 58, 64);\">\r\nQuienes tuvieron contacto con ella entonces cuentan que no era normal la cantidad de fotograf\u00edas que hac\u00eda.\r\n<\/span><br ><br ><span  style=\"font-family: Muli, arial, helvetica, sans-serif; color: rgb(52, 58, 64);\">En 1951, con 25 a\u00f1os, regres\u00f3 a Nueva york, al barrio de Queens y, por lo que muestran sus negativos, trabaj\u00f3 en una tienda de caramelos y con varias familias.\r\n<\/span><br ><br ><span  style=\"font-family: Muli, arial, helvetica, sans-serif; color: rgb(52, 58, 64);\">\r\nEn 1952, con 26 a\u00f1os, comenz\u00f3 a hacer fotos con una c\u00e1mara Rolleiflex. Fotografi\u00f3 los usos y costumbres de las familias con las que estaba (cumplea\u00f1os y fiestas) e hizo fotos por las calles de una ciudad inmersa en un cambio de paradigma por las oportunidad de la posguerra, y considerada, sin duda, la capital de la cultura fotogr\u00e1fica estadounidense (en aquella \u00e9poca se expuso \u2018Family of a man\u2019 en el MoMa, una exposici\u00f3n que rompi\u00f3 todos los r\u00e9cords de visita y considerada la m\u00e1s importante de la historia de la fotograf\u00eda).<\/span><\/p> <\/div> <div  class=\"col-sm-6\" data-type=\"column\"> <img decoding=\"async\"  class=\"shadow-large lazyload\" data-src=\"https:\/\/i1.wp.com\/fotogasteiz.com\/blog\/wp-content\/uploads\/2017\/11\/vivian-maier-pelo-largo.jpg?w=3840&amp;ssl=1\" alt=\"\" title=\"Vivian Maier\" width=\"586\" height=\"421\" src=\"data:image\/svg+xml;base64,PHN2ZyB3aWR0aD0iMSIgaGVpZ2h0PSIxIiB4bWxucz0iaHR0cDovL3d3dy53My5vcmcvMjAwMC9zdmciPjwvc3ZnPg==\" style=\"--smush-placeholder-width: 586px; --smush-placeholder-aspect-ratio: 586\/421;\"><\/div> <\/div><\/div> <\/div><div  data-label=\"Nueva York gallery\" data-id=\"gallery--1\" data-export-id=\"gallery-1\" data-category=\"gallery\" class=\"gallery-1 content-section content-section-spacing content-relative\" id=\"nueva-york-gallery\" style=\"background-color: rgb(255, 183, 75); background-image: none;\"><div  class=\"section-separator-top\">\r\n    <svg  class=\"section-separator-top\" data-separator-name=\"triangle-asymmetrical-negative\" preserveAspectRatio=\"none\" viewBox=\"0 0 1000 100\" xmlns=\"http:\/\/www.w3.org\/2000\/svg\">\r\n        <path  class=\"svg-white-bg\" d=\"M737.9,94.7L0,0v100h1000V0L737.9,94.7z\"><\/path>\r\n    <\/svg>\r\n<\/div><div  class=\"gridContainer\"> <div  class=\"row\"><div  class=\"section-title-col\" data-type=\"column\"> <h2  class=\"\"><span  style=\"font-family: &quot;Playfair Display&quot;, arial, helvetica, sans-serif; color: rgb(0, 0, 0);\">Nueva York \u2013 Vivian Maier<\/span><\/h2> <\/div> <\/div> <div  class=\"row text-center\"> <div  class=\"col-xs-12\" data-editable=\"true\" data-content-shortcode=\"mesmerize_gallery id=&quot;mesmerize-gallery-1&quot; columns=&quot;4&quot; ids=&quot;3667,3666,3665,3664,3663,3662,3661,3660,3659,3658,3657,3656,3653,3651,3650,3648,3646,3645,3644,3643&quot; lb=&quot;1&quot; masonry=&quot;1&quot; size=&quot;medium&quot; link=&quot;file&quot; \"><div id='mesmerize-gallery-1' class='gallery-wrapper'><style type=\"text\/css\">\n                    @media only screen and (min-width: 768px) {\n                    [data-unique-id='mesmerize-gallery-1-69f5955c165fb'] dl {\n                        float: left;\n                        width: 25% !important;\n                        max-width:  25% !important;\n                        min-width:  25% !important;\n                    }\n\n                    [data-unique-id='mesmerize-gallery-1-69f5955c165fb'] dl:nth-of-type(4n +1 ) {\n                      clear: both;\n                      }\n                    }\n                <\/style><div id='mesmerize-gallery-1' class='mesmerize-gallery-1-dls-wrapper gallery-items-wrapper materialis-gallery' data-unique-id='mesmerize-gallery-1-69f5955c165fb'><dl class='gallery-item'>\n\t\t\t<dt class='gallery-icon portrait'>\n\t\t\t\t<a data-fancybox=\"mesmerize-gallery-1-group\" href='https:\/\/fotogasteiz.com\/blog\/wp-content\/uploads\/2017\/12\/Nueva-York.-1955.-Vivian-Maier.png'><img decoding=\"async\"  width=\"300\" height=\"300\" data-src=\"https:\/\/fotogasteiz.com\/blog\/wp-content\/smush-avif\/2017\/12\/Nueva-York.-1955.-Vivian-Maier-300x300.png.avif\"  class='mesmerize-gallery-1-image lazyload' alt=\"\" aria-describedby=\"gallery-1-3667\" data-srcset=\"https:\/\/fotogasteiz.com\/blog\/wp-content\/smush-avif\/2017\/12\/Nueva-York.-1955.-Vivian-Maier-300x300.png.avif 300w, https:\/\/fotogasteiz.com\/blog\/wp-content\/smush-avif\/2017\/12\/Nueva-York.-1955.-Vivian-Maier-150x150.png.avif 150w, https:\/\/fotogasteiz.com\/blog\/wp-content\/smush-avif\/2017\/12\/Nueva-York.-1955.-Vivian-Maier-508x509.png.avif 508w, https:\/\/fotogasteiz.com\/blog\/wp-content\/uploads\/2017\/12\/Nueva-York.-1955.-Vivian-Maier.png 617w\" data-sizes=\"(max-width: 300px) 100vw, 300px\" src=\"data:image\/svg+xml;base64,PHN2ZyB3aWR0aD0iMSIgaGVpZ2h0PSIxIiB4bWxucz0iaHR0cDovL3d3dy53My5vcmcvMjAwMC9zdmciPjwvc3ZnPg==\" style=\"--smush-placeholder-width: 300px; --smush-placeholder-aspect-ratio: 300\/300;\" \/><\/a>\n\t\t\t<\/dt>\n\t\t\t\t<dd class='wp-caption-text gallery-caption' id='gallery-1-3667'>\n\t\t\t\tNueva York. 1955. Vivian Maier\n\t\t\t\t<\/dd><\/dl><dl class='gallery-item'>\n\t\t\t<dt class='gallery-icon landscape'>\n\t\t\t\t<a data-fancybox=\"mesmerize-gallery-1-group\" href='https:\/\/fotogasteiz.com\/blog\/wp-content\/uploads\/2017\/12\/Nueva-York.-1954.-Vivian-Maier.png'><img decoding=\"async\"  width=\"300\" height=\"300\" data-src=\"https:\/\/fotogasteiz.com\/blog\/wp-content\/smush-avif\/2017\/12\/Nueva-York.-1954.-Vivian-Maier-300x300.png.avif\"  class='mesmerize-gallery-1-image lazyload' alt=\"\" aria-describedby=\"gallery-1-3666\" data-srcset=\"https:\/\/fotogasteiz.com\/blog\/wp-content\/smush-avif\/2017\/12\/Nueva-York.-1954.-Vivian-Maier-300x300.png.avif 300w, https:\/\/fotogasteiz.com\/blog\/wp-content\/smush-avif\/2017\/12\/Nueva-York.-1954.-Vivian-Maier-150x150.png.avif 150w, https:\/\/fotogasteiz.com\/blog\/wp-content\/smush-avif\/2017\/12\/Nueva-York.-1954.-Vivian-Maier-508x508.png.avif 508w, https:\/\/fotogasteiz.com\/blog\/wp-content\/uploads\/2017\/12\/Nueva-York.-1954.-Vivian-Maier.png 617w\" data-sizes=\"(max-width: 300px) 100vw, 300px\" src=\"data:image\/svg+xml;base64,PHN2ZyB3aWR0aD0iMSIgaGVpZ2h0PSIxIiB4bWxucz0iaHR0cDovL3d3dy53My5vcmcvMjAwMC9zdmciPjwvc3ZnPg==\" style=\"--smush-placeholder-width: 300px; --smush-placeholder-aspect-ratio: 300\/300;\" \/><\/a>\n\t\t\t<\/dt>\n\t\t\t\t<dd class='wp-caption-text gallery-caption' id='gallery-1-3666'>\n\t\t\t\tNueva York. 1954. Vivian Maier\n\t\t\t\t<\/dd><\/dl><dl class='gallery-item'>\n\t\t\t<dt class='gallery-icon landscape'>\n\t\t\t\t<a data-fancybox=\"mesmerize-gallery-1-group\" href='https:\/\/fotogasteiz.com\/blog\/wp-content\/uploads\/2017\/12\/Nueva-York.-1954.-Vivian-Maier-2.png'><img decoding=\"async\"  width=\"300\" height=\"300\" data-src=\"https:\/\/fotogasteiz.com\/blog\/wp-content\/smush-avif\/2017\/12\/Nueva-York.-1954.-Vivian-Maier-2-300x300.png.avif\"  class='mesmerize-gallery-1-image lazyload' alt=\"\" aria-describedby=\"gallery-1-3665\" data-srcset=\"https:\/\/fotogasteiz.com\/blog\/wp-content\/smush-avif\/2017\/12\/Nueva-York.-1954.-Vivian-Maier-2-300x300.png.avif 300w, https:\/\/fotogasteiz.com\/blog\/wp-content\/smush-avif\/2017\/12\/Nueva-York.-1954.-Vivian-Maier-2-150x150.png.avif 150w, https:\/\/fotogasteiz.com\/blog\/wp-content\/smush-avif\/2017\/12\/Nueva-York.-1954.-Vivian-Maier-2-508x506.png.avif 508w, https:\/\/fotogasteiz.com\/blog\/wp-content\/uploads\/2017\/12\/Nueva-York.-1954.-Vivian-Maier-2.png 619w\" data-sizes=\"(max-width: 300px) 100vw, 300px\" src=\"data:image\/svg+xml;base64,PHN2ZyB3aWR0aD0iMSIgaGVpZ2h0PSIxIiB4bWxucz0iaHR0cDovL3d3dy53My5vcmcvMjAwMC9zdmciPjwvc3ZnPg==\" style=\"--smush-placeholder-width: 300px; --smush-placeholder-aspect-ratio: 300\/300;\" \/><\/a>\n\t\t\t<\/dt>\n\t\t\t\t<dd class='wp-caption-text gallery-caption' id='gallery-1-3665'>\n\t\t\t\tNueva York. 1954. Vivian Maier\n\t\t\t\t<\/dd><\/dl><dl class='gallery-item'>\n\t\t\t<dt class='gallery-icon portrait'>\n\t\t\t\t<a data-fancybox=\"mesmerize-gallery-1-group\" href='https:\/\/fotogasteiz.com\/blog\/wp-content\/uploads\/2017\/12\/Nueva-York.-1954.-Vivian-Maier-3.png'><img decoding=\"async\"  width=\"300\" height=\"300\" data-src=\"https:\/\/fotogasteiz.com\/blog\/wp-content\/smush-avif\/2017\/12\/Nueva-York.-1954.-Vivian-Maier-3-300x300.png.avif\"  class='mesmerize-gallery-1-image lazyload' alt=\"\" aria-describedby=\"gallery-1-3664\" data-srcset=\"https:\/\/fotogasteiz.com\/blog\/wp-content\/smush-avif\/2017\/12\/Nueva-York.-1954.-Vivian-Maier-3-300x300.png.avif 300w, https:\/\/fotogasteiz.com\/blog\/wp-content\/smush-avif\/2017\/12\/Nueva-York.-1954.-Vivian-Maier-3-150x150.png.avif 150w, https:\/\/fotogasteiz.com\/blog\/wp-content\/smush-avif\/2017\/12\/Nueva-York.-1954.-Vivian-Maier-3-508x510.png.avif 508w, https:\/\/fotogasteiz.com\/blog\/wp-content\/uploads\/2017\/12\/Nueva-York.-1954.-Vivian-Maier-3.png 616w\" data-sizes=\"(max-width: 300px) 100vw, 300px\" src=\"data:image\/svg+xml;base64,PHN2ZyB3aWR0aD0iMSIgaGVpZ2h0PSIxIiB4bWxucz0iaHR0cDovL3d3dy53My5vcmcvMjAwMC9zdmciPjwvc3ZnPg==\" style=\"--smush-placeholder-width: 300px; --smush-placeholder-aspect-ratio: 300\/300;\" \/><\/a>\n\t\t\t<\/dt>\n\t\t\t\t<dd class='wp-caption-text gallery-caption' id='gallery-1-3664'>\n\t\t\t\tNueva York. 1954. Vivian Maier\n\t\t\t\t<\/dd><\/dl><dl class='gallery-item'>\n\t\t\t<dt class='gallery-icon landscape'>\n\t\t\t\t<a data-fancybox=\"mesmerize-gallery-1-group\" href='https:\/\/fotogasteiz.com\/blog\/wp-content\/uploads\/2017\/12\/Nueva-York.-1953.-Vivian-Maier.png'><img decoding=\"async\"  width=\"300\" height=\"300\" data-src=\"https:\/\/fotogasteiz.com\/blog\/wp-content\/smush-avif\/2017\/12\/Nueva-York.-1953.-Vivian-Maier-300x300.png.avif\"  class='mesmerize-gallery-1-image lazyload' alt=\"\" aria-describedby=\"gallery-1-3663\" data-srcset=\"https:\/\/fotogasteiz.com\/blog\/wp-content\/smush-avif\/2017\/12\/Nueva-York.-1953.-Vivian-Maier-300x300.png.avif 300w, https:\/\/fotogasteiz.com\/blog\/wp-content\/smush-avif\/2017\/12\/Nueva-York.-1953.-Vivian-Maier-150x150.png.avif 150w, https:\/\/fotogasteiz.com\/blog\/wp-content\/smush-avif\/2017\/12\/Nueva-York.-1953.-Vivian-Maier-508x508.png.avif 508w, https:\/\/fotogasteiz.com\/blog\/wp-content\/uploads\/2017\/12\/Nueva-York.-1953.-Vivian-Maier.png 617w\" data-sizes=\"(max-width: 300px) 100vw, 300px\" src=\"data:image\/svg+xml;base64,PHN2ZyB3aWR0aD0iMSIgaGVpZ2h0PSIxIiB4bWxucz0iaHR0cDovL3d3dy53My5vcmcvMjAwMC9zdmciPjwvc3ZnPg==\" style=\"--smush-placeholder-width: 300px; --smush-placeholder-aspect-ratio: 300\/300;\" \/><\/a>\n\t\t\t<\/dt>\n\t\t\t\t<dd class='wp-caption-text gallery-caption' id='gallery-1-3663'>\n\t\t\t\tNueva York. 1953. Vivian Maier\n\t\t\t\t<\/dd><\/dl><dl class='gallery-item'>\n\t\t\t<dt class='gallery-icon landscape'>\n\t\t\t\t<a data-fancybox=\"mesmerize-gallery-1-group\" href='https:\/\/fotogasteiz.com\/blog\/wp-content\/uploads\/2017\/12\/Nueva-York.-1953.-Vivian-Maier-2.png'><img decoding=\"async\"  width=\"300\" height=\"300\" data-src=\"https:\/\/fotogasteiz.com\/blog\/wp-content\/smush-avif\/2017\/12\/Nueva-York.-1953.-Vivian-Maier-2-300x300.png.avif\"  class='mesmerize-gallery-1-image lazyload' alt=\"\" data-srcset=\"https:\/\/fotogasteiz.com\/blog\/wp-content\/smush-avif\/2017\/12\/Nueva-York.-1953.-Vivian-Maier-2-300x300.png.avif 300w, https:\/\/fotogasteiz.com\/blog\/wp-content\/smush-avif\/2017\/12\/Nueva-York.-1953.-Vivian-Maier-2-150x150.png.avif 150w, https:\/\/fotogasteiz.com\/blog\/wp-content\/smush-avif\/2017\/12\/Nueva-York.-1953.-Vivian-Maier-2-508x507.png.avif 508w, https:\/\/fotogasteiz.com\/blog\/wp-content\/uploads\/2017\/12\/Nueva-York.-1953.-Vivian-Maier-2.png 618w\" data-sizes=\"(max-width: 300px) 100vw, 300px\" src=\"data:image\/svg+xml;base64,PHN2ZyB3aWR0aD0iMSIgaGVpZ2h0PSIxIiB4bWxucz0iaHR0cDovL3d3dy53My5vcmcvMjAwMC9zdmciPjwvc3ZnPg==\" style=\"--smush-placeholder-width: 300px; --smush-placeholder-aspect-ratio: 300\/300;\" \/><\/a>\n\t\t\t<\/dt><\/dl><dl class='gallery-item'>\n\t\t\t<dt class='gallery-icon landscape'>\n\t\t\t\t<a data-fancybox=\"mesmerize-gallery-1-group\" href='https:\/\/fotogasteiz.com\/blog\/wp-content\/uploads\/2017\/12\/Nueva-York.-1954.-Vivian-Maier-4.png'><img decoding=\"async\"  width=\"300\" height=\"300\" data-src=\"https:\/\/fotogasteiz.com\/blog\/wp-content\/smush-avif\/2017\/12\/Nueva-York.-1954.-Vivian-Maier-4-300x300.png.avif\"  class='mesmerize-gallery-1-image lazyload' alt=\"\" aria-describedby=\"gallery-1-3661\" data-srcset=\"https:\/\/fotogasteiz.com\/blog\/wp-content\/smush-avif\/2017\/12\/Nueva-York.-1954.-Vivian-Maier-4-300x300.png.avif 300w, https:\/\/fotogasteiz.com\/blog\/wp-content\/smush-avif\/2017\/12\/Nueva-York.-1954.-Vivian-Maier-4-150x150.png.avif 150w, https:\/\/fotogasteiz.com\/blog\/wp-content\/smush-avif\/2017\/12\/Nueva-York.-1954.-Vivian-Maier-4-508x508.png.avif 508w, https:\/\/fotogasteiz.com\/blog\/wp-content\/uploads\/2017\/12\/Nueva-York.-1954.-Vivian-Maier-4.png 618w\" data-sizes=\"(max-width: 300px) 100vw, 300px\" src=\"data:image\/svg+xml;base64,PHN2ZyB3aWR0aD0iMSIgaGVpZ2h0PSIxIiB4bWxucz0iaHR0cDovL3d3dy53My5vcmcvMjAwMC9zdmciPjwvc3ZnPg==\" style=\"--smush-placeholder-width: 300px; --smush-placeholder-aspect-ratio: 300\/300;\" \/><\/a>\n\t\t\t<\/dt>\n\t\t\t\t<dd class='wp-caption-text gallery-caption' id='gallery-1-3661'>\n\t\t\t\tNueva York. 1954. Vivian Maier\n\t\t\t\t<\/dd><\/dl><dl class='gallery-item'>\n\t\t\t<dt class='gallery-icon landscape'>\n\t\t\t\t<a data-fancybox=\"mesmerize-gallery-1-group\" href='https:\/\/fotogasteiz.com\/blog\/wp-content\/uploads\/2017\/12\/Nueva-York.-1953.-Vivian-Maier-3.png'><img decoding=\"async\"  width=\"300\" height=\"300\" data-src=\"https:\/\/fotogasteiz.com\/blog\/wp-content\/smush-avif\/2017\/12\/Nueva-York.-1953.-Vivian-Maier-3-300x300.png.avif\"  class='mesmerize-gallery-1-image lazyload' alt=\"\" aria-describedby=\"gallery-1-3660\" data-srcset=\"https:\/\/fotogasteiz.com\/blog\/wp-content\/smush-avif\/2017\/12\/Nueva-York.-1953.-Vivian-Maier-3-300x300.png.avif 300w, https:\/\/fotogasteiz.com\/blog\/wp-content\/smush-avif\/2017\/12\/Nueva-York.-1953.-Vivian-Maier-3-150x150.png.avif 150w, https:\/\/fotogasteiz.com\/blog\/wp-content\/smush-avif\/2017\/12\/Nueva-York.-1953.-Vivian-Maier-3-508x508.png.avif 508w, https:\/\/fotogasteiz.com\/blog\/wp-content\/uploads\/2017\/12\/Nueva-York.-1953.-Vivian-Maier-3.png 617w\" data-sizes=\"(max-width: 300px) 100vw, 300px\" src=\"data:image\/svg+xml;base64,PHN2ZyB3aWR0aD0iMSIgaGVpZ2h0PSIxIiB4bWxucz0iaHR0cDovL3d3dy53My5vcmcvMjAwMC9zdmciPjwvc3ZnPg==\" style=\"--smush-placeholder-width: 300px; --smush-placeholder-aspect-ratio: 300\/300;\" \/><\/a>\n\t\t\t<\/dt>\n\t\t\t\t<dd class='wp-caption-text gallery-caption' id='gallery-1-3660'>\n\t\t\t\tNueva York. 1953. Vivian Maier\n\t\t\t\t<\/dd><\/dl><dl class='gallery-item'>\n\t\t\t<dt class='gallery-icon portrait'>\n\t\t\t\t<a data-fancybox=\"mesmerize-gallery-1-group\" href='https:\/\/fotogasteiz.com\/blog\/wp-content\/uploads\/2017\/12\/Nueva-York.-1953.-Vivian-Maier-4.png'><img decoding=\"async\"  width=\"300\" height=\"300\" data-src=\"https:\/\/fotogasteiz.com\/blog\/wp-content\/smush-avif\/2017\/12\/Nueva-York.-1953.-Vivian-Maier-4-300x300.png.avif\"  class='mesmerize-gallery-1-image lazyload' alt=\"\" aria-describedby=\"gallery-1-3659\" data-srcset=\"https:\/\/fotogasteiz.com\/blog\/wp-content\/smush-avif\/2017\/12\/Nueva-York.-1953.-Vivian-Maier-4-300x300.png.avif 300w, https:\/\/fotogasteiz.com\/blog\/wp-content\/smush-avif\/2017\/12\/Nueva-York.-1953.-Vivian-Maier-4-150x150.png.avif 150w, https:\/\/fotogasteiz.com\/blog\/wp-content\/smush-avif\/2017\/12\/Nueva-York.-1953.-Vivian-Maier-4-508x509.png.avif 508w, https:\/\/fotogasteiz.com\/blog\/wp-content\/uploads\/2017\/12\/Nueva-York.-1953.-Vivian-Maier-4.png 616w\" data-sizes=\"(max-width: 300px) 100vw, 300px\" src=\"data:image\/svg+xml;base64,PHN2ZyB3aWR0aD0iMSIgaGVpZ2h0PSIxIiB4bWxucz0iaHR0cDovL3d3dy53My5vcmcvMjAwMC9zdmciPjwvc3ZnPg==\" style=\"--smush-placeholder-width: 300px; --smush-placeholder-aspect-ratio: 300\/300;\" \/><\/a>\n\t\t\t<\/dt>\n\t\t\t\t<dd class='wp-caption-text gallery-caption' id='gallery-1-3659'>\n\t\t\t\tNueva York. 1953. Vivian Maier\n\t\t\t\t<\/dd><\/dl><dl class='gallery-item'>\n\t\t\t<dt class='gallery-icon portrait'>\n\t\t\t\t<a data-fancybox=\"mesmerize-gallery-1-group\" href='https:\/\/fotogasteiz.com\/blog\/wp-content\/uploads\/2017\/12\/Nueva-York.-1954.-Vivian-Maier-5.png'><img decoding=\"async\"  width=\"300\" height=\"300\" data-src=\"https:\/\/fotogasteiz.com\/blog\/wp-content\/smush-avif\/2017\/12\/Nueva-York.-1954.-Vivian-Maier-5-300x300.png.avif\"  class='mesmerize-gallery-1-image lazyload' alt=\"\" aria-describedby=\"gallery-1-3658\" data-srcset=\"https:\/\/fotogasteiz.com\/blog\/wp-content\/smush-avif\/2017\/12\/Nueva-York.-1954.-Vivian-Maier-5-300x300.png.avif 300w, https:\/\/fotogasteiz.com\/blog\/wp-content\/smush-avif\/2017\/12\/Nueva-York.-1954.-Vivian-Maier-5-150x150.png.avif 150w, https:\/\/fotogasteiz.com\/blog\/wp-content\/smush-avif\/2017\/12\/Nueva-York.-1954.-Vivian-Maier-5-508x509.png.avif 508w, https:\/\/fotogasteiz.com\/blog\/wp-content\/uploads\/2017\/12\/Nueva-York.-1954.-Vivian-Maier-5.png 616w\" data-sizes=\"(max-width: 300px) 100vw, 300px\" src=\"data:image\/svg+xml;base64,PHN2ZyB3aWR0aD0iMSIgaGVpZ2h0PSIxIiB4bWxucz0iaHR0cDovL3d3dy53My5vcmcvMjAwMC9zdmciPjwvc3ZnPg==\" style=\"--smush-placeholder-width: 300px; --smush-placeholder-aspect-ratio: 300\/300;\" \/><\/a>\n\t\t\t<\/dt>\n\t\t\t\t<dd class='wp-caption-text gallery-caption' id='gallery-1-3658'>\n\t\t\t\tNueva York. 1954. Vivian Maier 5\n\t\t\t\t<\/dd><\/dl><dl class='gallery-item'>\n\t\t\t<dt class='gallery-icon portrait'>\n\t\t\t\t<a data-fancybox=\"mesmerize-gallery-1-group\" href='https:\/\/fotogasteiz.com\/blog\/wp-content\/uploads\/2017\/12\/Nueva-York.-1955.-Vivian-Maier-2.png'><img decoding=\"async\"  width=\"300\" height=\"300\" data-src=\"https:\/\/fotogasteiz.com\/blog\/wp-content\/smush-avif\/2017\/12\/Nueva-York.-1955.-Vivian-Maier-2-300x300.png.avif\"  class='mesmerize-gallery-1-image lazyload' alt=\"\" aria-describedby=\"gallery-1-3657\" data-srcset=\"https:\/\/fotogasteiz.com\/blog\/wp-content\/smush-avif\/2017\/12\/Nueva-York.-1955.-Vivian-Maier-2-300x300.png.avif 300w, https:\/\/fotogasteiz.com\/blog\/wp-content\/smush-avif\/2017\/12\/Nueva-York.-1955.-Vivian-Maier-2-150x150.png.avif 150w, https:\/\/fotogasteiz.com\/blog\/wp-content\/smush-avif\/2017\/12\/Nueva-York.-1955.-Vivian-Maier-2-508x509.png.avif 508w, https:\/\/fotogasteiz.com\/blog\/wp-content\/uploads\/2017\/12\/Nueva-York.-1955.-Vivian-Maier-2.png 616w\" data-sizes=\"(max-width: 300px) 100vw, 300px\" src=\"data:image\/svg+xml;base64,PHN2ZyB3aWR0aD0iMSIgaGVpZ2h0PSIxIiB4bWxucz0iaHR0cDovL3d3dy53My5vcmcvMjAwMC9zdmciPjwvc3ZnPg==\" style=\"--smush-placeholder-width: 300px; --smush-placeholder-aspect-ratio: 300\/300;\" \/><\/a>\n\t\t\t<\/dt>\n\t\t\t\t<dd class='wp-caption-text gallery-caption' id='gallery-1-3657'>\n\t\t\t\tNueva York. 1955. Vivian Maier\n\t\t\t\t<\/dd><\/dl><dl class='gallery-item'>\n\t\t\t<dt class='gallery-icon landscape'>\n\t\t\t\t<a data-fancybox=\"mesmerize-gallery-1-group\" href='https:\/\/fotogasteiz.com\/blog\/wp-content\/uploads\/2017\/12\/Nueva-York.-1954.-Vivian-Maier-6.png'><img decoding=\"async\"  width=\"300\" height=\"300\" data-src=\"https:\/\/fotogasteiz.com\/blog\/wp-content\/smush-avif\/2017\/12\/Nueva-York.-1954.-Vivian-Maier-6-300x300.png.avif\"  class='mesmerize-gallery-1-image lazyload' alt=\"\" aria-describedby=\"gallery-1-3656\" data-srcset=\"https:\/\/fotogasteiz.com\/blog\/wp-content\/smush-avif\/2017\/12\/Nueva-York.-1954.-Vivian-Maier-6-300x300.png.avif 300w, https:\/\/fotogasteiz.com\/blog\/wp-content\/smush-avif\/2017\/12\/Nueva-York.-1954.-Vivian-Maier-6-150x150.png.avif 150w, https:\/\/fotogasteiz.com\/blog\/wp-content\/smush-avif\/2017\/12\/Nueva-York.-1954.-Vivian-Maier-6-508x508.png.avif 508w, https:\/\/fotogasteiz.com\/blog\/wp-content\/uploads\/2017\/12\/Nueva-York.-1954.-Vivian-Maier-6.png 617w\" data-sizes=\"(max-width: 300px) 100vw, 300px\" src=\"data:image\/svg+xml;base64,PHN2ZyB3aWR0aD0iMSIgaGVpZ2h0PSIxIiB4bWxucz0iaHR0cDovL3d3dy53My5vcmcvMjAwMC9zdmciPjwvc3ZnPg==\" style=\"--smush-placeholder-width: 300px; --smush-placeholder-aspect-ratio: 300\/300;\" \/><\/a>\n\t\t\t<\/dt>\n\t\t\t\t<dd class='wp-caption-text gallery-caption' id='gallery-1-3656'>\n\t\t\t\tNueva York. 1954. Vivian Maier\n\t\t\t\t<\/dd><\/dl><dl class='gallery-item'>\n\t\t\t<dt class='gallery-icon portrait'>\n\t\t\t\t<a data-fancybox=\"mesmerize-gallery-1-group\" href='https:\/\/fotogasteiz.com\/blog\/wp-content\/uploads\/2017\/12\/vivia-maier-mujer-nueva-york.png'><img decoding=\"async\"  width=\"300\" height=\"300\" data-src=\"https:\/\/fotogasteiz.com\/blog\/wp-content\/smush-avif\/2017\/12\/vivia-maier-mujer-nueva-york-300x300.png.avif\"  class='mesmerize-gallery-1-image lazyload' alt=\"\" aria-describedby=\"gallery-1-3653\" data-srcset=\"https:\/\/fotogasteiz.com\/blog\/wp-content\/smush-avif\/2017\/12\/vivia-maier-mujer-nueva-york-300x300.png.avif 300w, https:\/\/fotogasteiz.com\/blog\/wp-content\/smush-avif\/2017\/12\/vivia-maier-mujer-nueva-york-150x150.png.avif 150w, https:\/\/fotogasteiz.com\/blog\/wp-content\/smush-avif\/2017\/12\/vivia-maier-mujer-nueva-york-508x509.png.avif 508w, https:\/\/fotogasteiz.com\/blog\/wp-content\/uploads\/2017\/12\/vivia-maier-mujer-nueva-york.png 617w\" data-sizes=\"(max-width: 300px) 100vw, 300px\" src=\"data:image\/svg+xml;base64,PHN2ZyB3aWR0aD0iMSIgaGVpZ2h0PSIxIiB4bWxucz0iaHR0cDovL3d3dy53My5vcmcvMjAwMC9zdmciPjwvc3ZnPg==\" style=\"--smush-placeholder-width: 300px; --smush-placeholder-aspect-ratio: 300\/300;\" \/><\/a>\n\t\t\t<\/dt>\n\t\t\t\t<dd class='wp-caption-text gallery-caption' id='gallery-1-3653'>\n\t\t\t\tNueva York. Vivian Maier\n\t\t\t\t<\/dd><\/dl><dl class='gallery-item'>\n\t\t\t<dt class='gallery-icon landscape'>\n\t\t\t\t<a data-fancybox=\"mesmerize-gallery-1-group\" href='https:\/\/fotogasteiz.com\/blog\/wp-content\/uploads\/2017\/12\/vivian-maier-hombre-comiendo-nueva-york-1959.png'><img decoding=\"async\"  width=\"300\" height=\"300\" data-src=\"https:\/\/fotogasteiz.com\/blog\/wp-content\/smush-avif\/2017\/12\/vivian-maier-hombre-comiendo-nueva-york-1959-300x300.png.avif\"  class='mesmerize-gallery-1-image lazyload' alt=\"\" aria-describedby=\"gallery-1-3651\" data-srcset=\"https:\/\/fotogasteiz.com\/blog\/wp-content\/smush-avif\/2017\/12\/vivian-maier-hombre-comiendo-nueva-york-1959-300x300.png.avif 300w, https:\/\/fotogasteiz.com\/blog\/wp-content\/smush-avif\/2017\/12\/vivian-maier-hombre-comiendo-nueva-york-1959-150x150.png.avif 150w, https:\/\/fotogasteiz.com\/blog\/wp-content\/smush-avif\/2017\/12\/vivian-maier-hombre-comiendo-nueva-york-1959-508x508.png.avif 508w, https:\/\/fotogasteiz.com\/blog\/wp-content\/uploads\/2017\/12\/vivian-maier-hombre-comiendo-nueva-york-1959.png 617w\" data-sizes=\"(max-width: 300px) 100vw, 300px\" src=\"data:image\/svg+xml;base64,PHN2ZyB3aWR0aD0iMSIgaGVpZ2h0PSIxIiB4bWxucz0iaHR0cDovL3d3dy53My5vcmcvMjAwMC9zdmciPjwvc3ZnPg==\" style=\"--smush-placeholder-width: 300px; --smush-placeholder-aspect-ratio: 300\/300;\" \/><\/a>\n\t\t\t<\/dt>\n\t\t\t\t<dd class='wp-caption-text gallery-caption' id='gallery-1-3651'>\n\t\t\t\tNueva York. 1959. Vivian Maier\n\t\t\t\t<\/dd><\/dl><dl class='gallery-item'>\n\t\t\t<dt class='gallery-icon landscape'>\n\t\t\t\t<a data-fancybox=\"mesmerize-gallery-1-group\" href='https:\/\/fotogasteiz.com\/blog\/wp-content\/uploads\/2017\/12\/vivian-maier-kioskero-nueva-york-1954.png'><img decoding=\"async\"  width=\"300\" height=\"300\" data-src=\"https:\/\/fotogasteiz.com\/blog\/wp-content\/smush-avif\/2017\/12\/vivian-maier-kioskero-nueva-york-1954-300x300.png.avif\"  class='mesmerize-gallery-1-image lazyload' alt=\"\" aria-describedby=\"gallery-1-3650\" data-srcset=\"https:\/\/fotogasteiz.com\/blog\/wp-content\/smush-avif\/2017\/12\/vivian-maier-kioskero-nueva-york-1954-300x300.png.avif 300w, https:\/\/fotogasteiz.com\/blog\/wp-content\/smush-avif\/2017\/12\/vivian-maier-kioskero-nueva-york-1954-150x150.png.avif 150w, https:\/\/fotogasteiz.com\/blog\/wp-content\/smush-avif\/2017\/12\/vivian-maier-kioskero-nueva-york-1954-508x508.png.avif 508w, https:\/\/fotogasteiz.com\/blog\/wp-content\/uploads\/2017\/12\/vivian-maier-kioskero-nueva-york-1954.png 617w\" data-sizes=\"(max-width: 300px) 100vw, 300px\" src=\"data:image\/svg+xml;base64,PHN2ZyB3aWR0aD0iMSIgaGVpZ2h0PSIxIiB4bWxucz0iaHR0cDovL3d3dy53My5vcmcvMjAwMC9zdmciPjwvc3ZnPg==\" style=\"--smush-placeholder-width: 300px; --smush-placeholder-aspect-ratio: 300\/300;\" \/><\/a>\n\t\t\t<\/dt>\n\t\t\t\t<dd class='wp-caption-text gallery-caption' id='gallery-1-3650'>\n\t\t\t\tNueva York. 1954. Vivian Maier\n\t\t\t\t<\/dd><\/dl><dl class='gallery-item'>\n\t\t\t<dt class='gallery-icon landscape'>\n\t\t\t\t<a data-fancybox=\"mesmerize-gallery-1-group\" href='https:\/\/fotogasteiz.com\/blog\/wp-content\/uploads\/2017\/12\/vivian-maier-muejeres-lluvia-nueva-york-1953.png'><img decoding=\"async\"  width=\"300\" height=\"300\" data-src=\"https:\/\/fotogasteiz.com\/blog\/wp-content\/smush-avif\/2017\/12\/vivian-maier-muejeres-lluvia-nueva-york-1953-300x300.png.avif\"  class='mesmerize-gallery-1-image lazyload' alt=\"\" aria-describedby=\"gallery-1-3648\" data-srcset=\"https:\/\/fotogasteiz.com\/blog\/wp-content\/smush-avif\/2017\/12\/vivian-maier-muejeres-lluvia-nueva-york-1953-300x300.png.avif 300w, https:\/\/fotogasteiz.com\/blog\/wp-content\/smush-avif\/2017\/12\/vivian-maier-muejeres-lluvia-nueva-york-1953-150x150.png.avif 150w, https:\/\/fotogasteiz.com\/blog\/wp-content\/smush-avif\/2017\/12\/vivian-maier-muejeres-lluvia-nueva-york-1953-508x508.png.avif 508w, https:\/\/fotogasteiz.com\/blog\/wp-content\/uploads\/2017\/12\/vivian-maier-muejeres-lluvia-nueva-york-1953.png 617w\" data-sizes=\"(max-width: 300px) 100vw, 300px\" src=\"data:image\/svg+xml;base64,PHN2ZyB3aWR0aD0iMSIgaGVpZ2h0PSIxIiB4bWxucz0iaHR0cDovL3d3dy53My5vcmcvMjAwMC9zdmciPjwvc3ZnPg==\" style=\"--smush-placeholder-width: 300px; --smush-placeholder-aspect-ratio: 300\/300;\" \/><\/a>\n\t\t\t<\/dt>\n\t\t\t\t<dd class='wp-caption-text gallery-caption' id='gallery-1-3648'>\n\t\t\t\tNueva York. 1953. Vivian Maier\n\t\t\t\t<\/dd><\/dl><dl class='gallery-item'>\n\t\t\t<dt class='gallery-icon landscape'>\n\t\t\t\t<a data-fancybox=\"mesmerize-gallery-1-group\" href='https:\/\/fotogasteiz.com\/blog\/wp-content\/uploads\/2017\/12\/vivian-maier-nin\u0303os-agua-nueva-york-1954.png'><img decoding=\"async\"  width=\"300\" height=\"300\" data-src=\"https:\/\/fotogasteiz.com\/blog\/wp-content\/smush-avif\/2017\/12\/vivian-maier-nin\u0303os-agua-nueva-york-1954-300x300.png.avif\"  class='mesmerize-gallery-1-image lazyload' alt=\"\" aria-describedby=\"gallery-1-3646\" data-srcset=\"https:\/\/fotogasteiz.com\/blog\/wp-content\/smush-avif\/2017\/12\/vivian-maier-nin\u0303os-agua-nueva-york-1954-300x300.png.avif 300w, https:\/\/fotogasteiz.com\/blog\/wp-content\/smush-avif\/2017\/12\/vivian-maier-nin\u0303os-agua-nueva-york-1954-150x150.png.avif 150w, https:\/\/fotogasteiz.com\/blog\/wp-content\/smush-avif\/2017\/12\/vivian-maier-nin\u0303os-agua-nueva-york-1954-508x508.png.avif 508w, https:\/\/fotogasteiz.com\/blog\/wp-content\/uploads\/2017\/12\/vivian-maier-nin\u0303os-agua-nueva-york-1954.png 617w\" data-sizes=\"(max-width: 300px) 100vw, 300px\" src=\"data:image\/svg+xml;base64,PHN2ZyB3aWR0aD0iMSIgaGVpZ2h0PSIxIiB4bWxucz0iaHR0cDovL3d3dy53My5vcmcvMjAwMC9zdmciPjwvc3ZnPg==\" style=\"--smush-placeholder-width: 300px; --smush-placeholder-aspect-ratio: 300\/300;\" \/><\/a>\n\t\t\t<\/dt>\n\t\t\t\t<dd class='wp-caption-text gallery-caption' id='gallery-1-3646'>\n\t\t\t\tNueva York. 1954. Vivian Maier\n\t\t\t\t<\/dd><\/dl><dl class='gallery-item'>\n\t\t\t<dt class='gallery-icon landscape'>\n\t\t\t\t<a data-fancybox=\"mesmerize-gallery-1-group\" href='https:\/\/fotogasteiz.com\/blog\/wp-content\/uploads\/2017\/12\/vivian-maier-nueva-york.png'><img decoding=\"async\"  width=\"300\" height=\"300\" data-src=\"https:\/\/fotogasteiz.com\/blog\/wp-content\/smush-avif\/2017\/12\/vivian-maier-nueva-york-300x300.png.avif\"  class='mesmerize-gallery-1-image lazyload' alt=\"\" aria-describedby=\"gallery-1-3645\" data-srcset=\"https:\/\/fotogasteiz.com\/blog\/wp-content\/smush-avif\/2017\/12\/vivian-maier-nueva-york-300x300.png.avif 300w, https:\/\/fotogasteiz.com\/blog\/wp-content\/smush-avif\/2017\/12\/vivian-maier-nueva-york-150x150.png.avif 150w, https:\/\/fotogasteiz.com\/blog\/wp-content\/smush-avif\/2017\/12\/vivian-maier-nueva-york-508x508.png.avif 508w, https:\/\/fotogasteiz.com\/blog\/wp-content\/uploads\/2017\/12\/vivian-maier-nueva-york.png 617w\" data-sizes=\"(max-width: 300px) 100vw, 300px\" src=\"data:image\/svg+xml;base64,PHN2ZyB3aWR0aD0iMSIgaGVpZ2h0PSIxIiB4bWxucz0iaHR0cDovL3d3dy53My5vcmcvMjAwMC9zdmciPjwvc3ZnPg==\" style=\"--smush-placeholder-width: 300px; --smush-placeholder-aspect-ratio: 300\/300;\" \/><\/a>\n\t\t\t<\/dt>\n\t\t\t\t<dd class='wp-caption-text gallery-caption' id='gallery-1-3645'>\n\t\t\t\tNueva York. Vivian Maier\n\t\t\t\t<\/dd><\/dl><dl class='gallery-item'>\n\t\t\t<dt class='gallery-icon portrait'>\n\t\t\t\t<a data-fancybox=\"mesmerize-gallery-1-group\" href='https:\/\/fotogasteiz.com\/blog\/wp-content\/uploads\/2017\/12\/vivian-maier-nueva-york-1954.png'><img decoding=\"async\"  width=\"300\" height=\"300\" data-src=\"https:\/\/fotogasteiz.com\/blog\/wp-content\/smush-avif\/2017\/12\/vivian-maier-nueva-york-1954-300x300.png.avif\"  class='mesmerize-gallery-1-image lazyload' alt=\"\" aria-describedby=\"gallery-1-3644\" data-srcset=\"https:\/\/fotogasteiz.com\/blog\/wp-content\/smush-avif\/2017\/12\/vivian-maier-nueva-york-1954-300x300.png.avif 300w, https:\/\/fotogasteiz.com\/blog\/wp-content\/smush-avif\/2017\/12\/vivian-maier-nueva-york-1954-150x150.png.avif 150w, https:\/\/fotogasteiz.com\/blog\/wp-content\/smush-avif\/2017\/12\/vivian-maier-nueva-york-1954-508x509.png.avif 508w, https:\/\/fotogasteiz.com\/blog\/wp-content\/uploads\/2017\/12\/vivian-maier-nueva-york-1954.png 616w\" data-sizes=\"(max-width: 300px) 100vw, 300px\" src=\"data:image\/svg+xml;base64,PHN2ZyB3aWR0aD0iMSIgaGVpZ2h0PSIxIiB4bWxucz0iaHR0cDovL3d3dy53My5vcmcvMjAwMC9zdmciPjwvc3ZnPg==\" style=\"--smush-placeholder-width: 300px; --smush-placeholder-aspect-ratio: 300\/300;\" \/><\/a>\n\t\t\t<\/dt>\n\t\t\t\t<dd class='wp-caption-text gallery-caption' id='gallery-1-3644'>\n\t\t\t\tNueva York. 1955. Vivian Maier\n\t\t\t\t<\/dd><\/dl><dl class='gallery-item'>\n\t\t\t<dt class='gallery-icon portrait'>\n\t\t\t\t<a data-fancybox=\"mesmerize-gallery-1-group\" href='https:\/\/fotogasteiz.com\/blog\/wp-content\/uploads\/2017\/12\/vivian-maier-nueva-york-nin\u0303o-caja.png'><img decoding=\"async\"  width=\"300\" height=\"300\" data-src=\"https:\/\/fotogasteiz.com\/blog\/wp-content\/smush-avif\/2017\/12\/vivian-maier-nueva-york-nin\u0303o-caja-300x300.png.avif\"  class='mesmerize-gallery-1-image lazyload' alt=\"\" aria-describedby=\"gallery-1-3643\" data-srcset=\"https:\/\/fotogasteiz.com\/blog\/wp-content\/smush-avif\/2017\/12\/vivian-maier-nueva-york-nin\u0303o-caja-300x300.png.avif 300w, https:\/\/fotogasteiz.com\/blog\/wp-content\/smush-avif\/2017\/12\/vivian-maier-nueva-york-nin\u0303o-caja-150x150.png.avif 150w, https:\/\/fotogasteiz.com\/blog\/wp-content\/smush-avif\/2017\/12\/vivian-maier-nueva-york-nin\u0303o-caja-508x509.png.avif 508w, https:\/\/fotogasteiz.com\/blog\/wp-content\/uploads\/2017\/12\/vivian-maier-nueva-york-nin\u0303o-caja.png 617w\" data-sizes=\"(max-width: 300px) 100vw, 300px\" src=\"data:image\/svg+xml;base64,PHN2ZyB3aWR0aD0iMSIgaGVpZ2h0PSIxIiB4bWxucz0iaHR0cDovL3d3dy53My5vcmcvMjAwMC9zdmciPjwvc3ZnPg==\" style=\"--smush-placeholder-width: 300px; --smush-placeholder-aspect-ratio: 300\/300;\" \/><\/a>\n\t\t\t<\/dt>\n\t\t\t\t<dd class='wp-caption-text gallery-caption' id='gallery-1-3643'>\n\t\t\t\tNueva York. Vivian Maier\n\t\t\t\t<\/dd><\/dl>\n\t\t<\/div>\n<script>(function($){window.MaterialisCaptionsGallery && window.MaterialisCaptionsGallery($('[data-unique-id=\"mesmerize-gallery-1-69f5955c165fb\"]'))})(jQuery)<\/script><\/div><\/div><\/div> <\/div><\/div><div  data-label=\"Chicago\" data-id=\"content--3\" data-export-id=\"content-8\" data-category=\"content\" class=\"content-8 content-section content-section-spacing\" id=\"chicago\" style=\"background-color: rgb(245, 250, 253);\"><div  class=\"gridContainer\"> <div  class=\"row middle-sm\"><div  class=\"col-sm-6 space-bottom-xs space-top-xs\" data-type=\"column\"> <img decoding=\"async\"  class=\"shadow-large lazyload\" data-src=\"https:\/\/i0.wp.com\/fotogasteiz.com\/blog\/wp-content\/uploads\/2020\/11\/unnamed-8.jpg?w=3840&amp;ssl=1\" alt=\"\" title=\"unnamed (8)\" width=\"512\" height=\"512\" src=\"data:image\/svg+xml;base64,PHN2ZyB3aWR0aD0iMSIgaGVpZ2h0PSIxIiB4bWxucz0iaHR0cDovL3d3dy53My5vcmcvMjAwMC9zdmciPjwvc3ZnPg==\" style=\"--smush-placeholder-width: 512px; --smush-placeholder-aspect-ratio: 512\/512;\"><\/div> <div  class=\"col-sm-6\" data-type=\"column\"><p  class=\"lead\"><span  style=\"font-family: Muli, arial, helvetica, sans-serif; font-weight: 900; color: rgb(255, 152, 0);\">BIOGRAF\u00cdA DE VIVIAN MAIER<\/span><\/p><h2  class=\"\"><span  style=\"font-family: &quot;Playfair Display&quot;, arial, helvetica, sans-serif; color: rgb(0, 0, 0);\">Traslado a Chicago<\/span><\/h2> <p  class=\"\"><span  style=\"font-family: Muli, arial, helvetica, sans-serif; color: rgb(52, 58, 64);\">En 1956, con 30 a\u00f1os, por razones que no han trascendido, se mud\u00f3 a Chicago, donde comenz\u00f3 a trabajar de ni\u00f1era para diversas familias (Fue ni\u00f1era hasta los a\u00f1os 90).\r\n<\/span><br ><br ><span  style=\"font-family: Muli, arial, helvetica, sans-serif; color: rgb(52, 58, 64);\">\r\nSu primer trabajo confirmado fue en Highland Park (ciudad al norte de Chicago, Illinois), a orillas del Michigan, donde cuid\u00f3 a los ni\u00f1os de Nancy y Aaron Gensberg \u2018John, Lane, y Mathiew\u2019 desde 1956 hasta 1972.\r\n<\/span><br ><br ><span  style=\"font-family: Muli, arial, helvetica, sans-serif; color: rgb(52, 58, 64);\">\r\nSe sabe que en su habitaci\u00f3n ten\u00eda un lavabo privado donde revelaba sus negativos, con tanques caseros, y los secaba en la ducha.\r\n<\/span><\/p> <\/div> <\/div><\/div> <\/div><div  data-label=\"Vuielta al mundo\" data-id=\"content--4\" data-export-id=\"content-7\" data-category=\"content\" class=\"content-7 content-section content-section-spacing\" id=\"vuielta-al-mundo\" style=\"background-color: rgb(245, 250, 253);\"><div  class=\"gridContainer\"> <div  class=\"row middle-sm\"><div  class=\"col-sm-6 space-bottom-xs\" data-type=\"column\"> <p  class=\"lead\"><span  style=\"font-family: Muli, arial, helvetica, sans-serif; font-weight: 900; color: rgb(255, 152, 0);\">BIOGRAF\u00cdA DE VIVIAN MAIER<\/span><\/p><h2  class=\"\"><span  style=\"font-family: &quot;Playfair Display&quot;, arial, helvetica, sans-serif; color: rgb(0, 0, 0);\">Vuelta al mundo<\/span><\/h2> <p  class=\"\"><span  style=\"font-family: Muli, arial, helvetica, sans-serif; color: rgb(52, 58, 64);\">En 1959, con 33 a\u00f1os, volvi\u00f3 a pedirles vacaciones -esta vez ocho meses- y viaj\u00f3 a Egipto, Tailandia, Taiwan, Vietnam, Indonesia, Francia, Italia.\r\n<\/span>\r\n<br ><span style=\"font-family: Muli, arial, helvetica, sans-serif; color: rgb(52, 58, 64);\" >Recorri\u00f3 el mundo ser ninguna trotamundos. Norteamericana de ascendencia francesa y austroh\u00fangara, Maier dividi\u00f3 su vida entre Europa y los Estados Unidos, regresando a Nueva York en 1951. En 1956 finalmente se instal\u00f3 en Chicago, donde trabajar\u00eda como ni\u00f1era durante m\u00e1s de cuarenta a\u00f1os, pero cuando llevaba tres a\u00f1os en Chicago, e 1959, decidi\u00f3 realizar el gran viaje de su vida, como demuestran las fotos que hizo ese a\u00f1o en Egipto, Tailandia, Taiwan, Vietnam, Francia, Italia o Indonesia. Todo condensado en unos meses. Y tambi\u00e9n recorri\u00f3 el suroeste de Estados Unidos.\r\n<\/span><br ><br ><span style=\"font-family: Muli, arial, helvetica, sans-serif; color: rgb(52, 58, 64);\" >\r\nSi bien sus autorretratos y sus fotos de calle son sus fotos fotos m\u00e1s conocidas por el p\u00fablico general, cuando se observa el conjunto de su trabajo, se revelan sus intereses m\u00e1s profundos.<\/span><\/p> <\/div> <div  class=\"col-sm-6\" data-type=\"column\"> <img decoding=\"async\"  class=\"shadow-large lazyload\" data-src=\"https:\/\/i1.wp.com\/fotogasteiz.com\/blog\/wp-content\/uploads\/2017\/11\/vivian-maier-hoja-de-contactos-egipto.png?w=3840&amp;ssl=1\" alt=\"\" title=\"Hoja de contactos del viaje a Egipto. 1959. Vivian Maier\" width=\"586\" height=\"439\" src=\"data:image\/svg+xml;base64,PHN2ZyB3aWR0aD0iMSIgaGVpZ2h0PSIxIiB4bWxucz0iaHR0cDovL3d3dy53My5vcmcvMjAwMC9zdmciPjwvc3ZnPg==\" style=\"--smush-placeholder-width: 586px; --smush-placeholder-aspect-ratio: 586\/439;\"><\/div> <\/div><\/div> <\/div><div  data-label=\"Personaje\" data-id=\"content--5\" data-export-id=\"content-8\" data-category=\"content\" class=\"content-8 content-section content-section-spacing\" id=\"personaje\" style=\"background-color: rgb(245, 250, 253);\"><div  class=\"gridContainer\"> <div  class=\"row middle-sm\"><div  class=\"col-sm-6 space-bottom-xs space-top-xs\" data-type=\"column\"> <img decoding=\"async\"  class=\"shadow-large lazyload\" data-src=\"https:\/\/i1.wp.com\/fotogasteiz.com\/blog\/wp-content\/uploads\/2020\/11\/5350df12c2eab_o_original.jpg?w=3840&amp;ssl=1\" alt=\"\" title=\"5350df12c2eab_o_original\" width=\"586\" height=\"586\" src=\"data:image\/svg+xml;base64,PHN2ZyB3aWR0aD0iMSIgaGVpZ2h0PSIxIiB4bWxucz0iaHR0cDovL3d3dy53My5vcmcvMjAwMC9zdmciPjwvc3ZnPg==\" style=\"--smush-placeholder-width: 586px; --smush-placeholder-aspect-ratio: 586\/586;\"><\/div> <div  class=\"col-sm-6\" data-type=\"column\"><p  class=\"lead\"><span  style=\"font-family: Muli, arial, helvetica, sans-serif; font-weight: 900; color: rgb(255, 152, 0);\">BIOGRAF\u00cdA DE VIVIAN MAIER<\/span><\/p><h2  class=\"\"><span  style=\"font-family: &quot;Playfair Display&quot;, arial, helvetica, sans-serif; color: rgb(0, 0, 0);\">Se forja el personaje&nbsp;<\/span><\/h2> <p  class=\"\"><span  style=\"font-family: Muli, arial, helvetica, sans-serif; color: rgb(52, 58, 64);\">A medida que los ni\u00f1os que cuidaba (los de los Gensberg) iban creciendo, tambi\u00e9n cuid\u00f3 de la hija de un m\u00e9dico de Wilmette (un pueblo a 23 Km de Chicago). Una ni\u00f1a llamada de Inger.\r\n<\/span><br ><br ><span  style=\"font-family: Muli, arial, helvetica, sans-serif; color: rgb(52, 58, 64);\">\r\nEn 1975, con 49 a\u00f1os, trabaj\u00f3 unos meses como ni\u00f1era y empleada del hogar del famoso presentador de televisi\u00f3n Phil Donahue, que acababa de ganar la custodia de sus cinco hijos tras su divorcio.\r\n<\/span><br ><br ><span  style=\"font-family: Muli, arial, helvetica, sans-serif; color: rgb(52, 58, 64);\">\r\nA partir de ah\u00ed, trabaj\u00f3 para otras familias m\u00e1s.\r\n<\/span><br ><br ><span  style=\"font-family: Muli, arial, helvetica, sans-serif; color: rgb(52, 58, 64);\">\r\nVest\u00eda de forma muy diefernte a las de las mujeres de la \u00e9poca: con camisas grandes de hombre, botas militares, abrigos sobretallados y sombreros enormes. \u00abParec\u00eda una trabajadora sovi\u00e9tica, una guarda de prisiones o una lesbiana\u00bb, aseguran las familias en cuyas casas vivi\u00f3. Porque siempre trabaj\u00f3 como ni\u00f1era interna, viviendo en las casas de los ni\u00f1os a los que cuidaba y donde guardaba sus decenas de maletas llenas de negativos.\r\n<\/span><br ><br ><span  style=\"font-family: Muli, arial, helvetica, sans-serif; color: rgb(52, 58, 64);\">\r\nTambi\u00e9n llamaba la atenci\u00f3n su forma de hablar, de opinar y de caminar.\r\n<\/span><br ><br ><span  style=\"font-family: Muli, arial, helvetica, sans-serif; color: rgb(52, 58, 64);\">\r\nDurante su vida grab\u00f3 varias cintas de audio. Hablando directamente a la grabadora sin haber nadie m\u00e1s con ella o realizando entrevistas a quien se encontraba en la calle. Y gracias a esas cintas puede corroborarse lo que aseguran las personas que la trataron. Que ten\u00eda un acento a medio camino entre el alem\u00e1n y el franc\u00e9s, pese a que era estadounidense (algo que jam\u00e1s supieron las familias porque ella jam\u00e1s cont\u00f3 nada de su pasado).<\/span><\/p> <\/div> <\/div><\/div> <\/div><div  data-label=\"Excentricidad\" data-id=\"content--6\" data-export-id=\"content-7\" data-category=\"content\" class=\"content-7 content-section content-section-spacing\" id=\"excentricidad\" style=\"background-color: rgb(245, 250, 253);\"><div  class=\"gridContainer\"> <div  class=\"row middle-sm\"><div  class=\"col-sm-6 space-bottom-xs\" data-type=\"column\"> <p  class=\"lead\"><span  style=\"font-family: Muli, arial, helvetica, sans-serif; font-weight: 900; color: rgb(255, 152, 0);\">BIOGRAF\u00cdA DE VIVIAN MAIER<\/span><\/p><h2  class=\"\"><span  style=\"font-family: &quot;Playfair Display&quot;, arial, helvetica, sans-serif; color: rgb(0, 0, 0);\">La excentricidad se complica<\/span><\/h2> <p  class=\"\"><span  style=\"font-family: Muli, arial, helvetica, sans-serif; color: rgb(52, 58, 64);\">El ling\u00fcista Barry Wallis, que conoci\u00f3 a Maier en los a\u00f1o 70 asegura en la pel\u00edcula \u2018Buscando a Vivian Maier\u2019 que ten\u00eda un acento fingido.\r\n<\/span><br ><br ><span  style=\"font-family: Muli, arial, helvetica, sans-serif; color: rgb(52, 58, 64);\">\r\nAl conocerse despu\u00e9s que no fue a Francia hasta los 6 a\u00f1os y por poco tiempo se corrobora esta teor\u00eda, pues a los 6 a\u00f1os ya ten\u00eda el ingl\u00e9s totalmente desarrollado.\r\n<\/span><br ><br ><span  style=\"font-family: Muli, arial, helvetica, sans-serif; color: rgb(52, 58, 64);\">\r\nTambi\u00e9n ha trascendido -y se ve en la pel\u00edcula- que a algunas de las personas con las que convivi\u00f3 durante su etapa como ni\u00f1era les dec\u00eda que se llamaba Vivian, a otras que Vivianne, a otras Viv, a otras Mrs Maier. y en el laboratorio fotogr\u00e1fico al que a veces llevaba a imprimir sus fotos les dec\u00eda que se llamaba Mrs Smith, tras indicarles antes que no quer\u00eda dar su nombre y que no ten\u00eda n\u00famero de tel\u00e9fono, cuando se lo pidieron para contactarle cuando estuvieran impresas las fotos.\r\n<\/span><br ><br ><span  style=\"font-family: Muli, arial, helvetica, sans-serif; color: rgb(52, 58, 64);\">\r\nLa cantidades de maletas con las que viajaba -una vida a cuestas- fueron s\u00f3lo el principio. Lleg\u00f3 a acumular cientos de peri\u00f3dicos y miles de objetos sin uso aparente. Padeci\u00f3 di\u00f3genes.\r\n<\/span><br ><br ><span  style=\"font-family: Muli, arial, helvetica, sans-serif; color: rgb(52, 58, 64);\">\r\nSu forma de actuar le fue haciendo cada vez m\u00e1s complicado encontrar trabajos de ni\u00f1era. Y su obsesiva acumulaci\u00f3n le llev\u00f3 a tener que alquilar lonjas para guardar las cosas que no cab\u00edan en las casas en las que viv\u00eda, lastrando su econom\u00eda hasta el final de sus d\u00edas.<\/span><\/p> <\/div> <div  class=\"col-sm-6\" data-type=\"column\"> <img decoding=\"async\"  class=\"shadow-large lazyload\" data-src=\"https:\/\/i2.wp.com\/fotogasteiz.com\/blog\/wp-content\/uploads\/2017\/11\/vivian-autorretrato-espejo.png?w=3840&amp;ssl=1\" alt=\"\" title=\"Autorretrato. 1955. Vivian Maier\" width=\"586\" height=\"587\" src=\"data:image\/svg+xml;base64,PHN2ZyB3aWR0aD0iMSIgaGVpZ2h0PSIxIiB4bWxucz0iaHR0cDovL3d3dy53My5vcmcvMjAwMC9zdmciPjwvc3ZnPg==\" style=\"--smush-placeholder-width: 586px; --smush-placeholder-aspect-ratio: 586\/587;\"><\/div> <\/div><\/div> <\/div><div  data-label=\"ultimos anos\" data-id=\"content--7\" data-export-id=\"content-8\" data-category=\"content\" class=\"content-8 content-section content-section-spacing\" id=\"ultimos-anos\" style=\"background-color: rgb(245, 250, 253);\"><div  class=\"gridContainer\"> <div  class=\"row middle-sm\"><div  class=\"col-sm-6 space-bottom-xs space-top-xs\" data-type=\"column\"> <img decoding=\"async\"  class=\"shadow-large lazyload\" data-src=\"https:\/\/i1.wp.com\/fotogasteiz.com\/blog\/wp-content\/uploads\/2017\/11\/autorretrato-vivian-maier-1986.png?w=3840&amp;ssl=1\" alt=\"\" title=\"Autorretrato. 1986. Vivian Maier\" width=\"586\" height=\"389\" src=\"data:image\/svg+xml;base64,PHN2ZyB3aWR0aD0iMSIgaGVpZ2h0PSIxIiB4bWxucz0iaHR0cDovL3d3dy53My5vcmcvMjAwMC9zdmciPjwvc3ZnPg==\" style=\"--smush-placeholder-width: 586px; --smush-placeholder-aspect-ratio: 586\/389;\"><p  class=\"\"><span  style=\"font-family: Muli, arial, helvetica, sans-serif; color: rgb(52, 58, 64);\">Autorretrato. 1986. Vivian Maier<\/span><\/p><\/div> <div  class=\"col-sm-6\" data-type=\"column\"><p  class=\"lead\"><span  style=\"font-family: Muli, arial, helvetica, sans-serif; font-weight: 900; color: rgb(255, 152, 0);\">BIOGRAF\u00cdA DE VIVIAN MAIER<\/span><\/p><h2  class=\"\"><span  style=\"font-family: &quot;Playfair Display&quot;, arial, helvetica, sans-serif; color: rgb(0, 0, 0);\">\u00daltimos a\u00f1os en soledad<\/span><\/h2> <p  class=\"\"><span  style=\"font-family: Muli, arial, helvetica, sans-serif; color: rgb(52, 58, 64);\">Vivian trabaj\u00f3 hasta el cuerpo le dej\u00f3.\r\n<\/span><br ><br ><span  style=\"font-family: Muli, arial, helvetica, sans-serif; color: rgb(52, 58, 64);\">\r\nBien avanzada la d\u00e9cada de los 90, cuando ya superaba los 60 a\u00f1os y no podr\u00eda correr tras los ni\u00f1os, comenz\u00f3 a trabajar cuidando enfermos y tullidos.\r\n<\/span><br ><br ><span  style=\"font-family: Muli, arial, helvetica, sans-serif; color: rgb(52, 58, 64);\">\r\nSu estado mental se fue deteriorando y cuentan quienes la conocieron en sus \u00faltimos a\u00f1os que comparaba fruta y verdura en mal estado, la coc\u00eda y se beb\u00eda el agua de la sopa o la grasa de las ollas de carne para mantener la salud.<\/span><br ><span  style=\"font-family: Muli, arial, helvetica, sans-serif; color: rgb(52, 58, 64);\">\r\nTres de los ni\u00f1os que d\u00e9cadas atr\u00e1s cuid\u00f3 le pagan el alquiler.\r\n<\/span><br ><br ><span  style=\"font-family: Muli, arial, helvetica, sans-serif; color: rgb(52, 58, 64);\">\r\nEn las navidades de 2008, sufri\u00f3 un accidente y fue hopitalizada.\r\n<\/span><br ><br ><span  style=\"font-family: Muli, arial, helvetica, sans-serif; color: rgb(52, 58, 64);\">\r\nTras pasar varios meses de recuperaci\u00f3n y negarse a ser atendida y a comer, fue trasladada a una residencia en Highland Park, donde muri\u00f3 el 21 de abril de 2009.<\/span><\/p> <\/div> <\/div><\/div> <\/div><div  data-label=\"Libros\" data-id=\"features--1\" data-export-id=\"features-16\" data-category=\"features\" class=\"features-16 content-section content-section-spacing\" id=\"libros\" style=\"background-color: rgb(255, 255, 255);\"><div  class=\"gridContainer\"> <div  class=\"row text-center\"><div  class=\"section-title-col\" data-type=\"column\"> <h2  class=\"\"><span  style=\"font-family: &quot;Playfair Display&quot;, arial, helvetica, sans-serif; color: rgb(0, 0, 0);\">Libros y DVDs de Vivian Maier<\/span><\/h2> <\/div> <\/div> <div  class=\"row spaced-cols\" data-type=\"row\"> <div  class=\"col-xs-12 col-sm-6 col-md-4 space-bottom\"> <img decoding=\"async\"  class=\"face lazyload\" data-src=\"https:\/\/i2.wp.com\/fotogasteiz.com\/blog\/wp-content\/uploads\/2020\/11\/Maier_Cover_full_0.jpg?w=3840&amp;ssl=1\" alt=\"\" title=\"Maier_Cover_full_0\" width=\"381\" height=\"427\" src=\"data:image\/svg+xml;base64,PHN2ZyB3aWR0aD0iMSIgaGVpZ2h0PSIxIiB4bWxucz0iaHR0cDovL3d3dy53My5vcmcvMjAwMC9zdmciPjwvc3ZnPg==\" style=\"--smush-placeholder-width: 381px; --smush-placeholder-aspect-ratio: 381\/427;\"> <div  data-type=\"column\" class=\"col-padding-small col-padding-small-xs description-container\"> <h4  class=\"font-500\"><a data-mce-href=\"https:\/\/amzn.to\/32eEY7Q\" href=\"https:\/\/amzn.to\/32eEY7Q\" target=\"_blank\" rel=\"noopener noreferrer\" data-mce-selected=\"inline-boundary\" data-cp-link=\"1\" class=\"\">Vivian Maier \u2013 Street Photographer<\/a><\/h4>  <a class=\"read-more\" href=\"https:\/\/amzn.to\/32eEY7Q\" target=\"_blank\" data-cp-link=\"1\" rel=\"noopener noreferrer\">Comprar libro<\/a><\/div> <\/div> <div  class=\"col-xs-12 col-sm-6 col-md-4 space-bottom\"> <img decoding=\"async\"  class=\"face lazyload\" data-src=\"https:\/\/i0.wp.com\/fotogasteiz.com\/blog\/wp-content\/uploads\/2020\/11\/41LCZLtL3zL._AC_UL600_SR468600_.jpg?w=3840&amp;ssl=1\" alt=\"\" title=\"41LCZLtL3zL._AC_UL600_SR468,600_\" width=\"381\" height=\"488\" src=\"data:image\/svg+xml;base64,PHN2ZyB3aWR0aD0iMSIgaGVpZ2h0PSIxIiB4bWxucz0iaHR0cDovL3d3dy53My5vcmcvMjAwMC9zdmciPjwvc3ZnPg==\" style=\"--smush-placeholder-width: 381px; --smush-placeholder-aspect-ratio: 381\/488;\"> <div  data-type=\"column\" class=\"col-padding-small col-padding-small-xs description-container\"> <h4  class=\"font-500\"><a data-mce-href=\"https:\/\/amzn.to\/3jX0KDc\" href=\"https:\/\/amzn.to\/3jX0KDc\" target=\"_blank\" rel=\"noopener noreferrer\" data-mce-selected=\"inline-boundary\" data-cp-link=\"1\" class=\"\">Vivian Maier: A Photographer Found<\/a><\/h4>  <a class=\"read-more\" href=\"https:\/\/amzn.to\/3jX0KDc\" target=\"_blank\" data-cp-link=\"1\" rel=\"noopener noreferrer\">Comprar libro<\/a><\/div> <\/div> <div  class=\"col-xs-12 col-sm-6 col-md-4 space-bottom\"> <img decoding=\"async\"  class=\"face lazyload\" data-src=\"https:\/\/i2.wp.com\/fotogasteiz.com\/blog\/wp-content\/uploads\/2020\/11\/61n_S3uUUaL._SX419_BO1_204_203_200_250x250@2x.jpg?w=3840&amp;ssl=1\" alt=\"\" title=\"61n_S3uUUaL._SX419_BO1_204_203_200_250x250@2x\" width=\"381\" height=\"452\" src=\"data:image\/svg+xml;base64,PHN2ZyB3aWR0aD0iMSIgaGVpZ2h0PSIxIiB4bWxucz0iaHR0cDovL3d3dy53My5vcmcvMjAwMC9zdmciPjwvc3ZnPg==\" style=\"--smush-placeholder-width: 381px; --smush-placeholder-aspect-ratio: 381\/452;\"> <div  data-type=\"column\" class=\"col-padding-small col-padding-small-xs description-container\"> <h4  class=\"font-500\"><a data-mce-href=\"https:\/\/amzn.to\/2GrFFms\" href=\"https:\/\/amzn.to\/2GrFFms\" target=\"_blank\" rel=\"noopener noreferrer\" data-mce-selected=\"inline-boundary\" data-cp-link=\"1\" class=\"\">Vivian Maier: The Color Work<\/a><\/h4>  <a class=\"link\" href=\"https:\/\/amzn.to\/2GrFFms\" target=\"_blank\" data-cp-link=\"1\" rel=\"noopener noreferrer\">Comprar libro<\/a><\/div> <\/div><div  class=\"col-xs-12 col-sm-6 col-md-4 space-bottom\"> <img decoding=\"async\"  class=\"face lazyload\" data-src=\"https:\/\/i0.wp.com\/fotogasteiz.com\/blog\/wp-content\/uploads\/2020\/11\/9781733869003-scaled.jpg?w=3840&amp;ssl=1\" alt=\"\" title=\"9781733869003\" data-recalc-dims=\"1\" src=\"data:image\/svg+xml;base64,PHN2ZyB3aWR0aD0iMSIgaGVpZ2h0PSIxIiB4bWxucz0iaHR0cDovL3d3dy53My5vcmcvMjAwMC9zdmciPjwvc3ZnPg==\"> <div  data-type=\"column\" class=\"col-padding-small col-padding-small-xs description-container\"> <h4  class=\"font-500\"><a data-mce-href=\"https:\/\/amzn.to\/3oQpb8O\" href=\"https:\/\/amzn.to\/3oQpb8O\" target=\"_blank\" rel=\"noopener noreferrer\" data-mce-selected=\"inline-boundary\" data-cp-link=\"1\" class=\"\">Vivian Maier: Out of the Shadows<\/a><\/h4>  <a class=\"read-more\" href=\"https:\/\/amzn.to\/3oQpb8O\" target=\"_blank\" data-cp-link=\"1\" rel=\"noopener noreferrer\">Comprar libro<\/a><\/div> <\/div><div  class=\"col-xs-12 col-sm-6 col-md-4 space-bottom\"> <img decoding=\"async\"  class=\"face lazyload\" data-src=\"https:\/\/i1.wp.com\/fotogasteiz.com\/blog\/wp-content\/uploads\/2020\/11\/VMaierBook.jpg?w=3840&amp;ssl=1\" alt=\"\" title=\"VMaierBook\" width=\"381\" height=\"439\" src=\"data:image\/svg+xml;base64,PHN2ZyB3aWR0aD0iMSIgaGVpZ2h0PSIxIiB4bWxucz0iaHR0cDovL3d3dy53My5vcmcvMjAwMC9zdmciPjwvc3ZnPg==\" style=\"--smush-placeholder-width: 381px; --smush-placeholder-aspect-ratio: 381\/439;\"> <div  data-type=\"column\" class=\"col-padding-small col-padding-small-xs description-container\"> <h4  class=\"font-500\"><a data-mce-href=\"https:\/\/amzn.to\/3oQpb8O\" href=\"https:\/\/amzn.to\/3oQpb8O\" target=\"_blank\" rel=\"noopener noreferrer\" data-mce-selected=\"inline-boundary\" data-cp-link=\"1\" class=\"\">Vivian Maier \u2013 Self Portraits<\/a><\/h4>  <a class=\"read-more\" href=\"https:\/\/amzn.to\/3oQpb8O\" target=\"_blank\" data-cp-link=\"1\" rel=\"noopener noreferrer\">Comprar libro<\/a><\/div> <\/div><div  class=\"col-xs-12 col-sm-6 col-md-4 space-bottom\"> <img decoding=\"async\"  class=\"face lazyload\" data-src=\"https:\/\/i2.wp.com\/fotogasteiz.com\/blog\/wp-content\/uploads\/2020\/11\/813mOSFuN9L.jpg?w=3840&amp;ssl=1\" alt=\"\" title=\"813mOSFuN9L\" width=\"381\" height=\"536\" src=\"data:image\/svg+xml;base64,PHN2ZyB3aWR0aD0iMSIgaGVpZ2h0PSIxIiB4bWxucz0iaHR0cDovL3d3dy53My5vcmcvMjAwMC9zdmciPjwvc3ZnPg==\" style=\"--smush-placeholder-width: 381px; --smush-placeholder-aspect-ratio: 381\/536;\"> <div  data-type=\"column\" class=\"col-padding-small col-padding-small-xs description-container\"> <h4  class=\"font-500\"><a data-mce-href=\"https:\/\/amzn.to\/3eqIeBJ\" href=\"https:\/\/amzn.to\/3eqIeBJ\" target=\"_blank\" rel=\"noopener noreferrer\" data-mce-selected=\"inline-boundary\" data-cp-link=\"1\" class=\"\">Finding Vivian Maier&nbsp;DVD<\/a><\/h4>  <a class=\"read-more\" href=\"https:\/\/amzn.to\/3eqIeBJ\" target=\"_blank\" data-cp-link=\"1\" rel=\"noopener noreferrer\">Comprar DVD<\/a><\/div> <\/div><\/div> <\/div><\/div><div data-label=\"Expo canal\" data-id=\"content--9\" data-export-id=\"content-12\" data-category=\"content\" class=\"content-12 content-section content-section-spacing\" id=\"expo-canal\"  style=\"background-color: rgb(255, 38, 93); background-image: none;\"><div class=\"gridContainer\" > <div class=\"row text-center\" ><div class=\"section-title-col\" data-type=\"column\" > <h2 class=\"\" ><span style=\"font-family: &quot;Playfair Display&quot;, arial, helvetica, sans-serif; color: rgb(255, 255, 255);\" >Exposici\u00f3n en Madrid &#8211; Fundaci\u00f3n Canal<\/span><\/h2> <p class=\"lead\" ><span style=\"font-family: Muli, arial, helvetica, sans-serif; color: rgb(255, 255, 255);\" >En verano de 2016, una exposici\u00f3n llamada &#8216;Vivian Maier. Street Photographer&#8217; en la Fundaci\u00f3n Canal de Madrid puso el nombre de esta artista en todos los telediarios y peri\u00f3dicos que se interesaron por la genial obra de la \u00abnani\u00bb fot\u00f3grafa, &#8216;la Mary Poppins de la fotograf\u00eda&#8217; desatando la curiosidad general a trav\u00e9s de titulares que llamaban el inter\u00e9s de todos, aficionados o no a la fotograf\u00eda.\r\n<\/span><br ><br ><span style=\"font-family: Muli, arial, helvetica, sans-serif; color: rgb(255, 255, 255);\" >\r\nEra la primera gran muestra de la ni\u00f1era que, tras su muerte en el m\u00e1s absoluto anonimato y en la indigencia, se convirti\u00f3 en referente mundial de la Fotograf\u00eda y aquello caus\u00f3 sensaci\u00f3n.\r\n<\/span><br ><br ><span style=\"font-family: Muli, arial, helvetica, sans-serif; color: rgb(255, 255, 255);\" >\r\nLa vida de aquella mujer de la que hablaba la prensa era muy peculiar. \u00bfC\u00f3mo una simple ni\u00f1era hac\u00eda aquellas maravillosas fotos que nunca antes vieron la luz? \u00bfPor qu\u00e9 nunca mostr\u00f3 su obra? \u00bfPor qu\u00e9 acab\u00f3 en la indigencia? \u00a1Qu\u00e9 fotos maravillosas! El inter\u00e9s fue brutal.\r\n<\/span><br ><br ><span style=\"font-family: Muli, arial, helvetica, sans-serif; color: rgb(255, 255, 255);\" >\r\nAquella explosiva exposici\u00f3n se dividi\u00f3 en 6 secciones: Infancia, Retratos, Formalismos, Escenas de calle, Autorretratos y Fotograf\u00edas a color. Eran 120 fotos, adem\u00e1s de una selecci\u00f3n de contactos, realizadas entre 1950 y 1981: 100 im\u00e1genes en blanco y negro de 1950 a 1970 y 20 a color de 1965 a 1981. Adem\u00e1s de 9 pel\u00edculas en S\u00faper 8 de esta maestra de la fotograf\u00eda de calle realizadas entre 1965 y 1973. La muestra puso la foto de la calle en boca del p\u00fablico general ajeno hasta entonces a esta disciplina.<\/span><\/p><\/div> <\/div> <div class=\"row center-xs middle-xs\" > <div class=\"col-sm-9\" data-type=\"column\" > <img decoding=\"async\" class=\"shadow-large lazyload\" data-src=\"https:\/\/fotogasteiz.com\/blog\/wp-content\/uploads\/2020\/11\/vivian_maier-6.jpg\"  alt=\"\" title=\"vivian_maier-6\" src=\"data:image\/svg+xml;base64,PHN2ZyB3aWR0aD0iMSIgaGVpZ2h0PSIxIiB4bWxucz0iaHR0cDovL3d3dy53My5vcmcvMjAwMC9zdmciPjwvc3ZnPg==\" style=\"--smush-placeholder-width: 1200px; --smush-placeholder-aspect-ratio: 1200\/800;\"><\/div> <\/div><\/div> <\/div><div data-label=\"expo canal fotos\" data-id=\"gallery--2\" data-export-id=\"gallery-1\" data-category=\"gallery\" class=\"gallery-1 content-section content-section-spacing\" id=\"expo-canal-fotos\"  style=\"background-color: rgb(255, 38, 93); background-image: none;\"><div class=\"gridContainer\" > <div class=\"row\" ><div class=\"section-title-col\" data-type=\"column\" >  <\/div> <\/div> <div class=\"row text-center\" > <div class=\"col-xs-12\" data-editable=\"true\" data-content-shortcode=\"mesmerize_gallery id=&quot;mesmerize-gallery-1&quot; columns=&quot;3&quot; ids=&quot;12785,12784,12783,12782,12781,12780&quot; lb=&quot;1&quot; masonry=&quot;1&quot; size=&quot;medium&quot; link=&quot;file&quot; \" ><div id='mesmerize-gallery-1' class='gallery-wrapper'><style type=\"text\/css\">\n                    @media only screen and (min-width: 768px) {\n                    [data-unique-id='mesmerize-gallery-1-69f5955c19a3b'] dl {\n                        float: left;\n                        width: 33.333333333333% !important;\n                        max-width:  33.333333333333% !important;\n                        min-width:  33.333333333333% !important;\n                    }\n\n                    [data-unique-id='mesmerize-gallery-1-69f5955c19a3b'] dl:nth-of-type(3n +1 ) {\n                      clear: both;\n                      }\n                    }\n                <\/style><div id='mesmerize-gallery-1' class='mesmerize-gallery-1-dls-wrapper gallery-items-wrapper materialis-gallery' data-unique-id='mesmerize-gallery-1-69f5955c19a3b'><dl class='gallery-item'>\n\t\t\t<dt class='gallery-icon landscape'>\n\t\t\t\t<a data-fancybox=\"mesmerize-gallery-1-group\" href='https:\/\/fotogasteiz.com\/blog\/wp-content\/uploads\/2020\/11\/vivian_maier-2.jpg'><img decoding=\"async\"  width=\"300\" height=\"200\" data-src=\"https:\/\/fotogasteiz.com\/blog\/wp-content\/smush-avif\/2020\/11\/vivian_maier-2-300x200.jpg.avif\"  class='mesmerize-gallery-1-image lazyload' alt=\"\" data-srcset=\"https:\/\/fotogasteiz.com\/blog\/wp-content\/smush-avif\/2020\/11\/vivian_maier-2-300x200.jpg.avif 300w, https:\/\/fotogasteiz.com\/blog\/wp-content\/smush-avif\/2020\/11\/vivian_maier-2-1024x683.jpg.avif 1024w, https:\/\/fotogasteiz.com\/blog\/wp-content\/smush-avif\/2020\/11\/vivian_maier-2-768x512.jpg.avif 768w, https:\/\/fotogasteiz.com\/blog\/wp-content\/uploads\/2020\/11\/vivian_maier-2.jpg 1200w\" data-sizes=\"(max-width: 300px) 100vw, 300px\" src=\"data:image\/svg+xml;base64,PHN2ZyB3aWR0aD0iMSIgaGVpZ2h0PSIxIiB4bWxucz0iaHR0cDovL3d3dy53My5vcmcvMjAwMC9zdmciPjwvc3ZnPg==\" style=\"--smush-placeholder-width: 300px; --smush-placeholder-aspect-ratio: 300\/200;\" \/><\/a>\n\t\t\t<\/dt><\/dl><dl class='gallery-item'>\n\t\t\t<dt class='gallery-icon landscape'>\n\t\t\t\t<a data-fancybox=\"mesmerize-gallery-1-group\" href='https:\/\/fotogasteiz.com\/blog\/wp-content\/uploads\/2020\/11\/vivian_maier-8.jpg'><img decoding=\"async\"  width=\"300\" height=\"200\" data-src=\"https:\/\/fotogasteiz.com\/blog\/wp-content\/smush-avif\/2020\/11\/vivian_maier-8-300x200.jpg.avif\"  class='mesmerize-gallery-1-image lazyload' alt=\"\" data-srcset=\"https:\/\/fotogasteiz.com\/blog\/wp-content\/smush-avif\/2020\/11\/vivian_maier-8-300x200.jpg.avif 300w, https:\/\/fotogasteiz.com\/blog\/wp-content\/smush-avif\/2020\/11\/vivian_maier-8-1024x683.jpg.avif 1024w, https:\/\/fotogasteiz.com\/blog\/wp-content\/smush-avif\/2020\/11\/vivian_maier-8-768x512.jpg.avif 768w, https:\/\/fotogasteiz.com\/blog\/wp-content\/uploads\/2020\/11\/vivian_maier-8.jpg 1200w\" data-sizes=\"(max-width: 300px) 100vw, 300px\" src=\"data:image\/svg+xml;base64,PHN2ZyB3aWR0aD0iMSIgaGVpZ2h0PSIxIiB4bWxucz0iaHR0cDovL3d3dy53My5vcmcvMjAwMC9zdmciPjwvc3ZnPg==\" style=\"--smush-placeholder-width: 300px; --smush-placeholder-aspect-ratio: 300\/200;\" \/><\/a>\n\t\t\t<\/dt><\/dl><dl class='gallery-item'>\n\t\t\t<dt class='gallery-icon landscape'>\n\t\t\t\t<a data-fancybox=\"mesmerize-gallery-1-group\" href='https:\/\/fotogasteiz.com\/blog\/wp-content\/uploads\/2020\/11\/vivian_maier-7.jpg'><img decoding=\"async\"  width=\"300\" height=\"200\" data-src=\"https:\/\/fotogasteiz.com\/blog\/wp-content\/smush-avif\/2020\/11\/vivian_maier-7-300x200.jpg.avif\"  class='mesmerize-gallery-1-image lazyload' alt=\"\" data-srcset=\"https:\/\/fotogasteiz.com\/blog\/wp-content\/smush-avif\/2020\/11\/vivian_maier-7-300x200.jpg.avif 300w, https:\/\/fotogasteiz.com\/blog\/wp-content\/smush-avif\/2020\/11\/vivian_maier-7-1024x683.jpg.avif 1024w, https:\/\/fotogasteiz.com\/blog\/wp-content\/smush-avif\/2020\/11\/vivian_maier-7-768x512.jpg.avif 768w, https:\/\/fotogasteiz.com\/blog\/wp-content\/uploads\/2020\/11\/vivian_maier-7.jpg 1200w\" data-sizes=\"(max-width: 300px) 100vw, 300px\" src=\"data:image\/svg+xml;base64,PHN2ZyB3aWR0aD0iMSIgaGVpZ2h0PSIxIiB4bWxucz0iaHR0cDovL3d3dy53My5vcmcvMjAwMC9zdmciPjwvc3ZnPg==\" style=\"--smush-placeholder-width: 300px; --smush-placeholder-aspect-ratio: 300\/200;\" \/><\/a>\n\t\t\t<\/dt><\/dl><dl class='gallery-item'>\n\t\t\t<dt class='gallery-icon landscape'>\n\t\t\t\t<a data-fancybox=\"mesmerize-gallery-1-group\" href='https:\/\/fotogasteiz.com\/blog\/wp-content\/uploads\/2020\/11\/vivian_maier-5.jpg'><img decoding=\"async\"  width=\"300\" height=\"200\" data-src=\"https:\/\/fotogasteiz.com\/blog\/wp-content\/smush-avif\/2020\/11\/vivian_maier-5-300x200.jpg.avif\"  class='mesmerize-gallery-1-image lazyload' alt=\"\" data-srcset=\"https:\/\/fotogasteiz.com\/blog\/wp-content\/smush-avif\/2020\/11\/vivian_maier-5-300x200.jpg.avif 300w, https:\/\/fotogasteiz.com\/blog\/wp-content\/smush-avif\/2020\/11\/vivian_maier-5-1024x683.jpg.avif 1024w, https:\/\/fotogasteiz.com\/blog\/wp-content\/smush-avif\/2020\/11\/vivian_maier-5-768x512.jpg.avif 768w, https:\/\/fotogasteiz.com\/blog\/wp-content\/uploads\/2020\/11\/vivian_maier-5.jpg 1200w\" data-sizes=\"(max-width: 300px) 100vw, 300px\" src=\"data:image\/svg+xml;base64,PHN2ZyB3aWR0aD0iMSIgaGVpZ2h0PSIxIiB4bWxucz0iaHR0cDovL3d3dy53My5vcmcvMjAwMC9zdmciPjwvc3ZnPg==\" style=\"--smush-placeholder-width: 300px; --smush-placeholder-aspect-ratio: 300\/200;\" \/><\/a>\n\t\t\t<\/dt><\/dl><dl class='gallery-item'>\n\t\t\t<dt class='gallery-icon landscape'>\n\t\t\t\t<a data-fancybox=\"mesmerize-gallery-1-group\" href='https:\/\/fotogasteiz.com\/blog\/wp-content\/uploads\/2020\/11\/vivian_maier-4.jpg'><img decoding=\"async\"  width=\"300\" height=\"200\" data-src=\"https:\/\/fotogasteiz.com\/blog\/wp-content\/smush-avif\/2020\/11\/vivian_maier-4-300x200.jpg.avif\"  class='mesmerize-gallery-1-image lazyload' alt=\"\" data-srcset=\"https:\/\/fotogasteiz.com\/blog\/wp-content\/smush-avif\/2020\/11\/vivian_maier-4-300x200.jpg.avif 300w, https:\/\/fotogasteiz.com\/blog\/wp-content\/smush-avif\/2020\/11\/vivian_maier-4-1024x683.jpg.avif 1024w, https:\/\/fotogasteiz.com\/blog\/wp-content\/smush-avif\/2020\/11\/vivian_maier-4-768x512.jpg.avif 768w, https:\/\/fotogasteiz.com\/blog\/wp-content\/uploads\/2020\/11\/vivian_maier-4.jpg 1200w\" data-sizes=\"(max-width: 300px) 100vw, 300px\" src=\"data:image\/svg+xml;base64,PHN2ZyB3aWR0aD0iMSIgaGVpZ2h0PSIxIiB4bWxucz0iaHR0cDovL3d3dy53My5vcmcvMjAwMC9zdmciPjwvc3ZnPg==\" style=\"--smush-placeholder-width: 300px; --smush-placeholder-aspect-ratio: 300\/200;\" \/><\/a>\n\t\t\t<\/dt><\/dl><dl class='gallery-item'>\n\t\t\t<dt class='gallery-icon landscape'>\n\t\t\t\t<a data-fancybox=\"mesmerize-gallery-1-group\" href='https:\/\/fotogasteiz.com\/blog\/wp-content\/uploads\/2020\/11\/vivian_maier-3.jpg'><img decoding=\"async\"  width=\"300\" height=\"200\" data-src=\"https:\/\/fotogasteiz.com\/blog\/wp-content\/smush-avif\/2020\/11\/vivian_maier-3-300x200.jpg.avif\"  class='mesmerize-gallery-1-image lazyload' alt=\"\" data-srcset=\"https:\/\/fotogasteiz.com\/blog\/wp-content\/smush-avif\/2020\/11\/vivian_maier-3-300x200.jpg.avif 300w, https:\/\/fotogasteiz.com\/blog\/wp-content\/smush-avif\/2020\/11\/vivian_maier-3-1024x683.jpg.avif 1024w, https:\/\/fotogasteiz.com\/blog\/wp-content\/smush-avif\/2020\/11\/vivian_maier-3-768x512.jpg.avif 768w, https:\/\/fotogasteiz.com\/blog\/wp-content\/uploads\/2020\/11\/vivian_maier-3.jpg 1200w\" data-sizes=\"(max-width: 300px) 100vw, 300px\" src=\"data:image\/svg+xml;base64,PHN2ZyB3aWR0aD0iMSIgaGVpZ2h0PSIxIiB4bWxucz0iaHR0cDovL3d3dy53My5vcmcvMjAwMC9zdmciPjwvc3ZnPg==\" style=\"--smush-placeholder-width: 300px; --smush-placeholder-aspect-ratio: 300\/200;\" \/><\/a>\n\t\t\t<\/dt><\/dl>\n\t\t<\/div>\n<script>(function($){window.MaterialisCaptionsGallery && window.MaterialisCaptionsGallery($('[data-unique-id=\"mesmerize-gallery-1-69f5955c19a3b\"]'))})(jQuery)<\/script><\/div><\/div><\/div> <\/div><\/div><div data-label=\"Expo Tabakalera\" data-id=\"content--10\" data-export-id=\"content-12\" data-category=\"content\" class=\"content-12 content-section content-section-spacing\" id=\"expo-tabakalera\"  style=\"background-color: rgb(52, 58, 64); background-image: none;\"><div class=\"gridContainer\" > <div class=\"row text-center\" ><div class=\"section-title-col\" data-type=\"column\" > <h2 class=\"\" ><span style=\"font-family: &quot;Playfair Display&quot;, arial, helvetica, sans-serif; color: rgb(255, 255, 255);\" >Exposici\u00f3n en Donostia &#8211; Tabakalera<\/span><\/h2> <p class=\"lead\" ><span style=\"font-family: Muli, arial, helvetica, sans-serif; color: rgb(255, 255, 255);\" >En verano de 2019, la comisaria encargada de todas las exposiciones de Vivian Maier en todo el mundo, Anne Morin, trajo al centro cultural Tabakalera de San Sebasti\u00e1n la muestra &#8216;Vivian Maier, una fot\u00f3grafa revelada&#8217; 33 fotograf\u00edas in\u00e9ditas, nunca antes vistas, de la artista. De nuevo, como ocurri\u00f3 con la exposici\u00f3n de Madrid, toda la prensa recogi\u00f3 la historia de Maier y el public\u00f3 acudi\u00f3 en masa a ver sus fotos intrigados por la peculiaridad de la artista.<\/span><\/p><\/div> <\/div> <div class=\"row center-xs middle-xs\" > <div class=\"col-sm-9\" data-type=\"column\" > <img decoding=\"async\" class=\"shadow-large lazyload\" data-src=\"https:\/\/fotogasteiz.com\/blog\/wp-content\/uploads\/2020\/11\/KF19_AGKUBO_VM_Cajero_640x424_ES.gif\"  alt=\"\" title=\"KF19_AGKUBO_VM_Cajero_640x424_ES\" src=\"data:image\/svg+xml;base64,PHN2ZyB3aWR0aD0iMSIgaGVpZ2h0PSIxIiB4bWxucz0iaHR0cDovL3d3dy53My5vcmcvMjAwMC9zdmciPjwvc3ZnPg==\" style=\"--smush-placeholder-width: 640px; --smush-placeholder-aspect-ratio: 640\/424;\"><\/div> <\/div><\/div> <\/div><div data-label=\"Gallery\" data-id=\"gallery--3\" data-export-id=\"gallery-1\" data-category=\"gallery\" class=\"gallery-1 content-section content-section-spacing\" id=\"gallery-1\"  style=\"background-color: rgb(52, 58, 64); background-image: none;\"><div class=\"gridContainer\" > <div class=\"row\" ><div class=\"section-title-col\" data-type=\"column\" >  <\/div> <\/div> <div class=\"row text-center\" > <div class=\"col-xs-12\" data-editable=\"true\" data-content-shortcode=\"mesmerize_gallery id=&quot;mesmerize-gallery-1&quot; columns=&quot;3&quot; ids=&quot;12792,12791,12790&quot; lb=&quot;1&quot; masonry=&quot;1&quot; size=&quot;medium&quot; link=&quot;file&quot; \" ><div id='mesmerize-gallery-1' class='gallery-wrapper'><style type=\"text\/css\">\n                    @media only screen and (min-width: 768px) {\n                    [data-unique-id='mesmerize-gallery-1-69f5955c1ad86'] dl {\n                        float: left;\n                        width: 33.333333333333% !important;\n                        max-width:  33.333333333333% !important;\n                        min-width:  33.333333333333% !important;\n                    }\n\n                    [data-unique-id='mesmerize-gallery-1-69f5955c1ad86'] dl:nth-of-type(3n +1 ) {\n                      clear: both;\n                      }\n                    }\n                <\/style><div id='mesmerize-gallery-1' class='mesmerize-gallery-1-dls-wrapper gallery-items-wrapper materialis-gallery' data-unique-id='mesmerize-gallery-1-69f5955c1ad86'><dl class='gallery-item'>\n\t\t\t<dt class='gallery-icon landscape'>\n\t\t\t\t<a data-fancybox=\"mesmerize-gallery-1-group\" href='https:\/\/fotogasteiz.com\/blog\/wp-content\/uploads\/2020\/11\/DSCF3069.jpg'><img decoding=\"async\"  width=\"300\" height=\"200\" data-src=\"https:\/\/fotogasteiz.com\/blog\/wp-content\/smush-avif\/2020\/11\/DSCF3069-300x200.jpg.avif\"  class='mesmerize-gallery-1-image lazyload' alt=\"\" data-srcset=\"https:\/\/fotogasteiz.com\/blog\/wp-content\/smush-avif\/2020\/11\/DSCF3069-300x200.jpg.avif 300w, https:\/\/fotogasteiz.com\/blog\/wp-content\/smush-avif\/2020\/11\/DSCF3069-768x512.jpg.avif 768w, https:\/\/fotogasteiz.com\/blog\/wp-content\/uploads\/2020\/11\/DSCF3069.jpg 800w\" data-sizes=\"(max-width: 300px) 100vw, 300px\" src=\"data:image\/svg+xml;base64,PHN2ZyB3aWR0aD0iMSIgaGVpZ2h0PSIxIiB4bWxucz0iaHR0cDovL3d3dy53My5vcmcvMjAwMC9zdmciPjwvc3ZnPg==\" style=\"--smush-placeholder-width: 300px; --smush-placeholder-aspect-ratio: 300\/200;\" \/><\/a>\n\t\t\t<\/dt><\/dl><dl class='gallery-item'>\n\t\t\t<dt class='gallery-icon landscape'>\n\t\t\t\t<a data-fancybox=\"mesmerize-gallery-1-group\" href='https:\/\/fotogasteiz.com\/blog\/wp-content\/uploads\/2020\/11\/exposicion-vivian-maier-san-sebastian.jpg'><img decoding=\"async\"  width=\"300\" height=\"225\" data-src=\"https:\/\/fotogasteiz.com\/blog\/wp-content\/smush-avif\/2020\/11\/exposicion-vivian-maier-san-sebastian-300x225.jpg.avif\"  class='mesmerize-gallery-1-image lazyload' alt=\"\" data-srcset=\"https:\/\/fotogasteiz.com\/blog\/wp-content\/smush-avif\/2020\/11\/exposicion-vivian-maier-san-sebastian-300x225.jpg.avif 300w, https:\/\/fotogasteiz.com\/blog\/wp-content\/smush-avif\/2020\/11\/exposicion-vivian-maier-san-sebastian-1024x768.jpg.avif 1024w, https:\/\/fotogasteiz.com\/blog\/wp-content\/smush-avif\/2020\/11\/exposicion-vivian-maier-san-sebastian-768x576.jpg.avif 768w, https:\/\/fotogasteiz.com\/blog\/wp-content\/smush-avif\/2020\/11\/exposicion-vivian-maier-san-sebastian-1536x1152.jpg.avif 1536w, https:\/\/fotogasteiz.com\/blog\/wp-content\/smush-avif\/2020\/11\/exposicion-vivian-maier-san-sebastian-1440x1080.jpg.avif 1440w, https:\/\/fotogasteiz.com\/blog\/wp-content\/uploads\/2020\/11\/exposicion-vivian-maier-san-sebastian.jpg 1984w\" data-sizes=\"(max-width: 300px) 100vw, 300px\" src=\"data:image\/svg+xml;base64,PHN2ZyB3aWR0aD0iMSIgaGVpZ2h0PSIxIiB4bWxucz0iaHR0cDovL3d3dy53My5vcmcvMjAwMC9zdmciPjwvc3ZnPg==\" style=\"--smush-placeholder-width: 300px; --smush-placeholder-aspect-ratio: 300\/225;\" \/><\/a>\n\t\t\t<\/dt><\/dl><dl class='gallery-item'>\n\t\t\t<dt class='gallery-icon landscape'>\n\t\t\t\t<a data-fancybox=\"mesmerize-gallery-1-group\" href='https:\/\/fotogasteiz.com\/blog\/wp-content\/uploads\/2020\/11\/DSCF3051.jpg'><img decoding=\"async\"  width=\"300\" height=\"200\" data-src=\"https:\/\/fotogasteiz.com\/blog\/wp-content\/smush-avif\/2020\/11\/DSCF3051-300x200.jpg.avif\"  class='mesmerize-gallery-1-image lazyload' alt=\"\" data-srcset=\"https:\/\/fotogasteiz.com\/blog\/wp-content\/smush-avif\/2020\/11\/DSCF3051-300x200.jpg.avif 300w, https:\/\/fotogasteiz.com\/blog\/wp-content\/smush-avif\/2020\/11\/DSCF3051-768x512.jpg.avif 768w, https:\/\/fotogasteiz.com\/blog\/wp-content\/uploads\/2020\/11\/DSCF3051.jpg 800w\" data-sizes=\"(max-width: 300px) 100vw, 300px\" src=\"data:image\/svg+xml;base64,PHN2ZyB3aWR0aD0iMSIgaGVpZ2h0PSIxIiB4bWxucz0iaHR0cDovL3d3dy53My5vcmcvMjAwMC9zdmciPjwvc3ZnPg==\" style=\"--smush-placeholder-width: 300px; --smush-placeholder-aspect-ratio: 300\/200;\" \/><\/a>\n\t\t\t<\/dt><\/dl>\n\t\t<\/div>\n<script>(function($){window.MaterialisCaptionsGallery && window.MaterialisCaptionsGallery($('[data-unique-id=\"mesmerize-gallery-1-69f5955c1ad86\"]'))})(jQuery)<\/script><\/div><\/div><\/div> <\/div><\/div>","protected":false},"excerpt":{"rendered":"<p>Vida \u2013 obra \u2013 Biograf\u00eda GRANDES FOT\u00d3GRAFOS Y FOT\u00d3GRAFASVivian Maier Vivian Maier es una de las fot\u00f3grafas m\u00e1s influyentes de nuestro tiempo tras pasar toda una vida tomando fotograf\u00edas desde el m\u00e1s absoluto anonimato. Ni\u00f1era y empleada del hogar interna de profesi\u00f3n, llev\u00f3 una vida errante, de casa en casa, a las que acud\u00eda cargando&hellip; <br \/> <a class=\"read-more\" href=\"https:\/\/fotogasteiz.com\/blog\/fotografos\/vivian-maier-vida-obra-biografia\/\">Read more<\/a><\/p>\n","protected":false},"author":1,"featured_media":3591,"parent":1689,"menu_order":0,"comment_status":"closed","ping_status":"closed","template":"pro\/page-templates\/full-width-page.php","meta":{"footnotes":""},"class_list":["post-3590","page","type-page","status-publish","has-post-thumbnail","hentry"],"yoast_head":"<!-- This site is optimized with the Yoast SEO Premium plugin v22.5 (Yoast SEO v27.5) - https:\/\/yoast.com\/product\/yoast-seo-premium-wordpress\/ -->\n<title>Vivian Maier - Profesor de fotograf\u00eda<\/title>\n<meta name=\"description\" content=\"Vida, obra y biograf\u00eda de la fot\u00f3grafa estadounidense Vivian Maier. Analizamos su estilo, etapas creativas, libros y exposiciones.\" \/>\n<meta name=\"robots\" content=\"index, follow, max-snippet:-1, max-image-preview:large, max-video-preview:-1\" \/>\n<link rel=\"canonical\" href=\"https:\/\/fotogasteiz.com\/blog\/fotografos\/vivian-maier-vida-obra-biografia\/\" \/>\n<meta property=\"og:locale\" content=\"es_ES\" \/>\n<meta property=\"og:type\" content=\"article\" \/>\n<meta property=\"og:title\" content=\"Vivian Maier\" \/>\n<meta property=\"og:description\" content=\"Vida, obra y biograf\u00eda de la fot\u00f3grafa estadounidense Vivian Maier. Analizamos su estilo, etapas creativas, libros y exposiciones.\" \/>\n<meta property=\"og:url\" content=\"https:\/\/fotogasteiz.com\/blog\/fotografos\/vivian-maier-vida-obra-biografia\/\" \/>\n<meta property=\"og:site_name\" content=\"Profesor de fotograf\u00eda\" \/>\n<meta property=\"article:modified_time\" content=\"2021-01-25T17:03:24+00:00\" \/>\n<meta property=\"og:image\" content=\"https:\/\/fotogasteiz.com\/blog\/wp-content\/uploads\/2017\/11\/vivian-maier-autorretrato-1024x1024.png\" \/>\n\t<meta property=\"og:image:width\" content=\"1024\" \/>\n\t<meta property=\"og:image:height\" content=\"1024\" \/>\n\t<meta property=\"og:image:type\" content=\"image\/png\" \/>\n<meta name=\"twitter:card\" content=\"summary_large_image\" \/>\n<meta name=\"twitter:label1\" content=\"Tiempo de lectura\" \/>\n\t<meta name=\"twitter:data1\" content=\"13 minutos\" \/>\n<script type=\"application\/ld+json\" class=\"yoast-schema-graph\">{\"@context\":\"https:\\\/\\\/schema.org\",\"@graph\":[{\"@type\":\"WebPage\",\"@id\":\"https:\\\/\\\/fotogasteiz.com\\\/blog\\\/fotografos\\\/vivian-maier-vida-obra-biografia\\\/\",\"url\":\"https:\\\/\\\/fotogasteiz.com\\\/blog\\\/fotografos\\\/vivian-maier-vida-obra-biografia\\\/\",\"name\":\"Vivian Maier - Profesor de fotograf\u00eda\",\"isPartOf\":{\"@id\":\"https:\\\/\\\/fotogasteiz.com\\\/blog\\\/#website\"},\"primaryImageOfPage\":{\"@id\":\"https:\\\/\\\/fotogasteiz.com\\\/blog\\\/fotografos\\\/vivian-maier-vida-obra-biografia\\\/#primaryimage\"},\"image\":{\"@id\":\"https:\\\/\\\/fotogasteiz.com\\\/blog\\\/fotografos\\\/vivian-maier-vida-obra-biografia\\\/#primaryimage\"},\"thumbnailUrl\":\"https:\\\/\\\/fotogasteiz.com\\\/blog\\\/wp-content\\\/uploads\\\/2017\\\/11\\\/vivian-maier-autorretrato.png\",\"datePublished\":\"2017-11-30T11:38:27+00:00\",\"dateModified\":\"2021-01-25T17:03:24+00:00\",\"description\":\"Vida, obra y biograf\u00eda de la fot\u00f3grafa estadounidense Vivian Maier. Analizamos su estilo, etapas creativas, libros y exposiciones.\",\"breadcrumb\":{\"@id\":\"https:\\\/\\\/fotogasteiz.com\\\/blog\\\/fotografos\\\/vivian-maier-vida-obra-biografia\\\/#breadcrumb\"},\"inLanguage\":\"es\",\"potentialAction\":[{\"@type\":\"ReadAction\",\"target\":[\"https:\\\/\\\/fotogasteiz.com\\\/blog\\\/fotografos\\\/vivian-maier-vida-obra-biografia\\\/\"]}]},{\"@type\":\"ImageObject\",\"inLanguage\":\"es\",\"@id\":\"https:\\\/\\\/fotogasteiz.com\\\/blog\\\/fotografos\\\/vivian-maier-vida-obra-biografia\\\/#primaryimage\",\"url\":\"https:\\\/\\\/fotogasteiz.com\\\/blog\\\/wp-content\\\/uploads\\\/2017\\\/11\\\/vivian-maier-autorretrato.png\",\"contentUrl\":\"https:\\\/\\\/fotogasteiz.com\\\/blog\\\/wp-content\\\/uploads\\\/2017\\\/11\\\/vivian-maier-autorretrato.png\",\"width\":2152,\"height\":2150},{\"@type\":\"BreadcrumbList\",\"@id\":\"https:\\\/\\\/fotogasteiz.com\\\/blog\\\/fotografos\\\/vivian-maier-vida-obra-biografia\\\/#breadcrumb\",\"itemListElement\":[{\"@type\":\"ListItem\",\"position\":1,\"name\":\"Portada\",\"item\":\"https:\\\/\\\/fotogasteiz.com\\\/blog\\\/\"},{\"@type\":\"ListItem\",\"position\":2,\"name\":\"Fot\u00f3grafos y fot\u00f3grafas (biograf\u00edas)\",\"item\":\"https:\\\/\\\/fotogasteiz.com\\\/blog\\\/fotografos\\\/\"},{\"@type\":\"ListItem\",\"position\":3,\"name\":\"Vivian Maier\"}]},{\"@type\":\"WebSite\",\"@id\":\"https:\\\/\\\/fotogasteiz.com\\\/blog\\\/#website\",\"url\":\"https:\\\/\\\/fotogasteiz.com\\\/blog\\\/\",\"name\":\"Profesor de fotograf\u00eda\",\"description\":\"por Gustavo Bravo\",\"potentialAction\":[{\"@type\":\"SearchAction\",\"target\":{\"@type\":\"EntryPoint\",\"urlTemplate\":\"https:\\\/\\\/fotogasteiz.com\\\/blog\\\/?s={search_term_string}\"},\"query-input\":{\"@type\":\"PropertyValueSpecification\",\"valueRequired\":true,\"valueName\":\"search_term_string\"}}],\"inLanguage\":\"es\"}]}<\/script>\n<!-- \/ Yoast SEO Premium plugin. -->","yoast_head_json":{"title":"Vivian Maier - Profesor de fotograf\u00eda","description":"Vida, obra y biograf\u00eda de la fot\u00f3grafa estadounidense Vivian Maier. Analizamos su estilo, etapas creativas, libros y exposiciones.","robots":{"index":"index","follow":"follow","max-snippet":"max-snippet:-1","max-image-preview":"max-image-preview:large","max-video-preview":"max-video-preview:-1"},"canonical":"https:\/\/fotogasteiz.com\/blog\/fotografos\/vivian-maier-vida-obra-biografia\/","og_locale":"es_ES","og_type":"article","og_title":"Vivian Maier","og_description":"Vida, obra y biograf\u00eda de la fot\u00f3grafa estadounidense Vivian Maier. Analizamos su estilo, etapas creativas, libros y exposiciones.","og_url":"https:\/\/fotogasteiz.com\/blog\/fotografos\/vivian-maier-vida-obra-biografia\/","og_site_name":"Profesor de fotograf\u00eda","article_modified_time":"2021-01-25T17:03:24+00:00","og_image":[{"width":1024,"height":1024,"url":"https:\/\/fotogasteiz.com\/blog\/wp-content\/uploads\/2017\/11\/vivian-maier-autorretrato-1024x1024.png","type":"image\/png"}],"twitter_card":"summary_large_image","twitter_misc":{"Tiempo de lectura":"13 minutos"},"schema":{"@context":"https:\/\/schema.org","@graph":[{"@type":"WebPage","@id":"https:\/\/fotogasteiz.com\/blog\/fotografos\/vivian-maier-vida-obra-biografia\/","url":"https:\/\/fotogasteiz.com\/blog\/fotografos\/vivian-maier-vida-obra-biografia\/","name":"Vivian Maier - Profesor de fotograf\u00eda","isPartOf":{"@id":"https:\/\/fotogasteiz.com\/blog\/#website"},"primaryImageOfPage":{"@id":"https:\/\/fotogasteiz.com\/blog\/fotografos\/vivian-maier-vida-obra-biografia\/#primaryimage"},"image":{"@id":"https:\/\/fotogasteiz.com\/blog\/fotografos\/vivian-maier-vida-obra-biografia\/#primaryimage"},"thumbnailUrl":"https:\/\/fotogasteiz.com\/blog\/wp-content\/uploads\/2017\/11\/vivian-maier-autorretrato.png","datePublished":"2017-11-30T11:38:27+00:00","dateModified":"2021-01-25T17:03:24+00:00","description":"Vida, obra y biograf\u00eda de la fot\u00f3grafa estadounidense Vivian Maier. Analizamos su estilo, etapas creativas, libros y exposiciones.","breadcrumb":{"@id":"https:\/\/fotogasteiz.com\/blog\/fotografos\/vivian-maier-vida-obra-biografia\/#breadcrumb"},"inLanguage":"es","potentialAction":[{"@type":"ReadAction","target":["https:\/\/fotogasteiz.com\/blog\/fotografos\/vivian-maier-vida-obra-biografia\/"]}]},{"@type":"ImageObject","inLanguage":"es","@id":"https:\/\/fotogasteiz.com\/blog\/fotografos\/vivian-maier-vida-obra-biografia\/#primaryimage","url":"https:\/\/fotogasteiz.com\/blog\/wp-content\/uploads\/2017\/11\/vivian-maier-autorretrato.png","contentUrl":"https:\/\/fotogasteiz.com\/blog\/wp-content\/uploads\/2017\/11\/vivian-maier-autorretrato.png","width":2152,"height":2150},{"@type":"BreadcrumbList","@id":"https:\/\/fotogasteiz.com\/blog\/fotografos\/vivian-maier-vida-obra-biografia\/#breadcrumb","itemListElement":[{"@type":"ListItem","position":1,"name":"Portada","item":"https:\/\/fotogasteiz.com\/blog\/"},{"@type":"ListItem","position":2,"name":"Fot\u00f3grafos y fot\u00f3grafas (biograf\u00edas)","item":"https:\/\/fotogasteiz.com\/blog\/fotografos\/"},{"@type":"ListItem","position":3,"name":"Vivian Maier"}]},{"@type":"WebSite","@id":"https:\/\/fotogasteiz.com\/blog\/#website","url":"https:\/\/fotogasteiz.com\/blog\/","name":"Profesor de fotograf\u00eda","description":"por Gustavo Bravo","potentialAction":[{"@type":"SearchAction","target":{"@type":"EntryPoint","urlTemplate":"https:\/\/fotogasteiz.com\/blog\/?s={search_term_string}"},"query-input":{"@type":"PropertyValueSpecification","valueRequired":true,"valueName":"search_term_string"}}],"inLanguage":"es"}]}},"_links":{"self":[{"href":"https:\/\/fotogasteiz.com\/blog\/wp-json\/wp\/v2\/pages\/3590","targetHints":{"allow":["GET"]}}],"collection":[{"href":"https:\/\/fotogasteiz.com\/blog\/wp-json\/wp\/v2\/pages"}],"about":[{"href":"https:\/\/fotogasteiz.com\/blog\/wp-json\/wp\/v2\/types\/page"}],"author":[{"embeddable":true,"href":"https:\/\/fotogasteiz.com\/blog\/wp-json\/wp\/v2\/users\/1"}],"replies":[{"embeddable":true,"href":"https:\/\/fotogasteiz.com\/blog\/wp-json\/wp\/v2\/comments?post=3590"}],"version-history":[{"count":25,"href":"https:\/\/fotogasteiz.com\/blog\/wp-json\/wp\/v2\/pages\/3590\/revisions"}],"predecessor-version":[{"id":12793,"href":"https:\/\/fotogasteiz.com\/blog\/wp-json\/wp\/v2\/pages\/3590\/revisions\/12793"}],"up":[{"embeddable":true,"href":"https:\/\/fotogasteiz.com\/blog\/wp-json\/wp\/v2\/pages\/1689"}],"wp:featuredmedia":[{"embeddable":true,"href":"https:\/\/fotogasteiz.com\/blog\/wp-json\/wp\/v2\/media\/3591"}],"wp:attachment":[{"href":"https:\/\/fotogasteiz.com\/blog\/wp-json\/wp\/v2\/media?parent=3590"}],"curies":[{"name":"wp","href":"https:\/\/api.w.org\/{rel}","templated":true}]}}