{"id":4099,"date":"2018-02-12T15:38:51","date_gmt":"2018-02-12T15:38:51","guid":{"rendered":"http:\/\/fotogasteiz.com\/blog\/?page_id=4099"},"modified":"2021-12-15T15:54:50","modified_gmt":"2021-12-15T15:54:50","slug":"alberto-schommer","status":"publish","type":"page","link":"https:\/\/fotogasteiz.com\/blog\/fotografos\/alberto-schommer\/","title":{"rendered":"Alberto Schommer"},"content":{"rendered":"<div  data-label=\"Intro\" data-id=\"about--1\" data-export-id=\"about-10\" data-category=\"about\" class=\"about-10 content-section content-section-spacing\" id=\"intro\" style=\"background-color: rgb(245, 250, 253);\"><div  class=\"gridContainer\"> <div  class=\"row middle-sm text-center\"><div  class=\"col-sm-5 space-bottom-xs content-column\" data-type=\"column\"> <h5  class=\"\"><span  style=\"color: rgb(3, 169, 244);\">Vida- obra \u2013 biograf\u00eda<\/span><\/h5> <p  class=\"lead\">GRANDES FOT\u00d3GRAFOS Y FOT\u00d3GRAFAS<\/p><h2  class=\"\"><span  style=\"font-family: &quot;Playfair Display&quot;, arial, helvetica, sans-serif; color: rgb(0, 0, 0);\">Alberto Schommer<\/span><\/h2> <p  class=\"\"><span  style=\"font-family: Muli, arial, helvetica, sans-serif; color: rgb(52, 58, 64);\">El fot\u00f3grafo vitoriano <span  style=\"font-weight: 700;\">Alberto Schommer<\/span> es uno de los fot\u00f3grafos m\u00e1s destacados del panorama creativo espa\u00f1ol de las \u00faltimas d\u00e9cadas, famoso por sus retratos de las figuras pol\u00edticas del Franquismo en Espa\u00f1a y de la Transici\u00f3n, as\u00ed como de personalidades norteamericanas, convertidas en iconos de dicha sociedad (fotografi\u00f3 a <span  style=\"font-weight: 700;\">Andy Warhol<\/span>, <span  style=\"font-weight: 700;\">Roy Lichtenstein <span  style=\"font-weight: 400;\">o<\/span> Susan Sontag<\/span>, entre otros, pintando las banderas de Estados Unidos con las que les visti\u00f3).\n<\/span><br ><br ><span  style=\"font-family: Muli, arial, helvetica, sans-serif; color: rgb(52, 58, 64);\">\nFue un maestro del retrato psicol\u00f3gico, que fotografiaba con una gran dosis de iron\u00eda.\n<\/span><br ><br ><span  style=\"font-family: Muli, arial, helvetica, sans-serif; color: rgb(52, 58, 64);\">\nUn fot\u00f3grafo creativo con gran dominio de la t\u00e9cnica que trastoc\u00f3 las bases de la fotograf\u00eda cambiando las luces: utilizando una sola luz y aclarando las sombras con cartulina blanca. Caso similar al de <span  style=\"font-weight: 700;\">Eduardo Chillida<\/span> en la escultura, mediante sesiones nocturnas en la fragua de Hernani.\n<\/span><br ><br ><span  style=\"font-family: Muli, arial, helvetica, sans-serif; color: rgb(52, 58, 64);\">\nA partir de su vinculaci\u00f3n a los movimientos renovadores de la fotograf\u00eda espa\u00f1ola durante los a\u00f1os 50, desarroll\u00f3 una larga trayectoria llena de retos formales, guiado siempre, bajo la influencia de la obra de <span  style=\"font-weight: 700;\">Irving Penn <span  style=\"font-weight: 400;\">y<\/span> <span style=\"font-weight: 900;\" ><a data-mce-href=\"..\/william-klein-vida-obra-biografia\/\" href=\"..\/william-klein-vida-obra-biografia\/\" target=\"_blank\" rel=\"noopener\" data-mce-selected=\"inline-boundary\" data-cp-link=\"1\">William Klein<\/a><\/span><\/span>.\n<\/span><br ><br ><span  style=\"font-family: Muli, arial, helvetica, sans-serif; color: rgb(52, 58, 64);\">Su obra ha sido expuesta en numerosos pa\u00edses y ha sido publicada por las revistas m\u00e1s prestigiosas del panorama internacional.\n<\/span><br ><br ><span  style=\"font-family: Muli, arial, helvetica, sans-serif; color: rgb(52, 58, 64);\">\nA lo largo de su trayectoria profesional ha recibido incontables galardones y ha publicado m\u00e1s de 70 libros que recogen reportajes realizados durante sus viajes por todo el mundo.<\/span><\/p> <p  class=\"\"><span  style=\"font-weight: 700; font-style: italic; color: rgb(255, 51, 105);\">\u00daltima actualizaci\u00f3n: noviembre 2021<\/span><\/p><\/div> <div  class=\"col-sm-7 flexbox middle-xs center-xs space-bottom-xs\"><div  class=\"overlay-box middle-xs center-xs flexbox\"> <div  class=\"overlay-box-offset offset-border shadow-medium border-color1 hide-xs\"><\/div> <img decoding=\"async\"  class=\"shadow-large lazyload\" data-size=\"485x705\" data-src=\"https:\/\/i2.wp.com\/fotogasteiz.com\/blog\/wp-content\/uploads\/2018\/02\/SERIE-MASCARAS-Alberto-Schommer.jpg?w=3840&amp;ssl=1\" alt=\"\" title=\"SERIE-MASCARAS-Alberto-Schommer\" width=\"485\" height=\"717\" src=\"data:image\/svg+xml;base64,PHN2ZyB3aWR0aD0iMSIgaGVpZ2h0PSIxIiB4bWxucz0iaHR0cDovL3d3dy53My5vcmcvMjAwMC9zdmciPjwvc3ZnPg==\" style=\"--smush-placeholder-width: 485px; --smush-placeholder-aspect-ratio: 485\/717;\"><\/div> <\/div><\/div> <\/div><\/div><div  data-label=\"Primeros anos\" data-id=\"content--1\" data-export-id=\"content-8\" data-category=\"content\" class=\"content-8 content-section content-section-spacing\" id=\"primeros-anos\" style=\"background-color: rgb(245, 250, 253);\"><div  class=\"gridContainer\"> <div  class=\"row middle-sm\"><div  class=\"col-sm-6 space-bottom-xs space-top-xs\" data-type=\"column\"> <img decoding=\"async\"  class=\"shadow-large lazyload\" data-src=\"https:\/\/i2.wp.com\/fotogasteiz.com\/blog\/wp-content\/uploads\/2020\/10\/132.jpg?w=3840&amp;ssl=1\" alt=\"\" title=\"132\" width=\"418\" height=\"650\" src=\"data:image\/svg+xml;base64,PHN2ZyB3aWR0aD0iMSIgaGVpZ2h0PSIxIiB4bWxucz0iaHR0cDovL3d3dy53My5vcmcvMjAwMC9zdmciPjwvc3ZnPg==\" style=\"--smush-placeholder-width: 418px; --smush-placeholder-aspect-ratio: 418\/650;\"><\/div> <div  class=\"col-sm-6\" data-type=\"column\"><p  class=\"lead\"><span  style=\"font-family: Muli, arial, helvetica, sans-serif; font-weight: 900; color: rgb(3, 169, 244);\">PRIMEROS A\u00d1OS<\/span><\/p><h2  class=\"\"><span  style=\"font-family: &quot;Playfair Display&quot;, arial, helvetica, sans-serif; color: rgb(0, 0, 0);\">Biograf\u00eda de&nbsp;Alberto Schommer<\/span><\/h2> <p  class=\"\"><span  style=\"font-family: Muli, arial, helvetica, sans-serif; color: rgb(52, 58, 64);\"><span  style=\"font-weight: 700;\">Alberto Schommer Garc\u00eda<\/span> naci\u00f3 en Vitoria-Gasteiz (\u00c1lava, Espa\u00f1a) el 9 de agosto de 1928.\n<\/span><br ><br ><span  style=\"font-family: Muli, arial, helvetica, sans-serif; color: rgb(52, 58, 64);\">\nSu madre era una mujer vitoriana de nombre Rosario Garc\u00eda Ugalde que, como muchas j\u00f3venes, acud\u00eda a retratarse al estudio fotogr\u00e1fico que en los a\u00f1os 20 hab\u00eda en la calle General \u00c1lava 13 (para los que conoc\u00e9is esta calle de Vitoria, es donde actualmente se encuentra la florister\u00eda D\u00edaz de Argote). All\u00ed conoci\u00f3 en 1925 a su padre, el alem\u00e1n Alberto Schommer Koch, m\u00e9dico de carrera pero fot\u00f3grafo de profesi\u00f3n, que regentaba dicho estudio desde 1922.\n<\/span><br ><br ><span  style=\"font-family: Muli, arial, helvetica, sans-serif; color: rgb(52, 58, 64);\">\nAlberto Schommer hijo estudi\u00f3 en el colegio privado religioso Corazonistas. \n<\/span><br >\n<br ><span  style=\"font-family: Muli, arial, helvetica, sans-serif; color: rgb(52, 58, 64);\">Cuando ten\u00eda 8 a\u00f1os estall\u00f3 la Guerra Civil Espa\u00f1ola, hasta sus 11 a\u00f1os, si bien no le afect\u00f3 familiar no personalmente.\n<\/span><br ><br ><span  style=\"font-family: Muli, arial, helvetica, sans-serif; color: rgb(52, 58, 64);\">\nEntre sus 17 a\u00f1os (1945) y sus 23 (1951), se dedic\u00f3 a la pintura, a la grabaci\u00f3n de cortometrajes y a la fotograf\u00eda, centr\u00e1ndose en el retrato, que era lo que su padre m\u00e1s hac\u00eda en su estudio de General \u00c1lava.\n<br ><br >Desde joven se uni\u00f3 a las iniciativas art\u00edsticas de la ciudad:&nbsp;\u00abConoc\u00eda a los artistas y participaba en el cineclub. Un d\u00eda vino un director, vio mis fotos y me dijo que comprara un libro de Edward Steichen, \u2018La familia del hombre\u2019, que acababa de salir. Luego me recomend\u00f3 las obras de Richard Avedon y de Irving Penn. Compr\u00e9 los libros, era el a\u00f1o cincuenta y pocos, y me dije: \u2018Esto es un mundo, una maravilla\u2019. Yo no sab\u00eda que exist\u00eda todo eso\u00bb.<\/span><\/p> <\/div> <\/div><\/div> <\/div><div  data-label=\"movidas\" data-id=\"cta--1\" data-export-id=\"cta-centered-section-grid\" data-category=\"cta\" class=\"cta-centered-section-grid content-section content-section-spacing-medium bg-color1 white-text\" id=\"movidas\"><div  class=\"gridContainer\"> <div  class=\"row text-center\"><div  class=\"col-xs-12 col-sm-10 col-sm-offset-1 col-md-8 col-md-offset-2\" data-type=\"column\"> <h2  class=\"\"><span  style=\"font-family: &quot;Playfair Display&quot;, arial, helvetica, sans-serif;\">\u00abMis primeras fotos me sal\u00edan vibradas, movidas. No ten\u00eda un pulso muy bueno ni sab\u00eda mantener la Leica. Los ayudantes de mi padre me pon\u00edan velocidades bajas, un 10, un 15, un 20, y salieron como ten\u00edan que salir, imperfectas, aunque con un sentido muy interesante\u00bb<\/span><\/h2> <p  class=\"\">\u2013 Alberto Schommer<\/p> <\/div> <\/div><\/div> <\/div><div  data-label=\"aos 50\" data-id=\"content--2\" data-export-id=\"content-7\" data-category=\"content\" class=\"content-7 content-section content-section-spacing\" id=\"aos-50\" style=\"background-color: rgb(245, 250, 253);\"><div  class=\"gridContainer\"> <div  class=\"row middle-sm\"><div  class=\"col-sm-6 space-bottom-xs\" data-type=\"column\"> <p  class=\"lead\"><span  style=\"font-family: Muli, arial, helvetica, sans-serif; color: rgb(3, 169, 244); font-weight: 900;\">BIOGRAF\u00cdA DE ALBERTO SCHOMMER<\/span><\/p><h2  class=\"\"><span  style=\"font-family: &quot;Playfair Display&quot;, arial, helvetica, sans-serif; color: rgb(0, 0, 0);\">A\u00f1os 50: encontrando su lugar<\/span><\/h2> <p  class=\"\"><span  style=\"font-family: Muli, arial, helvetica, sans-serif; color: rgb(60, 66, 79);\">Los siguientes a\u00f1os, de 1950 a 1960, trabajaba la fotograf\u00eda mientras pintaba. El libro The Family of Man, de Steichen, le \u00e1nimo a recorrer las calles de Vitoria con su Rolleifex y una vieja Leica.\n<\/span><br ><br ><span  style=\"font-family: Muli, arial, helvetica, sans-serif; color: rgb(60, 66, 79);\">\nA sus 24 a\u00f1os (1952), viaj\u00f3 al pa\u00eds natal de su padre, Alemania, para estudiar fotograf\u00eda. Lo hizo en Hamburgo.\n<\/span><br ><br ><span  style=\"font-family: Muli, arial, helvetica, sans-serif; color: rgb(60, 66, 79);\">Y, a su vuelta, expon\u00eda sus fotos art\u00edsticas en el escaparate del estudio de su padre, que se dedicaba a fotograf\u00eda comercial: \u00abMi padre ten\u00eda sentido art\u00edstico pero siempre se hab\u00eda dedicado a la foto comercial. Un d\u00eda pasaron unos extranjeros que ven\u00edan del front\u00f3n, vieron lo que hac\u00eda y, como eran el presidente y el director de una importante agencia de publicidad francesa, me quisieron llevar a Par\u00eds\u00bb.<\/span><br ><br ><span  style=\"font-family: Muli, arial, helvetica, sans-serif; color: rgb(60, 66, 79);\">Y le llevaron. Era 1957. Ten\u00eda 29 a\u00f1os y se acababa de casar con la donostiarra Merche Casla, que le cre\u00eda pintor. Cuentan que se disgust\u00f3 al enterarse de que era fot\u00f3grafo.\n<\/span><br ><br ><span  style=\"font-family: Muli, arial, helvetica, sans-serif; color: rgb(60, 66, 79);\">\nEl mismo a\u00f1o de su boda se fue a Par\u00eds con su mujer:&nbsp;\u00abElla conoc\u00eda a una sobrina de Balenciaga, nos present\u00f3 al modisto, \u00e9l vio mi obra y dijo: \u2018T\u00fa eres mi fot\u00f3grafo\u2019. Me ofrecieron un cantidad de dinero muy importante. Pero mis padres insistieron en que volviera a Vitoria. Me hicieron polvo. Porque yo quer\u00eda quedarme a trabajar all\u00ed y marcharme luego a Nueva York\u00bb.\n<\/span><br ><br ><span  style=\"font-family: Muli, arial, helvetica, sans-serif; color: rgb(60, 66, 79);\">A los 31 a\u00f1os (1959) ya expon\u00eda su obra e impart\u00eda conferencias. Expuso sus fotos en el Club Aquinas y dio la charla \u2018La Fotograf\u00eda como arte\u2019.\n<\/span><br ><br ><span  style=\"font-family: Muli, arial, helvetica, sans-serif; color: rgb(60, 66, 79);\">\nA los 32 a\u00f1os (1960), el constructor y mecenas navarro afincado en Madrid Juan Huarte le contrat\u00f3 como fot\u00f3grafo industrial (de espacios). Pero \u00e9l seguia haciendo sus fotos art\u00edsticas y ese mismo a\u00f1o expuso en los Salones de Cultura una selecci\u00f3n de fotograf\u00edas realizadas en el contexto del colectivo art\u00edstico AFAL.<\/span><\/p> <\/div> <div  class=\"col-sm-6\" data-type=\"column\"> <img decoding=\"async\"  class=\"shadow-large lazyload\" data-src=\"https:\/\/i2.wp.com\/fotogasteiz.com\/blog\/wp-content\/uploads\/2018\/02\/grito-pueblo-schommer.jpg?w=3840&amp;ssl=1\" alt=\"\" title=\"grito-pueblo-schommer\" width=\"480\" height=\"317\" src=\"data:image\/svg+xml;base64,PHN2ZyB3aWR0aD0iMSIgaGVpZ2h0PSIxIiB4bWxucz0iaHR0cDovL3d3dy53My5vcmcvMjAwMC9zdmciPjwvc3ZnPg==\" style=\"--smush-placeholder-width: 480px; --smush-placeholder-aspect-ratio: 480\/317;\"><\/div> <\/div><\/div> <\/div><div  data-label=\"Orain\" data-id=\"content--3\" data-export-id=\"content-8\" data-category=\"content\" class=\"content-8 content-section content-section-spacing\" id=\"orain\" style=\"background-color: rgb(245, 250, 253);\"><div  class=\"gridContainer\"> <div  class=\"row middle-sm\"><div  class=\"col-sm-6 space-bottom-xs space-top-xs\" data-type=\"column\"> <img decoding=\"async\"  class=\"shadow-large lazyload\" data-src=\"https:\/\/i0.wp.com\/fotogasteiz.com\/blog\/wp-content\/uploads\/2020\/10\/Captura-de-pantalla-2020-10-26-a-las-14.10.10.png?w=3840&amp;ssl=1\" alt=\"\" title=\"Captura de pantalla 2020-10-26 a las 14.10.10\" width=\"586\" height=\"413\" src=\"data:image\/svg+xml;base64,PHN2ZyB3aWR0aD0iMSIgaGVpZ2h0PSIxIiB4bWxucz0iaHR0cDovL3d3dy53My5vcmcvMjAwMC9zdmciPjwvc3ZnPg==\" style=\"--smush-placeholder-width: 586px; --smush-placeholder-aspect-ratio: 586\/413;\"><p  class=\"\"><span  style=\"font-family: Muli, arial, helvetica, sans-serif; color: rgb(60, 66, 79);\">Rayos. Alberto Schommer&nbsp;<\/span><\/p><\/div> <div  class=\"col-sm-6\" data-type=\"column\"><p  class=\"lead\"><span  style=\"font-family: Muli, arial, helvetica, sans-serif; font-weight: 900; color: rgb(3, 169, 244);\">BIOGRAF\u00cdA DE ALBERTO SCHOMMER<\/span><\/p><h2  class=\"\"><span  style=\"font-family: &quot;Playfair Display&quot;, arial, helvetica, sans-serif; color: rgb(0, 0, 0);\">Grupo Orain&nbsp;<\/span><\/h2> <p  class=\"\"><span  style=\"font-family: Muli, arial, helvetica, sans-serif; color: rgb(60, 66, 79);\">A sus 38 a\u00f1os (1966), cofund\u00f3 el grupo de artistas alaveses Orain (que en euskera significa Ahora).\n<\/span><br ><br ><span  style=\"font-family: Muli, arial, helvetica, sans-serif; color: rgb(60, 66, 79);\">\nEn una entrevista, a la pregunta \u00ab\u00bfY el grupo Orain, con Ortiz de Elguea y Juan Mieg?\u00bb, respondi\u00f3 \u00abpresentamos unos cuadros y una de mis fotograf\u00edas, que ahora la ponen en la exposici\u00f3n. Oteiza autom\u00e1ticamente se enfad\u00f3 con todos, me vine a Madrid y aquello se qued\u00f3 en nada. Pero fue bueno que el grupo naciera\u00bb.\n<\/span><br ><br ><span  style=\"font-family: Muli, arial, helvetica, sans-serif; color: rgb(60, 66, 79);\">\nEse a\u00f1o (1966) se mud\u00f3 a Madrid, donde se fue defendiendo con la publicidad y la moda, aunque no se sent\u00eda a gusto con esa manera de ganarse la vida:<\/span><br ><span  style=\"font-family: Muli, arial, helvetica, sans-serif; color: rgb(60, 66, 79);\">\n\u00abMe daban un dibujo sobre c\u00f3mo ten\u00eda que ser la foto. A m\u00ed no me apetec\u00eda interpretarlo, pensaba que se pod\u00eda mejorar\u00bb.<\/span><\/p> <\/div> <\/div><\/div> <\/div><div  data-label=\"ABC\" data-id=\"content--4\" data-export-id=\"content-7\" data-category=\"content\" class=\"content-7 content-section content-section-spacing\" id=\"abc\" style=\"background-color: rgb(245, 250, 253);\"><div  class=\"gridContainer\"> <div  class=\"row middle-sm\"><div  class=\"col-sm-6 space-bottom-xs\" data-type=\"column\"> <p  class=\"lead\"><span  style=\"font-family: Muli, arial, helvetica, sans-serif; font-weight: 900; color: rgb(3, 169, 244);\">BIOGRAF\u00cdA DE ALBERTO SCHOMMER<\/span><\/p><h2  class=\"\"><span  style=\"font-family: &quot;Playfair Display&quot;, arial, helvetica, sans-serif; color: rgb(0, 0, 0);\">Los retratos psicol\u00f3gicos<\/span><\/h2> <p  class=\"\"><span  style=\"font-family: Muli, arial, helvetica, sans-serif; color: rgb(52, 58, 64);\">En 1972, con 44 a\u00f1os, le llam\u00f3 el director del peri\u00f3dico ABC Luis Mar\u00eda Ans\u00f3n y le propuso publicar todos los s\u00e1bados, en la p\u00e1gina 2, fotograf\u00edas de mujeres.<\/span><br ><span  style=\"font-family: Muli, arial, helvetica, sans-serif; color: rgb(52, 58, 64);\">\nPero Schommer le convenci\u00f3 para retratar, en vez de a mujeres, a los pol\u00edticos, empresarios e intelectuales m\u00e1s notorios en las postrimer\u00edas del franquismo. Y as\u00ed nacieron los \u2018Retratos psicol\u00f3gicos\u2019, el primer paso de gigante que dio el fot\u00f3grafo en la direcci\u00f3n de su reconocimiento como artista.\n<\/span><br ><br ><span  style=\"font-family: Muli, arial, helvetica, sans-serif; color: rgb(52, 58, 64);\">\n\u00abTodos ven\u00edan a que les retratara como ovejitas por el ego\u00bb\n<\/span><br ><br ><span  style=\"font-family: Muli, arial, helvetica, sans-serif; color: rgb(52, 58, 64);\">\nEn una entrevista le preguntaron por su visi\u00f3n de la celebridad, tras haber retratado a tantas personalidades, y respondi\u00f3:<\/span><br ><span  style=\"font-family: Muli, arial, helvetica, sans-serif; color: rgb(52, 58, 64);\">\n\u00abEs el ego. Todos lo tienen, o lo tenemos. No hubo nadie que se negara. Algunos se postulaban. Pero la lista la hac\u00eda yo. Nunca nadie me ha impuesto un personaje\u00bb.<\/span><\/p> <\/div> <div  class=\"col-sm-6\" data-type=\"column\"> <img decoding=\"async\"  class=\"shadow-large lazyload\" data-src=\"https:\/\/i1.wp.com\/fotogasteiz.com\/blog\/wp-content\/uploads\/2018\/02\/00-Alberto-Schommer_SERIE-RETRATOS-PSICOLOGICOS-Alberto-Schommer-960x961.jpg?resize=960%2C961&amp;ssl=1\" alt=\"\" title=\"00-Alberto-Schommer_SERIE-RETRATOS-PSICOLOGICOS-Alberto-Schommer-960x961\" width=\"586\" height=\"587\" src=\"data:image\/svg+xml;base64,PHN2ZyB3aWR0aD0iMSIgaGVpZ2h0PSIxIiB4bWxucz0iaHR0cDovL3d3dy53My5vcmcvMjAwMC9zdmciPjwvc3ZnPg==\" style=\"--smush-placeholder-width: 586px; --smush-placeholder-aspect-ratio: 586\/587;\"><\/div> <\/div><\/div> <\/div><div  data-label=\"franco\" data-id=\"content--5\" data-export-id=\"content-12\" data-category=\"content\" class=\"content-12 content-section content-section-spacing\" id=\"franco\" style=\"background-color: rgb(245, 250, 253);\"><div  class=\"gridContainer\"> <div  class=\"row text-center\"><div  class=\"section-title-col\" data-type=\"column\"> <h2  class=\"\"><span  style=\"font-family: &quot;Playfair Display&quot;, arial, helvetica, sans-serif; color: rgb(0, 0, 0);\">La foto que no gust\u00f3 a Franco<\/span><\/h2> <p  class=\"lead\">Eran los \u00faltimos a\u00f1os del Franquismo. Y una de sus fotos no gust\u00f3 al dictador. Fue \u00e9sta:<\/p><\/div> <\/div> <div  class=\"row center-xs middle-xs\"> <div  class=\"col-sm-9\" data-type=\"column\"> <img decoding=\"async\"  class=\"shadow-large lazyload\" data-src=\"https:\/\/i1.wp.com\/fotogasteiz.com\/blog\/wp-content\/uploads\/2018\/02\/Gregorio-Lo\u0301pez-Bravo-por-Alberto-Schommer.jpg?w=3840&amp;ssl=1\" alt=\"\" title=\"DOCU_GRUPO\" width=\"838\" height=\"886\" src=\"data:image\/svg+xml;base64,PHN2ZyB3aWR0aD0iMSIgaGVpZ2h0PSIxIiB4bWxucz0iaHR0cDovL3d3dy53My5vcmcvMjAwMC9zdmciPjwvc3ZnPg==\" style=\"--smush-placeholder-width: 838px; --smush-placeholder-aspect-ratio: 838\/886;\"><p  class=\"\"><\/p><p  class=\"lead\">En ella se ve al que fuera su ministro de Exteriores y miembro del Opus Dei Gregorio L\u00f3pez Bravo con un ni\u00f1o desnudo en brazos, como met\u00e1fora de una Espa\u00f1a reci\u00e9n nacida. Aquella foto sali\u00f3 en la prensa.\n\n<br ><br >\u00abEra imposible, imposible, pero lo consegu\u00ed\u00bb\n<br ><br >\nA Franco aquello no le hizo ninguna gracia:<br >\n\u201cRogar\u00e9 a todos los ministros en ejercicio que no posen para ese fot\u00f3grafo extranjero\u201d\n<br ><br >\nNueva victoria para Schommer, que cada vez era m\u00e1s y m\u00e1s reconocido, tanto fuera como en su tierra.&nbsp;De hecho, en 1973, con 45 a\u00f1os, el Ayuntamiento de Vitoria-Gasteiz, su ciudad natal, le escogi\u00f3 como pregonero de las tradicionales fiestas de San Prudencio que se celebran en unas campas a las afueras de la ciudad cada 28 de abril.<\/p><\/div> <\/div><\/div> <\/div><div  data-label=\"edad dorada\" data-id=\"content--6\" data-export-id=\"content-8\" data-category=\"content\" class=\"content-8 content-section content-section-spacing\" id=\"edad-dorada\" style=\"background-color: rgb(245, 250, 253);\"><div  class=\"gridContainer\"> <div  class=\"row middle-sm\"><div  class=\"col-sm-6 space-bottom-xs space-top-xs\" data-type=\"column\"> <img decoding=\"async\"  class=\"shadow-large lazyload\" data-src=\"https:\/\/i0.wp.com\/fotogasteiz.com\/blog\/wp-content\/uploads\/2020\/10\/andy-warhol.jpg?w=3840&amp;ssl=1\" alt=\"\" title=\"andy-warhol\" width=\"586\" height=\"704\" src=\"data:image\/svg+xml;base64,PHN2ZyB3aWR0aD0iMSIgaGVpZ2h0PSIxIiB4bWxucz0iaHR0cDovL3d3dy53My5vcmcvMjAwMC9zdmciPjwvc3ZnPg==\" style=\"--smush-placeholder-width: 586px; --smush-placeholder-aspect-ratio: 586\/704;\"><p  class=\"\"><span  style=\"font-family: Muli, arial, helvetica, sans-serif; color: rgb(52, 58, 64);\">Andy Warhol, por Alberto Schommer<\/span><\/p><\/div> <div  class=\"col-sm-6\" data-type=\"column\"><p  class=\"lead\"><span  style=\"font-family: Muli, arial, helvetica, sans-serif; font-weight: 900; color: rgb(3, 169, 244);\">BIOGRAF\u00cdA DE ALBERTO SCHOMMER<\/span><\/p><h2  class=\"\"><span  style=\"font-family: &quot;Playfair Display&quot;, arial, helvetica, sans-serif; color: rgb(0, 0, 0);\">Creatividad e ingenio: los a\u00f1os dorados de Alberto Schommer<\/span><\/h2> <p  class=\"\"><span  style=\"font-family: Muli, arial, helvetica, sans-serif; color: rgb(52, 58, 64);\">Los a\u00f1os 1973 y 1974 los pas\u00f3 trabajando y publicando sus \u2018Cascograf\u00edas\u2019.\n<\/span><br ><br ><span  style=\"font-family: Muli, arial, helvetica, sans-serif; color: rgb(52, 58, 64);\">\nY en 1975 la editorial \u2018Nueva Lente\u2019 public\u00f3 un libro con los retratos que hizo en su etapa del peri\u00f3dico ABC.\n<\/span><br ><br ><span  style=\"font-family: Muli, arial, helvetica, sans-serif; color: rgb(52, 58, 64);\">En 1976, el peri\u00f3dico El Pa\u00eds public\u00f3 tres series fotogr\u00e1ficas suyas, todas muy impactantes para \u00e9poca y el contexto pol\u00edtico que se viv\u00eda entonces en Espa\u00f1a: \u2018La Iglesia espa\u00f1ola en Levitaci\u00f3n\u2019, \u2018Grupos pol\u00edticos\u2019, \u2018El desmontaje del Franquismo\u2019.<\/span><br >\n<br ><span  style=\"font-family: Muli, arial, helvetica, sans-serif; color: rgb(52, 58, 64);\">En 1978 public\u00f3 su primer libro \u2018El grito de un pueblo\u2019, sobre Guip\u00fazcoa.<\/span><br ><span  style=\"font-family: Muli, arial, helvetica, sans-serif; color: rgb(52, 58, 64);\">\nA partir de este primer libro, en sus escenarios urbanos lograba reflejar un lenguaje propio: pict\u00f3rico, desvinculado de connotaciones de orden conceptual con matices de Walker Evans o Robert Fran.\n<\/span><br ><br ><span  style=\"font-family: Muli, arial, helvetica, sans-serif; color: rgb(52, 58, 64);\">\nEn 1979 public\u00f3 \u2018Alava Abierta \/Araba Zabaldua\u2019, con textos de introducci\u00f3n del fil\u00f3logo y acad\u00e9mico catal\u00e1n dedicado al estudio del euskera Endrike Kn\u00f6rr.\n<\/span><br ><br ><span  style=\"font-family: Muli, arial, helvetica, sans-serif; color: rgb(52, 58, 64);\">\nEn 1982 fue elegido pregonero de las fiestas de la Virgen Blanca, de su ciudad Vitoria-Gasteiz, que se celebran del 4 al 9 de agosto.\n<\/span><br ><br ><span  style=\"font-family: Muli, arial, helvetica, sans-serif; color: rgb(52, 58, 64);\">\nEn 1985 public\u00f3 \u2018M\u00e1scaras y Fermento\u2019 y fotografi\u00f3 a Andy Warhol, a quien puso cara.<\/span><br >\n<br ><span  style=\"font-family: Muli, arial, helvetica, sans-serif; color: rgb(52, 58, 64);\">En 1987 public\u00f3 el libro \u2018Vitoria\u2019, con textos de introducci\u00f3n de Julio Caro Baroja.\n<\/span><br ><br ><span  style=\"font-family: Muli, arial, helvetica, sans-serif; color: rgb(52, 58, 64);\">\nEn 1989, el C\u00edrculo de Bellas Artes de Madrid le dedic\u00f3 una retrospectiva, que itiner\u00f3 por toda Espa\u00f1a y se expuso en el Centro Pompidou (Francia)<\/span><br ><span  style=\"font-family: Muli, arial, helvetica, sans-serif; color: rgb(52, 58, 64);\">\nEn 1990, expuso en la Sala San Prudencio su obra \u2018Retratos\u2019 y Patrimonio Nacional le encarg\u00f3 \u2018Ausencias\u2019 (sobre palacios y monasterios).<\/span><\/p> <\/div> <\/div><\/div> <\/div><div  data-label=\"cascografias galeria\" data-id=\"gallery--2\" data-export-id=\"gallery-1\" data-category=\"gallery\" class=\"gallery-1 content-section content-section-spacing\" id=\"cascografias-galeria\" style=\"background-color: rgb(52, 58, 64); background-image: none;\"><div  class=\"gridContainer\"> <div  class=\"row\"><div  class=\"section-title-col\" data-type=\"column\"> <h2  class=\"\"><span  style=\"font-family: &quot;Playfair Display&quot;, arial, helvetica, sans-serif; color: rgb(255, 255, 255);\">Cascograf\u00edas \u2013 Schommer<\/span><\/h2> <img decoding=\"async\"  class=\"custom-image lazyload\" data-src=\"https:\/\/i1.wp.com\/fotogasteiz.com\/blog\/wp-content\/uploads\/2020\/10\/unnamed-7.jpg?w=3840&amp;ssl=1\" alt=\"\" title=\"unnamed (7)\" width=\"512\" height=\"500\" src=\"data:image\/svg+xml;base64,PHN2ZyB3aWR0aD0iMSIgaGVpZ2h0PSIxIiB4bWxucz0iaHR0cDovL3d3dy53My5vcmcvMjAwMC9zdmciPjwvc3ZnPg==\" style=\"--smush-placeholder-width: 512px; --smush-placeholder-aspect-ratio: 512\/500;\"><\/div> <\/div> <div  class=\"row text-center\"> <div  class=\"col-xs-12\" data-editable=\"true\" data-content-shortcode=\"mesmerize_gallery id=&quot;mesmerize-gallery-1&quot; columns=&quot;6&quot; ids=&quot;12584,12585,12586,12587,12588,12589&quot; lb=&quot;1&quot; masonry=&quot;1&quot; size=&quot;medium&quot; link=&quot;file&quot; \"><div id='mesmerize-gallery-1' class='gallery-wrapper'><style type=\"text\/css\">\n                    @media only screen and (min-width: 768px) {\n                    [data-unique-id='mesmerize-gallery-1-69f221be52897'] dl {\n                        float: left;\n                        width: 16.666666666667% !important;\n                        max-width:  16.666666666667% !important;\n                        min-width:  16.666666666667% !important;\n                    }\n\n                    [data-unique-id='mesmerize-gallery-1-69f221be52897'] dl:nth-of-type(6n +1 ) {\n                      clear: both;\n                      }\n                    }\n                <\/style><div id='mesmerize-gallery-1' class='mesmerize-gallery-1-dls-wrapper gallery-items-wrapper materialis-gallery' data-unique-id='mesmerize-gallery-1-69f221be52897'><dl class='gallery-item'>\n\t\t\t<dt class='gallery-icon portrait'>\n\t\t\t\t<a data-fancybox=\"mesmerize-gallery-1-group\" href='https:\/\/fotogasteiz.com\/blog\/wp-content\/uploads\/2020\/10\/unnamed-5.jpg'><img decoding=\"async\"  width=\"219\" height=\"300\" data-src=\"https:\/\/fotogasteiz.com\/blog\/wp-content\/smush-avif\/2020\/10\/unnamed-5-219x300.jpg.avif\"  class='mesmerize-gallery-1-image lazyload' alt=\"\" data-srcset=\"https:\/\/fotogasteiz.com\/blog\/wp-content\/smush-avif\/2020\/10\/unnamed-5-219x300.jpg.avif 219w, https:\/\/fotogasteiz.com\/blog\/wp-content\/uploads\/2020\/10\/unnamed-5.jpg 374w\" data-sizes=\"(max-width: 219px) 100vw, 219px\" src=\"data:image\/svg+xml;base64,PHN2ZyB3aWR0aD0iMSIgaGVpZ2h0PSIxIiB4bWxucz0iaHR0cDovL3d3dy53My5vcmcvMjAwMC9zdmciPjwvc3ZnPg==\" style=\"--smush-placeholder-width: 219px; --smush-placeholder-aspect-ratio: 219\/300;\" \/><\/a>\n\t\t\t<\/dt><\/dl><dl class='gallery-item'>\n\t\t\t<dt class='gallery-icon landscape'>\n\t\t\t\t<a data-fancybox=\"mesmerize-gallery-1-group\" href='https:\/\/fotogasteiz.com\/blog\/wp-content\/uploads\/2020\/10\/unnamed-4.jpg'><img decoding=\"async\"  width=\"300\" height=\"255\" data-src=\"https:\/\/fotogasteiz.com\/blog\/wp-content\/smush-avif\/2020\/10\/unnamed-4-300x255.jpg.avif\"  class='mesmerize-gallery-1-image lazyload' alt=\"\" data-srcset=\"https:\/\/fotogasteiz.com\/blog\/wp-content\/smush-avif\/2020\/10\/unnamed-4-300x255.jpg.avif 300w, https:\/\/fotogasteiz.com\/blog\/wp-content\/uploads\/2020\/10\/unnamed-4.jpg 512w\" data-sizes=\"(max-width: 300px) 100vw, 300px\" src=\"data:image\/svg+xml;base64,PHN2ZyB3aWR0aD0iMSIgaGVpZ2h0PSIxIiB4bWxucz0iaHR0cDovL3d3dy53My5vcmcvMjAwMC9zdmciPjwvc3ZnPg==\" style=\"--smush-placeholder-width: 300px; --smush-placeholder-aspect-ratio: 300\/255;\" \/><\/a>\n\t\t\t<\/dt><\/dl><dl class='gallery-item'>\n\t\t\t<dt class='gallery-icon portrait'>\n\t\t\t\t<a data-fancybox=\"mesmerize-gallery-1-group\" href='https:\/\/fotogasteiz.com\/blog\/wp-content\/uploads\/2020\/10\/unnamed-3.jpg'><img decoding=\"async\"  width=\"256\" height=\"300\" data-src=\"https:\/\/fotogasteiz.com\/blog\/wp-content\/smush-avif\/2020\/10\/unnamed-3-256x300.jpg.avif\"  class='mesmerize-gallery-1-image lazyload' alt=\"\" data-srcset=\"https:\/\/fotogasteiz.com\/blog\/wp-content\/smush-avif\/2020\/10\/unnamed-3-256x300.jpg.avif 256w, https:\/\/fotogasteiz.com\/blog\/wp-content\/uploads\/2020\/10\/unnamed-3.jpg 437w\" data-sizes=\"(max-width: 256px) 100vw, 256px\" src=\"data:image\/svg+xml;base64,PHN2ZyB3aWR0aD0iMSIgaGVpZ2h0PSIxIiB4bWxucz0iaHR0cDovL3d3dy53My5vcmcvMjAwMC9zdmciPjwvc3ZnPg==\" style=\"--smush-placeholder-width: 256px; --smush-placeholder-aspect-ratio: 256\/300;\" \/><\/a>\n\t\t\t<\/dt><\/dl><dl class='gallery-item'>\n\t\t\t<dt class='gallery-icon portrait'>\n\t\t\t\t<a data-fancybox=\"mesmerize-gallery-1-group\" href='https:\/\/fotogasteiz.com\/blog\/wp-content\/uploads\/2020\/10\/unnamed-2.jpg'><img decoding=\"async\"  width=\"264\" height=\"300\" data-src=\"https:\/\/fotogasteiz.com\/blog\/wp-content\/smush-avif\/2020\/10\/unnamed-2-264x300.jpg.avif\"  class='mesmerize-gallery-1-image lazyload' alt=\"\" data-srcset=\"https:\/\/fotogasteiz.com\/blog\/wp-content\/smush-avif\/2020\/10\/unnamed-2-264x300.jpg.avif 264w, https:\/\/fotogasteiz.com\/blog\/wp-content\/uploads\/2020\/10\/unnamed-2.jpg 451w\" data-sizes=\"(max-width: 264px) 100vw, 264px\" src=\"data:image\/svg+xml;base64,PHN2ZyB3aWR0aD0iMSIgaGVpZ2h0PSIxIiB4bWxucz0iaHR0cDovL3d3dy53My5vcmcvMjAwMC9zdmciPjwvc3ZnPg==\" style=\"--smush-placeholder-width: 264px; --smush-placeholder-aspect-ratio: 264\/300;\" \/><\/a>\n\t\t\t<\/dt><\/dl><dl class='gallery-item'>\n\t\t\t<dt class='gallery-icon portrait'>\n\t\t\t\t<a data-fancybox=\"mesmerize-gallery-1-group\" href='https:\/\/fotogasteiz.com\/blog\/wp-content\/uploads\/2020\/10\/unnamed-1.jpg'><img decoding=\"async\"  width=\"295\" height=\"300\" data-src=\"https:\/\/fotogasteiz.com\/blog\/wp-content\/smush-avif\/2020\/10\/unnamed-1-295x300.jpg.avif\"  class='mesmerize-gallery-1-image lazyload' alt=\"\" data-srcset=\"https:\/\/fotogasteiz.com\/blog\/wp-content\/smush-avif\/2020\/10\/unnamed-1-295x300.jpg.avif 295w, https:\/\/fotogasteiz.com\/blog\/wp-content\/uploads\/2020\/10\/unnamed-1.jpg 504w\" data-sizes=\"(max-width: 295px) 100vw, 295px\" src=\"data:image\/svg+xml;base64,PHN2ZyB3aWR0aD0iMSIgaGVpZ2h0PSIxIiB4bWxucz0iaHR0cDovL3d3dy53My5vcmcvMjAwMC9zdmciPjwvc3ZnPg==\" style=\"--smush-placeholder-width: 295px; --smush-placeholder-aspect-ratio: 295\/300;\" \/><\/a>\n\t\t\t<\/dt><\/dl><dl class='gallery-item'>\n\t\t\t<dt class='gallery-icon portrait'>\n\t\t\t\t<a data-fancybox=\"mesmerize-gallery-1-group\" href='https:\/\/fotogasteiz.com\/blog\/wp-content\/uploads\/2020\/10\/unnamed.jpg'><img decoding=\"async\"  width=\"212\" height=\"300\" data-src=\"https:\/\/fotogasteiz.com\/blog\/wp-content\/smush-avif\/2020\/10\/unnamed-212x300.jpg.avif\"  class='mesmerize-gallery-1-image lazyload' alt=\"\" data-srcset=\"https:\/\/fotogasteiz.com\/blog\/wp-content\/smush-avif\/2020\/10\/unnamed-212x300.jpg.avif 212w, https:\/\/fotogasteiz.com\/blog\/wp-content\/uploads\/2020\/10\/unnamed.jpg 361w\" data-sizes=\"(max-width: 212px) 100vw, 212px\" src=\"data:image\/svg+xml;base64,PHN2ZyB3aWR0aD0iMSIgaGVpZ2h0PSIxIiB4bWxucz0iaHR0cDovL3d3dy53My5vcmcvMjAwMC9zdmciPjwvc3ZnPg==\" style=\"--smush-placeholder-width: 212px; --smush-placeholder-aspect-ratio: 212\/300;\" \/><\/a>\n\t\t\t<\/dt><\/dl>\n\t\t<\/div>\n<script>(function($){window.MaterialisCaptionsGallery && window.MaterialisCaptionsGallery($('[data-unique-id=\"mesmerize-gallery-1-69f221be52897\"]'))})(jQuery)<\/script><\/div><\/div><\/div> <\/div><\/div><div  data-label=\"70 libros\" data-id=\"content--7\" data-export-id=\"content-7\" data-category=\"content\" class=\"content-7 content-section content-section-spacing\" id=\"70-libros\" style=\"background-color: rgb(245, 250, 253);\"><div  class=\"gridContainer\"> <div  class=\"row middle-sm\"><div  class=\"col-sm-6 space-bottom-xs\" data-type=\"column\"> <p  class=\"lead\"><span  style=\"font-family: Muli, arial, helvetica, sans-serif; font-weight: 900; color: rgb(3, 169, 244);\">BIOGRAF\u00cdA DE ALBERTO SCHOMMER<\/span><\/p><h2  class=\"\"><span  style=\"font-family: &quot;Playfair Display&quot;, arial, helvetica, sans-serif; color: rgb(0, 0, 0);\">Recapitulando: la obra de Schommer volcada en 70 libros&nbsp;<\/span><\/h2> <p  class=\"\"><span  style=\"font-family: Muli, arial, helvetica, sans-serif; color: rgb(52, 58, 64);\">De 1991 datan sus \u2018cascograf\u00edas\u2018, un invento suyo en el que trabaj\u00f3 desde 1974. Se trata de fotograf\u00edas escult\u00f3ricas, con volumen apreciable al tacto mediante ba\u00f1os qu\u00edmico al papel arrugado para que se parezca a la piel.\n<\/span><br ><br ><span  style=\"font-family: Muli, arial, helvetica, sans-serif; color: rgb(52, 58, 64);\">\nEn 1994, la Diputaci\u00f3n Foral de \u00c1lava le concedi\u00f3 la Medalla de Oro de \u00c1lava.<\/span><br ><span  style=\"font-family: Muli, arial, helvetica, sans-serif; color: rgb(52, 58, 64);\">\nEn 1995 public\u00f3 \u2018Verde\u2019, sobre Guip\u00fazcoa.\n<\/span><br ><br ><span  style=\"font-family: Muli, arial, helvetica, sans-serif; color: rgb(52, 58, 64);\">\nEn 1996 le nombraron acad\u00e9mico de la Real Academia de Bellas Artes de San Fernando y public\u00f3 \u2018M\u00e1scaras\u2019, sobre el Carnaval de Venecia. Y public\u00f3 el libro \u2018Romanewyork\u2019, editado por Argentaria, donde re\u00fane \u00aben un equilibrio de im\u00e1genes sensiblemente diferentes 2.000 a\u00f1os de historia y de poder de Roma y Nueva York\u00bb\n<\/span><br >\n<br ><span  style=\"font-family: Muli, arial, helvetica, sans-serif; color: rgb(52, 58, 64);\">En 1997 don\u00f3 a la Diputaci\u00f3n Foral de \u00c1lava el fondo fot\u00f3grafico de su padre Alberto Schommer Koch, que est\u00e1 custodiado en el archivo provincial ubicado en el Paseo de las Universidades de Vitoria-Gasteiz. Y recibi\u00f3 la \u2018Distinci\u00f3n 1996\u2019 a su trayectoria art\u00edstica de manos de la Sociedad Land\u00e1zuri.<\/span><br ><span  style=\"font-family: Muli, arial, helvetica, sans-serif; color: rgb(52, 58, 64);\">\nEse a\u00f1o, e<a data-mce-href=\"http:\/\/fotogasteiz.com\/mural-fotografico-alberto-schommer\/\" href=\"https:\/\/fotogasteiz.com\/mural-fotografico-alberto-schommer\" target=\"_blank\" rel=\"noopener noreferrer\" data-mce-selected=\"inline-boundary\" data-cp-link=\"1\" class=\"\">l Ayuntamiento gasteiztarra otorg\u00f3 su nombre a una de las calles de la ciudad, en el barrio de San Crist\u00f3ba<\/a>l. Y public\u00f3 \u2018Fermento\u2019, un trabajo propio sobre los jerezanos.\n<\/span><br ><br ><span  style=\"font-family: Muli, arial, helvetica, sans-serif; color: rgb(52, 58, 64);\">\nEn 1998 public\u00f3 \u2018Euskal Herria Gaur\u2019, con textos del famoso escritor vasco Bernardo Atxaga, exhibi\u00f3 sus fotos en la exposici\u00f3n colectiva Aurrezaurre en el Centro Cultural Montehermoso de Vitoria-Gasteiz y public\u00f3 \u2018La vida en los museos\u2019 y \u2018Antol\u00f3gica\u2019.\n<\/span><br ><br ><span  style=\"font-family: Muli, arial, helvetica, sans-serif; color: rgb(52, 58, 64);\">\nEn 1999 expuso una retrospectiva del grupo Orain en homenaje p\u00f3stumo a Joaqu\u00edn Fraile en el Centro Cultural Montehermoso y public\u00f3 \u2018La pasi\u00f3n dorada\u2019, sobre el mundo del toreo.\n<\/span><br ><br ><span  style=\"font-family: Muli, arial, helvetica, sans-serif; color: rgb(52, 58, 64);\">\nEn el a\u00f1o 2000 recibi\u00f3 el premio del Turismo Alav\u00e9s otorgado por Ayuntamiento y Diputaci\u00f3n Foral.\n<\/span><br ><br ><span  style=\"font-family: Muli, arial, helvetica, sans-serif; color: rgb(52, 58, 64);\">\nY en 2001 volvi\u00f3 a exponer en Montehermoso su exposici\u00f3n \u2018Shangai\u2019.<\/span><br ><span  style=\"font-family: Muli, arial, helvetica, sans-serif; color: rgb(52, 58, 64);\">\nEn 2002, el Ayuntamiento vitoriano le dedic\u00f3 un \u00e1rbol en el parque de La Florida: un haya de hoja de helecho (Fagus sylvatica Asplenifolia) de 160 a\u00f1os. <a data-mce-href=\"Su%20\u00faltima publicaci\u00f3n fue \u2018No oculto nada\u2019 en El Pa\u00eds, una serie de fotograf\u00edas en los que los pol\u00edticos candidatos al Ayuntamiento y la Comunidad de Madrid posaban mostrando sus manos limpias en un contexto en el que la pol\u00edtica estaba dominada por la corrupci\u00f3n.\" href=\"https:\/\/fotogasteiz.com\/blog\/fotografos\/alberto-schommer\/Su%20%C3%BAltima%20publicaci%C3%B3n%20fue%20%E2%80%98No%20oculto%20nada%E2%80%99%20en%20El%20Pa%C3%ADs,%20una%20serie%20de%20fotograf%C3%ADas%20en%20los%20que%20los%20pol%C3%ADticos%20candidatos%20al%20Ayuntamiento%20y%20la%20Comunidad%20de%20Madrid%20posaban%20mostrando%20sus%20manos%20limpias%20en%20un%20contexto%20en%20el%20que%20la%20pol%C3%ADtica%20estaba%20dominada%20por%20la%20corrupci%C3%B3n.\" target=\"_blank\" rel=\"noopener noreferrer\" data-mce-selected=\"inline-boundary\" data-cp-link=\"1\">La placa fue robada en 2014<\/a>.\n<\/span><br ><br ><span  style=\"font-family: Muli, arial, helvetica, sans-serif; color: rgb(52, 58, 64);\">\nEn 2002 tambi\u00e9n expuso en la Sala Am\u00e1rica de su ciudad su obra \u2018Ciudades\u2019, que dio lugar al libro \u2018Metr\u00f3polis\u2019 y public\u00f3 \u2018Paisajes Ordenados\u2019.\n<\/span><br ><br ><span  style=\"font-family: Muli, arial, helvetica, sans-serif; color: rgb(52, 58, 64);\">\nEn 2004, el Ayuntamiento le compr\u00f3 una de sus fotograf\u00edas para enviarla como regalo de boda al entonces pr\u00edncipe Felipe, hoy Rey de Espa\u00f1a.\n<\/span><br ><br ><span  style=\"font-family: Muli, arial, helvetica, sans-serif; color: rgb(52, 58, 64);\">\nEn 2005, la sala Fundaci\u00f3n Vital Kutxa acogi\u00f3 una exposici\u00f3n retrospectiva del grupo Orain.\n<\/span><br ><br ><span  style=\"font-family: Muli, arial, helvetica, sans-serif; color: rgb(52, 58, 64);\">\nEn 2007 public\u00f3 el libro \u2018Un cuerpo vivo\u2019, sobre la Catedral de Santa Mar\u00eda de Vitoria-Gasteiz.\n\n<\/span><br ><br ><span  style=\"font-family: Muli, arial, helvetica, sans-serif; color: rgb(52, 58, 64);\">En 2008 public\u00f3 \u2018Transfiguraci\u00f3n\u2019, un libro experimental con plantas y flores de gran belleza.<\/span><\/p> <\/div> <div  class=\"col-sm-6\" data-type=\"column\"> <img decoding=\"async\"  class=\"shadow-large lazyload\" data-src=\"https:\/\/i1.wp.com\/fotogasteiz.com\/blog\/wp-content\/uploads\/2018\/02\/Alberto-Schommer-\u2013-Tuya-en-la-sombra-2007.jpg?w=3840&amp;ssl=1\" alt=\"\" title=\"Alberto Schommer \u2013 Tuya en la sombra 2007\" width=\"586\" height=\"665\" src=\"data:image\/svg+xml;base64,PHN2ZyB3aWR0aD0iMSIgaGVpZ2h0PSIxIiB4bWxucz0iaHR0cDovL3d3dy53My5vcmcvMjAwMC9zdmciPjwvc3ZnPg==\" style=\"--smush-placeholder-width: 586px; --smush-placeholder-aspect-ratio: 586\/665;\"><p  class=\"\"><span  style=\"font-family: Muli, arial, helvetica, sans-serif;\">Transfiguraci\u00f3n. Schommer<\/span><\/p><img decoding=\"async\"  class=\"custom-image lazyload\" data-src=\"https:\/\/i1.wp.com\/fotogasteiz.com\/blog\/wp-content\/uploads\/2020\/11\/placa-vitoria-alberto-schommer-1-scaled.jpg?w=3840&amp;ssl=1\" alt=\"\" title=\"placa vitoria alberto schommer-1\" width=\"586\" height=\"390\" src=\"data:image\/svg+xml;base64,PHN2ZyB3aWR0aD0iMSIgaGVpZ2h0PSIxIiB4bWxucz0iaHR0cDovL3d3dy53My5vcmcvMjAwMC9zdmciPjwvc3ZnPg==\" style=\"--smush-placeholder-width: 586px; --smush-placeholder-aspect-ratio: 586\/390;\"><p  class=\"\"><span  style=\"font-family: Muli, arial, helvetica, sans-serif; color: rgb(52, 58, 64);\">Placa en el Parque de La Florida de Vitoria-Gasteiz \u2013 foto: G. Bravo<\/span><\/p><\/div> <\/div><\/div> <\/div><div  data-label=\"transfiguracion galeria\" data-id=\"gallery--4\" data-export-id=\"gallery-1\" data-category=\"gallery\" class=\"gallery-1 content-section content-section-spacing\" id=\"transfiguracion-galeria\" style=\"background-color: rgb(52, 58, 64); background-image: none;\"><div  class=\"gridContainer\"> <div  class=\"row\"><div  class=\"section-title-col\" data-type=\"column\"> <h2  class=\"\"><span  style=\"font-family: &quot;Playfair Display&quot;, arial, helvetica, sans-serif; color: rgb(255, 255, 255);\">Transfiguraci\u00f3n \u2013 Schommer<\/span><\/h2> <\/div> <\/div> <div  class=\"row text-center\"> <div  class=\"col-xs-12\" data-editable=\"true\" data-content-shortcode=\"mesmerize_gallery id=&quot;mesmerize-gallery-1&quot; columns=&quot;4&quot; ids=&quot;12953,12954,12955,12956&quot; lb=&quot;1&quot; masonry=&quot;1&quot; size=&quot;medium&quot; link=&quot;file&quot; \"><div id='mesmerize-gallery-1' class='gallery-wrapper'><style type=\"text\/css\">\n                    @media only screen and (min-width: 768px) {\n                    [data-unique-id='mesmerize-gallery-1-69f221be54a6a'] dl {\n                        float: left;\n                        width: 25% !important;\n                        max-width:  25% !important;\n                        min-width:  25% !important;\n                    }\n\n                    [data-unique-id='mesmerize-gallery-1-69f221be54a6a'] dl:nth-of-type(4n +1 ) {\n                      clear: both;\n                      }\n                    }\n                <\/style><div id='mesmerize-gallery-1' class='mesmerize-gallery-1-dls-wrapper gallery-items-wrapper materialis-gallery' data-unique-id='mesmerize-gallery-1-69f221be54a6a'><dl class='gallery-item'>\n\t\t\t<dt class='gallery-icon portrait'>\n\t\t\t\t<a data-fancybox=\"mesmerize-gallery-1-group\" href='https:\/\/fotogasteiz.com\/blog\/wp-content\/uploads\/2020\/11\/unnamed-9.jpg'><img decoding=\"async\"  width=\"229\" height=\"300\" data-src=\"https:\/\/fotogasteiz.com\/blog\/wp-content\/smush-avif\/2020\/11\/unnamed-9-229x300.jpg.avif\"  class='mesmerize-gallery-1-image lazyload' alt=\"\" data-srcset=\"https:\/\/fotogasteiz.com\/blog\/wp-content\/smush-avif\/2020\/11\/unnamed-9-229x300.jpg.avif 229w, https:\/\/fotogasteiz.com\/blog\/wp-content\/uploads\/2020\/11\/unnamed-9.jpg 390w\" data-sizes=\"(max-width: 229px) 100vw, 229px\" src=\"data:image\/svg+xml;base64,PHN2ZyB3aWR0aD0iMSIgaGVpZ2h0PSIxIiB4bWxucz0iaHR0cDovL3d3dy53My5vcmcvMjAwMC9zdmciPjwvc3ZnPg==\" style=\"--smush-placeholder-width: 229px; --smush-placeholder-aspect-ratio: 229\/300;\" \/><\/a>\n\t\t\t<\/dt><\/dl><dl class='gallery-item'>\n\t\t\t<dt class='gallery-icon portrait'>\n\t\t\t\t<a data-fancybox=\"mesmerize-gallery-1-group\" href='https:\/\/fotogasteiz.com\/blog\/wp-content\/uploads\/2020\/11\/1506609532_899354_1506609664_album_normal.jpg'><img decoding=\"async\"  width=\"213\" height=\"300\" data-src=\"https:\/\/fotogasteiz.com\/blog\/wp-content\/smush-avif\/2020\/11\/1506609532_899354_1506609664_album_normal-213x300.jpg.avif\"  class='mesmerize-gallery-1-image lazyload' alt=\"\" data-srcset=\"https:\/\/fotogasteiz.com\/blog\/wp-content\/smush-avif\/2020\/11\/1506609532_899354_1506609664_album_normal-213x300.jpg.avif 213w, https:\/\/fotogasteiz.com\/blog\/wp-content\/uploads\/2020\/11\/1506609532_899354_1506609664_album_normal.jpg 666w\" data-sizes=\"(max-width: 213px) 100vw, 213px\" src=\"data:image\/svg+xml;base64,PHN2ZyB3aWR0aD0iMSIgaGVpZ2h0PSIxIiB4bWxucz0iaHR0cDovL3d3dy53My5vcmcvMjAwMC9zdmciPjwvc3ZnPg==\" style=\"--smush-placeholder-width: 213px; --smush-placeholder-aspect-ratio: 213\/300;\" \/><\/a>\n\t\t\t<\/dt><\/dl><dl class='gallery-item'>\n\t\t\t<dt class='gallery-icon portrait'>\n\t\t\t\t<a data-fancybox=\"mesmerize-gallery-1-group\" href='https:\/\/fotogasteiz.com\/blog\/wp-content\/uploads\/2020\/11\/schommer-transfiguracion-2.jpg'><img decoding=\"async\"  width=\"235\" height=\"300\" data-src=\"https:\/\/fotogasteiz.com\/blog\/wp-content\/smush-avif\/2020\/11\/schommer-transfiguracion-2-235x300.jpg.avif\"  class='mesmerize-gallery-1-image lazyload' alt=\"\" data-srcset=\"https:\/\/fotogasteiz.com\/blog\/wp-content\/smush-avif\/2020\/11\/schommer-transfiguracion-2-235x300.jpg.avif 235w, https:\/\/fotogasteiz.com\/blog\/wp-content\/uploads\/2020\/11\/schommer-transfiguracion-2.jpg 355w\" data-sizes=\"(max-width: 235px) 100vw, 235px\" src=\"data:image\/svg+xml;base64,PHN2ZyB3aWR0aD0iMSIgaGVpZ2h0PSIxIiB4bWxucz0iaHR0cDovL3d3dy53My5vcmcvMjAwMC9zdmciPjwvc3ZnPg==\" style=\"--smush-placeholder-width: 235px; --smush-placeholder-aspect-ratio: 235\/300;\" \/><\/a>\n\t\t\t<\/dt><\/dl><dl class='gallery-item'>\n\t\t\t<dt class='gallery-icon portrait'>\n\t\t\t\t<a data-fancybox=\"mesmerize-gallery-1-group\" href='https:\/\/fotogasteiz.com\/blog\/wp-content\/uploads\/2020\/11\/schommer-transfiguracion.jpg'><img decoding=\"async\"  width=\"281\" height=\"300\" data-src=\"https:\/\/fotogasteiz.com\/blog\/wp-content\/smush-avif\/2020\/11\/schommer-transfiguracion-281x300.jpg.avif\"  class='mesmerize-gallery-1-image lazyload' alt=\"\" data-srcset=\"https:\/\/fotogasteiz.com\/blog\/wp-content\/smush-avif\/2020\/11\/schommer-transfiguracion-281x300.jpg.avif 281w, https:\/\/fotogasteiz.com\/blog\/wp-content\/uploads\/2020\/11\/schommer-transfiguracion.jpg 666w\" data-sizes=\"(max-width: 281px) 100vw, 281px\" src=\"data:image\/svg+xml;base64,PHN2ZyB3aWR0aD0iMSIgaGVpZ2h0PSIxIiB4bWxucz0iaHR0cDovL3d3dy53My5vcmcvMjAwMC9zdmciPjwvc3ZnPg==\" style=\"--smush-placeholder-width: 281px; --smush-placeholder-aspect-ratio: 281\/300;\" \/><\/a>\n\t\t\t<\/dt><\/dl>\n\t\t<\/div>\n<script>(function($){window.MaterialisCaptionsGallery && window.MaterialisCaptionsGallery($('[data-unique-id=\"mesmerize-gallery-1-69f221be54a6a\"]'))})(jQuery)<\/script><\/div><\/div><\/div> <\/div><\/div><div  data-label=\"premio nacional\" data-id=\"content--8\" data-export-id=\"content-8\" data-category=\"content\" class=\"content-8 content-section content-section-spacing\" id=\"premio-nacional\" style=\"background-color: rgb(245, 250, 253);\"><div  class=\"gridContainer\"> <div  class=\"row middle-sm\"><div  class=\"col-sm-6 space-bottom-xs space-top-xs\" data-type=\"column\"> <img decoding=\"async\"  class=\"shadow-large lazyload\" data-src=\"https:\/\/i2.wp.com\/fotogasteiz.com\/blog\/wp-content\/uploads\/2018\/02\/schommer-warhol.png?w=3840&amp;ssl=1\" alt=\"\" title=\"schommer warhol\" width=\"586\" height=\"390\" src=\"data:image\/svg+xml;base64,PHN2ZyB3aWR0aD0iMSIgaGVpZ2h0PSIxIiB4bWxucz0iaHR0cDovL3d3dy53My5vcmcvMjAwMC9zdmciPjwvc3ZnPg==\" style=\"--smush-placeholder-width: 586px; --smush-placeholder-aspect-ratio: 586\/390;\"><\/div> <div  class=\"col-sm-6\" data-type=\"column\"><p  class=\"lead\"><span  style=\"font-family: Muli, arial, helvetica, sans-serif; color: rgb(3, 169, 244); font-weight: 900;\">BIOGRAF\u00cdA DE ALBERTO SCHOMMER<\/span><\/p><h2  class=\"\"><span  style=\"font-family: &quot;Playfair Display&quot;, arial, helvetica, sans-serif; color: rgb(0, 0, 0);\">Los a\u00f1os del reconocimiento: Premio nacional de Fotograf\u00eda<\/span><\/h2> <p  class=\"\"><span  style=\"font-family: Muli, arial, helvetica, sans-serif; color: rgb(52, 58, 64);\">En 2009, el Ministerio de Cultura le otorg\u00f3 la medalla de oro al m\u00e9rito de las Bellas Artes.\n<\/span><br ><br ><span  style=\"font-family: Muli, arial, helvetica, sans-serif; color: rgb(52, 58, 64);\">\nEn 2010, el Museo de Bellas Artes de Bilbao exhibi\u00f3 \u2018Schommer retrospectiva 1952-2009\u2032\n<\/span><br ><br ><span  style=\"font-family: Muli, arial, helvetica, sans-serif; color: rgb(52, 58, 64);\">\nEn 2011 expuso \u2018La Transici\u00f3n\u2019 en el Archivo Hist\u00f3rico Provincial de \u00c1lava.\n<\/span><br ><br ><span  style=\"font-family: Muli, arial, helvetica, sans-serif; color: rgb(52, 58, 64);\">\nEn 2013 fue Premio Nacional de Fotograf\u00eda.<\/span><br ><br ><span  style=\"font-family: Muli, arial, helvetica, sans-serif; color: rgb(52, 58, 64);\">\nEl Ministerio de Educaci\u00f3n, Cultura y Deporte le escogi\u00f3 por \u201csu continuada trayectoria fotogr\u00e1fica durante m\u00e1s de cincuenta a\u00f1os, en la que no s\u00f3lo ha abordado todos los temas, sino que tambi\u00e9n ha innovado en el medio, desde el punto de vista t\u00e9cnico y experimental; siendo testigo de la transformaci\u00f3n cultural y social de nuestro pa\u00eds\u201d.<\/span><br >\n<br ><span  style=\"font-family: Muli, arial, helvetica, sans-serif; color: rgb(52, 58, 64);\">En 2014 expuso en el Museo del Prado con su serie \u2018M\u00e1scaras\u2019 siendo el primer fot\u00f3grafo espa\u00f1ol y vivo que lo consigue.\n<\/span><br ><br ><span  style=\"font-family: Muli, arial, helvetica, sans-serif; color: rgb(52, 58, 64);\">En 2015 falleci\u00f3 su mujer.<\/span><\/p> <\/div> <\/div><\/div> <\/div><div  data-label=\"mascaras\" data-id=\"content--9\" data-export-id=\"content-1\" data-category=\"content\" class=\"content-1 content-section content-section-spacing\" id=\"mascaras\" style=\"background-color: rgb(245, 250, 253);\"><div  class=\"gridContainer\"> <div  class=\"row middle-sm\"><div  class=\"col-sm-6\" data-type=\"column\"> <h2  class=\"\"><span  style=\"font-family: &quot;Playfair Display&quot;, arial, helvetica, sans-serif; color: rgb(0, 0, 0);\">M\u00e1scaras de Alberto Schommer en el Museo Nacional del Prado<\/span><\/h2> <p  class=\"\"><span  style=\"font-family: Muli, arial, helvetica, sans-serif; color: rgb(60, 66, 79);\">M\u00e1scaras es el t\u00edtulo de una larga serie de retratos fotogr\u00e1ficos realizados en los a\u00f1os ochenta por Alberto Schommer a intelectuales espa\u00f1oles contempor\u00e1neos y que componen una de las m\u00e1s originales y emocionantes galer\u00edas iconogr\u00e1ficas del siglo XX.\n<\/span><br ><br ><span  style=\"font-family: Muli, arial, helvetica, sans-serif; color: rgb(60, 66, 79);\">\nEl elenco de personalidades retratadas est\u00e1 formado por escritores de varias generaciones (Francisco Ayala, Vicente Aleixandre, Rafael Alberti, Jos\u00e9 Hierro, Camilo Jos\u00e9 Cela, Gabriel Celaya y Juan Benet), fil\u00f3sofos e historiadores (Jos\u00e9 Luis Aranguren y Julio Caro Baroja) y figuras centrales del mundo de las artes pl\u00e1sticas (Antonio Saura, Eduardo Chillida, Juana Mord\u00f3, Julio L\u00f3pez, Jos\u00e9 Hern\u00e1ndez y Antonio L\u00f3pez).\n<\/span><br ><br ><span  style=\"font-family: Muli, arial, helvetica, sans-serif; color: rgb(60, 66, 79);\">\nCada uno de los retratos frontales responde a una misma tipolog\u00eda cuyo precedente hist\u00f3rico se remonta a los bustos esculpidos de las grandes figuras de la Antig\u00fcedad cl\u00e1sica, y que tuvo ya su reivindicaci\u00f3n moderna en los retratos y autorretratos pintados de intelectuales y artistas que proliferaron a partir del Renacimiento.<\/span><\/p> <\/div> <div  class=\"col-sm-6 flexbox-strech center-xs middle-xs\"><div  class=\"lightbox-video lightbox-video-tall dark-overlay shadow-large flexbox middle-xs center-xs lazyload\" data-bg=\"image\" data-type=\"group\" style=\"background-image:inherit;\" data-bg-image=\"url(&quot;https:\/\/fotogasteiz.com\/blog\/wp-content\/uploads\/2018\/02\/schommer-mascara.jpg&quot;)\"> <a  data-fancybox=\"\" data-video-lightbox=\"true\" href=\"https:\/\/www.youtube.com\/watch?v=YiQg8uwzdAw\" class=\"\"> <i  class=\"fa video-icon fa-play-circle-o color-white\" data-cp-fa=\"true\"><\/i><\/a> <\/div><\/div> <\/div><\/div> <\/div><div  data-label=\"mascaras gallery\" data-id=\"gallery--3\" data-export-id=\"gallery-1\" data-category=\"gallery\" class=\"gallery-1 content-section content-section-spacing\" id=\"mascaras-gallery\" style=\"background-color: rgb(52, 58, 64); background-image: none;\"><div  class=\"gridContainer\"> <div  class=\"row\"><div  class=\"section-title-col\" data-type=\"column\"> <h2  class=\"\"><span  style=\"font-family: &quot;Playfair Display&quot;, arial, helvetica, sans-serif; color: rgb(255, 255, 255);\">M\u00e1scaras \u2013 Schommer<\/span><\/h2> <\/div> <\/div> <div  class=\"row text-center\"> <div  class=\"col-xs-12\" data-editable=\"true\" data-content-shortcode=\"mesmerize_gallery id=&quot;mesmerize-gallery-1&quot; columns=&quot;4&quot; ids=&quot;12932,12933,12934,12935,12936,12937,12939,12940,12941,12942,12943,12944&quot; lb=&quot;1&quot; masonry=&quot;1&quot; size=&quot;medium&quot; link=&quot;file&quot; \"><div id='mesmerize-gallery-1' class='gallery-wrapper'><style type=\"text\/css\">\n                    @media only screen and (min-width: 768px) {\n                    [data-unique-id='mesmerize-gallery-1-69f221be5611b'] dl {\n                        float: left;\n                        width: 25% !important;\n                        max-width:  25% !important;\n                        min-width:  25% !important;\n                    }\n\n                    [data-unique-id='mesmerize-gallery-1-69f221be5611b'] dl:nth-of-type(4n +1 ) {\n                      clear: both;\n                      }\n                    }\n                <\/style><div id='mesmerize-gallery-1' class='mesmerize-gallery-1-dls-wrapper gallery-items-wrapper materialis-gallery' data-unique-id='mesmerize-gallery-1-69f221be5611b'><dl class='gallery-item'>\n\t\t\t<dt class='gallery-icon portrait'>\n\t\t\t\t<a data-fancybox=\"mesmerize-gallery-1-group\" href='https:\/\/fotogasteiz.com\/blog\/wp-content\/smush-avif\/2020\/11\/schommer-ma\u0301scaras-1-scaled.jpg.avif'><img decoding=\"async\"  width=\"242\" height=\"300\" data-src=\"https:\/\/fotogasteiz.com\/blog\/wp-content\/smush-avif\/2020\/11\/schommer-ma\u0301scaras-1-242x300.jpg.avif\"  class='mesmerize-gallery-1-image lazyload' alt=\"\" data-srcset=\"https:\/\/fotogasteiz.com\/blog\/wp-content\/smush-avif\/2020\/11\/schommer-ma\u0301scaras-1-242x300.jpg.avif 242w, https:\/\/fotogasteiz.com\/blog\/wp-content\/smush-avif\/2020\/11\/schommer-ma\u0301scaras-1-825x1024.jpg.avif 825w, https:\/\/fotogasteiz.com\/blog\/wp-content\/smush-avif\/2020\/11\/schommer-ma\u0301scaras-1-768x953.jpg.avif 768w, https:\/\/fotogasteiz.com\/blog\/wp-content\/smush-avif\/2020\/11\/schommer-ma\u0301scaras-1-1238x1536.jpg.avif 1238w, https:\/\/fotogasteiz.com\/blog\/wp-content\/smush-avif\/2020\/11\/schommer-ma\u0301scaras-1-1650x2048.jpg.avif 1650w, https:\/\/fotogasteiz.com\/blog\/wp-content\/smush-avif\/2020\/11\/schommer-ma\u0301scaras-1-1024x1271.jpg.avif 1024w, https:\/\/fotogasteiz.com\/blog\/wp-content\/smush-avif\/2020\/11\/schommer-ma\u0301scaras-1-870x1080.jpg.avif 870w\" data-sizes=\"(max-width: 242px) 100vw, 242px\" src=\"data:image\/svg+xml;base64,PHN2ZyB3aWR0aD0iMSIgaGVpZ2h0PSIxIiB4bWxucz0iaHR0cDovL3d3dy53My5vcmcvMjAwMC9zdmciPjwvc3ZnPg==\" style=\"--smush-placeholder-width: 242px; --smush-placeholder-aspect-ratio: 242\/300;\" \/><\/a>\n\t\t\t<\/dt><\/dl><dl class='gallery-item'>\n\t\t\t<dt class='gallery-icon portrait'>\n\t\t\t\t<a data-fancybox=\"mesmerize-gallery-1-group\" href='https:\/\/fotogasteiz.com\/blog\/wp-content\/smush-avif\/2020\/11\/schommer-ma\u0301scaras-2-scaled.jpg.avif'><img decoding=\"async\"  width=\"241\" height=\"300\" data-src=\"https:\/\/fotogasteiz.com\/blog\/wp-content\/smush-avif\/2020\/11\/schommer-ma\u0301scaras-2-241x300.jpg.avif\"  class='mesmerize-gallery-1-image lazyload' alt=\"\" data-srcset=\"https:\/\/fotogasteiz.com\/blog\/wp-content\/smush-avif\/2020\/11\/schommer-ma\u0301scaras-2-241x300.jpg.avif 241w, https:\/\/fotogasteiz.com\/blog\/wp-content\/smush-avif\/2020\/11\/schommer-ma\u0301scaras-2-824x1024.jpg.avif 824w, https:\/\/fotogasteiz.com\/blog\/wp-content\/smush-avif\/2020\/11\/schommer-ma\u0301scaras-2-768x955.jpg.avif 768w, https:\/\/fotogasteiz.com\/blog\/wp-content\/smush-avif\/2020\/11\/schommer-ma\u0301scaras-2-1236x1536.jpg.avif 1236w, https:\/\/fotogasteiz.com\/blog\/wp-content\/smush-avif\/2020\/11\/schommer-ma\u0301scaras-2-1648x2048.jpg.avif 1648w, https:\/\/fotogasteiz.com\/blog\/wp-content\/smush-avif\/2020\/11\/schommer-ma\u0301scaras-2-1024x1273.jpg.avif 1024w, https:\/\/fotogasteiz.com\/blog\/wp-content\/smush-avif\/2020\/11\/schommer-ma\u0301scaras-2-869x1080.jpg.avif 869w\" data-sizes=\"(max-width: 241px) 100vw, 241px\" src=\"data:image\/svg+xml;base64,PHN2ZyB3aWR0aD0iMSIgaGVpZ2h0PSIxIiB4bWxucz0iaHR0cDovL3d3dy53My5vcmcvMjAwMC9zdmciPjwvc3ZnPg==\" style=\"--smush-placeholder-width: 241px; --smush-placeholder-aspect-ratio: 241\/300;\" \/><\/a>\n\t\t\t<\/dt><\/dl><dl class='gallery-item'>\n\t\t\t<dt class='gallery-icon portrait'>\n\t\t\t\t<a data-fancybox=\"mesmerize-gallery-1-group\" href='https:\/\/fotogasteiz.com\/blog\/wp-content\/smush-avif\/2020\/11\/schommer-ma\u0301scaras-3-scaled.jpg.avif'><img decoding=\"async\"  width=\"241\" height=\"300\" data-src=\"https:\/\/fotogasteiz.com\/blog\/wp-content\/smush-avif\/2020\/11\/schommer-ma\u0301scaras-3-241x300.jpg.avif\"  class='mesmerize-gallery-1-image lazyload' alt=\"\" data-srcset=\"https:\/\/fotogasteiz.com\/blog\/wp-content\/smush-avif\/2020\/11\/schommer-ma\u0301scaras-3-241x300.jpg.avif 241w, https:\/\/fotogasteiz.com\/blog\/wp-content\/smush-avif\/2020\/11\/schommer-ma\u0301scaras-3-823x1024.jpg.avif 823w, https:\/\/fotogasteiz.com\/blog\/wp-content\/smush-avif\/2020\/11\/schommer-ma\u0301scaras-3-768x956.jpg.avif 768w, https:\/\/fotogasteiz.com\/blog\/wp-content\/smush-avif\/2020\/11\/schommer-ma\u0301scaras-3-1234x1536.jpg.avif 1234w, https:\/\/fotogasteiz.com\/blog\/wp-content\/smush-avif\/2020\/11\/schommer-ma\u0301scaras-3-1646x2048.jpg.avif 1646w, https:\/\/fotogasteiz.com\/blog\/wp-content\/smush-avif\/2020\/11\/schommer-ma\u0301scaras-3-1024x1274.jpg.avif 1024w, https:\/\/fotogasteiz.com\/blog\/wp-content\/smush-avif\/2020\/11\/schommer-ma\u0301scaras-3-868x1080.jpg.avif 868w\" data-sizes=\"(max-width: 241px) 100vw, 241px\" src=\"data:image\/svg+xml;base64,PHN2ZyB3aWR0aD0iMSIgaGVpZ2h0PSIxIiB4bWxucz0iaHR0cDovL3d3dy53My5vcmcvMjAwMC9zdmciPjwvc3ZnPg==\" style=\"--smush-placeholder-width: 241px; --smush-placeholder-aspect-ratio: 241\/300;\" \/><\/a>\n\t\t\t<\/dt><\/dl><dl class='gallery-item'>\n\t\t\t<dt class='gallery-icon portrait'>\n\t\t\t\t<a data-fancybox=\"mesmerize-gallery-1-group\" href='https:\/\/fotogasteiz.com\/blog\/wp-content\/smush-avif\/2020\/11\/schommer-ma\u0301scaras-4-scaled.jpg.avif'><img decoding=\"async\"  width=\"226\" height=\"300\" data-src=\"https:\/\/fotogasteiz.com\/blog\/wp-content\/smush-avif\/2020\/11\/schommer-ma\u0301scaras-4-226x300.jpg.avif\"  class='mesmerize-gallery-1-image lazyload' alt=\"\" data-srcset=\"https:\/\/fotogasteiz.com\/blog\/wp-content\/smush-avif\/2020\/11\/schommer-ma\u0301scaras-4-226x300.jpg.avif 226w, https:\/\/fotogasteiz.com\/blog\/wp-content\/smush-avif\/2020\/11\/schommer-ma\u0301scaras-4-773x1024.jpg.avif 773w, https:\/\/fotogasteiz.com\/blog\/wp-content\/smush-avif\/2020\/11\/schommer-ma\u0301scaras-4-768x1018.jpg.avif 768w, https:\/\/fotogasteiz.com\/blog\/wp-content\/smush-avif\/2020\/11\/schommer-ma\u0301scaras-4-1159x1536.jpg.avif 1159w, https:\/\/fotogasteiz.com\/blog\/wp-content\/smush-avif\/2020\/11\/schommer-ma\u0301scaras-4-1545x2048.jpg.avif 1545w, https:\/\/fotogasteiz.com\/blog\/wp-content\/smush-avif\/2020\/11\/schommer-ma\u0301scaras-4-1024x1357.jpg.avif 1024w, https:\/\/fotogasteiz.com\/blog\/wp-content\/smush-avif\/2020\/11\/schommer-ma\u0301scaras-4-815x1080.jpg.avif 815w, https:\/\/fotogasteiz.com\/blog\/wp-content\/smush-avif\/2020\/11\/schommer-ma\u0301scaras-4-scaled.jpg.avif 1932w\" data-sizes=\"(max-width: 226px) 100vw, 226px\" src=\"data:image\/svg+xml;base64,PHN2ZyB3aWR0aD0iMSIgaGVpZ2h0PSIxIiB4bWxucz0iaHR0cDovL3d3dy53My5vcmcvMjAwMC9zdmciPjwvc3ZnPg==\" style=\"--smush-placeholder-width: 226px; --smush-placeholder-aspect-ratio: 226\/300;\" \/><\/a>\n\t\t\t<\/dt><\/dl><dl class='gallery-item'>\n\t\t\t<dt class='gallery-icon portrait'>\n\t\t\t\t<a data-fancybox=\"mesmerize-gallery-1-group\" href='https:\/\/fotogasteiz.com\/blog\/wp-content\/smush-avif\/2020\/11\/schommer-ma\u0301scaras-5-scaled.jpg.avif'><img decoding=\"async\"  width=\"229\" height=\"300\" data-src=\"https:\/\/fotogasteiz.com\/blog\/wp-content\/smush-avif\/2020\/11\/schommer-ma\u0301scaras-5-229x300.jpg.avif\"  class='mesmerize-gallery-1-image lazyload' alt=\"\" data-srcset=\"https:\/\/fotogasteiz.com\/blog\/wp-content\/smush-avif\/2020\/11\/schommer-ma\u0301scaras-5-229x300.jpg.avif 229w, https:\/\/fotogasteiz.com\/blog\/wp-content\/smush-avif\/2020\/11\/schommer-ma\u0301scaras-5-780x1024.jpg.avif 780w, https:\/\/fotogasteiz.com\/blog\/wp-content\/smush-avif\/2020\/11\/schommer-ma\u0301scaras-5-768x1008.jpg.avif 768w, https:\/\/fotogasteiz.com\/blog\/wp-content\/smush-avif\/2020\/11\/schommer-ma\u0301scaras-5-1170x1536.jpg.avif 1170w, https:\/\/fotogasteiz.com\/blog\/wp-content\/smush-avif\/2020\/11\/schommer-ma\u0301scaras-5-1560x2048.jpg.avif 1560w, https:\/\/fotogasteiz.com\/blog\/wp-content\/smush-avif\/2020\/11\/schommer-ma\u0301scaras-5-1024x1344.jpg.avif 1024w, https:\/\/fotogasteiz.com\/blog\/wp-content\/smush-avif\/2020\/11\/schommer-ma\u0301scaras-5-823x1080.jpg.avif 823w, https:\/\/fotogasteiz.com\/blog\/wp-content\/smush-avif\/2020\/11\/schommer-ma\u0301scaras-5-scaled.jpg.avif 1950w\" data-sizes=\"(max-width: 229px) 100vw, 229px\" src=\"data:image\/svg+xml;base64,PHN2ZyB3aWR0aD0iMSIgaGVpZ2h0PSIxIiB4bWxucz0iaHR0cDovL3d3dy53My5vcmcvMjAwMC9zdmciPjwvc3ZnPg==\" style=\"--smush-placeholder-width: 229px; --smush-placeholder-aspect-ratio: 229\/300;\" \/><\/a>\n\t\t\t<\/dt><\/dl><dl class='gallery-item'>\n\t\t\t<dt class='gallery-icon portrait'>\n\t\t\t\t<a data-fancybox=\"mesmerize-gallery-1-group\" href='https:\/\/fotogasteiz.com\/blog\/wp-content\/smush-avif\/2020\/11\/schommer-ma\u0301scaras-6-scaled.jpg.avif'><img decoding=\"async\"  width=\"240\" height=\"300\" data-src=\"https:\/\/fotogasteiz.com\/blog\/wp-content\/smush-avif\/2020\/11\/schommer-ma\u0301scaras-6-240x300.jpg.avif\"  class='mesmerize-gallery-1-image lazyload' alt=\"\" data-srcset=\"https:\/\/fotogasteiz.com\/blog\/wp-content\/smush-avif\/2020\/11\/schommer-ma\u0301scaras-6-240x300.jpg.avif 240w, https:\/\/fotogasteiz.com\/blog\/wp-content\/smush-avif\/2020\/11\/schommer-ma\u0301scaras-6-820x1024.jpg.avif 820w, https:\/\/fotogasteiz.com\/blog\/wp-content\/smush-avif\/2020\/11\/schommer-ma\u0301scaras-6-768x959.jpg.avif 768w, https:\/\/fotogasteiz.com\/blog\/wp-content\/smush-avif\/2020\/11\/schommer-ma\u0301scaras-6-1230x1536.jpg.avif 1230w, https:\/\/fotogasteiz.com\/blog\/wp-content\/smush-avif\/2020\/11\/schommer-ma\u0301scaras-6-1640x2048.jpg.avif 1640w, https:\/\/fotogasteiz.com\/blog\/wp-content\/smush-avif\/2020\/11\/schommer-ma\u0301scaras-6-1024x1279.jpg.avif 1024w, https:\/\/fotogasteiz.com\/blog\/wp-content\/smush-avif\/2020\/11\/schommer-ma\u0301scaras-6-865x1080.jpg.avif 865w\" data-sizes=\"(max-width: 240px) 100vw, 240px\" src=\"data:image\/svg+xml;base64,PHN2ZyB3aWR0aD0iMSIgaGVpZ2h0PSIxIiB4bWxucz0iaHR0cDovL3d3dy53My5vcmcvMjAwMC9zdmciPjwvc3ZnPg==\" style=\"--smush-placeholder-width: 240px; --smush-placeholder-aspect-ratio: 240\/300;\" \/><\/a>\n\t\t\t<\/dt><\/dl><dl class='gallery-item'>\n\t\t\t<dt class='gallery-icon portrait'>\n\t\t\t\t<a data-fancybox=\"mesmerize-gallery-1-group\" href='https:\/\/fotogasteiz.com\/blog\/wp-content\/smush-avif\/2020\/11\/schommer-ma\u0301scaras-8-scaled.jpg.avif'><img decoding=\"async\"  width=\"229\" height=\"300\" data-src=\"https:\/\/fotogasteiz.com\/blog\/wp-content\/smush-avif\/2020\/11\/schommer-ma\u0301scaras-8-229x300.jpg.avif\"  class='mesmerize-gallery-1-image lazyload' alt=\"\" data-srcset=\"https:\/\/fotogasteiz.com\/blog\/wp-content\/smush-avif\/2020\/11\/schommer-ma\u0301scaras-8-229x300.jpg.avif 229w, https:\/\/fotogasteiz.com\/blog\/wp-content\/smush-avif\/2020\/11\/schommer-ma\u0301scaras-8-781x1024.jpg.avif 781w, https:\/\/fotogasteiz.com\/blog\/wp-content\/smush-avif\/2020\/11\/schommer-ma\u0301scaras-8-768x1007.jpg.avif 768w, https:\/\/fotogasteiz.com\/blog\/wp-content\/smush-avif\/2020\/11\/schommer-ma\u0301scaras-8-1171x1536.jpg.avif 1171w, https:\/\/fotogasteiz.com\/blog\/wp-content\/smush-avif\/2020\/11\/schommer-ma\u0301scaras-8-1561x2048.jpg.avif 1561w, https:\/\/fotogasteiz.com\/blog\/wp-content\/smush-avif\/2020\/11\/schommer-ma\u0301scaras-8-1024x1343.jpg.avif 1024w, https:\/\/fotogasteiz.com\/blog\/wp-content\/smush-avif\/2020\/11\/schommer-ma\u0301scaras-8-823x1080.jpg.avif 823w, https:\/\/fotogasteiz.com\/blog\/wp-content\/smush-avif\/2020\/11\/schommer-ma\u0301scaras-8-scaled.jpg.avif 1952w\" data-sizes=\"(max-width: 229px) 100vw, 229px\" src=\"data:image\/svg+xml;base64,PHN2ZyB3aWR0aD0iMSIgaGVpZ2h0PSIxIiB4bWxucz0iaHR0cDovL3d3dy53My5vcmcvMjAwMC9zdmciPjwvc3ZnPg==\" style=\"--smush-placeholder-width: 229px; --smush-placeholder-aspect-ratio: 229\/300;\" \/><\/a>\n\t\t\t<\/dt><\/dl><dl class='gallery-item'>\n\t\t\t<dt class='gallery-icon portrait'>\n\t\t\t\t<a data-fancybox=\"mesmerize-gallery-1-group\" href='https:\/\/fotogasteiz.com\/blog\/wp-content\/smush-avif\/2020\/11\/schommer-ma\u0301scaras-9-scaled.jpg.avif'><img decoding=\"async\"  width=\"241\" height=\"300\" data-src=\"https:\/\/fotogasteiz.com\/blog\/wp-content\/smush-avif\/2020\/11\/schommer-ma\u0301scaras-9-241x300.jpg.avif\"  class='mesmerize-gallery-1-image lazyload' alt=\"\" data-srcset=\"https:\/\/fotogasteiz.com\/blog\/wp-content\/smush-avif\/2020\/11\/schommer-ma\u0301scaras-9-241x300.jpg.avif 241w, https:\/\/fotogasteiz.com\/blog\/wp-content\/smush-avif\/2020\/11\/schommer-ma\u0301scaras-9-823x1024.jpg.avif 823w, https:\/\/fotogasteiz.com\/blog\/wp-content\/smush-avif\/2020\/11\/schommer-ma\u0301scaras-9-768x956.jpg.avif 768w, https:\/\/fotogasteiz.com\/blog\/wp-content\/smush-avif\/2020\/11\/schommer-ma\u0301scaras-9-1234x1536.jpg.avif 1234w, https:\/\/fotogasteiz.com\/blog\/wp-content\/smush-avif\/2020\/11\/schommer-ma\u0301scaras-9-1646x2048.jpg.avif 1646w, https:\/\/fotogasteiz.com\/blog\/wp-content\/smush-avif\/2020\/11\/schommer-ma\u0301scaras-9-1024x1274.jpg.avif 1024w, https:\/\/fotogasteiz.com\/blog\/wp-content\/smush-avif\/2020\/11\/schommer-ma\u0301scaras-9-868x1080.jpg.avif 868w\" data-sizes=\"(max-width: 241px) 100vw, 241px\" src=\"data:image\/svg+xml;base64,PHN2ZyB3aWR0aD0iMSIgaGVpZ2h0PSIxIiB4bWxucz0iaHR0cDovL3d3dy53My5vcmcvMjAwMC9zdmciPjwvc3ZnPg==\" style=\"--smush-placeholder-width: 241px; --smush-placeholder-aspect-ratio: 241\/300;\" \/><\/a>\n\t\t\t<\/dt><\/dl><dl class='gallery-item'>\n\t\t\t<dt class='gallery-icon portrait'>\n\t\t\t\t<a data-fancybox=\"mesmerize-gallery-1-group\" href='https:\/\/fotogasteiz.com\/blog\/wp-content\/smush-avif\/2020\/11\/schommer-ma\u0301scaras-12-scaled.jpg.avif'><img decoding=\"async\"  width=\"228\" height=\"300\" data-src=\"https:\/\/fotogasteiz.com\/blog\/wp-content\/smush-avif\/2020\/11\/schommer-ma\u0301scaras-12-228x300.jpg.avif\"  class='mesmerize-gallery-1-image lazyload' alt=\"\" data-srcset=\"https:\/\/fotogasteiz.com\/blog\/wp-content\/smush-avif\/2020\/11\/schommer-ma\u0301scaras-12-228x300.jpg.avif 228w, https:\/\/fotogasteiz.com\/blog\/wp-content\/smush-avif\/2020\/11\/schommer-ma\u0301scaras-12-780x1024.jpg.avif 780w, https:\/\/fotogasteiz.com\/blog\/wp-content\/smush-avif\/2020\/11\/schommer-ma\u0301scaras-12-768x1009.jpg.avif 768w, https:\/\/fotogasteiz.com\/blog\/wp-content\/smush-avif\/2020\/11\/schommer-ma\u0301scaras-12-1169x1536.jpg.avif 1169w, https:\/\/fotogasteiz.com\/blog\/wp-content\/smush-avif\/2020\/11\/schommer-ma\u0301scaras-12-1559x2048.jpg.avif 1559w, https:\/\/fotogasteiz.com\/blog\/wp-content\/smush-avif\/2020\/11\/schommer-ma\u0301scaras-12-1024x1345.jpg.avif 1024w, https:\/\/fotogasteiz.com\/blog\/wp-content\/smush-avif\/2020\/11\/schommer-ma\u0301scaras-12-822x1080.jpg.avif 822w, https:\/\/fotogasteiz.com\/blog\/wp-content\/smush-avif\/2020\/11\/schommer-ma\u0301scaras-12-scaled.jpg.avif 1949w\" data-sizes=\"(max-width: 228px) 100vw, 228px\" src=\"data:image\/svg+xml;base64,PHN2ZyB3aWR0aD0iMSIgaGVpZ2h0PSIxIiB4bWxucz0iaHR0cDovL3d3dy53My5vcmcvMjAwMC9zdmciPjwvc3ZnPg==\" style=\"--smush-placeholder-width: 228px; --smush-placeholder-aspect-ratio: 228\/300;\" \/><\/a>\n\t\t\t<\/dt><\/dl><dl class='gallery-item'>\n\t\t\t<dt class='gallery-icon portrait'>\n\t\t\t\t<a data-fancybox=\"mesmerize-gallery-1-group\" href='https:\/\/fotogasteiz.com\/blog\/wp-content\/smush-avif\/2020\/11\/schommer-ma\u0301scaras-13-scaled.jpg.avif'><img decoding=\"async\"  width=\"230\" height=\"300\" data-src=\"https:\/\/fotogasteiz.com\/blog\/wp-content\/smush-avif\/2020\/11\/schommer-ma\u0301scaras-13-230x300.jpg.avif\"  class='mesmerize-gallery-1-image lazyload' alt=\"\" data-srcset=\"https:\/\/fotogasteiz.com\/blog\/wp-content\/smush-avif\/2020\/11\/schommer-ma\u0301scaras-13-230x300.jpg.avif 230w, https:\/\/fotogasteiz.com\/blog\/wp-content\/smush-avif\/2020\/11\/schommer-ma\u0301scaras-13-785x1024.jpg.avif 785w, https:\/\/fotogasteiz.com\/blog\/wp-content\/smush-avif\/2020\/11\/schommer-ma\u0301scaras-13-768x1002.jpg.avif 768w, https:\/\/fotogasteiz.com\/blog\/wp-content\/smush-avif\/2020\/11\/schommer-ma\u0301scaras-13-1177x1536.jpg.avif 1177w, https:\/\/fotogasteiz.com\/blog\/wp-content\/smush-avif\/2020\/11\/schommer-ma\u0301scaras-13-1569x2048.jpg.avif 1569w, https:\/\/fotogasteiz.com\/blog\/wp-content\/smush-avif\/2020\/11\/schommer-ma\u0301scaras-13-1024x1337.jpg.avif 1024w, https:\/\/fotogasteiz.com\/blog\/wp-content\/smush-avif\/2020\/11\/schommer-ma\u0301scaras-13-827x1080.jpg.avif 827w, https:\/\/fotogasteiz.com\/blog\/wp-content\/smush-avif\/2020\/11\/schommer-ma\u0301scaras-13-scaled.jpg.avif 1961w\" data-sizes=\"(max-width: 230px) 100vw, 230px\" src=\"data:image\/svg+xml;base64,PHN2ZyB3aWR0aD0iMSIgaGVpZ2h0PSIxIiB4bWxucz0iaHR0cDovL3d3dy53My5vcmcvMjAwMC9zdmciPjwvc3ZnPg==\" style=\"--smush-placeholder-width: 230px; --smush-placeholder-aspect-ratio: 230\/300;\" \/><\/a>\n\t\t\t<\/dt><\/dl><dl class='gallery-item'>\n\t\t\t<dt class='gallery-icon portrait'>\n\t\t\t\t<a data-fancybox=\"mesmerize-gallery-1-group\" href='https:\/\/fotogasteiz.com\/blog\/wp-content\/smush-avif\/2020\/11\/schommer-ma\u0301scaras-14-scaled.jpg.avif'><img decoding=\"async\"  width=\"241\" height=\"300\" data-src=\"https:\/\/fotogasteiz.com\/blog\/wp-content\/smush-avif\/2020\/11\/schommer-ma\u0301scaras-14-241x300.jpg.avif\"  class='mesmerize-gallery-1-image lazyload' alt=\"\" data-srcset=\"https:\/\/fotogasteiz.com\/blog\/wp-content\/smush-avif\/2020\/11\/schommer-ma\u0301scaras-14-241x300.jpg.avif 241w, https:\/\/fotogasteiz.com\/blog\/wp-content\/smush-avif\/2020\/11\/schommer-ma\u0301scaras-14-822x1024.jpg.avif 822w, https:\/\/fotogasteiz.com\/blog\/wp-content\/smush-avif\/2020\/11\/schommer-ma\u0301scaras-14-768x957.jpg.avif 768w, https:\/\/fotogasteiz.com\/blog\/wp-content\/smush-avif\/2020\/11\/schommer-ma\u0301scaras-14-1232x1536.jpg.avif 1232w, https:\/\/fotogasteiz.com\/blog\/wp-content\/smush-avif\/2020\/11\/schommer-ma\u0301scaras-14-1643x2048.jpg.avif 1643w, https:\/\/fotogasteiz.com\/blog\/wp-content\/smush-avif\/2020\/11\/schommer-ma\u0301scaras-14-1024x1276.jpg.avif 1024w, https:\/\/fotogasteiz.com\/blog\/wp-content\/smush-avif\/2020\/11\/schommer-ma\u0301scaras-14-866x1080.jpg.avif 866w\" data-sizes=\"(max-width: 241px) 100vw, 241px\" src=\"data:image\/svg+xml;base64,PHN2ZyB3aWR0aD0iMSIgaGVpZ2h0PSIxIiB4bWxucz0iaHR0cDovL3d3dy53My5vcmcvMjAwMC9zdmciPjwvc3ZnPg==\" style=\"--smush-placeholder-width: 241px; --smush-placeholder-aspect-ratio: 241\/300;\" \/><\/a>\n\t\t\t<\/dt><\/dl><dl class='gallery-item'>\n\t\t\t<dt class='gallery-icon portrait'>\n\t\t\t\t<a data-fancybox=\"mesmerize-gallery-1-group\" href='https:\/\/fotogasteiz.com\/blog\/wp-content\/smush-avif\/2020\/11\/schommer-ma\u0301scaras-15-scaled.jpg.avif'><img decoding=\"async\"  width=\"240\" height=\"300\" data-src=\"https:\/\/fotogasteiz.com\/blog\/wp-content\/smush-avif\/2020\/11\/schommer-ma\u0301scaras-15-240x300.jpg.avif\"  class='mesmerize-gallery-1-image lazyload' alt=\"\" data-srcset=\"https:\/\/fotogasteiz.com\/blog\/wp-content\/smush-avif\/2020\/11\/schommer-ma\u0301scaras-15-240x300.jpg.avif 240w, https:\/\/fotogasteiz.com\/blog\/wp-content\/smush-avif\/2020\/11\/schommer-ma\u0301scaras-15-820x1024.jpg.avif 820w, https:\/\/fotogasteiz.com\/blog\/wp-content\/smush-avif\/2020\/11\/schommer-ma\u0301scaras-15-768x959.jpg.avif 768w, https:\/\/fotogasteiz.com\/blog\/wp-content\/smush-avif\/2020\/11\/schommer-ma\u0301scaras-15-1230x1536.jpg.avif 1230w, https:\/\/fotogasteiz.com\/blog\/wp-content\/smush-avif\/2020\/11\/schommer-ma\u0301scaras-15-1641x2048.jpg.avif 1641w, https:\/\/fotogasteiz.com\/blog\/wp-content\/smush-avif\/2020\/11\/schommer-ma\u0301scaras-15-1024x1278.jpg.avif 1024w, https:\/\/fotogasteiz.com\/blog\/wp-content\/smush-avif\/2020\/11\/schommer-ma\u0301scaras-15-865x1080.jpg.avif 865w\" data-sizes=\"(max-width: 240px) 100vw, 240px\" src=\"data:image\/svg+xml;base64,PHN2ZyB3aWR0aD0iMSIgaGVpZ2h0PSIxIiB4bWxucz0iaHR0cDovL3d3dy53My5vcmcvMjAwMC9zdmciPjwvc3ZnPg==\" style=\"--smush-placeholder-width: 240px; --smush-placeholder-aspect-ratio: 240\/300;\" \/><\/a>\n\t\t\t<\/dt><\/dl>\n\t\t<\/div>\n<script>(function($){window.MaterialisCaptionsGallery && window.MaterialisCaptionsGallery($('[data-unique-id=\"mesmerize-gallery-1-69f221be5611b\"]'))})(jQuery)<\/script><\/div><\/div><\/div> <\/div><\/div><div  data-label=\"Ultimos anos\" data-id=\"content--10\" data-export-id=\"content-8\" data-category=\"content\" class=\"content-8 content-section content-section-spacing\" id=\"ultimos-anos-1\" style=\"background-color: rgb(245, 250, 253);\"><div  class=\"gridContainer\"> <div  class=\"row middle-sm\"><div  class=\"col-sm-6 space-bottom-xs space-top-xs\" data-type=\"column\"> <img decoding=\"async\"  class=\"shadow-large lazyload\" data-src=\"https:\/\/i2.wp.com\/fotogasteiz.com\/blog\/wp-content\/uploads\/2018\/02\/alberto-schommer.png?w=3840&amp;ssl=1\" alt=\"\" title=\"alberto schommer\" width=\"586\" height=\"586\" src=\"data:image\/svg+xml;base64,PHN2ZyB3aWR0aD0iMSIgaGVpZ2h0PSIxIiB4bWxucz0iaHR0cDovL3d3dy53My5vcmcvMjAwMC9zdmciPjwvc3ZnPg==\" style=\"--smush-placeholder-width: 586px; --smush-placeholder-aspect-ratio: 586\/586;\"><\/div> <div  class=\"col-sm-6\" data-type=\"column\"><p  class=\"lead\"><span  style=\"font-family: Muli, arial, helvetica, sans-serif; font-weight: 900; color: rgb(3, 169, 244);\">BIOGRAF\u00cdA DE ALBERTO SCHOMMER<\/span><\/p><h2  class=\"\"><span  style=\"font-family: &quot;Playfair Display&quot;, arial, helvetica, sans-serif; color: rgb(0, 0, 0);\">\u00daltimos a\u00f1os<\/span><\/h2> <p  class=\"\"><span  style=\"font-family: Muli, arial, helvetica, sans-serif; color: rgb(52, 58, 64);\">Su \u00faltima publicaci\u00f3n fue \u2018No oculto nada\u2019 en El Pa\u00eds, una serie de fotograf\u00edas en los que los pol\u00edticos candidatos al Ayuntamiento y la Comunidad de Madrid posaban mostrando sus manos limpias en un contexto en el que la pol\u00edtica estaba dominada por la corrupci\u00f3n.\n<\/span><br ><br ><span  style=\"font-family: Muli, arial, helvetica, sans-serif; color: rgb(52, 58, 64);\">Falleci\u00f3 en San Sebasti\u00e1n, ciudad de su mujer en la que vivi\u00f3 sus \u00faltimos a\u00f1os, a los 87 a\u00f1os de edad, el 10 de septiembre de 2015. Falleci\u00f3 tras un proceso cancer\u00edgeno, pero fue el 9 de agosto, el d\u00eda de su cumplea\u00f1os, cuando se agudiza la enfermedad. Tras cenar en el Arzak con unos amigos, sinti\u00f3 un fuerte dolor de espalda y al acudir al m\u00e9dico le informaron de la existencia de una met\u00e1stasis del c\u00e1ncer que padec\u00eda.\n<\/span><br ><br ><span  style=\"font-family: Muli, arial, helvetica, sans-serif; color: rgb(52, 58, 64);\">\nEl d\u00eda siguiente a su muerte, tanto el Ayuntamiento de Vitoria como la Diputaci\u00f3n Foral de \u00c1lava le dedicaron un homenaje en el parque de La Florida, en el centro de Vitoria-Gasteiz, a apenas 200 metros de donde su padre ten\u00eda su estudio.\n<\/span><br ><br ><span  style=\"font-family: Muli, arial, helvetica, sans-serif; color: rgb(52, 58, 64);\">\nEn 2016 su obra se expuso en la renovada Tabakalera de San Sebasti\u00e1n, con gran \u00e9xito de asistencia de visitantes.<\/span><br >\n<br ><span  style=\"font-family: Muli, arial, helvetica, sans-serif; color: rgb(52, 58, 64);\">En el a\u00f1o 2017, la Sociedad Fotogr\u00e1fica Alavesa y otros colectivos, asociaciones, museos, escuelas e instituciones dibujaron <a data-mce-href=\"http:\/\/fotogasteiz.com\/mural-fotografico-alberto-schommer\/\" href=\"https:\/\/fotogasteiz.com\/mural-fotografico-alberto-schommer\" target=\"_blank\" rel=\"noopener noreferrer\" data-mce-selected=\"inline-boundary\" data-cp-link=\"1\" class=\"\">un mural en la calle que lleva su nombre con una de sus c\u00e9lebres frases<\/a>.\n<\/span><br ><br ><span  style=\"font-family: Muli, arial, helvetica, sans-serif; color: rgb(52, 58, 64);\">\nEl a\u00f1o 2017 termin\u00f3 sin la sala cultural que el Ayuntamiento prometi\u00f3 inaugurar con su nombre en ese a\u00f1o, tal y como estaba presupuestado.\n<\/span><br ><br ><span  style=\"font-family: Muli, arial, helvetica, sans-serif; color: rgb(52, 58, 64);\">\nEn los \u00faltimos a\u00f1os se ha debatido sobre <a data-mce-href=\"http:\/\/fotogasteiz.com\/museo-fotos-schommer-vitoria\/\" href=\"https:\/\/fotogasteiz.com\/museo-fotos-schommer-vitoria\" target=\"_blank\" rel=\"noopener noreferrer\" data-mce-selected=\"inline-boundary\" data-cp-link=\"1\" class=\"\">dedicarle un museo en Vitoria, pero el acuerdo no llega<\/a>.<\/span><\/p> <\/div> <\/div><\/div> <\/div><div  data-label=\"Content\" data-id=\"content--11\" data-export-id=\"content-12\" data-category=\"content\" class=\"content-12 content-section content-section-spacing\" id=\"content-1\" style=\"background-color: rgb(245, 250, 253);\"><div  class=\"gridContainer\"> <div  class=\"row text-center\"><div  class=\"section-title-col\" data-type=\"column\"> <h2  class=\"\"><span  style=\"font-family: &quot;Playfair Display&quot;, arial, helvetica, sans-serif; color: rgb(0, 0, 0);\">Su \u00faltimo trabajo: \u2018No oculto nada\u2019<\/span><\/h2> <p  class=\"lead\"><span  style=\"font-family: Muli, arial, helvetica, sans-serif;\">Su \u00faltima publicaci\u00f3n fue \u2018No oculto nada\u2019 en El Pa\u00eds, una serie de fotograf\u00edas en los que los pol\u00edticos candidatos al Ayuntamiento y la Comunidad de Madrid posaban mostrando sus manos limpias en un contexto en el que la pol\u00edtica estaba dominada por la corrupci\u00f3n.<\/span><\/p><\/div> <\/div> <div  class=\"row center-xs middle-xs\"> <div  class=\"col-sm-9\" data-type=\"column\"> <img decoding=\"async\"  class=\"shadow-large lazyload\" data-src=\"https:\/\/i2.wp.com\/fotogasteiz.com\/blog\/wp-content\/uploads\/2018\/02\/alberto-schommer-camara.png?w=3840&amp;ssl=1\" alt=\"\" title=\"alberto schommer camara\" width=\"894\" height=\"598\" src=\"data:image\/svg+xml;base64,PHN2ZyB3aWR0aD0iMSIgaGVpZ2h0PSIxIiB4bWxucz0iaHR0cDovL3d3dy53My5vcmcvMjAwMC9zdmciPjwvc3ZnPg==\" style=\"--smush-placeholder-width: 894px; --smush-placeholder-aspect-ratio: 894\/598;\"><\/div> <\/div><\/div> <\/div><div  data-label=\"Gallery\" data-id=\"gallery--1\" data-export-id=\"gallery-1\" data-category=\"gallery\" class=\"gallery-1 content-section content-section-spacing\" id=\"gallery-1\" style=\"background-color: rgb(245, 250, 253);\"><div  class=\"gridContainer\"> <div  class=\"row\"><div  class=\"section-title-col\" data-type=\"column\">  <\/div> <\/div> <div  class=\"row text-center\"> <div  class=\"col-xs-12\" data-editable=\"true\" data-content-shortcode=\"mesmerize_gallery id=&quot;mesmerize-gallery-1&quot; columns=&quot;4&quot; ids=&quot;4154,4153,4152,4151&quot; lb=&quot;1&quot; masonry=&quot;1&quot; size=&quot;medium&quot; link=&quot;file&quot; \"><div id='mesmerize-gallery-1' class='gallery-wrapper'><style type=\"text\/css\">\n                    @media only screen and (min-width: 768px) {\n                    [data-unique-id='mesmerize-gallery-1-69f221be590b8'] dl {\n                        float: left;\n                        width: 25% !important;\n                        max-width:  25% !important;\n                        min-width:  25% !important;\n                    }\n\n                    [data-unique-id='mesmerize-gallery-1-69f221be590b8'] dl:nth-of-type(4n +1 ) {\n                      clear: both;\n                      }\n                    }\n                <\/style><div id='mesmerize-gallery-1' class='mesmerize-gallery-1-dls-wrapper gallery-items-wrapper materialis-gallery' data-unique-id='mesmerize-gallery-1-69f221be590b8'><dl class='gallery-item'>\n\t\t\t<dt class='gallery-icon portrait'>\n\t\t\t\t<a data-fancybox=\"mesmerize-gallery-1-group\" href='https:\/\/fotogasteiz.com\/blog\/wp-content\/uploads\/2018\/02\/alberto-schommer-manuela-carmena.png'><img decoding=\"async\"  width=\"234\" height=\"300\" data-src=\"https:\/\/fotogasteiz.com\/blog\/wp-content\/smush-avif\/2018\/02\/alberto-schommer-manuela-carmena-234x300.png.avif\"  class='mesmerize-gallery-1-image lazyload' alt=\"\" data-srcset=\"https:\/\/fotogasteiz.com\/blog\/wp-content\/smush-avif\/2018\/02\/alberto-schommer-manuela-carmena-234x300.png.avif 234w, https:\/\/fotogasteiz.com\/blog\/wp-content\/smush-avif\/2018\/02\/alberto-schommer-manuela-carmena-768x985.png.avif 768w, https:\/\/fotogasteiz.com\/blog\/wp-content\/smush-avif\/2018\/02\/alberto-schommer-manuela-carmena-798x1024.png.avif 798w, https:\/\/fotogasteiz.com\/blog\/wp-content\/smush-avif\/2018\/02\/alberto-schommer-manuela-carmena-1240x1591.png.avif 1240w, https:\/\/fotogasteiz.com\/blog\/wp-content\/smush-avif\/2018\/02\/alberto-schommer-manuela-carmena-508x652.png.avif 508w, https:\/\/fotogasteiz.com\/blog\/wp-content\/uploads\/2018\/02\/alberto-schommer-manuela-carmena.png 1330w\" data-sizes=\"(max-width: 234px) 100vw, 234px\" src=\"data:image\/svg+xml;base64,PHN2ZyB3aWR0aD0iMSIgaGVpZ2h0PSIxIiB4bWxucz0iaHR0cDovL3d3dy53My5vcmcvMjAwMC9zdmciPjwvc3ZnPg==\" style=\"--smush-placeholder-width: 234px; --smush-placeholder-aspect-ratio: 234\/300;\" \/><\/a>\n\t\t\t<\/dt><\/dl><dl class='gallery-item'>\n\t\t\t<dt class='gallery-icon portrait'>\n\t\t\t\t<a data-fancybox=\"mesmerize-gallery-1-group\" href='https:\/\/fotogasteiz.com\/blog\/wp-content\/uploads\/2018\/02\/alberto-schommer-cristina-cifuentes.png'><img decoding=\"async\"  width=\"234\" height=\"300\" data-src=\"https:\/\/fotogasteiz.com\/blog\/wp-content\/smush-avif\/2018\/02\/alberto-schommer-cristina-cifuentes-234x300.png.avif\"  class='mesmerize-gallery-1-image lazyload' alt=\"\" data-srcset=\"https:\/\/fotogasteiz.com\/blog\/wp-content\/smush-avif\/2018\/02\/alberto-schommer-cristina-cifuentes-234x300.png.avif 234w, https:\/\/fotogasteiz.com\/blog\/wp-content\/smush-avif\/2018\/02\/alberto-schommer-cristina-cifuentes-768x983.png.avif 768w, https:\/\/fotogasteiz.com\/blog\/wp-content\/smush-avif\/2018\/02\/alberto-schommer-cristina-cifuentes-800x1024.png.avif 800w, https:\/\/fotogasteiz.com\/blog\/wp-content\/smush-avif\/2018\/02\/alberto-schommer-cristina-cifuentes-508x650.png.avif 508w, https:\/\/fotogasteiz.com\/blog\/wp-content\/uploads\/2018\/02\/alberto-schommer-cristina-cifuentes.png 1116w\" data-sizes=\"(max-width: 234px) 100vw, 234px\" src=\"data:image\/svg+xml;base64,PHN2ZyB3aWR0aD0iMSIgaGVpZ2h0PSIxIiB4bWxucz0iaHR0cDovL3d3dy53My5vcmcvMjAwMC9zdmciPjwvc3ZnPg==\" style=\"--smush-placeholder-width: 234px; --smush-placeholder-aspect-ratio: 234\/300;\" \/><\/a>\n\t\t\t<\/dt><\/dl><dl class='gallery-item'>\n\t\t\t<dt class='gallery-icon portrait'>\n\t\t\t\t<a data-fancybox=\"mesmerize-gallery-1-group\" href='https:\/\/fotogasteiz.com\/blog\/wp-content\/uploads\/2018\/02\/alberto-schommer-gabilondo.png'><img decoding=\"async\"  width=\"234\" height=\"300\" data-src=\"https:\/\/fotogasteiz.com\/blog\/wp-content\/smush-avif\/2018\/02\/alberto-schommer-gabilondo-234x300.png.avif\"  class='mesmerize-gallery-1-image lazyload' alt=\"\" data-srcset=\"https:\/\/fotogasteiz.com\/blog\/wp-content\/smush-avif\/2018\/02\/alberto-schommer-gabilondo-234x300.png.avif 234w, https:\/\/fotogasteiz.com\/blog\/wp-content\/smush-avif\/2018\/02\/alberto-schommer-gabilondo-768x984.png.avif 768w, https:\/\/fotogasteiz.com\/blog\/wp-content\/smush-avif\/2018\/02\/alberto-schommer-gabilondo-799x1024.png.avif 799w, https:\/\/fotogasteiz.com\/blog\/wp-content\/smush-avif\/2018\/02\/alberto-schommer-gabilondo-508x651.png.avif 508w, https:\/\/fotogasteiz.com\/blog\/wp-content\/uploads\/2018\/02\/alberto-schommer-gabilondo.png 1118w\" data-sizes=\"(max-width: 234px) 100vw, 234px\" src=\"data:image\/svg+xml;base64,PHN2ZyB3aWR0aD0iMSIgaGVpZ2h0PSIxIiB4bWxucz0iaHR0cDovL3d3dy53My5vcmcvMjAwMC9zdmciPjwvc3ZnPg==\" style=\"--smush-placeholder-width: 234px; --smush-placeholder-aspect-ratio: 234\/300;\" \/><\/a>\n\t\t\t<\/dt><\/dl><dl class='gallery-item'>\n\t\t\t<dt class='gallery-icon portrait'>\n\t\t\t\t<a data-fancybox=\"mesmerize-gallery-1-group\" href='https:\/\/fotogasteiz.com\/blog\/wp-content\/uploads\/2018\/02\/alberto-schommer-carmona.png'><img decoding=\"async\"  width=\"233\" height=\"300\" data-src=\"https:\/\/fotogasteiz.com\/blog\/wp-content\/smush-avif\/2018\/02\/alberto-schommer-carmona-233x300.png.avif\"  class='mesmerize-gallery-1-image lazyload' alt=\"\" data-srcset=\"https:\/\/fotogasteiz.com\/blog\/wp-content\/smush-avif\/2018\/02\/alberto-schommer-carmona-233x300.png.avif 233w, https:\/\/fotogasteiz.com\/blog\/wp-content\/smush-avif\/2018\/02\/alberto-schommer-carmona-768x987.png.avif 768w, https:\/\/fotogasteiz.com\/blog\/wp-content\/smush-avif\/2018\/02\/alberto-schommer-carmona-797x1024.png.avif 797w, https:\/\/fotogasteiz.com\/blog\/wp-content\/smush-avif\/2018\/02\/alberto-schommer-carmona-508x653.png.avif 508w, https:\/\/fotogasteiz.com\/blog\/wp-content\/uploads\/2018\/02\/alberto-schommer-carmona.png 1116w\" data-sizes=\"(max-width: 233px) 100vw, 233px\" src=\"data:image\/svg+xml;base64,PHN2ZyB3aWR0aD0iMSIgaGVpZ2h0PSIxIiB4bWxucz0iaHR0cDovL3d3dy53My5vcmcvMjAwMC9zdmciPjwvc3ZnPg==\" style=\"--smush-placeholder-width: 233px; --smush-placeholder-aspect-ratio: 233\/300;\" \/><\/a>\n\t\t\t<\/dt><\/dl>\n\t\t<\/div>\n<script>(function($){window.MaterialisCaptionsGallery && window.MaterialisCaptionsGallery($('[data-unique-id=\"mesmerize-gallery-1-69f221be590b8\"]'))})(jQuery)<\/script><\/div><\/div><\/div> <\/div><\/div><div  data-label=\"Imprescindibles\" data-id=\"content--12\" data-export-id=\"content-11\" data-category=\"content\" class=\"content-11 content-section content-section-spacing\" id=\"imprescindibles\" style=\"background-color: rgb(52, 58, 64); background-image: none;\"><div  class=\"gridContainer\"> <div  class=\"row text-center\"><div  class=\"section-title-col\" data-type=\"column\"> <h2  class=\"\"><span  style=\"font-family: &quot;Playfair Display&quot;, arial, helvetica, sans-serif; color: rgb(255, 255, 255);\">Imprescindibles: Alberto Schommer<\/span><\/h2> <p  class=\"lead\"><span  style=\"color: rgb(255, 255, 255); font-family: Muli, arial, helvetica, sans-serif;\">En el a\u00f1o 2020, Schommer sigue siendo noticia. El artista protagoniz\u00f3 <a data-mce-href=\"..\/..\/..\/alberto-schommer-imprescindibles-tve\/\" href=\"..\/..\/..\/alberto-schommer-imprescindibles-tve\" target=\"_blank\" rel=\"noopener noreferrer\" data-mce-selected=\"inline-boundary\" data-cp-link=\"1\" class=\"\">el programa \u2018Imprescindibles\u2019 de La2 de TVE<\/a> el 25 de octubre de 2020 con gran \u00e9xito de audiencia: 269.000 espectadores.\n<\/span><br ><br ><span  style=\"color: rgb(255, 255, 255); font-family: Muli, arial, helvetica, sans-serif;\">\nTitulado \u2018No sonr\u00eda. Alberto Schommer\u2019, el documental de una hora de duraci\u00f3n est\u00e1 dirigido por Alicia de la Cruz y Chema de la Torre y recoge declaraciones de Carlos P\u00e9rez Siquier, Jos\u00e9 Mar\u00eda D\u00edaz-Maroto, Rafael Moneo, Rafael Canogar, Luis Mar\u00eda Ans\u00f3n, I\u00f1aki Gabilondo, Juan Luis Cebri\u00e1n, Enrique Rayon, Luis Malibr\u00e1n o Miguel Zugaza adem\u00e1s del propio Schommer, de sus herederos y fragmentos de entrevistas que el fot\u00f3grafo ofreci\u00f3 en sus a\u00f1os dorados as\u00ed como al final de su vida.<\/span><\/p><\/div> <\/div> <div  class=\"row center-xs middle-xs\"> <div  class=\"col-sm-9\"> <div  class=\"lightbox-video lightbox-video-tall dark-overlay shadow-large flexbox middle-xs center-xs lazyload\" data-type=\"group\" data-bg=\"image\" style=\"background-image:inherit;\" data-bg-image=\"url(&quot;https:\/\/fotogasteiz.com\/blog\/wp-content\/uploads\/2018\/02\/alberto-schommer-camara.png&quot;)\"> <a  data-fancybox=\"\" data-video-lightbox=\"true\" href=\"https:\/\/www.rtve.es\/alacarta\/videos\/imprescindibles\/imprescindibles-no-sonria-alberto-schommer\/5693913\" class=\"\"> <i  data-cp-fa=\"true\" class=\"fa video-icon fa-play-circle-o color-white\"><\/i><\/a> <\/div><\/div> <\/div><\/div> <\/div>","protected":false},"excerpt":{"rendered":"<p>Vida- obra \u2013 biograf\u00eda GRANDES FOT\u00d3GRAFOS Y FOT\u00d3GRAFASAlberto Schommer El fot\u00f3grafo vitoriano Alberto Schommer es uno de los fot\u00f3grafos m\u00e1s destacados del panorama creativo espa\u00f1ol de las \u00faltimas d\u00e9cadas, famoso por sus retratos de las figuras pol\u00edticas del Franquismo en Espa\u00f1a y de la Transici\u00f3n, as\u00ed como de personalidades norteamericanas, convertidas en iconos de dicha&hellip; <br \/> <a class=\"read-more\" href=\"https:\/\/fotogasteiz.com\/blog\/fotografos\/alberto-schommer\/\">Read more<\/a><\/p>\n","protected":false},"author":1,"featured_media":4148,"parent":1689,"menu_order":0,"comment_status":"closed","ping_status":"closed","template":"pro\/page-templates\/full-width-page.php","meta":{"footnotes":""},"class_list":["post-4099","page","type-page","status-publish","has-post-thumbnail","hentry"],"yoast_head":"<!-- This site is optimized with the Yoast SEO Premium plugin v22.5 (Yoast SEO v27.5) - https:\/\/yoast.com\/product\/yoast-seo-premium-wordpress\/ -->\n<title>Alberto Schommer - Profesor de fotograf\u00eda<\/title>\n<meta name=\"description\" content=\"Vida, obra y biograf\u00eda del fot\u00f3grafo espa\u00f1ol Alberto Schommer. Analizamos su estilo, estapas creativas, libros y exposiciones.\" \/>\n<meta name=\"robots\" content=\"index, follow, max-snippet:-1, max-image-preview:large, max-video-preview:-1\" \/>\n<link rel=\"canonical\" href=\"https:\/\/fotogasteiz.com\/blog\/fotografos\/alberto-schommer\/\" \/>\n<meta property=\"og:locale\" content=\"es_ES\" \/>\n<meta property=\"og:type\" content=\"article\" \/>\n<meta property=\"og:title\" content=\"Alberto Schommer\" \/>\n<meta property=\"og:description\" content=\"Vida, obra y biograf\u00eda del fot\u00f3grafo espa\u00f1ol Alberto Schommer. Analizamos su estilo, estapas creativas, libros y exposiciones.\" \/>\n<meta property=\"og:url\" content=\"https:\/\/fotogasteiz.com\/blog\/fotografos\/alberto-schommer\/\" \/>\n<meta property=\"og:site_name\" content=\"Profesor de fotograf\u00eda\" \/>\n<meta property=\"article:modified_time\" content=\"2021-12-15T15:54:50+00:00\" \/>\n<meta property=\"og:image\" content=\"https:\/\/fotogasteiz.com\/blog\/wp-content\/uploads\/2018\/02\/alberto-schommer-1024x1024.png\" \/>\n\t<meta property=\"og:image:width\" content=\"1024\" \/>\n\t<meta property=\"og:image:height\" content=\"1024\" \/>\n\t<meta property=\"og:image:type\" content=\"image\/png\" \/>\n<meta name=\"twitter:card\" content=\"summary_large_image\" \/>\n<meta name=\"twitter:label1\" content=\"Tiempo de lectura\" \/>\n\t<meta name=\"twitter:data1\" content=\"15 minutos\" \/>\n<script type=\"application\/ld+json\" class=\"yoast-schema-graph\">{\"@context\":\"https:\\\/\\\/schema.org\",\"@graph\":[{\"@type\":\"WebPage\",\"@id\":\"https:\\\/\\\/fotogasteiz.com\\\/blog\\\/fotografos\\\/alberto-schommer\\\/\",\"url\":\"https:\\\/\\\/fotogasteiz.com\\\/blog\\\/fotografos\\\/alberto-schommer\\\/\",\"name\":\"Alberto Schommer - Profesor de fotograf\u00eda\",\"isPartOf\":{\"@id\":\"https:\\\/\\\/fotogasteiz.com\\\/blog\\\/#website\"},\"primaryImageOfPage\":{\"@id\":\"https:\\\/\\\/fotogasteiz.com\\\/blog\\\/fotografos\\\/alberto-schommer\\\/#primaryimage\"},\"image\":{\"@id\":\"https:\\\/\\\/fotogasteiz.com\\\/blog\\\/fotografos\\\/alberto-schommer\\\/#primaryimage\"},\"thumbnailUrl\":\"https:\\\/\\\/fotogasteiz.com\\\/blog\\\/wp-content\\\/uploads\\\/2018\\\/02\\\/alberto-schommer.png\",\"datePublished\":\"2018-02-12T15:38:51+00:00\",\"dateModified\":\"2021-12-15T15:54:50+00:00\",\"description\":\"Vida, obra y biograf\u00eda del fot\u00f3grafo espa\u00f1ol Alberto Schommer. Analizamos su estilo, estapas creativas, libros y exposiciones.\",\"breadcrumb\":{\"@id\":\"https:\\\/\\\/fotogasteiz.com\\\/blog\\\/fotografos\\\/alberto-schommer\\\/#breadcrumb\"},\"inLanguage\":\"es\",\"potentialAction\":[{\"@type\":\"ReadAction\",\"target\":[\"https:\\\/\\\/fotogasteiz.com\\\/blog\\\/fotografos\\\/alberto-schommer\\\/\"]}]},{\"@type\":\"ImageObject\",\"inLanguage\":\"es\",\"@id\":\"https:\\\/\\\/fotogasteiz.com\\\/blog\\\/fotografos\\\/alberto-schommer\\\/#primaryimage\",\"url\":\"https:\\\/\\\/fotogasteiz.com\\\/blog\\\/wp-content\\\/uploads\\\/2018\\\/02\\\/alberto-schommer.png\",\"contentUrl\":\"https:\\\/\\\/fotogasteiz.com\\\/blog\\\/wp-content\\\/uploads\\\/2018\\\/02\\\/alberto-schommer.png\",\"width\":1998,\"height\":1998},{\"@type\":\"BreadcrumbList\",\"@id\":\"https:\\\/\\\/fotogasteiz.com\\\/blog\\\/fotografos\\\/alberto-schommer\\\/#breadcrumb\",\"itemListElement\":[{\"@type\":\"ListItem\",\"position\":1,\"name\":\"Portada\",\"item\":\"https:\\\/\\\/fotogasteiz.com\\\/blog\\\/\"},{\"@type\":\"ListItem\",\"position\":2,\"name\":\"Fot\u00f3grafos y fot\u00f3grafas (biograf\u00edas)\",\"item\":\"https:\\\/\\\/fotogasteiz.com\\\/blog\\\/fotografos\\\/\"},{\"@type\":\"ListItem\",\"position\":3,\"name\":\"Alberto Schommer\"}]},{\"@type\":\"WebSite\",\"@id\":\"https:\\\/\\\/fotogasteiz.com\\\/blog\\\/#website\",\"url\":\"https:\\\/\\\/fotogasteiz.com\\\/blog\\\/\",\"name\":\"Profesor de fotograf\u00eda\",\"description\":\"por Gustavo Bravo\",\"potentialAction\":[{\"@type\":\"SearchAction\",\"target\":{\"@type\":\"EntryPoint\",\"urlTemplate\":\"https:\\\/\\\/fotogasteiz.com\\\/blog\\\/?s={search_term_string}\"},\"query-input\":{\"@type\":\"PropertyValueSpecification\",\"valueRequired\":true,\"valueName\":\"search_term_string\"}}],\"inLanguage\":\"es\"}]}<\/script>\n<!-- \/ Yoast SEO Premium plugin. -->","yoast_head_json":{"title":"Alberto Schommer - Profesor de fotograf\u00eda","description":"Vida, obra y biograf\u00eda del fot\u00f3grafo espa\u00f1ol Alberto Schommer. Analizamos su estilo, estapas creativas, libros y exposiciones.","robots":{"index":"index","follow":"follow","max-snippet":"max-snippet:-1","max-image-preview":"max-image-preview:large","max-video-preview":"max-video-preview:-1"},"canonical":"https:\/\/fotogasteiz.com\/blog\/fotografos\/alberto-schommer\/","og_locale":"es_ES","og_type":"article","og_title":"Alberto Schommer","og_description":"Vida, obra y biograf\u00eda del fot\u00f3grafo espa\u00f1ol Alberto Schommer. Analizamos su estilo, estapas creativas, libros y exposiciones.","og_url":"https:\/\/fotogasteiz.com\/blog\/fotografos\/alberto-schommer\/","og_site_name":"Profesor de fotograf\u00eda","article_modified_time":"2021-12-15T15:54:50+00:00","og_image":[{"width":1024,"height":1024,"url":"https:\/\/fotogasteiz.com\/blog\/wp-content\/uploads\/2018\/02\/alberto-schommer-1024x1024.png","type":"image\/png"}],"twitter_card":"summary_large_image","twitter_misc":{"Tiempo de lectura":"15 minutos"},"schema":{"@context":"https:\/\/schema.org","@graph":[{"@type":"WebPage","@id":"https:\/\/fotogasteiz.com\/blog\/fotografos\/alberto-schommer\/","url":"https:\/\/fotogasteiz.com\/blog\/fotografos\/alberto-schommer\/","name":"Alberto Schommer - Profesor de fotograf\u00eda","isPartOf":{"@id":"https:\/\/fotogasteiz.com\/blog\/#website"},"primaryImageOfPage":{"@id":"https:\/\/fotogasteiz.com\/blog\/fotografos\/alberto-schommer\/#primaryimage"},"image":{"@id":"https:\/\/fotogasteiz.com\/blog\/fotografos\/alberto-schommer\/#primaryimage"},"thumbnailUrl":"https:\/\/fotogasteiz.com\/blog\/wp-content\/uploads\/2018\/02\/alberto-schommer.png","datePublished":"2018-02-12T15:38:51+00:00","dateModified":"2021-12-15T15:54:50+00:00","description":"Vida, obra y biograf\u00eda del fot\u00f3grafo espa\u00f1ol Alberto Schommer. Analizamos su estilo, estapas creativas, libros y exposiciones.","breadcrumb":{"@id":"https:\/\/fotogasteiz.com\/blog\/fotografos\/alberto-schommer\/#breadcrumb"},"inLanguage":"es","potentialAction":[{"@type":"ReadAction","target":["https:\/\/fotogasteiz.com\/blog\/fotografos\/alberto-schommer\/"]}]},{"@type":"ImageObject","inLanguage":"es","@id":"https:\/\/fotogasteiz.com\/blog\/fotografos\/alberto-schommer\/#primaryimage","url":"https:\/\/fotogasteiz.com\/blog\/wp-content\/uploads\/2018\/02\/alberto-schommer.png","contentUrl":"https:\/\/fotogasteiz.com\/blog\/wp-content\/uploads\/2018\/02\/alberto-schommer.png","width":1998,"height":1998},{"@type":"BreadcrumbList","@id":"https:\/\/fotogasteiz.com\/blog\/fotografos\/alberto-schommer\/#breadcrumb","itemListElement":[{"@type":"ListItem","position":1,"name":"Portada","item":"https:\/\/fotogasteiz.com\/blog\/"},{"@type":"ListItem","position":2,"name":"Fot\u00f3grafos y fot\u00f3grafas (biograf\u00edas)","item":"https:\/\/fotogasteiz.com\/blog\/fotografos\/"},{"@type":"ListItem","position":3,"name":"Alberto Schommer"}]},{"@type":"WebSite","@id":"https:\/\/fotogasteiz.com\/blog\/#website","url":"https:\/\/fotogasteiz.com\/blog\/","name":"Profesor de fotograf\u00eda","description":"por Gustavo Bravo","potentialAction":[{"@type":"SearchAction","target":{"@type":"EntryPoint","urlTemplate":"https:\/\/fotogasteiz.com\/blog\/?s={search_term_string}"},"query-input":{"@type":"PropertyValueSpecification","valueRequired":true,"valueName":"search_term_string"}}],"inLanguage":"es"}]}},"_links":{"self":[{"href":"https:\/\/fotogasteiz.com\/blog\/wp-json\/wp\/v2\/pages\/4099","targetHints":{"allow":["GET"]}}],"collection":[{"href":"https:\/\/fotogasteiz.com\/blog\/wp-json\/wp\/v2\/pages"}],"about":[{"href":"https:\/\/fotogasteiz.com\/blog\/wp-json\/wp\/v2\/types\/page"}],"author":[{"embeddable":true,"href":"https:\/\/fotogasteiz.com\/blog\/wp-json\/wp\/v2\/users\/1"}],"replies":[{"embeddable":true,"href":"https:\/\/fotogasteiz.com\/blog\/wp-json\/wp\/v2\/comments?post=4099"}],"version-history":[{"count":47,"href":"https:\/\/fotogasteiz.com\/blog\/wp-json\/wp\/v2\/pages\/4099\/revisions"}],"predecessor-version":[{"id":16807,"href":"https:\/\/fotogasteiz.com\/blog\/wp-json\/wp\/v2\/pages\/4099\/revisions\/16807"}],"up":[{"embeddable":true,"href":"https:\/\/fotogasteiz.com\/blog\/wp-json\/wp\/v2\/pages\/1689"}],"wp:featuredmedia":[{"embeddable":true,"href":"https:\/\/fotogasteiz.com\/blog\/wp-json\/wp\/v2\/media\/4148"}],"wp:attachment":[{"href":"https:\/\/fotogasteiz.com\/blog\/wp-json\/wp\/v2\/media?parent=4099"}],"curies":[{"name":"wp","href":"https:\/\/api.w.org\/{rel}","templated":true}]}}