{"id":5182,"date":"2018-04-16T15:39:10","date_gmt":"2018-04-16T15:39:10","guid":{"rendered":"http:\/\/fotogasteiz.com\/blog\/?page_id=5182"},"modified":"2022-04-08T08:37:56","modified_gmt":"2022-04-08T08:37:56","slug":"andreas-gursky-vida-obra-biografia","status":"publish","type":"page","link":"https:\/\/fotogasteiz.com\/blog\/fotografos\/andreas-gursky-vida-obra-biografia\/","title":{"rendered":"Andreas Gursky"},"content":{"rendered":"<div  data-label=\"Intro\" data-id=\"about--1\" data-export-id=\"about-10\" data-category=\"about\" class=\"about-10 content-section content-section-spacing\" id=\"intro\" style=\"background-color: rgb(255, 255, 255); background-image: none;\"><div  class=\"gridContainer\"> <div  class=\"row middle-sm text-center\"><div  class=\"col-sm-5 space-bottom-xs content-column\" data-type=\"column\"> <h5  class=\"\"><span  style=\"font-family: Muli, arial, helvetica, sans-serif; font-weight: 900; color: rgb(3, 169, 244);\">Vida \u2013 Obra \u2013 Biograf\u00eda<\/span><\/h5> <h2  class=\"\"><span  style=\"font-family: &quot;Playfair Display&quot;, arial, helvetica, sans-serif; color: rgb(0, 0, 0);\">Andreas Gursky<\/span><\/h2> <p  class=\"\"><span  style=\"font-family: Muli, arial, helvetica, sans-serif; color: rgb(52, 58, 64);\"><span  style=\"font-weight: 900;\">Andreas Gursky (1955-)<\/span> es un fot\u00f3grafo alem\u00e1n que utiliza t\u00e9cnicas de postproducci\u00f3n digital para crear monumentales paisajes panor\u00e1micos con imposisbles perspectivas e infinidad de detalle, que constituyen met\u00e1foras de nuestra vida actual.\n<\/span><br ><br ><span  style=\"font-family: Muli, arial, helvetica, sans-serif; color: rgb(52, 58, 64);\">\nSu obra troncal se caracteriza por fotografiar frontalmente los espacios, desde un punto de vista alejado, que propicie la reflexi\u00f3n y la observaci\u00f3n de cada una de las partes como del paisaje en su conjunto.<\/span><br ><br ><span  style=\"font-family: Muli, arial, helvetica, sans-serif; color: rgb(52, 58, 64);\">Para ello, sus fotograf\u00edas se exponen siempre a tama\u00f1o gigante, superando los 5 metros de largo, lo que permite apreciar los detalles que remotos de espacios inabarcables.<\/span><br ><br ><span  style=\"font-family: Muli, arial, helvetica, sans-serif; color: rgb(52, 58, 64);\">\nGursky crea escenas sin jerarqu\u00eda, en las que todos los elementos pict\u00f3ricos tienen la misma importancia.&nbsp;<\/span><span  style=\"font-family: Muli, arial, helvetica, sans-serif; color: rgb(52, 58, 64);\">Fotograf\u00eda una sociedad hipermoderna sin alma. Enormes paisajes coloridos pero inhertes.&nbsp;<\/span><\/p> <p  class=\"\"><span  style=\"font-family: &quot;Open Sans&quot;, arial, helvetica, sans-serif; font-style: italic; font-weight: 700; color: rgb(255, 51, 105);\">\u00daltima actualizaci\u00f3n: abril 2022<\/span><\/p><\/div> <div  class=\"col-sm-7 flexbox middle-xs center-xs space-bottom-xs\"><div  class=\"overlay-box middle-xs center-xs flexbox\"> <div  class=\"overlay-box-offset offset-border shadow-medium border-color1 hide-xs\"><\/div> <img decoding=\"async\"  class=\"shadow-large lazyload\" data-size=\"485x705\" data-src=\"https:\/\/i0.wp.com\/fotogasteiz.com\/blog\/wp-content\/uploads\/2022\/04\/d9bebdb0f8a8cea269f86078c31f5542-andreas-gursky.jpeg?w=3840&amp;ssl=1\" title=\"d9bebdb0f8a8cea269f86078c31f5542--andreas-gursky\" alt=\"\" width=\"485\" height=\"691\" src=\"data:image\/svg+xml;base64,PHN2ZyB3aWR0aD0iMSIgaGVpZ2h0PSIxIiB4bWxucz0iaHR0cDovL3d3dy53My5vcmcvMjAwMC9zdmciPjwvc3ZnPg==\" style=\"--smush-placeholder-width: 485px; --smush-placeholder-aspect-ratio: 485\/691;\"><\/div> <\/div><\/div> <\/div><\/div><div  data-label=\"Cta\" data-id=\"cta--1\" data-export-id=\"cta-centered-section-grid\" data-category=\"cta\" class=\"cta-centered-section-grid content-section content-section-spacing-medium bg-color1 white-text\" id=\"cta-1\"><div  class=\"\"> <div  class=\"row text-center\"><div  class=\"col-xs-12 col-sm-10 col-sm-offset-1 col-md-8 col-md-offset-2\" data-type=\"column\"> <h2  class=\"\"><span  style=\"font-family: &quot;Playfair Display&quot;, arial, helvetica, sans-serif;\">\u201cNunca me intereso por el individuo sino en la especie humana y en su entorno. Mis im\u00e1genes tratan de la forma en la que nos desplazamos en el espacio. El universo es enorme y estamos muy limitados en nuestra percepci\u00f3n\u201d<\/span><\/h2> <p  class=\"\">\u2013 Andreas Gursky<\/p> <\/div> <\/div><\/div> <\/div><div  data-label=\"Content\" data-id=\"content--6\" data-export-id=\"content-6-2\" data-category=\"content\" class=\"content-6-2 content-section content-section-spacing\" id=\"content-1\" style=\"background-color: rgb(232, 219, 184); background-image: none;\"><div  class=\"gridContainer\"> <div  class=\"row text-center\"><div  class=\"section-title-col\" data-type=\"column\"> <h2  class=\"\"><span  style=\"font-family: &quot;Playfair Display&quot;, arial, helvetica, sans-serif; color: rgb(0, 0, 0);\">Las claves de la obra de Andreas Gursky<\/span><\/h2> <p  class=\"lead\"><span  style=\"font-family: Muli, arial, helvetica, sans-serif; font-weight: 600; color: rgb(52, 58, 64);\"><span  style=\"font-weight: 900;\">Andreas Gursky<\/span> utiliza la imagen fotogr\u00e1fica para jugar filos\u00f3ficamente con el concepto de escala, ofreciendo dos perspectivas distitas a la vez: el \u00e1rbol y el bosque, invitando al lector a la reflexi\u00f3n sobre lo que ve y finalmente sobre lo que siente por lo que ve.<\/span><\/p><\/div> <\/div> <div  class=\"row middle-sm\"> <div  class=\"col-sm-6 flexbox around-xs top-xs\"> <div  class=\"overlay-box flexbox middle-xs center-xs overlay-holder\"> <div  class=\"overlay-box-offset offset-border shadow-medium border-color2 hide-xs\"><\/div> <img decoding=\"async\"  class=\"flexbox shadow-large img1 lazyload\" data-size=\"485x632\" data-src=\"https:\/\/i0.wp.com\/fotogasteiz.com\/blog\/wp-content\/uploads\/2022\/04\/cropped-89697051-1541709-oea.jpeg?w=3840&amp;ssl=1\" title=\"cropped-89697051-1541709-oea.jpeg\" alt=\"\" width=\"485\" height=\"456\" src=\"data:image\/svg+xml;base64,PHN2ZyB3aWR0aD0iMSIgaGVpZ2h0PSIxIiB4bWxucz0iaHR0cDovL3d3dy53My5vcmcvMjAwMC9zdmciPjwvc3ZnPg==\" style=\"--smush-placeholder-width: 485px; --smush-placeholder-aspect-ratio: 485\/456;\"><\/div> <\/div> <div  class=\"col-sm-6 space-top-xs\"> <div  class=\"row\"> <div  class=\"col-xs-12 space-bottom\" data-type=\"column\"> <h3  class=\"color2\"><span  style=\"font-weight: 900;\">Manipular la realidad para explicar la realidad<\/span><\/h3> <\/div> <div  data-type=\"row\" class=\"col-xs-12\"><div  class=\"row space-bottom force-align\"> <div  class=\"col-xs-12 col-sm-fit text-center\"><i  class=\"fa fa-codepen icon big color1\"><\/i><\/div> <div  class=\"col-xs-12 col-sm\" data-type=\"column\"><h5  class=\"color1\">Perspectiva y distancia<\/h5> <p  class=\"\"><span  style=\"font-family: Muli, arial, helvetica, sans-serif; color: rgb(52, 58, 64);\">Las fotograf\u00edas de <span  style=\"font-weight: 900;\">Gursky<\/span> se plantean casi siempre desde una perspectiva elevada y bastante alejada, lo que propicia una distancia f\u00edsica para la observaci\u00f3n y una distancia alejada para la reflxi\u00f3n.<\/span><\/p><\/div> <\/div> <div  class=\"row space-bottom force-align\"> <div  class=\"col-xs-12 col-sm-fit text-center\"> <i  class=\"fa icon fa-building big color1\"><\/i><\/div> <div  class=\"col-xs-12 col-sm\" data-type=\"column\"><h5  class=\"color1\">Tama\u00f1o como concepto<\/h5> <p  class=\"\"><span  style=\"font-family: Muli, arial, helvetica, sans-serif; color: rgb(52, 58, 64);\">Sin embargo, la obra de <span  style=\"font-weight: 900;\">Gursky<\/span> no debe admirarse s\u00f3lo desde la distancia. Parte de su trabajo consiste en captar y mostrar los detalles para que las im\u00e1genes puedan ofrecer tambi\u00e9n una lectura a corta distancia, que invite a una relfexi\u00f3n sobre la escala y nuestra relaci\u00f3n con el mundo como individuos.<\/span><\/p><\/div> <\/div> <div  class=\"row space-bottom force-align\"> <div  class=\"col-xs-12 col-sm-fit text-center\"> <i  class=\"fa fa-cubes icon big color1\"><\/i><\/div> <div  class=\"col-xs-12 col-sm\" data-type=\"column\"><h5  class=\"color1\">Manipulaci\u00f3n digital para la representaci\u00f3n<\/h5> <p  class=\"\"><span  style=\"font-family: Muli, arial, helvetica, sans-serif; color: rgb(52, 58, 64);\"><span  style=\"font-weight: 900;\">Gursky<\/span> no podr\u00eda ser considerado a priori un fot\u00f3grafo documental por el elevado nivel de posproducci\u00f3n y manipulaci\u00f3n digital que tienen sus obras, sin embargo, todos los esfuerzos realizados en su trabajo reman en la misma direcci\u00f3n que otros lenguajes que buscan una reflexi\u00f3n sobre la condici\u00f3n humana, los espacios que construimos y c\u00f3mo nos relacionamos con el planeta.<\/span><\/p><\/div> <\/div><\/div> <\/div><\/div> <\/div><\/div> <\/div><div  data-label=\"primeros anos\" data-id=\"content--1\" data-export-id=\"content-7\" data-category=\"content\" class=\"content-7 content-section content-section-spacing\" id=\"primeros-anos\" style=\"background-color: rgb(245, 250, 253);\"><div  class=\"gridContainer\"> <div  class=\"row middle-sm\"><div  class=\"col-sm-6 space-bottom-xs\" data-type=\"column\"> <p  class=\"lead\"><span  style=\"font-family: Muli, arial, helvetica, sans-serif; font-weight: 900; color: rgb(3, 169, 244);\">PRIMEROS A\u00d1OS<\/span><\/p><h2  class=\"\"><span  style=\"font-family: &quot;Playfair Display&quot;, arial, helvetica, sans-serif; color: rgb(0, 0, 0);\">Biograf\u00eda de Andreas Gursky<\/span><\/h2> <p  class=\"\"><span  style=\"font-family: Muli, arial, helvetica, sans-serif; color: rgb(52, 58, 64);\"><span  style=\"font-weight: 900;\">Andreas Gursky<\/span> naci\u00f3 en el seno de una familia de fot\u00f3grafos el 15 de enero de 1955, en Leipzig, en el este de Alemania. Antes de cumplir el a\u00f1o se mud\u00f3 con su familia a Essen, el coraz\u00f3n industrial del oeste de Alemania, muy cerca de los Pa\u00edses Bajos<\/span>.\n<br ><br ><span  style=\"font-family: Muli, arial, helvetica, sans-serif; color: rgb(52, 58, 64);\">\nEl padre de <span  style=\"font-weight: 900;\">Andreas Gursky<\/span> era el exitoso fot\u00f3grafo comercial <span  style=\"font-weight: 900;\">Willy Gursky<\/span>. \u201cSu forma de iluminar, lo aprendi\u00f3 de m\u00ed\u201d, afirma su padre. Y su abuelo tambi\u00e9n era fot\u00f3grafo: el fot\u00f3grafo publicitario <span  style=\"font-weight: 900;\">Hans Gursky<\/span>.\n<\/span><br ><br ><span  style=\"font-family: Muli, arial, helvetica, sans-serif; color: rgb(52, 58, 64);\">\nEn 1956, con apenas un a\u00f1o reci\u00e9n cumplido y en pleno auge de la econom\u00eda alemana, la familia se mud\u00f3 a la cercana D\u00fcsseldorf, y all\u00ed sus padres instalaron all\u00ed un estudio fotogr\u00e1fico.\n<\/span><br ><br ><span  style=\"font-family: Muli, arial, helvetica, sans-serif; color: rgb(52, 58, 64);\">El peque\u00f1o Gursky apenas ten\u00eda 2 a\u00f1os y ya sal\u00eda como modelo en algunos trabajos fotogr\u00e1ficos publicitarios de su padre. Y, adem\u00e1s de salir en las fotos, pronto aprendi\u00f3 tambi\u00e9n a hacerlas. De su padre aprendi\u00f3 todos los trucos del oficio antes de terminar sus estudios secundarios, que acab\u00f3 en 1975, con 20 a\u00f1os. Se neg\u00f3 a realizar el servicio militar y, a cambio, hasta 1977 realiz\u00f3 trabajos sociales de atenci\u00f3n m\u00e9dica.\n<\/span><br >\n<br ><span  style=\"font-family: Muli, arial, helvetica, sans-serif; color: rgb(52, 58, 64);\">Mientras, valor\u00f3 la posibilidad de estudiar Psicolog\u00eda o Trabajo Social. En un principio no quer\u00eda seguir con la profesi\u00f3n familiar, pero finalmente se decant\u00f3 por la fotograf\u00eda.\n<\/span><br ><br ><span  style=\"font-family: Muli, arial, helvetica, sans-serif; color: rgb(52, 58, 64);\">\nDe 1977 a 1980, estudi\u00f3 en su Essen de adopci\u00f3n en la prestigiosa <span  style=\"font-weight: 700;\">Escuela Folkwang<\/span>, campo de entrenamiento l\u00edder en Alemania Occidental para fot\u00f3grafos profesionales, especialmente fotoperiodistas. All\u00ed fue alumno del considerado como pionero de la fotograf\u00eda subjetiva&nbsp;<span  style=\"font-weight: 900;\">Otto Steinert<\/span>. Y durante esos dos a\u00f1os se encontr\u00f3 con la tradici\u00f3n documental de la fotograf\u00eda, un arte sofisticado de observaci\u00f3n sin adornos, cuya visi\u00f3n sincera estaba alejada de las tentaciones artificiales del trabajo comercial.\n<\/span><br ><br ><span  style=\"font-family: Muli, arial, helvetica, sans-serif; color: rgb(52, 58, 64);\">\nNada m\u00e1s graduarse en la Escuela Folkwang de Essen en 1980, con 25 a\u00f1os, sigui\u00f3 form\u00e1ndose en la academia de arte del estado \u2018Staatliche Kunstakademie\u2019, en D\u00fcsseldorf, famosa por la experimentaci\u00f3n art\u00edstica que cre\u00f3 <span  style=\"font-weight: 900;\">Joseph Beuys<\/span> cuando fue nombrado profesor de escultura en 1961 y semillero de la vibrante vanguardia alemana de la posguerra. All\u00ed, <span  style=\"font-weight: 900;\">Gursky<\/span> estudi\u00f3 durante siete a\u00f1os m\u00e1s, hasta 1987 (32 a\u00f1os de edad), de la mano del matrimonio <span  style=\"font-weight: 900;\">Bernd <\/span>y <span  style=\"font-weight: 900;\">Hilla Becher<\/span>.\n<\/span><br ><br ><span  style=\"font-family: Muli, arial, helvetica, sans-serif; color: rgb(52, 58, 64);\">\nAll\u00ed, Gursky conoci\u00f3 a <span  style=\"font-weight: 900;\">Candida H\u00f6ffer<\/span>, <span  style=\"font-weight: 900;\">Axel H\u00fctte<\/span>, <span  style=\"font-weight: 900;\">Thomas Struth<\/span> y <span  style=\"font-weight: 900;\">Thomas Ruff<\/span>. Juntos formaron la denominada \u00ab<span  style=\"font-weight: 900;\">escuela de D\u00fcsseldorf<\/span>\u00bb y son conocidos en el mercado del arte como la \u2018clase Becher\u2019, alcanzando todos ellos altos niveles de cotizaci\u00f3n.<\/span><\/p> <\/div> <div  class=\"col-sm-6\" data-type=\"column\"> <img decoding=\"async\"  class=\"shadow-large lazyload\" data-src=\"https:\/\/i0.wp.com\/fotogasteiz.com\/blog\/wp-content\/uploads\/2022\/04\/willy-gursky-portra\u0308t-des-kunstfotografen-andreas-gursky.jpeg?w=3840&amp;ssl=1\" title=\"willy-gursky-portra\u0308t-des-kunstfotografen-andreas-gursky\" alt=\"\" width=\"480\" height=\"422\" src=\"data:image\/svg+xml;base64,PHN2ZyB3aWR0aD0iMSIgaGVpZ2h0PSIxIiB4bWxucz0iaHR0cDovL3d3dy53My5vcmcvMjAwMC9zdmciPjwvc3ZnPg==\" style=\"--smush-placeholder-width: 480px; --smush-placeholder-aspect-ratio: 480\/422;\"><p  class=\"\"><span  style=\"font-family: Muli, arial, helvetica, sans-serif; color: rgb(60, 66, 79);\">Andreas Gursky de joven retratado por su padre Willy<\/span><\/p><img decoding=\"async\"  class=\"custom-image lazyload\" data-src=\"https:\/\/i0.wp.com\/fotogasteiz.com\/blog\/wp-content\/uploads\/2022\/04\/w1828_h1078_x914_y539_08c775fabd017744.jpeg?w=3840&amp;ssl=1\" title=\"w1828_h1078_x914_y539_08c775fabd017744\" alt=\"\" width=\"586\" height=\"346\" src=\"data:image\/svg+xml;base64,PHN2ZyB3aWR0aD0iMSIgaGVpZ2h0PSIxIiB4bWxucz0iaHR0cDovL3d3dy53My5vcmcvMjAwMC9zdmciPjwvc3ZnPg==\" style=\"--smush-placeholder-width: 586px; --smush-placeholder-aspect-ratio: 586\/346;\"><p  class=\"\"><span  style=\"font-family: Muli, arial, helvetica, sans-serif; color: rgb(60, 66, 79);\">Andreas Gursky con su padre Willy en la actualidad<\/span><\/p><\/div> <\/div><\/div> <\/div><div  data-label=\"bauhaus\" data-id=\"content--2\" data-export-id=\"content-8\" data-category=\"content\" class=\"content-8 content-section content-section-spacing\" id=\"bauhaus\" style=\"background-color: rgb(245, 250, 253);\"><div  class=\"gridContainer\"> <div  class=\"row middle-sm\"><div  class=\"col-sm-6 space-bottom-xs space-top-xs\" data-type=\"column\"> <img decoding=\"async\"  class=\"shadow-large lazyload\" data-src=\"https:\/\/i0.wp.com\/fotogasteiz.com\/blog\/wp-content\/uploads\/2022\/04\/gursky-portrait.jpeg?w=3840&amp;ssl=1\" title=\"gursky-portrait\" alt=\"\" width=\"586\" height=\"859\" src=\"data:image\/svg+xml;base64,PHN2ZyB3aWR0aD0iMSIgaGVpZ2h0PSIxIiB4bWxucz0iaHR0cDovL3d3dy53My5vcmcvMjAwMC9zdmciPjwvc3ZnPg==\" style=\"--smush-placeholder-width: 586px; --smush-placeholder-aspect-ratio: 586\/859;\"><\/div> <div  class=\"col-sm-6\" data-type=\"column\"><p  class=\"lead\"><span  style=\"font-family: Muli, arial, helvetica, sans-serif; font-weight: 900; color: rgb(3, 169, 244);\">BIOGRAF\u00cdA DE ANDREAS GURSKY<\/span><\/p><h2  class=\"\"><span  style=\"font-family: &quot;Playfair Display&quot;, arial, helvetica, sans-serif; color: rgb(0, 0, 0);\">Ampliando los horizontes de los maestros de la Bauhaus<\/span><\/h2> <p  class=\"\"><span  style=\"font-family: Muli, arial, helvetica, sans-serif; color: rgb(52, 58, 64);\">En 1978, a los 23 a\u00f1os de edad y hasta los 25, estudi\u00f3 en Comunicaci\u00f3n Visual en la universidad de Duisburg-Essen con <span  style=\"font-weight: 900;\">Michael Schmidt<\/span> y <span  style=\"font-weight: 900;\">Otto Steinert<\/span>. <span  style=\"font-weight: 400;\">Steinert<\/span> fue el creador de la asociaci\u00f3n alemana de fot\u00f3grafos Fotoform, que surgi\u00f3 tras la II Guerra Mundial y que trataba de recuperar la importancia de la fotograf\u00eda como un medio de creaci\u00f3n art\u00edstica, difundiendo los principios de la Bauhaus.\n<\/span><br ><br ><span  style=\"font-family: Muli, arial, helvetica, sans-serif; color: rgb(52, 58, 64);\">\nEn estos a\u00f1os 80 bebi\u00f3 de la influencia de los fot\u00f3grafos<span  style=\"font-weight: 900;\"> Dan Graham<\/span> (EEUU), <span  style=\"font-weight: 900;\">Jeff Wall<\/span> (Canad\u00e1), <span  style=\"font-weight: 900;\">Jochen Gerz<\/span> (Alemania) y <span  style=\"font-weight: 900;\">Jean Le Gac<\/span> (Francia) y fue creando su estilo \u00fanico basado en grandes formatos, sencillez y rigor de la composici\u00f3n y sofisticaci\u00f3n crom\u00e1tica, as\u00ed como un di\u00e1logo constante con la historia de la pintura.\n<\/span><br ><br ><span  style=\"font-family: Muli, arial, helvetica, sans-serif; color: rgb(52, 58, 64);\">\nMuchos cr\u00edticos comparan su obra con la del pintor estadounidense <a data-mce-href=\"https:\/\/www.moma.org\/artists\/4285\" href=\"https:\/\/www.moma.org\/artists\/4285\" target=\"_self\" data-mce-selected=\"inline-boundary\" data-cp-link=\"1\" rel=\"noopener\"><span  style=\"font-weight: 900;\">Barnett Newman<\/span><\/a> (1905 \u2013 1970), destacado exponente de la pintura de campos de color, al que se relaciona con el expresionismo abstracto, pero <span  style=\"font-weight: 900;\">Andreas Gursky<\/span> no hace fotograf\u00edas abstractas, siempre es figurativo.\n<\/span><br ><br ><span  style=\"font-family: Muli, arial, helvetica, sans-serif; color: rgb(52, 58, 64);\">\n\u201cMis fotograf\u00edas no son abstractas. En \u00faltimo caso son siempre identificables. La fotograf\u00eda no se puede desvincular de su sujeto\u201d<\/span><\/p> <\/div> <\/div><\/div> <\/div><div  data-label=\"anos 80\" data-id=\"content--3\" data-export-id=\"content-7\" data-category=\"content\" class=\"content-7 content-section content-section-spacing\" id=\"anos-80\" style=\"background-color: rgb(245, 250, 253);\"><div  class=\"gridContainer\"> <div  class=\"row middle-sm\"><div  class=\"col-sm-6 space-bottom-xs\" data-type=\"column\"> <p  class=\"lead\"><span  style=\"font-family: Muli, arial, helvetica, sans-serif; font-weight: 900; color: rgb(3, 169, 244);\">BIOGRAF\u00cdA DE ANDREAS GURSKY<\/span><\/p><h2  class=\"\"><span  style=\"font-family: &quot;Playfair Display&quot;, arial, helvetica, sans-serif; color: rgb(0, 0, 0);\">A\u00f1os 80, primeras fotograf\u00edas con intenciones autorales<\/span><\/h2> <p  class=\"\"><span  style=\"font-family: Muli, arial, helvetica, sans-serif; color: rgb(52, 58, 64);\">En 1984, cuando ten\u00eda 29 a\u00f1os, realiz\u00f3 la fotograf\u00eda \u2018Klausenpass\u2019 de un paisaje rocoso tomada desde lejos en la que hab\u00eda figuras diminutas de personas en las que no repar\u00f3 al hacer la foto. Al ampliar el negativo y verlas inici\u00f3 un camino de indagaci\u00f3n sobre la relaci\u00f3n del individuo con el espacio que habita, que le ha llevado hasta la actualidad. El individuo an\u00f3nimo es s\u00f3lo uno entre muchos.<\/span><br ><br ><span  style=\"font-family: Muli, arial, helvetica, sans-serif; color: rgb(52, 58, 64);\">\nTras el paisaje rocoso <span  style=\"font-weight: 900;\">Klausenpass<\/span> (1984) llegar\u00edan los paisajes de monta\u00f1a, cataratas y carreteras Seilbahn, Dolomiten, (1987);&nbsp;Niagara Falls, (1989); Autobahn, Bremen, (1991) o Aletschgletscher, Aletsch glaciar, (1993) en las que contrasta la inmensidad del entorno en contraste con la peque\u00f1ez de lo humano.\n<\/span><br ><br ><span  style=\"font-family: Muli, arial, helvetica, sans-serif; color: rgb(52, 58, 64);\">\nEn estos a\u00f1os 80 tambi\u00e9n fotografiaba sus diminutas figuras humanas en los ampl\u00edsimos escenarios deportivos como son un partido de futbol en Z\u00fcrich I, (1985); un cruce a nado de Neujahrsschwimmer &#8216;New Year\u2019s Day Swimmers&#8217;, (1988); un descenso de esqu\u00ed de la monta\u00f1a en Albertville, (1992); una carrera de caballos en el hip\u00f3dromo de Sha Tin, (1994) o un combates de boxeo en Klitschko, (1999).\n<\/span><br ><br ><span  style=\"font-family: Muli, arial, helvetica, sans-serif; color: rgb(52, 58, 64);\">\nEn 1989 comenz\u00f3 a interesarse por la geometr\u00eda. En su fotograf\u00eda <a data-mce-href=\"https:\/\/www.andreasgursky.com\/en\/works\/1989\/ruhrtal\" href=\"https:\/\/www.andreasgursky.com\/en\/works\/1989\/ruhrtal\" target=\"_blank\" data-mce-selected=\"inline-boundary\" data-cp-link=\"1\" rel=\"noopener\">Ruhrtal<\/a> (1989) impresiona la diagonal del puente y el cercado del terreno, que se comportan como dos grandes l\u00edneas convergentes que atraviesan la composici\u00f3n en Ruhrtal, al igual que sucede en <a data-mce-href=\"https:\/\/www.andreasgursky.com\/de\/werke\/1990\/breitscheider-kreuz\/zoom:1\" href=\"https:\/\/www.andreasgursky.com\/de\/werke\/1990\/breitscheider-kreuz\/zoom:1\" target=\"_blank\" data-mce-selected=\"inline-boundary\" data-cp-link=\"1\" rel=\"noopener\">Breitscheider Kreuz<\/a> (1990).<\/span><\/p> <\/div> <div  class=\"col-sm-6\" data-type=\"column\"> <img decoding=\"async\"  class=\"shadow-large lazyload\" data-src=\"https:\/\/i0.wp.com\/fotogasteiz.com\/blog\/wp-content\/uploads\/2022\/04\/2683.webp?w=3840&amp;ssl=1\" title=\"2683\" alt=\"\" width=\"586\" height=\"732\" src=\"data:image\/svg+xml;base64,PHN2ZyB3aWR0aD0iMSIgaGVpZ2h0PSIxIiB4bWxucz0iaHR0cDovL3d3dy53My5vcmcvMjAwMC9zdmciPjwvc3ZnPg==\" style=\"--smush-placeholder-width: 586px; --smush-placeholder-aspect-ratio: 586\/732;\"><\/div> <\/div><\/div> <\/div><div  data-label=\"Klausenpass\" data-id=\"gallery--1\" data-export-id=\"gallery-1\" data-category=\"gallery\" class=\"gallery-1 content-section content-section-spacing\" id=\"klausenpass\" style=\"background-color: rgb(52, 58, 64); background-image: none;\"><div  class=\"gridContainer\"> <div  class=\"row\"><div  class=\"section-title-col\" data-type=\"column\"> <h2  class=\"\"><span  style=\"font-family: &quot;Playfair Display&quot;, arial, helvetica, sans-serif; color: rgb(248, 249, 253);\">\u2018Klausenpass\u2019 \u2013 Gursky<\/span><\/h2> <\/div> <\/div> <div  class=\"row text-center\"> <div  class=\"col-xs-12\" data-editable=\"true\" data-content-shortcode=\"mesmerize_gallery id=&quot;mesmerize-gallery-1&quot; columns=&quot;1&quot; ids=&quot;18709&quot; lb=&quot;1&quot; masonry=&quot;1&quot; size=&quot;mesmerize-full-hd&quot; link=&quot;file&quot; \"><div id='mesmerize-gallery-1' class='gallery-wrapper'><style type=\"text\/css\">\n                    @media only screen and (min-width: 768px) {\n                    [data-unique-id='mesmerize-gallery-1-69f3e4ccb1c98'] dl {\n                        float: left;\n                        width: 100% !important;\n                        max-width:  100% !important;\n                        min-width:  100% !important;\n                    }\n\n                    [data-unique-id='mesmerize-gallery-1-69f3e4ccb1c98'] dl:nth-of-type(1n +1 ) {\n                      clear: both;\n                      }\n                    }\n                <\/style><div id='mesmerize-gallery-1' class='mesmerize-gallery-1-dls-wrapper gallery-items-wrapper materialis-gallery' data-unique-id='mesmerize-gallery-1-69f3e4ccb1c98'><dl class='gallery-item'>\n\t\t\t<dt class='gallery-icon landscape'>\n\t\t\t\t<a data-fancybox=\"mesmerize-gallery-1-group\" href='https:\/\/fotogasteiz.com\/blog\/wp-content\/uploads\/2022\/04\/AndreasGursky-f4dfa77c0cb8777fef053b9e9adcfc22-1000.jpeg'><img decoding=\"async\"  width=\"1000\" height=\"795\" data-src=\"https:\/\/fotogasteiz.com\/blog\/wp-content\/uploads\/2022\/04\/AndreasGursky-f4dfa77c0cb8777fef053b9e9adcfc22-1000.jpeg\"  class='mesmerize-gallery-1-image lazyload' alt=\"\" data-srcset=\"https:\/\/fotogasteiz.com\/blog\/wp-content\/uploads\/2022\/04\/AndreasGursky-f4dfa77c0cb8777fef053b9e9adcfc22-1000.jpeg 1000w, https:\/\/fotogasteiz.com\/blog\/wp-content\/smush-avif\/2022\/04\/AndreasGursky-f4dfa77c0cb8777fef053b9e9adcfc22-1000-300x239.jpeg.avif 300w, https:\/\/fotogasteiz.com\/blog\/wp-content\/smush-avif\/2022\/04\/AndreasGursky-f4dfa77c0cb8777fef053b9e9adcfc22-1000-768x611.jpeg.avif 768w\" data-sizes=\"(max-width: 1000px) 100vw, 1000px\" src=\"data:image\/svg+xml;base64,PHN2ZyB3aWR0aD0iMSIgaGVpZ2h0PSIxIiB4bWxucz0iaHR0cDovL3d3dy53My5vcmcvMjAwMC9zdmciPjwvc3ZnPg==\" style=\"--smush-placeholder-width: 1000px; --smush-placeholder-aspect-ratio: 1000\/795;\" \/><\/a>\n\t\t\t<\/dt><\/dl>\n\t\t<\/div>\n<script>(function($){window.MaterialisCaptionsGallery && window.MaterialisCaptionsGallery($('[data-unique-id=\"mesmerize-gallery-1-69f3e4ccb1c98\"]'))})(jQuery)<\/script><\/div><\/div><\/div> <\/div><\/div><div  data-label=\"anos 90\" data-id=\"content--4\" data-export-id=\"content-8\" data-category=\"content\" class=\"content-8 content-section content-section-spacing\" id=\"anos-90\" style=\"background-color: rgb(245, 250, 253);\"><div  class=\"gridContainer\"> <div  class=\"row middle-sm\"><div  class=\"col-sm-6 space-bottom-xs space-top-xs\" data-type=\"column\"> <img decoding=\"async\"  class=\"shadow-large lazyload\" data-src=\"https:\/\/i0.wp.com\/fotogasteiz.com\/blog\/wp-content\/uploads\/2022\/04\/Fotokuenstler-Gursky-geht-unter-die-Maler_reference_4_3.jpeg?w=3840&amp;ssl=1\" title=\"Fotokuenstler-Gursky-geht-unter-die-Maler_reference_4_3\" alt=\"\" width=\"586\" height=\"440\" src=\"data:image\/svg+xml;base64,PHN2ZyB3aWR0aD0iMSIgaGVpZ2h0PSIxIiB4bWxucz0iaHR0cDovL3d3dy53My5vcmcvMjAwMC9zdmciPjwvc3ZnPg==\" style=\"--smush-placeholder-width: 586px; --smush-placeholder-aspect-ratio: 586\/440;\"><\/div> <div  class=\"col-sm-6\" data-type=\"column\"><p  class=\"lead\"><span  style=\"font-family: Muli, arial, helvetica, sans-serif; font-weight: 900; color: rgb(3, 169, 244);\">BIOGRAF\u00cdA DE ANDREAS GURSKY<\/span><\/p><h2  class=\"\"><span  style=\"font-family: &quot;Playfair Display&quot;, arial, helvetica, sans-serif; color: rgb(0, 0, 0);\">A\u00f1os 90, comienza la seriaci\u00f3n<\/span><\/h2> <p  class=\"\"><span  style=\"font-family: Muli, arial, helvetica, sans-serif; color: rgb(52, 58, 64);\">En 1990, a los 35 a\u00f1os, comenz\u00f3 a jugar con la repetici\u00f3n de objetos similares para crear ordenadas escenas complejas de nuestro mundo globalizado y trabaj\u00f3 este concepto durante toda esta d\u00e9cada, creando un mundo inventado (sin idea de ser ficcionado) que el espectador pudiera reconocer de inmediato.\n<\/span><br ><br ><span  style=\"font-family: Muli, arial, helvetica, sans-serif; color: rgb(52, 58, 64);\">\nA partir de 1990, <span  style=\"font-weight: 900;\">Gursky<\/span> dirigi\u00f3 su mirada a temas que le parec\u00edan representativos de un esp\u00edritu de la \u00e9poca contempor\u00e1nea y encontr\u00f3 formas igualmente contempor\u00e1neas de representarlos.\n<\/span><br ><br ><span  style=\"font-family: Muli, arial, helvetica, sans-serif; color: rgb(52, 58, 64);\">\nEn 1990 retrat\u00f3 el fren\u00e9tico pulso de los parqu\u00e9s burs\u00e1tiles en Tokyo, <a data-mce-href=\"https:\/\/www.andreasgursky.com\/en\/works\/1990\/tokyo-stock-exchange\" href=\"https:\/\/www.andreasgursky.com\/en\/works\/1990\/tokyo-stock-exchange\" target=\"_blank\" rel=\"noopener\" data-mce-selected=\"inline-boundary\" data-cp-link=\"1\">Stock Exchange<\/a>, y el almac\u00e9n al aire libre de autom\u00f3viles protagonista de Salerno.<\/span><br ><span  style=\"font-family: Muli, arial, helvetica, sans-serif; color: rgb(52, 58, 64);\">\n\n<br >En 1991, las mesas de trabajo de los operarios de una f\u00e1brica en Siemens, <a data-mce-href=\"https:\/\/www.andreasgursky.com\/en\/works\/1991\/karlsruhe-siemens\" href=\"https:\/\/www.andreasgursky.com\/en\/works\/1991\/karlsruhe-siemens\" target=\"_blank\" rel=\"noopener\" data-mce-selected=\"inline-boundary\" data-cp-link=\"1\">Karlsruhe<\/a>, y los coches esperando para embarcar en un ferry de <a data-mce-href=\"https:\/\/www.andreasgursky.com\/en\/works\/1991\/genua\/zoom:1\" href=\"https:\/\/www.andreasgursky.com\/en\/works\/1991\/genua\/zoom:1\" target=\"_blank\" rel=\"noopener\" data-mce-selected=\"inline-boundary\" data-cp-link=\"1\">Genua<\/a>.\n<\/span><br ><br ><span  style=\"font-family: Muli, arial, helvetica, sans-serif; color: rgb(52, 58, 64);\">\nEn 1993, a los 38 a\u00f1os de edad, fotografi\u00f3 los deshumanizados bloques de viviendas en <a data-mce-href=\"https:\/\/www.andreasgursky.com\/en\/works\/1993\/paris-montparnasse\" href=\"https:\/\/www.andreasgursky.com\/en\/works\/1993\/paris-montparnasse\" target=\"_blank\" rel=\"noopener\" data-mce-selected=\"inline-boundary\" data-cp-link=\"1\">Paris Montparnasse<\/a>.\n<\/span><br ><br ><span  style=\"font-family: Muli, arial, helvetica, sans-serif; color: rgb(52, 58, 64);\">\nEn 1996 retrat\u00f3 un expositor de zapatos de una tienda: <a data-mce-href=\"https:\/\/www.andreasgursky.com\/en\/works\/1996\/prada-1\" href=\"https:\/\/www.andreasgursky.com\/en\/works\/1996\/prada-1\" target=\"_blank\" rel=\"noopener\" data-mce-selected=\"inline-boundary\" data-cp-link=\"1\">Prada I<\/a>.<\/span><br ><span  style=\"font-family: Muli, arial, helvetica, sans-serif; color: rgb(52, 58, 64);\">\n\n<br ><br >En 1999, fotografi\u00f3 los millares de libros en las estanter\u00edas de <a data-mce-href=\"https:\/\/www.guggenheim.org\/artwork\/5433\" href=\"https:\/\/www.guggenheim.org\/artwork\/5433\" target=\"_blank\" rel=\"noopener\" data-mce-selected=\"inline-boundary\" data-cp-link=\"1\">Bibliothek<\/a> o los productos alineados en las estanter\u00edas de un supermercado de \u2019<a data-mce-href=\"https:\/\/www.andreasgursky.com\/en\/works\/1999\/99-cent\" href=\"https:\/\/www.andreasgursky.com\/en\/works\/1999\/99-cent\" target=\"_blank\" rel=\"noopener\" data-mce-selected=\"inline-boundary\" data-cp-link=\"1\">99 cent<\/a>\u2019.<\/span><\/p> <\/div> <\/div><\/div> <\/div><div  data-label=\"montparnasse\" data-id=\"gallery--4\" data-export-id=\"gallery-1\" data-category=\"gallery\" class=\"gallery-1 content-section content-section-spacing\" id=\"montparnasse\" style=\"background-color: rgb(52, 58, 64); background-image: none;\"><div  class=\"gridContainer\"> <div  class=\"row\"><div  class=\"section-title-col\" data-type=\"column\"> <h2  class=\"\"><span  style=\"font-family: &quot;Playfair Display&quot;, arial, helvetica, sans-serif; color: rgb(255, 255, 255);\">Paris, Montparnasse \u2013 Gursky<\/span><\/h2> <\/div> <\/div> <div  class=\"row text-center\"> <div  class=\"col-xs-12\" data-editable=\"true\" data-content-shortcode=\"mesmerize_gallery id=&quot;mesmerize-gallery-1&quot; columns=&quot;1&quot; ids=&quot;18722&quot; lb=&quot;1&quot; masonry=&quot;1&quot; size=&quot;mesmerize-full-hd&quot; link=&quot;file&quot; \"><div id='mesmerize-gallery-1' class='gallery-wrapper'><style type=\"text\/css\">\n                    @media only screen and (min-width: 768px) {\n                    [data-unique-id='mesmerize-gallery-1-69f3e4ccb2419'] dl {\n                        float: left;\n                        width: 100% !important;\n                        max-width:  100% !important;\n                        min-width:  100% !important;\n                    }\n\n                    [data-unique-id='mesmerize-gallery-1-69f3e4ccb2419'] dl:nth-of-type(1n +1 ) {\n                      clear: both;\n                      }\n                    }\n                <\/style><div id='mesmerize-gallery-1' class='mesmerize-gallery-1-dls-wrapper gallery-items-wrapper materialis-gallery' data-unique-id='mesmerize-gallery-1-69f3e4ccb2419'><dl class='gallery-item'>\n\t\t\t<dt class='gallery-icon landscape'>\n\t\t\t\t<a data-fancybox=\"mesmerize-gallery-1-group\" href='https:\/\/fotogasteiz.com\/blog\/wp-content\/uploads\/2022\/04\/tumblr_nysg7hCaLS1ulfoylo1_1280.jpeg'><img decoding=\"async\"  width=\"1280\" height=\"522\" data-src=\"https:\/\/fotogasteiz.com\/blog\/wp-content\/uploads\/2022\/04\/tumblr_nysg7hCaLS1ulfoylo1_1280.jpeg\"  class='mesmerize-gallery-1-image lazyload' alt=\"\" data-srcset=\"https:\/\/fotogasteiz.com\/blog\/wp-content\/uploads\/2022\/04\/tumblr_nysg7hCaLS1ulfoylo1_1280.jpeg 1280w, https:\/\/fotogasteiz.com\/blog\/wp-content\/smush-avif\/2022\/04\/tumblr_nysg7hCaLS1ulfoylo1_1280-300x122.jpeg.avif 300w, https:\/\/fotogasteiz.com\/blog\/wp-content\/smush-avif\/2022\/04\/tumblr_nysg7hCaLS1ulfoylo1_1280-1024x418.jpeg.avif 1024w, https:\/\/fotogasteiz.com\/blog\/wp-content\/smush-avif\/2022\/04\/tumblr_nysg7hCaLS1ulfoylo1_1280-768x313.jpeg.avif 768w\" data-sizes=\"(max-width: 1280px) 100vw, 1280px\" src=\"data:image\/svg+xml;base64,PHN2ZyB3aWR0aD0iMSIgaGVpZ2h0PSIxIiB4bWxucz0iaHR0cDovL3d3dy53My5vcmcvMjAwMC9zdmciPjwvc3ZnPg==\" style=\"--smush-placeholder-width: 1280px; --smush-placeholder-aspect-ratio: 1280\/522;\" \/><\/a>\n\t\t\t<\/dt><\/dl>\n\t\t<\/div>\n<script>(function($){window.MaterialisCaptionsGallery && window.MaterialisCaptionsGallery($('[data-unique-id=\"mesmerize-gallery-1-69f3e4ccb2419\"]'))})(jQuery)<\/script><\/div><\/div><\/div> <\/div><\/div><div  data-label=\"Rhein\" data-id=\"gallery--2\" data-export-id=\"gallery-1\" data-category=\"gallery\" class=\"gallery-1 content-section content-section-spacing\" id=\"rhein\" style=\"background-color: rgb(52, 58, 64); background-image: none;\"><div  class=\"gridContainer\"> <div  class=\"row\"><div  class=\"section-title-col\" data-type=\"column\"> <h2  class=\"\"><span  style=\"font-family: &quot;Playfair Display&quot;, arial, helvetica, sans-serif; color: rgb(255, 255, 255);\">Rhein II&nbsp;\u2013 Gursky<\/span><\/h2> <\/div> <\/div> <div  class=\"row text-center\"> <div  class=\"col-xs-12\" data-editable=\"true\" data-content-shortcode=\"mesmerize_gallery id=&quot;mesmerize-gallery-1&quot; columns=&quot;1&quot; ids=&quot;18724&quot; lb=&quot;1&quot; masonry=&quot;1&quot; size=&quot;mesmerize-full-hd&quot; link=&quot;file&quot; \"><div id='mesmerize-gallery-1' class='gallery-wrapper'><style type=\"text\/css\">\n                    @media only screen and (min-width: 768px) {\n                    [data-unique-id='mesmerize-gallery-1-69f3e4ccb28c2'] dl {\n                        float: left;\n                        width: 100% !important;\n                        max-width:  100% !important;\n                        min-width:  100% !important;\n                    }\n\n                    [data-unique-id='mesmerize-gallery-1-69f3e4ccb28c2'] dl:nth-of-type(1n +1 ) {\n                      clear: both;\n                      }\n                    }\n                <\/style><div id='mesmerize-gallery-1' class='mesmerize-gallery-1-dls-wrapper gallery-items-wrapper materialis-gallery' data-unique-id='mesmerize-gallery-1-69f3e4ccb28c2'><dl class='gallery-item'>\n\t\t\t<dt class='gallery-icon landscape'>\n\t\t\t\t<a data-fancybox=\"mesmerize-gallery-1-group\" href='https:\/\/fotogasteiz.com\/blog\/wp-content\/uploads\/2022\/04\/P78372_10.jpeg'><img decoding=\"async\"  width=\"1536\" height=\"783\" data-src=\"https:\/\/fotogasteiz.com\/blog\/wp-content\/uploads\/2022\/04\/P78372_10.jpeg\"  class='mesmerize-gallery-1-image lazyload' alt=\"\" data-srcset=\"https:\/\/fotogasteiz.com\/blog\/wp-content\/uploads\/2022\/04\/P78372_10.jpeg 1536w, https:\/\/fotogasteiz.com\/blog\/wp-content\/smush-avif\/2022\/04\/P78372_10-300x153.jpeg.avif 300w, https:\/\/fotogasteiz.com\/blog\/wp-content\/smush-avif\/2022\/04\/P78372_10-1024x522.jpeg.avif 1024w, https:\/\/fotogasteiz.com\/blog\/wp-content\/smush-avif\/2022\/04\/P78372_10-768x392.jpeg.avif 768w\" data-sizes=\"(max-width: 1536px) 100vw, 1536px\" src=\"data:image\/svg+xml;base64,PHN2ZyB3aWR0aD0iMSIgaGVpZ2h0PSIxIiB4bWxucz0iaHR0cDovL3d3dy53My5vcmcvMjAwMC9zdmciPjwvc3ZnPg==\" style=\"--smush-placeholder-width: 1536px; --smush-placeholder-aspect-ratio: 1536\/783;\" \/><\/a>\n\t\t\t<\/dt><\/dl>\n\t\t<\/div>\n<script>(function($){window.MaterialisCaptionsGallery && window.MaterialisCaptionsGallery($('[data-unique-id=\"mesmerize-gallery-1-69f3e4ccb28c2\"]'))})(jQuery)<\/script><\/div><\/div><\/div> <\/div><\/div><div  data-label=\"Gallery\" data-id=\"gallery--5\" data-export-id=\"gallery-1\" data-category=\"gallery\" class=\"gallery-1 content-section content-section-spacing\" id=\"gallery-4\" style=\"background-color: rgb(52, 58, 64); background-image: none;\"><div  class=\"gridContainer\"> <div  class=\"row\"><div  class=\"section-title-col\" data-type=\"column\"> <h2  class=\"\"><span  style=\"font-family: &quot;Playfair Display&quot;, arial, helvetica, sans-serif; color: rgb(255, 255, 255);\">99 cent \u2013 Gursky<\/span><\/h2> <\/div> <\/div> <div  class=\"row text-center\"> <div  class=\"col-xs-12\" data-editable=\"true\" data-content-shortcode=\"mesmerize_gallery id=&quot;mesmerize-gallery-1&quot; columns=&quot;1&quot; ids=&quot;18721&quot; lb=&quot;1&quot; masonry=&quot;1&quot; size=&quot;mesmerize-full-hd&quot; link=&quot;file&quot; \"><div id='mesmerize-gallery-1' class='gallery-wrapper'><style type=\"text\/css\">\n                    @media only screen and (min-width: 768px) {\n                    [data-unique-id='mesmerize-gallery-1-69f3e4ccb2d0b'] dl {\n                        float: left;\n                        width: 100% !important;\n                        max-width:  100% !important;\n                        min-width:  100% !important;\n                    }\n\n                    [data-unique-id='mesmerize-gallery-1-69f3e4ccb2d0b'] dl:nth-of-type(1n +1 ) {\n                      clear: both;\n                      }\n                    }\n                <\/style><div id='mesmerize-gallery-1' class='mesmerize-gallery-1-dls-wrapper gallery-items-wrapper materialis-gallery' data-unique-id='mesmerize-gallery-1-69f3e4ccb2d0b'><dl class='gallery-item'>\n\t\t\t<dt class='gallery-icon landscape'>\n\t\t\t\t<a data-fancybox=\"mesmerize-gallery-1-group\" href='https:\/\/fotogasteiz.com\/blog\/wp-content\/uploads\/2022\/04\/image-asset.jpeg'><img decoding=\"async\"  width=\"1920\" height=\"1043\" data-src=\"https:\/\/fotogasteiz.com\/blog\/wp-content\/smush-avif\/2022\/04\/image-asset-1920x1043.jpeg.avif\"  class='mesmerize-gallery-1-image lazyload' alt=\"\" data-srcset=\"https:\/\/fotogasteiz.com\/blog\/wp-content\/smush-avif\/2022\/04\/image-asset-1920x1043.jpeg.avif 1920w, https:\/\/fotogasteiz.com\/blog\/wp-content\/smush-avif\/2022\/04\/image-asset-300x163.jpeg.avif 300w, https:\/\/fotogasteiz.com\/blog\/wp-content\/smush-avif\/2022\/04\/image-asset-1024x556.jpeg.avif 1024w, https:\/\/fotogasteiz.com\/blog\/wp-content\/smush-avif\/2022\/04\/image-asset-768x417.jpeg.avif 768w, https:\/\/fotogasteiz.com\/blog\/wp-content\/smush-avif\/2022\/04\/image-asset-1536x834.jpeg.avif 1536w, https:\/\/fotogasteiz.com\/blog\/wp-content\/uploads\/2022\/04\/image-asset.jpeg 1989w\" data-sizes=\"(max-width: 1920px) 100vw, 1920px\" src=\"data:image\/svg+xml;base64,PHN2ZyB3aWR0aD0iMSIgaGVpZ2h0PSIxIiB4bWxucz0iaHR0cDovL3d3dy53My5vcmcvMjAwMC9zdmciPjwvc3ZnPg==\" style=\"--smush-placeholder-width: 1920px; --smush-placeholder-aspect-ratio: 1920\/1043;\" \/><\/a>\n\t\t\t<\/dt><\/dl>\n\t\t<\/div>\n<script>(function($){window.MaterialisCaptionsGallery && window.MaterialisCaptionsGallery($('[data-unique-id=\"mesmerize-gallery-1-69f3e4ccb2d0b\"]'))})(jQuery)<\/script><\/div><\/div><\/div> <\/div><\/div><div  data-label=\"reconocimiento\" data-id=\"content--5\" data-export-id=\"content-7\" data-category=\"content\" class=\"content-7 content-section content-section-spacing\" id=\"reconocimiento\" style=\"background-color: rgb(245, 250, 253);\"><div  class=\"gridContainer\"> <div  class=\"row middle-sm\"><div  class=\"col-sm-6 space-bottom-xs\" data-type=\"column\"> <p  class=\"lead\"><span  style=\"font-family: Muli, arial, helvetica, sans-serif; font-weight: 900; color: rgb(3, 169, 244);\">BIOGRAF\u00cdA DE ANDREAS GURSKY<\/span><\/p><h2  class=\"\"><span  style=\"font-family: &quot;Playfair Display&quot;, arial, helvetica, sans-serif; color: rgb(0, 0, 0);\">Reconocimiento internacional<\/span><\/h2> <p  class=\"\"><span  style=\"font-family: Muli, arial, helvetica, sans-serif; color: rgb(52, 58, 64);\"><span  style=\"font-weight: 900;\">Andreas Gursky<\/span> retoca sus fotos digitalmente desde el a\u00f1o 2000.\n<\/span><br ><br ><span  style=\"font-family: Muli, arial, helvetica, sans-serif; color: rgb(52, 58, 64);\">\nSus im\u00e1genes de gran formato se centran en signos y espacios emblem\u00e1ticos de la contemporaneidad: grandes plantas industriales, bloques de viviendas, hoteles de lujo, oficinas de bancos internacionales y bolsas de valores o dep\u00f3sitos llenos de mercanc\u00edas.\n<\/span><br ><br ><span  style=\"font-family: Muli, arial, helvetica, sans-serif; color: rgb(52, 58, 64);\">\nSus paisajes urbanos y arquitect\u00f3nicos atestiguan un mundo moderno transformado por la industria y el comercio internacional de alta tecnolog\u00eda, la globalizaci\u00f3n de la informaci\u00f3n y el desplazamiento de la poblaci\u00f3n.\n<\/span><br ><br ><span  style=\"font-family: Muli, arial, helvetica, sans-serif; color: rgb(52, 58, 64);\">\nEn el a\u00f1o 2001, cuando ten\u00eda 46 a\u00f1os, su obra procedente del Museum of Modern Art MoMA de Nueva York se expuso en el <a data-mce-href=\"https:\/\/www.museoreinasofia.es\/exposiciones\/andreas-gursky\" href=\"https:\/\/www.museoreinasofia.es\/exposiciones\/andreas-gursky\" target=\"_blank\" rel=\"noopener\" data-mce-selected=\"inline-boundary\" data-cp-link=\"1\">Palacio de Vel\u00e1zquez de Parque del Retiro de Madrid<\/a> (este espacio muse\u00edstico forma parte del Museo Nacional Centro de Arte Reina Sof\u00eda) y constituy\u00f3 la primera retrospectiva en este museo de un artista alem\u00e1n de su generaci\u00f3n.\n<\/span><br ><br ><span  style=\"font-family: Muli, arial, helvetica, sans-serif; color: rgb(52, 58, 64);\">\nEn 2007 su obra \u201999 cent\u2019 se vendi\u00f3 por 2,3 millones de euros.\n<\/span><br ><br ><span  style=\"font-family: Muli, arial, helvetica, sans-serif; color: rgb(52, 58, 64);\">\nEn 2011, a los 56 a\u00f1os, retrat\u00f3 la uniformaci\u00f3n est\u00e9tica de las <a data-mce-href=\"https:\/\/www.andreasgursky.com\/en\/works\/2011\/vr\" href=\"https:\/\/www.andreasgursky.com\/en\/works\/2011\/vr\" target=\"_blank\" rel=\"noopener\" data-mce-selected=\"inline-boundary\" data-cp-link=\"1\">modelos en la pasarela en V&amp;R<\/a>.\n<\/span><br ><br ><span  style=\"font-family: Muli, arial, helvetica, sans-serif; color: rgb(52, 58, 64);\">\nEn 2009 tambi\u00e9n hizo su <a data-mce-href=\"https:\/\/elpais.com\/cultura\/2011\/11\/15\/actualidad\/1321311603_850215.html\" href=\"https:\/\/elpais.com\/cultura\/2011\/11\/15\/actualidad\/1321311603_850215.html\" target=\"_blank\" rel=\"noopener\" data-mce-selected=\"inline-boundary\" data-cp-link=\"1\">fotograf\u00eda r\u00e9cord de cotizaci\u00f3n Rhein II<\/a> (vendida dos a\u00f1os despu\u00e9s por 3,2 millones de euros): su visi\u00f3n del r\u00edo Rin que captur\u00f3 cuando el nivel del agua, la direcci\u00f3n del viento y la luz eran las que \u00e9l esperaba y eliminando varias de las construcciones que originalmente aparec\u00edan en la imagen para realzar su poder visual. \u2018Rhein II\u2019 es una copia cromog\u00e9nica de 155,6 x 308,6 cent\u00edmetros montada en plexigl\u00e1s. Hay otras cinco copias de la foto, una est\u00e1 en manos de un coleccionista privado y las otras cuatro forman parte de las colecciones permanentes de tres museos (el MoMA de Nueva York, la Tate Modern de Londres, el Museo de Arte Moderno de M\u00fanich) y la Galer\u00eda Glenstone de Potomac (Maryland, EEUU).\n<\/span><br ><br ><span  style=\"font-family: Muli, arial, helvetica, sans-serif; color: rgb(52, 58, 64);\">\nEn 2010 empez\u00f3 a impartir clases de Artes Liberales en la Academia de Arte de Dusseldorf en la que se form\u00f3.\n<\/span><br ><br ><span  style=\"font-family: Muli, arial, helvetica, sans-serif; color: rgb(52, 58, 64);\">\nEl 2014, Gursky dej\u00f3 de ser el fot\u00f3grafo mejor pagado del mundo al ser superado por el fot\u00f3grafo <a data-mce-href=\"https:\/\/www.rtve.es\/noticias\/20141212\/fantasma-peter-lik-fotografia-mas-cara-historia\/1066400.shtml#:~:text=La%20fotograf%C3%ADa%20Phantom%20(Fantasma)%2C,5%2C2%20millones%20de%20euros)\" href=\"https:\/\/www.rtve.es\/noticias\/20141212\/fantasma-peter-lik-fotografia-mas-cara-historia\/1066400.shtml#:~:text=La%20fotograf%C3%ADa%20Phantom%20(Fantasma)%2C,5%2C2%20millones%20de%20euros)\" target=\"_blank\" rel=\"noopener\" data-mce-selected=\"inline-boundary\" data-cp-link=\"1\">Peter Lik, que vendi\u00f3 su \u2018Phantom\u2019 por 6,5 millones de d\u00f3lares<\/a>.\n<\/span><br ><br ><span  style=\"font-family: Muli, arial, helvetica, sans-serif; color: rgb(52, 58, 64);\">\nEn 2016, a los 61 a\u00f1os, fotografi\u00f3 las desconcertantes naves de distribuci\u00f3n de libros del gigante <a data-mce-href=\"https:\/\/amzn.to\/3uklBIK\" href=\"https:\/\/amzn.to\/3uklBIK\" target=\"_blank\" rel=\"noopener\" data-mce-selected=\"inline-boundary\">Amazon<\/a>. <a data-mce-href=\"https:\/\/www.andreasgursky.com\/en\/works\/2016\/amazon\" href=\"https:\/\/www.andreasgursky.com\/en\/works\/2016\/amazon\" target=\"_self\" data-mce-selected=\"inline-boundary\" data-cp-link=\"1\" rel=\"noopener\">La foto se llama Amazon<\/a>.<\/span><br ><br ><span  style=\"font-family: Muli, arial, helvetica, sans-serif; color: rgb(52, 58, 64);\">\nEn 2017 Gursky visit\u00f3 Espa\u00f1a para retratar el desolador mar de pl\u00e1stico de <a data-mce-href=\"https:\/\/www.andreasgursky.com\/en\/works\/2017\/el-ejido\/zoom:1\" href=\"https:\/\/www.andreasgursky.com\/en\/works\/2017\/el-ejido\/zoom:1\" target=\"_blank\" rel=\"noopener\" data-mce-selected=\"inline-boundary\">El Ejido<\/a> (Almer\u00eda), un paisaje cubierto por miles de invernaderos.\n<\/span><br ><br ><span  style=\"font-family: Muli, arial, helvetica, sans-serif; color: rgb(52, 58, 64);\">\nActualmente tiene 67 a\u00f1os (2022) y sigue siendo profesor en la Academia de Arte de Dusseldorf.<\/span><\/p> <\/div> <div  class=\"col-sm-6\" data-type=\"column\"> <img decoding=\"async\"  class=\"shadow-large lazyload\" data-src=\"https:\/\/i0.wp.com\/fotogasteiz.com\/blog\/wp-content\/uploads\/2022\/04\/Andreas-Gursky-1.jpeg?w=3840&amp;ssl=1\" title=\"Andreas-Gursky-1\" alt=\"\" width=\"586\" height=\"419\" src=\"data:image\/svg+xml;base64,PHN2ZyB3aWR0aD0iMSIgaGVpZ2h0PSIxIiB4bWxucz0iaHR0cDovL3d3dy53My5vcmcvMjAwMC9zdmciPjwvc3ZnPg==\" style=\"--smush-placeholder-width: 586px; --smush-placeholder-aspect-ratio: 586\/419;\"><img decoding=\"async\"  class=\"custom-image lazyload\" data-src=\"https:\/\/i0.wp.com\/fotogasteiz.com\/blog\/wp-content\/uploads\/2018\/04\/andreas-gursky-sanghai-2000.jpg?w=3840&amp;ssl=1\" title=\"andreas-gursky-sanghai-2000\" alt=\"\" width=\"586\" height=\"914\" src=\"data:image\/svg+xml;base64,PHN2ZyB3aWR0aD0iMSIgaGVpZ2h0PSIxIiB4bWxucz0iaHR0cDovL3d3dy53My5vcmcvMjAwMC9zdmciPjwvc3ZnPg==\" style=\"--smush-placeholder-width: 586px; --smush-placeholder-aspect-ratio: 586\/914;\"><\/div> <\/div><\/div> <\/div><div  data-label=\"El ejido\" data-id=\"gallery--3\" data-export-id=\"gallery-1\" data-category=\"gallery\" class=\"gallery-1 content-section content-section-spacing\" id=\"el-ejido\" style=\"background-color: rgb(52, 58, 64); background-image: none;\"><div  class=\"gridContainer\"> <div  class=\"row\"><div  class=\"section-title-col\" data-type=\"column\"> <h2  class=\"\"><span  style=\"font-family: &quot;Playfair Display&quot;, arial, helvetica, sans-serif; color: rgb(255, 255, 255);\">El Ejido&nbsp;\u2013 Gursky<\/span><\/h2> <\/div> <\/div> <div  class=\"row text-center\"> <div  class=\"col-xs-12\" data-editable=\"true\" data-content-shortcode=\"mesmerize_gallery id=&quot;mesmerize-gallery-1&quot; columns=&quot;1&quot; ids=&quot;18726&quot; lb=&quot;1&quot; masonry=&quot;1&quot; size=&quot;mesmerize-full-hd&quot; link=&quot;file&quot; \"><div id='mesmerize-gallery-1' class='gallery-wrapper'><style type=\"text\/css\">\n                    @media only screen and (min-width: 768px) {\n                    [data-unique-id='mesmerize-gallery-1-69f3e4ccb3178'] dl {\n                        float: left;\n                        width: 100% !important;\n                        max-width:  100% !important;\n                        min-width:  100% !important;\n                    }\n\n                    [data-unique-id='mesmerize-gallery-1-69f3e4ccb3178'] dl:nth-of-type(1n +1 ) {\n                      clear: both;\n                      }\n                    }\n                <\/style><div id='mesmerize-gallery-1' class='mesmerize-gallery-1-dls-wrapper gallery-items-wrapper materialis-gallery' data-unique-id='mesmerize-gallery-1-69f3e4ccb3178'><dl class='gallery-item'>\n\t\t\t<dt class='gallery-icon landscape'>\n\t\t\t\t<a data-fancybox=\"mesmerize-gallery-1-group\" href='https:\/\/fotogasteiz.com\/blog\/wp-content\/uploads\/2022\/04\/El-Ejido-Gursky.png'><img decoding=\"async\"  width=\"1690\" height=\"926\" data-src=\"https:\/\/fotogasteiz.com\/blog\/wp-content\/uploads\/2022\/04\/El-Ejido-Gursky.png\"  class='mesmerize-gallery-1-image lazyload' alt=\"\" data-srcset=\"https:\/\/fotogasteiz.com\/blog\/wp-content\/uploads\/2022\/04\/El-Ejido-Gursky.png 1690w, https:\/\/fotogasteiz.com\/blog\/wp-content\/smush-avif\/2022\/04\/El-Ejido-Gursky-300x164.png.avif 300w, https:\/\/fotogasteiz.com\/blog\/wp-content\/smush-avif\/2022\/04\/El-Ejido-Gursky-1024x561.png.avif 1024w, https:\/\/fotogasteiz.com\/blog\/wp-content\/smush-avif\/2022\/04\/El-Ejido-Gursky-768x421.png.avif 768w, https:\/\/fotogasteiz.com\/blog\/wp-content\/smush-avif\/2022\/04\/El-Ejido-Gursky-1536x842.png.avif 1536w\" data-sizes=\"(max-width: 1690px) 100vw, 1690px\" src=\"data:image\/svg+xml;base64,PHN2ZyB3aWR0aD0iMSIgaGVpZ2h0PSIxIiB4bWxucz0iaHR0cDovL3d3dy53My5vcmcvMjAwMC9zdmciPjwvc3ZnPg==\" style=\"--smush-placeholder-width: 1690px; --smush-placeholder-aspect-ratio: 1690\/926;\" \/><\/a>\n\t\t\t<\/dt><\/dl>\n\t\t<\/div>\n<script>(function($){window.MaterialisCaptionsGallery && window.MaterialisCaptionsGallery($('[data-unique-id=\"mesmerize-gallery-1-69f3e4ccb3178\"]'))})(jQuery)<\/script><\/div><\/div><\/div> <\/div><\/div>","protected":false},"excerpt":{"rendered":"<p>Vida \u2013 Obra \u2013 Biograf\u00eda Andreas Gursky Andreas Gursky (1955-) es un fot\u00f3grafo alem\u00e1n que utiliza t\u00e9cnicas de postproducci\u00f3n digital para crear monumentales paisajes panor\u00e1micos con imposisbles perspectivas e infinidad de detalle, que constituyen met\u00e1foras de nuestra vida actual. Su obra troncal se caracteriza por fotografiar frontalmente los espacios, desde un punto de vista alejado,&hellip; <br \/> <a class=\"read-more\" href=\"https:\/\/fotogasteiz.com\/blog\/fotografos\/andreas-gursky-vida-obra-biografia\/\">Read more<\/a><\/p>\n","protected":false},"author":1,"featured_media":5292,"parent":1689,"menu_order":0,"comment_status":"closed","ping_status":"closed","template":"pro\/page-templates\/full-width-page.php","meta":{"footnotes":""},"class_list":["post-5182","page","type-page","status-publish","has-post-thumbnail","hentry"],"yoast_head":"<!-- This site is optimized with the Yoast SEO Premium plugin v22.5 (Yoast SEO v27.5) - https:\/\/yoast.com\/product\/yoast-seo-premium-wordpress\/ -->\n<title>Andreas Gursky - Profesor de fotograf\u00eda<\/title>\n<meta name=\"robots\" content=\"index, follow, max-snippet:-1, max-image-preview:large, max-video-preview:-1\" \/>\n<link rel=\"canonical\" href=\"https:\/\/fotogasteiz.com\/blog\/fotografos\/andreas-gursky-vida-obra-biografia\/\" \/>\n<meta property=\"og:locale\" content=\"es_ES\" \/>\n<meta property=\"og:type\" content=\"article\" \/>\n<meta property=\"og:title\" content=\"Andreas Gursky\" \/>\n<meta property=\"og:description\" content=\"Vida \u2013 Obra \u2013 Biograf\u00eda Andreas Gursky Andreas Gursky (1955-) es un fot\u00f3grafo alem\u00e1n que utiliza t\u00e9cnicas de postproducci\u00f3n digital para crear monumentales paisajes panor\u00e1micos con imposisbles perspectivas e infinidad de detalle, que constituyen met\u00e1foras de nuestra vida actual. Su obra troncal se caracteriza por fotografiar frontalmente los espacios, desde un punto de vista alejado,&hellip; Read more\" \/>\n<meta property=\"og:url\" content=\"https:\/\/fotogasteiz.com\/blog\/fotografos\/andreas-gursky-vida-obra-biografia\/\" \/>\n<meta property=\"og:site_name\" content=\"Profesor de fotograf\u00eda\" \/>\n<meta property=\"article:modified_time\" content=\"2022-04-08T08:37:56+00:00\" \/>\n<meta property=\"og:image\" content=\"https:\/\/fotogasteiz.com\/blog\/wp-content\/uploads\/2018\/04\/ANDREAS-GURSKY-RETRATO-1024x718.png\" \/>\n\t<meta property=\"og:image:width\" content=\"1024\" \/>\n\t<meta property=\"og:image:height\" content=\"718\" \/>\n\t<meta property=\"og:image:type\" content=\"image\/png\" \/>\n<meta name=\"twitter:card\" content=\"summary_large_image\" \/>\n<meta name=\"twitter:label1\" content=\"Tiempo de lectura\" \/>\n\t<meta name=\"twitter:data1\" content=\"10 minutos\" \/>\n<script type=\"application\/ld+json\" class=\"yoast-schema-graph\">{\"@context\":\"https:\\\/\\\/schema.org\",\"@graph\":[{\"@type\":\"WebPage\",\"@id\":\"https:\\\/\\\/fotogasteiz.com\\\/blog\\\/fotografos\\\/andreas-gursky-vida-obra-biografia\\\/\",\"url\":\"https:\\\/\\\/fotogasteiz.com\\\/blog\\\/fotografos\\\/andreas-gursky-vida-obra-biografia\\\/\",\"name\":\"Andreas Gursky - Profesor de fotograf\u00eda\",\"isPartOf\":{\"@id\":\"https:\\\/\\\/fotogasteiz.com\\\/blog\\\/#website\"},\"primaryImageOfPage\":{\"@id\":\"https:\\\/\\\/fotogasteiz.com\\\/blog\\\/fotografos\\\/andreas-gursky-vida-obra-biografia\\\/#primaryimage\"},\"image\":{\"@id\":\"https:\\\/\\\/fotogasteiz.com\\\/blog\\\/fotografos\\\/andreas-gursky-vida-obra-biografia\\\/#primaryimage\"},\"thumbnailUrl\":\"https:\\\/\\\/fotogasteiz.com\\\/blog\\\/wp-content\\\/uploads\\\/2018\\\/04\\\/ANDREAS-GURSKY-RETRATO.png\",\"datePublished\":\"2018-04-16T15:39:10+00:00\",\"dateModified\":\"2022-04-08T08:37:56+00:00\",\"breadcrumb\":{\"@id\":\"https:\\\/\\\/fotogasteiz.com\\\/blog\\\/fotografos\\\/andreas-gursky-vida-obra-biografia\\\/#breadcrumb\"},\"inLanguage\":\"es\",\"potentialAction\":[{\"@type\":\"ReadAction\",\"target\":[\"https:\\\/\\\/fotogasteiz.com\\\/blog\\\/fotografos\\\/andreas-gursky-vida-obra-biografia\\\/\"]}]},{\"@type\":\"ImageObject\",\"inLanguage\":\"es\",\"@id\":\"https:\\\/\\\/fotogasteiz.com\\\/blog\\\/fotografos\\\/andreas-gursky-vida-obra-biografia\\\/#primaryimage\",\"url\":\"https:\\\/\\\/fotogasteiz.com\\\/blog\\\/wp-content\\\/uploads\\\/2018\\\/04\\\/ANDREAS-GURSKY-RETRATO.png\",\"contentUrl\":\"https:\\\/\\\/fotogasteiz.com\\\/blog\\\/wp-content\\\/uploads\\\/2018\\\/04\\\/ANDREAS-GURSKY-RETRATO.png\",\"width\":1936,\"height\":1358},{\"@type\":\"BreadcrumbList\",\"@id\":\"https:\\\/\\\/fotogasteiz.com\\\/blog\\\/fotografos\\\/andreas-gursky-vida-obra-biografia\\\/#breadcrumb\",\"itemListElement\":[{\"@type\":\"ListItem\",\"position\":1,\"name\":\"Portada\",\"item\":\"https:\\\/\\\/fotogasteiz.com\\\/blog\\\/\"},{\"@type\":\"ListItem\",\"position\":2,\"name\":\"Fot\u00f3grafos y fot\u00f3grafas (biograf\u00edas)\",\"item\":\"https:\\\/\\\/fotogasteiz.com\\\/blog\\\/fotografos\\\/\"},{\"@type\":\"ListItem\",\"position\":3,\"name\":\"Andreas Gursky\"}]},{\"@type\":\"WebSite\",\"@id\":\"https:\\\/\\\/fotogasteiz.com\\\/blog\\\/#website\",\"url\":\"https:\\\/\\\/fotogasteiz.com\\\/blog\\\/\",\"name\":\"Profesor de fotograf\u00eda\",\"description\":\"por Gustavo Bravo\",\"potentialAction\":[{\"@type\":\"SearchAction\",\"target\":{\"@type\":\"EntryPoint\",\"urlTemplate\":\"https:\\\/\\\/fotogasteiz.com\\\/blog\\\/?s={search_term_string}\"},\"query-input\":{\"@type\":\"PropertyValueSpecification\",\"valueRequired\":true,\"valueName\":\"search_term_string\"}}],\"inLanguage\":\"es\"}]}<\/script>\n<!-- \/ Yoast SEO Premium plugin. -->","yoast_head_json":{"title":"Andreas Gursky - Profesor de fotograf\u00eda","robots":{"index":"index","follow":"follow","max-snippet":"max-snippet:-1","max-image-preview":"max-image-preview:large","max-video-preview":"max-video-preview:-1"},"canonical":"https:\/\/fotogasteiz.com\/blog\/fotografos\/andreas-gursky-vida-obra-biografia\/","og_locale":"es_ES","og_type":"article","og_title":"Andreas Gursky","og_description":"Vida \u2013 Obra \u2013 Biograf\u00eda Andreas Gursky Andreas Gursky (1955-) es un fot\u00f3grafo alem\u00e1n que utiliza t\u00e9cnicas de postproducci\u00f3n digital para crear monumentales paisajes panor\u00e1micos con imposisbles perspectivas e infinidad de detalle, que constituyen met\u00e1foras de nuestra vida actual. Su obra troncal se caracteriza por fotografiar frontalmente los espacios, desde un punto de vista alejado,&hellip; Read more","og_url":"https:\/\/fotogasteiz.com\/blog\/fotografos\/andreas-gursky-vida-obra-biografia\/","og_site_name":"Profesor de fotograf\u00eda","article_modified_time":"2022-04-08T08:37:56+00:00","og_image":[{"width":1024,"height":718,"url":"https:\/\/fotogasteiz.com\/blog\/wp-content\/uploads\/2018\/04\/ANDREAS-GURSKY-RETRATO-1024x718.png","type":"image\/png"}],"twitter_card":"summary_large_image","twitter_misc":{"Tiempo de lectura":"10 minutos"},"schema":{"@context":"https:\/\/schema.org","@graph":[{"@type":"WebPage","@id":"https:\/\/fotogasteiz.com\/blog\/fotografos\/andreas-gursky-vida-obra-biografia\/","url":"https:\/\/fotogasteiz.com\/blog\/fotografos\/andreas-gursky-vida-obra-biografia\/","name":"Andreas Gursky - Profesor de fotograf\u00eda","isPartOf":{"@id":"https:\/\/fotogasteiz.com\/blog\/#website"},"primaryImageOfPage":{"@id":"https:\/\/fotogasteiz.com\/blog\/fotografos\/andreas-gursky-vida-obra-biografia\/#primaryimage"},"image":{"@id":"https:\/\/fotogasteiz.com\/blog\/fotografos\/andreas-gursky-vida-obra-biografia\/#primaryimage"},"thumbnailUrl":"https:\/\/fotogasteiz.com\/blog\/wp-content\/uploads\/2018\/04\/ANDREAS-GURSKY-RETRATO.png","datePublished":"2018-04-16T15:39:10+00:00","dateModified":"2022-04-08T08:37:56+00:00","breadcrumb":{"@id":"https:\/\/fotogasteiz.com\/blog\/fotografos\/andreas-gursky-vida-obra-biografia\/#breadcrumb"},"inLanguage":"es","potentialAction":[{"@type":"ReadAction","target":["https:\/\/fotogasteiz.com\/blog\/fotografos\/andreas-gursky-vida-obra-biografia\/"]}]},{"@type":"ImageObject","inLanguage":"es","@id":"https:\/\/fotogasteiz.com\/blog\/fotografos\/andreas-gursky-vida-obra-biografia\/#primaryimage","url":"https:\/\/fotogasteiz.com\/blog\/wp-content\/uploads\/2018\/04\/ANDREAS-GURSKY-RETRATO.png","contentUrl":"https:\/\/fotogasteiz.com\/blog\/wp-content\/uploads\/2018\/04\/ANDREAS-GURSKY-RETRATO.png","width":1936,"height":1358},{"@type":"BreadcrumbList","@id":"https:\/\/fotogasteiz.com\/blog\/fotografos\/andreas-gursky-vida-obra-biografia\/#breadcrumb","itemListElement":[{"@type":"ListItem","position":1,"name":"Portada","item":"https:\/\/fotogasteiz.com\/blog\/"},{"@type":"ListItem","position":2,"name":"Fot\u00f3grafos y fot\u00f3grafas (biograf\u00edas)","item":"https:\/\/fotogasteiz.com\/blog\/fotografos\/"},{"@type":"ListItem","position":3,"name":"Andreas Gursky"}]},{"@type":"WebSite","@id":"https:\/\/fotogasteiz.com\/blog\/#website","url":"https:\/\/fotogasteiz.com\/blog\/","name":"Profesor de fotograf\u00eda","description":"por Gustavo Bravo","potentialAction":[{"@type":"SearchAction","target":{"@type":"EntryPoint","urlTemplate":"https:\/\/fotogasteiz.com\/blog\/?s={search_term_string}"},"query-input":{"@type":"PropertyValueSpecification","valueRequired":true,"valueName":"search_term_string"}}],"inLanguage":"es"}]}},"_links":{"self":[{"href":"https:\/\/fotogasteiz.com\/blog\/wp-json\/wp\/v2\/pages\/5182","targetHints":{"allow":["GET"]}}],"collection":[{"href":"https:\/\/fotogasteiz.com\/blog\/wp-json\/wp\/v2\/pages"}],"about":[{"href":"https:\/\/fotogasteiz.com\/blog\/wp-json\/wp\/v2\/types\/page"}],"author":[{"embeddable":true,"href":"https:\/\/fotogasteiz.com\/blog\/wp-json\/wp\/v2\/users\/1"}],"replies":[{"embeddable":true,"href":"https:\/\/fotogasteiz.com\/blog\/wp-json\/wp\/v2\/comments?post=5182"}],"version-history":[{"count":66,"href":"https:\/\/fotogasteiz.com\/blog\/wp-json\/wp\/v2\/pages\/5182\/revisions"}],"predecessor-version":[{"id":18781,"href":"https:\/\/fotogasteiz.com\/blog\/wp-json\/wp\/v2\/pages\/5182\/revisions\/18781"}],"up":[{"embeddable":true,"href":"https:\/\/fotogasteiz.com\/blog\/wp-json\/wp\/v2\/pages\/1689"}],"wp:featuredmedia":[{"embeddable":true,"href":"https:\/\/fotogasteiz.com\/blog\/wp-json\/wp\/v2\/media\/5292"}],"wp:attachment":[{"href":"https:\/\/fotogasteiz.com\/blog\/wp-json\/wp\/v2\/media?parent=5182"}],"curies":[{"name":"wp","href":"https:\/\/api.w.org\/{rel}","templated":true}]}}