{"id":8292,"date":"2019-11-18T17:00:35","date_gmt":"2019-11-18T17:00:35","guid":{"rendered":"http:\/\/fotogasteiz.com\/blog\/?page_id=8292"},"modified":"2021-05-31T17:23:24","modified_gmt":"2021-05-31T17:23:24","slug":"javier-arcenillas-vida-obra-biografia","status":"publish","type":"page","link":"https:\/\/fotogasteiz.com\/blog\/javier-arcenillas-vida-obra-biografia\/","title":{"rendered":"Javier Arcenillas"},"content":{"rendered":"<div  data-label=\"Intro\" data-id=\"about--1\" data-export-id=\"about-10\" data-category=\"about\" class=\"about-10 content-section content-section-spacing\" id=\"intro\" style=\"background-color: rgb(255, 255, 255); background-image: none;\"><div  class=\"gridContainer\"> <div  class=\"row middle-sm text-center\"><div  class=\"col-sm-5 space-bottom-xs content-column\" data-type=\"column\"> <h5  class=\"\"><span  style=\"color: rgb(255, 152, 0);\">Vida \u2013 Obra. \u2013 Biograf\u00eda<\/span><\/h5> <p  class=\"lead\"><a data-mce-href=\"..\/fotografos\/\" href=\"https:\/\/fotogasteiz.com\/blog\/fotografos\" target=\"_blank\" rel=\"noopener\" data-mce-selected=\"inline-boundary\" data-cp-link=\"1\">GRANDES FOT\u00d3GRAFOS Y FOT\u00d3GRAFAS<\/a><\/p><h2  class=\"\"><span  style=\"font-family: &quot;Playfair Display&quot;, arial, helvetica, sans-serif; color: rgb(0, 0, 0);\">Javier Arcenillas<\/span><\/h2> <p  class=\"\"><span  style=\"font-family: Muli, arial, helvetica, sans-serif; color: rgb(60, 66, 79);\"><span  style=\"font-weight: 900;\">Javier Arcenillas (1973)<\/span> es fotoperiodista y docente, ganador del <span  style=\"font-weight: 900;\">Premio World Press Photo 2018<\/span>&nbsp;en la categor\u00eda de proyectos de largo recorrido.\r\n<\/span><br ><br ><span  style=\"font-family: Muli, arial, helvetica, sans-serif; color: rgb(60, 66, 79);\">Ha publicado varios fotolibros con trabajos de inmersi\u00f3n en los que destacan sus im\u00e1genes a corta distancia, las cuales propician una gran sensaci\u00f3n de lugar en el espectador.<\/span><\/p> <p  class=\"\"><span  style=\"font-weight: 700; font-style: italic; color: rgb(255, 51, 105);\">\u00daltima actualizaci\u00f3n: mayo 2021<\/span><\/p><\/div> <div  class=\"col-sm-7 flexbox middle-xs center-xs space-bottom-xs\"><div  class=\"overlay-box middle-xs center-xs flexbox\"> <div  class=\"overlay-box-offset offset-border shadow-medium border-color1 hide-xs\"><\/div> <img decoding=\"async\"  class=\"shadow-large lazyload\" data-size=\"485x705\" data-src=\"https:\/\/i0.wp.com\/fotogasteiz.com\/blog\/wp-content\/uploads\/2021\/05\/cropped-Retratos32-2021.jpg?w=3840&amp;ssl=1\" title=\"cropped-Retratos32-2021.jpg\" alt=\"\" width=\"485\" height=\"705\" src=\"data:image\/svg+xml;base64,PHN2ZyB3aWR0aD0iMSIgaGVpZ2h0PSIxIiB4bWxucz0iaHR0cDovL3d3dy53My5vcmcvMjAwMC9zdmciPjwvc3ZnPg==\" style=\"--smush-placeholder-width: 485px; --smush-placeholder-aspect-ratio: 485\/705;\"><\/div> <\/div><\/div> <\/div><\/div><div  data-label=\"Primeros anos\" data-id=\"content--1\" data-export-id=\"content-8\" data-category=\"content\" class=\"content-8 content-section content-section-spacing\" id=\"primeros-anos\" style=\"background-color: rgb(245, 250, 253);\"><div  class=\"gridContainer\"> <div  class=\"row middle-sm\"><div  class=\"col-sm-6 space-bottom-xs space-top-xs\" data-type=\"column\"> <img decoding=\"async\"  class=\"shadow-large lazyload\" data-src=\"https:\/\/i1.wp.com\/fotogasteiz.com\/blog\/wp-content\/uploads\/2021\/05\/Retratos01_An\u0303os-90.jpg?w=3840&amp;ssl=1\" title=\"Retratos01_An\u0303os 90\" alt=\"\" width=\"586\" height=\"380\" src=\"data:image\/svg+xml;base64,PHN2ZyB3aWR0aD0iMSIgaGVpZ2h0PSIxIiB4bWxucz0iaHR0cDovL3d3dy53My5vcmcvMjAwMC9zdmciPjwvc3ZnPg==\" style=\"--smush-placeholder-width: 586px; --smush-placeholder-aspect-ratio: 586\/380;\"><p  class=\"\">&nbsp;<\/p><img decoding=\"async\"  class=\"custom-image lazyload\" data-src=\"https:\/\/i2.wp.com\/fotogasteiz.com\/blog\/wp-content\/uploads\/2021\/05\/javier-arcenillas.jpeg?w=3840&amp;ssl=1\" title=\"javier arcenillas\" alt=\"\" width=\"500\" height=\"500\" src=\"data:image\/svg+xml;base64,PHN2ZyB3aWR0aD0iMSIgaGVpZ2h0PSIxIiB4bWxucz0iaHR0cDovL3d3dy53My5vcmcvMjAwMC9zdmciPjwvc3ZnPg==\" style=\"--smush-placeholder-width: 500px; --smush-placeholder-aspect-ratio: 500\/500;\"><\/div> <div  class=\"col-sm-6\" data-type=\"column\"><p  class=\"lead\"><span  style=\"font-family: Muli, arial, helvetica, sans-serif; font-weight: 900; color: rgb(255, 152, 0);\">PRIMEROS A\u00d1OS<\/span><\/p><h2  class=\"\"><span  style=\"font-family: &quot;Playfair Display&quot;, arial, helvetica, sans-serif; color: rgb(0, 0, 0);\">Biograf\u00eda de Javier Arcenillas&nbsp;<\/span><\/h2> <p  class=\"\"><span  style=\"font-family: Muli, arial, helvetica, sans-serif; color: rgb(52, 58, 64);\"><span  style=\"font-weight: 900;\">Javier Arcenillas<\/span> naci\u00f3 en Bilbao en 1973.\r\n<\/span><br ><br ><span  style=\"font-family: Muli, arial, helvetica, sans-serif; color: rgb(52, 58, 64);\">\r\nSu primer contacto con la fotograf\u00eda lo tuvo de adolescente, en 1988, cuando con 15 a\u00f1os se matricul\u00f3 en la escuela de fotograf\u00eda que el reportero <span  style=\"font-weight: 900;\">Fernando Herr\u00e1ez<\/span> dirig\u00eda en Alcobendas. All\u00ed aprendi\u00f3 a manejar la c\u00e1mara y conoci\u00f3 el trabajo de <span  style=\"font-weight: 900;\">Diane Arbus<\/span> y <a data-mce-href=\"..\/fotografos\/robert-frank-vida-obra-biografia\/\" href=\"https:\/\/fotogasteiz.com\/blog\/fotografos\/robert-frank-vida-obra-biografia\" target=\"_blank\" rel=\"noopener\" data-mce-selected=\"inline-boundary\" data-cp-link=\"1\"><span  style=\"font-weight: 900;\">Robert Frank<\/span><\/a>, <span style=\"font-style: italic;\" >\u00abdos de sus m\u00e1s ilusionantes pilares y referentes fotogr\u00e1ficos\u00bb<\/span>.\r\n<\/span><br ><br ><span  style=\"font-family: Muli, arial, helvetica, sans-serif; color: rgb(52, 58, 64);\">\r\nUn a\u00f1o despu\u00e9s, en 1989, con 16 a\u00f1os, y gracias a una beca, se matricul\u00f3 en la <span  style=\"font-weight: 900;\">Escuela de Cine de la Comunidad de Madrid<\/span>, donde estudi\u00f3 Direcci\u00f3n de Fotograf\u00eda y Realizaci\u00f3n. Como cinemat\u00f3grafo, realiz\u00f3 dos cortometrajes.\r\n<\/span><br ><span  style=\"font-family: Muli, arial, helvetica, sans-serif; color: rgb(52, 58, 64);\">\r\nA finales de ese a\u00f1o 1989 y con 17 a\u00f1os reci\u00e9n cumplidos, buscando un cambio en su vida, decidi\u00f3 hacer la carrera militar y, tiempo despu\u00e9s, estudiar Psicolog\u00eda en la <span  style=\"font-weight: 900;\">Universidad Complutense<\/span>.\r\n<\/span><br ><br ><span  style=\"font-family: Muli, arial, helvetica, sans-serif; color: rgb(52, 58, 64);\">\r\nDurante los a\u00f1os que fue militar realiz\u00f3 misiones en los <span  style=\"font-weight: 900;\">Balcanes, Somalia, L\u00edbano <span  style=\"font-weight: 400;\">y<\/span> Sierra Leona<\/span>.\r\n<\/span><br ><br ><span  style=\"font-family: Muli, arial, helvetica, sans-serif; color: rgb(52, 58, 64);\">\r\nEn 1994, con 21 a\u00f1os, empez\u00f3 a realizar colaboraciones como fot\u00f3grafo en el <span  style=\"font-weight: 900;\">Ayuntamiento de Alcobendas<\/span>, gracias al fot\u00f3grafo del ayuntamiento <span  style=\"font-weight: 900;\">Jos\u00e9 Luis Chillida<\/span>, con quien compart\u00eda su origen vasco y haber sido alumno de la escuela de fotograf\u00eda de Alcobendas en la que se matricul\u00f3 seis a\u00f1os antes. Se hicieron amigos y <span  style=\"font-weight: 900;\">Chillida<\/span> le ofrec\u00eda algunos trabajos espor\u00e1dicos. A\u00f1os despu\u00e9s, <span  style=\"font-weight: 900;\">Arcenillas<\/span> sigue trabajando de forma permanente en el departamento de comunicaci\u00f3n de dicho consistorio.\r\n<\/span><br ><br ><span  style=\"font-family: Muli, arial, helvetica, sans-serif; color: rgb(52, 58, 64); font-style: italic;\">\r\n\u00abEs un trabajo que me gusta mucho. Contar la evoluci\u00f3n del lugar donde resides es m\u00e1gico\u00bb\r\n<\/span><br ><br ><span  style=\"font-family: Muli, arial, helvetica, sans-serif; color: rgb(52, 58, 64);\">\r\nEn 1997, a los 25 a\u00f1os de edad, y sabiendo que podr\u00eda ganarse la vida como fot\u00f3grafo, empez\u00f3 a trabajar en el peri\u00f3dico deportivo <span  style=\"font-weight: 900;\">Marca<\/span>, con el que hab\u00eda colaborado como fot\u00f3grafo en alguna ocasi\u00f3n. Fotografiaba partidos de f\u00fatbol de segunda B, baloncesto etc, si bien la fotograf\u00eda deportiva no le entusiasmaba.\r\n<\/span><br ><br ><span  style=\"font-family: Muli, arial, helvetica, sans-serif; color: rgb(52, 58, 64);\">\r\nEn 1998, seducido por el fotoperiodismo de calle, se embarc\u00f3 en un proyecto de reflotaci\u00f3n del <span  style=\"font-weight: 900;\">\u2018Diario 16\u2019<\/span>, donde estuvo tres a\u00f1os, hasta el cierre de este peri\u00f3dico en el a\u00f1o 2001.\r\n<\/span><br ><br ><span  style=\"font-family: Muli, arial, helvetica, sans-serif; color: rgb(52, 58, 64);\">\r\nEn aquella \u00e9poca, <span  style=\"font-weight: 900;\">Arcenillas<\/span> empezaba a interesarse por la fotograf\u00eda de forma diferente, pensando en trabajos que requer\u00edan m\u00e1s largo recorrido y una implicaci\u00f3n mas directa.<\/span><\/p> <\/div> <\/div><\/div> <\/div><div  data-label=\"primeros viajes y proyectos\" data-id=\"content--2\" data-export-id=\"content-7\" data-category=\"content\" class=\"content-7 content-section content-section-spacing content-relative\" id=\"primeros-viajes-y-proyectos\" style=\"background-color: rgb(245, 250, 253);\"><div  class=\"gridContainer\"> <div  class=\"row middle-sm\"><div  class=\"col-sm-6 space-bottom-xs\" data-type=\"column\"> <p  class=\"lead\"><span  style=\"font-family: Muli, arial, helvetica, sans-serif; font-weight: 900; color: rgb(255, 152, 0);\">BIOGRAF\u00cdA DE JAVIER ARCENILLAS<\/span><\/p><h2  class=\"\"><span  style=\"font-family: &quot;Playfair Display&quot;, arial, helvetica, sans-serif; color: rgb(0, 0, 0);\">Primeros viajes y proyectos<\/span><\/h2> <p  class=\"\"><span  style=\"font-family: Muli, arial, helvetica, sans-serif; color: rgb(52, 58, 64);\">En 2003, a los 30 a\u00f1os de edad, viaj\u00f3 a <span  style=\"font-weight: 900;\">India<\/span>&nbsp;como voluntario. Asist\u00eda en casas de acogida y morideros que gestionaban las misioneras de la caridad en <span  style=\"font-weight: 900;\">Kolkata (Calcuta)<\/span>, todav\u00eda sin idea de realizar ning\u00fan proyecto fotogr\u00e1fico, pero fruto de los meses que pas\u00f3 all\u00ed y de lo que vio y sinti\u00f3, naci\u00f3 su primer trabajo fotogr\u00e1fico personal con un corte m\u00e1s humanista: <span  style=\"font-weight: 900;\">\u2018Kingdom Charity\u2019<\/span>.\r\n<\/span><br ><br ><span  style=\"font-family: Muli, arial, helvetica, sans-serif; color: rgb(52, 58, 64);\">\r\nUn a\u00f1o despu\u00e9s, en 2004, naci\u00f3 su hija y empez\u00f3 a impartir cursos de reportaje y fotoperiodismo en la <span  style=\"font-weight: 900;\">PHOTOESCUELA<\/span> de la <span  style=\"font-weight: 900;\">Agencia COVER<\/span>. Lo har\u00eda hasta 2007.\r\n<\/span><br ><br ><span  style=\"font-family: Muli, arial, helvetica, sans-serif; color: rgb(52, 58, 64);\">\r\nEn 2006, a los 33 a\u00f1os de edad, realiz\u00f3 su primer viaje a <span  style=\"font-weight: 900;\">Guatemala<\/span>, donde inici\u00f3 una relaci\u00f3n de colaboraci\u00f3n con la ONG <span  style=\"font-weight: 900;\">M\u00e9dicos del Mundo<\/span>, del cual naci\u00f3 su primer fotolibro <span  style=\"font-weight: 900;\">\u2018<a data-mce-href=\"https:\/\/www.grantlibreria.com\/libro\/city-hope-ciudad-esperanza_5236\" href=\"https:\/\/www.grantlibreria.com\/libro\/city-hope-ciudad-esperanza_5236\" target=\"_blank\" rel=\"noopener\" data-mce-selected=\"inline-boundary\" data-cp-link=\"1\" class=\"\">City Hope<\/a><\/span>\u2018 (Ciudad esperanza), libro publicado en 2008 con las fotos tomadas entre 2006 y 2007 en sus viajes a&nbsp;<span  style=\"font-weight: 900;\">Guatemala, Rep\u00fablica Dominicana, Honduras, Nicaragua, Hait\u00ed<span  style=\"font-weight: 400;\"> y<\/span> El Salvador<\/span>, a trav\u00e9s de las que denunciaba las condiciones en las que viv\u00edan los recolectores de basura que viv\u00edan en asentamientos de chabolas creados alrededor de estos vertederos. Miles de exiliados haitianos sobreviven en estos pa\u00edses y se juegan la vida revolviendo en la basura en busca de materiales renovables como el pl\u00e1stico, el acero o el vidrio para poder venderlo a las nuevas corporaciones del reciclado. Algunos mueren por el calor, por la inhalaci\u00f3n de toxinas, arrollados por las m\u00e1quinas\u2026\r\n<\/span><br ><br ><span  style=\"font-family: Muli, arial, helvetica, sans-serif; color: rgb(52, 58, 64);\">\r\nLas ONGs <span  style=\"font-weight: 900;\">M\u00e9dicos del Mundo<\/span> y <span  style=\"font-weight: 900;\">FUDEN<\/span> (Fundaci\u00f3n de Enfermer\u00eda) apadrinaron este proyecto fotogr\u00e1fico.\r\n<\/span><br ><br ><span  style=\"font-family: Muli, arial, helvetica, sans-serif; color: rgb(52, 58, 64);\">\r\nTras \u2018City Hope\u2019 y gracias a los fot\u00f3grafos <span  style=\"font-weight: 900;\">Mois\u00e9s Castillo y Jes\u00fas Alfonso<\/span> (\u00ab<span  style=\"font-style: italic;\">mi hermano, \u00e9l me abri\u00f3 Guatemala en todos los sentidos<\/span>\u00ab), en el a\u00f1o 2009, con 36 a\u00f1os, pudo trabajar unos meses en el \u2018<span  style=\"font-weight: 900;\">Peri\u00f3dico de Guatemala<\/span>\u2018. En aquel peri\u00f3dico realiz\u00f3 todo tipo de fotos, pero sobre todo fotograf\u00eda de cr\u00edmenes.&nbsp;<\/span><span  style=\"font-family: Muli, arial, helvetica, sans-serif; color: rgb(52, 58, 64);\">Lo que all\u00ed se conoce como \u00ab<span  style=\"font-weight: 900;\">Nota roja<\/span>\u00ab. Aquello fue el comienzo de su proyecto fotogr\u00e1fico personal sobre la violencia, en el que ha estado embarcado durante una d\u00e9cada.\r\n<\/span><br ><br ><span  style=\"font-family: Muli, arial, helvetica, sans-serif; color: rgb(52, 58, 64);\">\r\nEn agosto de 2009<span  style=\"font-weight: 900;\"> Javier Arcenillas<\/span> viaj\u00f3 con la fot\u00f3grafa <span  style=\"font-weight: 900;\">Cristina de Middel<\/span> a la frontera de <span  style=\"font-weight: 900;\">Bangladesh<\/span> con <span  style=\"font-weight: 900;\">Myanmar<\/span> para retratar el proyecto que all\u00ed estaba llevando a cabo <span  style=\"font-weight: 900;\">M\u00e9dicos Sin Fronteras<\/span>, que atend\u00eda junto con <span  style=\"font-weight: 900;\">ACNUR<\/span> a la tribu de los <span  style=\"font-weight: 900;\">Rohingyas<\/span>, una minor\u00eda \u00e9tnica predominantemente musulmana que, aunque vive en <span  style=\"font-weight: 900;\">Myanmar<\/span> desde hace generaciones, es considerada como ap\u00e1trida. El gobierno se niega a reconocerles como ciudadanos y sobreviven en condiciones deplorables siendo discriminados sistem\u00e1ticamente. Est\u00e1n pr\u00e1cticamente segregados del resto de la poblaci\u00f3n, no pueden circular libremente y tienen un acceso limitado a la asistencia m\u00e9dica, la escuela y el empleo. Fruto de aquel trabajo fotogr\u00e1fico, naci\u00f3 \u2018<span  style=\"font-weight: 900;\">WELCOME<\/span>\u2018.<\/span><\/p> <\/div> <div  class=\"col-sm-6\" data-type=\"column\"> <img decoding=\"async\"  class=\"shadow-large lazyload\" data-src=\"https:\/\/i2.wp.com\/fotogasteiz.com\/blog\/wp-content\/uploads\/2021\/05\/Retratos03_Nicaragua-2005.jpg?w=3840&amp;ssl=1\" title=\"Retratos03_Nicaragua 2005\" alt=\"\" width=\"586\" height=\"440\" src=\"data:image\/svg+xml;base64,PHN2ZyB3aWR0aD0iMSIgaGVpZ2h0PSIxIiB4bWxucz0iaHR0cDovL3d3dy53My5vcmcvMjAwMC9zdmciPjwvc3ZnPg==\" style=\"--smush-placeholder-width: 586px; --smush-placeholder-aspect-ratio: 586\/440;\"><p  class=\"\">&nbsp;<\/p><img decoding=\"async\"  class=\"custom-image lazyload\" data-src=\"https:\/\/i1.wp.com\/fotogasteiz.com\/blog\/wp-content\/uploads\/2021\/05\/Retratos02_2007-en-COVER.jpg?w=3840&amp;ssl=1\" title=\"Garciala\" alt=\"\" width=\"586\" height=\"369\" src=\"data:image\/svg+xml;base64,PHN2ZyB3aWR0aD0iMSIgaGVpZ2h0PSIxIiB4bWxucz0iaHR0cDovL3d3dy53My5vcmcvMjAwMC9zdmciPjwvc3ZnPg==\" style=\"--smush-placeholder-width: 586px; --smush-placeholder-aspect-ratio: 586\/369;\"><\/div> <\/div><\/div> <div  class=\"section-separator-bottom\">\r\n    <svg  xmlns=\"http:\/\/www.w3.org\/2000\/svg\" viewBox=\"0 0 1000 100\" preserveAspectRatio=\"none\" data-separator-name=\"tilt\" class=\"section-separator-bottom\">\r\n\t<path  class=\"svg-white-bg\" d=\"M-0 0L1000 0 1000 100z\"><\/path>\r\n<\/svg>\r\n<\/div><\/div><div  data-label=\"City Hope\" data-id=\"gallery--3\" data-export-id=\"gallery-1\" data-category=\"gallery\" class=\"gallery-1 content-section content-section-spacing content-relative\" id=\"city-hope\" style=\"background-color: rgb(52, 58, 64); background-image: none;\"><div  class=\"gridContainer\"> <div  class=\"row\"><div  class=\"section-title-col\" data-type=\"column\"> <h2  class=\"\"><span  style=\"font-family: &quot;Playfair Display&quot;, arial, helvetica, sans-serif; color: rgb(255, 255, 255);\">City Hope<\/span><\/h2> <\/div> <\/div> <div  class=\"row text-center\"> <div  class=\"col-xs-12\" data-editable=\"true\" data-content-shortcode=\"mesmerize_gallery id=&quot;mesmerize-gallery-1&quot; columns=&quot;4&quot; ids=&quot;15847,15848,15849,15850,15851,15852,15853,15854&quot; lb=&quot;1&quot; masonry=&quot;1&quot; size=&quot;large&quot; link=&quot;file&quot; \"><div id='mesmerize-gallery-1' class='gallery-wrapper'><style type=\"text\/css\">\n                    @media only screen and (min-width: 768px) {\n                    [data-unique-id='mesmerize-gallery-1-69f22231742a6'] dl {\n                        float: left;\n                        width: 25% !important;\n                        max-width:  25% !important;\n                        min-width:  25% !important;\n                    }\n\n                    [data-unique-id='mesmerize-gallery-1-69f22231742a6'] dl:nth-of-type(4n +1 ) {\n                      clear: both;\n                      }\n                    }\n                <\/style><div id='mesmerize-gallery-1' class='mesmerize-gallery-1-dls-wrapper gallery-items-wrapper materialis-gallery' data-unique-id='mesmerize-gallery-1-69f22231742a6'><dl class='gallery-item'>\n\t\t\t<dt class='gallery-icon landscape'>\n\t\t\t\t<a data-fancybox=\"mesmerize-gallery-1-group\" href='https:\/\/fotogasteiz.com\/blog\/wp-content\/uploads\/2021\/05\/CITYHOPE04.jpg'><img decoding=\"async\"  width=\"1024\" height=\"1024\" data-src=\"https:\/\/fotogasteiz.com\/blog\/wp-content\/smush-avif\/2021\/05\/CITYHOPE04-1024x1024.jpg.avif\"  class='mesmerize-gallery-1-image lazyload' alt=\"\" data-srcset=\"https:\/\/fotogasteiz.com\/blog\/wp-content\/smush-avif\/2021\/05\/CITYHOPE04-1024x1024.jpg.avif 1024w, https:\/\/fotogasteiz.com\/blog\/wp-content\/smush-avif\/2021\/05\/CITYHOPE04-300x300.jpg.avif 300w, https:\/\/fotogasteiz.com\/blog\/wp-content\/smush-avif\/2021\/05\/CITYHOPE04-150x150.jpg.avif 150w, https:\/\/fotogasteiz.com\/blog\/wp-content\/smush-avif\/2021\/05\/CITYHOPE04-768x768.jpg.avif 768w, https:\/\/fotogasteiz.com\/blog\/wp-content\/smush-avif\/2021\/05\/CITYHOPE04-1080x1080.jpg.avif 1080w, https:\/\/fotogasteiz.com\/blog\/wp-content\/uploads\/2021\/05\/CITYHOPE04.jpg 1200w\" data-sizes=\"(max-width: 1024px) 100vw, 1024px\" src=\"data:image\/svg+xml;base64,PHN2ZyB3aWR0aD0iMSIgaGVpZ2h0PSIxIiB4bWxucz0iaHR0cDovL3d3dy53My5vcmcvMjAwMC9zdmciPjwvc3ZnPg==\" style=\"--smush-placeholder-width: 1024px; --smush-placeholder-aspect-ratio: 1024\/1024;\" \/><\/a>\n\t\t\t<\/dt><\/dl><dl class='gallery-item'>\n\t\t\t<dt class='gallery-icon landscape'>\n\t\t\t\t<a data-fancybox=\"mesmerize-gallery-1-group\" href='https:\/\/fotogasteiz.com\/blog\/wp-content\/uploads\/2021\/05\/CITYHOPE07.jpg'><img decoding=\"async\"  width=\"1024\" height=\"1024\" data-src=\"https:\/\/fotogasteiz.com\/blog\/wp-content\/smush-avif\/2021\/05\/CITYHOPE07-1024x1024.jpg.avif\"  class='mesmerize-gallery-1-image lazyload' alt=\"\" data-srcset=\"https:\/\/fotogasteiz.com\/blog\/wp-content\/smush-avif\/2021\/05\/CITYHOPE07-1024x1024.jpg.avif 1024w, https:\/\/fotogasteiz.com\/blog\/wp-content\/smush-avif\/2021\/05\/CITYHOPE07-300x300.jpg.avif 300w, https:\/\/fotogasteiz.com\/blog\/wp-content\/smush-avif\/2021\/05\/CITYHOPE07-150x150.jpg.avif 150w, https:\/\/fotogasteiz.com\/blog\/wp-content\/smush-avif\/2021\/05\/CITYHOPE07-768x768.jpg.avif 768w, https:\/\/fotogasteiz.com\/blog\/wp-content\/smush-avif\/2021\/05\/CITYHOPE07-1080x1080.jpg.avif 1080w, https:\/\/fotogasteiz.com\/blog\/wp-content\/uploads\/2021\/05\/CITYHOPE07.jpg 1200w\" data-sizes=\"(max-width: 1024px) 100vw, 1024px\" src=\"data:image\/svg+xml;base64,PHN2ZyB3aWR0aD0iMSIgaGVpZ2h0PSIxIiB4bWxucz0iaHR0cDovL3d3dy53My5vcmcvMjAwMC9zdmciPjwvc3ZnPg==\" style=\"--smush-placeholder-width: 1024px; --smush-placeholder-aspect-ratio: 1024\/1024;\" \/><\/a>\n\t\t\t<\/dt><\/dl><dl class='gallery-item'>\n\t\t\t<dt class='gallery-icon landscape'>\n\t\t\t\t<a data-fancybox=\"mesmerize-gallery-1-group\" href='https:\/\/fotogasteiz.com\/blog\/wp-content\/uploads\/2021\/05\/CITYHOPE10.jpg'><img decoding=\"async\"  width=\"1024\" height=\"1024\" data-src=\"https:\/\/fotogasteiz.com\/blog\/wp-content\/smush-avif\/2021\/05\/CITYHOPE10-1024x1024.jpg.avif\"  class='mesmerize-gallery-1-image lazyload' alt=\"\" data-srcset=\"https:\/\/fotogasteiz.com\/blog\/wp-content\/smush-avif\/2021\/05\/CITYHOPE10-1024x1024.jpg.avif 1024w, https:\/\/fotogasteiz.com\/blog\/wp-content\/smush-avif\/2021\/05\/CITYHOPE10-300x300.jpg.avif 300w, https:\/\/fotogasteiz.com\/blog\/wp-content\/smush-avif\/2021\/05\/CITYHOPE10-150x150.jpg.avif 150w, https:\/\/fotogasteiz.com\/blog\/wp-content\/smush-avif\/2021\/05\/CITYHOPE10-768x768.jpg.avif 768w, https:\/\/fotogasteiz.com\/blog\/wp-content\/smush-avif\/2021\/05\/CITYHOPE10-1080x1080.jpg.avif 1080w, https:\/\/fotogasteiz.com\/blog\/wp-content\/uploads\/2021\/05\/CITYHOPE10.jpg 1200w\" data-sizes=\"(max-width: 1024px) 100vw, 1024px\" src=\"data:image\/svg+xml;base64,PHN2ZyB3aWR0aD0iMSIgaGVpZ2h0PSIxIiB4bWxucz0iaHR0cDovL3d3dy53My5vcmcvMjAwMC9zdmciPjwvc3ZnPg==\" style=\"--smush-placeholder-width: 1024px; --smush-placeholder-aspect-ratio: 1024\/1024;\" \/><\/a>\n\t\t\t<\/dt><\/dl><dl class='gallery-item'>\n\t\t\t<dt class='gallery-icon landscape'>\n\t\t\t\t<a data-fancybox=\"mesmerize-gallery-1-group\" href='https:\/\/fotogasteiz.com\/blog\/wp-content\/uploads\/2021\/05\/CITYHOPE15.jpg'><img decoding=\"async\"  width=\"1024\" height=\"1024\" data-src=\"https:\/\/fotogasteiz.com\/blog\/wp-content\/smush-avif\/2021\/05\/CITYHOPE15-1024x1024.jpg.avif\"  class='mesmerize-gallery-1-image lazyload' alt=\"\" data-srcset=\"https:\/\/fotogasteiz.com\/blog\/wp-content\/smush-avif\/2021\/05\/CITYHOPE15-1024x1024.jpg.avif 1024w, https:\/\/fotogasteiz.com\/blog\/wp-content\/smush-avif\/2021\/05\/CITYHOPE15-300x300.jpg.avif 300w, https:\/\/fotogasteiz.com\/blog\/wp-content\/smush-avif\/2021\/05\/CITYHOPE15-150x150.jpg.avif 150w, https:\/\/fotogasteiz.com\/blog\/wp-content\/smush-avif\/2021\/05\/CITYHOPE15-768x768.jpg.avif 768w, https:\/\/fotogasteiz.com\/blog\/wp-content\/smush-avif\/2021\/05\/CITYHOPE15-1080x1080.jpg.avif 1080w, https:\/\/fotogasteiz.com\/blog\/wp-content\/uploads\/2021\/05\/CITYHOPE15.jpg 1200w\" data-sizes=\"(max-width: 1024px) 100vw, 1024px\" src=\"data:image\/svg+xml;base64,PHN2ZyB3aWR0aD0iMSIgaGVpZ2h0PSIxIiB4bWxucz0iaHR0cDovL3d3dy53My5vcmcvMjAwMC9zdmciPjwvc3ZnPg==\" style=\"--smush-placeholder-width: 1024px; --smush-placeholder-aspect-ratio: 1024\/1024;\" \/><\/a>\n\t\t\t<\/dt><\/dl><dl class='gallery-item'>\n\t\t\t<dt class='gallery-icon landscape'>\n\t\t\t\t<a data-fancybox=\"mesmerize-gallery-1-group\" href='https:\/\/fotogasteiz.com\/blog\/wp-content\/uploads\/2021\/05\/CITYHOPE18.jpg'><img decoding=\"async\"  width=\"1024\" height=\"1024\" data-src=\"https:\/\/fotogasteiz.com\/blog\/wp-content\/smush-avif\/2021\/05\/CITYHOPE18-1024x1024.jpg.avif\"  class='mesmerize-gallery-1-image lazyload' alt=\"\" data-srcset=\"https:\/\/fotogasteiz.com\/blog\/wp-content\/smush-avif\/2021\/05\/CITYHOPE18-1024x1024.jpg.avif 1024w, https:\/\/fotogasteiz.com\/blog\/wp-content\/smush-avif\/2021\/05\/CITYHOPE18-300x300.jpg.avif 300w, https:\/\/fotogasteiz.com\/blog\/wp-content\/smush-avif\/2021\/05\/CITYHOPE18-150x150.jpg.avif 150w, https:\/\/fotogasteiz.com\/blog\/wp-content\/smush-avif\/2021\/05\/CITYHOPE18-768x768.jpg.avif 768w, https:\/\/fotogasteiz.com\/blog\/wp-content\/smush-avif\/2021\/05\/CITYHOPE18-1080x1080.jpg.avif 1080w, https:\/\/fotogasteiz.com\/blog\/wp-content\/uploads\/2021\/05\/CITYHOPE18.jpg 1200w\" data-sizes=\"(max-width: 1024px) 100vw, 1024px\" src=\"data:image\/svg+xml;base64,PHN2ZyB3aWR0aD0iMSIgaGVpZ2h0PSIxIiB4bWxucz0iaHR0cDovL3d3dy53My5vcmcvMjAwMC9zdmciPjwvc3ZnPg==\" style=\"--smush-placeholder-width: 1024px; --smush-placeholder-aspect-ratio: 1024\/1024;\" \/><\/a>\n\t\t\t<\/dt><\/dl><dl class='gallery-item'>\n\t\t\t<dt class='gallery-icon landscape'>\n\t\t\t\t<a data-fancybox=\"mesmerize-gallery-1-group\" href='https:\/\/fotogasteiz.com\/blog\/wp-content\/uploads\/2021\/05\/CITYHOPE22.jpg'><img decoding=\"async\"  width=\"1024\" height=\"1024\" data-src=\"https:\/\/fotogasteiz.com\/blog\/wp-content\/smush-avif\/2021\/05\/CITYHOPE22-1024x1024.jpg.avif\"  class='mesmerize-gallery-1-image lazyload' alt=\"\" data-srcset=\"https:\/\/fotogasteiz.com\/blog\/wp-content\/smush-avif\/2021\/05\/CITYHOPE22-1024x1024.jpg.avif 1024w, https:\/\/fotogasteiz.com\/blog\/wp-content\/smush-avif\/2021\/05\/CITYHOPE22-300x300.jpg.avif 300w, https:\/\/fotogasteiz.com\/blog\/wp-content\/smush-avif\/2021\/05\/CITYHOPE22-150x150.jpg.avif 150w, https:\/\/fotogasteiz.com\/blog\/wp-content\/smush-avif\/2021\/05\/CITYHOPE22-768x768.jpg.avif 768w, https:\/\/fotogasteiz.com\/blog\/wp-content\/smush-avif\/2021\/05\/CITYHOPE22-1080x1080.jpg.avif 1080w, https:\/\/fotogasteiz.com\/blog\/wp-content\/uploads\/2021\/05\/CITYHOPE22.jpg 1200w\" data-sizes=\"(max-width: 1024px) 100vw, 1024px\" src=\"data:image\/svg+xml;base64,PHN2ZyB3aWR0aD0iMSIgaGVpZ2h0PSIxIiB4bWxucz0iaHR0cDovL3d3dy53My5vcmcvMjAwMC9zdmciPjwvc3ZnPg==\" style=\"--smush-placeholder-width: 1024px; --smush-placeholder-aspect-ratio: 1024\/1024;\" \/><\/a>\n\t\t\t<\/dt><\/dl><dl class='gallery-item'>\n\t\t\t<dt class='gallery-icon landscape'>\n\t\t\t\t<a data-fancybox=\"mesmerize-gallery-1-group\" href='https:\/\/fotogasteiz.com\/blog\/wp-content\/uploads\/2021\/05\/CITYHOPE26.jpg'><img decoding=\"async\"  width=\"1024\" height=\"1024\" data-src=\"https:\/\/fotogasteiz.com\/blog\/wp-content\/smush-avif\/2021\/05\/CITYHOPE26-1024x1024.jpg.avif\"  class='mesmerize-gallery-1-image lazyload' alt=\"\" data-srcset=\"https:\/\/fotogasteiz.com\/blog\/wp-content\/smush-avif\/2021\/05\/CITYHOPE26-1024x1024.jpg.avif 1024w, https:\/\/fotogasteiz.com\/blog\/wp-content\/smush-avif\/2021\/05\/CITYHOPE26-300x300.jpg.avif 300w, https:\/\/fotogasteiz.com\/blog\/wp-content\/smush-avif\/2021\/05\/CITYHOPE26-150x150.jpg.avif 150w, https:\/\/fotogasteiz.com\/blog\/wp-content\/smush-avif\/2021\/05\/CITYHOPE26-768x768.jpg.avif 768w, https:\/\/fotogasteiz.com\/blog\/wp-content\/smush-avif\/2021\/05\/CITYHOPE26-1080x1080.jpg.avif 1080w, https:\/\/fotogasteiz.com\/blog\/wp-content\/uploads\/2021\/05\/CITYHOPE26.jpg 1200w\" data-sizes=\"(max-width: 1024px) 100vw, 1024px\" src=\"data:image\/svg+xml;base64,PHN2ZyB3aWR0aD0iMSIgaGVpZ2h0PSIxIiB4bWxucz0iaHR0cDovL3d3dy53My5vcmcvMjAwMC9zdmciPjwvc3ZnPg==\" style=\"--smush-placeholder-width: 1024px; --smush-placeholder-aspect-ratio: 1024\/1024;\" \/><\/a>\n\t\t\t<\/dt><\/dl><dl class='gallery-item'>\n\t\t\t<dt class='gallery-icon landscape'>\n\t\t\t\t<a data-fancybox=\"mesmerize-gallery-1-group\" href='https:\/\/fotogasteiz.com\/blog\/wp-content\/uploads\/2021\/05\/CITYHOPE34.jpg'><img decoding=\"async\"  width=\"1024\" height=\"1024\" data-src=\"https:\/\/fotogasteiz.com\/blog\/wp-content\/smush-avif\/2021\/05\/CITYHOPE34-1024x1024.jpg.avif\"  class='mesmerize-gallery-1-image lazyload' alt=\"\" data-srcset=\"https:\/\/fotogasteiz.com\/blog\/wp-content\/smush-avif\/2021\/05\/CITYHOPE34-1024x1024.jpg.avif 1024w, https:\/\/fotogasteiz.com\/blog\/wp-content\/smush-avif\/2021\/05\/CITYHOPE34-300x300.jpg.avif 300w, https:\/\/fotogasteiz.com\/blog\/wp-content\/smush-avif\/2021\/05\/CITYHOPE34-150x150.jpg.avif 150w, https:\/\/fotogasteiz.com\/blog\/wp-content\/smush-avif\/2021\/05\/CITYHOPE34-768x768.jpg.avif 768w, https:\/\/fotogasteiz.com\/blog\/wp-content\/smush-avif\/2021\/05\/CITYHOPE34-1080x1080.jpg.avif 1080w, https:\/\/fotogasteiz.com\/blog\/wp-content\/uploads\/2021\/05\/CITYHOPE34.jpg 1200w\" data-sizes=\"(max-width: 1024px) 100vw, 1024px\" src=\"data:image\/svg+xml;base64,PHN2ZyB3aWR0aD0iMSIgaGVpZ2h0PSIxIiB4bWxucz0iaHR0cDovL3d3dy53My5vcmcvMjAwMC9zdmciPjwvc3ZnPg==\" style=\"--smush-placeholder-width: 1024px; --smush-placeholder-aspect-ratio: 1024\/1024;\" \/><\/a>\n\t\t\t<\/dt><\/dl>\n\t\t<\/div>\n<script>(function($){window.MaterialisCaptionsGallery && window.MaterialisCaptionsGallery($('[data-unique-id=\"mesmerize-gallery-1-69f22231742a6\"]'))})(jQuery)<\/script><\/div><\/div><\/div> <\/div><\/div><div  data-label=\"Realidad ficcion\" data-id=\"content--3\" data-export-id=\"content-8\" data-category=\"content\" class=\"content-8 content-section content-section-spacing\" id=\"realidad-ficcion\" style=\"background-color: rgb(245, 250, 253);\"><div  class=\"gridContainer\"> <div  class=\"row middle-sm\"><div  class=\"col-sm-6 space-bottom-xs space-top-xs\" data-type=\"column\"> <img decoding=\"async\"  class=\"shadow-large lazyload\" data-src=\"https:\/\/i0.wp.com\/fotogasteiz.com\/blog\/wp-content\/uploads\/2021\/05\/Retratos15-El-Salvador-2015.jpg?w=3840&amp;ssl=1\" title=\"Retratos15 El Salvador 2015\" alt=\"\" width=\"586\" height=\"376\" src=\"data:image\/svg+xml;base64,PHN2ZyB3aWR0aD0iMSIgaGVpZ2h0PSIxIiB4bWxucz0iaHR0cDovL3d3dy53My5vcmcvMjAwMC9zdmciPjwvc3ZnPg==\" style=\"--smush-placeholder-width: 586px; --smush-placeholder-aspect-ratio: 586\/376;\"><p  class=\"\"><span  style=\"font-family: Muli, arial, helvetica, sans-serif; color: rgb(52, 58, 64);\">&nbsp;Javier Arcenillas en El Salvador (2015)<\/span><\/p><img decoding=\"async\"  class=\"custom-image lazyload\" data-src=\"https:\/\/i2.wp.com\/fotogasteiz.com\/blog\/wp-content\/uploads\/2021\/05\/Retratos09-PICA-2014.jpg?w=3840&amp;ssl=1\" title=\"Retratos09 PICA 2014\" alt=\"\" width=\"586\" height=\"781\" src=\"data:image\/svg+xml;base64,PHN2ZyB3aWR0aD0iMSIgaGVpZ2h0PSIxIiB4bWxucz0iaHR0cDovL3d3dy53My5vcmcvMjAwMC9zdmciPjwvc3ZnPg==\" style=\"--smush-placeholder-width: 586px; --smush-placeholder-aspect-ratio: 586\/781;\"><\/div> <div  class=\"col-sm-6\" data-type=\"column\"><p  class=\"lead\"><span  style=\"font-family: Muli, arial, helvetica, sans-serif; font-weight: 900; color: rgb(255, 152, 0);\">BIOGRAF\u00cdA DE JAVIER ARCENILLAS<\/span><\/p><h2  class=\"\"><span  style=\"font-family: &quot;Playfair Display&quot;, arial, helvetica, sans-serif; color: rgb(0, 0, 0);\">De la cruda realidad a la ficci\u00f3n<\/span><\/h2> <p  class=\"\"><span  style=\"font-family: Muli, arial, helvetica, sans-serif; color: rgb(52, 58, 64);\">Ese a\u00f1o 2009, adem\u00e1s, realiz\u00f3 un viaje a <span  style=\"font-weight: 900;\">Transilvania<\/span> \u00aben busca de vampiros\u00bb. \u2018<span  style=\"font-weight: 900;\">Transilvania<\/span>\u2018 (2009) fue primer ensayo narrativo en el que jugaba con el imaginario.\r\n<\/span><br ><br ><span  style=\"font-family: Muli, arial, helvetica, sans-serif; color: rgb(52, 58, 64);\">\r\nTras \u2018<span  style=\"font-weight: 900;\">Transilvania<\/span>\u2018 y los vampiros, en 2010 sigui\u00f3 trabajando la ficci\u00f3n, el <span  style=\"font-style: italic;\">frikismo<\/span> y el territorio fotografiando en torno al fen\u00f3meno OVNI. Era el germen de <span  style=\"font-weight: 900;\">\u2018<a data-mce-href=\"https:\/\/amzn.to\/3p829Lh\" href=\"https:\/\/amzn.to\/3p829Lh\" target=\"_blank\" rel=\"noopener\" data-mce-selected=\"inline-boundary\" data-cp-link=\"1\" class=\"\">UFO PRESENCES<\/a>\u2018<\/span>, en el que empez\u00f3 a trabajar este a\u00f1o 2010 y que le llev\u00f3 siete a\u00f1os terminar de editar, pues se reembarc\u00f3 de nuevo en su proyecto sobre el sicariato.\r\n<\/span><br ><br ><span  style=\"font-family: Muli, arial, helvetica, sans-serif; color: rgb(52, 58, 64);\">\r\nEn 2011 entr\u00f3 a formar parte de <span  style=\"font-weight: 900;\">Gea Photoworks<\/span>, organizaci\u00f3n multidisciplinar de periodistas, fot\u00f3grafos, cineastas y escritores en la que permaneci\u00f3 hasta 2015 desarrollando proyectos para documentar y denunciar nuestro mundo y las causas y consecuencias de los problemas que le son inherentes. \u00ab<span  style=\"font-style: italic;\">Todos son enormes profesionales y mejores personas: \u00c1ngel L\u00f3pez Soto, Nuria L\u00f3pez Torres, Alfons Rodriguez\u2026 Son incre\u00edbles, les admiro, les adoro, muy muy muy buena gente<\/span>\u00ab.\r\n<\/span><br ><br ><span  style=\"font-family: Muli, arial, helvetica, sans-serif; color: rgb(52, 58, 64);\">\r\nEn 2012, a los 39 a\u00f1os de edad, se dirigi\u00f3 a <span  style=\"font-weight: 900;\">Honduras<\/span>, donde durante cuatro a\u00f1os se dedic\u00f3 en cuerpo y alma a su trabajo sobre la violencia: sobre quienes la ejecutaban -el sicariato- y sobre quienes la sufr\u00edan -las v\u00edctimas de las notas rojas.\r\n<\/span><br ><br ><span  style=\"font-family: Muli, arial, helvetica, sans-serif; color: rgb(52, 58, 64);\">\r\nEn 2013, con 40 a\u00f1os, gan\u00f3 la <span  style=\"font-weight: 900;\">Beca<\/span> <a data-mce-href=\"..\/fotografos\/w-eugene-smith-vida-obra-biografia\/\" href=\"https:\/\/fotogasteiz.com\/blog\/fotografos\/w-eugene-smith-vida-obra-biografia\" target=\"_blank\" rel=\"noopener\" data-mce-selected=\"inline-boundary\" data-cp-link=\"1\"><span  style=\"font-weight: 900;\">Eugene Smith<\/span><\/a> por el trabajo de <span  style=\"font-weight: 900;\">\u2018Sicarios\u2019<\/span> y <span  style=\"font-weight: 900;\">\u2018Nota roja\u2019<\/span>.\r\n<\/span><br ><br ><span  style=\"font-family: Muli, arial, helvetica, sans-serif; color: rgb(52, 58, 64);\">\r\nEse a\u00f1o 2013 comenz\u00f3 a dar clases en la escuela de fotograf\u00eda <span  style=\"font-weight: 900;\">PIC.A de Alcobendas<\/span>, donde contin\u00faa.\r\n<\/span><br ><br ><span  style=\"font-family: Muli, arial, helvetica, sans-serif; color: rgb(52, 58, 64);\">\r\nAl terminar el proyecto de las notas rojas, \u2018<span  style=\"font-weight: 900;\">RedNote<\/span>\u2018, <span  style=\"font-weight: 900;\">Arcenillas<\/span> dio por concluido su trabajo en <span  style=\"font-weight: 900;\">Honduras<\/span> y en 2014, con 41 a\u00f1os, se traslad\u00f3 a <span  style=\"font-weight: 900;\">El Salvador<\/span>, pa\u00eds m\u00e1s violento del mundo ese a\u00f1o, para empezar su proyecto \u2018<span  style=\"font-weight: 900;\">GangBorder<\/span>\u2018, al que le dedic\u00f3 cuatro a\u00f1os, hasta 2018.\r\n<\/span><br ><br ><span  style=\"font-family: Muli, arial, helvetica, sans-serif; color: rgb(52, 58, 64);\">\r\nAntes de terminar \u2018<span  style=\"font-weight: 900;\">GangBorder<\/span>\u2018, en 2016, realiz\u00f3 su proyecto \u2018<span  style=\"font-weight: 900;\">Akelarre<\/span>\u2018 en Navarra y en Guip\u00fazcoa.\r\n<\/span><br ><br ><span  style=\"font-family: Muli, arial, helvetica, sans-serif; color: rgb(52, 58, 64);\">\r\nEn 2017, viaj\u00f3 durante 10 d\u00edas a <span  style=\"font-weight: 900;\">Israel<\/span> en busca de los lugares que Cristo convirti\u00f3 en \u00abcirco de expectaci\u00f3n\u00bb y cre\u00f3 <span  style=\"font-weight: 900;\">\u2018Christoland<\/span>\u2018. Era su segunda vez en Tierra Santa, pero la primera vez que viajaba con la idea de realizar un proyecto personal. Hab\u00eda estado antes, en 2002, para hacer una fotograf\u00eda del hist\u00f3rico dirigente palestino <a data-mce-href=\"https:\/\/www.lavozdegalicia.es\/noticia\/internacional\/2014\/11\/11\/yaser-arafat-diez-anos-padre-nacionalismo-palestino\/00031415715209006357925.htm\" href=\"https:\/\/www.lavozdegalicia.es\/noticia\/internacional\/2014\/11\/11\/yaser-arafat-diez-anos-padre-nacionalismo-palestino\/00031415715209006357925.htm\" target=\"_blank\" rel=\"noopener\" data-mce-selected=\"inline-boundary\" data-cp-link=\"1\"><span  style=\"font-weight: 900;\">Yasir Arafat<\/span><\/a>, con quien apenas pudo pasar un minuto.\r\n<\/span><br ><br ><span  style=\"font-family: Muli, arial, helvetica, sans-serif; color: rgb(52, 58, 64);\">\r\nY ese mismo a\u00f1o 2017, en verano, comenz\u00f3 su proyecto <span  style=\"font-weight: 900;\">AMA<\/span>, sobre el Amazonas, que a\u00fan sigue en proceso, y al que ha cambiado el nombre por \u2018<span  style=\"font-weight: 900;\">Ed\u00e9N<\/span>\u2018.<\/span><\/p> <\/div> <\/div><\/div> <\/div><div  data-label=\"sicarios\" data-id=\"gallery--2\" data-export-id=\"gallery-1\" data-category=\"gallery\" class=\"gallery-1 content-section content-section-spacing\" id=\"sicarios\" style=\"background-color: rgb(52, 58, 64); background-image: none;\"><div  class=\"gridContainer\"> <div  class=\"row\"><div  class=\"section-title-col\" data-type=\"column\"> <h2  class=\"\"><span  style=\"font-family: &quot;Playfair Display&quot;, arial, helvetica, sans-serif; color: rgb(255, 255, 255);\">Sicarios \u2013 Javier Arcenillas<\/span><\/h2> <\/div> <\/div> <div  class=\"row text-center\"> <div  class=\"col-xs-12\" data-editable=\"true\" data-content-shortcode=\"mesmerize_gallery id=&quot;mesmerize-gallery-1&quot; columns=&quot;4&quot; ids=&quot;15843,8381,8380,8379,15839,15840,15841,15842&quot; lb=&quot;1&quot; masonry=&quot;1&quot; size=&quot;large&quot; link=&quot;file&quot; \"><div id='mesmerize-gallery-1' class='gallery-wrapper'><style type=\"text\/css\">\n                    @media only screen and (min-width: 768px) {\n                    [data-unique-id='mesmerize-gallery-1-69f2223175e2d'] dl {\n                        float: left;\n                        width: 25% !important;\n                        max-width:  25% !important;\n                        min-width:  25% !important;\n                    }\n\n                    [data-unique-id='mesmerize-gallery-1-69f2223175e2d'] dl:nth-of-type(4n +1 ) {\n                      clear: both;\n                      }\n                    }\n                <\/style><div id='mesmerize-gallery-1' class='mesmerize-gallery-1-dls-wrapper gallery-items-wrapper materialis-gallery' data-unique-id='mesmerize-gallery-1-69f2223175e2d'><dl class='gallery-item'>\n\t\t\t<dt class='gallery-icon landscape'>\n\t\t\t\t<a data-fancybox=\"mesmerize-gallery-1-group\" href='https:\/\/fotogasteiz.com\/blog\/wp-content\/uploads\/2021\/05\/javier-arcenillas-sicarios-1.jpeg'><img decoding=\"async\"  width=\"275\" height=\"183\" data-src=\"https:\/\/fotogasteiz.com\/blog\/wp-content\/uploads\/2021\/05\/javier-arcenillas-sicarios-1.jpeg\"  class='mesmerize-gallery-1-image lazyload' alt=\"\" src=\"data:image\/svg+xml;base64,PHN2ZyB3aWR0aD0iMSIgaGVpZ2h0PSIxIiB4bWxucz0iaHR0cDovL3d3dy53My5vcmcvMjAwMC9zdmciPjwvc3ZnPg==\" style=\"--smush-placeholder-width: 275px; --smush-placeholder-aspect-ratio: 275\/183;\" \/><\/a>\n\t\t\t<\/dt><\/dl><dl class='gallery-item'>\n\t\t\t<dt class='gallery-icon landscape'>\n\t\t\t\t<a data-fancybox=\"mesmerize-gallery-1-group\" href='https:\/\/fotogasteiz.com\/blog\/wp-content\/uploads\/2019\/02\/javier-arcenillas-sicarios-5.jpg'><img decoding=\"async\"  width=\"1024\" height=\"683\" data-src=\"https:\/\/fotogasteiz.com\/blog\/wp-content\/smush-avif\/2019\/02\/javier-arcenillas-sicarios-5-1024x683.jpg.avif\"  class='mesmerize-gallery-1-image lazyload' alt=\"\" data-srcset=\"https:\/\/fotogasteiz.com\/blog\/wp-content\/smush-avif\/2019\/02\/javier-arcenillas-sicarios-5-1024x683.jpg.avif 1024w, https:\/\/fotogasteiz.com\/blog\/wp-content\/smush-avif\/2019\/02\/javier-arcenillas-sicarios-5-300x200.jpg.avif 300w, https:\/\/fotogasteiz.com\/blog\/wp-content\/smush-avif\/2019\/02\/javier-arcenillas-sicarios-5-768x512.jpg.avif 768w, https:\/\/fotogasteiz.com\/blog\/wp-content\/smush-avif\/2019\/02\/javier-arcenillas-sicarios-5-1240x827.jpg.avif 1240w, https:\/\/fotogasteiz.com\/blog\/wp-content\/smush-avif\/2019\/02\/javier-arcenillas-sicarios-5-508x339.jpg.avif 508w, https:\/\/fotogasteiz.com\/blog\/wp-content\/uploads\/2019\/02\/javier-arcenillas-sicarios-5.jpg 1600w\" data-sizes=\"(max-width: 1024px) 100vw, 1024px\" src=\"data:image\/svg+xml;base64,PHN2ZyB3aWR0aD0iMSIgaGVpZ2h0PSIxIiB4bWxucz0iaHR0cDovL3d3dy53My5vcmcvMjAwMC9zdmciPjwvc3ZnPg==\" style=\"--smush-placeholder-width: 1024px; --smush-placeholder-aspect-ratio: 1024\/683;\" \/><\/a>\n\t\t\t<\/dt><\/dl><dl class='gallery-item'>\n\t\t\t<dt class='gallery-icon landscape'>\n\t\t\t\t<a data-fancybox=\"mesmerize-gallery-1-group\" href='https:\/\/fotogasteiz.com\/blog\/wp-content\/uploads\/2019\/02\/javier-arcenillas-sicarios-3.jpg'><img decoding=\"async\"  width=\"1024\" height=\"683\" data-src=\"https:\/\/fotogasteiz.com\/blog\/wp-content\/smush-avif\/2019\/02\/javier-arcenillas-sicarios-3-1024x683.jpg.avif\"  class='mesmerize-gallery-1-image lazyload' alt=\"\" data-srcset=\"https:\/\/fotogasteiz.com\/blog\/wp-content\/smush-avif\/2019\/02\/javier-arcenillas-sicarios-3-1024x683.jpg.avif 1024w, https:\/\/fotogasteiz.com\/blog\/wp-content\/smush-avif\/2019\/02\/javier-arcenillas-sicarios-3-300x200.jpg.avif 300w, https:\/\/fotogasteiz.com\/blog\/wp-content\/smush-avif\/2019\/02\/javier-arcenillas-sicarios-3-768x512.jpg.avif 768w, https:\/\/fotogasteiz.com\/blog\/wp-content\/smush-avif\/2019\/02\/javier-arcenillas-sicarios-3-1240x827.jpg.avif 1240w, https:\/\/fotogasteiz.com\/blog\/wp-content\/smush-avif\/2019\/02\/javier-arcenillas-sicarios-3-508x339.jpg.avif 508w, https:\/\/fotogasteiz.com\/blog\/wp-content\/uploads\/2019\/02\/javier-arcenillas-sicarios-3.jpg 1600w\" data-sizes=\"(max-width: 1024px) 100vw, 1024px\" src=\"data:image\/svg+xml;base64,PHN2ZyB3aWR0aD0iMSIgaGVpZ2h0PSIxIiB4bWxucz0iaHR0cDovL3d3dy53My5vcmcvMjAwMC9zdmciPjwvc3ZnPg==\" style=\"--smush-placeholder-width: 1024px; --smush-placeholder-aspect-ratio: 1024\/683;\" \/><\/a>\n\t\t\t<\/dt><\/dl><dl class='gallery-item'>\n\t\t\t<dt class='gallery-icon landscape'>\n\t\t\t\t<a data-fancybox=\"mesmerize-gallery-1-group\" href='https:\/\/fotogasteiz.com\/blog\/wp-content\/uploads\/2019\/02\/javier-arcenillas-sicarios-2.jpg'><img decoding=\"async\"  width=\"1024\" height=\"683\" data-src=\"https:\/\/fotogasteiz.com\/blog\/wp-content\/smush-avif\/2019\/02\/javier-arcenillas-sicarios-2-1024x683.jpg.avif\"  class='mesmerize-gallery-1-image lazyload' alt=\"\" data-srcset=\"https:\/\/fotogasteiz.com\/blog\/wp-content\/smush-avif\/2019\/02\/javier-arcenillas-sicarios-2-1024x683.jpg.avif 1024w, https:\/\/fotogasteiz.com\/blog\/wp-content\/smush-avif\/2019\/02\/javier-arcenillas-sicarios-2-300x200.jpg.avif 300w, https:\/\/fotogasteiz.com\/blog\/wp-content\/smush-avif\/2019\/02\/javier-arcenillas-sicarios-2-768x512.jpg.avif 768w, https:\/\/fotogasteiz.com\/blog\/wp-content\/smush-avif\/2019\/02\/javier-arcenillas-sicarios-2-1240x827.jpg.avif 1240w, https:\/\/fotogasteiz.com\/blog\/wp-content\/smush-avif\/2019\/02\/javier-arcenillas-sicarios-2-508x339.jpg.avif 508w, https:\/\/fotogasteiz.com\/blog\/wp-content\/uploads\/2019\/02\/javier-arcenillas-sicarios-2.jpg 1440w\" data-sizes=\"(max-width: 1024px) 100vw, 1024px\" src=\"data:image\/svg+xml;base64,PHN2ZyB3aWR0aD0iMSIgaGVpZ2h0PSIxIiB4bWxucz0iaHR0cDovL3d3dy53My5vcmcvMjAwMC9zdmciPjwvc3ZnPg==\" style=\"--smush-placeholder-width: 1024px; --smush-placeholder-aspect-ratio: 1024\/683;\" \/><\/a>\n\t\t\t<\/dt><\/dl><dl class='gallery-item'>\n\t\t\t<dt class='gallery-icon landscape'>\n\t\t\t\t<a data-fancybox=\"mesmerize-gallery-1-group\" href='https:\/\/fotogasteiz.com\/blog\/wp-content\/uploads\/2021\/05\/javier-arcenillas-sicarios-5.jpeg'><img decoding=\"async\"  width=\"1002\" height=\"660\" data-src=\"https:\/\/fotogasteiz.com\/blog\/wp-content\/uploads\/2021\/05\/javier-arcenillas-sicarios-5.jpeg\"  class='mesmerize-gallery-1-image lazyload' alt=\"\" data-srcset=\"https:\/\/fotogasteiz.com\/blog\/wp-content\/uploads\/2021\/05\/javier-arcenillas-sicarios-5.jpeg 1002w, https:\/\/fotogasteiz.com\/blog\/wp-content\/smush-avif\/2021\/05\/javier-arcenillas-sicarios-5-300x198.jpeg.avif 300w, https:\/\/fotogasteiz.com\/blog\/wp-content\/smush-avif\/2021\/05\/javier-arcenillas-sicarios-5-768x506.jpeg.avif 768w\" data-sizes=\"(max-width: 1002px) 100vw, 1002px\" src=\"data:image\/svg+xml;base64,PHN2ZyB3aWR0aD0iMSIgaGVpZ2h0PSIxIiB4bWxucz0iaHR0cDovL3d3dy53My5vcmcvMjAwMC9zdmciPjwvc3ZnPg==\" style=\"--smush-placeholder-width: 1002px; --smush-placeholder-aspect-ratio: 1002\/660;\" \/><\/a>\n\t\t\t<\/dt><\/dl><dl class='gallery-item'>\n\t\t\t<dt class='gallery-icon landscape'>\n\t\t\t\t<a data-fancybox=\"mesmerize-gallery-1-group\" href='https:\/\/fotogasteiz.com\/blog\/wp-content\/uploads\/2021\/05\/javier-arcenillas-sicarios-4.jpeg'><img decoding=\"async\"  width=\"1024\" height=\"683\" data-src=\"https:\/\/fotogasteiz.com\/blog\/wp-content\/smush-avif\/2021\/05\/javier-arcenillas-sicarios-4-1024x683.jpeg.avif\"  class='mesmerize-gallery-1-image lazyload' alt=\"\" data-srcset=\"https:\/\/fotogasteiz.com\/blog\/wp-content\/smush-avif\/2021\/05\/javier-arcenillas-sicarios-4-1024x683.jpeg.avif 1024w, https:\/\/fotogasteiz.com\/blog\/wp-content\/smush-avif\/2021\/05\/javier-arcenillas-sicarios-4-300x200.jpeg.avif 300w, https:\/\/fotogasteiz.com\/blog\/wp-content\/smush-avif\/2021\/05\/javier-arcenillas-sicarios-4-768x512.jpeg.avif 768w, https:\/\/fotogasteiz.com\/blog\/wp-content\/smush-avif\/2021\/05\/javier-arcenillas-sicarios-4-1536x1024.jpeg.avif 1536w, https:\/\/fotogasteiz.com\/blog\/wp-content\/smush-avif\/2021\/05\/javier-arcenillas-sicarios-4-2048x1366.jpeg.avif 2048w, https:\/\/fotogasteiz.com\/blog\/wp-content\/smush-avif\/2021\/05\/javier-arcenillas-sicarios-4-1620x1080.jpeg.avif 1620w\" data-sizes=\"(max-width: 1024px) 100vw, 1024px\" src=\"data:image\/svg+xml;base64,PHN2ZyB3aWR0aD0iMSIgaGVpZ2h0PSIxIiB4bWxucz0iaHR0cDovL3d3dy53My5vcmcvMjAwMC9zdmciPjwvc3ZnPg==\" style=\"--smush-placeholder-width: 1024px; --smush-placeholder-aspect-ratio: 1024\/683;\" \/><\/a>\n\t\t\t<\/dt><\/dl><dl class='gallery-item'>\n\t\t\t<dt class='gallery-icon landscape'>\n\t\t\t\t<a data-fancybox=\"mesmerize-gallery-1-group\" href='https:\/\/fotogasteiz.com\/blog\/wp-content\/uploads\/2021\/05\/javier-arcenillas-sicarios-3.jpeg'><img decoding=\"async\"  width=\"997\" height=\"663\" data-src=\"https:\/\/fotogasteiz.com\/blog\/wp-content\/uploads\/2021\/05\/javier-arcenillas-sicarios-3.jpeg\"  class='mesmerize-gallery-1-image lazyload' alt=\"\" data-srcset=\"https:\/\/fotogasteiz.com\/blog\/wp-content\/uploads\/2021\/05\/javier-arcenillas-sicarios-3.jpeg 997w, https:\/\/fotogasteiz.com\/blog\/wp-content\/smush-avif\/2021\/05\/javier-arcenillas-sicarios-3-300x199.jpeg.avif 300w, https:\/\/fotogasteiz.com\/blog\/wp-content\/smush-avif\/2021\/05\/javier-arcenillas-sicarios-3-768x511.jpeg.avif 768w\" data-sizes=\"(max-width: 997px) 100vw, 997px\" src=\"data:image\/svg+xml;base64,PHN2ZyB3aWR0aD0iMSIgaGVpZ2h0PSIxIiB4bWxucz0iaHR0cDovL3d3dy53My5vcmcvMjAwMC9zdmciPjwvc3ZnPg==\" style=\"--smush-placeholder-width: 997px; --smush-placeholder-aspect-ratio: 997\/663;\" \/><\/a>\n\t\t\t<\/dt><\/dl><dl class='gallery-item'>\n\t\t\t<dt class='gallery-icon landscape'>\n\t\t\t\t<a data-fancybox=\"mesmerize-gallery-1-group\" href='https:\/\/fotogasteiz.com\/blog\/wp-content\/uploads\/2021\/05\/javier-arcenillas-sicarios-2.jpeg'><img decoding=\"async\"  width=\"1024\" height=\"683\" data-src=\"https:\/\/fotogasteiz.com\/blog\/wp-content\/smush-avif\/2021\/05\/javier-arcenillas-sicarios-2-1024x683.jpeg.avif\"  class='mesmerize-gallery-1-image lazyload' alt=\"\" data-srcset=\"https:\/\/fotogasteiz.com\/blog\/wp-content\/smush-avif\/2021\/05\/javier-arcenillas-sicarios-2-1024x683.jpeg.avif 1024w, https:\/\/fotogasteiz.com\/blog\/wp-content\/smush-avif\/2021\/05\/javier-arcenillas-sicarios-2-300x200.jpeg.avif 300w, https:\/\/fotogasteiz.com\/blog\/wp-content\/smush-avif\/2021\/05\/javier-arcenillas-sicarios-2-768x512.jpeg.avif 768w, https:\/\/fotogasteiz.com\/blog\/wp-content\/smush-avif\/2021\/05\/javier-arcenillas-sicarios-2-1536x1024.jpeg.avif 1536w, https:\/\/fotogasteiz.com\/blog\/wp-content\/smush-avif\/2021\/05\/javier-arcenillas-sicarios-2-2048x1366.jpeg.avif 2048w, https:\/\/fotogasteiz.com\/blog\/wp-content\/smush-avif\/2021\/05\/javier-arcenillas-sicarios-2-1620x1080.jpeg.avif 1620w\" data-sizes=\"(max-width: 1024px) 100vw, 1024px\" src=\"data:image\/svg+xml;base64,PHN2ZyB3aWR0aD0iMSIgaGVpZ2h0PSIxIiB4bWxucz0iaHR0cDovL3d3dy53My5vcmcvMjAwMC9zdmciPjwvc3ZnPg==\" style=\"--smush-placeholder-width: 1024px; --smush-placeholder-aspect-ratio: 1024\/683;\" \/><\/a>\n\t\t\t<\/dt><\/dl>\n\t\t<\/div>\n<script>(function($){window.MaterialisCaptionsGallery && window.MaterialisCaptionsGallery($('[data-unique-id=\"mesmerize-gallery-1-69f2223175e2d\"]'))})(jQuery)<\/script><\/div><\/div><\/div> <\/div><\/div><div  data-label=\"recientes\" data-id=\"content--4\" data-export-id=\"content-7\" data-category=\"content\" class=\"content-7 content-section content-section-spacing content-relative\" id=\"recientes\" style=\"background-color: rgb(245, 250, 253);\"><div  class=\"section-separator-top\">\r\n    <svg  xmlns=\"http:\/\/www.w3.org\/2000\/svg\" preserveAspectRatio=\"none\" viewBox=\"0 0 1000 100\" data-separator-name=\"tilt-flipped\" class=\"section-separator-top\">\r\n  <path  id=\"path2\" d=\"M 1000,0 H 0 v 100 z\" class=\"svg-white-bg\"><\/path>\r\n<\/svg>\r\n<\/div><div  class=\"gridContainer\"> <div  class=\"row middle-sm\"><div  class=\"col-sm-6 space-bottom-xs\" data-type=\"column\"> <p  class=\"lead\"><span  style=\"font-family: Muli, arial, helvetica, sans-serif; font-weight: 900; color: rgb(255, 152, 0);\">BIOGRAF\u00cdA DE JAVIER ARCENILLAS<\/span><\/p> <h2  class=\"\"><span  style=\"font-family: &quot;Playfair Display&quot;, arial, helvetica, sans-serif; color: rgb(0, 0, 0);\">\u00daltimos proyectos y reconocimientos<\/span>&nbsp;<\/h2><p  class=\"\"><span  style=\"font-family: Muli, arial, helvetica, sans-serif; color: rgb(52, 58, 64);\">Ese a\u00f1o 2017 public\u00f3 el libro en el que llevaba trabajando desde 2010: <a data-mce-href=\"https:\/\/amzn.to\/3p829Lh\" href=\"https:\/\/amzn.to\/3p829Lh\" target=\"_blank\" rel=\"noopener\" data-mce-selected=\"inline-boundary\" data-cp-link=\"1\" class=\"\"><span  style=\"font-weight: 900;\">\u2018UFO PRESENCES\u2019<\/span><\/a>, un proyecto sobre los espacios donde se cree que ha habido avistamientos de ovnis y la forma en que estos han transformado localidades, caminos y ciudades convirtiendo la leyenda en parte de la cotidianidad del lugar donde se crean restaurantes y atracciones tur\u00edsticas que aprovechan los relatos de alien\u00edgenas y explotan el mito de lo que supuestamente ocurri\u00f3 en el <span  style=\"font-weight: 900;\">\u00c1rea 51 y Roswell<\/span>.\r\n<\/span><br ><br ><span  style=\"font-family: Muli, arial, helvetica, sans-serif; color: rgb(52, 58, 64);\">\r\nEn 2018, con sus fotos sobre la violencia, gan\u00f3 el <span  style=\"font-weight: 900;\">Premio World Press Photo<\/span> en la categor\u00eda de proyectos de largo recorrido. \u00ab<span  style=\"font-style: italic;\">El jurado consider\u00f3 que era un proyecto de largo aliento, coherente, fuerte y muy bueno y que ten\u00eda que estar all\u00ed. Lo cerr\u00e9 con el narcoturismo, abriendo un nuevo perfil a la violencia y eso gust\u00f3 bastante, porque analizaba el proyecto desde diferentes perspectivas<\/span>\u00ab.\r\n<\/span><br ><br ><span  style=\"font-family: Muli, arial, helvetica, sans-serif; color: rgb(52, 58, 64);\">\r\nTambi\u00e9n en 2018, fruto de un viaje de 10 d\u00edas a <span  style=\"font-weight: 900;\">Armenia<\/span>, cre\u00f3 su proyecto \u2018<span  style=\"font-weight: 900;\">SevaN<\/span>\u2018, as\u00ed llamado por el lago armenio que protagoniza el trabajo. Sus altas aguas fueron un enclave estrat\u00e9gico alrededor del cual tuvieron lugar batallas, se levantaron fronteras, se crearon leyendas\u2026\r\n<\/span><br ><br ><span  style=\"font-family: Muli, arial, helvetica, sans-serif; color: rgb(52, 58, 64);\">\r\nEn la actualidad, adem\u00e1s de impartir clases en <span  style=\"font-weight: 900;\">PIC.A<\/span>, donde es profesor Titular de Paisaje Contempora\u0301neo, de Arquitectura y fotografi\u0301a Documental, colabora con <span  style=\"font-weight: 900;\">GQ<\/span>, con el <span  style=\"font-weight: 900;\">Ayuntamiento de Alcobendas, L\u00b4expresso <span  style=\"font-weight: 400;\">y la<\/span> agencia LUZ<\/span> y edita proyectos de fot\u00f3grafos emergentes.<\/span><\/p> <\/div> <div  class=\"col-sm-6\" data-type=\"column\"> <img decoding=\"async\"  class=\"shadow-large lazyload\" data-src=\"https:\/\/i1.wp.com\/fotogasteiz.com\/blog\/wp-content\/uploads\/2021\/05\/Retratos23-UYUNI-2018.jpg?w=3840&amp;ssl=1\" title=\"Retratos23 UYUNI 2018\" alt=\"\" width=\"586\" height=\"419\" src=\"data:image\/svg+xml;base64,PHN2ZyB3aWR0aD0iMSIgaGVpZ2h0PSIxIiB4bWxucz0iaHR0cDovL3d3dy53My5vcmcvMjAwMC9zdmciPjwvc3ZnPg==\" style=\"--smush-placeholder-width: 586px; --smush-placeholder-aspect-ratio: 586\/419;\"><p  class=\"\">&nbsp;<\/p><img decoding=\"async\"  class=\"custom-image lazyload\" data-src=\"https:\/\/i2.wp.com\/fotogasteiz.com\/blog\/wp-content\/uploads\/2021\/05\/Retratos26-PICA-2018.jpg?w=3840&amp;ssl=1\" title=\"Retratos26 PICA 2018\" alt=\"\" width=\"586\" height=\"421\" src=\"data:image\/svg+xml;base64,PHN2ZyB3aWR0aD0iMSIgaGVpZ2h0PSIxIiB4bWxucz0iaHR0cDovL3d3dy53My5vcmcvMjAwMC9zdmciPjwvc3ZnPg==\" style=\"--smush-placeholder-width: 586px; --smush-placeholder-aspect-ratio: 586\/421;\"><\/div> <\/div><\/div> <div  class=\"section-separator-bottom\">\r\n    <svg  xmlns=\"http:\/\/www.w3.org\/2000\/svg\" preserveAspectRatio=\"none\" viewBox=\"0 0 1000 100\" data-separator-name=\"tilt-flipped\" class=\"section-separator-top section-separator-bottom\">\r\n  <path  id=\"path2\" d=\"M 1000,0 H 0 v 100 z\" class=\"svg-white-bg\"><\/path>\r\n<\/svg>\r\n<\/div><\/div><div  data-label=\"UFO\" data-id=\"gallery--1\" data-export-id=\"gallery-1\" data-category=\"gallery\" class=\"gallery-1 content-section content-section-spacing\" id=\"ufo\" style=\"background-color: rgb(52, 58, 64); background-image: none;\"><div  class=\"gridContainer\"> <div  class=\"row\"><div  class=\"section-title-col\" data-type=\"column\"> <h2  class=\"\"><span  style=\"font-family: &quot;Playfair Display&quot;, arial, helvetica, sans-serif; color: rgb(255, 255, 255);\">UFO Presences \u2013 Javier Arcenillas<\/span><\/h2> <\/div> <\/div> <div  class=\"row text-center\"> <div  class=\"col-xs-12\" data-editable=\"true\" data-content-shortcode=\"mesmerize_gallery id=&quot;mesmerize-gallery-1&quot; columns=&quot;4&quot; ids=&quot;15823,15824,15825,15826,15827,15828,15829,15830&quot; lb=&quot;1&quot; masonry=&quot;1&quot; size=&quot;full&quot; link=&quot;file&quot; \"><div id='mesmerize-gallery-1' class='gallery-wrapper'><style type=\"text\/css\">\n                    @media only screen and (min-width: 768px) {\n                    [data-unique-id='mesmerize-gallery-1-69f222317721f'] dl {\n                        float: left;\n                        width: 25% !important;\n                        max-width:  25% !important;\n                        min-width:  25% !important;\n                    }\n\n                    [data-unique-id='mesmerize-gallery-1-69f222317721f'] dl:nth-of-type(4n +1 ) {\n                      clear: both;\n                      }\n                    }\n                <\/style><div id='mesmerize-gallery-1' class='mesmerize-gallery-1-dls-wrapper gallery-items-wrapper materialis-gallery' data-unique-id='mesmerize-gallery-1-69f222317721f'><dl class='gallery-item'>\n\t\t\t<dt class='gallery-icon landscape'>\n\t\t\t\t<a data-fancybox=\"mesmerize-gallery-1-group\" href='https:\/\/fotogasteiz.com\/blog\/wp-content\/uploads\/2021\/05\/UFOPRESENCES05.jpg'><img decoding=\"async\"  width=\"1400\" height=\"1050\" data-src=\"https:\/\/fotogasteiz.com\/blog\/wp-content\/uploads\/2021\/05\/UFOPRESENCES05.jpg\"  class='mesmerize-gallery-1-image lazyload' alt=\"\" data-srcset=\"https:\/\/fotogasteiz.com\/blog\/wp-content\/uploads\/2021\/05\/UFOPRESENCES05.jpg 1400w, https:\/\/fotogasteiz.com\/blog\/wp-content\/smush-avif\/2021\/05\/UFOPRESENCES05-300x225.jpg.avif 300w, https:\/\/fotogasteiz.com\/blog\/wp-content\/smush-avif\/2021\/05\/UFOPRESENCES05-1024x768.jpg.avif 1024w, https:\/\/fotogasteiz.com\/blog\/wp-content\/smush-avif\/2021\/05\/UFOPRESENCES05-768x576.jpg.avif 768w\" data-sizes=\"(max-width: 1400px) 100vw, 1400px\" src=\"data:image\/svg+xml;base64,PHN2ZyB3aWR0aD0iMSIgaGVpZ2h0PSIxIiB4bWxucz0iaHR0cDovL3d3dy53My5vcmcvMjAwMC9zdmciPjwvc3ZnPg==\" style=\"--smush-placeholder-width: 1400px; --smush-placeholder-aspect-ratio: 1400\/1050;\" \/><\/a>\n\t\t\t<\/dt><\/dl><dl class='gallery-item'>\n\t\t\t<dt class='gallery-icon landscape'>\n\t\t\t\t<a data-fancybox=\"mesmerize-gallery-1-group\" href='https:\/\/fotogasteiz.com\/blog\/wp-content\/uploads\/2021\/05\/UFOPRESENCES03.jpg'><img decoding=\"async\"  width=\"1400\" height=\"1050\" data-src=\"https:\/\/fotogasteiz.com\/blog\/wp-content\/uploads\/2021\/05\/UFOPRESENCES03.jpg\"  class='mesmerize-gallery-1-image lazyload' alt=\"\" data-srcset=\"https:\/\/fotogasteiz.com\/blog\/wp-content\/uploads\/2021\/05\/UFOPRESENCES03.jpg 1400w, https:\/\/fotogasteiz.com\/blog\/wp-content\/smush-avif\/2021\/05\/UFOPRESENCES03-300x225.jpg.avif 300w, https:\/\/fotogasteiz.com\/blog\/wp-content\/smush-avif\/2021\/05\/UFOPRESENCES03-1024x768.jpg.avif 1024w, https:\/\/fotogasteiz.com\/blog\/wp-content\/smush-avif\/2021\/05\/UFOPRESENCES03-768x576.jpg.avif 768w\" data-sizes=\"(max-width: 1400px) 100vw, 1400px\" src=\"data:image\/svg+xml;base64,PHN2ZyB3aWR0aD0iMSIgaGVpZ2h0PSIxIiB4bWxucz0iaHR0cDovL3d3dy53My5vcmcvMjAwMC9zdmciPjwvc3ZnPg==\" style=\"--smush-placeholder-width: 1400px; --smush-placeholder-aspect-ratio: 1400\/1050;\" \/><\/a>\n\t\t\t<\/dt><\/dl><dl class='gallery-item'>\n\t\t\t<dt class='gallery-icon landscape'>\n\t\t\t\t<a data-fancybox=\"mesmerize-gallery-1-group\" href='https:\/\/fotogasteiz.com\/blog\/wp-content\/uploads\/2021\/05\/UFOPRESENCES11.jpg'><img decoding=\"async\"  width=\"1400\" height=\"1050\" data-src=\"https:\/\/fotogasteiz.com\/blog\/wp-content\/uploads\/2021\/05\/UFOPRESENCES11.jpg\"  class='mesmerize-gallery-1-image lazyload' alt=\"\" data-srcset=\"https:\/\/fotogasteiz.com\/blog\/wp-content\/uploads\/2021\/05\/UFOPRESENCES11.jpg 1400w, https:\/\/fotogasteiz.com\/blog\/wp-content\/smush-avif\/2021\/05\/UFOPRESENCES11-300x225.jpg.avif 300w, https:\/\/fotogasteiz.com\/blog\/wp-content\/smush-avif\/2021\/05\/UFOPRESENCES11-1024x768.jpg.avif 1024w, https:\/\/fotogasteiz.com\/blog\/wp-content\/smush-avif\/2021\/05\/UFOPRESENCES11-768x576.jpg.avif 768w\" data-sizes=\"(max-width: 1400px) 100vw, 1400px\" src=\"data:image\/svg+xml;base64,PHN2ZyB3aWR0aD0iMSIgaGVpZ2h0PSIxIiB4bWxucz0iaHR0cDovL3d3dy53My5vcmcvMjAwMC9zdmciPjwvc3ZnPg==\" style=\"--smush-placeholder-width: 1400px; --smush-placeholder-aspect-ratio: 1400\/1050;\" \/><\/a>\n\t\t\t<\/dt><\/dl><dl class='gallery-item'>\n\t\t\t<dt class='gallery-icon landscape'>\n\t\t\t\t<a data-fancybox=\"mesmerize-gallery-1-group\" href='https:\/\/fotogasteiz.com\/blog\/wp-content\/uploads\/2021\/05\/UFOPRESENCES13.jpg'><img decoding=\"async\"  width=\"1400\" height=\"1050\" data-src=\"https:\/\/fotogasteiz.com\/blog\/wp-content\/uploads\/2021\/05\/UFOPRESENCES13.jpg\"  class='mesmerize-gallery-1-image lazyload' alt=\"\" data-srcset=\"https:\/\/fotogasteiz.com\/blog\/wp-content\/uploads\/2021\/05\/UFOPRESENCES13.jpg 1400w, https:\/\/fotogasteiz.com\/blog\/wp-content\/smush-avif\/2021\/05\/UFOPRESENCES13-300x225.jpg.avif 300w, https:\/\/fotogasteiz.com\/blog\/wp-content\/smush-avif\/2021\/05\/UFOPRESENCES13-1024x768.jpg.avif 1024w, https:\/\/fotogasteiz.com\/blog\/wp-content\/smush-avif\/2021\/05\/UFOPRESENCES13-768x576.jpg.avif 768w\" data-sizes=\"(max-width: 1400px) 100vw, 1400px\" src=\"data:image\/svg+xml;base64,PHN2ZyB3aWR0aD0iMSIgaGVpZ2h0PSIxIiB4bWxucz0iaHR0cDovL3d3dy53My5vcmcvMjAwMC9zdmciPjwvc3ZnPg==\" style=\"--smush-placeholder-width: 1400px; --smush-placeholder-aspect-ratio: 1400\/1050;\" \/><\/a>\n\t\t\t<\/dt><\/dl><dl class='gallery-item'>\n\t\t\t<dt class='gallery-icon landscape'>\n\t\t\t\t<a data-fancybox=\"mesmerize-gallery-1-group\" href='https:\/\/fotogasteiz.com\/blog\/wp-content\/uploads\/2021\/05\/UFOPRESENCES14.jpg'><img decoding=\"async\"  width=\"1400\" height=\"1050\" data-src=\"https:\/\/fotogasteiz.com\/blog\/wp-content\/uploads\/2021\/05\/UFOPRESENCES14.jpg\"  class='mesmerize-gallery-1-image lazyload' alt=\"\" data-srcset=\"https:\/\/fotogasteiz.com\/blog\/wp-content\/uploads\/2021\/05\/UFOPRESENCES14.jpg 1400w, https:\/\/fotogasteiz.com\/blog\/wp-content\/smush-avif\/2021\/05\/UFOPRESENCES14-300x225.jpg.avif 300w, https:\/\/fotogasteiz.com\/blog\/wp-content\/smush-avif\/2021\/05\/UFOPRESENCES14-1024x768.jpg.avif 1024w, https:\/\/fotogasteiz.com\/blog\/wp-content\/smush-avif\/2021\/05\/UFOPRESENCES14-768x576.jpg.avif 768w\" data-sizes=\"(max-width: 1400px) 100vw, 1400px\" src=\"data:image\/svg+xml;base64,PHN2ZyB3aWR0aD0iMSIgaGVpZ2h0PSIxIiB4bWxucz0iaHR0cDovL3d3dy53My5vcmcvMjAwMC9zdmciPjwvc3ZnPg==\" style=\"--smush-placeholder-width: 1400px; --smush-placeholder-aspect-ratio: 1400\/1050;\" \/><\/a>\n\t\t\t<\/dt><\/dl><dl class='gallery-item'>\n\t\t\t<dt class='gallery-icon landscape'>\n\t\t\t\t<a data-fancybox=\"mesmerize-gallery-1-group\" href='https:\/\/fotogasteiz.com\/blog\/wp-content\/uploads\/2021\/05\/UFOPRESENCES17.jpg'><img decoding=\"async\"  width=\"1400\" height=\"1050\" data-src=\"https:\/\/fotogasteiz.com\/blog\/wp-content\/uploads\/2021\/05\/UFOPRESENCES17.jpg\"  class='mesmerize-gallery-1-image lazyload' alt=\"\" data-srcset=\"https:\/\/fotogasteiz.com\/blog\/wp-content\/uploads\/2021\/05\/UFOPRESENCES17.jpg 1400w, https:\/\/fotogasteiz.com\/blog\/wp-content\/smush-avif\/2021\/05\/UFOPRESENCES17-300x225.jpg.avif 300w, https:\/\/fotogasteiz.com\/blog\/wp-content\/smush-avif\/2021\/05\/UFOPRESENCES17-1024x768.jpg.avif 1024w, https:\/\/fotogasteiz.com\/blog\/wp-content\/smush-avif\/2021\/05\/UFOPRESENCES17-768x576.jpg.avif 768w\" data-sizes=\"(max-width: 1400px) 100vw, 1400px\" src=\"data:image\/svg+xml;base64,PHN2ZyB3aWR0aD0iMSIgaGVpZ2h0PSIxIiB4bWxucz0iaHR0cDovL3d3dy53My5vcmcvMjAwMC9zdmciPjwvc3ZnPg==\" style=\"--smush-placeholder-width: 1400px; --smush-placeholder-aspect-ratio: 1400\/1050;\" \/><\/a>\n\t\t\t<\/dt><\/dl><dl class='gallery-item'>\n\t\t\t<dt class='gallery-icon landscape'>\n\t\t\t\t<a data-fancybox=\"mesmerize-gallery-1-group\" href='https:\/\/fotogasteiz.com\/blog\/wp-content\/uploads\/2021\/05\/UFOPRESENCES20.jpg'><img decoding=\"async\"  width=\"1400\" height=\"1050\" data-src=\"https:\/\/fotogasteiz.com\/blog\/wp-content\/uploads\/2021\/05\/UFOPRESENCES20.jpg\"  class='mesmerize-gallery-1-image lazyload' alt=\"\" data-srcset=\"https:\/\/fotogasteiz.com\/blog\/wp-content\/uploads\/2021\/05\/UFOPRESENCES20.jpg 1400w, https:\/\/fotogasteiz.com\/blog\/wp-content\/smush-avif\/2021\/05\/UFOPRESENCES20-300x225.jpg.avif 300w, https:\/\/fotogasteiz.com\/blog\/wp-content\/smush-avif\/2021\/05\/UFOPRESENCES20-1024x768.jpg.avif 1024w, https:\/\/fotogasteiz.com\/blog\/wp-content\/smush-avif\/2021\/05\/UFOPRESENCES20-768x576.jpg.avif 768w\" data-sizes=\"(max-width: 1400px) 100vw, 1400px\" src=\"data:image\/svg+xml;base64,PHN2ZyB3aWR0aD0iMSIgaGVpZ2h0PSIxIiB4bWxucz0iaHR0cDovL3d3dy53My5vcmcvMjAwMC9zdmciPjwvc3ZnPg==\" style=\"--smush-placeholder-width: 1400px; --smush-placeholder-aspect-ratio: 1400\/1050;\" \/><\/a>\n\t\t\t<\/dt><\/dl><dl class='gallery-item'>\n\t\t\t<dt class='gallery-icon landscape'>\n\t\t\t\t<a data-fancybox=\"mesmerize-gallery-1-group\" href='https:\/\/fotogasteiz.com\/blog\/wp-content\/uploads\/2021\/05\/UFOPRESENCES23.jpg'><img decoding=\"async\"  width=\"1400\" height=\"1050\" data-src=\"https:\/\/fotogasteiz.com\/blog\/wp-content\/uploads\/2021\/05\/UFOPRESENCES23.jpg\"  class='mesmerize-gallery-1-image lazyload' alt=\"\" data-srcset=\"https:\/\/fotogasteiz.com\/blog\/wp-content\/uploads\/2021\/05\/UFOPRESENCES23.jpg 1400w, https:\/\/fotogasteiz.com\/blog\/wp-content\/smush-avif\/2021\/05\/UFOPRESENCES23-300x225.jpg.avif 300w, https:\/\/fotogasteiz.com\/blog\/wp-content\/smush-avif\/2021\/05\/UFOPRESENCES23-1024x768.jpg.avif 1024w, https:\/\/fotogasteiz.com\/blog\/wp-content\/smush-avif\/2021\/05\/UFOPRESENCES23-768x576.jpg.avif 768w\" data-sizes=\"(max-width: 1400px) 100vw, 1400px\" src=\"data:image\/svg+xml;base64,PHN2ZyB3aWR0aD0iMSIgaGVpZ2h0PSIxIiB4bWxucz0iaHR0cDovL3d3dy53My5vcmcvMjAwMC9zdmciPjwvc3ZnPg==\" style=\"--smush-placeholder-width: 1400px; --smush-placeholder-aspect-ratio: 1400\/1050;\" \/><\/a>\n\t\t\t<\/dt><\/dl>\n\t\t<\/div>\n<script>(function($){window.MaterialisCaptionsGallery && window.MaterialisCaptionsGallery($('[data-unique-id=\"mesmerize-gallery-1-69f222317721f\"]'))})(jQuery)<\/script><\/div><\/div><\/div> <\/div><\/div>","protected":false},"excerpt":{"rendered":"<p>Vida \u2013 Obra. \u2013 Biograf\u00eda GRANDES FOT\u00d3GRAFOS Y FOT\u00d3GRAFASJavier Arcenillas Javier Arcenillas (1973) es fotoperiodista y docente, ganador del Premio World Press Photo 2018&nbsp;en la categor\u00eda de proyectos de largo recorrido. Ha publicado varios fotolibros con trabajos de inmersi\u00f3n en los que destacan sus im\u00e1genes a corta distancia, las cuales propician una gran sensaci\u00f3n de&hellip; <br \/> <a class=\"read-more\" href=\"https:\/\/fotogasteiz.com\/blog\/javier-arcenillas-vida-obra-biografia\/\">Read more<\/a><\/p>\n","protected":false},"author":1,"featured_media":9005,"parent":0,"menu_order":0,"comment_status":"closed","ping_status":"closed","template":"pro\/page-templates\/full-width-page.php","meta":{"footnotes":""},"class_list":["post-8292","page","type-page","status-publish","has-post-thumbnail","hentry"],"yoast_head":"<!-- This site is optimized with the Yoast SEO Premium plugin v22.5 (Yoast SEO v27.5) - https:\/\/yoast.com\/product\/yoast-seo-premium-wordpress\/ -->\n<title>Javier Arcenillas - Profesor de fotograf\u00eda<\/title>\n<meta name=\"description\" content=\"Javier Arcenillas (1973) es fotoperiodista y docente, ganador del Premio World Press Photo 2018 en la categor\u00eda de proyectos de largo recorrido.\" \/>\n<meta name=\"robots\" content=\"index, follow, max-snippet:-1, max-image-preview:large, max-video-preview:-1\" \/>\n<link rel=\"canonical\" href=\"https:\/\/fotogasteiz.com\/blog\/javier-arcenillas-vida-obra-biografia\/\" \/>\n<meta property=\"og:locale\" content=\"es_ES\" \/>\n<meta property=\"og:type\" content=\"article\" \/>\n<meta property=\"og:title\" content=\"Javier Arcenillas\" \/>\n<meta property=\"og:description\" content=\"Javier Arcenillas (1973) es fotoperiodista y docente, ganador del Premio World Press Photo 2018 en la categor\u00eda de proyectos de largo recorrido.\" \/>\n<meta property=\"og:url\" content=\"https:\/\/fotogasteiz.com\/blog\/javier-arcenillas-vida-obra-biografia\/\" \/>\n<meta property=\"og:site_name\" content=\"Profesor de fotograf\u00eda\" \/>\n<meta property=\"article:modified_time\" content=\"2021-05-31T17:23:24+00:00\" \/>\n<meta property=\"og:image\" content=\"https:\/\/i1.wp.com\/fotogasteiz.com\/blog\/wp-content\/uploads\/2019\/11\/javier_arcenillas.jpg?fit=810%2C510&ssl=1\" \/>\n\t<meta property=\"og:image:width\" content=\"810\" \/>\n\t<meta property=\"og:image:height\" content=\"510\" \/>\n\t<meta property=\"og:image:type\" content=\"image\/jpeg\" \/>\n<meta name=\"twitter:card\" content=\"summary_large_image\" \/>\n<meta name=\"twitter:label1\" content=\"Tiempo de lectura\" \/>\n\t<meta name=\"twitter:data1\" content=\"8 minutos\" \/>\n<script type=\"application\/ld+json\" class=\"yoast-schema-graph\">{\"@context\":\"https:\\\/\\\/schema.org\",\"@graph\":[{\"@type\":\"WebPage\",\"@id\":\"https:\\\/\\\/fotogasteiz.com\\\/blog\\\/javier-arcenillas-vida-obra-biografia\\\/\",\"url\":\"https:\\\/\\\/fotogasteiz.com\\\/blog\\\/javier-arcenillas-vida-obra-biografia\\\/\",\"name\":\"Javier Arcenillas - Profesor de fotograf\u00eda\",\"isPartOf\":{\"@id\":\"https:\\\/\\\/fotogasteiz.com\\\/blog\\\/#website\"},\"primaryImageOfPage\":{\"@id\":\"https:\\\/\\\/fotogasteiz.com\\\/blog\\\/javier-arcenillas-vida-obra-biografia\\\/#primaryimage\"},\"image\":{\"@id\":\"https:\\\/\\\/fotogasteiz.com\\\/blog\\\/javier-arcenillas-vida-obra-biografia\\\/#primaryimage\"},\"thumbnailUrl\":\"https:\\\/\\\/fotogasteiz.com\\\/blog\\\/wp-content\\\/uploads\\\/2019\\\/11\\\/javier_arcenillas.jpg\",\"datePublished\":\"2019-11-18T17:00:35+00:00\",\"dateModified\":\"2021-05-31T17:23:24+00:00\",\"description\":\"Javier Arcenillas (1973) es fotoperiodista y docente, ganador del Premio World Press Photo 2018 en la categor\u00eda de proyectos de largo recorrido.\",\"breadcrumb\":{\"@id\":\"https:\\\/\\\/fotogasteiz.com\\\/blog\\\/javier-arcenillas-vida-obra-biografia\\\/#breadcrumb\"},\"inLanguage\":\"es\",\"potentialAction\":[{\"@type\":\"ReadAction\",\"target\":[\"https:\\\/\\\/fotogasteiz.com\\\/blog\\\/javier-arcenillas-vida-obra-biografia\\\/\"]}]},{\"@type\":\"ImageObject\",\"inLanguage\":\"es\",\"@id\":\"https:\\\/\\\/fotogasteiz.com\\\/blog\\\/javier-arcenillas-vida-obra-biografia\\\/#primaryimage\",\"url\":\"https:\\\/\\\/fotogasteiz.com\\\/blog\\\/wp-content\\\/uploads\\\/2019\\\/11\\\/javier_arcenillas.jpg\",\"contentUrl\":\"https:\\\/\\\/fotogasteiz.com\\\/blog\\\/wp-content\\\/uploads\\\/2019\\\/11\\\/javier_arcenillas.jpg\",\"width\":810,\"height\":510},{\"@type\":\"BreadcrumbList\",\"@id\":\"https:\\\/\\\/fotogasteiz.com\\\/blog\\\/javier-arcenillas-vida-obra-biografia\\\/#breadcrumb\",\"itemListElement\":[{\"@type\":\"ListItem\",\"position\":1,\"name\":\"Portada\",\"item\":\"https:\\\/\\\/fotogasteiz.com\\\/blog\\\/\"},{\"@type\":\"ListItem\",\"position\":2,\"name\":\"Javier Arcenillas\"}]},{\"@type\":\"WebSite\",\"@id\":\"https:\\\/\\\/fotogasteiz.com\\\/blog\\\/#website\",\"url\":\"https:\\\/\\\/fotogasteiz.com\\\/blog\\\/\",\"name\":\"Profesor de fotograf\u00eda\",\"description\":\"por Gustavo Bravo\",\"potentialAction\":[{\"@type\":\"SearchAction\",\"target\":{\"@type\":\"EntryPoint\",\"urlTemplate\":\"https:\\\/\\\/fotogasteiz.com\\\/blog\\\/?s={search_term_string}\"},\"query-input\":{\"@type\":\"PropertyValueSpecification\",\"valueRequired\":true,\"valueName\":\"search_term_string\"}}],\"inLanguage\":\"es\"}]}<\/script>\n<!-- \/ Yoast SEO Premium plugin. -->","yoast_head_json":{"title":"Javier Arcenillas - Profesor de fotograf\u00eda","description":"Javier Arcenillas (1973) es fotoperiodista y docente, ganador del Premio World Press Photo 2018 en la categor\u00eda de proyectos de largo recorrido.","robots":{"index":"index","follow":"follow","max-snippet":"max-snippet:-1","max-image-preview":"max-image-preview:large","max-video-preview":"max-video-preview:-1"},"canonical":"https:\/\/fotogasteiz.com\/blog\/javier-arcenillas-vida-obra-biografia\/","og_locale":"es_ES","og_type":"article","og_title":"Javier Arcenillas","og_description":"Javier Arcenillas (1973) es fotoperiodista y docente, ganador del Premio World Press Photo 2018 en la categor\u00eda de proyectos de largo recorrido.","og_url":"https:\/\/fotogasteiz.com\/blog\/javier-arcenillas-vida-obra-biografia\/","og_site_name":"Profesor de fotograf\u00eda","article_modified_time":"2021-05-31T17:23:24+00:00","og_image":[{"width":810,"height":510,"url":"https:\/\/i1.wp.com\/fotogasteiz.com\/blog\/wp-content\/uploads\/2019\/11\/javier_arcenillas.jpg?fit=810%2C510&ssl=1","type":"image\/jpeg"}],"twitter_card":"summary_large_image","twitter_misc":{"Tiempo de lectura":"8 minutos"},"schema":{"@context":"https:\/\/schema.org","@graph":[{"@type":"WebPage","@id":"https:\/\/fotogasteiz.com\/blog\/javier-arcenillas-vida-obra-biografia\/","url":"https:\/\/fotogasteiz.com\/blog\/javier-arcenillas-vida-obra-biografia\/","name":"Javier Arcenillas - Profesor de fotograf\u00eda","isPartOf":{"@id":"https:\/\/fotogasteiz.com\/blog\/#website"},"primaryImageOfPage":{"@id":"https:\/\/fotogasteiz.com\/blog\/javier-arcenillas-vida-obra-biografia\/#primaryimage"},"image":{"@id":"https:\/\/fotogasteiz.com\/blog\/javier-arcenillas-vida-obra-biografia\/#primaryimage"},"thumbnailUrl":"https:\/\/fotogasteiz.com\/blog\/wp-content\/uploads\/2019\/11\/javier_arcenillas.jpg","datePublished":"2019-11-18T17:00:35+00:00","dateModified":"2021-05-31T17:23:24+00:00","description":"Javier Arcenillas (1973) es fotoperiodista y docente, ganador del Premio World Press Photo 2018 en la categor\u00eda de proyectos de largo recorrido.","breadcrumb":{"@id":"https:\/\/fotogasteiz.com\/blog\/javier-arcenillas-vida-obra-biografia\/#breadcrumb"},"inLanguage":"es","potentialAction":[{"@type":"ReadAction","target":["https:\/\/fotogasteiz.com\/blog\/javier-arcenillas-vida-obra-biografia\/"]}]},{"@type":"ImageObject","inLanguage":"es","@id":"https:\/\/fotogasteiz.com\/blog\/javier-arcenillas-vida-obra-biografia\/#primaryimage","url":"https:\/\/fotogasteiz.com\/blog\/wp-content\/uploads\/2019\/11\/javier_arcenillas.jpg","contentUrl":"https:\/\/fotogasteiz.com\/blog\/wp-content\/uploads\/2019\/11\/javier_arcenillas.jpg","width":810,"height":510},{"@type":"BreadcrumbList","@id":"https:\/\/fotogasteiz.com\/blog\/javier-arcenillas-vida-obra-biografia\/#breadcrumb","itemListElement":[{"@type":"ListItem","position":1,"name":"Portada","item":"https:\/\/fotogasteiz.com\/blog\/"},{"@type":"ListItem","position":2,"name":"Javier Arcenillas"}]},{"@type":"WebSite","@id":"https:\/\/fotogasteiz.com\/blog\/#website","url":"https:\/\/fotogasteiz.com\/blog\/","name":"Profesor de fotograf\u00eda","description":"por Gustavo Bravo","potentialAction":[{"@type":"SearchAction","target":{"@type":"EntryPoint","urlTemplate":"https:\/\/fotogasteiz.com\/blog\/?s={search_term_string}"},"query-input":{"@type":"PropertyValueSpecification","valueRequired":true,"valueName":"search_term_string"}}],"inLanguage":"es"}]}},"_links":{"self":[{"href":"https:\/\/fotogasteiz.com\/blog\/wp-json\/wp\/v2\/pages\/8292","targetHints":{"allow":["GET"]}}],"collection":[{"href":"https:\/\/fotogasteiz.com\/blog\/wp-json\/wp\/v2\/pages"}],"about":[{"href":"https:\/\/fotogasteiz.com\/blog\/wp-json\/wp\/v2\/types\/page"}],"author":[{"embeddable":true,"href":"https:\/\/fotogasteiz.com\/blog\/wp-json\/wp\/v2\/users\/1"}],"replies":[{"embeddable":true,"href":"https:\/\/fotogasteiz.com\/blog\/wp-json\/wp\/v2\/comments?post=8292"}],"version-history":[{"count":37,"href":"https:\/\/fotogasteiz.com\/blog\/wp-json\/wp\/v2\/pages\/8292\/revisions"}],"predecessor-version":[{"id":15882,"href":"https:\/\/fotogasteiz.com\/blog\/wp-json\/wp\/v2\/pages\/8292\/revisions\/15882"}],"wp:featuredmedia":[{"embeddable":true,"href":"https:\/\/fotogasteiz.com\/blog\/wp-json\/wp\/v2\/media\/9005"}],"wp:attachment":[{"href":"https:\/\/fotogasteiz.com\/blog\/wp-json\/wp\/v2\/media?parent=8292"}],"curies":[{"name":"wp","href":"https:\/\/api.w.org\/{rel}","templated":true}]}}